{"id":22977,"date":"2022-03-07T17:08:49","date_gmt":"2022-03-07T16:08:49","guid":{"rendered":"https:\/\/rechtsanwalt.fr\/?page_id=22977"},"modified":"2023-11-20T15:56:10","modified_gmt":"2023-11-20T14:56:10","slug":"archive-2020","status":"publish","type":"page","link":"https:\/\/rechtsanwalt.fr\/fr\/news-events\/archive\/archive-2020\/","title":{"rendered":"2020"},"content":{"rendered":"<\/p>\n\n<style type=\"text\/css\" data-created_by=\"avia_inline_auto\" id=\"style-css-av-145nae-7e12acf6691508166707e8849903e526\">\n.avia-section.av-145nae-7e12acf6691508166707e8849903e526{\nbackground-repeat:no-repeat;\nbackground-image:url(https:\/\/rechtsanwalt.fr\/wp-content\/uploads\/2020\/09\/archive_b_epp.jpg);\nbackground-position:0% 0%;\nbackground-attachment:scroll;\nmargin-top:0px;\nmargin-bottom:0px;\n}\n<\/style>\n<div id='publikationen_background_img'  class='avia-section av-145nae-7e12acf6691508166707e8849903e526 main_color avia-section-no-padding avia-no-border-styling  avia-builder-el-0  el_before_av_section  avia-builder-el-first  avia-full-contain avia-bg-style-scroll container_wrap sidebar_left'  data-section-bg-repeat='contain'><div class='container av-section-cont-open' ><main  role=\"main\" itemprop=\"mainContentOfPage\"  class='template-page content  av-content-small units'><div class='post-entry post-entry-type-page post-entry-22977'><div class='entry-content-wrapper clearfix'>\n\n<style type=\"text\/css\" data-created_by=\"avia_inline_auto\" id=\"style-css-av-k1m34-65ee82ee0f780690e6c213d31be540cb\">\n.flex_column.av-k1m34-65ee82ee0f780690e6c213d31be540cb{\nborder-radius:0px 0px 0px 0px;\npadding:0px 0px 0px 0px;\n}\n<\/style>\n<div  class='flex_column av-k1m34-65ee82ee0f780690e6c213d31be540cb av_one_full  avia-builder-el-1  avia-builder-el-no-sibling  first flex_column_div av-zero-column-padding  '     ><style type=\"text\/css\" data-created_by=\"avia_inline_auto\" id=\"style-css-av-kfgi31o3-2c5f65e0c698b128f177feeb217c0ef5\">\n#top .av-special-heading.av-kfgi31o3-2c5f65e0c698b128f177feeb217c0ef5{\npadding-bottom:0;\ncolor:#ffffff;\nfont-size:36px;\n}\nbody .av-special-heading.av-kfgi31o3-2c5f65e0c698b128f177feeb217c0ef5 .av-special-heading-tag .heading-char{\nfont-size:25px;\n}\n#top #wrap_all .av-special-heading.av-kfgi31o3-2c5f65e0c698b128f177feeb217c0ef5 .av-special-heading-tag{\nfont-size:36px;\n}\n.av-special-heading.av-kfgi31o3-2c5f65e0c698b128f177feeb217c0ef5 .special-heading-inner-border{\nborder-color:#ffffff;\n}\n.av-special-heading.av-kfgi31o3-2c5f65e0c698b128f177feeb217c0ef5 .av-subheading{\nfont-size:25px;\n}\n\n@media only screen and (min-width: 480px) and (max-width: 767px){ \n#top #wrap_all .av-special-heading.av-kfgi31o3-2c5f65e0c698b128f177feeb217c0ef5 .av-special-heading-tag{\nfont-size:0.8em;\n}\n}\n\n@media only screen and (max-width: 479px){ \n#top #wrap_all .av-special-heading.av-kfgi31o3-2c5f65e0c698b128f177feeb217c0ef5 .av-special-heading-tag{\nfont-size:0.8em;\n}\n}\n<\/style>\n<div  class='av-special-heading av-kfgi31o3-2c5f65e0c698b128f177feeb217c0ef5 av-special-heading-h1 custom-color-heading blockquote modern-quote  avia-builder-el-2  avia-builder-el-no-sibling  av-inherit-size av-linked-heading'><h1 class='av-special-heading-tag '  itemprop=\"headline\"  >Archives 2020<\/h1><div class=\"special-heading-border\"><div class=\"special-heading-inner-border\"><\/div><\/div><\/div><\/div><\/div><\/div><\/main><!-- close content main element --><\/div><\/div>\n<style type=\"text\/css\" data-created_by=\"avia_inline_auto\" id=\"style-css-av-kbm9h12a-95249e02764d6ddaeb70bdfd20d13f02\">\n.avia-section.av-kbm9h12a-95249e02764d6ddaeb70bdfd20d13f02{\nbackground-color:#eef0f3;\nbackground-image:unset;\n}\n<\/style>\n<div id='av_section_2'  class='avia-section av-kbm9h12a-95249e02764d6ddaeb70bdfd20d13f02 main_color avia-section-default avia-no-border-styling  avia-builder-el-3  el_after_av_section  avia-builder-el-last  avia-bg-style-scroll container_wrap sidebar_left'  ><div class='container av-section-cont-open' ><div class='template-page content  av-content-small units'><div class='post-entry post-entry-type-page post-entry-22977'><div class='entry-content-wrapper clearfix'>\n\n<style type=\"text\/css\" data-created_by=\"avia_inline_auto\" id=\"style-css-av-jgf3pjem-25083557d8861d2240eb75b3fe7ba642\">\n.flex_column.av-jgf3pjem-25083557d8861d2240eb75b3fe7ba642{\nborder-radius:0px 0px 0px 0px;\n}\n<\/style>\n<div  class='flex_column av-jgf3pjem-25083557d8861d2240eb75b3fe7ba642 av_one_full  avia-builder-el-4  avia-builder-el-no-sibling  publikationen_sub_content first flex_column_div av-animated-generic fade-in  '     ><p><div  class='avia-builder-widget-area clearfix  avia-builder-el-5  el_before_av_sidebar  avia-builder-el-first '><div id=\"nav_menu-15\" class=\"widget clearfix widget_nav_menu\"><div class=\"menu-news-fr-1-container\"><ul id=\"menu-news-fr-1\" class=\"menu\"><li id=\"menu-item-9673\" class=\"menu-item menu-item-type-custom menu-item-object-custom menu-item-9673\"><a href=\"https:\/\/rechtsanwalt.fr\/fr\/news-events\/\">Tous les sujets<\/a><\/li>\n<\/ul><\/div><\/div><\/div><br \/>\n<div  class='avia-builder-widget-area clearfix  avia-builder-el-6  el_after_av_sidebar  el_before_av_hr '><div id=\"nav_menu-16\" class=\"widget clearfix widget_nav_menu\"><div class=\"menu-news-fr-2-container\"><ul id=\"menu-news-fr-2\" class=\"menu\"><li id=\"menu-item-29706\" class=\"menu-item menu-item-type-post_type menu-item-object-page menu-item-29706\"><a href=\"https:\/\/rechtsanwalt.fr\/fr\/news-events\/droit-social\/\">Droit social<\/a><\/li>\n<li id=\"menu-item-29717\" class=\"menu-item menu-item-type-post_type menu-item-object-page menu-item-29717\"><a href=\"https:\/\/rechtsanwalt.fr\/fr\/news-events\/droit-des-societes\/\">Droit des soci\u00e9t\u00e9s<\/a><\/li>\n<li id=\"menu-item-41863\" class=\"menu-item menu-item-type-post_type menu-item-object-page menu-item-41863\"><a href=\"https:\/\/rechtsanwalt.fr\/fr\/news-events\/droit-fiscal\/\">Droit fiscal<\/a><\/li>\n<li id=\"menu-item-34783\" class=\"menu-item menu-item-type-post_type menu-item-object-page menu-item-34783\"><a href=\"https:\/\/rechtsanwalt.fr\/fr\/news-events\/droit-des-contrats\/\">Droit des contrats<\/a><\/li>\n<li id=\"menu-item-34782\" class=\"menu-item menu-item-type-post_type menu-item-object-page menu-item-34782\"><a href=\"https:\/\/rechtsanwalt.fr\/fr\/news-events\/droit-de-la-concurrence\/\">Droit de la concurrence<\/a><\/li>\n<li id=\"menu-item-34784\" class=\"menu-item menu-item-type-post_type menu-item-object-page menu-item-34784\"><a href=\"https:\/\/rechtsanwalt.fr\/fr\/news-events\/procedures-collectives\/\">Proc\u00e9dures collectives<\/a><\/li>\n<li id=\"menu-item-34771\" class=\"menu-item menu-item-type-post_type menu-item-object-page menu-item-34771\"><a href=\"https:\/\/rechtsanwalt.fr\/fr\/news-events\/contentieux\/\">Contentieux<\/a><\/li>\n<li id=\"menu-item-9675\" class=\"menu-item menu-item-type-post_type menu-item-object-page menu-item-9675\"><a href=\"https:\/\/rechtsanwalt.fr\/fr\/news-events\/communique\/\">Communiqu\u00e9s<\/a><\/li>\n<\/ul><\/div><\/div><\/div><br \/>\n\n<style type=\"text\/css\" data-created_by=\"avia_inline_auto\" id=\"style-css-av-keli7xqr-5d09e143679310eddad63eff9eba7c28\">\n#top .hr.av-keli7xqr-5d09e143679310eddad63eff9eba7c28{\nmargin-top:5px;\nmargin-bottom:5px;\n}\n.hr.av-keli7xqr-5d09e143679310eddad63eff9eba7c28 .hr-inner{\nwidth:95%;\n}\n<\/style>\n<div  class='hr av-keli7xqr-5d09e143679310eddad63eff9eba7c28 hr-custom  avia-builder-el-7  el_after_av_sidebar  el_before_av_sidebar  hr-left hr-icon-no'><span class='hr-inner inner-border-av-border-thin'><span class=\"hr-inner-style\"><\/span><\/span><\/div><br \/>\n<div  class='avia-builder-widget-area clearfix  avia-builder-el-8  el_after_av_hr  el_before_av_sidebar '><div id=\"nav_menu-18\" class=\"widget clearfix widget_nav_menu\"><div class=\"menu-news-fr-3-container\"><ul id=\"menu-news-fr-3\" class=\"menu\"><li id=\"menu-item-9982\" class=\"menu-item menu-item-type-post_type menu-item-object-page menu-item-9982\"><a href=\"https:\/\/rechtsanwalt.fr\/fr\/news-events\/archive\/\">Archives<\/a><\/li>\n<\/ul><\/div><\/div><\/div><br \/>\n<div  class='avia-builder-widget-area clearfix  avia-builder-el-9  el_after_av_sidebar  el_before_av_hr '><div id=\"nav_menu-10\" class=\"widget clearfix widget_nav_menu\"><div class=\"menu-archive-jahre-fr-container\"><ul id=\"menu-archive-jahre-fr\" class=\"menu\"><li id=\"menu-item-43067\" class=\"menu-item menu-item-type-post_type menu-item-object-page menu-item-43067\"><a href=\"https:\/\/rechtsanwalt.fr\/fr\/news-events\/archive\/archive-2024\/\">2024<\/a><\/li>\n<li id=\"menu-item-35555\" class=\"menu-item menu-item-type-post_type menu-item-object-page menu-item-35555\"><a href=\"https:\/\/rechtsanwalt.fr\/fr\/news-events\/archive\/archive-2023\/\">2023<\/a><\/li>\n<li id=\"menu-item-30532\" class=\"menu-item menu-item-type-post_type menu-item-object-page menu-item-30532\"><a href=\"https:\/\/rechtsanwalt.fr\/fr\/news-events\/archive\/archive-2022\/\">2022<\/a><\/li>\n<li id=\"menu-item-30533\" class=\"menu-item menu-item-type-post_type menu-item-object-page menu-item-30533\"><a href=\"https:\/\/rechtsanwalt.fr\/fr\/news-events\/archive\/archive-2021\/\">2021<\/a><\/li>\n<li id=\"menu-item-22989\" class=\"menu-item menu-item-type-post_type menu-item-object-page menu-item-22989\"><a href=\"https:\/\/rechtsanwalt.fr\/fr\/news-events\/archive\/archive-2020\/\">2020<\/a><\/li>\n<li id=\"menu-item-8920\" class=\"menu-item menu-item-type-post_type menu-item-object-page menu-item-8920\"><a href=\"https:\/\/rechtsanwalt.fr\/fr\/news-events\/archive\/archive-2019\/\">2019<\/a><\/li>\n<li id=\"menu-item-8951\" class=\"menu-item menu-item-type-post_type menu-item-object-page menu-item-8951\"><a href=\"https:\/\/rechtsanwalt.fr\/fr\/news-events\/archive\/archive-2018\/\">2018<\/a><\/li>\n<li id=\"menu-item-8955\" class=\"menu-item menu-item-type-post_type menu-item-object-page menu-item-8955\"><a href=\"https:\/\/rechtsanwalt.fr\/fr\/news-events\/archive\/archive-2017\/\">2017<\/a><\/li>\n<li id=\"menu-item-8959\" class=\"menu-item menu-item-type-post_type menu-item-object-page menu-item-8959\"><a href=\"https:\/\/rechtsanwalt.fr\/fr\/news-events\/archive\/archive-2016\/\">2016<\/a><\/li>\n<li id=\"menu-item-8963\" class=\"menu-item menu-item-type-post_type menu-item-object-page menu-item-8963\"><a href=\"https:\/\/rechtsanwalt.fr\/fr\/news-events\/archive\/archive-2015\/\">2015<\/a><\/li>\n<\/ul><\/div><\/div><\/div><br \/>\n\n<style type=\"text\/css\" data-created_by=\"avia_inline_auto\" id=\"style-css-av-kf3nfzbd-bcb1f4357a53e888242f07a6fa5bbc99\">\n#top .hr.hr-invisible.av-kf3nfzbd-bcb1f4357a53e888242f07a6fa5bbc99{\nheight:20px;\n}\n<\/style>\n<div  class='hr av-kf3nfzbd-bcb1f4357a53e888242f07a6fa5bbc99 hr-invisible  avia-builder-el-10  el_after_av_sidebar  el_before_av_blog '><span class='hr-inner '><span class=\"hr-inner-style\"><\/span><\/span><\/div><br \/>\n<div  class='av-alb-blogposts template-blog  av-blog-meta-author-disabled av-blog-meta-comments-disabled av-blog-meta-html-info-disabled av-blog-meta-tag-disabled '  itemscope=\"itemscope\" itemtype=\"https:\/\/schema.org\/Blog\" ><article class=\"post-entry post-entry-type-standard post-entry-13099 post-loop-1 post-parity-odd bloglist-simple  post-13099 post type-post status-publish format-standard hentry category-archive-2020-fr-droit-des-societes\"  itemscope=\"itemscope\" itemtype=\"https:\/\/schema.org\/BlogPosting\" ><div class=\"blog-meta\"><\/div><div class='entry-content-wrapper clearfix standard-content'><header class=\"entry-content-header\" aria-label=\"Articles : Responsabilit\u00e9 du g\u00e9rant d\u2019une GmbH allemande pour les actions effectu\u00e9es alors que l\u2019entreprise rencontre des difficult\u00e9s financi\u00e8res\"><div class=\"av-heading-wrapper\"><span class=\"blog-categories minor-meta\"><a href=\"https:\/\/rechtsanwalt.fr\/fr\/category\/news-archive\/news-archive-2020\/archive-2020-fr-droit-des-societes\/\" rel=\"tag\">Droit des soci\u00e9t\u00e9s<\/a><\/span><h2 class='post-title entry-title '  itemprop=\"headline\" ><a href=\"https:\/\/rechtsanwalt.fr\/fr\/responsabilite-du-gerant-dune-gmbh-allemande-pour-les-actions-effectuees-alors-que-lentreprise-rencontre-des-difficultes-financieres\/\" rel=\"bookmark\" title=\"Lien permanent : Responsabilit\u00e9 du g\u00e9rant d\u2019une GmbH allemande pour les actions effectu\u00e9es alors que l\u2019entreprise rencontre des difficult\u00e9s financi\u00e8res\">Responsabilit\u00e9 du g\u00e9rant d\u2019une GmbH allemande pour les actions effectu\u00e9es alors que l\u2019entreprise rencontre des difficult\u00e9s financi\u00e8res<span class=\"post-format-icon minor-meta\"><\/span><\/a><\/h2><\/div><\/header><span class=\"post-meta-infos\"><time class=\"date-container minor-meta updated\"  itemprop=\"datePublished\" datetime=\"2020-12-22T12:24:59+01:00\" >22 d\u00e9cembre 2020<\/time><div class=\"read-more-link\"><a href=\"https:\/\/rechtsanwalt.fr\/fr\/responsabilite-du-gerant-dune-gmbh-allemande-pour-les-actions-effectuees-alors-que-lentreprise-rencontre-des-difficultes-financieres\/\" class=\"more-link\">Lire la suite<span class='more-link-arrow avia-svg-icon avia-font-svg_entypo-fontello' data-av_svg_icon='right-open-big' data-av_iconset='svg_entypo-fontello'><svg version=\"1.1\" xmlns=\"http:\/\/www.w3.org\/2000\/svg\" width=\"15\" height=\"32\" viewBox=\"0 0 15 32\" preserveAspectRatio=\"xMidYMid meet\" role=\"graphics-symbol\" aria-hidden=\"true\">\n<path d=\"M0.416 27.84l11.456-11.84-11.456-11.904q-0.832-0.832 0-1.536 0.832-0.832 1.536 0l12.544 12.608q0.768 0.832 0 1.6l-12.544 12.608q-0.704 0.832-1.536 0-0.832-0.704 0-1.536z\"><\/path>\n<\/svg><\/span><\/a><\/div><\/span><footer class=\"entry-footer\"><\/footer><div class='post_delimiter'><\/div><\/div><div class=\"post_author_timeline\"><\/div><span class='hidden'>\n\t\t\t\t<span class='av-structured-data'  itemprop=\"image\" itemscope=\"itemscope\" itemtype=\"https:\/\/schema.org\/ImageObject\" >\n\t\t\t\t\t\t<span itemprop='url'>https:\/\/rechtsanwalt.fr\/wp-content\/uploads\/2024\/05\/logo_header_fr_web.epp_.svg<\/span>\n\t\t\t\t\t\t<span itemprop='height'>0<\/span>\n\t\t\t\t\t\t<span itemprop='width'>0<\/span>\n\t\t\t\t<\/span>\n\t\t\t\t<span class='av-structured-data'  itemprop=\"publisher\" itemtype=\"https:\/\/schema.org\/Organization\" itemscope=\"itemscope\" >\n\t\t\t\t\t\t<span itemprop='name'>C\u00e9cile Robert<\/span>\n\t\t\t\t\t\t<span itemprop='logo' itemscope itemtype='https:\/\/schema.org\/ImageObject'>\n\t\t\t\t\t\t\t<span itemprop='url'>https:\/\/rechtsanwalt.fr\/wp-content\/uploads\/2024\/05\/logo_header_fr_web.epp_.svg<\/span>\n\t\t\t\t\t\t<\/span>\n\t\t\t\t<\/span><span class='av-structured-data'  itemprop=\"author\" itemscope=\"itemscope\" itemtype=\"https:\/\/schema.org\/Person\" ><span itemprop='name'>C\u00e9cile Robert<\/span><\/span><span class='av-structured-data'  itemprop=\"datePublished\" datetime=\"2020-12-22T12:24:59+01:00\" >2020-12-22 12:24:59<\/span><span class='av-structured-data'  itemprop=\"dateModified\" itemtype=\"https:\/\/schema.org\/dateModified\" >2022-03-07 18:10:13<\/span><span class='av-structured-data'  itemprop=\"mainEntityOfPage\" itemtype=\"https:\/\/schema.org\/mainEntityOfPage\" ><span itemprop='name'>Responsabilit\u00e9 du g\u00e9rant d\u2019une GmbH allemande pour les actions effectu\u00e9es alors que l\u2019entreprise rencontre des difficult\u00e9s financi\u00e8res<\/span><\/span><\/span><\/article><article class=\"post-entry post-entry-type-standard post-entry-13095 post-loop-2 post-parity-even bloglist-simple  post-13095 post type-post status-publish format-standard hentry category-archive-2020-fr-corona category-archive-2020-fr-droit-des-contrats\"  itemscope=\"itemscope\" itemtype=\"https:\/\/schema.org\/BlogPosting\" ><div class=\"blog-meta\"><\/div><div class='entry-content-wrapper clearfix standard-content'><header class=\"entry-content-header\" aria-label=\"Articles : Entreprises en Allemagne : nouvelle aide aux locataires commerciaux d\u00e9cid\u00e9e par le Parlement allemand (Bundestag) en raison de la crise du coronavirus\"><div class=\"av-heading-wrapper\"><span class=\"blog-categories minor-meta\"><a href=\"https:\/\/rechtsanwalt.fr\/fr\/category\/news-archive\/news-archive-2020\/archive-2020-fr-corona\/\" rel=\"tag\">Corona<\/a>, <a href=\"https:\/\/rechtsanwalt.fr\/fr\/category\/news-archive\/news-archive-2020\/archive-2020-fr-droit-des-contrats\/\" rel=\"tag\">Droit des contrats<\/a><\/span><h2 class='post-title entry-title '  itemprop=\"headline\" ><a href=\"https:\/\/rechtsanwalt.fr\/fr\/entreprises-en-allemagne-nouvelle-aide-aux-locataires-commerciaux-decidee-par-le-parlement-allemand-bundestag-en-raison-de-la-crise-du-coronavirus\/\" rel=\"bookmark\" title=\"Lien permanent : Entreprises en Allemagne : nouvelle aide aux locataires commerciaux d\u00e9cid\u00e9e par le Parlement allemand (Bundestag) en raison de la crise du coronavirus\">Entreprises en Allemagne : nouvelle aide aux locataires commerciaux d\u00e9cid\u00e9e par le Parlement allemand (Bundestag) en raison de la crise du coronavirus<span class=\"post-format-icon minor-meta\"><\/span><\/a><\/h2><\/div><\/header><span class=\"post-meta-infos\"><time class=\"date-container minor-meta updated\"  itemprop=\"datePublished\" datetime=\"2020-12-22T12:15:19+01:00\" >22 d\u00e9cembre 2020<\/time><div class=\"read-more-link\"><a href=\"https:\/\/rechtsanwalt.fr\/fr\/entreprises-en-allemagne-nouvelle-aide-aux-locataires-commerciaux-decidee-par-le-parlement-allemand-bundestag-en-raison-de-la-crise-du-coronavirus\/\" class=\"more-link\">Lire la suite<span class='more-link-arrow avia-svg-icon avia-font-svg_entypo-fontello' data-av_svg_icon='right-open-big' data-av_iconset='svg_entypo-fontello'><svg version=\"1.1\" xmlns=\"http:\/\/www.w3.org\/2000\/svg\" width=\"15\" height=\"32\" viewBox=\"0 0 15 32\" preserveAspectRatio=\"xMidYMid meet\" role=\"graphics-symbol\" aria-hidden=\"true\">\n<path d=\"M0.416 27.84l11.456-11.84-11.456-11.904q-0.832-0.832 0-1.536 0.832-0.832 1.536 0l12.544 12.608q0.768 0.832 0 1.6l-12.544 12.608q-0.704 0.832-1.536 0-0.832-0.704 0-1.536z\"><\/path>\n<\/svg><\/span><\/a><\/div><\/span><footer class=\"entry-footer\"><\/footer><div class='post_delimiter'><\/div><\/div><div class=\"post_author_timeline\"><\/div><span class='hidden'>\n\t\t\t\t<span class='av-structured-data'  itemprop=\"image\" itemscope=\"itemscope\" itemtype=\"https:\/\/schema.org\/ImageObject\" >\n\t\t\t\t\t\t<span itemprop='url'>https:\/\/rechtsanwalt.fr\/wp-content\/uploads\/2024\/05\/logo_header_fr_web.epp_.svg<\/span>\n\t\t\t\t\t\t<span itemprop='height'>0<\/span>\n\t\t\t\t\t\t<span itemprop='width'>0<\/span>\n\t\t\t\t<\/span>\n\t\t\t\t<span class='av-structured-data'  itemprop=\"publisher\" itemtype=\"https:\/\/schema.org\/Organization\" itemscope=\"itemscope\" >\n\t\t\t\t\t\t<span itemprop='name'>C\u00e9cile Robert<\/span>\n\t\t\t\t\t\t<span itemprop='logo' itemscope itemtype='https:\/\/schema.org\/ImageObject'>\n\t\t\t\t\t\t\t<span itemprop='url'>https:\/\/rechtsanwalt.fr\/wp-content\/uploads\/2024\/05\/logo_header_fr_web.epp_.svg<\/span>\n\t\t\t\t\t\t<\/span>\n\t\t\t\t<\/span><span class='av-structured-data'  itemprop=\"author\" itemscope=\"itemscope\" itemtype=\"https:\/\/schema.org\/Person\" ><span itemprop='name'>C\u00e9cile Robert<\/span><\/span><span class='av-structured-data'  itemprop=\"datePublished\" datetime=\"2020-12-22T12:15:19+01:00\" >2020-12-22 12:15:19<\/span><span class='av-structured-data'  itemprop=\"dateModified\" itemtype=\"https:\/\/schema.org\/dateModified\" >2022-03-07 18:09:39<\/span><span class='av-structured-data'  itemprop=\"mainEntityOfPage\" itemtype=\"https:\/\/schema.org\/mainEntityOfPage\" ><span itemprop='name'>Entreprises en Allemagne : nouvelle aide aux locataires commerciaux d\u00e9cid\u00e9e par le Parlement allemand (Bundestag) en raison de la crise du coronavirus<\/span><\/span><\/span><\/article><article class=\"post-entry post-entry-type-standard post-entry-12979 post-loop-3 post-parity-odd bloglist-simple  post-12979 post type-post status-publish format-standard hentry category-archive-2020-fr-corona category-archive-2020-fr-droit-des-societes category-archive-2020-fr-procedures-collectives\"  itemscope=\"itemscope\" itemtype=\"https:\/\/schema.org\/BlogPosting\" ><div class=\"blog-meta\"><\/div><div class='entry-content-wrapper clearfix standard-content'><header class=\"entry-content-header\" aria-label=\"Articles : Entreprises en Allemagne : le taux de cotisation pour l&#039;allocation d&#039;insolvabilit\u00e9 grimpe \u00e0 0,12 % au 1er janvier 2021\"><div class=\"av-heading-wrapper\"><span class=\"blog-categories minor-meta\"><a href=\"https:\/\/rechtsanwalt.fr\/fr\/category\/news-archive\/news-archive-2020\/archive-2020-fr-corona\/\" rel=\"tag\">Corona<\/a>, <a href=\"https:\/\/rechtsanwalt.fr\/fr\/category\/news-archive\/news-archive-2020\/archive-2020-fr-droit-des-societes\/\" rel=\"tag\">Droit des soci\u00e9t\u00e9s<\/a>, <a href=\"https:\/\/rechtsanwalt.fr\/fr\/category\/news-archive\/news-archive-2020\/archive-2020-fr-procedures-collectives\/\" rel=\"tag\">Proc\u00e9dures collectives<\/a><\/span><h2 class='post-title entry-title '  itemprop=\"headline\" ><a href=\"https:\/\/rechtsanwalt.fr\/fr\/entreprises-en-allemagne-le-taux-de-cotisation-pour-lallocation-dinsolvabilite-grimpe-a-0-12-pour-cent-au-1er-janvier-2021\/\" rel=\"bookmark\" title=\"Lien permanent : Entreprises en Allemagne : le taux de cotisation pour l&#039;allocation d&#039;insolvabilit\u00e9 grimpe \u00e0 0,12 % au 1er janvier 2021\">Entreprises en Allemagne : le taux de cotisation pour l'allocation d'insolvabilit\u00e9 grimpe \u00e0 0,12 % au 1er janvier 2021<span class=\"post-format-icon minor-meta\"><\/span><\/a><\/h2><\/div><\/header><span class=\"post-meta-infos\"><time class=\"date-container minor-meta updated\"  itemprop=\"datePublished\" datetime=\"2020-12-18T11:07:05+01:00\" >18 d\u00e9cembre 2020<\/time><div class=\"read-more-link\"><a href=\"https:\/\/rechtsanwalt.fr\/fr\/entreprises-en-allemagne-le-taux-de-cotisation-pour-lallocation-dinsolvabilite-grimpe-a-0-12-pour-cent-au-1er-janvier-2021\/\" class=\"more-link\">Lire la suite<span class='more-link-arrow avia-svg-icon avia-font-svg_entypo-fontello' data-av_svg_icon='right-open-big' data-av_iconset='svg_entypo-fontello'><svg version=\"1.1\" xmlns=\"http:\/\/www.w3.org\/2000\/svg\" width=\"15\" height=\"32\" viewBox=\"0 0 15 32\" preserveAspectRatio=\"xMidYMid meet\" role=\"graphics-symbol\" aria-hidden=\"true\">\n<path d=\"M0.416 27.84l11.456-11.84-11.456-11.904q-0.832-0.832 0-1.536 0.832-0.832 1.536 0l12.544 12.608q0.768 0.832 0 1.6l-12.544 12.608q-0.704 0.832-1.536 0-0.832-0.704 0-1.536z\"><\/path>\n<\/svg><\/span><\/a><\/div><\/span><footer class=\"entry-footer\"><\/footer><div class='post_delimiter'><\/div><\/div><div class=\"post_author_timeline\"><\/div><span class='hidden'>\n\t\t\t\t<span class='av-structured-data'  itemprop=\"image\" itemscope=\"itemscope\" itemtype=\"https:\/\/schema.org\/ImageObject\" >\n\t\t\t\t\t\t<span itemprop='url'>https:\/\/rechtsanwalt.fr\/wp-content\/uploads\/2024\/05\/logo_header_fr_web.epp_.svg<\/span>\n\t\t\t\t\t\t<span itemprop='height'>0<\/span>\n\t\t\t\t\t\t<span itemprop='width'>0<\/span>\n\t\t\t\t<\/span>\n\t\t\t\t<span class='av-structured-data'  itemprop=\"publisher\" itemtype=\"https:\/\/schema.org\/Organization\" itemscope=\"itemscope\" >\n\t\t\t\t\t\t<span itemprop='name'>C\u00e9cile Robert<\/span>\n\t\t\t\t\t\t<span itemprop='logo' itemscope itemtype='https:\/\/schema.org\/ImageObject'>\n\t\t\t\t\t\t\t<span itemprop='url'>https:\/\/rechtsanwalt.fr\/wp-content\/uploads\/2024\/05\/logo_header_fr_web.epp_.svg<\/span>\n\t\t\t\t\t\t<\/span>\n\t\t\t\t<\/span><span class='av-structured-data'  itemprop=\"author\" itemscope=\"itemscope\" itemtype=\"https:\/\/schema.org\/Person\" ><span itemprop='name'>C\u00e9cile Robert<\/span><\/span><span class='av-structured-data'  itemprop=\"datePublished\" datetime=\"2020-12-18T11:07:05+01:00\" >2020-12-18 11:07:05<\/span><span class='av-structured-data'  itemprop=\"dateModified\" itemtype=\"https:\/\/schema.org\/dateModified\" >2022-03-07 18:09:02<\/span><span class='av-structured-data'  itemprop=\"mainEntityOfPage\" itemtype=\"https:\/\/schema.org\/mainEntityOfPage\" ><span itemprop='name'>Entreprises en Allemagne : le taux de cotisation pour l'allocation d'insolvabilit\u00e9 grimpe \u00e0 0,12 % au 1er janvier 2021<\/span><\/span><\/span><\/article><article class=\"post-entry post-entry-type-standard post-entry-12973 post-loop-4 post-parity-even bloglist-simple  post-12973 post type-post status-publish format-standard hentry category-archive-2020-fr-corona category-archive-2020-fr-droit-social\"  itemscope=\"itemscope\" itemtype=\"https:\/\/schema.org\/BlogPosting\" ><div class=\"blog-meta\"><\/div><div class='entry-content-wrapper clearfix standard-content'><header class=\"entry-content-header\" aria-label=\"Articles : Crise du coronavirus en Allemagne 2021 : prolongation des facilit\u00e9s d\u2019obtention de l&#039;allocation d&#039;activit\u00e9 partielle (\u00ab Kurzarbeitergeld \u00bb)\"><div class=\"av-heading-wrapper\"><span class=\"blog-categories minor-meta\"><a href=\"https:\/\/rechtsanwalt.fr\/fr\/category\/news-archive\/news-archive-2020\/archive-2020-fr-corona\/\" rel=\"tag\">Corona<\/a>, <a href=\"https:\/\/rechtsanwalt.fr\/fr\/category\/news-archive\/news-archive-2020\/archive-2020-fr-droit-social\/\" rel=\"tag\">Droit social<\/a><\/span><h2 class='post-title entry-title '  itemprop=\"headline\" ><a href=\"https:\/\/rechtsanwalt.fr\/fr\/crise-du-coronavirus-en-allemagne-2021-prolongation-des-facilites-dobtention-de-lallocation-dactivite-partielle-kurzarbeitergeld\/\" rel=\"bookmark\" title=\"Lien permanent : Crise du coronavirus en Allemagne 2021 : prolongation des facilit\u00e9s d\u2019obtention de l&#039;allocation d&#039;activit\u00e9 partielle (\u00ab Kurzarbeitergeld \u00bb)\">Crise du coronavirus en Allemagne 2021 : prolongation des facilit\u00e9s d\u2019obtention de l'allocation d'activit\u00e9 partielle (\u00ab Kurzarbeitergeld \u00bb)<span class=\"post-format-icon minor-meta\"><\/span><\/a><\/h2><\/div><\/header><span class=\"post-meta-infos\"><time class=\"date-container minor-meta updated\"  itemprop=\"datePublished\" datetime=\"2020-12-18T10:55:22+01:00\" >18 d\u00e9cembre 2020<\/time><div class=\"read-more-link\"><a href=\"https:\/\/rechtsanwalt.fr\/fr\/crise-du-coronavirus-en-allemagne-2021-prolongation-des-facilites-dobtention-de-lallocation-dactivite-partielle-kurzarbeitergeld\/\" class=\"more-link\">Lire la suite<span class='more-link-arrow avia-svg-icon avia-font-svg_entypo-fontello' data-av_svg_icon='right-open-big' data-av_iconset='svg_entypo-fontello'><svg version=\"1.1\" xmlns=\"http:\/\/www.w3.org\/2000\/svg\" width=\"15\" height=\"32\" viewBox=\"0 0 15 32\" preserveAspectRatio=\"xMidYMid meet\" role=\"graphics-symbol\" aria-hidden=\"true\">\n<path d=\"M0.416 27.84l11.456-11.84-11.456-11.904q-0.832-0.832 0-1.536 0.832-0.832 1.536 0l12.544 12.608q0.768 0.832 0 1.6l-12.544 12.608q-0.704 0.832-1.536 0-0.832-0.704 0-1.536z\"><\/path>\n<\/svg><\/span><\/a><\/div><\/span><footer class=\"entry-footer\"><\/footer><div class='post_delimiter'><\/div><\/div><div class=\"post_author_timeline\"><\/div><span class='hidden'>\n\t\t\t\t<span class='av-structured-data'  itemprop=\"image\" itemscope=\"itemscope\" itemtype=\"https:\/\/schema.org\/ImageObject\" >\n\t\t\t\t\t\t<span itemprop='url'>https:\/\/rechtsanwalt.fr\/wp-content\/uploads\/2024\/05\/logo_header_fr_web.epp_.svg<\/span>\n\t\t\t\t\t\t<span itemprop='height'>0<\/span>\n\t\t\t\t\t\t<span itemprop='width'>0<\/span>\n\t\t\t\t<\/span>\n\t\t\t\t<span class='av-structured-data'  itemprop=\"publisher\" itemtype=\"https:\/\/schema.org\/Organization\" itemscope=\"itemscope\" >\n\t\t\t\t\t\t<span itemprop='name'>C\u00e9cile Robert<\/span>\n\t\t\t\t\t\t<span itemprop='logo' itemscope itemtype='https:\/\/schema.org\/ImageObject'>\n\t\t\t\t\t\t\t<span itemprop='url'>https:\/\/rechtsanwalt.fr\/wp-content\/uploads\/2024\/05\/logo_header_fr_web.epp_.svg<\/span>\n\t\t\t\t\t\t<\/span>\n\t\t\t\t<\/span><span class='av-structured-data'  itemprop=\"author\" itemscope=\"itemscope\" itemtype=\"https:\/\/schema.org\/Person\" ><span itemprop='name'>C\u00e9cile Robert<\/span><\/span><span class='av-structured-data'  itemprop=\"datePublished\" datetime=\"2020-12-18T10:55:22+01:00\" >2020-12-18 10:55:22<\/span><span class='av-structured-data'  itemprop=\"dateModified\" itemtype=\"https:\/\/schema.org\/dateModified\" >2022-03-07 18:08:26<\/span><span class='av-structured-data'  itemprop=\"mainEntityOfPage\" itemtype=\"https:\/\/schema.org\/mainEntityOfPage\" ><span itemprop='name'>Crise du coronavirus en Allemagne 2021 : prolongation des facilit\u00e9s d\u2019obtention de l'allocation d'activit\u00e9 partielle (\u00ab Kurzarbeitergeld \u00bb)<\/span><\/span><\/span><\/article><article class=\"post-entry post-entry-type-standard post-entry-12958 post-loop-5 post-parity-odd bloglist-simple  post-12958 post type-post status-publish format-standard hentry category-archive-2020-fr-corona category-archive-2020-fr-procedures-collectives\"  itemscope=\"itemscope\" itemtype=\"https:\/\/schema.org\/BlogPosting\" ><div class=\"blog-meta\"><\/div><div class='entry-content-wrapper clearfix standard-content'><header class=\"entry-content-header\" aria-label=\"Articles : Coronavirus en Allemagne : la suspension de l&#039;obligation d\u2019introduire une demande en ouverture d\u2019une proc\u00e9dure collective pour les soci\u00e9t\u00e9s surendett\u00e9es est \u00e0 nouveau prolong\u00e9e jusqu&#039;au 31 janvier 2021\"><div class=\"av-heading-wrapper\"><span class=\"blog-categories minor-meta\"><a href=\"https:\/\/rechtsanwalt.fr\/fr\/category\/news-archive\/news-archive-2020\/archive-2020-fr-corona\/\" rel=\"tag\">Corona<\/a>, <a href=\"https:\/\/rechtsanwalt.fr\/fr\/category\/news-archive\/news-archive-2020\/archive-2020-fr-procedures-collectives\/\" rel=\"tag\">Proc\u00e9dures collectives<\/a><\/span><h2 class='post-title entry-title '  itemprop=\"headline\" ><a href=\"https:\/\/rechtsanwalt.fr\/fr\/coronavirus-allemagne-suspension-obligation-demande-en-ouverture-dune-procedure-collective-pour-les-societes-surendettees-a-nouveau-prolongee-jusquau-31-01-2021\/\" rel=\"bookmark\" title=\"Lien permanent : Coronavirus en Allemagne : la suspension de l&#039;obligation d\u2019introduire une demande en ouverture d\u2019une proc\u00e9dure collective pour les soci\u00e9t\u00e9s surendett\u00e9es est \u00e0 nouveau prolong\u00e9e jusqu&#039;au 31 janvier 2021\">Coronavirus en Allemagne : la suspension de l'obligation d\u2019introduire une demande en ouverture d\u2019une proc\u00e9dure collective pour les soci\u00e9t\u00e9s surendett\u00e9es est \u00e0 nouveau prolong\u00e9e jusqu'au 31 janvier 2021<span class=\"post-format-icon minor-meta\"><\/span><\/a><\/h2><\/div><\/header><span class=\"post-meta-infos\"><time class=\"date-container minor-meta updated\"  itemprop=\"datePublished\" datetime=\"2020-12-18T10:44:52+01:00\" >18 d\u00e9cembre 2020<\/time><div class=\"read-more-link\"><a href=\"https:\/\/rechtsanwalt.fr\/fr\/coronavirus-allemagne-suspension-obligation-demande-en-ouverture-dune-procedure-collective-pour-les-societes-surendettees-a-nouveau-prolongee-jusquau-31-01-2021\/\" class=\"more-link\">Lire la suite<span class='more-link-arrow avia-svg-icon avia-font-svg_entypo-fontello' data-av_svg_icon='right-open-big' data-av_iconset='svg_entypo-fontello'><svg version=\"1.1\" xmlns=\"http:\/\/www.w3.org\/2000\/svg\" width=\"15\" height=\"32\" viewBox=\"0 0 15 32\" preserveAspectRatio=\"xMidYMid meet\" role=\"graphics-symbol\" aria-hidden=\"true\">\n<path d=\"M0.416 27.84l11.456-11.84-11.456-11.904q-0.832-0.832 0-1.536 0.832-0.832 1.536 0l12.544 12.608q0.768 0.832 0 1.6l-12.544 12.608q-0.704 0.832-1.536 0-0.832-0.704 0-1.536z\"><\/path>\n<\/svg><\/span><\/a><\/div><\/span><footer class=\"entry-footer\"><\/footer><div class='post_delimiter'><\/div><\/div><div class=\"post_author_timeline\"><\/div><span class='hidden'>\n\t\t\t\t<span class='av-structured-data'  itemprop=\"image\" itemscope=\"itemscope\" itemtype=\"https:\/\/schema.org\/ImageObject\" >\n\t\t\t\t\t\t<span itemprop='url'>https:\/\/rechtsanwalt.fr\/wp-content\/uploads\/2024\/05\/logo_header_fr_web.epp_.svg<\/span>\n\t\t\t\t\t\t<span itemprop='height'>0<\/span>\n\t\t\t\t\t\t<span itemprop='width'>0<\/span>\n\t\t\t\t<\/span>\n\t\t\t\t<span class='av-structured-data'  itemprop=\"publisher\" itemtype=\"https:\/\/schema.org\/Organization\" itemscope=\"itemscope\" >\n\t\t\t\t\t\t<span itemprop='name'>C\u00e9cile Robert<\/span>\n\t\t\t\t\t\t<span itemprop='logo' itemscope itemtype='https:\/\/schema.org\/ImageObject'>\n\t\t\t\t\t\t\t<span itemprop='url'>https:\/\/rechtsanwalt.fr\/wp-content\/uploads\/2024\/05\/logo_header_fr_web.epp_.svg<\/span>\n\t\t\t\t\t\t<\/span>\n\t\t\t\t<\/span><span class='av-structured-data'  itemprop=\"author\" itemscope=\"itemscope\" itemtype=\"https:\/\/schema.org\/Person\" ><span itemprop='name'>C\u00e9cile Robert<\/span><\/span><span class='av-structured-data'  itemprop=\"datePublished\" datetime=\"2020-12-18T10:44:52+01:00\" >2020-12-18 10:44:52<\/span><span class='av-structured-data'  itemprop=\"dateModified\" itemtype=\"https:\/\/schema.org\/dateModified\" >2022-03-07 18:07:44<\/span><span class='av-structured-data'  itemprop=\"mainEntityOfPage\" itemtype=\"https:\/\/schema.org\/mainEntityOfPage\" ><span itemprop='name'>Coronavirus en Allemagne : la suspension de l'obligation d\u2019introduire une demande en ouverture d\u2019une proc\u00e9dure collective pour les soci\u00e9t\u00e9s surendett\u00e9es est \u00e0 nouveau prolong\u00e9e jusqu'au 31 janvier 2021<\/span><\/span><\/span><\/article><article class=\"post-entry post-entry-type-standard post-entry-12801 post-loop-6 post-parity-even bloglist-simple  post-12801 post type-post status-publish format-standard hentry category-archive-2020-fr-corona category-archive-2020-fr-droit-des-contrats\"  itemscope=\"itemscope\" itemtype=\"https:\/\/schema.org\/BlogPosting\" ><div class=\"blog-meta\"><\/div><div class='entry-content-wrapper clearfix standard-content'><header class=\"entry-content-header\" aria-label=\"Articles : Entreprises en Allemagne : nouveaux all\u00e8gements pour les locataires de locaux commerciaux en raison de la crise sanitaire\"><div class=\"av-heading-wrapper\"><span class=\"blog-categories minor-meta\"><a href=\"https:\/\/rechtsanwalt.fr\/fr\/category\/news-archive\/news-archive-2020\/archive-2020-fr-corona\/\" rel=\"tag\">Corona<\/a>, <a href=\"https:\/\/rechtsanwalt.fr\/fr\/category\/news-archive\/news-archive-2020\/archive-2020-fr-droit-des-contrats\/\" rel=\"tag\">Droit des contrats<\/a><\/span><h2 class='post-title entry-title '  itemprop=\"headline\" ><a href=\"https:\/\/rechtsanwalt.fr\/fr\/entreprises-en-allemagne-nouveaux-allegements-pour-les-locataires-de-locaux-commerciaux-en-raison-de-la-crise-sanitaire\/\" rel=\"bookmark\" title=\"Lien permanent : Entreprises en Allemagne : nouveaux all\u00e8gements pour les locataires de locaux commerciaux en raison de la crise sanitaire\">Entreprises en Allemagne : nouveaux all\u00e8gements pour les locataires de locaux commerciaux en raison de la crise sanitaire<span class=\"post-format-icon minor-meta\"><\/span><\/a><\/h2><\/div><\/header><span class=\"post-meta-infos\"><time class=\"date-container minor-meta updated\"  itemprop=\"datePublished\" datetime=\"2020-12-16T12:18:03+01:00\" >16 d\u00e9cembre 2020<\/time><div class=\"read-more-link\"><a href=\"https:\/\/rechtsanwalt.fr\/fr\/entreprises-en-allemagne-nouveaux-allegements-pour-les-locataires-de-locaux-commerciaux-en-raison-de-la-crise-sanitaire\/\" class=\"more-link\">Lire la suite<span class='more-link-arrow avia-svg-icon avia-font-svg_entypo-fontello' data-av_svg_icon='right-open-big' data-av_iconset='svg_entypo-fontello'><svg version=\"1.1\" xmlns=\"http:\/\/www.w3.org\/2000\/svg\" width=\"15\" height=\"32\" viewBox=\"0 0 15 32\" preserveAspectRatio=\"xMidYMid meet\" role=\"graphics-symbol\" aria-hidden=\"true\">\n<path d=\"M0.416 27.84l11.456-11.84-11.456-11.904q-0.832-0.832 0-1.536 0.832-0.832 1.536 0l12.544 12.608q0.768 0.832 0 1.6l-12.544 12.608q-0.704 0.832-1.536 0-0.832-0.704 0-1.536z\"><\/path>\n<\/svg><\/span><\/a><\/div><\/span><footer class=\"entry-footer\"><\/footer><div class='post_delimiter'><\/div><\/div><div class=\"post_author_timeline\"><\/div><span class='hidden'>\n\t\t\t\t<span class='av-structured-data'  itemprop=\"image\" itemscope=\"itemscope\" itemtype=\"https:\/\/schema.org\/ImageObject\" >\n\t\t\t\t\t\t<span itemprop='url'>https:\/\/rechtsanwalt.fr\/wp-content\/uploads\/2024\/05\/logo_header_fr_web.epp_.svg<\/span>\n\t\t\t\t\t\t<span itemprop='height'>0<\/span>\n\t\t\t\t\t\t<span itemprop='width'>0<\/span>\n\t\t\t\t<\/span>\n\t\t\t\t<span class='av-structured-data'  itemprop=\"publisher\" itemtype=\"https:\/\/schema.org\/Organization\" itemscope=\"itemscope\" >\n\t\t\t\t\t\t<span itemprop='name'>C\u00e9cile Robert<\/span>\n\t\t\t\t\t\t<span itemprop='logo' itemscope itemtype='https:\/\/schema.org\/ImageObject'>\n\t\t\t\t\t\t\t<span itemprop='url'>https:\/\/rechtsanwalt.fr\/wp-content\/uploads\/2024\/05\/logo_header_fr_web.epp_.svg<\/span>\n\t\t\t\t\t\t<\/span>\n\t\t\t\t<\/span><span class='av-structured-data'  itemprop=\"author\" itemscope=\"itemscope\" itemtype=\"https:\/\/schema.org\/Person\" ><span itemprop='name'>C\u00e9cile Robert<\/span><\/span><span class='av-structured-data'  itemprop=\"datePublished\" datetime=\"2020-12-16T12:18:03+01:00\" >2020-12-16 12:18:03<\/span><span class='av-structured-data'  itemprop=\"dateModified\" itemtype=\"https:\/\/schema.org\/dateModified\" >2022-03-07 18:07:05<\/span><span class='av-structured-data'  itemprop=\"mainEntityOfPage\" itemtype=\"https:\/\/schema.org\/mainEntityOfPage\" ><span itemprop='name'>Entreprises en Allemagne : nouveaux all\u00e8gements pour les locataires de locaux commerciaux en raison de la crise sanitaire<\/span><\/span><\/span><\/article><article class=\"post-entry post-entry-type-standard post-entry-12793 post-loop-7 post-parity-odd bloglist-simple  post-12793 post type-post status-publish format-standard hentry category-archive-2020-fr-droit-social\"  itemscope=\"itemscope\" itemtype=\"https:\/\/schema.org\/BlogPosting\" ><div class=\"blog-meta\"><\/div><div class='entry-content-wrapper clearfix standard-content'><header class=\"entry-content-header\" aria-label=\"Articles : Soci\u00e9t\u00e9s en Allemagne : frais de d\u00e9placements forfaitaires rembours\u00e9s aux salari\u00e9s allemands \u00e0 partir de 2021 lors de leurs d\u00e9placements professionnels \u00e0 l&#039;\u00e9tranger\"><div class=\"av-heading-wrapper\"><span class=\"blog-categories minor-meta\"><a href=\"https:\/\/rechtsanwalt.fr\/fr\/category\/news-archive\/news-archive-2020\/archive-2020-fr-droit-social\/\" rel=\"tag\">Droit social<\/a><\/span><h2 class='post-title entry-title '  itemprop=\"headline\" ><a href=\"https:\/\/rechtsanwalt.fr\/fr\/societes-en-allemagne-frais-de-deplacements-forfaitaires-rembourses-aux-salaries-allemands-a-partir-de-2021-lors-de-leurs-deplacements-professionnels-a-letranger\/\" rel=\"bookmark\" title=\"Lien permanent : Soci\u00e9t\u00e9s en Allemagne : frais de d\u00e9placements forfaitaires rembours\u00e9s aux salari\u00e9s allemands \u00e0 partir de 2021 lors de leurs d\u00e9placements professionnels \u00e0 l&#039;\u00e9tranger\">Soci\u00e9t\u00e9s en Allemagne : frais de d\u00e9placements forfaitaires rembours\u00e9s aux salari\u00e9s allemands \u00e0 partir de 2021 lors de leurs d\u00e9placements professionnels \u00e0 l'\u00e9tranger<span class=\"post-format-icon minor-meta\"><\/span><\/a><\/h2><\/div><\/header><span class=\"post-meta-infos\"><time class=\"date-container minor-meta updated\"  itemprop=\"datePublished\" datetime=\"2020-12-16T12:08:56+01:00\" >16 d\u00e9cembre 2020<\/time><div class=\"read-more-link\"><a href=\"https:\/\/rechtsanwalt.fr\/fr\/societes-en-allemagne-frais-de-deplacements-forfaitaires-rembourses-aux-salaries-allemands-a-partir-de-2021-lors-de-leurs-deplacements-professionnels-a-letranger\/\" class=\"more-link\">Lire la suite<span class='more-link-arrow avia-svg-icon avia-font-svg_entypo-fontello' data-av_svg_icon='right-open-big' data-av_iconset='svg_entypo-fontello'><svg version=\"1.1\" xmlns=\"http:\/\/www.w3.org\/2000\/svg\" width=\"15\" height=\"32\" viewBox=\"0 0 15 32\" preserveAspectRatio=\"xMidYMid meet\" role=\"graphics-symbol\" aria-hidden=\"true\">\n<path d=\"M0.416 27.84l11.456-11.84-11.456-11.904q-0.832-0.832 0-1.536 0.832-0.832 1.536 0l12.544 12.608q0.768 0.832 0 1.6l-12.544 12.608q-0.704 0.832-1.536 0-0.832-0.704 0-1.536z\"><\/path>\n<\/svg><\/span><\/a><\/div><\/span><footer class=\"entry-footer\"><\/footer><div class='post_delimiter'><\/div><\/div><div class=\"post_author_timeline\"><\/div><span class='hidden'>\n\t\t\t\t<span class='av-structured-data'  itemprop=\"image\" itemscope=\"itemscope\" itemtype=\"https:\/\/schema.org\/ImageObject\" >\n\t\t\t\t\t\t<span itemprop='url'>https:\/\/rechtsanwalt.fr\/wp-content\/uploads\/2024\/05\/logo_header_fr_web.epp_.svg<\/span>\n\t\t\t\t\t\t<span itemprop='height'>0<\/span>\n\t\t\t\t\t\t<span itemprop='width'>0<\/span>\n\t\t\t\t<\/span>\n\t\t\t\t<span class='av-structured-data'  itemprop=\"publisher\" itemtype=\"https:\/\/schema.org\/Organization\" itemscope=\"itemscope\" >\n\t\t\t\t\t\t<span itemprop='name'>C\u00e9cile Robert<\/span>\n\t\t\t\t\t\t<span itemprop='logo' itemscope itemtype='https:\/\/schema.org\/ImageObject'>\n\t\t\t\t\t\t\t<span itemprop='url'>https:\/\/rechtsanwalt.fr\/wp-content\/uploads\/2024\/05\/logo_header_fr_web.epp_.svg<\/span>\n\t\t\t\t\t\t<\/span>\n\t\t\t\t<\/span><span class='av-structured-data'  itemprop=\"author\" itemscope=\"itemscope\" itemtype=\"https:\/\/schema.org\/Person\" ><span itemprop='name'>C\u00e9cile Robert<\/span><\/span><span class='av-structured-data'  itemprop=\"datePublished\" datetime=\"2020-12-16T12:08:56+01:00\" >2020-12-16 12:08:56<\/span><span class='av-structured-data'  itemprop=\"dateModified\" itemtype=\"https:\/\/schema.org\/dateModified\" >2022-03-07 18:06:31<\/span><span class='av-structured-data'  itemprop=\"mainEntityOfPage\" itemtype=\"https:\/\/schema.org\/mainEntityOfPage\" ><span itemprop='name'>Soci\u00e9t\u00e9s en Allemagne : frais de d\u00e9placements forfaitaires rembours\u00e9s aux salari\u00e9s allemands \u00e0 partir de 2021 lors de leurs d\u00e9placements professionnels \u00e0 l'\u00e9tranger<\/span><\/span><\/span><\/article><article class=\"post-entry post-entry-type-standard post-entry-12733 post-loop-8 post-parity-even bloglist-simple  post-12733 post type-post status-publish format-standard hentry category-archive-2020-fr-droit-des-societes\"  itemscope=\"itemscope\" itemtype=\"https:\/\/schema.org\/BlogPosting\" ><div class=\"blog-meta\"><\/div><div class='entry-content-wrapper clearfix standard-content'><header class=\"entry-content-header\" aria-label=\"Articles : Soci\u00e9t\u00e9s en Allemagne : all\u00e8gements fiscaux pour les salari\u00e9s \u00e0 compter de 2021 - modifications au niveau de la d\u00e9duction de l&#039;imp\u00f4t sur le revenu\"><div class=\"av-heading-wrapper\"><span class=\"blog-categories minor-meta\"><a href=\"https:\/\/rechtsanwalt.fr\/fr\/category\/news-archive\/news-archive-2020\/archive-2020-fr-droit-des-societes\/\" rel=\"tag\">Droit des soci\u00e9t\u00e9s<\/a><\/span><h2 class='post-title entry-title '  itemprop=\"headline\" ><a href=\"https:\/\/rechtsanwalt.fr\/fr\/societes-en-allemagne-allegements-fiscaux-pour-les-salaries-a-compter-de-2021-modifications-au-niveau-de-la-deduction-de-limpot-sur-le-revenu\/\" rel=\"bookmark\" title=\"Lien permanent : Soci\u00e9t\u00e9s en Allemagne : all\u00e8gements fiscaux pour les salari\u00e9s \u00e0 compter de 2021 - modifications au niveau de la d\u00e9duction de l&#039;imp\u00f4t sur le revenu\">Soci\u00e9t\u00e9s en Allemagne : all\u00e8gements fiscaux pour les salari\u00e9s \u00e0 compter de 2021 - modifications au niveau de la d\u00e9duction de l'imp\u00f4t sur le revenu<span class=\"post-format-icon minor-meta\"><\/span><\/a><\/h2><\/div><\/header><span class=\"post-meta-infos\"><time class=\"date-container minor-meta updated\"  itemprop=\"datePublished\" datetime=\"2020-12-14T17:25:04+01:00\" >14 d\u00e9cembre 2020<\/time><div class=\"read-more-link\"><a href=\"https:\/\/rechtsanwalt.fr\/fr\/societes-en-allemagne-allegements-fiscaux-pour-les-salaries-a-compter-de-2021-modifications-au-niveau-de-la-deduction-de-limpot-sur-le-revenu\/\" class=\"more-link\">Lire la suite<span class='more-link-arrow avia-svg-icon avia-font-svg_entypo-fontello' data-av_svg_icon='right-open-big' data-av_iconset='svg_entypo-fontello'><svg version=\"1.1\" xmlns=\"http:\/\/www.w3.org\/2000\/svg\" width=\"15\" height=\"32\" viewBox=\"0 0 15 32\" preserveAspectRatio=\"xMidYMid meet\" role=\"graphics-symbol\" aria-hidden=\"true\">\n<path d=\"M0.416 27.84l11.456-11.84-11.456-11.904q-0.832-0.832 0-1.536 0.832-0.832 1.536 0l12.544 12.608q0.768 0.832 0 1.6l-12.544 12.608q-0.704 0.832-1.536 0-0.832-0.704 0-1.536z\"><\/path>\n<\/svg><\/span><\/a><\/div><\/span><footer class=\"entry-footer\"><\/footer><div class='post_delimiter'><\/div><\/div><div class=\"post_author_timeline\"><\/div><span class='hidden'>\n\t\t\t\t<span class='av-structured-data'  itemprop=\"image\" itemscope=\"itemscope\" itemtype=\"https:\/\/schema.org\/ImageObject\" >\n\t\t\t\t\t\t<span itemprop='url'>https:\/\/rechtsanwalt.fr\/wp-content\/uploads\/2024\/05\/logo_header_fr_web.epp_.svg<\/span>\n\t\t\t\t\t\t<span itemprop='height'>0<\/span>\n\t\t\t\t\t\t<span itemprop='width'>0<\/span>\n\t\t\t\t<\/span>\n\t\t\t\t<span class='av-structured-data'  itemprop=\"publisher\" itemtype=\"https:\/\/schema.org\/Organization\" itemscope=\"itemscope\" >\n\t\t\t\t\t\t<span itemprop='name'>C\u00e9cile Robert<\/span>\n\t\t\t\t\t\t<span itemprop='logo' itemscope itemtype='https:\/\/schema.org\/ImageObject'>\n\t\t\t\t\t\t\t<span itemprop='url'>https:\/\/rechtsanwalt.fr\/wp-content\/uploads\/2024\/05\/logo_header_fr_web.epp_.svg<\/span>\n\t\t\t\t\t\t<\/span>\n\t\t\t\t<\/span><span class='av-structured-data'  itemprop=\"author\" itemscope=\"itemscope\" itemtype=\"https:\/\/schema.org\/Person\" ><span itemprop='name'>C\u00e9cile Robert<\/span><\/span><span class='av-structured-data'  itemprop=\"datePublished\" datetime=\"2020-12-14T17:25:04+01:00\" >2020-12-14 17:25:04<\/span><span class='av-structured-data'  itemprop=\"dateModified\" itemtype=\"https:\/\/schema.org\/dateModified\" >2022-03-07 18:05:47<\/span><span class='av-structured-data'  itemprop=\"mainEntityOfPage\" itemtype=\"https:\/\/schema.org\/mainEntityOfPage\" ><span itemprop='name'>Soci\u00e9t\u00e9s en Allemagne : all\u00e8gements fiscaux pour les salari\u00e9s \u00e0 compter de 2021 - modifications au niveau de la d\u00e9duction de l'imp\u00f4t sur le revenu<\/span><\/span><\/span><\/article><article class=\"post-entry post-entry-type-standard post-entry-12646 post-loop-9 post-parity-odd bloglist-simple  post-12646 post type-post status-publish format-standard hentry category-archive-2020-fr-droit-des-societes\"  itemscope=\"itemscope\" itemtype=\"https:\/\/schema.org\/BlogPosting\" ><div class=\"blog-meta\"><\/div><div class='entry-content-wrapper clearfix standard-content'><header class=\"entry-content-header\" aria-label=\"Articles : Soci\u00e9t\u00e9s en Allemagne : la modernisation du droit r\u00e9gissant les soci\u00e9t\u00e9s de personnes\"><div class=\"av-heading-wrapper\"><span class=\"blog-categories minor-meta\"><a href=\"https:\/\/rechtsanwalt.fr\/fr\/category\/news-archive\/news-archive-2020\/archive-2020-fr-droit-des-societes\/\" rel=\"tag\">Droit des soci\u00e9t\u00e9s<\/a><\/span><h2 class='post-title entry-title '  itemprop=\"headline\" ><a href=\"https:\/\/rechtsanwalt.fr\/fr\/societes-en-allemagne-la-modernisation-du-droit-regissant-les-societes-de-personnes\/\" rel=\"bookmark\" title=\"Lien permanent : Soci\u00e9t\u00e9s en Allemagne : la modernisation du droit r\u00e9gissant les soci\u00e9t\u00e9s de personnes\">Soci\u00e9t\u00e9s en Allemagne : la modernisation du droit r\u00e9gissant les soci\u00e9t\u00e9s de personnes<span class=\"post-format-icon minor-meta\"><\/span><\/a><\/h2><\/div><\/header><span class=\"post-meta-infos\"><time class=\"date-container minor-meta updated\"  itemprop=\"datePublished\" datetime=\"2020-12-11T16:19:55+01:00\" >11 d\u00e9cembre 2020<\/time><div class=\"read-more-link\"><a href=\"https:\/\/rechtsanwalt.fr\/fr\/societes-en-allemagne-la-modernisation-du-droit-regissant-les-societes-de-personnes\/\" class=\"more-link\">Lire la suite<span class='more-link-arrow avia-svg-icon avia-font-svg_entypo-fontello' data-av_svg_icon='right-open-big' data-av_iconset='svg_entypo-fontello'><svg version=\"1.1\" xmlns=\"http:\/\/www.w3.org\/2000\/svg\" width=\"15\" height=\"32\" viewBox=\"0 0 15 32\" preserveAspectRatio=\"xMidYMid meet\" role=\"graphics-symbol\" aria-hidden=\"true\">\n<path d=\"M0.416 27.84l11.456-11.84-11.456-11.904q-0.832-0.832 0-1.536 0.832-0.832 1.536 0l12.544 12.608q0.768 0.832 0 1.6l-12.544 12.608q-0.704 0.832-1.536 0-0.832-0.704 0-1.536z\"><\/path>\n<\/svg><\/span><\/a><\/div><\/span><footer class=\"entry-footer\"><\/footer><div class='post_delimiter'><\/div><\/div><div class=\"post_author_timeline\"><\/div><span class='hidden'>\n\t\t\t\t<span class='av-structured-data'  itemprop=\"image\" itemscope=\"itemscope\" itemtype=\"https:\/\/schema.org\/ImageObject\" >\n\t\t\t\t\t\t<span itemprop='url'>https:\/\/rechtsanwalt.fr\/wp-content\/uploads\/2024\/05\/logo_header_fr_web.epp_.svg<\/span>\n\t\t\t\t\t\t<span itemprop='height'>0<\/span>\n\t\t\t\t\t\t<span itemprop='width'>0<\/span>\n\t\t\t\t<\/span>\n\t\t\t\t<span class='av-structured-data'  itemprop=\"publisher\" itemtype=\"https:\/\/schema.org\/Organization\" itemscope=\"itemscope\" >\n\t\t\t\t\t\t<span itemprop='name'>C\u00e9cile Robert<\/span>\n\t\t\t\t\t\t<span itemprop='logo' itemscope itemtype='https:\/\/schema.org\/ImageObject'>\n\t\t\t\t\t\t\t<span itemprop='url'>https:\/\/rechtsanwalt.fr\/wp-content\/uploads\/2024\/05\/logo_header_fr_web.epp_.svg<\/span>\n\t\t\t\t\t\t<\/span>\n\t\t\t\t<\/span><span class='av-structured-data'  itemprop=\"author\" itemscope=\"itemscope\" itemtype=\"https:\/\/schema.org\/Person\" ><span itemprop='name'>C\u00e9cile Robert<\/span><\/span><span class='av-structured-data'  itemprop=\"datePublished\" datetime=\"2020-12-11T16:19:55+01:00\" >2020-12-11 16:19:55<\/span><span class='av-structured-data'  itemprop=\"dateModified\" itemtype=\"https:\/\/schema.org\/dateModified\" >2022-03-07 18:05:09<\/span><span class='av-structured-data'  itemprop=\"mainEntityOfPage\" itemtype=\"https:\/\/schema.org\/mainEntityOfPage\" ><span itemprop='name'>Soci\u00e9t\u00e9s en Allemagne : la modernisation du droit r\u00e9gissant les soci\u00e9t\u00e9s de personnes<\/span><\/span><\/span><\/article><article class=\"post-entry post-entry-type-standard post-entry-12110 post-loop-10 post-parity-even bloglist-simple  post-12110 post type-post status-publish format-standard hentry category-archive-2020-fr-droit-social\"  itemscope=\"itemscope\" itemtype=\"https:\/\/schema.org\/BlogPosting\" ><div class=\"blog-meta\"><\/div><div class='entry-content-wrapper clearfix standard-content'><header class=\"entry-content-header\" aria-label=\"Articles : Employeur en Allemagne : les salari\u00e9s irr\u00e9guli\u00e8rement licenci\u00e9s conservent leurs droits \u00e0 cong\u00e9s pay\u00e9s\"><div class=\"av-heading-wrapper\"><span class=\"blog-categories minor-meta\"><a href=\"https:\/\/rechtsanwalt.fr\/fr\/category\/news-archive\/news-archive-2020\/archive-2020-fr-droit-social\/\" rel=\"tag\">Droit social<\/a><\/span><h2 class='post-title entry-title '  itemprop=\"headline\" ><a href=\"https:\/\/rechtsanwalt.fr\/fr\/employeur-en-allemagne-les-salaries-irregulierement-licencies-conservent-leurs-droits-a-conges-payes\/\" rel=\"bookmark\" title=\"Lien permanent : Employeur en Allemagne : les salari\u00e9s irr\u00e9guli\u00e8rement licenci\u00e9s conservent leurs droits \u00e0 cong\u00e9s pay\u00e9s\">Employeur en Allemagne : les salari\u00e9s irr\u00e9guli\u00e8rement licenci\u00e9s conservent leurs droits \u00e0 cong\u00e9s pay\u00e9s<span class=\"post-format-icon minor-meta\"><\/span><\/a><\/h2><\/div><\/header><span class=\"post-meta-infos\"><time class=\"date-container minor-meta updated\"  itemprop=\"datePublished\" datetime=\"2020-12-02T12:02:46+01:00\" >2 d\u00e9cembre 2020<\/time><div class=\"read-more-link\"><a href=\"https:\/\/rechtsanwalt.fr\/fr\/employeur-en-allemagne-les-salaries-irregulierement-licencies-conservent-leurs-droits-a-conges-payes\/\" class=\"more-link\">Lire la suite<span class='more-link-arrow avia-svg-icon avia-font-svg_entypo-fontello' data-av_svg_icon='right-open-big' data-av_iconset='svg_entypo-fontello'><svg version=\"1.1\" xmlns=\"http:\/\/www.w3.org\/2000\/svg\" width=\"15\" height=\"32\" viewBox=\"0 0 15 32\" preserveAspectRatio=\"xMidYMid meet\" role=\"graphics-symbol\" aria-hidden=\"true\">\n<path d=\"M0.416 27.84l11.456-11.84-11.456-11.904q-0.832-0.832 0-1.536 0.832-0.832 1.536 0l12.544 12.608q0.768 0.832 0 1.6l-12.544 12.608q-0.704 0.832-1.536 0-0.832-0.704 0-1.536z\"><\/path>\n<\/svg><\/span><\/a><\/div><\/span><footer class=\"entry-footer\"><\/footer><div class='post_delimiter'><\/div><\/div><div class=\"post_author_timeline\"><\/div><span class='hidden'>\n\t\t\t\t<span class='av-structured-data'  itemprop=\"image\" itemscope=\"itemscope\" itemtype=\"https:\/\/schema.org\/ImageObject\" >\n\t\t\t\t\t\t<span itemprop='url'>https:\/\/rechtsanwalt.fr\/wp-content\/uploads\/2024\/05\/logo_header_fr_web.epp_.svg<\/span>\n\t\t\t\t\t\t<span itemprop='height'>0<\/span>\n\t\t\t\t\t\t<span itemprop='width'>0<\/span>\n\t\t\t\t<\/span>\n\t\t\t\t<span class='av-structured-data'  itemprop=\"publisher\" itemtype=\"https:\/\/schema.org\/Organization\" itemscope=\"itemscope\" >\n\t\t\t\t\t\t<span itemprop='name'>C\u00e9cile Robert<\/span>\n\t\t\t\t\t\t<span itemprop='logo' itemscope itemtype='https:\/\/schema.org\/ImageObject'>\n\t\t\t\t\t\t\t<span itemprop='url'>https:\/\/rechtsanwalt.fr\/wp-content\/uploads\/2024\/05\/logo_header_fr_web.epp_.svg<\/span>\n\t\t\t\t\t\t<\/span>\n\t\t\t\t<\/span><span class='av-structured-data'  itemprop=\"author\" itemscope=\"itemscope\" itemtype=\"https:\/\/schema.org\/Person\" ><span itemprop='name'>C\u00e9cile Robert<\/span><\/span><span class='av-structured-data'  itemprop=\"datePublished\" datetime=\"2020-12-02T12:02:46+01:00\" >2020-12-02 12:02:46<\/span><span class='av-structured-data'  itemprop=\"dateModified\" itemtype=\"https:\/\/schema.org\/dateModified\" >2022-03-07 18:04:26<\/span><span class='av-structured-data'  itemprop=\"mainEntityOfPage\" itemtype=\"https:\/\/schema.org\/mainEntityOfPage\" ><span itemprop='name'>Employeur en Allemagne : les salari\u00e9s irr\u00e9guli\u00e8rement licenci\u00e9s conservent leurs droits \u00e0 cong\u00e9s pay\u00e9s<\/span><\/span><\/span><\/article><article class=\"post-entry post-entry-type-standard post-entry-11819 post-loop-11 post-parity-odd bloglist-simple  post-11819 post type-post status-publish format-standard hentry category-archive-2020-fr-droit-social\"  itemscope=\"itemscope\" itemtype=\"https:\/\/schema.org\/BlogPosting\" ><div class=\"blog-meta\"><\/div><div class='entry-content-wrapper clearfix standard-content'><header class=\"entry-content-header\" aria-label=\"Articles : Entreprises en Allemagne : Qui doit payer l\u2019imp\u00f4t sur les revenus d\u2019un ex-travailleur frontalier ?\"><div class=\"av-heading-wrapper\"><span class=\"blog-categories minor-meta\"><a href=\"https:\/\/rechtsanwalt.fr\/fr\/category\/news-archive\/news-archive-2020\/archive-2020-fr-droit-social\/\" rel=\"tag\">Droit social<\/a><\/span><h2 class='post-title entry-title '  itemprop=\"headline\" ><a href=\"https:\/\/rechtsanwalt.fr\/fr\/entreprises-en-allemagne-qui-doit-payer-limpot-sur-les-revenus-dun-ex-travailleur-frontalier\/\" rel=\"bookmark\" title=\"Lien permanent : Entreprises en Allemagne : Qui doit payer l\u2019imp\u00f4t sur les revenus d\u2019un ex-travailleur frontalier ?\">Entreprises en Allemagne : Qui doit payer l\u2019imp\u00f4t sur les revenus d\u2019un ex-travailleur frontalier ?<span class=\"post-format-icon minor-meta\"><\/span><\/a><\/h2><\/div><\/header><span class=\"post-meta-infos\"><time class=\"date-container minor-meta updated\"  itemprop=\"datePublished\" datetime=\"2020-11-23T10:46:51+01:00\" >23 novembre 2020<\/time><div class=\"read-more-link\"><a href=\"https:\/\/rechtsanwalt.fr\/fr\/entreprises-en-allemagne-qui-doit-payer-limpot-sur-les-revenus-dun-ex-travailleur-frontalier\/\" class=\"more-link\">Lire la suite<span class='more-link-arrow avia-svg-icon avia-font-svg_entypo-fontello' data-av_svg_icon='right-open-big' data-av_iconset='svg_entypo-fontello'><svg version=\"1.1\" xmlns=\"http:\/\/www.w3.org\/2000\/svg\" width=\"15\" height=\"32\" viewBox=\"0 0 15 32\" preserveAspectRatio=\"xMidYMid meet\" role=\"graphics-symbol\" aria-hidden=\"true\">\n<path d=\"M0.416 27.84l11.456-11.84-11.456-11.904q-0.832-0.832 0-1.536 0.832-0.832 1.536 0l12.544 12.608q0.768 0.832 0 1.6l-12.544 12.608q-0.704 0.832-1.536 0-0.832-0.704 0-1.536z\"><\/path>\n<\/svg><\/span><\/a><\/div><\/span><footer class=\"entry-footer\"><\/footer><div class='post_delimiter'><\/div><\/div><div class=\"post_author_timeline\"><\/div><span class='hidden'>\n\t\t\t\t<span class='av-structured-data'  itemprop=\"image\" itemscope=\"itemscope\" itemtype=\"https:\/\/schema.org\/ImageObject\" >\n\t\t\t\t\t\t<span itemprop='url'>https:\/\/rechtsanwalt.fr\/wp-content\/uploads\/2024\/05\/logo_header_fr_web.epp_.svg<\/span>\n\t\t\t\t\t\t<span itemprop='height'>0<\/span>\n\t\t\t\t\t\t<span itemprop='width'>0<\/span>\n\t\t\t\t<\/span>\n\t\t\t\t<span class='av-structured-data'  itemprop=\"publisher\" itemtype=\"https:\/\/schema.org\/Organization\" itemscope=\"itemscope\" >\n\t\t\t\t\t\t<span itemprop='name'>C\u00e9cile Robert<\/span>\n\t\t\t\t\t\t<span itemprop='logo' itemscope itemtype='https:\/\/schema.org\/ImageObject'>\n\t\t\t\t\t\t\t<span itemprop='url'>https:\/\/rechtsanwalt.fr\/wp-content\/uploads\/2024\/05\/logo_header_fr_web.epp_.svg<\/span>\n\t\t\t\t\t\t<\/span>\n\t\t\t\t<\/span><span class='av-structured-data'  itemprop=\"author\" itemscope=\"itemscope\" itemtype=\"https:\/\/schema.org\/Person\" ><span itemprop='name'>C\u00e9cile Robert<\/span><\/span><span class='av-structured-data'  itemprop=\"datePublished\" datetime=\"2020-11-23T10:46:51+01:00\" >2020-11-23 10:46:51<\/span><span class='av-structured-data'  itemprop=\"dateModified\" itemtype=\"https:\/\/schema.org\/dateModified\" >2022-03-07 18:03:45<\/span><span class='av-structured-data'  itemprop=\"mainEntityOfPage\" itemtype=\"https:\/\/schema.org\/mainEntityOfPage\" ><span itemprop='name'>Entreprises en Allemagne : Qui doit payer l\u2019imp\u00f4t sur les revenus d\u2019un ex-travailleur frontalier ?<\/span><\/span><\/span><\/article><article class=\"post-entry post-entry-type-standard post-entry-10643 post-loop-12 post-parity-even bloglist-simple  post-10643 post type-post status-publish format-standard hentry category-archive-2020-fr-procedures-collectives\"  itemscope=\"itemscope\" itemtype=\"https:\/\/schema.org\/BlogPosting\" ><div class=\"blog-meta\"><\/div><div class='entry-content-wrapper clearfix standard-content'><header class=\"entry-content-header\" aria-label=\"Articles : R\u00e9forme du droit de la faillite allemand 2021 : de nouvelles options de redressement s&#039;offrent aux entreprises allemandes\"><div class=\"av-heading-wrapper\"><span class=\"blog-categories minor-meta\"><a href=\"https:\/\/rechtsanwalt.fr\/fr\/category\/news-archive\/news-archive-2020\/archive-2020-fr-procedures-collectives\/\" rel=\"tag\">Proc\u00e9dures collectives<\/a><\/span><h2 class='post-title entry-title '  itemprop=\"headline\" ><a href=\"https:\/\/rechtsanwalt.fr\/fr\/reforme-du-droit-de-la-faillite-allemand-2021-de-nouvelles-options-de-redressement-soffrent-aux-entreprises-allemandes\/\" rel=\"bookmark\" title=\"Lien permanent : R\u00e9forme du droit de la faillite allemand 2021 : de nouvelles options de redressement s&#039;offrent aux entreprises allemandes\">R\u00e9forme du droit de la faillite allemand 2021 : de nouvelles options de redressement s'offrent aux entreprises allemandes<span class=\"post-format-icon minor-meta\"><\/span><\/a><\/h2><\/div><\/header><span class=\"post-meta-infos\"><time class=\"date-container minor-meta updated\"  itemprop=\"datePublished\" datetime=\"2020-11-03T11:08:59+01:00\" >3 novembre 2020<\/time><div class=\"read-more-link\"><a href=\"https:\/\/rechtsanwalt.fr\/fr\/reforme-du-droit-de-la-faillite-allemand-2021-de-nouvelles-options-de-redressement-soffrent-aux-entreprises-allemandes\/\" class=\"more-link\">Lire la suite<span class='more-link-arrow avia-svg-icon avia-font-svg_entypo-fontello' data-av_svg_icon='right-open-big' data-av_iconset='svg_entypo-fontello'><svg version=\"1.1\" xmlns=\"http:\/\/www.w3.org\/2000\/svg\" width=\"15\" height=\"32\" viewBox=\"0 0 15 32\" preserveAspectRatio=\"xMidYMid meet\" role=\"graphics-symbol\" aria-hidden=\"true\">\n<path d=\"M0.416 27.84l11.456-11.84-11.456-11.904q-0.832-0.832 0-1.536 0.832-0.832 1.536 0l12.544 12.608q0.768 0.832 0 1.6l-12.544 12.608q-0.704 0.832-1.536 0-0.832-0.704 0-1.536z\"><\/path>\n<\/svg><\/span><\/a><\/div><\/span><footer class=\"entry-footer\"><\/footer><div class='post_delimiter'><\/div><\/div><div class=\"post_author_timeline\"><\/div><span class='hidden'>\n\t\t\t\t<span class='av-structured-data'  itemprop=\"image\" itemscope=\"itemscope\" itemtype=\"https:\/\/schema.org\/ImageObject\" >\n\t\t\t\t\t\t<span itemprop='url'>https:\/\/rechtsanwalt.fr\/wp-content\/uploads\/2024\/05\/logo_header_fr_web.epp_.svg<\/span>\n\t\t\t\t\t\t<span itemprop='height'>0<\/span>\n\t\t\t\t\t\t<span itemprop='width'>0<\/span>\n\t\t\t\t<\/span>\n\t\t\t\t<span class='av-structured-data'  itemprop=\"publisher\" itemtype=\"https:\/\/schema.org\/Organization\" itemscope=\"itemscope\" >\n\t\t\t\t\t\t<span itemprop='name'>C\u00e9cile Robert<\/span>\n\t\t\t\t\t\t<span itemprop='logo' itemscope itemtype='https:\/\/schema.org\/ImageObject'>\n\t\t\t\t\t\t\t<span itemprop='url'>https:\/\/rechtsanwalt.fr\/wp-content\/uploads\/2024\/05\/logo_header_fr_web.epp_.svg<\/span>\n\t\t\t\t\t\t<\/span>\n\t\t\t\t<\/span><span class='av-structured-data'  itemprop=\"author\" itemscope=\"itemscope\" itemtype=\"https:\/\/schema.org\/Person\" ><span itemprop='name'>C\u00e9cile Robert<\/span><\/span><span class='av-structured-data'  itemprop=\"datePublished\" datetime=\"2020-11-03T11:08:59+01:00\" >2020-11-03 11:08:59<\/span><span class='av-structured-data'  itemprop=\"dateModified\" itemtype=\"https:\/\/schema.org\/dateModified\" >2022-03-07 18:03:07<\/span><span class='av-structured-data'  itemprop=\"mainEntityOfPage\" itemtype=\"https:\/\/schema.org\/mainEntityOfPage\" ><span itemprop='name'>R\u00e9forme du droit de la faillite allemand 2021 : de nouvelles options de redressement s'offrent aux entreprises allemandes<\/span><\/span><\/span><\/article><article class=\"post-entry post-entry-type-standard post-entry-10568 post-loop-13 post-parity-odd bloglist-simple  post-10568 post type-post status-publish format-standard hentry category-archive-2020-fr-corona category-archive-2020-fr-procedures-collectives\"  itemscope=\"itemscope\" itemtype=\"https:\/\/schema.org\/BlogPosting\" ><div class=\"blog-meta\"><\/div><div class='entry-content-wrapper clearfix standard-content'><header class=\"entry-content-header\" aria-label=\"Articles : Crise du coronavirus en Allemagne : suspension jusqu\u2019au 31\/12\/2020 pour les entreprises allemandes de l\u2019obligation d\u2019introduire une demande en ouverture d\u2019une proc\u00e9dure collective pour cause de surendettement\"><div class=\"av-heading-wrapper\"><span class=\"blog-categories minor-meta\"><a href=\"https:\/\/rechtsanwalt.fr\/fr\/category\/news-archive\/news-archive-2020\/archive-2020-fr-corona\/\" rel=\"tag\">Corona<\/a>, <a href=\"https:\/\/rechtsanwalt.fr\/fr\/category\/news-archive\/news-archive-2020\/archive-2020-fr-procedures-collectives\/\" rel=\"tag\">Proc\u00e9dures collectives<\/a><\/span><h2 class='post-title entry-title '  itemprop=\"headline\" ><a href=\"https:\/\/rechtsanwalt.fr\/fr\/crise-du-coronavirus-en-allemagne-suspension-jusquau-31-12-2020-pour-les-entreprises-allemandes-de-lobligation-dintroduire-une-demande-en-ouverture-dune-procedure\/\" rel=\"bookmark\" title=\"Lien permanent : Crise du coronavirus en Allemagne : suspension jusqu\u2019au 31\/12\/2020 pour les entreprises allemandes de l\u2019obligation d\u2019introduire une demande en ouverture d\u2019une proc\u00e9dure collective pour cause de surendettement\">Crise du coronavirus en Allemagne : suspension jusqu\u2019au 31\/12\/2020 pour les entreprises allemandes de l\u2019obligation d\u2019introduire une demande en ouverture d\u2019une proc\u00e9dure collective pour cause de surendettement<span class=\"post-format-icon minor-meta\"><\/span><\/a><\/h2><\/div><\/header><span class=\"post-meta-infos\"><time class=\"date-container minor-meta updated\"  itemprop=\"datePublished\" datetime=\"2020-10-21T18:39:26+02:00\" >21 octobre 2020<\/time><div class=\"read-more-link\"><a href=\"https:\/\/rechtsanwalt.fr\/fr\/crise-du-coronavirus-en-allemagne-suspension-jusquau-31-12-2020-pour-les-entreprises-allemandes-de-lobligation-dintroduire-une-demande-en-ouverture-dune-procedure\/\" class=\"more-link\">Lire la suite<span class='more-link-arrow avia-svg-icon avia-font-svg_entypo-fontello' data-av_svg_icon='right-open-big' data-av_iconset='svg_entypo-fontello'><svg version=\"1.1\" xmlns=\"http:\/\/www.w3.org\/2000\/svg\" width=\"15\" height=\"32\" viewBox=\"0 0 15 32\" preserveAspectRatio=\"xMidYMid meet\" role=\"graphics-symbol\" aria-hidden=\"true\">\n<path d=\"M0.416 27.84l11.456-11.84-11.456-11.904q-0.832-0.832 0-1.536 0.832-0.832 1.536 0l12.544 12.608q0.768 0.832 0 1.6l-12.544 12.608q-0.704 0.832-1.536 0-0.832-0.704 0-1.536z\"><\/path>\n<\/svg><\/span><\/a><\/div><\/span><footer class=\"entry-footer\"><\/footer><div class='post_delimiter'><\/div><\/div><div class=\"post_author_timeline\"><\/div><span class='hidden'>\n\t\t\t\t<span class='av-structured-data'  itemprop=\"image\" itemscope=\"itemscope\" itemtype=\"https:\/\/schema.org\/ImageObject\" >\n\t\t\t\t\t\t<span itemprop='url'>https:\/\/rechtsanwalt.fr\/wp-content\/uploads\/2024\/05\/logo_header_fr_web.epp_.svg<\/span>\n\t\t\t\t\t\t<span itemprop='height'>0<\/span>\n\t\t\t\t\t\t<span itemprop='width'>0<\/span>\n\t\t\t\t<\/span>\n\t\t\t\t<span class='av-structured-data'  itemprop=\"publisher\" itemtype=\"https:\/\/schema.org\/Organization\" itemscope=\"itemscope\" >\n\t\t\t\t\t\t<span itemprop='name'>C\u00e9cile Robert<\/span>\n\t\t\t\t\t\t<span itemprop='logo' itemscope itemtype='https:\/\/schema.org\/ImageObject'>\n\t\t\t\t\t\t\t<span itemprop='url'>https:\/\/rechtsanwalt.fr\/wp-content\/uploads\/2024\/05\/logo_header_fr_web.epp_.svg<\/span>\n\t\t\t\t\t\t<\/span>\n\t\t\t\t<\/span><span class='av-structured-data'  itemprop=\"author\" itemscope=\"itemscope\" itemtype=\"https:\/\/schema.org\/Person\" ><span itemprop='name'>C\u00e9cile Robert<\/span><\/span><span class='av-structured-data'  itemprop=\"datePublished\" datetime=\"2020-10-21T18:39:26+02:00\" >2020-10-21 18:39:26<\/span><span class='av-structured-data'  itemprop=\"dateModified\" itemtype=\"https:\/\/schema.org\/dateModified\" >2022-03-07 18:02:33<\/span><span class='av-structured-data'  itemprop=\"mainEntityOfPage\" itemtype=\"https:\/\/schema.org\/mainEntityOfPage\" ><span itemprop='name'>Crise du coronavirus en Allemagne : suspension jusqu\u2019au 31\/12\/2020 pour les entreprises allemandes de l\u2019obligation d\u2019introduire une demande en ouverture d\u2019une proc\u00e9dure collective pour cause de surendettement<\/span><\/span><\/span><\/article><article class=\"post-entry post-entry-type-standard post-entry-9562 post-loop-14 post-parity-even bloglist-simple  post-9562 post type-post status-publish format-standard hentry category-archive-2020-fr-corona category-archive-2020-fr-droit-des-contrats\"  itemscope=\"itemscope\" itemtype=\"https:\/\/schema.org\/BlogPosting\" ><div class=\"blog-meta\"><\/div><div class='entry-content-wrapper clearfix standard-content'><header class=\"entry-content-header\" aria-label=\"Articles : Coronavirus : premi\u00e8res d\u00e9cisions sur les cas de force majeure\"><div class=\"av-heading-wrapper\"><span class=\"blog-categories minor-meta\"><a href=\"https:\/\/rechtsanwalt.fr\/fr\/category\/news-archive\/news-archive-2020\/archive-2020-fr-corona\/\" rel=\"tag\">Corona<\/a>, <a href=\"https:\/\/rechtsanwalt.fr\/fr\/category\/news-archive\/news-archive-2020\/archive-2020-fr-droit-des-contrats\/\" rel=\"tag\">Droit des contrats<\/a><\/span><h2 class='post-title entry-title '  itemprop=\"headline\" ><a href=\"https:\/\/rechtsanwalt.fr\/fr\/coronavirus-premieres-decisions-sur-les-cas-de-force-majeure\/\" rel=\"bookmark\" title=\"Lien permanent : Coronavirus : premi\u00e8res d\u00e9cisions sur les cas de force majeure\">Coronavirus : premi\u00e8res d\u00e9cisions sur les cas de force majeure<span class=\"post-format-icon minor-meta\"><\/span><\/a><\/h2><\/div><\/header><span class=\"post-meta-infos\"><time class=\"date-container minor-meta updated\"  itemprop=\"datePublished\" datetime=\"2020-09-14T15:43:14+02:00\" >14 septembre 2020<\/time><div class=\"read-more-link\"><a href=\"https:\/\/rechtsanwalt.fr\/fr\/coronavirus-premieres-decisions-sur-les-cas-de-force-majeure\/\" class=\"more-link\">Lire la suite<span class='more-link-arrow avia-svg-icon avia-font-svg_entypo-fontello' data-av_svg_icon='right-open-big' data-av_iconset='svg_entypo-fontello'><svg version=\"1.1\" xmlns=\"http:\/\/www.w3.org\/2000\/svg\" width=\"15\" height=\"32\" viewBox=\"0 0 15 32\" preserveAspectRatio=\"xMidYMid meet\" role=\"graphics-symbol\" aria-hidden=\"true\">\n<path d=\"M0.416 27.84l11.456-11.84-11.456-11.904q-0.832-0.832 0-1.536 0.832-0.832 1.536 0l12.544 12.608q0.768 0.832 0 1.6l-12.544 12.608q-0.704 0.832-1.536 0-0.832-0.704 0-1.536z\"><\/path>\n<\/svg><\/span><\/a><\/div><\/span><footer class=\"entry-footer\"><\/footer><div class='post_delimiter'><\/div><\/div><div class=\"post_author_timeline\"><\/div><span class='hidden'>\n\t\t\t\t<span class='av-structured-data'  itemprop=\"image\" itemscope=\"itemscope\" itemtype=\"https:\/\/schema.org\/ImageObject\" >\n\t\t\t\t\t\t<span itemprop='url'>https:\/\/rechtsanwalt.fr\/wp-content\/uploads\/2024\/05\/logo_header_fr_web.epp_.svg<\/span>\n\t\t\t\t\t\t<span itemprop='height'>0<\/span>\n\t\t\t\t\t\t<span itemprop='width'>0<\/span>\n\t\t\t\t<\/span>\n\t\t\t\t<span class='av-structured-data'  itemprop=\"publisher\" itemtype=\"https:\/\/schema.org\/Organization\" itemscope=\"itemscope\" >\n\t\t\t\t\t\t<span itemprop='name'>Katja Pauckner<\/span>\n\t\t\t\t\t\t<span itemprop='logo' itemscope itemtype='https:\/\/schema.org\/ImageObject'>\n\t\t\t\t\t\t\t<span itemprop='url'>https:\/\/rechtsanwalt.fr\/wp-content\/uploads\/2024\/05\/logo_header_fr_web.epp_.svg<\/span>\n\t\t\t\t\t\t<\/span>\n\t\t\t\t<\/span><span class='av-structured-data'  itemprop=\"author\" itemscope=\"itemscope\" itemtype=\"https:\/\/schema.org\/Person\" ><span itemprop='name'>Katja Pauckner<\/span><\/span><span class='av-structured-data'  itemprop=\"datePublished\" datetime=\"2020-09-14T15:43:14+02:00\" >2020-09-14 15:43:14<\/span><span class='av-structured-data'  itemprop=\"dateModified\" itemtype=\"https:\/\/schema.org\/dateModified\" >2022-03-07 18:01:47<\/span><span class='av-structured-data'  itemprop=\"mainEntityOfPage\" itemtype=\"https:\/\/schema.org\/mainEntityOfPage\" ><span itemprop='name'>Coronavirus : premi\u00e8res d\u00e9cisions sur les cas de force majeure<\/span><\/span><\/span><\/article><article class=\"post-entry post-entry-type-standard post-entry-9520 post-loop-15 post-parity-odd bloglist-simple  post-9520 post type-post status-publish format-standard hentry category-archive-2020-fr-procedures-collectives\"  itemscope=\"itemscope\" itemtype=\"https:\/\/schema.org\/BlogPosting\" ><div class=\"blog-meta\"><\/div><div class='entry-content-wrapper clearfix standard-content'><header class=\"entry-content-header\" aria-label=\"Articles : Entreprises en difficult\u00e9 : les alternatives aux proc\u00e9dures de redressement et de liquidation judiciaire\"><div class=\"av-heading-wrapper\"><span class=\"blog-categories minor-meta\"><a href=\"https:\/\/rechtsanwalt.fr\/fr\/category\/news-archive\/news-archive-2020\/archive-2020-fr-procedures-collectives\/\" rel=\"tag\">Proc\u00e9dures collectives<\/a><\/span><h2 class='post-title entry-title '  itemprop=\"headline\" ><a href=\"https:\/\/rechtsanwalt.fr\/fr\/entreprises-en-difficulte-les-alternatives-aux-procedures-de-redressement-et-de-liquidation-judiciaire\/\" rel=\"bookmark\" title=\"Lien permanent : Entreprises en difficult\u00e9 : les alternatives aux proc\u00e9dures de redressement et de liquidation judiciaire\">Entreprises en difficult\u00e9 : les alternatives aux proc\u00e9dures de redressement et de liquidation judiciaire<span class=\"post-format-icon minor-meta\"><\/span><\/a><\/h2><\/div><\/header><span class=\"post-meta-infos\"><time class=\"date-container minor-meta updated\"  itemprop=\"datePublished\" datetime=\"2020-09-11T16:52:32+02:00\" >11 septembre 2020<\/time><div class=\"read-more-link\"><a href=\"https:\/\/rechtsanwalt.fr\/fr\/entreprises-en-difficulte-les-alternatives-aux-procedures-de-redressement-et-de-liquidation-judiciaire\/\" class=\"more-link\">Lire la suite<span class='more-link-arrow avia-svg-icon avia-font-svg_entypo-fontello' data-av_svg_icon='right-open-big' data-av_iconset='svg_entypo-fontello'><svg version=\"1.1\" xmlns=\"http:\/\/www.w3.org\/2000\/svg\" width=\"15\" height=\"32\" viewBox=\"0 0 15 32\" preserveAspectRatio=\"xMidYMid meet\" role=\"graphics-symbol\" aria-hidden=\"true\">\n<path d=\"M0.416 27.84l11.456-11.84-11.456-11.904q-0.832-0.832 0-1.536 0.832-0.832 1.536 0l12.544 12.608q0.768 0.832 0 1.6l-12.544 12.608q-0.704 0.832-1.536 0-0.832-0.704 0-1.536z\"><\/path>\n<\/svg><\/span><\/a><\/div><\/span><footer class=\"entry-footer\"><\/footer><div class='post_delimiter'><\/div><\/div><div class=\"post_author_timeline\"><\/div><span class='hidden'>\n\t\t\t\t<span class='av-structured-data'  itemprop=\"image\" itemscope=\"itemscope\" itemtype=\"https:\/\/schema.org\/ImageObject\" >\n\t\t\t\t\t\t<span itemprop='url'>https:\/\/rechtsanwalt.fr\/wp-content\/uploads\/2024\/05\/logo_header_fr_web.epp_.svg<\/span>\n\t\t\t\t\t\t<span itemprop='height'>0<\/span>\n\t\t\t\t\t\t<span itemprop='width'>0<\/span>\n\t\t\t\t<\/span>\n\t\t\t\t<span class='av-structured-data'  itemprop=\"publisher\" itemtype=\"https:\/\/schema.org\/Organization\" itemscope=\"itemscope\" >\n\t\t\t\t\t\t<span itemprop='name'>Katja Pauckner<\/span>\n\t\t\t\t\t\t<span itemprop='logo' itemscope itemtype='https:\/\/schema.org\/ImageObject'>\n\t\t\t\t\t\t\t<span itemprop='url'>https:\/\/rechtsanwalt.fr\/wp-content\/uploads\/2024\/05\/logo_header_fr_web.epp_.svg<\/span>\n\t\t\t\t\t\t<\/span>\n\t\t\t\t<\/span><span class='av-structured-data'  itemprop=\"author\" itemscope=\"itemscope\" itemtype=\"https:\/\/schema.org\/Person\" ><span itemprop='name'>Katja Pauckner<\/span><\/span><span class='av-structured-data'  itemprop=\"datePublished\" datetime=\"2020-09-11T16:52:32+02:00\" >2020-09-11 16:52:32<\/span><span class='av-structured-data'  itemprop=\"dateModified\" itemtype=\"https:\/\/schema.org\/dateModified\" >2022-03-07 18:01:08<\/span><span class='av-structured-data'  itemprop=\"mainEntityOfPage\" itemtype=\"https:\/\/schema.org\/mainEntityOfPage\" ><span itemprop='name'>Entreprises en difficult\u00e9 : les alternatives aux proc\u00e9dures de redressement et de liquidation judiciaire<\/span><\/span><\/span><\/article><article class=\"post-entry post-entry-type-standard post-entry-8814 post-loop-16 post-parity-even bloglist-simple  post-8814 post type-post status-publish format-standard hentry category-archive-2020-fr-droit-social\"  itemscope=\"itemscope\" itemtype=\"https:\/\/schema.org\/BlogPosting\" ><div class=\"blog-meta\"><\/div><div class='entry-content-wrapper clearfix standard-content'><header class=\"entry-content-header\" aria-label=\"Articles : Droit de cogestion du comit\u00e9 d\u2019entreprise en Allemagne \u2013 r\u00e9ouverture des entreprises suite \u00e0 la crise du coronavirus\"><div class=\"av-heading-wrapper\"><span class=\"blog-categories minor-meta\"><a href=\"https:\/\/rechtsanwalt.fr\/fr\/category\/news-archive\/news-archive-2020\/archive-2020-fr-droit-social\/\" rel=\"tag\">Droit social<\/a><\/span><h2 class='post-title entry-title '  itemprop=\"headline\" ><a href=\"https:\/\/rechtsanwalt.fr\/fr\/droit-de-cogestion-du-comite-dentreprise-en-allemagne-reouverture-des-entreprises-suite-a-la-crise-du-coronavirus\/\" rel=\"bookmark\" title=\"Lien permanent : Droit de cogestion du comit\u00e9 d\u2019entreprise en Allemagne \u2013 r\u00e9ouverture des entreprises suite \u00e0 la crise du coronavirus\">Droit de cogestion du comit\u00e9 d\u2019entreprise en Allemagne \u2013 r\u00e9ouverture des entreprises suite \u00e0 la crise du coronavirus<span class=\"post-format-icon minor-meta\"><\/span><\/a><\/h2><\/div><\/header><span class=\"post-meta-infos\"><time class=\"date-container minor-meta updated\"  itemprop=\"datePublished\" datetime=\"2020-08-05T12:44:37+02:00\" >5 ao\u00fbt 2020<\/time><div class=\"read-more-link\"><a href=\"https:\/\/rechtsanwalt.fr\/fr\/droit-de-cogestion-du-comite-dentreprise-en-allemagne-reouverture-des-entreprises-suite-a-la-crise-du-coronavirus\/\" class=\"more-link\">Lire la suite<span class='more-link-arrow avia-svg-icon avia-font-svg_entypo-fontello' data-av_svg_icon='right-open-big' data-av_iconset='svg_entypo-fontello'><svg version=\"1.1\" xmlns=\"http:\/\/www.w3.org\/2000\/svg\" width=\"15\" height=\"32\" viewBox=\"0 0 15 32\" preserveAspectRatio=\"xMidYMid meet\" role=\"graphics-symbol\" aria-hidden=\"true\">\n<path d=\"M0.416 27.84l11.456-11.84-11.456-11.904q-0.832-0.832 0-1.536 0.832-0.832 1.536 0l12.544 12.608q0.768 0.832 0 1.6l-12.544 12.608q-0.704 0.832-1.536 0-0.832-0.704 0-1.536z\"><\/path>\n<\/svg><\/span><\/a><\/div><\/span><footer class=\"entry-footer\"><\/footer><div class='post_delimiter'><\/div><\/div><div class=\"post_author_timeline\"><\/div><span class='hidden'>\n\t\t\t\t<span class='av-structured-data'  itemprop=\"image\" itemscope=\"itemscope\" itemtype=\"https:\/\/schema.org\/ImageObject\" >\n\t\t\t\t\t\t<span itemprop='url'>https:\/\/rechtsanwalt.fr\/wp-content\/uploads\/2024\/05\/logo_header_fr_web.epp_.svg<\/span>\n\t\t\t\t\t\t<span itemprop='height'>0<\/span>\n\t\t\t\t\t\t<span itemprop='width'>0<\/span>\n\t\t\t\t<\/span>\n\t\t\t\t<span class='av-structured-data'  itemprop=\"publisher\" itemtype=\"https:\/\/schema.org\/Organization\" itemscope=\"itemscope\" >\n\t\t\t\t\t\t<span itemprop='name'>C\u00e9cile Robert<\/span>\n\t\t\t\t\t\t<span itemprop='logo' itemscope itemtype='https:\/\/schema.org\/ImageObject'>\n\t\t\t\t\t\t\t<span itemprop='url'>https:\/\/rechtsanwalt.fr\/wp-content\/uploads\/2024\/05\/logo_header_fr_web.epp_.svg<\/span>\n\t\t\t\t\t\t<\/span>\n\t\t\t\t<\/span><span class='av-structured-data'  itemprop=\"author\" itemscope=\"itemscope\" itemtype=\"https:\/\/schema.org\/Person\" ><span itemprop='name'>C\u00e9cile Robert<\/span><\/span><span class='av-structured-data'  itemprop=\"datePublished\" datetime=\"2020-08-05T12:44:37+02:00\" >2020-08-05 12:44:37<\/span><span class='av-structured-data'  itemprop=\"dateModified\" itemtype=\"https:\/\/schema.org\/dateModified\" >2022-03-07 18:00:26<\/span><span class='av-structured-data'  itemprop=\"mainEntityOfPage\" itemtype=\"https:\/\/schema.org\/mainEntityOfPage\" ><span itemprop='name'>Droit de cogestion du comit\u00e9 d\u2019entreprise en Allemagne \u2013 r\u00e9ouverture des entreprises suite \u00e0 la crise du coronavirus<\/span><\/span><\/span><\/article><article class=\"post-entry post-entry-type-standard post-entry-8807 post-loop-17 post-parity-odd bloglist-simple  post-8807 post type-post status-publish format-standard hentry category-archive-2020-fr-droit-social\"  itemscope=\"itemscope\" itemtype=\"https:\/\/schema.org\/BlogPosting\" ><div class=\"blog-meta\"><\/div><div class='entry-content-wrapper clearfix standard-content'><header class=\"entry-content-header\" aria-label=\"Articles : Coronavirus en Allemagne : quelles cons\u00e9quences pour un salari\u00e9 au retour de cong\u00e9s dans une r\u00e9gion \u00e0 risque ?\"><div class=\"av-heading-wrapper\"><span class=\"blog-categories minor-meta\"><a href=\"https:\/\/rechtsanwalt.fr\/fr\/category\/news-archive\/news-archive-2020\/archive-2020-fr-droit-social\/\" rel=\"tag\">Droit social<\/a><\/span><h2 class='post-title entry-title '  itemprop=\"headline\" ><a href=\"https:\/\/rechtsanwalt.fr\/fr\/coronavirus-en-allemagne-quelles-consequences-pour-un-salarie-au-retour-de-conges-dans-une-region-a-risque\/\" rel=\"bookmark\" title=\"Lien permanent : Coronavirus en Allemagne : quelles cons\u00e9quences pour un salari\u00e9 au retour de cong\u00e9s dans une r\u00e9gion \u00e0 risque ?\">Coronavirus en Allemagne : quelles cons\u00e9quences pour un salari\u00e9 au retour de cong\u00e9s dans une r\u00e9gion \u00e0 risque ?<span class=\"post-format-icon minor-meta\"><\/span><\/a><\/h2><\/div><\/header><span class=\"post-meta-infos\"><time class=\"date-container minor-meta updated\"  itemprop=\"datePublished\" datetime=\"2020-08-05T10:46:20+02:00\" >5 ao\u00fbt 2020<\/time><div class=\"read-more-link\"><a href=\"https:\/\/rechtsanwalt.fr\/fr\/coronavirus-en-allemagne-quelles-consequences-pour-un-salarie-au-retour-de-conges-dans-une-region-a-risque\/\" class=\"more-link\">Lire la suite<span class='more-link-arrow avia-svg-icon avia-font-svg_entypo-fontello' data-av_svg_icon='right-open-big' data-av_iconset='svg_entypo-fontello'><svg version=\"1.1\" xmlns=\"http:\/\/www.w3.org\/2000\/svg\" width=\"15\" height=\"32\" viewBox=\"0 0 15 32\" preserveAspectRatio=\"xMidYMid meet\" role=\"graphics-symbol\" aria-hidden=\"true\">\n<path d=\"M0.416 27.84l11.456-11.84-11.456-11.904q-0.832-0.832 0-1.536 0.832-0.832 1.536 0l12.544 12.608q0.768 0.832 0 1.6l-12.544 12.608q-0.704 0.832-1.536 0-0.832-0.704 0-1.536z\"><\/path>\n<\/svg><\/span><\/a><\/div><\/span><footer class=\"entry-footer\"><\/footer><div class='post_delimiter'><\/div><\/div><div class=\"post_author_timeline\"><\/div><span class='hidden'>\n\t\t\t\t<span class='av-structured-data'  itemprop=\"image\" itemscope=\"itemscope\" itemtype=\"https:\/\/schema.org\/ImageObject\" >\n\t\t\t\t\t\t<span itemprop='url'>https:\/\/rechtsanwalt.fr\/wp-content\/uploads\/2024\/05\/logo_header_fr_web.epp_.svg<\/span>\n\t\t\t\t\t\t<span itemprop='height'>0<\/span>\n\t\t\t\t\t\t<span itemprop='width'>0<\/span>\n\t\t\t\t<\/span>\n\t\t\t\t<span class='av-structured-data'  itemprop=\"publisher\" itemtype=\"https:\/\/schema.org\/Organization\" itemscope=\"itemscope\" >\n\t\t\t\t\t\t<span itemprop='name'>C\u00e9cile Robert<\/span>\n\t\t\t\t\t\t<span itemprop='logo' itemscope itemtype='https:\/\/schema.org\/ImageObject'>\n\t\t\t\t\t\t\t<span itemprop='url'>https:\/\/rechtsanwalt.fr\/wp-content\/uploads\/2024\/05\/logo_header_fr_web.epp_.svg<\/span>\n\t\t\t\t\t\t<\/span>\n\t\t\t\t<\/span><span class='av-structured-data'  itemprop=\"author\" itemscope=\"itemscope\" itemtype=\"https:\/\/schema.org\/Person\" ><span itemprop='name'>C\u00e9cile Robert<\/span><\/span><span class='av-structured-data'  itemprop=\"datePublished\" datetime=\"2020-08-05T10:46:20+02:00\" >2020-08-05 10:46:20<\/span><span class='av-structured-data'  itemprop=\"dateModified\" itemtype=\"https:\/\/schema.org\/dateModified\" >2022-03-07 17:59:52<\/span><span class='av-structured-data'  itemprop=\"mainEntityOfPage\" itemtype=\"https:\/\/schema.org\/mainEntityOfPage\" ><span itemprop='name'>Coronavirus en Allemagne : quelles cons\u00e9quences pour un salari\u00e9 au retour de cong\u00e9s dans une r\u00e9gion \u00e0 risque ?<\/span><\/span><\/span><\/article><article class=\"post-entry post-entry-type-standard post-entry-8588 post-loop-18 post-parity-even bloglist-simple  post-8588 post type-post status-publish format-standard hentry category-archive-2020-fr-droit-social\"  itemscope=\"itemscope\" itemtype=\"https:\/\/schema.org\/BlogPosting\" ><div class=\"blog-meta\"><\/div><div class='entry-content-wrapper clearfix standard-content'><header class=\"entry-content-header\" aria-label=\"Articles : Droit du travail en Allemagne : accident dans le cadre du t\u00e9l\u00e9travail\"><div class=\"av-heading-wrapper\"><span class=\"blog-categories minor-meta\"><a href=\"https:\/\/rechtsanwalt.fr\/fr\/category\/news-archive\/news-archive-2020\/archive-2020-fr-droit-social\/\" rel=\"tag\">Droit social<\/a><\/span><h2 class='post-title entry-title '  itemprop=\"headline\" ><a href=\"https:\/\/rechtsanwalt.fr\/fr\/droit-du-travail-en-allemagne-accident-dans-le-cadre-du-teletravail\/\" rel=\"bookmark\" title=\"Lien permanent : Droit du travail en Allemagne : accident dans le cadre du t\u00e9l\u00e9travail\">Droit du travail en Allemagne : accident dans le cadre du t\u00e9l\u00e9travail<span class=\"post-format-icon minor-meta\"><\/span><\/a><\/h2><\/div><\/header><span class=\"post-meta-infos\"><time class=\"date-container minor-meta updated\"  itemprop=\"datePublished\" datetime=\"2020-07-23T17:24:47+02:00\" >23 juillet 2020<\/time><div class=\"read-more-link\"><a href=\"https:\/\/rechtsanwalt.fr\/fr\/droit-du-travail-en-allemagne-accident-dans-le-cadre-du-teletravail\/\" class=\"more-link\">Lire la suite<span class='more-link-arrow avia-svg-icon avia-font-svg_entypo-fontello' data-av_svg_icon='right-open-big' data-av_iconset='svg_entypo-fontello'><svg version=\"1.1\" xmlns=\"http:\/\/www.w3.org\/2000\/svg\" width=\"15\" height=\"32\" viewBox=\"0 0 15 32\" preserveAspectRatio=\"xMidYMid meet\" role=\"graphics-symbol\" aria-hidden=\"true\">\n<path d=\"M0.416 27.84l11.456-11.84-11.456-11.904q-0.832-0.832 0-1.536 0.832-0.832 1.536 0l12.544 12.608q0.768 0.832 0 1.6l-12.544 12.608q-0.704 0.832-1.536 0-0.832-0.704 0-1.536z\"><\/path>\n<\/svg><\/span><\/a><\/div><\/span><footer class=\"entry-footer\"><\/footer><div class='post_delimiter'><\/div><\/div><div class=\"post_author_timeline\"><\/div><span class='hidden'>\n\t\t\t\t<span class='av-structured-data'  itemprop=\"image\" itemscope=\"itemscope\" itemtype=\"https:\/\/schema.org\/ImageObject\" >\n\t\t\t\t\t\t<span itemprop='url'>https:\/\/rechtsanwalt.fr\/wp-content\/uploads\/2024\/05\/logo_header_fr_web.epp_.svg<\/span>\n\t\t\t\t\t\t<span itemprop='height'>0<\/span>\n\t\t\t\t\t\t<span itemprop='width'>0<\/span>\n\t\t\t\t<\/span>\n\t\t\t\t<span class='av-structured-data'  itemprop=\"publisher\" itemtype=\"https:\/\/schema.org\/Organization\" itemscope=\"itemscope\" >\n\t\t\t\t\t\t<span itemprop='name'>C\u00e9cile Robert<\/span>\n\t\t\t\t\t\t<span itemprop='logo' itemscope itemtype='https:\/\/schema.org\/ImageObject'>\n\t\t\t\t\t\t\t<span itemprop='url'>https:\/\/rechtsanwalt.fr\/wp-content\/uploads\/2024\/05\/logo_header_fr_web.epp_.svg<\/span>\n\t\t\t\t\t\t<\/span>\n\t\t\t\t<\/span><span class='av-structured-data'  itemprop=\"author\" itemscope=\"itemscope\" itemtype=\"https:\/\/schema.org\/Person\" ><span itemprop='name'>C\u00e9cile Robert<\/span><\/span><span class='av-structured-data'  itemprop=\"datePublished\" datetime=\"2020-07-23T17:24:47+02:00\" >2020-07-23 17:24:47<\/span><span class='av-structured-data'  itemprop=\"dateModified\" itemtype=\"https:\/\/schema.org\/dateModified\" >2022-03-07 17:56:37<\/span><span class='av-structured-data'  itemprop=\"mainEntityOfPage\" itemtype=\"https:\/\/schema.org\/mainEntityOfPage\" ><span itemprop='name'>Droit du travail en Allemagne : accident dans le cadre du t\u00e9l\u00e9travail<\/span><\/span><\/span><\/article><article class=\"post-entry post-entry-type-standard post-entry-8553 post-loop-19 post-parity-odd bloglist-simple  post-8553 post type-post status-publish format-standard hentry category-archive-2020-fr-droit-social\"  itemscope=\"itemscope\" itemtype=\"https:\/\/schema.org\/BlogPosting\" ><div class=\"blog-meta\"><\/div><div class='entry-content-wrapper clearfix standard-content'><header class=\"entry-content-header\" aria-label=\"Articles : Employeurs en Allemagne : les bonnes pratiques dans le cadre de la lutte contre le COVID-19 au bureau\"><div class=\"av-heading-wrapper\"><span class=\"blog-categories minor-meta\"><a href=\"https:\/\/rechtsanwalt.fr\/fr\/category\/news-archive\/news-archive-2020\/archive-2020-fr-droit-social\/\" rel=\"tag\">Droit social<\/a><\/span><h2 class='post-title entry-title '  itemprop=\"headline\" ><a href=\"https:\/\/rechtsanwalt.fr\/fr\/employeurs-en-allemagne-les-bonnes-pratiques-dans-le-cadre-de-la-lutte-contre-le-covid-19-au-bureau\/\" rel=\"bookmark\" title=\"Lien permanent : Employeurs en Allemagne : les bonnes pratiques dans le cadre de la lutte contre le COVID-19 au bureau\">Employeurs en Allemagne : les bonnes pratiques dans le cadre de la lutte contre le COVID-19 au bureau<span class=\"post-format-icon minor-meta\"><\/span><\/a><\/h2><\/div><\/header><span class=\"post-meta-infos\"><time class=\"date-container minor-meta updated\"  itemprop=\"datePublished\" datetime=\"2020-07-22T17:36:19+02:00\" >22 juillet 2020<\/time><div class=\"read-more-link\"><a href=\"https:\/\/rechtsanwalt.fr\/fr\/employeurs-en-allemagne-les-bonnes-pratiques-dans-le-cadre-de-la-lutte-contre-le-covid-19-au-bureau\/\" class=\"more-link\">Lire la suite<span class='more-link-arrow avia-svg-icon avia-font-svg_entypo-fontello' data-av_svg_icon='right-open-big' data-av_iconset='svg_entypo-fontello'><svg version=\"1.1\" xmlns=\"http:\/\/www.w3.org\/2000\/svg\" width=\"15\" height=\"32\" viewBox=\"0 0 15 32\" preserveAspectRatio=\"xMidYMid meet\" role=\"graphics-symbol\" aria-hidden=\"true\">\n<path d=\"M0.416 27.84l11.456-11.84-11.456-11.904q-0.832-0.832 0-1.536 0.832-0.832 1.536 0l12.544 12.608q0.768 0.832 0 1.6l-12.544 12.608q-0.704 0.832-1.536 0-0.832-0.704 0-1.536z\"><\/path>\n<\/svg><\/span><\/a><\/div><\/span><footer class=\"entry-footer\"><\/footer><div class='post_delimiter'><\/div><\/div><div class=\"post_author_timeline\"><\/div><span class='hidden'>\n\t\t\t\t<span class='av-structured-data'  itemprop=\"image\" itemscope=\"itemscope\" itemtype=\"https:\/\/schema.org\/ImageObject\" >\n\t\t\t\t\t\t<span itemprop='url'>https:\/\/rechtsanwalt.fr\/wp-content\/uploads\/2024\/05\/logo_header_fr_web.epp_.svg<\/span>\n\t\t\t\t\t\t<span itemprop='height'>0<\/span>\n\t\t\t\t\t\t<span itemprop='width'>0<\/span>\n\t\t\t\t<\/span>\n\t\t\t\t<span class='av-structured-data'  itemprop=\"publisher\" itemtype=\"https:\/\/schema.org\/Organization\" itemscope=\"itemscope\" >\n\t\t\t\t\t\t<span itemprop='name'>C\u00e9cile Robert<\/span>\n\t\t\t\t\t\t<span itemprop='logo' itemscope itemtype='https:\/\/schema.org\/ImageObject'>\n\t\t\t\t\t\t\t<span itemprop='url'>https:\/\/rechtsanwalt.fr\/wp-content\/uploads\/2024\/05\/logo_header_fr_web.epp_.svg<\/span>\n\t\t\t\t\t\t<\/span>\n\t\t\t\t<\/span><span class='av-structured-data'  itemprop=\"author\" itemscope=\"itemscope\" itemtype=\"https:\/\/schema.org\/Person\" ><span itemprop='name'>C\u00e9cile Robert<\/span><\/span><span class='av-structured-data'  itemprop=\"datePublished\" datetime=\"2020-07-22T17:36:19+02:00\" >2020-07-22 17:36:19<\/span><span class='av-structured-data'  itemprop=\"dateModified\" itemtype=\"https:\/\/schema.org\/dateModified\" >2022-03-07 17:56:02<\/span><span class='av-structured-data'  itemprop=\"mainEntityOfPage\" itemtype=\"https:\/\/schema.org\/mainEntityOfPage\" ><span itemprop='name'>Employeurs en Allemagne : les bonnes pratiques dans le cadre de la lutte contre le COVID-19 au bureau<\/span><\/span><\/span><\/article><article class=\"post-entry post-entry-type-standard post-entry-8545 post-loop-20 post-parity-even bloglist-simple  post-8545 post type-post status-publish format-standard hentry category-archive-2020-fr-droit-social\"  itemscope=\"itemscope\" itemtype=\"https:\/\/schema.org\/BlogPosting\" ><div class=\"blog-meta\"><\/div><div class='entry-content-wrapper clearfix standard-content'><header class=\"entry-content-header\" aria-label=\"Articles : Droit du travail allemand : t\u00e9l\u00e9travail et crise du coronavirus\"><div class=\"av-heading-wrapper\"><span class=\"blog-categories minor-meta\"><a href=\"https:\/\/rechtsanwalt.fr\/fr\/category\/news-archive\/news-archive-2020\/archive-2020-fr-droit-social\/\" rel=\"tag\">Droit social<\/a><\/span><h2 class='post-title entry-title '  itemprop=\"headline\" ><a href=\"https:\/\/rechtsanwalt.fr\/fr\/droit-du-travail-allemand-teletravail-et-crise-du-coronavirus\/\" rel=\"bookmark\" title=\"Lien permanent : Droit du travail allemand : t\u00e9l\u00e9travail et crise du coronavirus\">Droit du travail allemand : t\u00e9l\u00e9travail et crise du coronavirus<span class=\"post-format-icon minor-meta\"><\/span><\/a><\/h2><\/div><\/header><span class=\"post-meta-infos\"><time class=\"date-container minor-meta updated\"  itemprop=\"datePublished\" datetime=\"2020-07-22T17:25:53+02:00\" >22 juillet 2020<\/time><div class=\"read-more-link\"><a href=\"https:\/\/rechtsanwalt.fr\/fr\/droit-du-travail-allemand-teletravail-et-crise-du-coronavirus\/\" class=\"more-link\">Lire la suite<span class='more-link-arrow avia-svg-icon avia-font-svg_entypo-fontello' data-av_svg_icon='right-open-big' data-av_iconset='svg_entypo-fontello'><svg version=\"1.1\" xmlns=\"http:\/\/www.w3.org\/2000\/svg\" width=\"15\" height=\"32\" viewBox=\"0 0 15 32\" preserveAspectRatio=\"xMidYMid meet\" role=\"graphics-symbol\" aria-hidden=\"true\">\n<path d=\"M0.416 27.84l11.456-11.84-11.456-11.904q-0.832-0.832 0-1.536 0.832-0.832 1.536 0l12.544 12.608q0.768 0.832 0 1.6l-12.544 12.608q-0.704 0.832-1.536 0-0.832-0.704 0-1.536z\"><\/path>\n<\/svg><\/span><\/a><\/div><\/span><footer class=\"entry-footer\"><\/footer><div class='post_delimiter'><\/div><\/div><div class=\"post_author_timeline\"><\/div><span class='hidden'>\n\t\t\t\t<span class='av-structured-data'  itemprop=\"image\" itemscope=\"itemscope\" itemtype=\"https:\/\/schema.org\/ImageObject\" >\n\t\t\t\t\t\t<span itemprop='url'>https:\/\/rechtsanwalt.fr\/wp-content\/uploads\/2024\/05\/logo_header_fr_web.epp_.svg<\/span>\n\t\t\t\t\t\t<span itemprop='height'>0<\/span>\n\t\t\t\t\t\t<span itemprop='width'>0<\/span>\n\t\t\t\t<\/span>\n\t\t\t\t<span class='av-structured-data'  itemprop=\"publisher\" itemtype=\"https:\/\/schema.org\/Organization\" itemscope=\"itemscope\" >\n\t\t\t\t\t\t<span itemprop='name'>C\u00e9cile Robert<\/span>\n\t\t\t\t\t\t<span itemprop='logo' itemscope itemtype='https:\/\/schema.org\/ImageObject'>\n\t\t\t\t\t\t\t<span itemprop='url'>https:\/\/rechtsanwalt.fr\/wp-content\/uploads\/2024\/05\/logo_header_fr_web.epp_.svg<\/span>\n\t\t\t\t\t\t<\/span>\n\t\t\t\t<\/span><span class='av-structured-data'  itemprop=\"author\" itemscope=\"itemscope\" itemtype=\"https:\/\/schema.org\/Person\" ><span itemprop='name'>C\u00e9cile Robert<\/span><\/span><span class='av-structured-data'  itemprop=\"datePublished\" datetime=\"2020-07-22T17:25:53+02:00\" >2020-07-22 17:25:53<\/span><span class='av-structured-data'  itemprop=\"dateModified\" itemtype=\"https:\/\/schema.org\/dateModified\" >2022-03-07 17:55:23<\/span><span class='av-structured-data'  itemprop=\"mainEntityOfPage\" itemtype=\"https:\/\/schema.org\/mainEntityOfPage\" ><span itemprop='name'>Droit du travail allemand : t\u00e9l\u00e9travail et crise du coronavirus<\/span><\/span><\/span><\/article><article class=\"post-entry post-entry-type-standard post-entry-8527 post-loop-21 post-parity-odd bloglist-simple  post-8527 post type-post status-publish format-standard hentry category-archive-2020-fr-droit-social\"  itemscope=\"itemscope\" itemtype=\"https:\/\/schema.org\/BlogPosting\" ><div class=\"blog-meta\"><\/div><div class='entry-content-wrapper clearfix standard-content'><header class=\"entry-content-header\" aria-label=\"Articles : Comit\u00e9 d\u2019entreprise en Allemagne : droit de consultation des dossiers du personnel au format num\u00e9rique\"><div class=\"av-heading-wrapper\"><span class=\"blog-categories minor-meta\"><a href=\"https:\/\/rechtsanwalt.fr\/fr\/category\/news-archive\/news-archive-2020\/archive-2020-fr-droit-social\/\" rel=\"tag\">Droit social<\/a><\/span><h2 class='post-title entry-title '  itemprop=\"headline\" ><a href=\"https:\/\/rechtsanwalt.fr\/fr\/comite-dentreprise-en-allemagne-droit-de-consultation-des-dossiers-du-personnel-au-format-numerique\/\" rel=\"bookmark\" title=\"Lien permanent : Comit\u00e9 d\u2019entreprise en Allemagne : droit de consultation des dossiers du personnel au format num\u00e9rique\">Comit\u00e9 d\u2019entreprise en Allemagne : droit de consultation des dossiers du personnel au format num\u00e9rique<span class=\"post-format-icon minor-meta\"><\/span><\/a><\/h2><\/div><\/header><span class=\"post-meta-infos\"><time class=\"date-container minor-meta updated\"  itemprop=\"datePublished\" datetime=\"2020-07-21T11:58:38+02:00\" >21 juillet 2020<\/time><div class=\"read-more-link\"><a href=\"https:\/\/rechtsanwalt.fr\/fr\/comite-dentreprise-en-allemagne-droit-de-consultation-des-dossiers-du-personnel-au-format-numerique\/\" class=\"more-link\">Lire la suite<span class='more-link-arrow avia-svg-icon avia-font-svg_entypo-fontello' data-av_svg_icon='right-open-big' data-av_iconset='svg_entypo-fontello'><svg version=\"1.1\" xmlns=\"http:\/\/www.w3.org\/2000\/svg\" width=\"15\" height=\"32\" viewBox=\"0 0 15 32\" preserveAspectRatio=\"xMidYMid meet\" role=\"graphics-symbol\" aria-hidden=\"true\">\n<path d=\"M0.416 27.84l11.456-11.84-11.456-11.904q-0.832-0.832 0-1.536 0.832-0.832 1.536 0l12.544 12.608q0.768 0.832 0 1.6l-12.544 12.608q-0.704 0.832-1.536 0-0.832-0.704 0-1.536z\"><\/path>\n<\/svg><\/span><\/a><\/div><\/span><footer class=\"entry-footer\"><\/footer><div class='post_delimiter'><\/div><\/div><div class=\"post_author_timeline\"><\/div><span class='hidden'>\n\t\t\t\t<span class='av-structured-data'  itemprop=\"image\" itemscope=\"itemscope\" itemtype=\"https:\/\/schema.org\/ImageObject\" >\n\t\t\t\t\t\t<span itemprop='url'>https:\/\/rechtsanwalt.fr\/wp-content\/uploads\/2024\/05\/logo_header_fr_web.epp_.svg<\/span>\n\t\t\t\t\t\t<span itemprop='height'>0<\/span>\n\t\t\t\t\t\t<span itemprop='width'>0<\/span>\n\t\t\t\t<\/span>\n\t\t\t\t<span class='av-structured-data'  itemprop=\"publisher\" itemtype=\"https:\/\/schema.org\/Organization\" itemscope=\"itemscope\" >\n\t\t\t\t\t\t<span itemprop='name'>C\u00e9cile Robert<\/span>\n\t\t\t\t\t\t<span itemprop='logo' itemscope itemtype='https:\/\/schema.org\/ImageObject'>\n\t\t\t\t\t\t\t<span itemprop='url'>https:\/\/rechtsanwalt.fr\/wp-content\/uploads\/2024\/05\/logo_header_fr_web.epp_.svg<\/span>\n\t\t\t\t\t\t<\/span>\n\t\t\t\t<\/span><span class='av-structured-data'  itemprop=\"author\" itemscope=\"itemscope\" itemtype=\"https:\/\/schema.org\/Person\" ><span itemprop='name'>C\u00e9cile Robert<\/span><\/span><span class='av-structured-data'  itemprop=\"datePublished\" datetime=\"2020-07-21T11:58:38+02:00\" >2020-07-21 11:58:38<\/span><span class='av-structured-data'  itemprop=\"dateModified\" itemtype=\"https:\/\/schema.org\/dateModified\" >2022-03-07 17:51:36<\/span><span class='av-structured-data'  itemprop=\"mainEntityOfPage\" itemtype=\"https:\/\/schema.org\/mainEntityOfPage\" ><span itemprop='name'>Comit\u00e9 d\u2019entreprise en Allemagne : droit de consultation des dossiers du personnel au format num\u00e9rique<\/span><\/span><\/span><\/article><article class=\"post-entry post-entry-type-standard post-entry-8517 post-loop-22 post-parity-even bloglist-simple  post-8517 post type-post status-publish format-standard hentry category-archive-2020-fr-droit-social\"  itemscope=\"itemscope\" itemtype=\"https:\/\/schema.org\/BlogPosting\" ><div class=\"blog-meta\"><\/div><div class='entry-content-wrapper clearfix standard-content'><header class=\"entry-content-header\" aria-label=\"Articles : Coronavirus : activit\u00e9 partielle et cong\u00e9s pay\u00e9s en Allemagne\"><div class=\"av-heading-wrapper\"><span class=\"blog-categories minor-meta\"><a href=\"https:\/\/rechtsanwalt.fr\/fr\/category\/news-archive\/news-archive-2020\/archive-2020-fr-droit-social\/\" rel=\"tag\">Droit social<\/a><\/span><h2 class='post-title entry-title '  itemprop=\"headline\" ><a href=\"https:\/\/rechtsanwalt.fr\/fr\/coronavirus-activite-partielle-et-conges-payes-en-allemagne\/\" rel=\"bookmark\" title=\"Lien permanent : Coronavirus : activit\u00e9 partielle et cong\u00e9s pay\u00e9s en Allemagne\">Coronavirus : activit\u00e9 partielle et cong\u00e9s pay\u00e9s en Allemagne<span class=\"post-format-icon minor-meta\"><\/span><\/a><\/h2><\/div><\/header><span class=\"post-meta-infos\"><time class=\"date-container minor-meta updated\"  itemprop=\"datePublished\" datetime=\"2020-07-17T12:59:07+02:00\" >17 juillet 2020<\/time><div class=\"read-more-link\"><a href=\"https:\/\/rechtsanwalt.fr\/fr\/coronavirus-activite-partielle-et-conges-payes-en-allemagne\/\" class=\"more-link\">Lire la suite<span class='more-link-arrow avia-svg-icon avia-font-svg_entypo-fontello' data-av_svg_icon='right-open-big' data-av_iconset='svg_entypo-fontello'><svg version=\"1.1\" xmlns=\"http:\/\/www.w3.org\/2000\/svg\" width=\"15\" height=\"32\" viewBox=\"0 0 15 32\" preserveAspectRatio=\"xMidYMid meet\" role=\"graphics-symbol\" aria-hidden=\"true\">\n<path d=\"M0.416 27.84l11.456-11.84-11.456-11.904q-0.832-0.832 0-1.536 0.832-0.832 1.536 0l12.544 12.608q0.768 0.832 0 1.6l-12.544 12.608q-0.704 0.832-1.536 0-0.832-0.704 0-1.536z\"><\/path>\n<\/svg><\/span><\/a><\/div><\/span><footer class=\"entry-footer\"><\/footer><div class='post_delimiter'><\/div><\/div><div class=\"post_author_timeline\"><\/div><span class='hidden'>\n\t\t\t\t<span class='av-structured-data'  itemprop=\"image\" itemscope=\"itemscope\" itemtype=\"https:\/\/schema.org\/ImageObject\" >\n\t\t\t\t\t\t<span itemprop='url'>https:\/\/rechtsanwalt.fr\/wp-content\/uploads\/2024\/05\/logo_header_fr_web.epp_.svg<\/span>\n\t\t\t\t\t\t<span itemprop='height'>0<\/span>\n\t\t\t\t\t\t<span itemprop='width'>0<\/span>\n\t\t\t\t<\/span>\n\t\t\t\t<span class='av-structured-data'  itemprop=\"publisher\" itemtype=\"https:\/\/schema.org\/Organization\" itemscope=\"itemscope\" >\n\t\t\t\t\t\t<span itemprop='name'>epp.content<\/span>\n\t\t\t\t\t\t<span itemprop='logo' itemscope itemtype='https:\/\/schema.org\/ImageObject'>\n\t\t\t\t\t\t\t<span itemprop='url'>https:\/\/rechtsanwalt.fr\/wp-content\/uploads\/2024\/05\/logo_header_fr_web.epp_.svg<\/span>\n\t\t\t\t\t\t<\/span>\n\t\t\t\t<\/span><span class='av-structured-data'  itemprop=\"author\" itemscope=\"itemscope\" itemtype=\"https:\/\/schema.org\/Person\" ><span itemprop='name'>epp.content<\/span><\/span><span class='av-structured-data'  itemprop=\"datePublished\" datetime=\"2020-07-17T12:59:07+02:00\" >2020-07-17 12:59:07<\/span><span class='av-structured-data'  itemprop=\"dateModified\" itemtype=\"https:\/\/schema.org\/dateModified\" >2022-03-07 17:50:59<\/span><span class='av-structured-data'  itemprop=\"mainEntityOfPage\" itemtype=\"https:\/\/schema.org\/mainEntityOfPage\" ><span itemprop='name'>Coronavirus : activit\u00e9 partielle et cong\u00e9s pay\u00e9s en Allemagne<\/span><\/span><\/span><\/article><article class=\"post-entry post-entry-type-standard post-entry-8453 post-loop-23 post-parity-odd bloglist-simple  post-8453 post type-post status-publish format-standard hentry category-archive-2020-fr-droit-social\"  itemscope=\"itemscope\" itemtype=\"https:\/\/schema.org\/BlogPosting\" ><div class=\"blog-meta\"><\/div><div class='entry-content-wrapper clearfix standard-content'><header class=\"entry-content-header\" aria-label=\"Articles : Entreprises en Allemagne&nbsp;: quelles indemnit\u00e9s en cas d\u2019incapacit\u00e9 de travail d\u2019un salari\u00e9 pendant une quarantaine&nbsp;?\"><div class=\"av-heading-wrapper\"><span class=\"blog-categories minor-meta\"><a href=\"https:\/\/rechtsanwalt.fr\/fr\/category\/news-archive\/news-archive-2020\/archive-2020-fr-droit-social\/\" rel=\"tag\">Droit social<\/a><\/span><h2 class='post-title entry-title '  itemprop=\"headline\" ><a href=\"https:\/\/rechtsanwalt.fr\/fr\/entreprises-en-allemagne-quelles-indemnites-en-cas-dincapacite-de-travail-dun-salarie-pendant-une-quarantaine\/\" rel=\"bookmark\" title=\"Lien permanent : Entreprises en Allemagne&nbsp;: quelles indemnit\u00e9s en cas d\u2019incapacit\u00e9 de travail d\u2019un salari\u00e9 pendant une quarantaine&nbsp;?\">Entreprises en Allemagne&nbsp;: quelles indemnit\u00e9s en cas d\u2019incapacit\u00e9 de travail d\u2019un salari\u00e9 pendant une quarantaine&nbsp;?<span class=\"post-format-icon minor-meta\"><\/span><\/a><\/h2><\/div><\/header><span class=\"post-meta-infos\"><time class=\"date-container minor-meta updated\"  itemprop=\"datePublished\" datetime=\"2020-07-13T17:08:01+02:00\" >13 juillet 2020<\/time><div class=\"read-more-link\"><a href=\"https:\/\/rechtsanwalt.fr\/fr\/entreprises-en-allemagne-quelles-indemnites-en-cas-dincapacite-de-travail-dun-salarie-pendant-une-quarantaine\/\" class=\"more-link\">Lire la suite<span class='more-link-arrow avia-svg-icon avia-font-svg_entypo-fontello' data-av_svg_icon='right-open-big' data-av_iconset='svg_entypo-fontello'><svg version=\"1.1\" xmlns=\"http:\/\/www.w3.org\/2000\/svg\" width=\"15\" height=\"32\" viewBox=\"0 0 15 32\" preserveAspectRatio=\"xMidYMid meet\" role=\"graphics-symbol\" aria-hidden=\"true\">\n<path d=\"M0.416 27.84l11.456-11.84-11.456-11.904q-0.832-0.832 0-1.536 0.832-0.832 1.536 0l12.544 12.608q0.768 0.832 0 1.6l-12.544 12.608q-0.704 0.832-1.536 0-0.832-0.704 0-1.536z\"><\/path>\n<\/svg><\/span><\/a><\/div><\/span><footer class=\"entry-footer\"><\/footer><div class='post_delimiter'><\/div><\/div><div class=\"post_author_timeline\"><\/div><span class='hidden'>\n\t\t\t\t<span class='av-structured-data'  itemprop=\"image\" itemscope=\"itemscope\" itemtype=\"https:\/\/schema.org\/ImageObject\" >\n\t\t\t\t\t\t<span itemprop='url'>https:\/\/rechtsanwalt.fr\/wp-content\/uploads\/2024\/05\/logo_header_fr_web.epp_.svg<\/span>\n\t\t\t\t\t\t<span itemprop='height'>0<\/span>\n\t\t\t\t\t\t<span itemprop='width'>0<\/span>\n\t\t\t\t<\/span>\n\t\t\t\t<span class='av-structured-data'  itemprop=\"publisher\" itemtype=\"https:\/\/schema.org\/Organization\" itemscope=\"itemscope\" >\n\t\t\t\t\t\t<span itemprop='name'>epp.content<\/span>\n\t\t\t\t\t\t<span itemprop='logo' itemscope itemtype='https:\/\/schema.org\/ImageObject'>\n\t\t\t\t\t\t\t<span itemprop='url'>https:\/\/rechtsanwalt.fr\/wp-content\/uploads\/2024\/05\/logo_header_fr_web.epp_.svg<\/span>\n\t\t\t\t\t\t<\/span>\n\t\t\t\t<\/span><span class='av-structured-data'  itemprop=\"author\" itemscope=\"itemscope\" itemtype=\"https:\/\/schema.org\/Person\" ><span itemprop='name'>epp.content<\/span><\/span><span class='av-structured-data'  itemprop=\"datePublished\" datetime=\"2020-07-13T17:08:01+02:00\" >2020-07-13 17:08:01<\/span><span class='av-structured-data'  itemprop=\"dateModified\" itemtype=\"https:\/\/schema.org\/dateModified\" >2022-03-07 17:50:09<\/span><span class='av-structured-data'  itemprop=\"mainEntityOfPage\" itemtype=\"https:\/\/schema.org\/mainEntityOfPage\" ><span itemprop='name'>Entreprises en Allemagne&nbsp;: quelles indemnit\u00e9s en cas d\u2019incapacit\u00e9 de travail d\u2019un salari\u00e9 pendant une quarantaine&nbsp;?<\/span><\/span><\/span><\/article><article class=\"post-entry post-entry-type-standard post-entry-8279 post-loop-24 post-parity-even bloglist-simple  post-8279 post type-post status-publish format-standard hentry category-archive-2020-fr-droit-social\"  itemscope=\"itemscope\" itemtype=\"https:\/\/schema.org\/BlogPosting\" ><div class=\"blog-meta\"><\/div><div class='entry-content-wrapper clearfix standard-content'><header class=\"entry-content-header\" aria-label=\"Articles : Employeurs en Allemagne : hausse progressive du salaire minimum l\u00e9gal devant \u00eatre port\u00e9 \u00e0 10,45 euros de l\u2019heure\"><div class=\"av-heading-wrapper\"><span class=\"blog-categories minor-meta\"><a href=\"https:\/\/rechtsanwalt.fr\/fr\/category\/news-archive\/news-archive-2020\/archive-2020-fr-droit-social\/\" rel=\"tag\">Droit social<\/a><\/span><h2 class='post-title entry-title '  itemprop=\"headline\" ><a href=\"https:\/\/rechtsanwalt.fr\/fr\/employeurs-en-allemagne-hausse-progressive-du-salaire-minimum-legal-devant-etre-porte-a-1045-euros-de-lheure\/\" rel=\"bookmark\" title=\"Lien permanent : Employeurs en Allemagne : hausse progressive du salaire minimum l\u00e9gal devant \u00eatre port\u00e9 \u00e0 10,45 euros de l\u2019heure\">Employeurs en Allemagne : hausse progressive du salaire minimum l\u00e9gal devant \u00eatre port\u00e9 \u00e0 10,45 euros de l\u2019heure<span class=\"post-format-icon minor-meta\"><\/span><\/a><\/h2><\/div><\/header><span class=\"post-meta-infos\"><time class=\"date-container minor-meta updated\"  itemprop=\"datePublished\" datetime=\"2020-07-08T17:23:28+02:00\" >8 juillet 2020<\/time><div class=\"read-more-link\"><a href=\"https:\/\/rechtsanwalt.fr\/fr\/employeurs-en-allemagne-hausse-progressive-du-salaire-minimum-legal-devant-etre-porte-a-1045-euros-de-lheure\/\" class=\"more-link\">Lire la suite<span class='more-link-arrow avia-svg-icon avia-font-svg_entypo-fontello' data-av_svg_icon='right-open-big' data-av_iconset='svg_entypo-fontello'><svg version=\"1.1\" xmlns=\"http:\/\/www.w3.org\/2000\/svg\" width=\"15\" height=\"32\" viewBox=\"0 0 15 32\" preserveAspectRatio=\"xMidYMid meet\" role=\"graphics-symbol\" aria-hidden=\"true\">\n<path d=\"M0.416 27.84l11.456-11.84-11.456-11.904q-0.832-0.832 0-1.536 0.832-0.832 1.536 0l12.544 12.608q0.768 0.832 0 1.6l-12.544 12.608q-0.704 0.832-1.536 0-0.832-0.704 0-1.536z\"><\/path>\n<\/svg><\/span><\/a><\/div><\/span><footer class=\"entry-footer\"><\/footer><div class='post_delimiter'><\/div><\/div><div class=\"post_author_timeline\"><\/div><span class='hidden'>\n\t\t\t\t<span class='av-structured-data'  itemprop=\"image\" itemscope=\"itemscope\" itemtype=\"https:\/\/schema.org\/ImageObject\" >\n\t\t\t\t\t\t<span itemprop='url'>https:\/\/rechtsanwalt.fr\/wp-content\/uploads\/2024\/05\/logo_header_fr_web.epp_.svg<\/span>\n\t\t\t\t\t\t<span itemprop='height'>0<\/span>\n\t\t\t\t\t\t<span itemprop='width'>0<\/span>\n\t\t\t\t<\/span>\n\t\t\t\t<span class='av-structured-data'  itemprop=\"publisher\" itemtype=\"https:\/\/schema.org\/Organization\" itemscope=\"itemscope\" >\n\t\t\t\t\t\t<span itemprop='name'>epp.content<\/span>\n\t\t\t\t\t\t<span itemprop='logo' itemscope itemtype='https:\/\/schema.org\/ImageObject'>\n\t\t\t\t\t\t\t<span itemprop='url'>https:\/\/rechtsanwalt.fr\/wp-content\/uploads\/2024\/05\/logo_header_fr_web.epp_.svg<\/span>\n\t\t\t\t\t\t<\/span>\n\t\t\t\t<\/span><span class='av-structured-data'  itemprop=\"author\" itemscope=\"itemscope\" itemtype=\"https:\/\/schema.org\/Person\" ><span itemprop='name'>epp.content<\/span><\/span><span class='av-structured-data'  itemprop=\"datePublished\" datetime=\"2020-07-08T17:23:28+02:00\" >2020-07-08 17:23:28<\/span><span class='av-structured-data'  itemprop=\"dateModified\" itemtype=\"https:\/\/schema.org\/dateModified\" >2022-03-07 17:49:26<\/span><span class='av-structured-data'  itemprop=\"mainEntityOfPage\" itemtype=\"https:\/\/schema.org\/mainEntityOfPage\" ><span itemprop='name'>Employeurs en Allemagne : hausse progressive du salaire minimum l\u00e9gal devant \u00eatre port\u00e9 \u00e0 10,45 euros de l\u2019heure<\/span><\/span><\/span><\/article><article class=\"post-entry post-entry-type-standard post-entry-8273 post-loop-25 post-parity-odd bloglist-simple  post-8273 post type-post status-publish format-standard hentry category-archive-2020-fr-procedures-collectives\"  itemscope=\"itemscope\" itemtype=\"https:\/\/schema.org\/BlogPosting\" ><div class=\"blog-meta\"><\/div><div class='entry-content-wrapper clearfix standard-content'><header class=\"entry-content-header\" aria-label=\"Articles : Insolvabilit\u00e9 des entreprises en Allemagne&nbsp;: les pouvoirs de l\u2019administrateur judiciaire\"><div class=\"av-heading-wrapper\"><span class=\"blog-categories minor-meta\"><a href=\"https:\/\/rechtsanwalt.fr\/fr\/category\/news-archive\/news-archive-2020\/archive-2020-fr-procedures-collectives\/\" rel=\"tag\">Proc\u00e9dures collectives<\/a><\/span><h2 class='post-title entry-title '  itemprop=\"headline\" ><a href=\"https:\/\/rechtsanwalt.fr\/fr\/insolvabilite-des-entreprises-en-allemagne-les-pouvoirs-de-ladministrateur-judiciaire\/\" rel=\"bookmark\" title=\"Lien permanent : Insolvabilit\u00e9 des entreprises en Allemagne&nbsp;: les pouvoirs de l\u2019administrateur judiciaire\">Insolvabilit\u00e9 des entreprises en Allemagne&nbsp;: les pouvoirs de l\u2019administrateur judiciaire<span class=\"post-format-icon minor-meta\"><\/span><\/a><\/h2><\/div><\/header><span class=\"post-meta-infos\"><time class=\"date-container minor-meta updated\"  itemprop=\"datePublished\" datetime=\"2020-07-08T17:17:57+02:00\" >8 juillet 2020<\/time><div class=\"read-more-link\"><a href=\"https:\/\/rechtsanwalt.fr\/fr\/insolvabilite-des-entreprises-en-allemagne-les-pouvoirs-de-ladministrateur-judiciaire\/\" class=\"more-link\">Lire la suite<span class='more-link-arrow avia-svg-icon avia-font-svg_entypo-fontello' data-av_svg_icon='right-open-big' data-av_iconset='svg_entypo-fontello'><svg version=\"1.1\" xmlns=\"http:\/\/www.w3.org\/2000\/svg\" width=\"15\" height=\"32\" viewBox=\"0 0 15 32\" preserveAspectRatio=\"xMidYMid meet\" role=\"graphics-symbol\" aria-hidden=\"true\">\n<path d=\"M0.416 27.84l11.456-11.84-11.456-11.904q-0.832-0.832 0-1.536 0.832-0.832 1.536 0l12.544 12.608q0.768 0.832 0 1.6l-12.544 12.608q-0.704 0.832-1.536 0-0.832-0.704 0-1.536z\"><\/path>\n<\/svg><\/span><\/a><\/div><\/span><footer class=\"entry-footer\"><\/footer><div class='post_delimiter'><\/div><\/div><div class=\"post_author_timeline\"><\/div><span class='hidden'>\n\t\t\t\t<span class='av-structured-data'  itemprop=\"image\" itemscope=\"itemscope\" itemtype=\"https:\/\/schema.org\/ImageObject\" >\n\t\t\t\t\t\t<span itemprop='url'>https:\/\/rechtsanwalt.fr\/wp-content\/uploads\/2024\/05\/logo_header_fr_web.epp_.svg<\/span>\n\t\t\t\t\t\t<span itemprop='height'>0<\/span>\n\t\t\t\t\t\t<span itemprop='width'>0<\/span>\n\t\t\t\t<\/span>\n\t\t\t\t<span class='av-structured-data'  itemprop=\"publisher\" itemtype=\"https:\/\/schema.org\/Organization\" itemscope=\"itemscope\" >\n\t\t\t\t\t\t<span itemprop='name'>epp.content<\/span>\n\t\t\t\t\t\t<span itemprop='logo' itemscope itemtype='https:\/\/schema.org\/ImageObject'>\n\t\t\t\t\t\t\t<span itemprop='url'>https:\/\/rechtsanwalt.fr\/wp-content\/uploads\/2024\/05\/logo_header_fr_web.epp_.svg<\/span>\n\t\t\t\t\t\t<\/span>\n\t\t\t\t<\/span><span class='av-structured-data'  itemprop=\"author\" itemscope=\"itemscope\" itemtype=\"https:\/\/schema.org\/Person\" ><span itemprop='name'>epp.content<\/span><\/span><span class='av-structured-data'  itemprop=\"datePublished\" datetime=\"2020-07-08T17:17:57+02:00\" >2020-07-08 17:17:57<\/span><span class='av-structured-data'  itemprop=\"dateModified\" itemtype=\"https:\/\/schema.org\/dateModified\" >2022-03-07 17:48:50<\/span><span class='av-structured-data'  itemprop=\"mainEntityOfPage\" itemtype=\"https:\/\/schema.org\/mainEntityOfPage\" ><span itemprop='name'>Insolvabilit\u00e9 des entreprises en Allemagne&nbsp;: les pouvoirs de l\u2019administrateur judiciaire<\/span><\/span><\/span><\/article><article class=\"post-entry post-entry-type-standard post-entry-8267 post-loop-26 post-parity-even bloglist-simple  post-8267 post type-post status-publish format-standard hentry category-archive-2020-fr-droit-social\"  itemscope=\"itemscope\" itemtype=\"https:\/\/schema.org\/BlogPosting\" ><div class=\"blog-meta\"><\/div><div class='entry-content-wrapper clearfix standard-content'><header class=\"entry-content-header\" aria-label=\"Articles : Protection des donn\u00e9es des salari\u00e9s en Allemagne : dommages et int\u00e9r\u00eats \u00e0 verser par l&#039;employeur en cas d\u2019insuffisance des informations communiqu\u00e9es au salari\u00e9 en application du RGPD\"><div class=\"av-heading-wrapper\"><span class=\"blog-categories minor-meta\"><a href=\"https:\/\/rechtsanwalt.fr\/fr\/category\/news-archive\/news-archive-2020\/archive-2020-fr-droit-social\/\" rel=\"tag\">Droit social<\/a><\/span><h2 class='post-title entry-title '  itemprop=\"headline\" ><a href=\"https:\/\/rechtsanwalt.fr\/fr\/protection-des-donnees-des-salaries-en-allemagne-dommages-et-interets-a-verser-par-lemployeur-en-cas-dinsuffisance-des-informations-communiquees-au-salarie-en-application-du-rgpd\/\" rel=\"bookmark\" title=\"Lien permanent : Protection des donn\u00e9es des salari\u00e9s en Allemagne : dommages et int\u00e9r\u00eats \u00e0 verser par l&#039;employeur en cas d\u2019insuffisance des informations communiqu\u00e9es au salari\u00e9 en application du RGPD\">Protection des donn\u00e9es des salari\u00e9s en Allemagne : dommages et int\u00e9r\u00eats \u00e0 verser par l'employeur en cas d\u2019insuffisance des informations communiqu\u00e9es au salari\u00e9 en application du RGPD<span class=\"post-format-icon minor-meta\"><\/span><\/a><\/h2><\/div><\/header><span class=\"post-meta-infos\"><time class=\"date-container minor-meta updated\"  itemprop=\"datePublished\" datetime=\"2020-07-08T17:10:09+02:00\" >8 juillet 2020<\/time><div class=\"read-more-link\"><a href=\"https:\/\/rechtsanwalt.fr\/fr\/protection-des-donnees-des-salaries-en-allemagne-dommages-et-interets-a-verser-par-lemployeur-en-cas-dinsuffisance-des-informations-communiquees-au-salarie-en-application-du-rgpd\/\" class=\"more-link\">Lire la suite<span class='more-link-arrow avia-svg-icon avia-font-svg_entypo-fontello' data-av_svg_icon='right-open-big' data-av_iconset='svg_entypo-fontello'><svg version=\"1.1\" xmlns=\"http:\/\/www.w3.org\/2000\/svg\" width=\"15\" height=\"32\" viewBox=\"0 0 15 32\" preserveAspectRatio=\"xMidYMid meet\" role=\"graphics-symbol\" aria-hidden=\"true\">\n<path d=\"M0.416 27.84l11.456-11.84-11.456-11.904q-0.832-0.832 0-1.536 0.832-0.832 1.536 0l12.544 12.608q0.768 0.832 0 1.6l-12.544 12.608q-0.704 0.832-1.536 0-0.832-0.704 0-1.536z\"><\/path>\n<\/svg><\/span><\/a><\/div><\/span><footer class=\"entry-footer\"><\/footer><div class='post_delimiter'><\/div><\/div><div class=\"post_author_timeline\"><\/div><span class='hidden'>\n\t\t\t\t<span class='av-structured-data'  itemprop=\"image\" itemscope=\"itemscope\" itemtype=\"https:\/\/schema.org\/ImageObject\" >\n\t\t\t\t\t\t<span itemprop='url'>https:\/\/rechtsanwalt.fr\/wp-content\/uploads\/2024\/05\/logo_header_fr_web.epp_.svg<\/span>\n\t\t\t\t\t\t<span itemprop='height'>0<\/span>\n\t\t\t\t\t\t<span itemprop='width'>0<\/span>\n\t\t\t\t<\/span>\n\t\t\t\t<span class='av-structured-data'  itemprop=\"publisher\" itemtype=\"https:\/\/schema.org\/Organization\" itemscope=\"itemscope\" >\n\t\t\t\t\t\t<span itemprop='name'>epp.content<\/span>\n\t\t\t\t\t\t<span itemprop='logo' itemscope itemtype='https:\/\/schema.org\/ImageObject'>\n\t\t\t\t\t\t\t<span itemprop='url'>https:\/\/rechtsanwalt.fr\/wp-content\/uploads\/2024\/05\/logo_header_fr_web.epp_.svg<\/span>\n\t\t\t\t\t\t<\/span>\n\t\t\t\t<\/span><span class='av-structured-data'  itemprop=\"author\" itemscope=\"itemscope\" itemtype=\"https:\/\/schema.org\/Person\" ><span itemprop='name'>epp.content<\/span><\/span><span class='av-structured-data'  itemprop=\"datePublished\" datetime=\"2020-07-08T17:10:09+02:00\" >2020-07-08 17:10:09<\/span><span class='av-structured-data'  itemprop=\"dateModified\" itemtype=\"https:\/\/schema.org\/dateModified\" >2022-03-07 17:47:45<\/span><span class='av-structured-data'  itemprop=\"mainEntityOfPage\" itemtype=\"https:\/\/schema.org\/mainEntityOfPage\" ><span itemprop='name'>Protection des donn\u00e9es des salari\u00e9s en Allemagne : dommages et int\u00e9r\u00eats \u00e0 verser par l'employeur en cas d\u2019insuffisance des informations communiqu\u00e9es au salari\u00e9 en application du RGPD<\/span><\/span><\/span><\/article><article class=\"post-entry post-entry-type-standard post-entry-8242 post-loop-27 post-parity-odd bloglist-simple  post-8242 post type-post status-publish format-standard hentry category-archive-2020-fr-droit-social\"  itemscope=\"itemscope\" itemtype=\"https:\/\/schema.org\/BlogPosting\" ><div class=\"blog-meta\"><\/div><div class='entry-content-wrapper clearfix standard-content'><header class=\"entry-content-header\" aria-label=\"Articles : Licenciement d\u2019un salari\u00e9 en Allemagne&nbsp;: r\u00e9ception de la lettre de notification de licenciement et d\u00e9but du d\u00e9lai de 3 semaines pour intenter une action en contestation du licenciement\"><div class=\"av-heading-wrapper\"><span class=\"blog-categories minor-meta\"><a href=\"https:\/\/rechtsanwalt.fr\/fr\/category\/news-archive\/news-archive-2020\/archive-2020-fr-droit-social\/\" rel=\"tag\">Droit social<\/a><\/span><h2 class='post-title entry-title '  itemprop=\"headline\" ><a href=\"https:\/\/rechtsanwalt.fr\/fr\/licenciement-dun-salarie-en-allemagne-reception-de-la-lettre-de-notification-de-licenciement-et-debut-du-delai-de-3-semaines-pour-intenter-une-action-en-contestation-du-licenciement\/\" rel=\"bookmark\" title=\"Lien permanent : Licenciement d\u2019un salari\u00e9 en Allemagne&nbsp;: r\u00e9ception de la lettre de notification de licenciement et d\u00e9but du d\u00e9lai de 3 semaines pour intenter une action en contestation du licenciement\">Licenciement d\u2019un salari\u00e9 en Allemagne&nbsp;: r\u00e9ception de la lettre de notification de licenciement et d\u00e9but du d\u00e9lai de 3 semaines pour intenter une action en contestation du licenciement<span class=\"post-format-icon minor-meta\"><\/span><\/a><\/h2><\/div><\/header><span class=\"post-meta-infos\"><time class=\"date-container minor-meta updated\"  itemprop=\"datePublished\" datetime=\"2020-07-03T18:09:29+02:00\" >3 juillet 2020<\/time><div class=\"read-more-link\"><a href=\"https:\/\/rechtsanwalt.fr\/fr\/licenciement-dun-salarie-en-allemagne-reception-de-la-lettre-de-notification-de-licenciement-et-debut-du-delai-de-3-semaines-pour-intenter-une-action-en-contestation-du-licenciement\/\" class=\"more-link\">Lire la suite<span class='more-link-arrow avia-svg-icon avia-font-svg_entypo-fontello' data-av_svg_icon='right-open-big' data-av_iconset='svg_entypo-fontello'><svg version=\"1.1\" xmlns=\"http:\/\/www.w3.org\/2000\/svg\" width=\"15\" height=\"32\" viewBox=\"0 0 15 32\" preserveAspectRatio=\"xMidYMid meet\" role=\"graphics-symbol\" aria-hidden=\"true\">\n<path d=\"M0.416 27.84l11.456-11.84-11.456-11.904q-0.832-0.832 0-1.536 0.832-0.832 1.536 0l12.544 12.608q0.768 0.832 0 1.6l-12.544 12.608q-0.704 0.832-1.536 0-0.832-0.704 0-1.536z\"><\/path>\n<\/svg><\/span><\/a><\/div><\/span><footer class=\"entry-footer\"><\/footer><div class='post_delimiter'><\/div><\/div><div class=\"post_author_timeline\"><\/div><span class='hidden'>\n\t\t\t\t<span class='av-structured-data'  itemprop=\"image\" itemscope=\"itemscope\" itemtype=\"https:\/\/schema.org\/ImageObject\" >\n\t\t\t\t\t\t<span itemprop='url'>https:\/\/rechtsanwalt.fr\/wp-content\/uploads\/2024\/05\/logo_header_fr_web.epp_.svg<\/span>\n\t\t\t\t\t\t<span itemprop='height'>0<\/span>\n\t\t\t\t\t\t<span itemprop='width'>0<\/span>\n\t\t\t\t<\/span>\n\t\t\t\t<span class='av-structured-data'  itemprop=\"publisher\" itemtype=\"https:\/\/schema.org\/Organization\" itemscope=\"itemscope\" >\n\t\t\t\t\t\t<span itemprop='name'>epp.content<\/span>\n\t\t\t\t\t\t<span itemprop='logo' itemscope itemtype='https:\/\/schema.org\/ImageObject'>\n\t\t\t\t\t\t\t<span itemprop='url'>https:\/\/rechtsanwalt.fr\/wp-content\/uploads\/2024\/05\/logo_header_fr_web.epp_.svg<\/span>\n\t\t\t\t\t\t<\/span>\n\t\t\t\t<\/span><span class='av-structured-data'  itemprop=\"author\" itemscope=\"itemscope\" itemtype=\"https:\/\/schema.org\/Person\" ><span itemprop='name'>epp.content<\/span><\/span><span class='av-structured-data'  itemprop=\"datePublished\" datetime=\"2020-07-03T18:09:29+02:00\" >2020-07-03 18:09:29<\/span><span class='av-structured-data'  itemprop=\"dateModified\" itemtype=\"https:\/\/schema.org\/dateModified\" >2022-03-07 17:47:10<\/span><span class='av-structured-data'  itemprop=\"mainEntityOfPage\" itemtype=\"https:\/\/schema.org\/mainEntityOfPage\" ><span itemprop='name'>Licenciement d\u2019un salari\u00e9 en Allemagne&nbsp;: r\u00e9ception de la lettre de notification de licenciement et d\u00e9but du d\u00e9lai de 3 semaines pour intenter une action en contestation du licenciement<\/span><\/span><\/span><\/article><article class=\"post-entry post-entry-type-standard post-entry-8237 post-loop-28 post-parity-even bloglist-simple  post-8237 post type-post status-publish format-standard hentry category-archive-2020-fr-droit-social\"  itemscope=\"itemscope\" itemtype=\"https:\/\/schema.org\/BlogPosting\" ><div class=\"blog-meta\"><\/div><div class='entry-content-wrapper clearfix standard-content'><header class=\"entry-content-header\" aria-label=\"Articles : Employeurs en Allemagne : quelles sont les r\u00e8gles \u00e0 respecter envers les salari\u00e9s en Allemagne concernant l\u2019application num\u00e9rique \u00ab&nbsp;Corona-Warn-App&nbsp;\u00bb&nbsp;?\"><div class=\"av-heading-wrapper\"><span class=\"blog-categories minor-meta\"><a href=\"https:\/\/rechtsanwalt.fr\/fr\/category\/news-archive\/news-archive-2020\/archive-2020-fr-droit-social\/\" rel=\"tag\">Droit social<\/a><\/span><h2 class='post-title entry-title '  itemprop=\"headline\" ><a href=\"https:\/\/rechtsanwalt.fr\/fr\/employeurs-en-allemagne-quelles-sont-les-regles-a-respecter-envers-les-salaries-en-allemagne-concernant-lapplication-numerique-corona-warn-app\/\" rel=\"bookmark\" title=\"Lien permanent : Employeurs en Allemagne : quelles sont les r\u00e8gles \u00e0 respecter envers les salari\u00e9s en Allemagne concernant l\u2019application num\u00e9rique \u00ab&nbsp;Corona-Warn-App&nbsp;\u00bb&nbsp;?\">Employeurs en Allemagne : quelles sont les r\u00e8gles \u00e0 respecter envers les salari\u00e9s en Allemagne concernant l\u2019application num\u00e9rique \u00ab&nbsp;Corona-Warn-App&nbsp;\u00bb&nbsp;?<span class=\"post-format-icon minor-meta\"><\/span><\/a><\/h2><\/div><\/header><span class=\"post-meta-infos\"><time class=\"date-container minor-meta updated\"  itemprop=\"datePublished\" datetime=\"2020-07-03T18:04:09+02:00\" >3 juillet 2020<\/time><div class=\"read-more-link\"><a href=\"https:\/\/rechtsanwalt.fr\/fr\/employeurs-en-allemagne-quelles-sont-les-regles-a-respecter-envers-les-salaries-en-allemagne-concernant-lapplication-numerique-corona-warn-app\/\" class=\"more-link\">Lire la suite<span class='more-link-arrow avia-svg-icon avia-font-svg_entypo-fontello' data-av_svg_icon='right-open-big' data-av_iconset='svg_entypo-fontello'><svg version=\"1.1\" xmlns=\"http:\/\/www.w3.org\/2000\/svg\" width=\"15\" height=\"32\" viewBox=\"0 0 15 32\" preserveAspectRatio=\"xMidYMid meet\" role=\"graphics-symbol\" aria-hidden=\"true\">\n<path d=\"M0.416 27.84l11.456-11.84-11.456-11.904q-0.832-0.832 0-1.536 0.832-0.832 1.536 0l12.544 12.608q0.768 0.832 0 1.6l-12.544 12.608q-0.704 0.832-1.536 0-0.832-0.704 0-1.536z\"><\/path>\n<\/svg><\/span><\/a><\/div><\/span><footer class=\"entry-footer\"><\/footer><div class='post_delimiter'><\/div><\/div><div class=\"post_author_timeline\"><\/div><span class='hidden'>\n\t\t\t\t<span class='av-structured-data'  itemprop=\"image\" itemscope=\"itemscope\" itemtype=\"https:\/\/schema.org\/ImageObject\" >\n\t\t\t\t\t\t<span itemprop='url'>https:\/\/rechtsanwalt.fr\/wp-content\/uploads\/2024\/05\/logo_header_fr_web.epp_.svg<\/span>\n\t\t\t\t\t\t<span itemprop='height'>0<\/span>\n\t\t\t\t\t\t<span itemprop='width'>0<\/span>\n\t\t\t\t<\/span>\n\t\t\t\t<span class='av-structured-data'  itemprop=\"publisher\" itemtype=\"https:\/\/schema.org\/Organization\" itemscope=\"itemscope\" >\n\t\t\t\t\t\t<span itemprop='name'>epp.content<\/span>\n\t\t\t\t\t\t<span itemprop='logo' itemscope itemtype='https:\/\/schema.org\/ImageObject'>\n\t\t\t\t\t\t\t<span itemprop='url'>https:\/\/rechtsanwalt.fr\/wp-content\/uploads\/2024\/05\/logo_header_fr_web.epp_.svg<\/span>\n\t\t\t\t\t\t<\/span>\n\t\t\t\t<\/span><span class='av-structured-data'  itemprop=\"author\" itemscope=\"itemscope\" itemtype=\"https:\/\/schema.org\/Person\" ><span itemprop='name'>epp.content<\/span><\/span><span class='av-structured-data'  itemprop=\"datePublished\" datetime=\"2020-07-03T18:04:09+02:00\" >2020-07-03 18:04:09<\/span><span class='av-structured-data'  itemprop=\"dateModified\" itemtype=\"https:\/\/schema.org\/dateModified\" >2022-03-07 17:46:29<\/span><span class='av-structured-data'  itemprop=\"mainEntityOfPage\" itemtype=\"https:\/\/schema.org\/mainEntityOfPage\" ><span itemprop='name'>Employeurs en Allemagne : quelles sont les r\u00e8gles \u00e0 respecter envers les salari\u00e9s en Allemagne concernant l\u2019application num\u00e9rique \u00ab&nbsp;Corona-Warn-App&nbsp;\u00bb&nbsp;?<\/span><\/span><\/span><\/article><article class=\"post-entry post-entry-type-standard post-entry-8194 post-loop-29 post-parity-odd bloglist-simple  post-8194 post type-post status-publish format-standard hentry category-archive-2020-fr-droit-social\"  itemscope=\"itemscope\" itemtype=\"https:\/\/schema.org\/BlogPosting\" ><div class=\"blog-meta\"><\/div><div class='entry-content-wrapper clearfix standard-content'><header class=\"entry-content-header\" aria-label=\"Articles : Cessation du contrat de travail en Allemagne : quelle date doit figurer sur le certificat de travail&nbsp;?\"><div class=\"av-heading-wrapper\"><span class=\"blog-categories minor-meta\"><a href=\"https:\/\/rechtsanwalt.fr\/fr\/category\/news-archive\/news-archive-2020\/archive-2020-fr-droit-social\/\" rel=\"tag\">Droit social<\/a><\/span><h2 class='post-title entry-title '  itemprop=\"headline\" ><a href=\"https:\/\/rechtsanwalt.fr\/fr\/cessation-du-contrat-de-travail-en-allemagne-quelle-date-doit-figurer-sur-le-certificat-de-travail\/\" rel=\"bookmark\" title=\"Lien permanent : Cessation du contrat de travail en Allemagne : quelle date doit figurer sur le certificat de travail&nbsp;?\">Cessation du contrat de travail en Allemagne : quelle date doit figurer sur le certificat de travail&nbsp;?<span class=\"post-format-icon minor-meta\"><\/span><\/a><\/h2><\/div><\/header><span class=\"post-meta-infos\"><time class=\"date-container minor-meta updated\"  itemprop=\"datePublished\" datetime=\"2020-07-03T16:32:05+02:00\" >3 juillet 2020<\/time><div class=\"read-more-link\"><a href=\"https:\/\/rechtsanwalt.fr\/fr\/cessation-du-contrat-de-travail-en-allemagne-quelle-date-doit-figurer-sur-le-certificat-de-travail\/\" class=\"more-link\">Lire la suite<span class='more-link-arrow avia-svg-icon avia-font-svg_entypo-fontello' data-av_svg_icon='right-open-big' data-av_iconset='svg_entypo-fontello'><svg version=\"1.1\" xmlns=\"http:\/\/www.w3.org\/2000\/svg\" width=\"15\" height=\"32\" viewBox=\"0 0 15 32\" preserveAspectRatio=\"xMidYMid meet\" role=\"graphics-symbol\" aria-hidden=\"true\">\n<path d=\"M0.416 27.84l11.456-11.84-11.456-11.904q-0.832-0.832 0-1.536 0.832-0.832 1.536 0l12.544 12.608q0.768 0.832 0 1.6l-12.544 12.608q-0.704 0.832-1.536 0-0.832-0.704 0-1.536z\"><\/path>\n<\/svg><\/span><\/a><\/div><\/span><footer class=\"entry-footer\"><\/footer><div class='post_delimiter'><\/div><\/div><div class=\"post_author_timeline\"><\/div><span class='hidden'>\n\t\t\t\t<span class='av-structured-data'  itemprop=\"image\" itemscope=\"itemscope\" itemtype=\"https:\/\/schema.org\/ImageObject\" >\n\t\t\t\t\t\t<span itemprop='url'>https:\/\/rechtsanwalt.fr\/wp-content\/uploads\/2024\/05\/logo_header_fr_web.epp_.svg<\/span>\n\t\t\t\t\t\t<span itemprop='height'>0<\/span>\n\t\t\t\t\t\t<span itemprop='width'>0<\/span>\n\t\t\t\t<\/span>\n\t\t\t\t<span class='av-structured-data'  itemprop=\"publisher\" itemtype=\"https:\/\/schema.org\/Organization\" itemscope=\"itemscope\" >\n\t\t\t\t\t\t<span itemprop='name'>epp.content<\/span>\n\t\t\t\t\t\t<span itemprop='logo' itemscope itemtype='https:\/\/schema.org\/ImageObject'>\n\t\t\t\t\t\t\t<span itemprop='url'>https:\/\/rechtsanwalt.fr\/wp-content\/uploads\/2024\/05\/logo_header_fr_web.epp_.svg<\/span>\n\t\t\t\t\t\t<\/span>\n\t\t\t\t<\/span><span class='av-structured-data'  itemprop=\"author\" itemscope=\"itemscope\" itemtype=\"https:\/\/schema.org\/Person\" ><span itemprop='name'>epp.content<\/span><\/span><span class='av-structured-data'  itemprop=\"datePublished\" datetime=\"2020-07-03T16:32:05+02:00\" >2020-07-03 16:32:05<\/span><span class='av-structured-data'  itemprop=\"dateModified\" itemtype=\"https:\/\/schema.org\/dateModified\" >2022-03-07 17:45:54<\/span><span class='av-structured-data'  itemprop=\"mainEntityOfPage\" itemtype=\"https:\/\/schema.org\/mainEntityOfPage\" ><span itemprop='name'>Cessation du contrat de travail en Allemagne : quelle date doit figurer sur le certificat de travail&nbsp;?<\/span><\/span><\/span><\/article><article class=\"post-entry post-entry-type-standard post-entry-8177 post-loop-30 post-parity-even bloglist-simple  post-8177 post type-post status-publish format-standard hentry category-archive-2020-fr-droit-social\"  itemscope=\"itemscope\" itemtype=\"https:\/\/schema.org\/BlogPosting\" ><div class=\"blog-meta\"><\/div><div class='entry-content-wrapper clearfix standard-content'><header class=\"entry-content-header\" aria-label=\"Articles : Employeurs en Allemagne\u00a0: pas d\u2019exemption des entreprises \u00e9trang\u00e8res employant des salari\u00e9s en Allemagne de l\u2019obligation de cotisation au r\u00e9gime de garantie des salaires en cas d\u2019insolvabilit\u00e9 de l\u2019employeur (\u00ab&nbsp;Insolvenzgeld&shy;umlage&nbsp;\u00bb)\"><div class=\"av-heading-wrapper\"><span class=\"blog-categories minor-meta\"><a href=\"https:\/\/rechtsanwalt.fr\/fr\/category\/news-archive\/news-archive-2020\/archive-2020-fr-droit-social\/\" rel=\"tag\">Droit social<\/a><\/span><h2 class='post-title entry-title '  itemprop=\"headline\" ><a href=\"https:\/\/rechtsanwalt.fr\/fr\/employeurs-en-allemagne-pas-dexemption-des-entreprises-etrangeres-employant-des-salaries-en-allemagne-de-lobligation-de-cotisation-au-regime-de-garantie-des-salaires-en-cas-d\/\" rel=\"bookmark\" title=\"Lien permanent : Employeurs en Allemagne\u00a0: pas d\u2019exemption des entreprises \u00e9trang\u00e8res employant des salari\u00e9s en Allemagne de l\u2019obligation de cotisation au r\u00e9gime de garantie des salaires en cas d\u2019insolvabilit\u00e9 de l\u2019employeur (\u00ab&nbsp;Insolvenzgeld&shy;umlage&nbsp;\u00bb)\">Employeurs en Allemagne\u00a0: pas d\u2019exemption des entreprises \u00e9trang\u00e8res employant des salari\u00e9s en Allemagne de l\u2019obligation de cotisation au r\u00e9gime de garantie des salaires en cas d\u2019insolvabilit\u00e9 de l\u2019employeur (\u00ab&nbsp;Insolvenzgeld&shy;umlage&nbsp;\u00bb)<span class=\"post-format-icon minor-meta\"><\/span><\/a><\/h2><\/div><\/header><span class=\"post-meta-infos\"><time class=\"date-container minor-meta updated\"  itemprop=\"datePublished\" datetime=\"2020-07-03T13:29:41+02:00\" >3 juillet 2020<\/time><div class=\"read-more-link\"><a href=\"https:\/\/rechtsanwalt.fr\/fr\/employeurs-en-allemagne-pas-dexemption-des-entreprises-etrangeres-employant-des-salaries-en-allemagne-de-lobligation-de-cotisation-au-regime-de-garantie-des-salaires-en-cas-d\/\" class=\"more-link\">Lire la suite<span class='more-link-arrow avia-svg-icon avia-font-svg_entypo-fontello' data-av_svg_icon='right-open-big' data-av_iconset='svg_entypo-fontello'><svg version=\"1.1\" xmlns=\"http:\/\/www.w3.org\/2000\/svg\" width=\"15\" height=\"32\" viewBox=\"0 0 15 32\" preserveAspectRatio=\"xMidYMid meet\" role=\"graphics-symbol\" aria-hidden=\"true\">\n<path d=\"M0.416 27.84l11.456-11.84-11.456-11.904q-0.832-0.832 0-1.536 0.832-0.832 1.536 0l12.544 12.608q0.768 0.832 0 1.6l-12.544 12.608q-0.704 0.832-1.536 0-0.832-0.704 0-1.536z\"><\/path>\n<\/svg><\/span><\/a><\/div><\/span><footer class=\"entry-footer\"><\/footer><div class='post_delimiter'><\/div><\/div><div class=\"post_author_timeline\"><\/div><span class='hidden'>\n\t\t\t\t<span class='av-structured-data'  itemprop=\"image\" itemscope=\"itemscope\" itemtype=\"https:\/\/schema.org\/ImageObject\" >\n\t\t\t\t\t\t<span itemprop='url'>https:\/\/rechtsanwalt.fr\/wp-content\/uploads\/2024\/05\/logo_header_fr_web.epp_.svg<\/span>\n\t\t\t\t\t\t<span itemprop='height'>0<\/span>\n\t\t\t\t\t\t<span itemprop='width'>0<\/span>\n\t\t\t\t<\/span>\n\t\t\t\t<span class='av-structured-data'  itemprop=\"publisher\" itemtype=\"https:\/\/schema.org\/Organization\" itemscope=\"itemscope\" >\n\t\t\t\t\t\t<span itemprop='name'>epp.content<\/span>\n\t\t\t\t\t\t<span itemprop='logo' itemscope itemtype='https:\/\/schema.org\/ImageObject'>\n\t\t\t\t\t\t\t<span itemprop='url'>https:\/\/rechtsanwalt.fr\/wp-content\/uploads\/2024\/05\/logo_header_fr_web.epp_.svg<\/span>\n\t\t\t\t\t\t<\/span>\n\t\t\t\t<\/span><span class='av-structured-data'  itemprop=\"author\" itemscope=\"itemscope\" itemtype=\"https:\/\/schema.org\/Person\" ><span itemprop='name'>epp.content<\/span><\/span><span class='av-structured-data'  itemprop=\"datePublished\" datetime=\"2020-07-03T13:29:41+02:00\" >2020-07-03 13:29:41<\/span><span class='av-structured-data'  itemprop=\"dateModified\" itemtype=\"https:\/\/schema.org\/dateModified\" >2022-03-07 17:45:14<\/span><span class='av-structured-data'  itemprop=\"mainEntityOfPage\" itemtype=\"https:\/\/schema.org\/mainEntityOfPage\" ><span itemprop='name'>Employeurs en Allemagne\u00a0: pas d\u2019exemption des entreprises \u00e9trang\u00e8res employant des salari\u00e9s en Allemagne de l\u2019obligation de cotisation au r\u00e9gime de garantie des salaires en cas d\u2019insolvabilit\u00e9 de l\u2019employeur (\u00ab&nbsp;Insolvenzgeld&shy;umlage&nbsp;\u00bb)<\/span><\/span><\/span><\/article><article class=\"post-entry post-entry-type-standard post-entry-8170 post-loop-31 post-parity-odd bloglist-simple  post-8170 post type-post status-publish format-standard hentry category-archive-2020-fr-droit-social\"  itemscope=\"itemscope\" itemtype=\"https:\/\/schema.org\/BlogPosting\" ><div class=\"blog-meta\"><\/div><div class='entry-content-wrapper clearfix standard-content'><header class=\"entry-content-header\" aria-label=\"Articles : CDD en Allemagne&nbsp;: comment calculer la dur\u00e9e maximale autoris\u00e9e de recours \u00e0 des contrats de travail \u00e0 dur\u00e9e d\u00e9termin\u00e9e sans motif objectif&nbsp;?\"><div class=\"av-heading-wrapper\"><span class=\"blog-categories minor-meta\"><a href=\"https:\/\/rechtsanwalt.fr\/fr\/category\/news-archive\/news-archive-2020\/archive-2020-fr-droit-social\/\" rel=\"tag\">Droit social<\/a><\/span><h2 class='post-title entry-title '  itemprop=\"headline\" ><a href=\"https:\/\/rechtsanwalt.fr\/fr\/cdd-en-allemagne-comment-calculer-la-duree-maximale-autorisee-de-recours-a-des-contrats-de-travail-a-duree-determinee-sans-motif-objectif\/\" rel=\"bookmark\" title=\"Lien permanent : CDD en Allemagne&nbsp;: comment calculer la dur\u00e9e maximale autoris\u00e9e de recours \u00e0 des contrats de travail \u00e0 dur\u00e9e d\u00e9termin\u00e9e sans motif objectif&nbsp;?\">CDD en Allemagne&nbsp;: comment calculer la dur\u00e9e maximale autoris\u00e9e de recours \u00e0 des contrats de travail \u00e0 dur\u00e9e d\u00e9termin\u00e9e sans motif objectif&nbsp;?<span class=\"post-format-icon minor-meta\"><\/span><\/a><\/h2><\/div><\/header><span class=\"post-meta-infos\"><time class=\"date-container minor-meta updated\"  itemprop=\"datePublished\" datetime=\"2020-07-03T13:23:53+02:00\" >3 juillet 2020<\/time><div class=\"read-more-link\"><a href=\"https:\/\/rechtsanwalt.fr\/fr\/cdd-en-allemagne-comment-calculer-la-duree-maximale-autorisee-de-recours-a-des-contrats-de-travail-a-duree-determinee-sans-motif-objectif\/\" class=\"more-link\">Lire la suite<span class='more-link-arrow avia-svg-icon avia-font-svg_entypo-fontello' data-av_svg_icon='right-open-big' data-av_iconset='svg_entypo-fontello'><svg version=\"1.1\" xmlns=\"http:\/\/www.w3.org\/2000\/svg\" width=\"15\" height=\"32\" viewBox=\"0 0 15 32\" preserveAspectRatio=\"xMidYMid meet\" role=\"graphics-symbol\" aria-hidden=\"true\">\n<path d=\"M0.416 27.84l11.456-11.84-11.456-11.904q-0.832-0.832 0-1.536 0.832-0.832 1.536 0l12.544 12.608q0.768 0.832 0 1.6l-12.544 12.608q-0.704 0.832-1.536 0-0.832-0.704 0-1.536z\"><\/path>\n<\/svg><\/span><\/a><\/div><\/span><footer class=\"entry-footer\"><\/footer><div class='post_delimiter'><\/div><\/div><div class=\"post_author_timeline\"><\/div><span class='hidden'>\n\t\t\t\t<span class='av-structured-data'  itemprop=\"image\" itemscope=\"itemscope\" itemtype=\"https:\/\/schema.org\/ImageObject\" >\n\t\t\t\t\t\t<span itemprop='url'>https:\/\/rechtsanwalt.fr\/wp-content\/uploads\/2024\/05\/logo_header_fr_web.epp_.svg<\/span>\n\t\t\t\t\t\t<span itemprop='height'>0<\/span>\n\t\t\t\t\t\t<span itemprop='width'>0<\/span>\n\t\t\t\t<\/span>\n\t\t\t\t<span class='av-structured-data'  itemprop=\"publisher\" itemtype=\"https:\/\/schema.org\/Organization\" itemscope=\"itemscope\" >\n\t\t\t\t\t\t<span itemprop='name'>epp.content<\/span>\n\t\t\t\t\t\t<span itemprop='logo' itemscope itemtype='https:\/\/schema.org\/ImageObject'>\n\t\t\t\t\t\t\t<span itemprop='url'>https:\/\/rechtsanwalt.fr\/wp-content\/uploads\/2024\/05\/logo_header_fr_web.epp_.svg<\/span>\n\t\t\t\t\t\t<\/span>\n\t\t\t\t<\/span><span class='av-structured-data'  itemprop=\"author\" itemscope=\"itemscope\" itemtype=\"https:\/\/schema.org\/Person\" ><span itemprop='name'>epp.content<\/span><\/span><span class='av-structured-data'  itemprop=\"datePublished\" datetime=\"2020-07-03T13:23:53+02:00\" >2020-07-03 13:23:53<\/span><span class='av-structured-data'  itemprop=\"dateModified\" itemtype=\"https:\/\/schema.org\/dateModified\" >2022-03-07 17:44:38<\/span><span class='av-structured-data'  itemprop=\"mainEntityOfPage\" itemtype=\"https:\/\/schema.org\/mainEntityOfPage\" ><span itemprop='name'>CDD en Allemagne&nbsp;: comment calculer la dur\u00e9e maximale autoris\u00e9e de recours \u00e0 des contrats de travail \u00e0 dur\u00e9e d\u00e9termin\u00e9e sans motif objectif&nbsp;?<\/span><\/span><\/span><\/article><article class=\"post-entry post-entry-type-standard post-entry-8083 post-loop-32 post-parity-even bloglist-simple  post-8083 post type-post status-publish format-standard hentry category-archive-2020-fr-droit-social\"  itemscope=\"itemscope\" itemtype=\"https:\/\/schema.org\/BlogPosting\" ><div class=\"blog-meta\"><\/div><div class='entry-content-wrapper clearfix standard-content'><header class=\"entry-content-header\" aria-label=\"Articles : Comit\u00e9 d\u2019entreprise en Allemagne&nbsp;: refus de coop\u00e9ration et dissolution\"><div class=\"av-heading-wrapper\"><span class=\"blog-categories minor-meta\"><a href=\"https:\/\/rechtsanwalt.fr\/fr\/category\/news-archive\/news-archive-2020\/archive-2020-fr-droit-social\/\" rel=\"tag\">Droit social<\/a><\/span><h2 class='post-title entry-title '  itemprop=\"headline\" ><a href=\"https:\/\/rechtsanwalt.fr\/fr\/comite-dentreprise-en-allemagne-refus-de-cooperation-et-dissolution\/\" rel=\"bookmark\" title=\"Lien permanent : Comit\u00e9 d\u2019entreprise en Allemagne&nbsp;: refus de coop\u00e9ration et dissolution\">Comit\u00e9 d\u2019entreprise en Allemagne&nbsp;: refus de coop\u00e9ration et dissolution<span class=\"post-format-icon minor-meta\"><\/span><\/a><\/h2><\/div><\/header><span class=\"post-meta-infos\"><time class=\"date-container minor-meta updated\"  itemprop=\"datePublished\" datetime=\"2020-07-01T17:29:20+02:00\" >1 juillet 2020<\/time><div class=\"read-more-link\"><a href=\"https:\/\/rechtsanwalt.fr\/fr\/comite-dentreprise-en-allemagne-refus-de-cooperation-et-dissolution\/\" class=\"more-link\">Lire la suite<span class='more-link-arrow avia-svg-icon avia-font-svg_entypo-fontello' data-av_svg_icon='right-open-big' data-av_iconset='svg_entypo-fontello'><svg version=\"1.1\" xmlns=\"http:\/\/www.w3.org\/2000\/svg\" width=\"15\" height=\"32\" viewBox=\"0 0 15 32\" preserveAspectRatio=\"xMidYMid meet\" role=\"graphics-symbol\" aria-hidden=\"true\">\n<path d=\"M0.416 27.84l11.456-11.84-11.456-11.904q-0.832-0.832 0-1.536 0.832-0.832 1.536 0l12.544 12.608q0.768 0.832 0 1.6l-12.544 12.608q-0.704 0.832-1.536 0-0.832-0.704 0-1.536z\"><\/path>\n<\/svg><\/span><\/a><\/div><\/span><footer class=\"entry-footer\"><\/footer><div class='post_delimiter'><\/div><\/div><div class=\"post_author_timeline\"><\/div><span class='hidden'>\n\t\t\t\t<span class='av-structured-data'  itemprop=\"image\" itemscope=\"itemscope\" itemtype=\"https:\/\/schema.org\/ImageObject\" >\n\t\t\t\t\t\t<span itemprop='url'>https:\/\/rechtsanwalt.fr\/wp-content\/uploads\/2024\/05\/logo_header_fr_web.epp_.svg<\/span>\n\t\t\t\t\t\t<span itemprop='height'>0<\/span>\n\t\t\t\t\t\t<span itemprop='width'>0<\/span>\n\t\t\t\t<\/span>\n\t\t\t\t<span class='av-structured-data'  itemprop=\"publisher\" itemtype=\"https:\/\/schema.org\/Organization\" itemscope=\"itemscope\" >\n\t\t\t\t\t\t<span itemprop='name'>epp.content<\/span>\n\t\t\t\t\t\t<span itemprop='logo' itemscope itemtype='https:\/\/schema.org\/ImageObject'>\n\t\t\t\t\t\t\t<span itemprop='url'>https:\/\/rechtsanwalt.fr\/wp-content\/uploads\/2024\/05\/logo_header_fr_web.epp_.svg<\/span>\n\t\t\t\t\t\t<\/span>\n\t\t\t\t<\/span><span class='av-structured-data'  itemprop=\"author\" itemscope=\"itemscope\" itemtype=\"https:\/\/schema.org\/Person\" ><span itemprop='name'>epp.content<\/span><\/span><span class='av-structured-data'  itemprop=\"datePublished\" datetime=\"2020-07-01T17:29:20+02:00\" >2020-07-01 17:29:20<\/span><span class='av-structured-data'  itemprop=\"dateModified\" itemtype=\"https:\/\/schema.org\/dateModified\" >2022-03-07 17:44:06<\/span><span class='av-structured-data'  itemprop=\"mainEntityOfPage\" itemtype=\"https:\/\/schema.org\/mainEntityOfPage\" ><span itemprop='name'>Comit\u00e9 d\u2019entreprise en Allemagne&nbsp;: refus de coop\u00e9ration et dissolution<\/span><\/span><\/span><\/article><article class=\"post-entry post-entry-type-standard post-entry-8081 post-loop-33 post-parity-odd bloglist-simple  post-8081 post type-post status-publish format-standard hentry category-archive-2020-fr-droit-social\"  itemscope=\"itemscope\" itemtype=\"https:\/\/schema.org\/BlogPosting\" ><div class=\"blog-meta\"><\/div><div class='entry-content-wrapper clearfix standard-content'><header class=\"entry-content-header\" aria-label=\"Articles : Employeurs en Allemagne&nbsp;: quels avantages non imposables peuvent-ils accorder \u00e0 leurs salari\u00e9s&nbsp;?\"><div class=\"av-heading-wrapper\"><span class=\"blog-categories minor-meta\"><a href=\"https:\/\/rechtsanwalt.fr\/fr\/category\/news-archive\/news-archive-2020\/archive-2020-fr-droit-social\/\" rel=\"tag\">Droit social<\/a><\/span><h2 class='post-title entry-title '  itemprop=\"headline\" ><a href=\"https:\/\/rechtsanwalt.fr\/fr\/employeurs-en-allemagne-quels-avantages-non-imposables-peuvent-ils-accorder-a-leurs-salaries\/\" rel=\"bookmark\" title=\"Lien permanent : Employeurs en Allemagne&nbsp;: quels avantages non imposables peuvent-ils accorder \u00e0 leurs salari\u00e9s&nbsp;?\">Employeurs en Allemagne&nbsp;: quels avantages non imposables peuvent-ils accorder \u00e0 leurs salari\u00e9s&nbsp;?<span class=\"post-format-icon minor-meta\"><\/span><\/a><\/h2><\/div><\/header><span class=\"post-meta-infos\"><time class=\"date-container minor-meta updated\"  itemprop=\"datePublished\" datetime=\"2020-07-01T17:25:19+02:00\" >1 juillet 2020<\/time><div class=\"read-more-link\"><a href=\"https:\/\/rechtsanwalt.fr\/fr\/employeurs-en-allemagne-quels-avantages-non-imposables-peuvent-ils-accorder-a-leurs-salaries\/\" class=\"more-link\">Lire la suite<span class='more-link-arrow avia-svg-icon avia-font-svg_entypo-fontello' data-av_svg_icon='right-open-big' data-av_iconset='svg_entypo-fontello'><svg version=\"1.1\" xmlns=\"http:\/\/www.w3.org\/2000\/svg\" width=\"15\" height=\"32\" viewBox=\"0 0 15 32\" preserveAspectRatio=\"xMidYMid meet\" role=\"graphics-symbol\" aria-hidden=\"true\">\n<path d=\"M0.416 27.84l11.456-11.84-11.456-11.904q-0.832-0.832 0-1.536 0.832-0.832 1.536 0l12.544 12.608q0.768 0.832 0 1.6l-12.544 12.608q-0.704 0.832-1.536 0-0.832-0.704 0-1.536z\"><\/path>\n<\/svg><\/span><\/a><\/div><\/span><footer class=\"entry-footer\"><\/footer><div class='post_delimiter'><\/div><\/div><div class=\"post_author_timeline\"><\/div><span class='hidden'>\n\t\t\t\t<span class='av-structured-data'  itemprop=\"image\" itemscope=\"itemscope\" itemtype=\"https:\/\/schema.org\/ImageObject\" >\n\t\t\t\t\t\t<span itemprop='url'>https:\/\/rechtsanwalt.fr\/wp-content\/uploads\/2024\/05\/logo_header_fr_web.epp_.svg<\/span>\n\t\t\t\t\t\t<span itemprop='height'>0<\/span>\n\t\t\t\t\t\t<span itemprop='width'>0<\/span>\n\t\t\t\t<\/span>\n\t\t\t\t<span class='av-structured-data'  itemprop=\"publisher\" itemtype=\"https:\/\/schema.org\/Organization\" itemscope=\"itemscope\" >\n\t\t\t\t\t\t<span itemprop='name'>epp.content<\/span>\n\t\t\t\t\t\t<span itemprop='logo' itemscope itemtype='https:\/\/schema.org\/ImageObject'>\n\t\t\t\t\t\t\t<span itemprop='url'>https:\/\/rechtsanwalt.fr\/wp-content\/uploads\/2024\/05\/logo_header_fr_web.epp_.svg<\/span>\n\t\t\t\t\t\t<\/span>\n\t\t\t\t<\/span><span class='av-structured-data'  itemprop=\"author\" itemscope=\"itemscope\" itemtype=\"https:\/\/schema.org\/Person\" ><span itemprop='name'>epp.content<\/span><\/span><span class='av-structured-data'  itemprop=\"datePublished\" datetime=\"2020-07-01T17:25:19+02:00\" >2020-07-01 17:25:19<\/span><span class='av-structured-data'  itemprop=\"dateModified\" itemtype=\"https:\/\/schema.org\/dateModified\" >2022-03-07 17:43:25<\/span><span class='av-structured-data'  itemprop=\"mainEntityOfPage\" itemtype=\"https:\/\/schema.org\/mainEntityOfPage\" ><span itemprop='name'>Employeurs en Allemagne&nbsp;: quels avantages non imposables peuvent-ils accorder \u00e0 leurs salari\u00e9s&nbsp;?<\/span><\/span><\/span><\/article><article class=\"post-entry post-entry-type-standard post-entry-7802 post-loop-34 post-parity-even bloglist-simple  post-7802 post type-post status-publish format-standard hentry category-archive-2020-fr-droit-social\"  itemscope=\"itemscope\" itemtype=\"https:\/\/schema.org\/BlogPosting\" ><div class=\"blog-meta\"><\/div><div class='entry-content-wrapper clearfix standard-content'><header class=\"entry-content-header\" aria-label=\"Articles : G\u00e9rant d\u2019une SARL de droit allemand (GmbH)&nbsp;: quand la responsabilit\u00e9 d\u2019un salari\u00e9 peut-elle \u00eatre engag\u00e9e en qualit\u00e9 de dirigeant de fait&nbsp;?\"><div class=\"av-heading-wrapper\"><span class=\"blog-categories minor-meta\"><a href=\"https:\/\/rechtsanwalt.fr\/fr\/category\/news-archive\/news-archive-2020\/archive-2020-fr-droit-social\/\" rel=\"tag\">Droit social<\/a><\/span><h2 class='post-title entry-title '  itemprop=\"headline\" ><a href=\"https:\/\/rechtsanwalt.fr\/fr\/gerant-dune-sarl-de-droit-allemand-gmbh-quand-la-responsabilite-dun-salarie-peut-elle-etre-engagee-en-qualite-de-dirigeant-de-fait\/\" rel=\"bookmark\" title=\"Lien permanent : G\u00e9rant d\u2019une SARL de droit allemand (GmbH)&nbsp;: quand la responsabilit\u00e9 d\u2019un salari\u00e9 peut-elle \u00eatre engag\u00e9e en qualit\u00e9 de dirigeant de fait&nbsp;?\">G\u00e9rant d\u2019une SARL de droit allemand (GmbH)&nbsp;: quand la responsabilit\u00e9 d\u2019un salari\u00e9 peut-elle \u00eatre engag\u00e9e en qualit\u00e9 de dirigeant de fait&nbsp;?<span class=\"post-format-icon minor-meta\"><\/span><\/a><\/h2><\/div><\/header><span class=\"post-meta-infos\"><time class=\"date-container minor-meta updated\"  itemprop=\"datePublished\" datetime=\"2020-06-25T09:42:51+02:00\" >25 juin 2020<\/time><div class=\"read-more-link\"><a href=\"https:\/\/rechtsanwalt.fr\/fr\/gerant-dune-sarl-de-droit-allemand-gmbh-quand-la-responsabilite-dun-salarie-peut-elle-etre-engagee-en-qualite-de-dirigeant-de-fait\/\" class=\"more-link\">Lire la suite<span class='more-link-arrow avia-svg-icon avia-font-svg_entypo-fontello' data-av_svg_icon='right-open-big' data-av_iconset='svg_entypo-fontello'><svg version=\"1.1\" xmlns=\"http:\/\/www.w3.org\/2000\/svg\" width=\"15\" height=\"32\" viewBox=\"0 0 15 32\" preserveAspectRatio=\"xMidYMid meet\" role=\"graphics-symbol\" aria-hidden=\"true\">\n<path d=\"M0.416 27.84l11.456-11.84-11.456-11.904q-0.832-0.832 0-1.536 0.832-0.832 1.536 0l12.544 12.608q0.768 0.832 0 1.6l-12.544 12.608q-0.704 0.832-1.536 0-0.832-0.704 0-1.536z\"><\/path>\n<\/svg><\/span><\/a><\/div><\/span><footer class=\"entry-footer\"><\/footer><div class='post_delimiter'><\/div><\/div><div class=\"post_author_timeline\"><\/div><span class='hidden'>\n\t\t\t\t<span class='av-structured-data'  itemprop=\"image\" itemscope=\"itemscope\" itemtype=\"https:\/\/schema.org\/ImageObject\" >\n\t\t\t\t\t\t<span itemprop='url'>https:\/\/rechtsanwalt.fr\/wp-content\/uploads\/2024\/05\/logo_header_fr_web.epp_.svg<\/span>\n\t\t\t\t\t\t<span itemprop='height'>0<\/span>\n\t\t\t\t\t\t<span itemprop='width'>0<\/span>\n\t\t\t\t<\/span>\n\t\t\t\t<span class='av-structured-data'  itemprop=\"publisher\" itemtype=\"https:\/\/schema.org\/Organization\" itemscope=\"itemscope\" >\n\t\t\t\t\t\t<span itemprop='name'>epp.content<\/span>\n\t\t\t\t\t\t<span itemprop='logo' itemscope itemtype='https:\/\/schema.org\/ImageObject'>\n\t\t\t\t\t\t\t<span itemprop='url'>https:\/\/rechtsanwalt.fr\/wp-content\/uploads\/2024\/05\/logo_header_fr_web.epp_.svg<\/span>\n\t\t\t\t\t\t<\/span>\n\t\t\t\t<\/span><span class='av-structured-data'  itemprop=\"author\" itemscope=\"itemscope\" itemtype=\"https:\/\/schema.org\/Person\" ><span itemprop='name'>epp.content<\/span><\/span><span class='av-structured-data'  itemprop=\"datePublished\" datetime=\"2020-06-25T09:42:51+02:00\" >2020-06-25 09:42:51<\/span><span class='av-structured-data'  itemprop=\"dateModified\" itemtype=\"https:\/\/schema.org\/dateModified\" >2022-03-07 17:42:45<\/span><span class='av-structured-data'  itemprop=\"mainEntityOfPage\" itemtype=\"https:\/\/schema.org\/mainEntityOfPage\" ><span itemprop='name'>G\u00e9rant d\u2019une SARL de droit allemand (GmbH)&nbsp;: quand la responsabilit\u00e9 d\u2019un salari\u00e9 peut-elle \u00eatre engag\u00e9e en qualit\u00e9 de dirigeant de fait&nbsp;?<\/span><\/span><\/span><\/article><article class=\"post-entry post-entry-type-standard post-entry-7800 post-loop-35 post-parity-odd bloglist-simple  post-7800 post type-post status-publish format-standard hentry category-archive-2020-fr-droit-social\"  itemscope=\"itemscope\" itemtype=\"https:\/\/schema.org\/BlogPosting\" ><div class=\"blog-meta\"><\/div><div class='entry-content-wrapper clearfix standard-content'><header class=\"entry-content-header\" aria-label=\"Articles : Employeurs en Allemagne : ordonner une interdiction temporaire de prise des cong\u00e9s n\u2019exon\u00e8re pas de l\u2019obligation de justifier d\u2019un motif l\u00e9gitime pour refuser \u00e0 un salari\u00e9 de prendre des cong\u00e9s\"><div class=\"av-heading-wrapper\"><span class=\"blog-categories minor-meta\"><a href=\"https:\/\/rechtsanwalt.fr\/fr\/category\/news-archive\/news-archive-2020\/archive-2020-fr-droit-social\/\" rel=\"tag\">Droit social<\/a><\/span><h2 class='post-title entry-title '  itemprop=\"headline\" ><a href=\"https:\/\/rechtsanwalt.fr\/fr\/employeurs-en-allemagne-ordonner-une-interdiction-temporaire-de-prise-des-conges-nexonere-pas-de-lobligation-de-justifier-dun-motif-legitime-pour-refuser-a-un-salarie-de-p\/\" rel=\"bookmark\" title=\"Lien permanent : Employeurs en Allemagne : ordonner une interdiction temporaire de prise des cong\u00e9s n\u2019exon\u00e8re pas de l\u2019obligation de justifier d\u2019un motif l\u00e9gitime pour refuser \u00e0 un salari\u00e9 de prendre des cong\u00e9s\">Employeurs en Allemagne : ordonner une interdiction temporaire de prise des cong\u00e9s n\u2019exon\u00e8re pas de l\u2019obligation de justifier d\u2019un motif l\u00e9gitime pour refuser \u00e0 un salari\u00e9 de prendre des cong\u00e9s<span class=\"post-format-icon minor-meta\"><\/span><\/a><\/h2><\/div><\/header><span class=\"post-meta-infos\"><time class=\"date-container minor-meta updated\"  itemprop=\"datePublished\" datetime=\"2020-06-25T09:41:11+02:00\" >25 juin 2020<\/time><div class=\"read-more-link\"><a href=\"https:\/\/rechtsanwalt.fr\/fr\/employeurs-en-allemagne-ordonner-une-interdiction-temporaire-de-prise-des-conges-nexonere-pas-de-lobligation-de-justifier-dun-motif-legitime-pour-refuser-a-un-salarie-de-p\/\" class=\"more-link\">Lire la suite<span class='more-link-arrow avia-svg-icon avia-font-svg_entypo-fontello' data-av_svg_icon='right-open-big' data-av_iconset='svg_entypo-fontello'><svg version=\"1.1\" xmlns=\"http:\/\/www.w3.org\/2000\/svg\" width=\"15\" height=\"32\" viewBox=\"0 0 15 32\" preserveAspectRatio=\"xMidYMid meet\" role=\"graphics-symbol\" aria-hidden=\"true\">\n<path d=\"M0.416 27.84l11.456-11.84-11.456-11.904q-0.832-0.832 0-1.536 0.832-0.832 1.536 0l12.544 12.608q0.768 0.832 0 1.6l-12.544 12.608q-0.704 0.832-1.536 0-0.832-0.704 0-1.536z\"><\/path>\n<\/svg><\/span><\/a><\/div><\/span><footer class=\"entry-footer\"><\/footer><div class='post_delimiter'><\/div><\/div><div class=\"post_author_timeline\"><\/div><span class='hidden'>\n\t\t\t\t<span class='av-structured-data'  itemprop=\"image\" itemscope=\"itemscope\" itemtype=\"https:\/\/schema.org\/ImageObject\" >\n\t\t\t\t\t\t<span itemprop='url'>https:\/\/rechtsanwalt.fr\/wp-content\/uploads\/2024\/05\/logo_header_fr_web.epp_.svg<\/span>\n\t\t\t\t\t\t<span itemprop='height'>0<\/span>\n\t\t\t\t\t\t<span itemprop='width'>0<\/span>\n\t\t\t\t<\/span>\n\t\t\t\t<span class='av-structured-data'  itemprop=\"publisher\" itemtype=\"https:\/\/schema.org\/Organization\" itemscope=\"itemscope\" >\n\t\t\t\t\t\t<span itemprop='name'>epp.content<\/span>\n\t\t\t\t\t\t<span itemprop='logo' itemscope itemtype='https:\/\/schema.org\/ImageObject'>\n\t\t\t\t\t\t\t<span itemprop='url'>https:\/\/rechtsanwalt.fr\/wp-content\/uploads\/2024\/05\/logo_header_fr_web.epp_.svg<\/span>\n\t\t\t\t\t\t<\/span>\n\t\t\t\t<\/span><span class='av-structured-data'  itemprop=\"author\" itemscope=\"itemscope\" itemtype=\"https:\/\/schema.org\/Person\" ><span itemprop='name'>epp.content<\/span><\/span><span class='av-structured-data'  itemprop=\"datePublished\" datetime=\"2020-06-25T09:41:11+02:00\" >2020-06-25 09:41:11<\/span><span class='av-structured-data'  itemprop=\"dateModified\" itemtype=\"https:\/\/schema.org\/dateModified\" >2022-03-07 17:42:05<\/span><span class='av-structured-data'  itemprop=\"mainEntityOfPage\" itemtype=\"https:\/\/schema.org\/mainEntityOfPage\" ><span itemprop='name'>Employeurs en Allemagne : ordonner une interdiction temporaire de prise des cong\u00e9s n\u2019exon\u00e8re pas de l\u2019obligation de justifier d\u2019un motif l\u00e9gitime pour refuser \u00e0 un salari\u00e9 de prendre des cong\u00e9s<\/span><\/span><\/span><\/article><article class=\"post-entry post-entry-type-standard post-entry-7499 post-loop-36 post-parity-even bloglist-simple  post-7499 post type-post status-publish format-standard hentry category-archive-2020-fr-droit-des-societes\"  itemscope=\"itemscope\" itemtype=\"https:\/\/schema.org\/BlogPosting\" ><div class=\"blog-meta\"><\/div><div class='entry-content-wrapper clearfix standard-content'><header class=\"entry-content-header\" aria-label=\"Articles : G\u00e9rant d\u2019une GmbH&nbsp;: r\u00e9siliation sans pr\u00e9avis du contrat de mandat\"><div class=\"av-heading-wrapper\"><span class=\"blog-categories minor-meta\"><a href=\"https:\/\/rechtsanwalt.fr\/fr\/category\/news-archive\/news-archive-2020\/archive-2020-fr-droit-des-societes\/\" rel=\"tag\">Droit des soci\u00e9t\u00e9s<\/a><\/span><h2 class='post-title entry-title '  itemprop=\"headline\" ><a href=\"https:\/\/rechtsanwalt.fr\/fr\/gerant-dune-gmbh-en-allemagne-resiliation-sans-preavis-du-contrat-de-mandat\/\" rel=\"bookmark\" title=\"Lien permanent : G\u00e9rant d\u2019une GmbH&nbsp;: r\u00e9siliation sans pr\u00e9avis du contrat de mandat\">G\u00e9rant d\u2019une GmbH&nbsp;: r\u00e9siliation sans pr\u00e9avis du contrat de mandat<span class=\"post-format-icon minor-meta\"><\/span><\/a><\/h2><\/div><\/header><span class=\"post-meta-infos\"><time class=\"date-container minor-meta updated\"  itemprop=\"datePublished\" datetime=\"2020-06-18T17:03:50+02:00\" >18 juin 2020<\/time><div class=\"read-more-link\"><a href=\"https:\/\/rechtsanwalt.fr\/fr\/gerant-dune-gmbh-en-allemagne-resiliation-sans-preavis-du-contrat-de-mandat\/\" class=\"more-link\">Lire la suite<span class='more-link-arrow avia-svg-icon avia-font-svg_entypo-fontello' data-av_svg_icon='right-open-big' data-av_iconset='svg_entypo-fontello'><svg version=\"1.1\" xmlns=\"http:\/\/www.w3.org\/2000\/svg\" width=\"15\" height=\"32\" viewBox=\"0 0 15 32\" preserveAspectRatio=\"xMidYMid meet\" role=\"graphics-symbol\" aria-hidden=\"true\">\n<path d=\"M0.416 27.84l11.456-11.84-11.456-11.904q-0.832-0.832 0-1.536 0.832-0.832 1.536 0l12.544 12.608q0.768 0.832 0 1.6l-12.544 12.608q-0.704 0.832-1.536 0-0.832-0.704 0-1.536z\"><\/path>\n<\/svg><\/span><\/a><\/div><\/span><footer class=\"entry-footer\"><\/footer><div class='post_delimiter'><\/div><\/div><div class=\"post_author_timeline\"><\/div><span class='hidden'>\n\t\t\t\t<span class='av-structured-data'  itemprop=\"image\" itemscope=\"itemscope\" itemtype=\"https:\/\/schema.org\/ImageObject\" >\n\t\t\t\t\t\t<span itemprop='url'>https:\/\/rechtsanwalt.fr\/wp-content\/uploads\/2024\/05\/logo_header_fr_web.epp_.svg<\/span>\n\t\t\t\t\t\t<span itemprop='height'>0<\/span>\n\t\t\t\t\t\t<span itemprop='width'>0<\/span>\n\t\t\t\t<\/span>\n\t\t\t\t<span class='av-structured-data'  itemprop=\"publisher\" itemtype=\"https:\/\/schema.org\/Organization\" itemscope=\"itemscope\" >\n\t\t\t\t\t\t<span itemprop='name'>epp.content<\/span>\n\t\t\t\t\t\t<span itemprop='logo' itemscope itemtype='https:\/\/schema.org\/ImageObject'>\n\t\t\t\t\t\t\t<span itemprop='url'>https:\/\/rechtsanwalt.fr\/wp-content\/uploads\/2024\/05\/logo_header_fr_web.epp_.svg<\/span>\n\t\t\t\t\t\t<\/span>\n\t\t\t\t<\/span><span class='av-structured-data'  itemprop=\"author\" itemscope=\"itemscope\" itemtype=\"https:\/\/schema.org\/Person\" ><span itemprop='name'>epp.content<\/span><\/span><span class='av-structured-data'  itemprop=\"datePublished\" datetime=\"2020-06-18T17:03:50+02:00\" >2020-06-18 17:03:50<\/span><span class='av-structured-data'  itemprop=\"dateModified\" itemtype=\"https:\/\/schema.org\/dateModified\" >2022-03-07 17:41:19<\/span><span class='av-structured-data'  itemprop=\"mainEntityOfPage\" itemtype=\"https:\/\/schema.org\/mainEntityOfPage\" ><span itemprop='name'>G\u00e9rant d\u2019une GmbH&nbsp;: r\u00e9siliation sans pr\u00e9avis du contrat de mandat<\/span><\/span><\/span><\/article><article class=\"post-entry post-entry-type-standard post-entry-7487 post-loop-37 post-parity-odd bloglist-simple  post-7487 post type-post status-publish format-standard hentry category-archive-2020-fr-droit-social\"  itemscope=\"itemscope\" itemtype=\"https:\/\/schema.org\/BlogPosting\" ><div class=\"blog-meta\"><\/div><div class='entry-content-wrapper clearfix standard-content'><header class=\"entry-content-header\" aria-label=\"Articles : Conclusion d\u2019un contrat de travail \u00e0 dur\u00e9e d\u00e9termin\u00e9e sans motif objectif en Allemagne : pas d\u2019interdiction de r\u00e9embauche d\u2019un ancien salari\u00e9 apr\u00e8s une p\u00e9riode de 22 ans\"><div class=\"av-heading-wrapper\"><span class=\"blog-categories minor-meta\"><a href=\"https:\/\/rechtsanwalt.fr\/fr\/category\/news-archive\/news-archive-2020\/archive-2020-fr-droit-social\/\" rel=\"tag\">Droit social<\/a><\/span><h2 class='post-title entry-title '  itemprop=\"headline\" ><a href=\"https:\/\/rechtsanwalt.fr\/fr\/conclusion-dun-contrat-de-travail-a-duree-determinee-sans-motif-objectif-en-allemagne-pas-dinterdiction-de-reembauche-dun-ancien-salarie-apres-une-periode-de-22-ans\/\" rel=\"bookmark\" title=\"Lien permanent : Conclusion d\u2019un contrat de travail \u00e0 dur\u00e9e d\u00e9termin\u00e9e sans motif objectif en Allemagne : pas d\u2019interdiction de r\u00e9embauche d\u2019un ancien salari\u00e9 apr\u00e8s une p\u00e9riode de 22 ans\">Conclusion d\u2019un contrat de travail \u00e0 dur\u00e9e d\u00e9termin\u00e9e sans motif objectif en Allemagne : pas d\u2019interdiction de r\u00e9embauche d\u2019un ancien salari\u00e9 apr\u00e8s une p\u00e9riode de 22 ans<span class=\"post-format-icon minor-meta\"><\/span><\/a><\/h2><\/div><\/header><span class=\"post-meta-infos\"><time class=\"date-container minor-meta updated\"  itemprop=\"datePublished\" datetime=\"2020-06-18T16:47:02+02:00\" >18 juin 2020<\/time><div class=\"read-more-link\"><a href=\"https:\/\/rechtsanwalt.fr\/fr\/conclusion-dun-contrat-de-travail-a-duree-determinee-sans-motif-objectif-en-allemagne-pas-dinterdiction-de-reembauche-dun-ancien-salarie-apres-une-periode-de-22-ans\/\" class=\"more-link\">Lire la suite<span class='more-link-arrow avia-svg-icon avia-font-svg_entypo-fontello' data-av_svg_icon='right-open-big' data-av_iconset='svg_entypo-fontello'><svg version=\"1.1\" xmlns=\"http:\/\/www.w3.org\/2000\/svg\" width=\"15\" height=\"32\" viewBox=\"0 0 15 32\" preserveAspectRatio=\"xMidYMid meet\" role=\"graphics-symbol\" aria-hidden=\"true\">\n<path d=\"M0.416 27.84l11.456-11.84-11.456-11.904q-0.832-0.832 0-1.536 0.832-0.832 1.536 0l12.544 12.608q0.768 0.832 0 1.6l-12.544 12.608q-0.704 0.832-1.536 0-0.832-0.704 0-1.536z\"><\/path>\n<\/svg><\/span><\/a><\/div><\/span><footer class=\"entry-footer\"><\/footer><div class='post_delimiter'><\/div><\/div><div class=\"post_author_timeline\"><\/div><span class='hidden'>\n\t\t\t\t<span class='av-structured-data'  itemprop=\"image\" itemscope=\"itemscope\" itemtype=\"https:\/\/schema.org\/ImageObject\" >\n\t\t\t\t\t\t<span itemprop='url'>https:\/\/rechtsanwalt.fr\/wp-content\/uploads\/2024\/05\/logo_header_fr_web.epp_.svg<\/span>\n\t\t\t\t\t\t<span itemprop='height'>0<\/span>\n\t\t\t\t\t\t<span itemprop='width'>0<\/span>\n\t\t\t\t<\/span>\n\t\t\t\t<span class='av-structured-data'  itemprop=\"publisher\" itemtype=\"https:\/\/schema.org\/Organization\" itemscope=\"itemscope\" >\n\t\t\t\t\t\t<span itemprop='name'>epp.content<\/span>\n\t\t\t\t\t\t<span itemprop='logo' itemscope itemtype='https:\/\/schema.org\/ImageObject'>\n\t\t\t\t\t\t\t<span itemprop='url'>https:\/\/rechtsanwalt.fr\/wp-content\/uploads\/2024\/05\/logo_header_fr_web.epp_.svg<\/span>\n\t\t\t\t\t\t<\/span>\n\t\t\t\t<\/span><span class='av-structured-data'  itemprop=\"author\" itemscope=\"itemscope\" itemtype=\"https:\/\/schema.org\/Person\" ><span itemprop='name'>epp.content<\/span><\/span><span class='av-structured-data'  itemprop=\"datePublished\" datetime=\"2020-06-18T16:47:02+02:00\" >2020-06-18 16:47:02<\/span><span class='av-structured-data'  itemprop=\"dateModified\" itemtype=\"https:\/\/schema.org\/dateModified\" >2022-03-07 17:40:29<\/span><span class='av-structured-data'  itemprop=\"mainEntityOfPage\" itemtype=\"https:\/\/schema.org\/mainEntityOfPage\" ><span itemprop='name'>Conclusion d\u2019un contrat de travail \u00e0 dur\u00e9e d\u00e9termin\u00e9e sans motif objectif en Allemagne : pas d\u2019interdiction de r\u00e9embauche d\u2019un ancien salari\u00e9 apr\u00e8s une p\u00e9riode de 22 ans<\/span><\/span><\/span><\/article><article class=\"post-entry post-entry-type-standard post-entry-7476 post-loop-38 post-parity-even bloglist-simple  post-7476 post type-post status-publish format-standard hentry category-archive-2020-fr-droit-social\"  itemscope=\"itemscope\" itemtype=\"https:\/\/schema.org\/BlogPosting\" ><div class=\"blog-meta\"><\/div><div class='entry-content-wrapper clearfix standard-content'><header class=\"entry-content-header\" aria-label=\"Articles : Employeurs en Allemagne : obligation d\u2019information de l\u2019employeur envers les salari\u00e9s en arr\u00eat longue maladie concernant la perte de leurs droits \u00e0 cong\u00e9s pay\u00e9s\"><div class=\"av-heading-wrapper\"><span class=\"blog-categories minor-meta\"><a href=\"https:\/\/rechtsanwalt.fr\/fr\/category\/news-archive\/news-archive-2020\/archive-2020-fr-droit-social\/\" rel=\"tag\">Droit social<\/a><\/span><h2 class='post-title entry-title '  itemprop=\"headline\" ><a href=\"https:\/\/rechtsanwalt.fr\/fr\/employeurs-en-allemagne-obligation-dinformation-de-lemployeur-envers-les-salaries-en-arret-longue-maladie-concernant-la-perte-de-leurs-droits-a-conges-payes\/\" rel=\"bookmark\" title=\"Lien permanent : Employeurs en Allemagne : obligation d\u2019information de l\u2019employeur envers les salari\u00e9s en arr\u00eat longue maladie concernant la perte de leurs droits \u00e0 cong\u00e9s pay\u00e9s\">Employeurs en Allemagne : obligation d\u2019information de l\u2019employeur envers les salari\u00e9s en arr\u00eat longue maladie concernant la perte de leurs droits \u00e0 cong\u00e9s pay\u00e9s<span class=\"post-format-icon minor-meta\"><\/span><\/a><\/h2><\/div><\/header><span class=\"post-meta-infos\"><time class=\"date-container minor-meta updated\"  itemprop=\"datePublished\" datetime=\"2020-06-18T16:36:51+02:00\" >18 juin 2020<\/time><div class=\"read-more-link\"><a href=\"https:\/\/rechtsanwalt.fr\/fr\/employeurs-en-allemagne-obligation-dinformation-de-lemployeur-envers-les-salaries-en-arret-longue-maladie-concernant-la-perte-de-leurs-droits-a-conges-payes\/\" class=\"more-link\">Lire la suite<span class='more-link-arrow avia-svg-icon avia-font-svg_entypo-fontello' data-av_svg_icon='right-open-big' data-av_iconset='svg_entypo-fontello'><svg version=\"1.1\" xmlns=\"http:\/\/www.w3.org\/2000\/svg\" width=\"15\" height=\"32\" viewBox=\"0 0 15 32\" preserveAspectRatio=\"xMidYMid meet\" role=\"graphics-symbol\" aria-hidden=\"true\">\n<path d=\"M0.416 27.84l11.456-11.84-11.456-11.904q-0.832-0.832 0-1.536 0.832-0.832 1.536 0l12.544 12.608q0.768 0.832 0 1.6l-12.544 12.608q-0.704 0.832-1.536 0-0.832-0.704 0-1.536z\"><\/path>\n<\/svg><\/span><\/a><\/div><\/span><footer class=\"entry-footer\"><\/footer><div class='post_delimiter'><\/div><\/div><div class=\"post_author_timeline\"><\/div><span class='hidden'>\n\t\t\t\t<span class='av-structured-data'  itemprop=\"image\" itemscope=\"itemscope\" itemtype=\"https:\/\/schema.org\/ImageObject\" >\n\t\t\t\t\t\t<span itemprop='url'>https:\/\/rechtsanwalt.fr\/wp-content\/uploads\/2024\/05\/logo_header_fr_web.epp_.svg<\/span>\n\t\t\t\t\t\t<span itemprop='height'>0<\/span>\n\t\t\t\t\t\t<span itemprop='width'>0<\/span>\n\t\t\t\t<\/span>\n\t\t\t\t<span class='av-structured-data'  itemprop=\"publisher\" itemtype=\"https:\/\/schema.org\/Organization\" itemscope=\"itemscope\" >\n\t\t\t\t\t\t<span itemprop='name'>epp.content<\/span>\n\t\t\t\t\t\t<span itemprop='logo' itemscope itemtype='https:\/\/schema.org\/ImageObject'>\n\t\t\t\t\t\t\t<span itemprop='url'>https:\/\/rechtsanwalt.fr\/wp-content\/uploads\/2024\/05\/logo_header_fr_web.epp_.svg<\/span>\n\t\t\t\t\t\t<\/span>\n\t\t\t\t<\/span><span class='av-structured-data'  itemprop=\"author\" itemscope=\"itemscope\" itemtype=\"https:\/\/schema.org\/Person\" ><span itemprop='name'>epp.content<\/span><\/span><span class='av-structured-data'  itemprop=\"datePublished\" datetime=\"2020-06-18T16:36:51+02:00\" >2020-06-18 16:36:51<\/span><span class='av-structured-data'  itemprop=\"dateModified\" itemtype=\"https:\/\/schema.org\/dateModified\" >2022-03-07 17:39:48<\/span><span class='av-structured-data'  itemprop=\"mainEntityOfPage\" itemtype=\"https:\/\/schema.org\/mainEntityOfPage\" ><span itemprop='name'>Employeurs en Allemagne : obligation d\u2019information de l\u2019employeur envers les salari\u00e9s en arr\u00eat longue maladie concernant la perte de leurs droits \u00e0 cong\u00e9s pay\u00e9s<\/span><\/span><\/span><\/article><article class=\"post-entry post-entry-type-standard post-entry-7237 post-loop-39 post-parity-odd bloglist-simple  post-7237 post type-post status-publish format-standard hentry category-archive-2020-fr-communique\"  itemscope=\"itemscope\" itemtype=\"https:\/\/schema.org\/BlogPosting\" ><div class=\"blog-meta\"><\/div><div class='entry-content-wrapper clearfix standard-content'><header class=\"entry-content-header\" aria-label=\"Articles : Nouveau nom, nouveau site, m\u00eame \u00e9quipe\"><div class=\"av-heading-wrapper\"><span class=\"blog-categories minor-meta\"><a href=\"https:\/\/rechtsanwalt.fr\/fr\/category\/news-archive\/news-archive-2020\/archive-2020-fr-communique\/\" rel=\"tag\">Communiqu\u00e9<\/a><\/span><h2 class='post-title entry-title '  itemprop=\"headline\" ><a href=\"https:\/\/rechtsanwalt.fr\/fr\/nouveau-nom-nouveau-site-meme-equipe\/\" rel=\"bookmark\" title=\"Lien permanent : Nouveau nom, nouveau site, m\u00eame \u00e9quipe\">Nouveau nom, nouveau site, m\u00eame \u00e9quipe<span class=\"post-format-icon minor-meta\"><\/span><\/a><\/h2><\/div><\/header><span class=\"post-meta-infos\"><time class=\"date-container minor-meta updated\"  itemprop=\"datePublished\" datetime=\"2020-06-05T16:56:59+02:00\" >5 juin 2020<\/time><div class=\"read-more-link\"><a href=\"https:\/\/rechtsanwalt.fr\/fr\/nouveau-nom-nouveau-site-meme-equipe\/\" class=\"more-link\">Lire la suite<span class='more-link-arrow avia-svg-icon avia-font-svg_entypo-fontello' data-av_svg_icon='right-open-big' data-av_iconset='svg_entypo-fontello'><svg version=\"1.1\" xmlns=\"http:\/\/www.w3.org\/2000\/svg\" width=\"15\" height=\"32\" viewBox=\"0 0 15 32\" preserveAspectRatio=\"xMidYMid meet\" role=\"graphics-symbol\" aria-hidden=\"true\">\n<path d=\"M0.416 27.84l11.456-11.84-11.456-11.904q-0.832-0.832 0-1.536 0.832-0.832 1.536 0l12.544 12.608q0.768 0.832 0 1.6l-12.544 12.608q-0.704 0.832-1.536 0-0.832-0.704 0-1.536z\"><\/path>\n<\/svg><\/span><\/a><\/div><\/span><footer class=\"entry-footer\"><\/footer><div class='post_delimiter'><\/div><\/div><div class=\"post_author_timeline\"><\/div><span class='hidden'>\n\t\t\t\t<span class='av-structured-data'  itemprop=\"image\" itemscope=\"itemscope\" itemtype=\"https:\/\/schema.org\/ImageObject\" >\n\t\t\t\t\t\t<span itemprop='url'>https:\/\/rechtsanwalt.fr\/wp-content\/uploads\/2024\/05\/logo_header_fr_web.epp_.svg<\/span>\n\t\t\t\t\t\t<span itemprop='height'>0<\/span>\n\t\t\t\t\t\t<span itemprop='width'>0<\/span>\n\t\t\t\t<\/span>\n\t\t\t\t<span class='av-structured-data'  itemprop=\"publisher\" itemtype=\"https:\/\/schema.org\/Organization\" itemscope=\"itemscope\" >\n\t\t\t\t\t\t<span itemprop='name'>epp.content<\/span>\n\t\t\t\t\t\t<span itemprop='logo' itemscope itemtype='https:\/\/schema.org\/ImageObject'>\n\t\t\t\t\t\t\t<span itemprop='url'>https:\/\/rechtsanwalt.fr\/wp-content\/uploads\/2024\/05\/logo_header_fr_web.epp_.svg<\/span>\n\t\t\t\t\t\t<\/span>\n\t\t\t\t<\/span><span class='av-structured-data'  itemprop=\"author\" itemscope=\"itemscope\" itemtype=\"https:\/\/schema.org\/Person\" ><span itemprop='name'>epp.content<\/span><\/span><span class='av-structured-data'  itemprop=\"datePublished\" datetime=\"2020-06-05T16:56:59+02:00\" >2020-06-05 16:56:59<\/span><span class='av-structured-data'  itemprop=\"dateModified\" itemtype=\"https:\/\/schema.org\/dateModified\" >2022-03-07 17:39:02<\/span><span class='av-structured-data'  itemprop=\"mainEntityOfPage\" itemtype=\"https:\/\/schema.org\/mainEntityOfPage\" ><span itemprop='name'>Nouveau nom, nouveau site, m\u00eame \u00e9quipe<\/span><\/span><\/span><\/article><article class=\"post-entry post-entry-type-standard post-entry-7268 post-loop-40 post-parity-even bloglist-simple  post-7268 post type-post status-publish format-standard hentry category-archive-2020-fr-corona category-archive-2020-fr-droit-social\"  itemscope=\"itemscope\" itemtype=\"https:\/\/schema.org\/BlogPosting\" ><div class=\"blog-meta\"><\/div><div class='entry-content-wrapper clearfix standard-content'><header class=\"entry-content-header\" aria-label=\"Articles : \ufeff\ufeffCrise du Coronavirus en Allemagne\"><div class=\"av-heading-wrapper\"><span class=\"blog-categories minor-meta\"><a href=\"https:\/\/rechtsanwalt.fr\/fr\/category\/news-archive\/news-archive-2020\/archive-2020-fr-corona\/\" rel=\"tag\">Corona<\/a>, <a href=\"https:\/\/rechtsanwalt.fr\/fr\/category\/news-archive\/news-archive-2020\/archive-2020-fr-droit-social\/\" rel=\"tag\">Droit social<\/a><\/span><h2 class='post-title entry-title '  itemprop=\"headline\" ><a href=\"https:\/\/rechtsanwalt.fr\/fr\/crise-du-coronavirus-en-allemagne\/\" rel=\"bookmark\" title=\"Lien permanent : \ufeff\ufeffCrise du Coronavirus en Allemagne\">\ufeff\ufeffCrise du Coronavirus en Allemagne<span class=\"post-format-icon minor-meta\"><\/span><\/a><\/h2><\/div><\/header><span class=\"post-meta-infos\"><time class=\"date-container minor-meta updated\"  itemprop=\"datePublished\" datetime=\"2020-04-24T17:03:00+02:00\" >24 avril 2020<\/time><div class=\"read-more-link\"><a href=\"https:\/\/rechtsanwalt.fr\/fr\/crise-du-coronavirus-en-allemagne\/\" class=\"more-link\">Lire la suite<span class='more-link-arrow avia-svg-icon avia-font-svg_entypo-fontello' data-av_svg_icon='right-open-big' data-av_iconset='svg_entypo-fontello'><svg version=\"1.1\" xmlns=\"http:\/\/www.w3.org\/2000\/svg\" width=\"15\" height=\"32\" viewBox=\"0 0 15 32\" preserveAspectRatio=\"xMidYMid meet\" role=\"graphics-symbol\" aria-hidden=\"true\">\n<path d=\"M0.416 27.84l11.456-11.84-11.456-11.904q-0.832-0.832 0-1.536 0.832-0.832 1.536 0l12.544 12.608q0.768 0.832 0 1.6l-12.544 12.608q-0.704 0.832-1.536 0-0.832-0.704 0-1.536z\"><\/path>\n<\/svg><\/span><\/a><\/div><\/span><footer class=\"entry-footer\"><\/footer><div class='post_delimiter'><\/div><\/div><div class=\"post_author_timeline\"><\/div><span class='hidden'>\n\t\t\t\t<span class='av-structured-data'  itemprop=\"image\" itemscope=\"itemscope\" itemtype=\"https:\/\/schema.org\/ImageObject\" >\n\t\t\t\t\t\t<span itemprop='url'>https:\/\/rechtsanwalt.fr\/wp-content\/uploads\/2024\/05\/logo_header_fr_web.epp_.svg<\/span>\n\t\t\t\t\t\t<span itemprop='height'>0<\/span>\n\t\t\t\t\t\t<span itemprop='width'>0<\/span>\n\t\t\t\t<\/span>\n\t\t\t\t<span class='av-structured-data'  itemprop=\"publisher\" itemtype=\"https:\/\/schema.org\/Organization\" itemscope=\"itemscope\" >\n\t\t\t\t\t\t<span itemprop='name'>epp.content<\/span>\n\t\t\t\t\t\t<span itemprop='logo' itemscope itemtype='https:\/\/schema.org\/ImageObject'>\n\t\t\t\t\t\t\t<span itemprop='url'>https:\/\/rechtsanwalt.fr\/wp-content\/uploads\/2024\/05\/logo_header_fr_web.epp_.svg<\/span>\n\t\t\t\t\t\t<\/span>\n\t\t\t\t<\/span><span class='av-structured-data'  itemprop=\"author\" itemscope=\"itemscope\" itemtype=\"https:\/\/schema.org\/Person\" ><span itemprop='name'>epp.content<\/span><\/span><span class='av-structured-data'  itemprop=\"datePublished\" datetime=\"2020-04-24T17:03:00+02:00\" >2020-04-24 17:03:00<\/span><span class='av-structured-data'  itemprop=\"dateModified\" itemtype=\"https:\/\/schema.org\/dateModified\" >2022-03-07 17:38:23<\/span><span class='av-structured-data'  itemprop=\"mainEntityOfPage\" itemtype=\"https:\/\/schema.org\/mainEntityOfPage\" ><span itemprop='name'>\ufeff\ufeffCrise du Coronavirus en Allemagne<\/span><\/span><\/span><\/article><article class=\"post-entry post-entry-type-standard post-entry-7277 post-loop-41 post-parity-odd bloglist-simple  post-7277 post type-post status-publish format-standard hentry category-archive-2020-fr-corona category-archive-2020-fr-procedures-collectives\"  itemscope=\"itemscope\" itemtype=\"https:\/\/schema.org\/BlogPosting\" ><div class=\"blog-meta\"><\/div><div class='entry-content-wrapper clearfix standard-content'><header class=\"entry-content-header\" aria-label=\"Articles : Crise du coronavirus en Allemagne\"><div class=\"av-heading-wrapper\"><span class=\"blog-categories minor-meta\"><a href=\"https:\/\/rechtsanwalt.fr\/fr\/category\/news-archive\/news-archive-2020\/archive-2020-fr-corona\/\" rel=\"tag\">Corona<\/a>, <a href=\"https:\/\/rechtsanwalt.fr\/fr\/category\/news-archive\/news-archive-2020\/archive-2020-fr-procedures-collectives\/\" rel=\"tag\">Proc\u00e9dures collectives<\/a><\/span><h2 class='post-title entry-title '  itemprop=\"headline\" ><a href=\"https:\/\/rechtsanwalt.fr\/fr\/crise-du-coronavirus-en-allemagne-2\/\" rel=\"bookmark\" title=\"Lien permanent : Crise du coronavirus en Allemagne\">Crise du coronavirus en Allemagne<span class=\"post-format-icon minor-meta\"><\/span><\/a><\/h2><\/div><\/header><span class=\"post-meta-infos\"><time class=\"date-container minor-meta updated\"  itemprop=\"datePublished\" datetime=\"2020-04-14T18:02:00+02:00\" >14 avril 2020<\/time><div class=\"read-more-link\"><a href=\"https:\/\/rechtsanwalt.fr\/fr\/crise-du-coronavirus-en-allemagne-2\/\" class=\"more-link\">Lire la suite<span class='more-link-arrow avia-svg-icon avia-font-svg_entypo-fontello' data-av_svg_icon='right-open-big' data-av_iconset='svg_entypo-fontello'><svg version=\"1.1\" xmlns=\"http:\/\/www.w3.org\/2000\/svg\" width=\"15\" height=\"32\" viewBox=\"0 0 15 32\" preserveAspectRatio=\"xMidYMid meet\" role=\"graphics-symbol\" aria-hidden=\"true\">\n<path d=\"M0.416 27.84l11.456-11.84-11.456-11.904q-0.832-0.832 0-1.536 0.832-0.832 1.536 0l12.544 12.608q0.768 0.832 0 1.6l-12.544 12.608q-0.704 0.832-1.536 0-0.832-0.704 0-1.536z\"><\/path>\n<\/svg><\/span><\/a><\/div><\/span><footer class=\"entry-footer\"><\/footer><div class='post_delimiter'><\/div><\/div><div class=\"post_author_timeline\"><\/div><span class='hidden'>\n\t\t\t\t<span class='av-structured-data'  itemprop=\"image\" itemscope=\"itemscope\" itemtype=\"https:\/\/schema.org\/ImageObject\" >\n\t\t\t\t\t\t<span itemprop='url'>https:\/\/rechtsanwalt.fr\/wp-content\/uploads\/2024\/05\/logo_header_fr_web.epp_.svg<\/span>\n\t\t\t\t\t\t<span itemprop='height'>0<\/span>\n\t\t\t\t\t\t<span itemprop='width'>0<\/span>\n\t\t\t\t<\/span>\n\t\t\t\t<span class='av-structured-data'  itemprop=\"publisher\" itemtype=\"https:\/\/schema.org\/Organization\" itemscope=\"itemscope\" >\n\t\t\t\t\t\t<span itemprop='name'>epp.content<\/span>\n\t\t\t\t\t\t<span itemprop='logo' itemscope itemtype='https:\/\/schema.org\/ImageObject'>\n\t\t\t\t\t\t\t<span itemprop='url'>https:\/\/rechtsanwalt.fr\/wp-content\/uploads\/2024\/05\/logo_header_fr_web.epp_.svg<\/span>\n\t\t\t\t\t\t<\/span>\n\t\t\t\t<\/span><span class='av-structured-data'  itemprop=\"author\" itemscope=\"itemscope\" itemtype=\"https:\/\/schema.org\/Person\" ><span itemprop='name'>epp.content<\/span><\/span><span class='av-structured-data'  itemprop=\"datePublished\" datetime=\"2020-04-14T18:02:00+02:00\" >2020-04-14 18:02:00<\/span><span class='av-structured-data'  itemprop=\"dateModified\" itemtype=\"https:\/\/schema.org\/dateModified\" >2022-03-07 17:37:44<\/span><span class='av-structured-data'  itemprop=\"mainEntityOfPage\" itemtype=\"https:\/\/schema.org\/mainEntityOfPage\" ><span itemprop='name'>Crise du coronavirus en Allemagne<\/span><\/span><\/span><\/article><article class=\"post-entry post-entry-type-standard post-entry-7359 post-loop-42 post-parity-even bloglist-simple  post-7359 post type-post status-publish format-standard hentry category-archive-2020-fr-corona category-archive-2020-fr-droit-social\"  itemscope=\"itemscope\" itemtype=\"https:\/\/schema.org\/BlogPosting\" ><div class=\"blog-meta\"><\/div><div class='entry-content-wrapper clearfix standard-content'><header class=\"entry-content-header\" aria-label=\"Articles : Update crise du coronavirus en Allemagne\"><div class=\"av-heading-wrapper\"><span class=\"blog-categories minor-meta\"><a href=\"https:\/\/rechtsanwalt.fr\/fr\/category\/news-archive\/news-archive-2020\/archive-2020-fr-corona\/\" rel=\"tag\">Corona<\/a>, <a href=\"https:\/\/rechtsanwalt.fr\/fr\/category\/news-archive\/news-archive-2020\/archive-2020-fr-droit-social\/\" rel=\"tag\">Droit social<\/a><\/span><h2 class='post-title entry-title '  itemprop=\"headline\" ><a href=\"https:\/\/rechtsanwalt.fr\/fr\/update-crise-du-coronavirus-en-allemagne\/\" rel=\"bookmark\" title=\"Lien permanent : Update crise du coronavirus en Allemagne\">Update crise du coronavirus en Allemagne<span class=\"post-format-icon minor-meta\"><\/span><\/a><\/h2><\/div><\/header><span class=\"post-meta-infos\"><time class=\"date-container minor-meta updated\"  itemprop=\"datePublished\" datetime=\"2020-03-30T14:50:00+02:00\" >30 mars 2020<\/time><div class=\"read-more-link\"><a href=\"https:\/\/rechtsanwalt.fr\/fr\/update-crise-du-coronavirus-en-allemagne\/\" class=\"more-link\">Lire la suite<span class='more-link-arrow avia-svg-icon avia-font-svg_entypo-fontello' data-av_svg_icon='right-open-big' data-av_iconset='svg_entypo-fontello'><svg version=\"1.1\" xmlns=\"http:\/\/www.w3.org\/2000\/svg\" width=\"15\" height=\"32\" viewBox=\"0 0 15 32\" preserveAspectRatio=\"xMidYMid meet\" role=\"graphics-symbol\" aria-hidden=\"true\">\n<path d=\"M0.416 27.84l11.456-11.84-11.456-11.904q-0.832-0.832 0-1.536 0.832-0.832 1.536 0l12.544 12.608q0.768 0.832 0 1.6l-12.544 12.608q-0.704 0.832-1.536 0-0.832-0.704 0-1.536z\"><\/path>\n<\/svg><\/span><\/a><\/div><\/span><footer class=\"entry-footer\"><\/footer><div class='post_delimiter'><\/div><\/div><div class=\"post_author_timeline\"><\/div><span class='hidden'>\n\t\t\t\t<span class='av-structured-data'  itemprop=\"image\" itemscope=\"itemscope\" itemtype=\"https:\/\/schema.org\/ImageObject\" >\n\t\t\t\t\t\t<span itemprop='url'>https:\/\/rechtsanwalt.fr\/wp-content\/uploads\/2024\/05\/logo_header_fr_web.epp_.svg<\/span>\n\t\t\t\t\t\t<span itemprop='height'>0<\/span>\n\t\t\t\t\t\t<span itemprop='width'>0<\/span>\n\t\t\t\t<\/span>\n\t\t\t\t<span class='av-structured-data'  itemprop=\"publisher\" itemtype=\"https:\/\/schema.org\/Organization\" itemscope=\"itemscope\" >\n\t\t\t\t\t\t<span itemprop='name'>epp.content<\/span>\n\t\t\t\t\t\t<span itemprop='logo' itemscope itemtype='https:\/\/schema.org\/ImageObject'>\n\t\t\t\t\t\t\t<span itemprop='url'>https:\/\/rechtsanwalt.fr\/wp-content\/uploads\/2024\/05\/logo_header_fr_web.epp_.svg<\/span>\n\t\t\t\t\t\t<\/span>\n\t\t\t\t<\/span><span class='av-structured-data'  itemprop=\"author\" itemscope=\"itemscope\" itemtype=\"https:\/\/schema.org\/Person\" ><span itemprop='name'>epp.content<\/span><\/span><span class='av-structured-data'  itemprop=\"datePublished\" datetime=\"2020-03-30T14:50:00+02:00\" >2020-03-30 14:50:00<\/span><span class='av-structured-data'  itemprop=\"dateModified\" itemtype=\"https:\/\/schema.org\/dateModified\" >2022-03-07 17:36:54<\/span><span class='av-structured-data'  itemprop=\"mainEntityOfPage\" itemtype=\"https:\/\/schema.org\/mainEntityOfPage\" ><span itemprop='name'>Update crise du coronavirus en Allemagne<\/span><\/span><\/span><\/article><article class=\"post-entry post-entry-type-standard post-entry-7357 post-loop-43 post-parity-odd post-entry-last bloglist-simple  post-7357 post type-post status-publish format-standard hentry category-archive-2020-fr-droit-social\"  itemscope=\"itemscope\" itemtype=\"https:\/\/schema.org\/BlogPosting\" ><div class=\"blog-meta\"><\/div><div class='entry-content-wrapper clearfix standard-content'><header class=\"entry-content-header\" aria-label=\"Articles : Coronavirus en Allemagne\"><div class=\"av-heading-wrapper\"><span class=\"blog-categories minor-meta\"><a href=\"https:\/\/rechtsanwalt.fr\/fr\/category\/news-archive\/news-archive-2020\/archive-2020-fr-droit-social\/\" rel=\"tag\">Droit social<\/a><\/span><h2 class='post-title entry-title '  itemprop=\"headline\" ><a href=\"https:\/\/rechtsanwalt.fr\/fr\/coronavirus-en-allemagne\/\" rel=\"bookmark\" title=\"Lien permanent : Coronavirus en Allemagne\">Coronavirus en Allemagne<span class=\"post-format-icon minor-meta\"><\/span><\/a><\/h2><\/div><\/header><span class=\"post-meta-infos\"><time class=\"date-container minor-meta updated\"  itemprop=\"datePublished\" datetime=\"2020-03-17T14:35:00+01:00\" >17 mars 2020<\/time><div class=\"read-more-link\"><a href=\"https:\/\/rechtsanwalt.fr\/fr\/coronavirus-en-allemagne\/\" class=\"more-link\">Lire la suite<span class='more-link-arrow avia-svg-icon avia-font-svg_entypo-fontello' data-av_svg_icon='right-open-big' data-av_iconset='svg_entypo-fontello'><svg version=\"1.1\" xmlns=\"http:\/\/www.w3.org\/2000\/svg\" width=\"15\" height=\"32\" viewBox=\"0 0 15 32\" preserveAspectRatio=\"xMidYMid meet\" role=\"graphics-symbol\" aria-hidden=\"true\">\n<path d=\"M0.416 27.84l11.456-11.84-11.456-11.904q-0.832-0.832 0-1.536 0.832-0.832 1.536 0l12.544 12.608q0.768 0.832 0 1.6l-12.544 12.608q-0.704 0.832-1.536 0-0.832-0.704 0-1.536z\"><\/path>\n<\/svg><\/span><\/a><\/div><\/span><footer class=\"entry-footer\"><\/footer><div class='post_delimiter'><\/div><\/div><div class=\"post_author_timeline\"><\/div><span class='hidden'>\n\t\t\t\t<span class='av-structured-data'  itemprop=\"image\" itemscope=\"itemscope\" itemtype=\"https:\/\/schema.org\/ImageObject\" >\n\t\t\t\t\t\t<span itemprop='url'>https:\/\/rechtsanwalt.fr\/wp-content\/uploads\/2024\/05\/logo_header_fr_web.epp_.svg<\/span>\n\t\t\t\t\t\t<span itemprop='height'>0<\/span>\n\t\t\t\t\t\t<span itemprop='width'>0<\/span>\n\t\t\t\t<\/span>\n\t\t\t\t<span class='av-structured-data'  itemprop=\"publisher\" itemtype=\"https:\/\/schema.org\/Organization\" itemscope=\"itemscope\" >\n\t\t\t\t\t\t<span itemprop='name'>epp.content<\/span>\n\t\t\t\t\t\t<span itemprop='logo' itemscope itemtype='https:\/\/schema.org\/ImageObject'>\n\t\t\t\t\t\t\t<span itemprop='url'>https:\/\/rechtsanwalt.fr\/wp-content\/uploads\/2024\/05\/logo_header_fr_web.epp_.svg<\/span>\n\t\t\t\t\t\t<\/span>\n\t\t\t\t<\/span><span class='av-structured-data'  itemprop=\"author\" itemscope=\"itemscope\" itemtype=\"https:\/\/schema.org\/Person\" ><span itemprop='name'>epp.content<\/span><\/span><span class='av-structured-data'  itemprop=\"datePublished\" datetime=\"2020-03-17T14:35:00+01:00\" >2020-03-17 14:35:00<\/span><span class='av-structured-data'  itemprop=\"dateModified\" itemtype=\"https:\/\/schema.org\/dateModified\" >2022-03-07 17:36:09<\/span><span class='av-structured-data'  itemprop=\"mainEntityOfPage\" itemtype=\"https:\/\/schema.org\/mainEntityOfPage\" ><span itemprop='name'>Coronavirus en Allemagne<\/span><\/span><\/span><\/article><\/div><br \/>\n\n<style type=\"text\/css\" data-created_by=\"avia_inline_auto\" id=\"style-css-av-k8ek3qi7-9f0bfd2e2c51ef9939d385880812a2bc\">\n#top .hr.hr-invisible.av-k8ek3qi7-9f0bfd2e2c51ef9939d385880812a2bc{\nheight:200px;\n}\n<\/style>\n<div  class='hr av-k8ek3qi7-9f0bfd2e2c51ef9939d385880812a2bc hr-invisible'><span class='hr-inner '><span class=\"hr-inner-style\"><\/span><\/span><\/div><\/p><\/div><\/div><\/div><\/div><!-- close content main div --><\/div><\/div><div id='after_section_2'  class='main_color av_default_container_wrap container_wrap sidebar_left'  ><div class='container av-section-cont-open' ><div class='template-page content  av-content-small units'><div class='post-entry post-entry-type-page post-entry-22977'><div class='entry-content-wrapper clearfix'><\/p>\n","protected":false},"excerpt":{"rendered":"","protected":false},"author":16,"featured_media":0,"parent":8906,"menu_order":0,"comment_status":"closed","ping_status":"closed","template":"","meta":{"inline_featured_image":false,"footnotes":""},"class_list":["post-22977","page","type-page","status-publish","hentry"],"_links":{"self":[{"href":"https:\/\/rechtsanwalt.fr\/fr\/wp-json\/wp\/v2\/pages\/22977","targetHints":{"allow":["GET"]}}],"collection":[{"href":"https:\/\/rechtsanwalt.fr\/fr\/wp-json\/wp\/v2\/pages"}],"about":[{"href":"https:\/\/rechtsanwalt.fr\/fr\/wp-json\/wp\/v2\/types\/page"}],"author":[{"embeddable":true,"href":"https:\/\/rechtsanwalt.fr\/fr\/wp-json\/wp\/v2\/users\/16"}],"replies":[{"embeddable":true,"href":"https:\/\/rechtsanwalt.fr\/fr\/wp-json\/wp\/v2\/comments?post=22977"}],"version-history":[{"count":0,"href":"https:\/\/rechtsanwalt.fr\/fr\/wp-json\/wp\/v2\/pages\/22977\/revisions"}],"up":[{"embeddable":true,"href":"https:\/\/rechtsanwalt.fr\/fr\/wp-json\/wp\/v2\/pages\/8906"}],"wp:attachment":[{"href":"https:\/\/rechtsanwalt.fr\/fr\/wp-json\/wp\/v2\/media?parent=22977"}],"curies":[{"name":"wp","href":"https:\/\/api.w.org\/{rel}","templated":true}]}}