{"id":33183,"date":"2020-04-01T17:04:48","date_gmt":"2020-04-01T15:04:48","guid":{"rendered":"https:\/\/rechtsanwalt.fr\/news-events\/steuerrecht\/"},"modified":"2026-03-30T17:50:56","modified_gmt":"2026-03-30T15:50:56","slug":"droit-fiscal","status":"publish","type":"page","link":"https:\/\/rechtsanwalt.fr\/fr\/news-events\/droit-fiscal\/","title":{"rendered":"Droit fiscal"},"content":{"rendered":"\n<style type=\"text\/css\" data-created_by=\"avia_inline_auto\" id=\"style-css-av-145nae-31c6e3a3e1b7154eae13da412e34828f\">\n.avia-section.av-145nae-31c6e3a3e1b7154eae13da412e34828f{\nbackground-repeat:no-repeat;\nbackground-image:url(https:\/\/rechtsanwalt.fr\/wp-content\/uploads\/2020\/09\/steuerrecht_epp-2.jpg);\nbackground-position:0% 0%;\nbackground-attachment:scroll;\nmargin-top:0px;\nmargin-bottom:0px;\n}\n<\/style>\n<div id='publikationen_background_img'  class='avia-section av-145nae-31c6e3a3e1b7154eae13da412e34828f main_color avia-section-no-padding avia-no-border-styling  avia-builder-el-0  el_before_av_section  avia-builder-el-first  avia-full-contain avia-bg-style-scroll container_wrap sidebar_left'  data-section-bg-repeat='contain'><div class='container av-section-cont-open' ><main  role=\"main\" itemprop=\"mainContentOfPage\"  class='template-page content  av-content-small units'><div class='post-entry post-entry-type-page post-entry-33183'><div class='entry-content-wrapper clearfix'>\n\n<style type=\"text\/css\" data-created_by=\"avia_inline_auto\" id=\"style-css-av-k1m34-65ee82ee0f780690e6c213d31be540cb\">\n.flex_column.av-k1m34-65ee82ee0f780690e6c213d31be540cb{\nborder-radius:0px 0px 0px 0px;\npadding:0px 0px 0px 0px;\n}\n<\/style>\n<div  class='flex_column av-k1m34-65ee82ee0f780690e6c213d31be540cb av_one_full  avia-builder-el-1  avia-builder-el-no-sibling  first flex_column_div av-zero-column-padding  '     ><style type=\"text\/css\" data-created_by=\"avia_inline_auto\" id=\"style-css-av-kfmpan4n-c01c467a5e321704f8cb281f91398aae\">\n#top .av-special-heading.av-kfmpan4n-c01c467a5e321704f8cb281f91398aae{\npadding-bottom:0;\ncolor:#ffffff;\nfont-size:36px;\n}\nbody .av-special-heading.av-kfmpan4n-c01c467a5e321704f8cb281f91398aae .av-special-heading-tag .heading-char{\nfont-size:25px;\n}\n#top #wrap_all .av-special-heading.av-kfmpan4n-c01c467a5e321704f8cb281f91398aae .av-special-heading-tag{\nfont-size:36px;\n}\n.av-special-heading.av-kfmpan4n-c01c467a5e321704f8cb281f91398aae .special-heading-inner-border{\nborder-color:#ffffff;\n}\n.av-special-heading.av-kfmpan4n-c01c467a5e321704f8cb281f91398aae .av-subheading{\nfont-size:25px;\n}\n\n@media only screen and (min-width: 480px) and (max-width: 767px){ \n#top #wrap_all .av-special-heading.av-kfmpan4n-c01c467a5e321704f8cb281f91398aae .av-special-heading-tag{\nfont-size:0.8em;\n}\n}\n\n@media only screen and (max-width: 479px){ \n#top #wrap_all .av-special-heading.av-kfmpan4n-c01c467a5e321704f8cb281f91398aae .av-special-heading-tag{\nfont-size:0.8em;\n}\n}\n<\/style>\n<div  class='av-special-heading av-kfmpan4n-c01c467a5e321704f8cb281f91398aae av-special-heading-h1 custom-color-heading blockquote modern-quote  avia-builder-el-2  avia-builder-el-no-sibling  av-inherit-size av-linked-heading'><h1 class='av-special-heading-tag '  itemprop=\"headline\"  >Droit fiscal<\/h1><div class=\"special-heading-border\"><div class=\"special-heading-inner-border\"><\/div><\/div><\/div><\/div>\n\n<\/div><\/div><\/main><!-- close content main element --><\/div><\/div>\n<style type=\"text\/css\" data-created_by=\"avia_inline_auto\" id=\"style-css-av-kbm9h12a-95249e02764d6ddaeb70bdfd20d13f02\">\n.avia-section.av-kbm9h12a-95249e02764d6ddaeb70bdfd20d13f02{\nbackground-color:#eef0f3;\nbackground-image:unset;\n}\n<\/style>\n<div id='av_section_2'  class='avia-section av-kbm9h12a-95249e02764d6ddaeb70bdfd20d13f02 main_color avia-section-default avia-no-border-styling  avia-builder-el-3  el_after_av_section  avia-builder-el-last  avia-bg-style-scroll container_wrap sidebar_left'  ><div class='container av-section-cont-open' ><div class='template-page content  av-content-small units'><div class='post-entry post-entry-type-page post-entry-33183'><div class='entry-content-wrapper clearfix'>\n\n<style type=\"text\/css\" data-created_by=\"avia_inline_auto\" id=\"style-css-av-jgf3pjem-25083557d8861d2240eb75b3fe7ba642\">\n.flex_column.av-jgf3pjem-25083557d8861d2240eb75b3fe7ba642{\nborder-radius:0px 0px 0px 0px;\n}\n<\/style>\n<div  class='flex_column av-jgf3pjem-25083557d8861d2240eb75b3fe7ba642 av_one_full  avia-builder-el-4  avia-builder-el-no-sibling  publikationen_sub_content first flex_column_div av-animated-generic fade-in  '     ><p><div  class='avia-builder-widget-area clearfix  avia-builder-el-5  el_before_av_sidebar  avia-builder-el-first '><div id=\"nav_menu-15\" class=\"widget clearfix widget_nav_menu\"><div class=\"menu-news-fr-1-container\"><ul id=\"menu-news-fr-1\" class=\"menu\"><li id=\"menu-item-9673\" class=\"menu-item menu-item-type-custom menu-item-object-custom menu-item-9673\"><a href=\"https:\/\/rechtsanwalt.fr\/fr\/news-events\/\">Tous les sujets<\/a><\/li>\n<\/ul><\/div><\/div><\/div><br \/>\n<div  class='avia-builder-widget-area clearfix  avia-builder-el-6  el_after_av_sidebar  el_before_av_hr '><div id=\"nav_menu-16\" class=\"widget clearfix widget_nav_menu\"><div class=\"menu-news-fr-2-container\"><ul id=\"menu-news-fr-2\" class=\"menu\"><li id=\"menu-item-29706\" class=\"menu-item menu-item-type-post_type menu-item-object-page menu-item-29706\"><a href=\"https:\/\/rechtsanwalt.fr\/fr\/news-events\/droit-social\/\">Droit social<\/a><\/li>\n<li id=\"menu-item-29717\" class=\"menu-item menu-item-type-post_type menu-item-object-page menu-item-29717\"><a href=\"https:\/\/rechtsanwalt.fr\/fr\/news-events\/droit-des-societes\/\">Droit des soci\u00e9t\u00e9s<\/a><\/li>\n<li id=\"menu-item-41863\" class=\"menu-item menu-item-type-post_type menu-item-object-page menu-item-41863\"><a href=\"https:\/\/rechtsanwalt.fr\/fr\/news-events\/droit-fiscal\/\">Droit fiscal<\/a><\/li>\n<li id=\"menu-item-34783\" class=\"menu-item menu-item-type-post_type menu-item-object-page menu-item-34783\"><a href=\"https:\/\/rechtsanwalt.fr\/fr\/news-events\/droit-des-contrats\/\">Droit des contrats<\/a><\/li>\n<li id=\"menu-item-34782\" class=\"menu-item menu-item-type-post_type menu-item-object-page menu-item-34782\"><a href=\"https:\/\/rechtsanwalt.fr\/fr\/news-events\/droit-de-la-concurrence\/\">Droit de la concurrence<\/a><\/li>\n<li id=\"menu-item-34784\" class=\"menu-item menu-item-type-post_type menu-item-object-page menu-item-34784\"><a href=\"https:\/\/rechtsanwalt.fr\/fr\/news-events\/procedures-collectives\/\">Proc\u00e9dures collectives<\/a><\/li>\n<li id=\"menu-item-34771\" class=\"menu-item menu-item-type-post_type menu-item-object-page menu-item-34771\"><a href=\"https:\/\/rechtsanwalt.fr\/fr\/news-events\/contentieux\/\">Contentieux<\/a><\/li>\n<li id=\"menu-item-9675\" class=\"menu-item menu-item-type-post_type menu-item-object-page menu-item-9675\"><a href=\"https:\/\/rechtsanwalt.fr\/fr\/news-events\/communique\/\">Communiqu\u00e9s<\/a><\/li>\n<\/ul><\/div><\/div><\/div><br \/>\n\n<style type=\"text\/css\" data-created_by=\"avia_inline_auto\" id=\"style-css-av-kf3mrhzr-e26fbcc18430aa28d81b477f0a8adc6a\">\n#top .hr.hr-invisible.av-kf3mrhzr-e26fbcc18430aa28d81b477f0a8adc6a{\nheight:20px;\n}\n<\/style>\n<div  class='hr av-kf3mrhzr-e26fbcc18430aa28d81b477f0a8adc6a hr-invisible  avia-builder-el-7  el_after_av_sidebar  el_before_av_heading '><span class='hr-inner '><span class=\"hr-inner-style\"><\/span><\/span><\/div><br \/>\n\n<style type=\"text\/css\" data-created_by=\"avia_inline_auto\" id=\"style-css-av-7gbyir-47af80c3b0746cd3c79b7b0d562c75e2\">\n#top .av-special-heading.av-7gbyir-47af80c3b0746cd3c79b7b0d562c75e2{\npadding-bottom:10px;\n}\nbody .av-special-heading.av-7gbyir-47af80c3b0746cd3c79b7b0d562c75e2 .av-special-heading-tag .heading-char{\nfont-size:25px;\n}\n.av-special-heading.av-7gbyir-47af80c3b0746cd3c79b7b0d562c75e2 .av-subheading{\nfont-size:15px;\n}\n<\/style>\n<div  class='av-special-heading av-7gbyir-47af80c3b0746cd3c79b7b0d562c75e2 av-special-heading-h3 meta-heading blockquote modern-quote  avia-builder-el-8  el_after_av_hr  el_before_av_blog '><h3 class='av-special-heading-tag '  itemprop=\"headline\"  >Contributions actuelles sur le sujet du Droit fiscal<\/h3><div class=\"special-heading-border\"><div class=\"special-heading-inner-border\"><\/div><\/div><\/div><br \/>\n<div  class='av-alb-blogposts template-blog  av-blog-meta-author-disabled av-blog-meta-comments-disabled av-blog-meta-html-info-disabled av-blog-meta-tag-disabled '  itemscope=\"itemscope\" itemtype=\"https:\/\/schema.org\/Blog\" ><article class=\"post-entry post-entry-type-standard post-entry-42361 post-loop-1 post-parity-odd bloglist-simple  post-42361 post type-post status-publish format-standard hentry category-droit-fiscal-fr\"  itemscope=\"itemscope\" itemtype=\"https:\/\/schema.org\/BlogPosting\" ><div class=\"blog-meta\"><\/div><div class='entry-content-wrapper clearfix standard-content'><header class=\"entry-content-header\" aria-label=\"Articles : Fraude fiscale en Allemagne : le g\u00e9rant reste responsable, m\u00eame sans ma\u00eetriser l\u2019allemand\"><div class=\"av-heading-wrapper\"><span class=\"blog-categories minor-meta\"><a href=\"https:\/\/rechtsanwalt.fr\/fr\/category\/news\/droit-fiscal-fr\/\" rel=\"tag\">Droit fiscal<\/a><\/span><h2 class='post-title entry-title '  itemprop=\"headline\" ><a href=\"https:\/\/rechtsanwalt.fr\/fr\/fraude-fiscale-en-allemagne-le-gerant-reste-responsable-meme-sans-maitriser-lallemand\/\" rel=\"bookmark\" title=\"Lien permanent : Fraude fiscale en Allemagne : le g\u00e9rant reste responsable, m\u00eame sans ma\u00eetriser l\u2019allemand\">Fraude fiscale en Allemagne : le g\u00e9rant reste responsable, m\u00eame sans ma\u00eetriser l\u2019allemand<span class=\"post-format-icon minor-meta\"><\/span><\/a><\/h2><\/div><\/header><span class=\"post-meta-infos\"><time class=\"date-container minor-meta updated\"  itemprop=\"datePublished\" datetime=\"2026-02-25T13:07:45+01:00\" >25 f\u00e9vrier 2026<\/time><div class=\"read-more-link\"><a href=\"https:\/\/rechtsanwalt.fr\/fr\/fraude-fiscale-en-allemagne-le-gerant-reste-responsable-meme-sans-maitriser-lallemand\/\" class=\"more-link\">Lire la suite<span class='more-link-arrow avia-svg-icon avia-font-svg_entypo-fontello' data-av_svg_icon='right-open-big' data-av_iconset='svg_entypo-fontello'><svg version=\"1.1\" xmlns=\"http:\/\/www.w3.org\/2000\/svg\" width=\"15\" height=\"32\" viewBox=\"0 0 15 32\" preserveAspectRatio=\"xMidYMid meet\" role=\"graphics-symbol\" aria-hidden=\"true\">\n<path d=\"M0.416 27.84l11.456-11.84-11.456-11.904q-0.832-0.832 0-1.536 0.832-0.832 1.536 0l12.544 12.608q0.768 0.832 0 1.6l-12.544 12.608q-0.704 0.832-1.536 0-0.832-0.704 0-1.536z\"><\/path>\n<\/svg><\/span><\/a><\/div><\/span><footer class=\"entry-footer\"><\/footer><div class='post_delimiter'><\/div><\/div><div class=\"post_author_timeline\"><\/div><span class='hidden'>\n\t\t\t\t<span class='av-structured-data'  itemprop=\"image\" itemscope=\"itemscope\" itemtype=\"https:\/\/schema.org\/ImageObject\" >\n\t\t\t\t\t\t<span itemprop='url'>https:\/\/rechtsanwalt.fr\/wp-content\/uploads\/2024\/05\/logo_header_fr_web.epp_.svg<\/span>\n\t\t\t\t\t\t<span itemprop='height'>0<\/span>\n\t\t\t\t\t\t<span itemprop='width'>0<\/span>\n\t\t\t\t<\/span>\n\t\t\t\t<span class='av-structured-data'  itemprop=\"publisher\" itemtype=\"https:\/\/schema.org\/Organization\" itemscope=\"itemscope\" >\n\t\t\t\t\t\t<span itemprop='name'>Anne-Sophie Koch<\/span>\n\t\t\t\t\t\t<span itemprop='logo' itemscope itemtype='https:\/\/schema.org\/ImageObject'>\n\t\t\t\t\t\t\t<span itemprop='url'>https:\/\/rechtsanwalt.fr\/wp-content\/uploads\/2024\/05\/logo_header_fr_web.epp_.svg<\/span>\n\t\t\t\t\t\t<\/span>\n\t\t\t\t<\/span><span class='av-structured-data'  itemprop=\"author\" itemscope=\"itemscope\" itemtype=\"https:\/\/schema.org\/Person\" ><span itemprop='name'>Anne-Sophie Koch<\/span><\/span><span class='av-structured-data'  itemprop=\"datePublished\" datetime=\"2026-02-25T13:07:45+01:00\" >2026-02-25 13:07:45<\/span><span class='av-structured-data'  itemprop=\"dateModified\" itemtype=\"https:\/\/schema.org\/dateModified\" >2026-03-10 10:17:22<\/span><span class='av-structured-data'  itemprop=\"mainEntityOfPage\" itemtype=\"https:\/\/schema.org\/mainEntityOfPage\" ><span itemprop='name'>Fraude fiscale en Allemagne : le g\u00e9rant reste responsable, m\u00eame sans ma\u00eetriser l\u2019allemand<\/span><\/span><\/span><\/article><article class=\"post-entry post-entry-type-standard post-entry-42294 post-loop-2 post-parity-even bloglist-simple  post-42294 post type-post status-publish format-standard hentry category-droit-fiscal-fr\"  itemscope=\"itemscope\" itemtype=\"https:\/\/schema.org\/BlogPosting\" ><div class=\"blog-meta\"><\/div><div class='entry-content-wrapper clearfix standard-content'><header class=\"entry-content-header\" aria-label=\"Articles : Nouveaut\u00e9s 2026 en mati\u00e8re de fiscalit\u00e9 allemande\"><div class=\"av-heading-wrapper\"><span class=\"blog-categories minor-meta\"><a href=\"https:\/\/rechtsanwalt.fr\/fr\/category\/news\/droit-fiscal-fr\/\" rel=\"tag\">Droit fiscal<\/a><\/span><h2 class='post-title entry-title '  itemprop=\"headline\" ><a href=\"https:\/\/rechtsanwalt.fr\/fr\/nouveautes-en-matiere-de-fiscalite-allemande-2026\/\" rel=\"bookmark\" title=\"Lien permanent : Nouveaut\u00e9s 2026 en mati\u00e8re de fiscalit\u00e9 allemande\">Nouveaut\u00e9s 2026 en mati\u00e8re de fiscalit\u00e9 allemande<span class=\"post-format-icon minor-meta\"><\/span><\/a><\/h2><\/div><\/header><span class=\"post-meta-infos\"><time class=\"date-container minor-meta updated\"  itemprop=\"datePublished\" datetime=\"2026-02-24T12:47:00+01:00\" >24 f\u00e9vrier 2026<\/time><div class=\"read-more-link\"><a href=\"https:\/\/rechtsanwalt.fr\/fr\/nouveautes-en-matiere-de-fiscalite-allemande-2026\/\" class=\"more-link\">Lire la suite<span class='more-link-arrow avia-svg-icon avia-font-svg_entypo-fontello' data-av_svg_icon='right-open-big' data-av_iconset='svg_entypo-fontello'><svg version=\"1.1\" xmlns=\"http:\/\/www.w3.org\/2000\/svg\" width=\"15\" height=\"32\" viewBox=\"0 0 15 32\" preserveAspectRatio=\"xMidYMid meet\" role=\"graphics-symbol\" aria-hidden=\"true\">\n<path d=\"M0.416 27.84l11.456-11.84-11.456-11.904q-0.832-0.832 0-1.536 0.832-0.832 1.536 0l12.544 12.608q0.768 0.832 0 1.6l-12.544 12.608q-0.704 0.832-1.536 0-0.832-0.704 0-1.536z\"><\/path>\n<\/svg><\/span><\/a><\/div><\/span><footer class=\"entry-footer\"><\/footer><div class='post_delimiter'><\/div><\/div><div class=\"post_author_timeline\"><\/div><span class='hidden'>\n\t\t\t\t<span class='av-structured-data'  itemprop=\"image\" itemscope=\"itemscope\" itemtype=\"https:\/\/schema.org\/ImageObject\" >\n\t\t\t\t\t\t<span itemprop='url'>https:\/\/rechtsanwalt.fr\/wp-content\/uploads\/2024\/05\/logo_header_fr_web.epp_.svg<\/span>\n\t\t\t\t\t\t<span itemprop='height'>0<\/span>\n\t\t\t\t\t\t<span itemprop='width'>0<\/span>\n\t\t\t\t<\/span>\n\t\t\t\t<span class='av-structured-data'  itemprop=\"publisher\" itemtype=\"https:\/\/schema.org\/Organization\" itemscope=\"itemscope\" >\n\t\t\t\t\t\t<span itemprop='name'>Anne-Sophie Koch<\/span>\n\t\t\t\t\t\t<span itemprop='logo' itemscope itemtype='https:\/\/schema.org\/ImageObject'>\n\t\t\t\t\t\t\t<span itemprop='url'>https:\/\/rechtsanwalt.fr\/wp-content\/uploads\/2024\/05\/logo_header_fr_web.epp_.svg<\/span>\n\t\t\t\t\t\t<\/span>\n\t\t\t\t<\/span><span class='av-structured-data'  itemprop=\"author\" itemscope=\"itemscope\" itemtype=\"https:\/\/schema.org\/Person\" ><span itemprop='name'>Anne-Sophie Koch<\/span><\/span><span class='av-structured-data'  itemprop=\"datePublished\" datetime=\"2026-02-24T12:47:00+01:00\" >2026-02-24 12:47:00<\/span><span class='av-structured-data'  itemprop=\"dateModified\" itemtype=\"https:\/\/schema.org\/dateModified\" >2026-03-10 10:21:08<\/span><span class='av-structured-data'  itemprop=\"mainEntityOfPage\" itemtype=\"https:\/\/schema.org\/mainEntityOfPage\" ><span itemprop='name'>Nouveaut\u00e9s 2026 en mati\u00e8re de fiscalit\u00e9 allemande<\/span><\/span><\/span><\/article><article class=\"post-entry post-entry-type-standard post-entry-42313 post-loop-3 post-parity-odd bloglist-simple  post-42313 post type-post status-publish format-standard hentry category-droit-fiscal-fr\"  itemscope=\"itemscope\" itemtype=\"https:\/\/schema.org\/BlogPosting\" ><div class=\"blog-meta\"><\/div><div class='entry-content-wrapper clearfix standard-content'><header class=\"entry-content-header\" aria-label=\"Articles : Employ\u00e9s en t\u00e9l\u00e9travail\u00a0: nouvelles pr\u00e9cisions de l\u2019OCDE concernant la constitution d\u2019un \u00e9tablissement stable\"><div class=\"av-heading-wrapper\"><span class=\"blog-categories minor-meta\"><a href=\"https:\/\/rechtsanwalt.fr\/fr\/category\/news\/droit-fiscal-fr\/\" rel=\"tag\">Droit fiscal<\/a><\/span><h2 class='post-title entry-title '  itemprop=\"headline\" ><a href=\"https:\/\/rechtsanwalt.fr\/fr\/employes-en-teletravail-nouvelles-precisions-de-locde-concernant-la-constitution-dun-etablissement-stable\/\" rel=\"bookmark\" title=\"Lien permanent : Employ\u00e9s en t\u00e9l\u00e9travail\u00a0: nouvelles pr\u00e9cisions de l\u2019OCDE concernant la constitution d\u2019un \u00e9tablissement stable\">Employ\u00e9s en t\u00e9l\u00e9travail\u00a0: nouvelles pr\u00e9cisions de l\u2019OCDE concernant la constitution d\u2019un \u00e9tablissement stable<span class=\"post-format-icon minor-meta\"><\/span><\/a><\/h2><\/div><\/header><span class=\"post-meta-infos\"><time class=\"date-container minor-meta updated\"  itemprop=\"datePublished\" datetime=\"2026-02-22T13:14:03+01:00\" >22 f\u00e9vrier 2026<\/time><div class=\"read-more-link\"><a href=\"https:\/\/rechtsanwalt.fr\/fr\/employes-en-teletravail-nouvelles-precisions-de-locde-concernant-la-constitution-dun-etablissement-stable\/\" class=\"more-link\">Lire la suite<span class='more-link-arrow avia-svg-icon avia-font-svg_entypo-fontello' data-av_svg_icon='right-open-big' data-av_iconset='svg_entypo-fontello'><svg version=\"1.1\" xmlns=\"http:\/\/www.w3.org\/2000\/svg\" width=\"15\" height=\"32\" viewBox=\"0 0 15 32\" preserveAspectRatio=\"xMidYMid meet\" role=\"graphics-symbol\" aria-hidden=\"true\">\n<path d=\"M0.416 27.84l11.456-11.84-11.456-11.904q-0.832-0.832 0-1.536 0.832-0.832 1.536 0l12.544 12.608q0.768 0.832 0 1.6l-12.544 12.608q-0.704 0.832-1.536 0-0.832-0.704 0-1.536z\"><\/path>\n<\/svg><\/span><\/a><\/div><\/span><footer class=\"entry-footer\"><\/footer><div class='post_delimiter'><\/div><\/div><div class=\"post_author_timeline\"><\/div><span class='hidden'>\n\t\t\t\t<span class='av-structured-data'  itemprop=\"image\" itemscope=\"itemscope\" itemtype=\"https:\/\/schema.org\/ImageObject\" >\n\t\t\t\t\t\t<span itemprop='url'>https:\/\/rechtsanwalt.fr\/wp-content\/uploads\/2024\/05\/logo_header_fr_web.epp_.svg<\/span>\n\t\t\t\t\t\t<span itemprop='height'>0<\/span>\n\t\t\t\t\t\t<span itemprop='width'>0<\/span>\n\t\t\t\t<\/span>\n\t\t\t\t<span class='av-structured-data'  itemprop=\"publisher\" itemtype=\"https:\/\/schema.org\/Organization\" itemscope=\"itemscope\" >\n\t\t\t\t\t\t<span itemprop='name'>Anne-Sophie Koch<\/span>\n\t\t\t\t\t\t<span itemprop='logo' itemscope itemtype='https:\/\/schema.org\/ImageObject'>\n\t\t\t\t\t\t\t<span itemprop='url'>https:\/\/rechtsanwalt.fr\/wp-content\/uploads\/2024\/05\/logo_header_fr_web.epp_.svg<\/span>\n\t\t\t\t\t\t<\/span>\n\t\t\t\t<\/span><span class='av-structured-data'  itemprop=\"author\" itemscope=\"itemscope\" itemtype=\"https:\/\/schema.org\/Person\" ><span itemprop='name'>Anne-Sophie Koch<\/span><\/span><span class='av-structured-data'  itemprop=\"datePublished\" datetime=\"2026-02-22T13:14:03+01:00\" >2026-02-22 13:14:03<\/span><span class='av-structured-data'  itemprop=\"dateModified\" itemtype=\"https:\/\/schema.org\/dateModified\" >2026-03-30 11:48:38<\/span><span class='av-structured-data'  itemprop=\"mainEntityOfPage\" itemtype=\"https:\/\/schema.org\/mainEntityOfPage\" ><span itemprop='name'>Employ\u00e9s en t\u00e9l\u00e9travail\u00a0: nouvelles pr\u00e9cisions de l\u2019OCDE concernant la constitution d\u2019un \u00e9tablissement stable<\/span><\/span><\/span><\/article><article class=\"post-entry post-entry-type-standard post-entry-42162 post-loop-4 post-parity-even bloglist-simple  post-42162 post type-post status-publish format-standard hentry category-droit-fiscal-fr\"  itemscope=\"itemscope\" itemtype=\"https:\/\/schema.org\/BlogPosting\" ><div class=\"blog-meta\"><\/div><div class='entry-content-wrapper clearfix standard-content'><header class=\"entry-content-header\" aria-label=\"Articles : Nouveaut\u00e9s 2026 en mati\u00e8re de fiscalit\u00e9 des organismes d\u2019utilit\u00e9 publique en Allemagne\"><div class=\"av-heading-wrapper\"><span class=\"blog-categories minor-meta\"><a href=\"https:\/\/rechtsanwalt.fr\/fr\/category\/news\/droit-fiscal-fr\/\" rel=\"tag\">Droit fiscal<\/a><\/span><h2 class='post-title entry-title '  itemprop=\"headline\" ><a href=\"https:\/\/rechtsanwalt.fr\/fr\/nouveautes-en-matiere-de-fiscalite-des-organismes-dutilite-publique-en-allemagne\/\" rel=\"bookmark\" title=\"Lien permanent : Nouveaut\u00e9s 2026 en mati\u00e8re de fiscalit\u00e9 des organismes d\u2019utilit\u00e9 publique en Allemagne\">Nouveaut\u00e9s 2026 en mati\u00e8re de fiscalit\u00e9 des organismes d\u2019utilit\u00e9 publique en Allemagne<span class=\"post-format-icon minor-meta\"><\/span><\/a><\/h2><\/div><\/header><span class=\"post-meta-infos\"><time class=\"date-container minor-meta updated\"  itemprop=\"datePublished\" datetime=\"2026-02-19T18:00:38+01:00\" >19 f\u00e9vrier 2026<\/time><div class=\"read-more-link\"><a href=\"https:\/\/rechtsanwalt.fr\/fr\/nouveautes-en-matiere-de-fiscalite-des-organismes-dutilite-publique-en-allemagne\/\" class=\"more-link\">Lire la suite<span class='more-link-arrow avia-svg-icon avia-font-svg_entypo-fontello' data-av_svg_icon='right-open-big' data-av_iconset='svg_entypo-fontello'><svg version=\"1.1\" xmlns=\"http:\/\/www.w3.org\/2000\/svg\" width=\"15\" height=\"32\" viewBox=\"0 0 15 32\" preserveAspectRatio=\"xMidYMid meet\" role=\"graphics-symbol\" aria-hidden=\"true\">\n<path d=\"M0.416 27.84l11.456-11.84-11.456-11.904q-0.832-0.832 0-1.536 0.832-0.832 1.536 0l12.544 12.608q0.768 0.832 0 1.6l-12.544 12.608q-0.704 0.832-1.536 0-0.832-0.704 0-1.536z\"><\/path>\n<\/svg><\/span><\/a><\/div><\/span><footer class=\"entry-footer\"><\/footer><div class='post_delimiter'><\/div><\/div><div class=\"post_author_timeline\"><\/div><span class='hidden'>\n\t\t\t\t<span class='av-structured-data'  itemprop=\"image\" itemscope=\"itemscope\" itemtype=\"https:\/\/schema.org\/ImageObject\" >\n\t\t\t\t\t\t<span itemprop='url'>https:\/\/rechtsanwalt.fr\/wp-content\/uploads\/2024\/05\/logo_header_fr_web.epp_.svg<\/span>\n\t\t\t\t\t\t<span itemprop='height'>0<\/span>\n\t\t\t\t\t\t<span itemprop='width'>0<\/span>\n\t\t\t\t<\/span>\n\t\t\t\t<span class='av-structured-data'  itemprop=\"publisher\" itemtype=\"https:\/\/schema.org\/Organization\" itemscope=\"itemscope\" >\n\t\t\t\t\t\t<span itemprop='name'>Anne-Sophie Koch<\/span>\n\t\t\t\t\t\t<span itemprop='logo' itemscope itemtype='https:\/\/schema.org\/ImageObject'>\n\t\t\t\t\t\t\t<span itemprop='url'>https:\/\/rechtsanwalt.fr\/wp-content\/uploads\/2024\/05\/logo_header_fr_web.epp_.svg<\/span>\n\t\t\t\t\t\t<\/span>\n\t\t\t\t<\/span><span class='av-structured-data'  itemprop=\"author\" itemscope=\"itemscope\" itemtype=\"https:\/\/schema.org\/Person\" ><span itemprop='name'>Anne-Sophie Koch<\/span><\/span><span class='av-structured-data'  itemprop=\"datePublished\" datetime=\"2026-02-19T18:00:38+01:00\" >2026-02-19 18:00:38<\/span><span class='av-structured-data'  itemprop=\"dateModified\" itemtype=\"https:\/\/schema.org\/dateModified\" >2026-03-10 10:15:05<\/span><span class='av-structured-data'  itemprop=\"mainEntityOfPage\" itemtype=\"https:\/\/schema.org\/mainEntityOfPage\" ><span itemprop='name'>Nouveaut\u00e9s 2026 en mati\u00e8re de fiscalit\u00e9 des organismes d\u2019utilit\u00e9 publique en Allemagne<\/span><\/span><\/span><\/article><article class=\"post-entry post-entry-type-standard post-entry-42145 post-loop-5 post-parity-odd bloglist-simple  post-42145 post type-post status-publish format-standard hentry category-droit-fiscal-fr\"  itemscope=\"itemscope\" itemtype=\"https:\/\/schema.org\/BlogPosting\" ><div class=\"blog-meta\"><\/div><div class='entry-content-wrapper clearfix standard-content'><header class=\"entry-content-header\" aria-label=\"Articles : Prestataires de services sur crypto-actifs\u00a0: nouvelles obligations fiscales en Allemagne \u00e0 partir de 2026\"><div class=\"av-heading-wrapper\"><span class=\"blog-categories minor-meta\"><a href=\"https:\/\/rechtsanwalt.fr\/fr\/category\/news\/droit-fiscal-fr\/\" rel=\"tag\">Droit fiscal<\/a><\/span><h2 class='post-title entry-title '  itemprop=\"headline\" ><a href=\"https:\/\/rechtsanwalt.fr\/fr\/prestataires-de-services-sur-crypto-actifs-nouvelles-obligations-fiscales-en-allemagne\/\" rel=\"bookmark\" title=\"Lien permanent : Prestataires de services sur crypto-actifs\u00a0: nouvelles obligations fiscales en Allemagne \u00e0 partir de 2026\">Prestataires de services sur crypto-actifs\u00a0: nouvelles obligations fiscales en Allemagne \u00e0 partir de 2026<span class=\"post-format-icon minor-meta\"><\/span><\/a><\/h2><\/div><\/header><span class=\"post-meta-infos\"><time class=\"date-container minor-meta updated\"  itemprop=\"datePublished\" datetime=\"2026-02-11T15:00:37+01:00\" >11 f\u00e9vrier 2026<\/time><div class=\"read-more-link\"><a href=\"https:\/\/rechtsanwalt.fr\/fr\/prestataires-de-services-sur-crypto-actifs-nouvelles-obligations-fiscales-en-allemagne\/\" class=\"more-link\">Lire la suite<span class='more-link-arrow avia-svg-icon avia-font-svg_entypo-fontello' data-av_svg_icon='right-open-big' data-av_iconset='svg_entypo-fontello'><svg version=\"1.1\" xmlns=\"http:\/\/www.w3.org\/2000\/svg\" width=\"15\" height=\"32\" viewBox=\"0 0 15 32\" preserveAspectRatio=\"xMidYMid meet\" role=\"graphics-symbol\" aria-hidden=\"true\">\n<path d=\"M0.416 27.84l11.456-11.84-11.456-11.904q-0.832-0.832 0-1.536 0.832-0.832 1.536 0l12.544 12.608q0.768 0.832 0 1.6l-12.544 12.608q-0.704 0.832-1.536 0-0.832-0.704 0-1.536z\"><\/path>\n<\/svg><\/span><\/a><\/div><\/span><footer class=\"entry-footer\"><\/footer><div class='post_delimiter'><\/div><\/div><div class=\"post_author_timeline\"><\/div><span class='hidden'>\n\t\t\t\t<span class='av-structured-data'  itemprop=\"image\" itemscope=\"itemscope\" itemtype=\"https:\/\/schema.org\/ImageObject\" >\n\t\t\t\t\t\t<span itemprop='url'>https:\/\/rechtsanwalt.fr\/wp-content\/uploads\/2024\/05\/logo_header_fr_web.epp_.svg<\/span>\n\t\t\t\t\t\t<span itemprop='height'>0<\/span>\n\t\t\t\t\t\t<span itemprop='width'>0<\/span>\n\t\t\t\t<\/span>\n\t\t\t\t<span class='av-structured-data'  itemprop=\"publisher\" itemtype=\"https:\/\/schema.org\/Organization\" itemscope=\"itemscope\" >\n\t\t\t\t\t\t<span itemprop='name'>Anne-Sophie Koch<\/span>\n\t\t\t\t\t\t<span itemprop='logo' itemscope itemtype='https:\/\/schema.org\/ImageObject'>\n\t\t\t\t\t\t\t<span itemprop='url'>https:\/\/rechtsanwalt.fr\/wp-content\/uploads\/2024\/05\/logo_header_fr_web.epp_.svg<\/span>\n\t\t\t\t\t\t<\/span>\n\t\t\t\t<\/span><span class='av-structured-data'  itemprop=\"author\" itemscope=\"itemscope\" itemtype=\"https:\/\/schema.org\/Person\" ><span itemprop='name'>Anne-Sophie Koch<\/span><\/span><span class='av-structured-data'  itemprop=\"datePublished\" datetime=\"2026-02-11T15:00:37+01:00\" >2026-02-11 15:00:37<\/span><span class='av-structured-data'  itemprop=\"dateModified\" itemtype=\"https:\/\/schema.org\/dateModified\" >2026-03-09 12:59:19<\/span><span class='av-structured-data'  itemprop=\"mainEntityOfPage\" itemtype=\"https:\/\/schema.org\/mainEntityOfPage\" ><span itemprop='name'>Prestataires de services sur crypto-actifs\u00a0: nouvelles obligations fiscales en Allemagne \u00e0 partir de 2026<\/span><\/span><\/span><\/article><article class=\"post-entry post-entry-type-standard post-entry-40483 post-loop-6 post-parity-even bloglist-simple  post-40483 post type-post status-publish format-standard hentry category-droit-fiscal-fr\"  itemscope=\"itemscope\" itemtype=\"https:\/\/schema.org\/BlogPosting\" ><div class=\"blog-meta\"><\/div><div class='entry-content-wrapper clearfix standard-content'><header class=\"entry-content-header\" aria-label=\"Articles : Dates limites de d\u00e9p\u00f4t des d\u00e9clarations d\u2019imp\u00f4t sur les revenus de 2024 en Allemagne\"><div class=\"av-heading-wrapper\"><span class=\"blog-categories minor-meta\"><a href=\"https:\/\/rechtsanwalt.fr\/fr\/category\/news\/droit-fiscal-fr\/\" rel=\"tag\">Droit fiscal<\/a><\/span><h2 class='post-title entry-title '  itemprop=\"headline\" ><a href=\"https:\/\/rechtsanwalt.fr\/fr\/allemagne-dates-limites-de-depot-des-declarations-dimpot-sur-les-revenus-de-2024\/\" rel=\"bookmark\" title=\"Lien permanent : Dates limites de d\u00e9p\u00f4t des d\u00e9clarations d\u2019imp\u00f4t sur les revenus de 2024 en Allemagne\">Dates limites de d\u00e9p\u00f4t des d\u00e9clarations d\u2019imp\u00f4t sur les revenus de 2024 en Allemagne<span class=\"post-format-icon minor-meta\"><\/span><\/a><\/h2><\/div><\/header><span class=\"post-meta-infos\"><time class=\"date-container minor-meta updated\"  itemprop=\"datePublished\" datetime=\"2025-08-01T17:28:17+02:00\" >1 ao\u00fbt 2025<\/time><div class=\"read-more-link\"><a href=\"https:\/\/rechtsanwalt.fr\/fr\/allemagne-dates-limites-de-depot-des-declarations-dimpot-sur-les-revenus-de-2024\/\" class=\"more-link\">Lire la suite<span class='more-link-arrow avia-svg-icon avia-font-svg_entypo-fontello' data-av_svg_icon='right-open-big' data-av_iconset='svg_entypo-fontello'><svg version=\"1.1\" xmlns=\"http:\/\/www.w3.org\/2000\/svg\" width=\"15\" height=\"32\" viewBox=\"0 0 15 32\" preserveAspectRatio=\"xMidYMid meet\" role=\"graphics-symbol\" aria-hidden=\"true\">\n<path d=\"M0.416 27.84l11.456-11.84-11.456-11.904q-0.832-0.832 0-1.536 0.832-0.832 1.536 0l12.544 12.608q0.768 0.832 0 1.6l-12.544 12.608q-0.704 0.832-1.536 0-0.832-0.704 0-1.536z\"><\/path>\n<\/svg><\/span><\/a><\/div><\/span><footer class=\"entry-footer\"><\/footer><div class='post_delimiter'><\/div><\/div><div class=\"post_author_timeline\"><\/div><span class='hidden'>\n\t\t\t\t<span class='av-structured-data'  itemprop=\"image\" itemscope=\"itemscope\" itemtype=\"https:\/\/schema.org\/ImageObject\" >\n\t\t\t\t\t\t<span itemprop='url'>https:\/\/rechtsanwalt.fr\/wp-content\/uploads\/2024\/05\/logo_header_fr_web.epp_.svg<\/span>\n\t\t\t\t\t\t<span itemprop='height'>0<\/span>\n\t\t\t\t\t\t<span itemprop='width'>0<\/span>\n\t\t\t\t<\/span>\n\t\t\t\t<span class='av-structured-data'  itemprop=\"publisher\" itemtype=\"https:\/\/schema.org\/Organization\" itemscope=\"itemscope\" >\n\t\t\t\t\t\t<span itemprop='name'>Anne-Sophie Koch<\/span>\n\t\t\t\t\t\t<span itemprop='logo' itemscope itemtype='https:\/\/schema.org\/ImageObject'>\n\t\t\t\t\t\t\t<span itemprop='url'>https:\/\/rechtsanwalt.fr\/wp-content\/uploads\/2024\/05\/logo_header_fr_web.epp_.svg<\/span>\n\t\t\t\t\t\t<\/span>\n\t\t\t\t<\/span><span class='av-structured-data'  itemprop=\"author\" itemscope=\"itemscope\" itemtype=\"https:\/\/schema.org\/Person\" ><span itemprop='name'>Anne-Sophie Koch<\/span><\/span><span class='av-structured-data'  itemprop=\"datePublished\" datetime=\"2025-08-01T17:28:17+02:00\" >2025-08-01 17:28:17<\/span><span class='av-structured-data'  itemprop=\"dateModified\" itemtype=\"https:\/\/schema.org\/dateModified\" >2025-08-05 11:36:30<\/span><span class='av-structured-data'  itemprop=\"mainEntityOfPage\" itemtype=\"https:\/\/schema.org\/mainEntityOfPage\" ><span itemprop='name'>Dates limites de d\u00e9p\u00f4t des d\u00e9clarations d\u2019imp\u00f4t sur les revenus de 2024 en Allemagne<\/span><\/span><\/span><\/article><article class=\"post-entry post-entry-type-standard post-entry-39156 post-loop-7 post-parity-odd bloglist-simple  post-39156 post type-post status-publish format-standard hentry category-droit-fiscal-fr\"  itemscope=\"itemscope\" itemtype=\"https:\/\/schema.org\/BlogPosting\" ><div class=\"blog-meta\"><\/div><div class='entry-content-wrapper clearfix standard-content'><header class=\"entry-content-header\" aria-label=\"Articles : Distribution de dividendes et retenue \u00e0 la source\u00a0en Allemagne : la Cour f\u00e9d\u00e9rale des finances reconna\u00eet le droit \u00e0 int\u00e9r\u00eats sur les pr\u00e9l\u00e8vements indus\"><div class=\"av-heading-wrapper\"><span class=\"blog-categories minor-meta\"><a href=\"https:\/\/rechtsanwalt.fr\/fr\/category\/news\/droit-fiscal-fr\/\" rel=\"tag\">Droit fiscal<\/a><\/span><h2 class='post-title entry-title '  itemprop=\"headline\" ><a href=\"https:\/\/rechtsanwalt.fr\/fr\/distribution-de-dividendes-et-retenue-a-la-source-en-allemagne-droit-a-interets-sur-prelevements-indus\/\" rel=\"bookmark\" title=\"Lien permanent : Distribution de dividendes et retenue \u00e0 la source\u00a0en Allemagne : la Cour f\u00e9d\u00e9rale des finances reconna\u00eet le droit \u00e0 int\u00e9r\u00eats sur les pr\u00e9l\u00e8vements indus\">Distribution de dividendes et retenue \u00e0 la source\u00a0en Allemagne : la Cour f\u00e9d\u00e9rale des finances reconna\u00eet le droit \u00e0 int\u00e9r\u00eats sur les pr\u00e9l\u00e8vements indus<span class=\"post-format-icon minor-meta\"><\/span><\/a><\/h2><\/div><\/header><span class=\"post-meta-infos\"><time class=\"date-container minor-meta updated\"  itemprop=\"datePublished\" datetime=\"2025-06-13T18:20:30+02:00\" >13 juin 2025<\/time><div class=\"read-more-link\"><a href=\"https:\/\/rechtsanwalt.fr\/fr\/distribution-de-dividendes-et-retenue-a-la-source-en-allemagne-droit-a-interets-sur-prelevements-indus\/\" class=\"more-link\">Lire la suite<span class='more-link-arrow avia-svg-icon avia-font-svg_entypo-fontello' data-av_svg_icon='right-open-big' data-av_iconset='svg_entypo-fontello'><svg version=\"1.1\" xmlns=\"http:\/\/www.w3.org\/2000\/svg\" width=\"15\" height=\"32\" viewBox=\"0 0 15 32\" preserveAspectRatio=\"xMidYMid meet\" role=\"graphics-symbol\" aria-hidden=\"true\">\n<path d=\"M0.416 27.84l11.456-11.84-11.456-11.904q-0.832-0.832 0-1.536 0.832-0.832 1.536 0l12.544 12.608q0.768 0.832 0 1.6l-12.544 12.608q-0.704 0.832-1.536 0-0.832-0.704 0-1.536z\"><\/path>\n<\/svg><\/span><\/a><\/div><\/span><footer class=\"entry-footer\"><\/footer><div class='post_delimiter'><\/div><\/div><div class=\"post_author_timeline\"><\/div><span class='hidden'>\n\t\t\t\t<span class='av-structured-data'  itemprop=\"image\" itemscope=\"itemscope\" itemtype=\"https:\/\/schema.org\/ImageObject\" >\n\t\t\t\t\t\t<span itemprop='url'>https:\/\/rechtsanwalt.fr\/wp-content\/uploads\/2024\/05\/logo_header_fr_web.epp_.svg<\/span>\n\t\t\t\t\t\t<span itemprop='height'>0<\/span>\n\t\t\t\t\t\t<span itemprop='width'>0<\/span>\n\t\t\t\t<\/span>\n\t\t\t\t<span class='av-structured-data'  itemprop=\"publisher\" itemtype=\"https:\/\/schema.org\/Organization\" itemscope=\"itemscope\" >\n\t\t\t\t\t\t<span itemprop='name'>Anne-Sophie Koch<\/span>\n\t\t\t\t\t\t<span itemprop='logo' itemscope itemtype='https:\/\/schema.org\/ImageObject'>\n\t\t\t\t\t\t\t<span itemprop='url'>https:\/\/rechtsanwalt.fr\/wp-content\/uploads\/2024\/05\/logo_header_fr_web.epp_.svg<\/span>\n\t\t\t\t\t\t<\/span>\n\t\t\t\t<\/span><span class='av-structured-data'  itemprop=\"author\" itemscope=\"itemscope\" itemtype=\"https:\/\/schema.org\/Person\" ><span itemprop='name'>Anne-Sophie Koch<\/span><\/span><span class='av-structured-data'  itemprop=\"datePublished\" datetime=\"2025-06-13T18:20:30+02:00\" >2025-06-13 18:20:30<\/span><span class='av-structured-data'  itemprop=\"dateModified\" itemtype=\"https:\/\/schema.org\/dateModified\" >2025-08-01 12:34:42<\/span><span class='av-structured-data'  itemprop=\"mainEntityOfPage\" itemtype=\"https:\/\/schema.org\/mainEntityOfPage\" ><span itemprop='name'>Distribution de dividendes et retenue \u00e0 la source\u00a0en Allemagne : la Cour f\u00e9d\u00e9rale des finances reconna\u00eet le droit \u00e0 int\u00e9r\u00eats sur les pr\u00e9l\u00e8vements indus<\/span><\/span><\/span><\/article><article class=\"post-entry post-entry-type-standard post-entry-37669 post-loop-8 post-parity-even post-entry-last bloglist-simple  post-37669 post type-post status-publish format-standard hentry category-droit-fiscal-fr\"  itemscope=\"itemscope\" itemtype=\"https:\/\/schema.org\/BlogPosting\" ><div class=\"blog-meta\"><\/div><div class='entry-content-wrapper clearfix standard-content'><header class=\"entry-content-header\" aria-label=\"Articles : R\u00e9forme de l&#039;imposition de la participation des salari\u00e9s en Allemagne : une opportunit\u00e9 pour les entreprises et leurs collaborateurs\"><div class=\"av-heading-wrapper\"><span class=\"blog-categories minor-meta\"><a href=\"https:\/\/rechtsanwalt.fr\/fr\/category\/news\/droit-fiscal-fr\/\" rel=\"tag\">Droit fiscal<\/a><\/span><h2 class='post-title entry-title '  itemprop=\"headline\" ><a href=\"https:\/\/rechtsanwalt.fr\/fr\/reforme-de-limposition-de-la-participation-des-salaries-en-allemagne-une-opportunite-pour-les-entreprises-et-leurs-collaborateurs\/\" rel=\"bookmark\" title=\"Lien permanent : R\u00e9forme de l&#039;imposition de la participation des salari\u00e9s en Allemagne : une opportunit\u00e9 pour les entreprises et leurs collaborateurs\">R\u00e9forme de l'imposition de la participation des salari\u00e9s en Allemagne : une opportunit\u00e9 pour les entreprises et leurs collaborateurs<span class=\"post-format-icon minor-meta\"><\/span><\/a><\/h2><\/div><\/header><span class=\"post-meta-infos\"><time class=\"date-container minor-meta updated\"  itemprop=\"datePublished\" datetime=\"2025-03-05T17:00:08+01:00\" >5 mars 2025<\/time><div class=\"read-more-link\"><a href=\"https:\/\/rechtsanwalt.fr\/fr\/reforme-de-limposition-de-la-participation-des-salaries-en-allemagne-une-opportunite-pour-les-entreprises-et-leurs-collaborateurs\/\" class=\"more-link\">Lire la suite<span class='more-link-arrow avia-svg-icon avia-font-svg_entypo-fontello' data-av_svg_icon='right-open-big' data-av_iconset='svg_entypo-fontello'><svg version=\"1.1\" xmlns=\"http:\/\/www.w3.org\/2000\/svg\" width=\"15\" height=\"32\" viewBox=\"0 0 15 32\" preserveAspectRatio=\"xMidYMid meet\" role=\"graphics-symbol\" aria-hidden=\"true\">\n<path d=\"M0.416 27.84l11.456-11.84-11.456-11.904q-0.832-0.832 0-1.536 0.832-0.832 1.536 0l12.544 12.608q0.768 0.832 0 1.6l-12.544 12.608q-0.704 0.832-1.536 0-0.832-0.704 0-1.536z\"><\/path>\n<\/svg><\/span><\/a><\/div><\/span><footer class=\"entry-footer\"><\/footer><div class='post_delimiter'><\/div><\/div><div class=\"post_author_timeline\"><\/div><span class='hidden'>\n\t\t\t\t<span class='av-structured-data'  itemprop=\"image\" itemscope=\"itemscope\" itemtype=\"https:\/\/schema.org\/ImageObject\" >\n\t\t\t\t\t\t<span itemprop='url'>https:\/\/rechtsanwalt.fr\/wp-content\/uploads\/2024\/05\/logo_header_fr_web.epp_.svg<\/span>\n\t\t\t\t\t\t<span itemprop='height'>0<\/span>\n\t\t\t\t\t\t<span itemprop='width'>0<\/span>\n\t\t\t\t<\/span>\n\t\t\t\t<span class='av-structured-data'  itemprop=\"publisher\" itemtype=\"https:\/\/schema.org\/Organization\" itemscope=\"itemscope\" >\n\t\t\t\t\t\t<span itemprop='name'>Anne-Sophie Koch<\/span>\n\t\t\t\t\t\t<span itemprop='logo' itemscope itemtype='https:\/\/schema.org\/ImageObject'>\n\t\t\t\t\t\t\t<span itemprop='url'>https:\/\/rechtsanwalt.fr\/wp-content\/uploads\/2024\/05\/logo_header_fr_web.epp_.svg<\/span>\n\t\t\t\t\t\t<\/span>\n\t\t\t\t<\/span><span class='av-structured-data'  itemprop=\"author\" itemscope=\"itemscope\" itemtype=\"https:\/\/schema.org\/Person\" ><span itemprop='name'>Anne-Sophie Koch<\/span><\/span><span class='av-structured-data'  itemprop=\"datePublished\" datetime=\"2025-03-05T17:00:08+01:00\" >2025-03-05 17:00:08<\/span><span class='av-structured-data'  itemprop=\"dateModified\" itemtype=\"https:\/\/schema.org\/dateModified\" >2025-08-01 12:36:21<\/span><span class='av-structured-data'  itemprop=\"mainEntityOfPage\" itemtype=\"https:\/\/schema.org\/mainEntityOfPage\" ><span itemprop='name'>R\u00e9forme de l'imposition de la participation des salari\u00e9s en Allemagne : une opportunit\u00e9 pour les entreprises et leurs collaborateurs<\/span><\/span><\/span><\/article><\/div><br \/>\n\n<style type=\"text\/css\" data-created_by=\"avia_inline_auto\" id=\"style-css-av-lvaw2frb-644f61f1d466db9f26742e8c7b96b5ac\">\n#top .hr.hr-invisible.av-lvaw2frb-644f61f1d466db9f26742e8c7b96b5ac{\nheight:20px;\n}\n<\/style>\n<div  class='hr av-lvaw2frb-644f61f1d466db9f26742e8c7b96b5ac hr-invisible'><span class='hr-inner '><span class=\"hr-inner-style\"><\/span><\/span><\/div><br \/>\n\n<style type=\"text\/css\" data-created_by=\"avia_inline_auto\" id=\"style-css-av-lvavzc58-356dfe0904c3f04f49ee568d9c7eb958\">\n#top .av-special-heading.av-lvavzc58-356dfe0904c3f04f49ee568d9c7eb958{\npadding-bottom:10px;\n}\nbody .av-special-heading.av-lvavzc58-356dfe0904c3f04f49ee568d9c7eb958 .av-special-heading-tag .heading-char{\nfont-size:25px;\n}\n.av-special-heading.av-lvavzc58-356dfe0904c3f04f49ee568d9c7eb958 .av-subheading{\nfont-size:15px;\n}\n<\/style>\n<div  class='av-special-heading av-lvavzc58-356dfe0904c3f04f49ee568d9c7eb958 av-special-heading-h3 meta-heading blockquote modern-quote'><h3 class='av-special-heading-tag '  itemprop=\"headline\"  >Contributions de 2024 sur le sujet du Droit fiscal<\/h3><div class=\"special-heading-border\"><div class=\"special-heading-inner-border\"><\/div><\/div><\/div><br \/>\n<div  class='av-alb-blogposts template-blog  av-blog-meta-author-disabled av-blog-meta-comments-disabled av-blog-meta-html-info-disabled av-blog-meta-tag-disabled '  itemscope=\"itemscope\" itemtype=\"https:\/\/schema.org\/Blog\" ><article class=\"post-entry post-entry-type-standard post-entry-34915 post-loop-9 post-parity-odd bloglist-simple  post-34915 post type-post status-publish format-standard hentry category-archive-2024-droit-fiscal\"  itemscope=\"itemscope\" itemtype=\"https:\/\/schema.org\/BlogPosting\" ><div class=\"blog-meta\"><\/div><div class='entry-content-wrapper clearfix standard-content'><header class=\"entry-content-header\" aria-label=\"Articles : Dates limite de d\u00e9p\u00f4t des d\u00e9clarations d\u2019imp\u00f4t sur les revenus de 2023 en Allemagne\"><div class=\"av-heading-wrapper\"><span class=\"blog-categories minor-meta\"><a href=\"https:\/\/rechtsanwalt.fr\/fr\/category\/news-archive\/news-archive-2024\/archive-2024-droit-fiscal\/\" rel=\"tag\">Droit fiscal<\/a><\/span><h2 class='post-title entry-title '  itemprop=\"headline\" ><a href=\"https:\/\/rechtsanwalt.fr\/fr\/dates-limite-de-depot-des-declarations-dimpot-sur-les-revenus-de-2023-en-allemagne\/\" rel=\"bookmark\" title=\"Lien permanent : Dates limite de d\u00e9p\u00f4t des d\u00e9clarations d\u2019imp\u00f4t sur les revenus de 2023 en Allemagne\">Dates limite de d\u00e9p\u00f4t des d\u00e9clarations d\u2019imp\u00f4t sur les revenus de 2023 en Allemagne<span class=\"post-format-icon minor-meta\"><\/span><\/a><\/h2><\/div><\/header><span class=\"post-meta-infos\"><time class=\"date-container minor-meta updated\"  itemprop=\"datePublished\" datetime=\"2024-10-09T11:07:02+02:00\" >9 octobre 2024<\/time><div class=\"read-more-link\"><a href=\"https:\/\/rechtsanwalt.fr\/fr\/dates-limite-de-depot-des-declarations-dimpot-sur-les-revenus-de-2023-en-allemagne\/\" class=\"more-link\">Lire la suite<span class='more-link-arrow avia-svg-icon avia-font-svg_entypo-fontello' data-av_svg_icon='right-open-big' data-av_iconset='svg_entypo-fontello'><svg version=\"1.1\" xmlns=\"http:\/\/www.w3.org\/2000\/svg\" width=\"15\" height=\"32\" viewBox=\"0 0 15 32\" preserveAspectRatio=\"xMidYMid meet\" role=\"graphics-symbol\" aria-hidden=\"true\">\n<path d=\"M0.416 27.84l11.456-11.84-11.456-11.904q-0.832-0.832 0-1.536 0.832-0.832 1.536 0l12.544 12.608q0.768 0.832 0 1.6l-12.544 12.608q-0.704 0.832-1.536 0-0.832-0.704 0-1.536z\"><\/path>\n<\/svg><\/span><\/a><\/div><\/span><footer class=\"entry-footer\"><\/footer><div class='post_delimiter'><\/div><\/div><div class=\"post_author_timeline\"><\/div><span class='hidden'>\n\t\t\t\t<span class='av-structured-data'  itemprop=\"image\" itemscope=\"itemscope\" itemtype=\"https:\/\/schema.org\/ImageObject\" >\n\t\t\t\t\t\t<span itemprop='url'>https:\/\/rechtsanwalt.fr\/wp-content\/uploads\/2024\/05\/logo_header_fr_web.epp_.svg<\/span>\n\t\t\t\t\t\t<span itemprop='height'>0<\/span>\n\t\t\t\t\t\t<span itemprop='width'>0<\/span>\n\t\t\t\t<\/span>\n\t\t\t\t<span class='av-structured-data'  itemprop=\"publisher\" itemtype=\"https:\/\/schema.org\/Organization\" itemscope=\"itemscope\" >\n\t\t\t\t\t\t<span itemprop='name'>Nils Devos<\/span>\n\t\t\t\t\t\t<span itemprop='logo' itemscope itemtype='https:\/\/schema.org\/ImageObject'>\n\t\t\t\t\t\t\t<span itemprop='url'>https:\/\/rechtsanwalt.fr\/wp-content\/uploads\/2024\/05\/logo_header_fr_web.epp_.svg<\/span>\n\t\t\t\t\t\t<\/span>\n\t\t\t\t<\/span><span class='av-structured-data'  itemprop=\"author\" itemscope=\"itemscope\" itemtype=\"https:\/\/schema.org\/Person\" ><span itemprop='name'>Nils Devos<\/span><\/span><span class='av-structured-data'  itemprop=\"datePublished\" datetime=\"2024-10-09T11:07:02+02:00\" >2024-10-09 11:07:02<\/span><span class='av-structured-data'  itemprop=\"dateModified\" itemtype=\"https:\/\/schema.org\/dateModified\" >2026-03-30 17:48:01<\/span><span class='av-structured-data'  itemprop=\"mainEntityOfPage\" itemtype=\"https:\/\/schema.org\/mainEntityOfPage\" ><span itemprop='name'>Dates limite de d\u00e9p\u00f4t des d\u00e9clarations d\u2019imp\u00f4t sur les revenus de 2023 en Allemagne<\/span><\/span><\/span><\/article><article class=\"post-entry post-entry-type-standard post-entry-33220 post-loop-10 post-parity-even bloglist-simple  post-33220 post type-post status-publish format-standard hentry category-archive-2024-droit-fiscal\"  itemscope=\"itemscope\" itemtype=\"https:\/\/schema.org\/BlogPosting\" ><div class=\"blog-meta\"><\/div><div class='entry-content-wrapper clearfix standard-content'><header class=\"entry-content-header\" aria-label=\"Articles : Mesures fiscales issues de la Loi sur les opportunit\u00e9s de croissance (\u00ab\u00a0Wachstumschancengesetz\u00a0\u00bb)\"><div class=\"av-heading-wrapper\"><span class=\"blog-categories minor-meta\"><a href=\"https:\/\/rechtsanwalt.fr\/fr\/category\/news-archive\/news-archive-2024\/archive-2024-droit-fiscal\/\" rel=\"tag\">Droit fiscal<\/a><\/span><h2 class='post-title entry-title '  itemprop=\"headline\" ><a href=\"https:\/\/rechtsanwalt.fr\/fr\/loi-allemande-sur-les-opportunites-de-croissance-aspect-fiscal\/\" rel=\"bookmark\" title=\"Lien permanent : Mesures fiscales issues de la Loi sur les opportunit\u00e9s de croissance (\u00ab\u00a0Wachstumschancengesetz\u00a0\u00bb)\">Mesures fiscales issues de la Loi sur les opportunit\u00e9s de croissance (\u00ab\u00a0Wachstumschancengesetz\u00a0\u00bb)<span class=\"post-format-icon minor-meta\"><\/span><\/a><\/h2><\/div><\/header><span class=\"post-meta-infos\"><time class=\"date-container minor-meta updated\"  itemprop=\"datePublished\" datetime=\"2024-04-23T11:05:40+02:00\" >23 avril 2024<\/time><div class=\"read-more-link\"><a href=\"https:\/\/rechtsanwalt.fr\/fr\/loi-allemande-sur-les-opportunites-de-croissance-aspect-fiscal\/\" class=\"more-link\">Lire la suite<span class='more-link-arrow avia-svg-icon avia-font-svg_entypo-fontello' data-av_svg_icon='right-open-big' data-av_iconset='svg_entypo-fontello'><svg version=\"1.1\" xmlns=\"http:\/\/www.w3.org\/2000\/svg\" width=\"15\" height=\"32\" viewBox=\"0 0 15 32\" preserveAspectRatio=\"xMidYMid meet\" role=\"graphics-symbol\" aria-hidden=\"true\">\n<path d=\"M0.416 27.84l11.456-11.84-11.456-11.904q-0.832-0.832 0-1.536 0.832-0.832 1.536 0l12.544 12.608q0.768 0.832 0 1.6l-12.544 12.608q-0.704 0.832-1.536 0-0.832-0.704 0-1.536z\"><\/path>\n<\/svg><\/span><\/a><\/div><\/span><footer class=\"entry-footer\"><\/footer><div class='post_delimiter'><\/div><\/div><div class=\"post_author_timeline\"><\/div><span class='hidden'>\n\t\t\t\t<span class='av-structured-data'  itemprop=\"image\" itemscope=\"itemscope\" itemtype=\"https:\/\/schema.org\/ImageObject\" >\n\t\t\t\t\t\t<span itemprop='url'>https:\/\/rechtsanwalt.fr\/wp-content\/uploads\/2024\/05\/logo_header_fr_web.epp_.svg<\/span>\n\t\t\t\t\t\t<span itemprop='height'>0<\/span>\n\t\t\t\t\t\t<span itemprop='width'>0<\/span>\n\t\t\t\t<\/span>\n\t\t\t\t<span class='av-structured-data'  itemprop=\"publisher\" itemtype=\"https:\/\/schema.org\/Organization\" itemscope=\"itemscope\" >\n\t\t\t\t\t\t<span itemprop='name'>Nils Devos<\/span>\n\t\t\t\t\t\t<span itemprop='logo' itemscope itemtype='https:\/\/schema.org\/ImageObject'>\n\t\t\t\t\t\t\t<span itemprop='url'>https:\/\/rechtsanwalt.fr\/wp-content\/uploads\/2024\/05\/logo_header_fr_web.epp_.svg<\/span>\n\t\t\t\t\t\t<\/span>\n\t\t\t\t<\/span><span class='av-structured-data'  itemprop=\"author\" itemscope=\"itemscope\" itemtype=\"https:\/\/schema.org\/Person\" ><span itemprop='name'>Nils Devos<\/span><\/span><span class='av-structured-data'  itemprop=\"datePublished\" datetime=\"2024-04-23T11:05:40+02:00\" >2024-04-23 11:05:40<\/span><span class='av-structured-data'  itemprop=\"dateModified\" itemtype=\"https:\/\/schema.org\/dateModified\" >2026-03-30 17:48:15<\/span><span class='av-structured-data'  itemprop=\"mainEntityOfPage\" itemtype=\"https:\/\/schema.org\/mainEntityOfPage\" ><span itemprop='name'>Mesures fiscales issues de la Loi sur les opportunit\u00e9s de croissance (\u00ab\u00a0Wachstumschancengesetz\u00a0\u00bb)<\/span><\/span><\/span><\/article><\/div><br \/>\n\n<style type=\"text\/css\" data-created_by=\"avia_inline_auto\" id=\"style-css-av-1knex5r-f0dc557c31dd3f6e25d321c631ef944f\">\n#top .hr.hr-invisible.av-1knex5r-f0dc557c31dd3f6e25d321c631ef944f{\nheight:20px;\n}\n<\/style>\n<div  class='hr av-1knex5r-f0dc557c31dd3f6e25d321c631ef944f hr-invisible'><span class='hr-inner '><span class=\"hr-inner-style\"><\/span><\/span><\/div><br \/>\n\n<style type=\"text\/css\" data-created_by=\"avia_inline_auto\" id=\"style-css-av-av_heading-da3a016c158bf2c5e1eb4c7ffaaf36e4\">\n#top .av-special-heading.av-av_heading-da3a016c158bf2c5e1eb4c7ffaaf36e4{\npadding-bottom:10px;\n}\nbody .av-special-heading.av-av_heading-da3a016c158bf2c5e1eb4c7ffaaf36e4 .av-special-heading-tag .heading-char{\nfont-size:25px;\n}\n.av-special-heading.av-av_heading-da3a016c158bf2c5e1eb4c7ffaaf36e4 .av-subheading{\nfont-size:15px;\n}\n<\/style>\n<div  class='av-special-heading av-av_heading-da3a016c158bf2c5e1eb4c7ffaaf36e4 av-special-heading-h3 meta-heading blockquote modern-quote'><h3 class='av-special-heading-tag '  itemprop=\"headline\"  >Contributions de 2019 sur le sujet du Droit fiscal<\/h3><div class=\"special-heading-border\"><div class=\"special-heading-inner-border\"><\/div><\/div><\/div><br \/>\n<div  class='av-alb-blogposts template-blog  av-blog-meta-author-disabled av-blog-meta-comments-disabled av-blog-meta-html-info-disabled av-blog-meta-tag-disabled '  itemscope=\"itemscope\" itemtype=\"https:\/\/schema.org\/Blog\" ><article class=\"post-entry post-entry-type-standard post-entry-8937 post-loop-11 post-parity-odd bloglist-simple  post-8937 post type-post status-publish format-standard hentry category-news-archive-2019-droit-fiscal\"  itemscope=\"itemscope\" itemtype=\"https:\/\/schema.org\/BlogPosting\" ><div class=\"blog-meta\"><\/div><div class='entry-content-wrapper clearfix standard-content'><header class=\"entry-content-header\" aria-label=\"Articles : Pr\u00e9l\u00e8vement \u00e0 la source : Pensez \u00e0 r\u00e9clamer le remboursement du trop vers\u00e9 avant f\u00e9vrier 2020\"><div class=\"av-heading-wrapper\"><span class=\"blog-categories minor-meta\"><a href=\"https:\/\/rechtsanwalt.fr\/fr\/category\/news-archive\/news-archive-2019\/news-archive-2019-droit-fiscal\/\" rel=\"tag\">Droit fiscal<\/a><\/span><h2 class='post-title entry-title '  itemprop=\"headline\" ><a href=\"https:\/\/rechtsanwalt.fr\/fr\/prelevement-a-la-source-pensez-a-reclamer-le-remboursement-du-trop-verse-avant-fevrier-2020\/\" rel=\"bookmark\" title=\"Lien permanent : Pr\u00e9l\u00e8vement \u00e0 la source : Pensez \u00e0 r\u00e9clamer le remboursement du trop vers\u00e9 avant f\u00e9vrier 2020\">Pr\u00e9l\u00e8vement \u00e0 la source : Pensez \u00e0 r\u00e9clamer le remboursement du trop vers\u00e9 avant f\u00e9vrier 2020<span class=\"post-format-icon minor-meta\"><\/span><\/a><\/h2><\/div><\/header><span class=\"post-meta-infos\"><time class=\"date-container minor-meta updated\"  itemprop=\"datePublished\" datetime=\"2019-12-17T09:50:00+01:00\" >17 d\u00e9cembre 2019<\/time><div class=\"read-more-link\"><a href=\"https:\/\/rechtsanwalt.fr\/fr\/prelevement-a-la-source-pensez-a-reclamer-le-remboursement-du-trop-verse-avant-fevrier-2020\/\" class=\"more-link\">Lire la suite<span class='more-link-arrow avia-svg-icon avia-font-svg_entypo-fontello' data-av_svg_icon='right-open-big' data-av_iconset='svg_entypo-fontello'><svg version=\"1.1\" xmlns=\"http:\/\/www.w3.org\/2000\/svg\" width=\"15\" height=\"32\" viewBox=\"0 0 15 32\" preserveAspectRatio=\"xMidYMid meet\" role=\"graphics-symbol\" aria-hidden=\"true\">\n<path d=\"M0.416 27.84l11.456-11.84-11.456-11.904q-0.832-0.832 0-1.536 0.832-0.832 1.536 0l12.544 12.608q0.768 0.832 0 1.6l-12.544 12.608q-0.704 0.832-1.536 0-0.832-0.704 0-1.536z\"><\/path>\n<\/svg><\/span><\/a><\/div><\/span><footer class=\"entry-footer\"><\/footer><div class='post_delimiter'><\/div><\/div><div class=\"post_author_timeline\"><\/div><span class='hidden'>\n\t\t\t\t<span class='av-structured-data'  itemprop=\"image\" itemscope=\"itemscope\" itemtype=\"https:\/\/schema.org\/ImageObject\" >\n\t\t\t\t\t\t<span itemprop='url'>https:\/\/rechtsanwalt.fr\/wp-content\/uploads\/2024\/05\/logo_header_fr_web.epp_.svg<\/span>\n\t\t\t\t\t\t<span itemprop='height'>0<\/span>\n\t\t\t\t\t\t<span itemprop='width'>0<\/span>\n\t\t\t\t<\/span>\n\t\t\t\t<span class='av-structured-data'  itemprop=\"publisher\" itemtype=\"https:\/\/schema.org\/Organization\" itemscope=\"itemscope\" >\n\t\t\t\t\t\t<span itemprop='name'>epp.content<\/span>\n\t\t\t\t\t\t<span itemprop='logo' itemscope itemtype='https:\/\/schema.org\/ImageObject'>\n\t\t\t\t\t\t\t<span itemprop='url'>https:\/\/rechtsanwalt.fr\/wp-content\/uploads\/2024\/05\/logo_header_fr_web.epp_.svg<\/span>\n\t\t\t\t\t\t<\/span>\n\t\t\t\t<\/span><span class='av-structured-data'  itemprop=\"author\" itemscope=\"itemscope\" itemtype=\"https:\/\/schema.org\/Person\" ><span itemprop='name'>epp.content<\/span><\/span><span class='av-structured-data'  itemprop=\"datePublished\" datetime=\"2019-12-17T09:50:00+01:00\" >2019-12-17 09:50:00<\/span><span class='av-structured-data'  itemprop=\"dateModified\" itemtype=\"https:\/\/schema.org\/dateModified\" >2021-04-07 12:13:56<\/span><span class='av-structured-data'  itemprop=\"mainEntityOfPage\" itemtype=\"https:\/\/schema.org\/mainEntityOfPage\" ><span itemprop='name'>Pr\u00e9l\u00e8vement \u00e0 la source : Pensez \u00e0 r\u00e9clamer le remboursement du trop vers\u00e9 avant f\u00e9vrier 2020<\/span><\/span><\/span><\/article><\/div><br \/>\n\n<style type=\"text\/css\" data-created_by=\"avia_inline_auto\" id=\"style-css-av-av_hr-82f5be0ae0af6a64fe3091010b237709\">\n#top .hr.hr-invisible.av-av_hr-82f5be0ae0af6a64fe3091010b237709{\nheight:20px;\n}\n<\/style>\n<div  class='hr av-av_hr-82f5be0ae0af6a64fe3091010b237709 hr-invisible'><span class='hr-inner '><span class=\"hr-inner-style\"><\/span><\/span><\/div><br \/>\n\n<style type=\"text\/css\" data-created_by=\"avia_inline_auto\" id=\"style-css-av-lvaw044a-5c39f359806207b1f7b6c2d3c79d645e\">\n#top .av-special-heading.av-lvaw044a-5c39f359806207b1f7b6c2d3c79d645e{\npadding-bottom:10px;\n}\nbody .av-special-heading.av-lvaw044a-5c39f359806207b1f7b6c2d3c79d645e .av-special-heading-tag .heading-char{\nfont-size:25px;\n}\n.av-special-heading.av-lvaw044a-5c39f359806207b1f7b6c2d3c79d645e .av-subheading{\nfont-size:15px;\n}\n<\/style>\n<div  class='av-special-heading av-lvaw044a-5c39f359806207b1f7b6c2d3c79d645e av-special-heading-h3 meta-heading blockquote modern-quote'><h3 class='av-special-heading-tag '  itemprop=\"headline\"  >Contributions de 2017 sur le sujet du Droit fiscal<\/h3><div class=\"special-heading-border\"><div class=\"special-heading-inner-border\"><\/div><\/div><\/div><br \/>\n<div  class='av-alb-blogposts template-blog  av-blog-meta-author-disabled av-blog-meta-comments-disabled av-blog-meta-html-info-disabled av-blog-meta-tag-disabled '  itemscope=\"itemscope\" itemtype=\"https:\/\/schema.org\/Blog\" ><article class=\"post-entry post-entry-type-standard post-entry-10666 post-loop-12 post-parity-even bloglist-simple  post-10666 post type-post status-publish format-standard hentry category-droit-fiscal\"  itemscope=\"itemscope\" itemtype=\"https:\/\/schema.org\/BlogPosting\" ><div class=\"blog-meta\"><\/div><div class='entry-content-wrapper clearfix standard-content'><header class=\"entry-content-header\" aria-label=\"Articles : Entreprises en Allemagne: Descriptif de prestations dans les factures\"><div class=\"av-heading-wrapper\"><span class=\"blog-categories minor-meta\"><a href=\"https:\/\/rechtsanwalt.fr\/fr\/category\/news-archive\/news-archive-2017\/droit-fiscal\/\" rel=\"tag\">Droit fiscal<\/a><\/span><h2 class='post-title entry-title '  itemprop=\"headline\" ><a href=\"https:\/\/rechtsanwalt.fr\/fr\/entreprises-en-allemagne-descriptif-de-prestations-dans-les-factures\/\" rel=\"bookmark\" title=\"Lien permanent : Entreprises en Allemagne: Descriptif de prestations dans les factures\">Entreprises en Allemagne: Descriptif de prestations dans les factures<span class=\"post-format-icon minor-meta\"><\/span><\/a><\/h2><\/div><\/header><span class=\"post-meta-infos\"><time class=\"date-container minor-meta updated\"  itemprop=\"datePublished\" datetime=\"2017-10-31T12:14:00+01:00\" >31 octobre 2017<\/time><div class=\"read-more-link\"><a href=\"https:\/\/rechtsanwalt.fr\/fr\/entreprises-en-allemagne-descriptif-de-prestations-dans-les-factures\/\" class=\"more-link\">Lire la suite<span class='more-link-arrow avia-svg-icon avia-font-svg_entypo-fontello' data-av_svg_icon='right-open-big' data-av_iconset='svg_entypo-fontello'><svg version=\"1.1\" xmlns=\"http:\/\/www.w3.org\/2000\/svg\" width=\"15\" height=\"32\" viewBox=\"0 0 15 32\" preserveAspectRatio=\"xMidYMid meet\" role=\"graphics-symbol\" aria-hidden=\"true\">\n<path d=\"M0.416 27.84l11.456-11.84-11.456-11.904q-0.832-0.832 0-1.536 0.832-0.832 1.536 0l12.544 12.608q0.768 0.832 0 1.6l-12.544 12.608q-0.704 0.832-1.536 0-0.832-0.704 0-1.536z\"><\/path>\n<\/svg><\/span><\/a><\/div><\/span><footer class=\"entry-footer\"><\/footer><div class='post_delimiter'><\/div><\/div><div class=\"post_author_timeline\"><\/div><span class='hidden'>\n\t\t\t\t<span class='av-structured-data'  itemprop=\"image\" itemscope=\"itemscope\" itemtype=\"https:\/\/schema.org\/ImageObject\" >\n\t\t\t\t\t\t<span itemprop='url'>https:\/\/rechtsanwalt.fr\/wp-content\/uploads\/2024\/05\/logo_header_fr_web.epp_.svg<\/span>\n\t\t\t\t\t\t<span itemprop='height'>0<\/span>\n\t\t\t\t\t\t<span itemprop='width'>0<\/span>\n\t\t\t\t<\/span>\n\t\t\t\t<span class='av-structured-data'  itemprop=\"publisher\" itemtype=\"https:\/\/schema.org\/Organization\" itemscope=\"itemscope\" >\n\t\t\t\t\t\t<span itemprop='name'>epp.content<\/span>\n\t\t\t\t\t\t<span itemprop='logo' itemscope itemtype='https:\/\/schema.org\/ImageObject'>\n\t\t\t\t\t\t\t<span itemprop='url'>https:\/\/rechtsanwalt.fr\/wp-content\/uploads\/2024\/05\/logo_header_fr_web.epp_.svg<\/span>\n\t\t\t\t\t\t<\/span>\n\t\t\t\t<\/span><span class='av-structured-data'  itemprop=\"author\" itemscope=\"itemscope\" itemtype=\"https:\/\/schema.org\/Person\" ><span itemprop='name'>epp.content<\/span><\/span><span class='av-structured-data'  itemprop=\"datePublished\" datetime=\"2017-10-31T12:14:00+01:00\" >2017-10-31 12:14:00<\/span><span class='av-structured-data'  itemprop=\"dateModified\" itemtype=\"https:\/\/schema.org\/dateModified\" >2021-04-07 11:29:40<\/span><span class='av-structured-data'  itemprop=\"mainEntityOfPage\" itemtype=\"https:\/\/schema.org\/mainEntityOfPage\" ><span itemprop='name'>Entreprises en Allemagne: Descriptif de prestations dans les factures<\/span><\/span><\/span><\/article><article class=\"post-entry post-entry-type-standard post-entry-10651 post-loop-13 post-parity-odd bloglist-simple  post-10651 post type-post status-publish format-standard hentry category-droit-fiscal\"  itemscope=\"itemscope\" itemtype=\"https:\/\/schema.org\/BlogPosting\" ><div class=\"blog-meta\"><\/div><div class='entry-content-wrapper clearfix standard-content'><header class=\"entry-content-header\" aria-label=\"Articles : Ma soci\u00e9t\u00e9 en Allemagne peut - elle d\u00e9localiser sa comptabilit\u00e9 \u00e0 l\u2019\u00e9tranger, en France par exemple ?\"><div class=\"av-heading-wrapper\"><span class=\"blog-categories minor-meta\"><a href=\"https:\/\/rechtsanwalt.fr\/fr\/category\/news-archive\/news-archive-2017\/droit-fiscal\/\" rel=\"tag\">Droit fiscal<\/a><\/span><h2 class='post-title entry-title '  itemprop=\"headline\" ><a href=\"https:\/\/rechtsanwalt.fr\/fr\/ma-societe-en-allemagne-peut-elle-delocaliser-sa-comptabilite-a-letranger-en-france-26-par-exemple\/\" rel=\"bookmark\" title=\"Lien permanent : Ma soci\u00e9t\u00e9 en Allemagne peut - elle d\u00e9localiser sa comptabilit\u00e9 \u00e0 l\u2019\u00e9tranger, en France par exemple ?\">Ma soci\u00e9t\u00e9 en Allemagne peut - elle d\u00e9localiser sa comptabilit\u00e9 \u00e0 l\u2019\u00e9tranger, en France par exemple ?<span class=\"post-format-icon minor-meta\"><\/span><\/a><\/h2><\/div><\/header><span class=\"post-meta-infos\"><time class=\"date-container minor-meta updated\"  itemprop=\"datePublished\" datetime=\"2017-09-12T11:25:00+02:00\" >12 septembre 2017<\/time><div class=\"read-more-link\"><a href=\"https:\/\/rechtsanwalt.fr\/fr\/ma-societe-en-allemagne-peut-elle-delocaliser-sa-comptabilite-a-letranger-en-france-26-par-exemple\/\" class=\"more-link\">Lire la suite<span class='more-link-arrow avia-svg-icon avia-font-svg_entypo-fontello' data-av_svg_icon='right-open-big' data-av_iconset='svg_entypo-fontello'><svg version=\"1.1\" xmlns=\"http:\/\/www.w3.org\/2000\/svg\" width=\"15\" height=\"32\" viewBox=\"0 0 15 32\" preserveAspectRatio=\"xMidYMid meet\" role=\"graphics-symbol\" aria-hidden=\"true\">\n<path d=\"M0.416 27.84l11.456-11.84-11.456-11.904q-0.832-0.832 0-1.536 0.832-0.832 1.536 0l12.544 12.608q0.768 0.832 0 1.6l-12.544 12.608q-0.704 0.832-1.536 0-0.832-0.704 0-1.536z\"><\/path>\n<\/svg><\/span><\/a><\/div><\/span><footer class=\"entry-footer\"><\/footer><div class='post_delimiter'><\/div><\/div><div class=\"post_author_timeline\"><\/div><span class='hidden'>\n\t\t\t\t<span class='av-structured-data'  itemprop=\"image\" itemscope=\"itemscope\" itemtype=\"https:\/\/schema.org\/ImageObject\" >\n\t\t\t\t\t\t<span itemprop='url'>https:\/\/rechtsanwalt.fr\/wp-content\/uploads\/2024\/05\/logo_header_fr_web.epp_.svg<\/span>\n\t\t\t\t\t\t<span itemprop='height'>0<\/span>\n\t\t\t\t\t\t<span itemprop='width'>0<\/span>\n\t\t\t\t<\/span>\n\t\t\t\t<span class='av-structured-data'  itemprop=\"publisher\" itemtype=\"https:\/\/schema.org\/Organization\" itemscope=\"itemscope\" >\n\t\t\t\t\t\t<span itemprop='name'>epp.content<\/span>\n\t\t\t\t\t\t<span itemprop='logo' itemscope itemtype='https:\/\/schema.org\/ImageObject'>\n\t\t\t\t\t\t\t<span itemprop='url'>https:\/\/rechtsanwalt.fr\/wp-content\/uploads\/2024\/05\/logo_header_fr_web.epp_.svg<\/span>\n\t\t\t\t\t\t<\/span>\n\t\t\t\t<\/span><span class='av-structured-data'  itemprop=\"author\" itemscope=\"itemscope\" itemtype=\"https:\/\/schema.org\/Person\" ><span itemprop='name'>epp.content<\/span><\/span><span class='av-structured-data'  itemprop=\"datePublished\" datetime=\"2017-09-12T11:25:00+02:00\" >2017-09-12 11:25:00<\/span><span class='av-structured-data'  itemprop=\"dateModified\" itemtype=\"https:\/\/schema.org\/dateModified\" >2021-04-07 11:30:23<\/span><span class='av-structured-data'  itemprop=\"mainEntityOfPage\" itemtype=\"https:\/\/schema.org\/mainEntityOfPage\" ><span itemprop='name'>Ma soci\u00e9t\u00e9 en Allemagne peut - elle d\u00e9localiser sa comptabilit\u00e9 \u00e0 l\u2019\u00e9tranger, en France par exemple ?<\/span><\/span><\/span><\/article><article class=\"post-entry post-entry-type-standard post-entry-10670 post-loop-14 post-parity-even bloglist-simple  post-10670 post type-post status-publish format-standard hentry category-droit-fiscal\"  itemscope=\"itemscope\" itemtype=\"https:\/\/schema.org\/BlogPosting\" ><div class=\"blog-meta\"><\/div><div class='entry-content-wrapper clearfix standard-content'><header class=\"entry-content-header\" aria-label=\"Articles : Entreprises en Allemagne: Possibilit\u00e9 de rectification de factures avec effet r\u00e9troactif\"><div class=\"av-heading-wrapper\"><span class=\"blog-categories minor-meta\"><a href=\"https:\/\/rechtsanwalt.fr\/fr\/category\/news-archive\/news-archive-2017\/droit-fiscal\/\" rel=\"tag\">Droit fiscal<\/a><\/span><h2 class='post-title entry-title '  itemprop=\"headline\" ><a href=\"https:\/\/rechtsanwalt.fr\/fr\/entreprises-en-allemagne-possibilite-de-rectification-de-factures-avec-effet-retroactif\/\" rel=\"bookmark\" title=\"Lien permanent : Entreprises en Allemagne: Possibilit\u00e9 de rectification de factures avec effet r\u00e9troactif\">Entreprises en Allemagne: Possibilit\u00e9 de rectification de factures avec effet r\u00e9troactif<span class=\"post-format-icon minor-meta\"><\/span><\/a><\/h2><\/div><\/header><span class=\"post-meta-infos\"><time class=\"date-container minor-meta updated\"  itemprop=\"datePublished\" datetime=\"2017-06-06T12:23:00+02:00\" >6 juin 2017<\/time><div class=\"read-more-link\"><a href=\"https:\/\/rechtsanwalt.fr\/fr\/entreprises-en-allemagne-possibilite-de-rectification-de-factures-avec-effet-retroactif\/\" class=\"more-link\">Lire la suite<span class='more-link-arrow avia-svg-icon avia-font-svg_entypo-fontello' data-av_svg_icon='right-open-big' data-av_iconset='svg_entypo-fontello'><svg version=\"1.1\" xmlns=\"http:\/\/www.w3.org\/2000\/svg\" width=\"15\" height=\"32\" viewBox=\"0 0 15 32\" preserveAspectRatio=\"xMidYMid meet\" role=\"graphics-symbol\" aria-hidden=\"true\">\n<path d=\"M0.416 27.84l11.456-11.84-11.456-11.904q-0.832-0.832 0-1.536 0.832-0.832 1.536 0l12.544 12.608q0.768 0.832 0 1.6l-12.544 12.608q-0.704 0.832-1.536 0-0.832-0.704 0-1.536z\"><\/path>\n<\/svg><\/span><\/a><\/div><\/span><footer class=\"entry-footer\"><\/footer><div class='post_delimiter'><\/div><\/div><div class=\"post_author_timeline\"><\/div><span class='hidden'>\n\t\t\t\t<span class='av-structured-data'  itemprop=\"image\" itemscope=\"itemscope\" itemtype=\"https:\/\/schema.org\/ImageObject\" >\n\t\t\t\t\t\t<span itemprop='url'>https:\/\/rechtsanwalt.fr\/wp-content\/uploads\/2024\/05\/logo_header_fr_web.epp_.svg<\/span>\n\t\t\t\t\t\t<span itemprop='height'>0<\/span>\n\t\t\t\t\t\t<span itemprop='width'>0<\/span>\n\t\t\t\t<\/span>\n\t\t\t\t<span class='av-structured-data'  itemprop=\"publisher\" itemtype=\"https:\/\/schema.org\/Organization\" itemscope=\"itemscope\" >\n\t\t\t\t\t\t<span itemprop='name'>epp.content<\/span>\n\t\t\t\t\t\t<span itemprop='logo' itemscope itemtype='https:\/\/schema.org\/ImageObject'>\n\t\t\t\t\t\t\t<span itemprop='url'>https:\/\/rechtsanwalt.fr\/wp-content\/uploads\/2024\/05\/logo_header_fr_web.epp_.svg<\/span>\n\t\t\t\t\t\t<\/span>\n\t\t\t\t<\/span><span class='av-structured-data'  itemprop=\"author\" itemscope=\"itemscope\" itemtype=\"https:\/\/schema.org\/Person\" ><span itemprop='name'>epp.content<\/span><\/span><span class='av-structured-data'  itemprop=\"datePublished\" datetime=\"2017-06-06T12:23:00+02:00\" >2017-06-06 12:23:00<\/span><span class='av-structured-data'  itemprop=\"dateModified\" itemtype=\"https:\/\/schema.org\/dateModified\" >2021-04-07 11:36:33<\/span><span class='av-structured-data'  itemprop=\"mainEntityOfPage\" itemtype=\"https:\/\/schema.org\/mainEntityOfPage\" ><span itemprop='name'>Entreprises en Allemagne: Possibilit\u00e9 de rectification de factures avec effet r\u00e9troactif<\/span><\/span><\/span><\/article><article class=\"post-entry post-entry-type-standard post-entry-10661 post-loop-15 post-parity-odd bloglist-simple  post-10661 post type-post status-publish format-standard hentry category-droit-fiscal\"  itemscope=\"itemscope\" itemtype=\"https:\/\/schema.org\/BlogPosting\" ><div class=\"blog-meta\"><\/div><div class='entry-content-wrapper clearfix standard-content'><header class=\"entry-content-header\" aria-label=\"Articles : Entreprises en Allemagne: Dans quelle mesure la TVA peut-elle \u00eatre d\u00e9duite par une entreprise allemande au titre des frais de d\u00e9placement ?\"><div class=\"av-heading-wrapper\"><span class=\"blog-categories minor-meta\"><a href=\"https:\/\/rechtsanwalt.fr\/fr\/category\/news-archive\/news-archive-2017\/droit-fiscal\/\" rel=\"tag\">Droit fiscal<\/a><\/span><h2 class='post-title entry-title '  itemprop=\"headline\" ><a href=\"https:\/\/rechtsanwalt.fr\/fr\/entreprises-en-allemagne-dans-quelle-mesure-la-tva-peut-elle-etre-deduite-par-une-entreprise-allemande-au-titre-des-frais-de-deplacement\/\" rel=\"bookmark\" title=\"Lien permanent : Entreprises en Allemagne: Dans quelle mesure la TVA peut-elle \u00eatre d\u00e9duite par une entreprise allemande au titre des frais de d\u00e9placement ?\">Entreprises en Allemagne: Dans quelle mesure la TVA peut-elle \u00eatre d\u00e9duite par une entreprise allemande au titre des frais de d\u00e9placement ?<span class=\"post-format-icon minor-meta\"><\/span><\/a><\/h2><\/div><\/header><span class=\"post-meta-infos\"><time class=\"date-container minor-meta updated\"  itemprop=\"datePublished\" datetime=\"2017-03-14T12:03:00+01:00\" >14 mars 2017<\/time><div class=\"read-more-link\"><a href=\"https:\/\/rechtsanwalt.fr\/fr\/entreprises-en-allemagne-dans-quelle-mesure-la-tva-peut-elle-etre-deduite-par-une-entreprise-allemande-au-titre-des-frais-de-deplacement\/\" class=\"more-link\">Lire la suite<span class='more-link-arrow avia-svg-icon avia-font-svg_entypo-fontello' data-av_svg_icon='right-open-big' data-av_iconset='svg_entypo-fontello'><svg version=\"1.1\" xmlns=\"http:\/\/www.w3.org\/2000\/svg\" width=\"15\" height=\"32\" viewBox=\"0 0 15 32\" preserveAspectRatio=\"xMidYMid meet\" role=\"graphics-symbol\" aria-hidden=\"true\">\n<path d=\"M0.416 27.84l11.456-11.84-11.456-11.904q-0.832-0.832 0-1.536 0.832-0.832 1.536 0l12.544 12.608q0.768 0.832 0 1.6l-12.544 12.608q-0.704 0.832-1.536 0-0.832-0.704 0-1.536z\"><\/path>\n<\/svg><\/span><\/a><\/div><\/span><footer class=\"entry-footer\"><\/footer><div class='post_delimiter'><\/div><\/div><div class=\"post_author_timeline\"><\/div><span class='hidden'>\n\t\t\t\t<span class='av-structured-data'  itemprop=\"image\" itemscope=\"itemscope\" itemtype=\"https:\/\/schema.org\/ImageObject\" >\n\t\t\t\t\t\t<span itemprop='url'>https:\/\/rechtsanwalt.fr\/wp-content\/uploads\/2024\/05\/logo_header_fr_web.epp_.svg<\/span>\n\t\t\t\t\t\t<span itemprop='height'>0<\/span>\n\t\t\t\t\t\t<span itemprop='width'>0<\/span>\n\t\t\t\t<\/span>\n\t\t\t\t<span class='av-structured-data'  itemprop=\"publisher\" itemtype=\"https:\/\/schema.org\/Organization\" itemscope=\"itemscope\" >\n\t\t\t\t\t\t<span itemprop='name'>epp.content<\/span>\n\t\t\t\t\t\t<span itemprop='logo' itemscope itemtype='https:\/\/schema.org\/ImageObject'>\n\t\t\t\t\t\t\t<span itemprop='url'>https:\/\/rechtsanwalt.fr\/wp-content\/uploads\/2024\/05\/logo_header_fr_web.epp_.svg<\/span>\n\t\t\t\t\t\t<\/span>\n\t\t\t\t<\/span><span class='av-structured-data'  itemprop=\"author\" itemscope=\"itemscope\" itemtype=\"https:\/\/schema.org\/Person\" ><span itemprop='name'>epp.content<\/span><\/span><span class='av-structured-data'  itemprop=\"datePublished\" datetime=\"2017-03-14T12:03:00+01:00\" >2017-03-14 12:03:00<\/span><span class='av-structured-data'  itemprop=\"dateModified\" itemtype=\"https:\/\/schema.org\/dateModified\" >2021-04-07 11:40:23<\/span><span class='av-structured-data'  itemprop=\"mainEntityOfPage\" itemtype=\"https:\/\/schema.org\/mainEntityOfPage\" ><span itemprop='name'>Entreprises en Allemagne: Dans quelle mesure la TVA peut-elle \u00eatre d\u00e9duite par une entreprise allemande au titre des frais de d\u00e9placement ?<\/span><\/span><\/span><\/article><article class=\"post-entry post-entry-type-standard post-entry-10787 post-loop-16 post-parity-even bloglist-simple  post-10787 post type-post status-publish format-standard hentry category-droit-fiscal\"  itemscope=\"itemscope\" itemtype=\"https:\/\/schema.org\/BlogPosting\" ><div class=\"blog-meta\"><\/div><div class='entry-content-wrapper clearfix standard-content'><header class=\"entry-content-header\" aria-label=\"Articles : TVA et d\u00e9duction de TVA en Allemagne : Mentions obligatoires sur la facture : Le prestataire doit-il mentionner l\u2019adresse de sa bo\u00eete aux lettres ou bien le lieu d\u2019exercice de l\u2019activit\u00e9 \u00e9conomique ?\"><div class=\"av-heading-wrapper\"><span class=\"blog-categories minor-meta\"><a href=\"https:\/\/rechtsanwalt.fr\/fr\/category\/news-archive\/news-archive-2017\/droit-fiscal\/\" rel=\"tag\">Droit fiscal<\/a><\/span><h2 class='post-title entry-title '  itemprop=\"headline\" ><a href=\"https:\/\/rechtsanwalt.fr\/fr\/tva-et-deduction-de-tva-en-allemagne-mentions-obligatoires-sur-la-facture-le-prestataire-doit-il-mentionner-ladresse-de-sa-boite-aux-lettres-ou-bien-le-lieu-dexercice-de-l\/\" rel=\"bookmark\" title=\"Lien permanent : TVA et d\u00e9duction de TVA en Allemagne : Mentions obligatoires sur la facture : Le prestataire doit-il mentionner l\u2019adresse de sa bo\u00eete aux lettres ou bien le lieu d\u2019exercice de l\u2019activit\u00e9 \u00e9conomique ?\">TVA et d\u00e9duction de TVA en Allemagne : Mentions obligatoires sur la facture : Le prestataire doit-il mentionner l\u2019adresse de sa bo\u00eete aux lettres ou bien le lieu d\u2019exercice de l\u2019activit\u00e9 \u00e9conomique ?<span class=\"post-format-icon minor-meta\"><\/span><\/a><\/h2><\/div><\/header><span class=\"post-meta-infos\"><time class=\"date-container minor-meta updated\"  itemprop=\"datePublished\" datetime=\"2017-01-17T16:08:00+01:00\" >17 janvier 2017<\/time><div class=\"read-more-link\"><a href=\"https:\/\/rechtsanwalt.fr\/fr\/tva-et-deduction-de-tva-en-allemagne-mentions-obligatoires-sur-la-facture-le-prestataire-doit-il-mentionner-ladresse-de-sa-boite-aux-lettres-ou-bien-le-lieu-dexercice-de-l\/\" class=\"more-link\">Lire la suite<span class='more-link-arrow avia-svg-icon avia-font-svg_entypo-fontello' data-av_svg_icon='right-open-big' data-av_iconset='svg_entypo-fontello'><svg version=\"1.1\" xmlns=\"http:\/\/www.w3.org\/2000\/svg\" width=\"15\" height=\"32\" viewBox=\"0 0 15 32\" preserveAspectRatio=\"xMidYMid meet\" role=\"graphics-symbol\" aria-hidden=\"true\">\n<path d=\"M0.416 27.84l11.456-11.84-11.456-11.904q-0.832-0.832 0-1.536 0.832-0.832 1.536 0l12.544 12.608q0.768 0.832 0 1.6l-12.544 12.608q-0.704 0.832-1.536 0-0.832-0.704 0-1.536z\"><\/path>\n<\/svg><\/span><\/a><\/div><\/span><footer class=\"entry-footer\"><\/footer><div class='post_delimiter'><\/div><\/div><div class=\"post_author_timeline\"><\/div><span class='hidden'>\n\t\t\t\t<span class='av-structured-data'  itemprop=\"image\" itemscope=\"itemscope\" itemtype=\"https:\/\/schema.org\/ImageObject\" >\n\t\t\t\t\t\t<span itemprop='url'>https:\/\/rechtsanwalt.fr\/wp-content\/uploads\/2024\/05\/logo_header_fr_web.epp_.svg<\/span>\n\t\t\t\t\t\t<span itemprop='height'>0<\/span>\n\t\t\t\t\t\t<span itemprop='width'>0<\/span>\n\t\t\t\t<\/span>\n\t\t\t\t<span class='av-structured-data'  itemprop=\"publisher\" itemtype=\"https:\/\/schema.org\/Organization\" itemscope=\"itemscope\" >\n\t\t\t\t\t\t<span itemprop='name'>epp.content<\/span>\n\t\t\t\t\t\t<span itemprop='logo' itemscope itemtype='https:\/\/schema.org\/ImageObject'>\n\t\t\t\t\t\t\t<span itemprop='url'>https:\/\/rechtsanwalt.fr\/wp-content\/uploads\/2024\/05\/logo_header_fr_web.epp_.svg<\/span>\n\t\t\t\t\t\t<\/span>\n\t\t\t\t<\/span><span class='av-structured-data'  itemprop=\"author\" itemscope=\"itemscope\" itemtype=\"https:\/\/schema.org\/Person\" ><span itemprop='name'>epp.content<\/span><\/span><span class='av-structured-data'  itemprop=\"datePublished\" datetime=\"2017-01-17T16:08:00+01:00\" >2017-01-17 16:08:00<\/span><span class='av-structured-data'  itemprop=\"dateModified\" itemtype=\"https:\/\/schema.org\/dateModified\" >2021-04-07 11:44:55<\/span><span class='av-structured-data'  itemprop=\"mainEntityOfPage\" itemtype=\"https:\/\/schema.org\/mainEntityOfPage\" ><span itemprop='name'>TVA et d\u00e9duction de TVA en Allemagne : Mentions obligatoires sur la facture : Le prestataire doit-il mentionner l\u2019adresse de sa bo\u00eete aux lettres ou bien le lieu d\u2019exercice de l\u2019activit\u00e9 \u00e9conomique ?<\/span><\/span><\/span><\/article><\/div><br \/>\n\n<style type=\"text\/css\" data-created_by=\"avia_inline_auto\" id=\"style-css-av-1598na7-add27de2f07eae49f396609172149d13\">\n#top .hr.hr-invisible.av-1598na7-add27de2f07eae49f396609172149d13{\nheight:20px;\n}\n<\/style>\n<div  class='hr av-1598na7-add27de2f07eae49f396609172149d13 hr-invisible'><span class='hr-inner '><span class=\"hr-inner-style\"><\/span><\/span><\/div><br \/>\n\n<style type=\"text\/css\" data-created_by=\"avia_inline_auto\" id=\"style-css-av-lvaw0rdq-e3f7982e96c3529a94b8aa46753f4292\">\n#top .av-special-heading.av-lvaw0rdq-e3f7982e96c3529a94b8aa46753f4292{\npadding-bottom:10px;\n}\nbody .av-special-heading.av-lvaw0rdq-e3f7982e96c3529a94b8aa46753f4292 .av-special-heading-tag .heading-char{\nfont-size:25px;\n}\n.av-special-heading.av-lvaw0rdq-e3f7982e96c3529a94b8aa46753f4292 .av-subheading{\nfont-size:15px;\n}\n<\/style>\n<div  class='av-special-heading av-lvaw0rdq-e3f7982e96c3529a94b8aa46753f4292 av-special-heading-h3 meta-heading blockquote modern-quote'><h3 class='av-special-heading-tag '  itemprop=\"headline\"  >Contributions de 2016 sur le sujet du Droit fiscal<\/h3><div class=\"special-heading-border\"><div class=\"special-heading-inner-border\"><\/div><\/div><\/div><br \/>\n<div  class='av-alb-blogposts template-blog  av-blog-meta-author-disabled av-blog-meta-comments-disabled av-blog-meta-html-info-disabled av-blog-meta-tag-disabled '  itemscope=\"itemscope\" itemtype=\"https:\/\/schema.org\/Blog\" ><article class=\"post-entry post-entry-type-standard post-entry-14330 post-loop-17 post-parity-odd bloglist-simple  post-14330 post type-post status-publish format-standard hentry category-archive-2016-fr-droit-fiscal\"  itemscope=\"itemscope\" itemtype=\"https:\/\/schema.org\/BlogPosting\" ><div class=\"blog-meta\"><\/div><div class='entry-content-wrapper clearfix standard-content'><header class=\"entry-content-header\" aria-label=\"Articles : Exon\u00e9ration de TVA en cas de transfert intracommunautaire : La jurisprudence europ\u00e9enne s\u2019attaque au formalisme de l\u2019administration fiscale allemande concernant la mention obligatoire du num\u00e9ro de TVA intracommunautaire\"><div class=\"av-heading-wrapper\"><span class=\"blog-categories minor-meta\"><a href=\"https:\/\/rechtsanwalt.fr\/fr\/category\/news-archive\/news-archive-2016\/archive-2016-fr-droit-fiscal\/\" rel=\"tag\">Droit fiscal<\/a><\/span><h2 class='post-title entry-title '  itemprop=\"headline\" ><a href=\"https:\/\/rechtsanwalt.fr\/fr\/exoneration-de-tva-en-cas-de-transfert-intracommunautaire-la-jurisprudence-europeenne-sattaque-au-formalisme-de-ladministration-fiscale-allemande-concernant-la-mention-obligatoire\/\" rel=\"bookmark\" title=\"Lien permanent : Exon\u00e9ration de TVA en cas de transfert intracommunautaire : La jurisprudence europ\u00e9enne s\u2019attaque au formalisme de l\u2019administration fiscale allemande concernant la mention obligatoire du num\u00e9ro de TVA intracommunautaire\">Exon\u00e9ration de TVA en cas de transfert intracommunautaire : La jurisprudence europ\u00e9enne s\u2019attaque au formalisme de l\u2019administration fiscale allemande concernant la mention obligatoire du num\u00e9ro de TVA intracommunautaire<span class=\"post-format-icon minor-meta\"><\/span><\/a><\/h2><\/div><\/header><span class=\"post-meta-infos\"><time class=\"date-container minor-meta updated\"  itemprop=\"datePublished\" datetime=\"2016-11-22T10:14:00+01:00\" >22 novembre 2016<\/time><div class=\"read-more-link\"><a href=\"https:\/\/rechtsanwalt.fr\/fr\/exoneration-de-tva-en-cas-de-transfert-intracommunautaire-la-jurisprudence-europeenne-sattaque-au-formalisme-de-ladministration-fiscale-allemande-concernant-la-mention-obligatoire\/\" class=\"more-link\">Lire la suite<span class='more-link-arrow avia-svg-icon avia-font-svg_entypo-fontello' data-av_svg_icon='right-open-big' data-av_iconset='svg_entypo-fontello'><svg version=\"1.1\" xmlns=\"http:\/\/www.w3.org\/2000\/svg\" width=\"15\" height=\"32\" viewBox=\"0 0 15 32\" preserveAspectRatio=\"xMidYMid meet\" role=\"graphics-symbol\" aria-hidden=\"true\">\n<path d=\"M0.416 27.84l11.456-11.84-11.456-11.904q-0.832-0.832 0-1.536 0.832-0.832 1.536 0l12.544 12.608q0.768 0.832 0 1.6l-12.544 12.608q-0.704 0.832-1.536 0-0.832-0.704 0-1.536z\"><\/path>\n<\/svg><\/span><\/a><\/div><\/span><footer class=\"entry-footer\"><\/footer><div class='post_delimiter'><\/div><\/div><div class=\"post_author_timeline\"><\/div><span class='hidden'>\n\t\t\t\t<span class='av-structured-data'  itemprop=\"image\" itemscope=\"itemscope\" itemtype=\"https:\/\/schema.org\/ImageObject\" >\n\t\t\t\t\t\t<span itemprop='url'>https:\/\/rechtsanwalt.fr\/wp-content\/uploads\/2024\/05\/logo_header_fr_web.epp_.svg<\/span>\n\t\t\t\t\t\t<span itemprop='height'>0<\/span>\n\t\t\t\t\t\t<span itemprop='width'>0<\/span>\n\t\t\t\t<\/span>\n\t\t\t\t<span class='av-structured-data'  itemprop=\"publisher\" itemtype=\"https:\/\/schema.org\/Organization\" itemscope=\"itemscope\" >\n\t\t\t\t\t\t<span itemprop='name'>epp.content<\/span>\n\t\t\t\t\t\t<span itemprop='logo' itemscope itemtype='https:\/\/schema.org\/ImageObject'>\n\t\t\t\t\t\t\t<span itemprop='url'>https:\/\/rechtsanwalt.fr\/wp-content\/uploads\/2024\/05\/logo_header_fr_web.epp_.svg<\/span>\n\t\t\t\t\t\t<\/span>\n\t\t\t\t<\/span><span class='av-structured-data'  itemprop=\"author\" itemscope=\"itemscope\" itemtype=\"https:\/\/schema.org\/Person\" ><span itemprop='name'>epp.content<\/span><\/span><span class='av-structured-data'  itemprop=\"datePublished\" datetime=\"2016-11-22T10:14:00+01:00\" >2016-11-22 10:14:00<\/span><span class='av-structured-data'  itemprop=\"dateModified\" itemtype=\"https:\/\/schema.org\/dateModified\" >2021-04-06 17:24:24<\/span><span class='av-structured-data'  itemprop=\"mainEntityOfPage\" itemtype=\"https:\/\/schema.org\/mainEntityOfPage\" ><span itemprop='name'>Exon\u00e9ration de TVA en cas de transfert intracommunautaire : La jurisprudence europ\u00e9enne s\u2019attaque au formalisme de l\u2019administration fiscale allemande concernant la mention obligatoire du num\u00e9ro de TVA intracommunautaire<\/span><\/span><\/span><\/article><article class=\"post-entry post-entry-type-standard post-entry-14295 post-loop-18 post-parity-even bloglist-simple  post-14295 post type-post status-publish format-standard hentry category-archive-2016-fr-droit-fiscal\"  itemscope=\"itemscope\" itemtype=\"https:\/\/schema.org\/BlogPosting\" ><div class=\"blog-meta\"><\/div><div class='entry-content-wrapper clearfix standard-content'><header class=\"entry-content-header\" aria-label=\"Articles : TVA en Allemagne (Umsatzsteuer)\"><div class=\"av-heading-wrapper\"><span class=\"blog-categories minor-meta\"><a href=\"https:\/\/rechtsanwalt.fr\/fr\/category\/news-archive\/news-archive-2016\/archive-2016-fr-droit-fiscal\/\" rel=\"tag\">Droit fiscal<\/a><\/span><h2 class='post-title entry-title '  itemprop=\"headline\" ><a href=\"https:\/\/rechtsanwalt.fr\/fr\/tva-en-allemagne-umsatzsteuer\/\" rel=\"bookmark\" title=\"Lien permanent : TVA en Allemagne (Umsatzsteuer)\">TVA en Allemagne (Umsatzsteuer)<span class=\"post-format-icon minor-meta\"><\/span><\/a><\/h2><\/div><\/header><span class=\"post-meta-infos\"><time class=\"date-container minor-meta updated\"  itemprop=\"datePublished\" datetime=\"2016-10-17T17:56:00+02:00\" >17 octobre 2016<\/time><div class=\"read-more-link\"><a href=\"https:\/\/rechtsanwalt.fr\/fr\/tva-en-allemagne-umsatzsteuer\/\" class=\"more-link\">Lire la suite<span class='more-link-arrow avia-svg-icon avia-font-svg_entypo-fontello' data-av_svg_icon='right-open-big' data-av_iconset='svg_entypo-fontello'><svg version=\"1.1\" xmlns=\"http:\/\/www.w3.org\/2000\/svg\" width=\"15\" height=\"32\" viewBox=\"0 0 15 32\" preserveAspectRatio=\"xMidYMid meet\" role=\"graphics-symbol\" aria-hidden=\"true\">\n<path d=\"M0.416 27.84l11.456-11.84-11.456-11.904q-0.832-0.832 0-1.536 0.832-0.832 1.536 0l12.544 12.608q0.768 0.832 0 1.6l-12.544 12.608q-0.704 0.832-1.536 0-0.832-0.704 0-1.536z\"><\/path>\n<\/svg><\/span><\/a><\/div><\/span><footer class=\"entry-footer\"><\/footer><div class='post_delimiter'><\/div><\/div><div class=\"post_author_timeline\"><\/div><span class='hidden'>\n\t\t\t\t<span class='av-structured-data'  itemprop=\"image\" itemscope=\"itemscope\" itemtype=\"https:\/\/schema.org\/ImageObject\" >\n\t\t\t\t\t\t<span itemprop='url'>https:\/\/rechtsanwalt.fr\/wp-content\/uploads\/2024\/05\/logo_header_fr_web.epp_.svg<\/span>\n\t\t\t\t\t\t<span itemprop='height'>0<\/span>\n\t\t\t\t\t\t<span itemprop='width'>0<\/span>\n\t\t\t\t<\/span>\n\t\t\t\t<span class='av-structured-data'  itemprop=\"publisher\" itemtype=\"https:\/\/schema.org\/Organization\" itemscope=\"itemscope\" >\n\t\t\t\t\t\t<span itemprop='name'>epp.content<\/span>\n\t\t\t\t\t\t<span itemprop='logo' itemscope itemtype='https:\/\/schema.org\/ImageObject'>\n\t\t\t\t\t\t\t<span itemprop='url'>https:\/\/rechtsanwalt.fr\/wp-content\/uploads\/2024\/05\/logo_header_fr_web.epp_.svg<\/span>\n\t\t\t\t\t\t<\/span>\n\t\t\t\t<\/span><span class='av-structured-data'  itemprop=\"author\" itemscope=\"itemscope\" itemtype=\"https:\/\/schema.org\/Person\" ><span itemprop='name'>epp.content<\/span><\/span><span class='av-structured-data'  itemprop=\"datePublished\" datetime=\"2016-10-17T17:56:00+02:00\" >2016-10-17 17:56:00<\/span><span class='av-structured-data'  itemprop=\"dateModified\" itemtype=\"https:\/\/schema.org\/dateModified\" >2021-04-06 17:19:12<\/span><span class='av-structured-data'  itemprop=\"mainEntityOfPage\" itemtype=\"https:\/\/schema.org\/mainEntityOfPage\" ><span itemprop='name'>TVA en Allemagne (Umsatzsteuer)<\/span><\/span><\/span><\/article><article class=\"post-entry post-entry-type-standard post-entry-14285 post-loop-19 post-parity-odd bloglist-simple  post-14285 post type-post status-publish format-standard hentry category-archive-2016-fr-droit-fiscal\"  itemscope=\"itemscope\" itemtype=\"https:\/\/schema.org\/BlogPosting\" ><div class=\"blog-meta\"><\/div><div class='entry-content-wrapper clearfix standard-content'><header class=\"entry-content-header\" aria-label=\"Articles : Entreprises en Allemagne : Qu\u2019entend-on en Allemagne par \u00abLohnsteuer\u00bb ?\"><div class=\"av-heading-wrapper\"><span class=\"blog-categories minor-meta\"><a href=\"https:\/\/rechtsanwalt.fr\/fr\/category\/news-archive\/news-archive-2016\/archive-2016-fr-droit-fiscal\/\" rel=\"tag\">Droit fiscal<\/a><\/span><h2 class='post-title entry-title '  itemprop=\"headline\" ><a href=\"https:\/\/rechtsanwalt.fr\/fr\/entreprises-en-allemagne-quentend-on-en-allemagne-par-lohnsteuer\/\" rel=\"bookmark\" title=\"Lien permanent : Entreprises en Allemagne : Qu\u2019entend-on en Allemagne par \u00abLohnsteuer\u00bb ?\">Entreprises en Allemagne : Qu\u2019entend-on en Allemagne par \u00abLohnsteuer\u00bb ?<span class=\"post-format-icon minor-meta\"><\/span><\/a><\/h2><\/div><\/header><span class=\"post-meta-infos\"><time class=\"date-container minor-meta updated\"  itemprop=\"datePublished\" datetime=\"2016-10-10T17:41:12+02:00\" >10 octobre 2016<\/time><div class=\"read-more-link\"><a href=\"https:\/\/rechtsanwalt.fr\/fr\/entreprises-en-allemagne-quentend-on-en-allemagne-par-lohnsteuer\/\" class=\"more-link\">Lire la suite<span class='more-link-arrow avia-svg-icon avia-font-svg_entypo-fontello' data-av_svg_icon='right-open-big' data-av_iconset='svg_entypo-fontello'><svg version=\"1.1\" xmlns=\"http:\/\/www.w3.org\/2000\/svg\" width=\"15\" height=\"32\" viewBox=\"0 0 15 32\" preserveAspectRatio=\"xMidYMid meet\" role=\"graphics-symbol\" aria-hidden=\"true\">\n<path d=\"M0.416 27.84l11.456-11.84-11.456-11.904q-0.832-0.832 0-1.536 0.832-0.832 1.536 0l12.544 12.608q0.768 0.832 0 1.6l-12.544 12.608q-0.704 0.832-1.536 0-0.832-0.704 0-1.536z\"><\/path>\n<\/svg><\/span><\/a><\/div><\/span><footer class=\"entry-footer\"><\/footer><div class='post_delimiter'><\/div><\/div><div class=\"post_author_timeline\"><\/div><span class='hidden'>\n\t\t\t\t<span class='av-structured-data'  itemprop=\"image\" itemscope=\"itemscope\" itemtype=\"https:\/\/schema.org\/ImageObject\" >\n\t\t\t\t\t\t<span itemprop='url'>https:\/\/rechtsanwalt.fr\/wp-content\/uploads\/2024\/05\/logo_header_fr_web.epp_.svg<\/span>\n\t\t\t\t\t\t<span itemprop='height'>0<\/span>\n\t\t\t\t\t\t<span itemprop='width'>0<\/span>\n\t\t\t\t<\/span>\n\t\t\t\t<span class='av-structured-data'  itemprop=\"publisher\" itemtype=\"https:\/\/schema.org\/Organization\" itemscope=\"itemscope\" >\n\t\t\t\t\t\t<span itemprop='name'>epp.content<\/span>\n\t\t\t\t\t\t<span itemprop='logo' itemscope itemtype='https:\/\/schema.org\/ImageObject'>\n\t\t\t\t\t\t\t<span itemprop='url'>https:\/\/rechtsanwalt.fr\/wp-content\/uploads\/2024\/05\/logo_header_fr_web.epp_.svg<\/span>\n\t\t\t\t\t\t<\/span>\n\t\t\t\t<\/span><span class='av-structured-data'  itemprop=\"author\" itemscope=\"itemscope\" itemtype=\"https:\/\/schema.org\/Person\" ><span itemprop='name'>epp.content<\/span><\/span><span class='av-structured-data'  itemprop=\"datePublished\" datetime=\"2016-10-10T17:41:12+02:00\" >2016-10-10 17:41:12<\/span><span class='av-structured-data'  itemprop=\"dateModified\" itemtype=\"https:\/\/schema.org\/dateModified\" >2021-04-06 17:13:51<\/span><span class='av-structured-data'  itemprop=\"mainEntityOfPage\" itemtype=\"https:\/\/schema.org\/mainEntityOfPage\" ><span itemprop='name'>Entreprises en Allemagne : Qu\u2019entend-on en Allemagne par \u00abLohnsteuer\u00bb ?<\/span><\/span><\/span><\/article><article class=\"post-entry post-entry-type-standard post-entry-14275 post-loop-20 post-parity-even bloglist-simple  post-14275 post type-post status-publish format-standard hentry category-archive-2016-fr-droit-fiscal\"  itemscope=\"itemscope\" itemtype=\"https:\/\/schema.org\/BlogPosting\" ><div class=\"blog-meta\"><\/div><div class='entry-content-wrapper clearfix standard-content'><header class=\"entry-content-header\" aria-label=\"Articles : Un entrepreneur fran\u00e7ais fournit des prestations \u00e0 un entrepreneur allemand pour ses besoins personnels\"><div class=\"av-heading-wrapper\"><span class=\"blog-categories minor-meta\"><a href=\"https:\/\/rechtsanwalt.fr\/fr\/category\/news-archive\/news-archive-2016\/archive-2016-fr-droit-fiscal\/\" rel=\"tag\">Droit fiscal<\/a><\/span><h2 class='post-title entry-title '  itemprop=\"headline\" ><a href=\"https:\/\/rechtsanwalt.fr\/fr\/un-entrepreneur-francais-fournit-des-prestations-a-un-entrepreneur-allemand-pour-ses-besoins-personnels\/\" rel=\"bookmark\" title=\"Lien permanent : Un entrepreneur fran\u00e7ais fournit des prestations \u00e0 un entrepreneur allemand pour ses besoins personnels\">Un entrepreneur fran\u00e7ais fournit des prestations \u00e0 un entrepreneur allemand pour ses besoins personnels<span class=\"post-format-icon minor-meta\"><\/span><\/a><\/h2><\/div><\/header><span class=\"post-meta-infos\"><time class=\"date-container minor-meta updated\"  itemprop=\"datePublished\" datetime=\"2016-09-26T17:27:00+02:00\" >26 septembre 2016<\/time><div class=\"read-more-link\"><a href=\"https:\/\/rechtsanwalt.fr\/fr\/un-entrepreneur-francais-fournit-des-prestations-a-un-entrepreneur-allemand-pour-ses-besoins-personnels\/\" class=\"more-link\">Lire la suite<span class='more-link-arrow avia-svg-icon avia-font-svg_entypo-fontello' data-av_svg_icon='right-open-big' data-av_iconset='svg_entypo-fontello'><svg version=\"1.1\" xmlns=\"http:\/\/www.w3.org\/2000\/svg\" width=\"15\" height=\"32\" viewBox=\"0 0 15 32\" preserveAspectRatio=\"xMidYMid meet\" role=\"graphics-symbol\" aria-hidden=\"true\">\n<path d=\"M0.416 27.84l11.456-11.84-11.456-11.904q-0.832-0.832 0-1.536 0.832-0.832 1.536 0l12.544 12.608q0.768 0.832 0 1.6l-12.544 12.608q-0.704 0.832-1.536 0-0.832-0.704 0-1.536z\"><\/path>\n<\/svg><\/span><\/a><\/div><\/span><footer class=\"entry-footer\"><\/footer><div class='post_delimiter'><\/div><\/div><div class=\"post_author_timeline\"><\/div><span class='hidden'>\n\t\t\t\t<span class='av-structured-data'  itemprop=\"image\" itemscope=\"itemscope\" itemtype=\"https:\/\/schema.org\/ImageObject\" >\n\t\t\t\t\t\t<span itemprop='url'>https:\/\/rechtsanwalt.fr\/wp-content\/uploads\/2024\/05\/logo_header_fr_web.epp_.svg<\/span>\n\t\t\t\t\t\t<span itemprop='height'>0<\/span>\n\t\t\t\t\t\t<span itemprop='width'>0<\/span>\n\t\t\t\t<\/span>\n\t\t\t\t<span class='av-structured-data'  itemprop=\"publisher\" itemtype=\"https:\/\/schema.org\/Organization\" itemscope=\"itemscope\" >\n\t\t\t\t\t\t<span itemprop='name'>epp.content<\/span>\n\t\t\t\t\t\t<span itemprop='logo' itemscope itemtype='https:\/\/schema.org\/ImageObject'>\n\t\t\t\t\t\t\t<span itemprop='url'>https:\/\/rechtsanwalt.fr\/wp-content\/uploads\/2024\/05\/logo_header_fr_web.epp_.svg<\/span>\n\t\t\t\t\t\t<\/span>\n\t\t\t\t<\/span><span class='av-structured-data'  itemprop=\"author\" itemscope=\"itemscope\" itemtype=\"https:\/\/schema.org\/Person\" ><span itemprop='name'>epp.content<\/span><\/span><span class='av-structured-data'  itemprop=\"datePublished\" datetime=\"2016-09-26T17:27:00+02:00\" >2016-09-26 17:27:00<\/span><span class='av-structured-data'  itemprop=\"dateModified\" itemtype=\"https:\/\/schema.org\/dateModified\" >2021-04-06 17:11:41<\/span><span class='av-structured-data'  itemprop=\"mainEntityOfPage\" itemtype=\"https:\/\/schema.org\/mainEntityOfPage\" ><span itemprop='name'>Un entrepreneur fran\u00e7ais fournit des prestations \u00e0 un entrepreneur allemand pour ses besoins personnels<\/span><\/span><\/span><\/article><article class=\"post-entry post-entry-type-standard post-entry-14260 post-loop-21 post-parity-odd bloglist-simple  post-14260 post type-post status-publish format-standard hentry category-archive-2016-fr-droit-fiscal\"  itemscope=\"itemscope\" itemtype=\"https:\/\/schema.org\/BlogPosting\" ><div class=\"blog-meta\"><\/div><div class='entry-content-wrapper clearfix standard-content'><header class=\"entry-content-header\" aria-label=\"Articles : Personnes domicili\u00e9es ou \u00e9tablies en France disposant de comptes bancaires \u00e0 l\u2019\u00e9tranger, par exemple en Allemagne : All\u00e8gement de la r\u00e9pression des comptes non d\u00e9clar\u00e9s\"><div class=\"av-heading-wrapper\"><span class=\"blog-categories minor-meta\"><a href=\"https:\/\/rechtsanwalt.fr\/fr\/category\/news-archive\/news-archive-2016\/archive-2016-fr-droit-fiscal\/\" rel=\"tag\">Droit fiscal<\/a><\/span><h2 class='post-title entry-title '  itemprop=\"headline\" ><a href=\"https:\/\/rechtsanwalt.fr\/fr\/personnes-domiciliees-ou-etablies-en-france-disposant-de-comptes-bancaires-a-letranger-par-exemple-en-allemagne-allegement-de-la-repression-des-comptes-non-declares\/\" rel=\"bookmark\" title=\"Lien permanent : Personnes domicili\u00e9es ou \u00e9tablies en France disposant de comptes bancaires \u00e0 l\u2019\u00e9tranger, par exemple en Allemagne : All\u00e8gement de la r\u00e9pression des comptes non d\u00e9clar\u00e9s\">Personnes domicili\u00e9es ou \u00e9tablies en France disposant de comptes bancaires \u00e0 l\u2019\u00e9tranger, par exemple en Allemagne : All\u00e8gement de la r\u00e9pression des comptes non d\u00e9clar\u00e9s<span class=\"post-format-icon minor-meta\"><\/span><\/a><\/h2><\/div><\/header><span class=\"post-meta-infos\"><time class=\"date-container minor-meta updated\"  itemprop=\"datePublished\" datetime=\"2016-08-08T16:57:00+02:00\" >8 ao\u00fbt 2016<\/time><div class=\"read-more-link\"><a href=\"https:\/\/rechtsanwalt.fr\/fr\/personnes-domiciliees-ou-etablies-en-france-disposant-de-comptes-bancaires-a-letranger-par-exemple-en-allemagne-allegement-de-la-repression-des-comptes-non-declares\/\" class=\"more-link\">Lire la suite<span class='more-link-arrow avia-svg-icon avia-font-svg_entypo-fontello' data-av_svg_icon='right-open-big' data-av_iconset='svg_entypo-fontello'><svg version=\"1.1\" xmlns=\"http:\/\/www.w3.org\/2000\/svg\" width=\"15\" height=\"32\" viewBox=\"0 0 15 32\" preserveAspectRatio=\"xMidYMid meet\" role=\"graphics-symbol\" aria-hidden=\"true\">\n<path d=\"M0.416 27.84l11.456-11.84-11.456-11.904q-0.832-0.832 0-1.536 0.832-0.832 1.536 0l12.544 12.608q0.768 0.832 0 1.6l-12.544 12.608q-0.704 0.832-1.536 0-0.832-0.704 0-1.536z\"><\/path>\n<\/svg><\/span><\/a><\/div><\/span><footer class=\"entry-footer\"><\/footer><div class='post_delimiter'><\/div><\/div><div class=\"post_author_timeline\"><\/div><span class='hidden'>\n\t\t\t\t<span class='av-structured-data'  itemprop=\"image\" itemscope=\"itemscope\" itemtype=\"https:\/\/schema.org\/ImageObject\" >\n\t\t\t\t\t\t<span itemprop='url'>https:\/\/rechtsanwalt.fr\/wp-content\/uploads\/2024\/05\/logo_header_fr_web.epp_.svg<\/span>\n\t\t\t\t\t\t<span itemprop='height'>0<\/span>\n\t\t\t\t\t\t<span itemprop='width'>0<\/span>\n\t\t\t\t<\/span>\n\t\t\t\t<span class='av-structured-data'  itemprop=\"publisher\" itemtype=\"https:\/\/schema.org\/Organization\" itemscope=\"itemscope\" >\n\t\t\t\t\t\t<span itemprop='name'>epp.content<\/span>\n\t\t\t\t\t\t<span itemprop='logo' itemscope itemtype='https:\/\/schema.org\/ImageObject'>\n\t\t\t\t\t\t\t<span itemprop='url'>https:\/\/rechtsanwalt.fr\/wp-content\/uploads\/2024\/05\/logo_header_fr_web.epp_.svg<\/span>\n\t\t\t\t\t\t<\/span>\n\t\t\t\t<\/span><span class='av-structured-data'  itemprop=\"author\" itemscope=\"itemscope\" itemtype=\"https:\/\/schema.org\/Person\" ><span itemprop='name'>epp.content<\/span><\/span><span class='av-structured-data'  itemprop=\"datePublished\" datetime=\"2016-08-08T16:57:00+02:00\" >2016-08-08 16:57:00<\/span><span class='av-structured-data'  itemprop=\"dateModified\" itemtype=\"https:\/\/schema.org\/dateModified\" >2021-04-06 17:06:09<\/span><span class='av-structured-data'  itemprop=\"mainEntityOfPage\" itemtype=\"https:\/\/schema.org\/mainEntityOfPage\" ><span itemprop='name'>Personnes domicili\u00e9es ou \u00e9tablies en France disposant de comptes bancaires \u00e0 l\u2019\u00e9tranger, par exemple en Allemagne : All\u00e8gement de la r\u00e9pression des comptes non d\u00e9clar\u00e9s<\/span><\/span><\/span><\/article><article class=\"post-entry post-entry-type-standard post-entry-14231 post-loop-22 post-parity-even bloglist-simple  post-14231 post type-post status-publish format-standard hentry category-archive-2016-fr-droit-fiscal\"  itemscope=\"itemscope\" itemtype=\"https:\/\/schema.org\/BlogPosting\" ><div class=\"blog-meta\"><\/div><div class='entry-content-wrapper clearfix standard-content'><header class=\"entry-content-header\" aria-label=\"Articles : Mentions obligatoires sur la correspondance commerciale et les factures en Allemagne\"><div class=\"av-heading-wrapper\"><span class=\"blog-categories minor-meta\"><a href=\"https:\/\/rechtsanwalt.fr\/fr\/category\/news-archive\/news-archive-2016\/archive-2016-fr-droit-fiscal\/\" rel=\"tag\">Droit fiscal<\/a><\/span><h2 class='post-title entry-title '  itemprop=\"headline\" ><a href=\"https:\/\/rechtsanwalt.fr\/fr\/mentions-obligatoires-sur-la-correspondance-commerciale-et-les-factures-en-allemagne-2\/\" rel=\"bookmark\" title=\"Lien permanent : Mentions obligatoires sur la correspondance commerciale et les factures en Allemagne\">Mentions obligatoires sur la correspondance commerciale et les factures en Allemagne<span class=\"post-format-icon minor-meta\"><\/span><\/a><\/h2><\/div><\/header><span class=\"post-meta-infos\"><time class=\"date-container minor-meta updated\"  itemprop=\"datePublished\" datetime=\"2016-07-25T15:50:00+02:00\" >25 juillet 2016<\/time><div class=\"read-more-link\"><a href=\"https:\/\/rechtsanwalt.fr\/fr\/mentions-obligatoires-sur-la-correspondance-commerciale-et-les-factures-en-allemagne-2\/\" class=\"more-link\">Lire la suite<span class='more-link-arrow avia-svg-icon avia-font-svg_entypo-fontello' data-av_svg_icon='right-open-big' data-av_iconset='svg_entypo-fontello'><svg version=\"1.1\" xmlns=\"http:\/\/www.w3.org\/2000\/svg\" width=\"15\" height=\"32\" viewBox=\"0 0 15 32\" preserveAspectRatio=\"xMidYMid meet\" role=\"graphics-symbol\" aria-hidden=\"true\">\n<path d=\"M0.416 27.84l11.456-11.84-11.456-11.904q-0.832-0.832 0-1.536 0.832-0.832 1.536 0l12.544 12.608q0.768 0.832 0 1.6l-12.544 12.608q-0.704 0.832-1.536 0-0.832-0.704 0-1.536z\"><\/path>\n<\/svg><\/span><\/a><\/div><\/span><footer class=\"entry-footer\"><\/footer><div class='post_delimiter'><\/div><\/div><div class=\"post_author_timeline\"><\/div><span class='hidden'>\n\t\t\t\t<span class='av-structured-data'  itemprop=\"image\" itemscope=\"itemscope\" itemtype=\"https:\/\/schema.org\/ImageObject\" >\n\t\t\t\t\t\t<span itemprop='url'>https:\/\/rechtsanwalt.fr\/wp-content\/uploads\/2024\/05\/logo_header_fr_web.epp_.svg<\/span>\n\t\t\t\t\t\t<span itemprop='height'>0<\/span>\n\t\t\t\t\t\t<span itemprop='width'>0<\/span>\n\t\t\t\t<\/span>\n\t\t\t\t<span class='av-structured-data'  itemprop=\"publisher\" itemtype=\"https:\/\/schema.org\/Organization\" itemscope=\"itemscope\" >\n\t\t\t\t\t\t<span itemprop='name'>epp.content<\/span>\n\t\t\t\t\t\t<span itemprop='logo' itemscope itemtype='https:\/\/schema.org\/ImageObject'>\n\t\t\t\t\t\t\t<span itemprop='url'>https:\/\/rechtsanwalt.fr\/wp-content\/uploads\/2024\/05\/logo_header_fr_web.epp_.svg<\/span>\n\t\t\t\t\t\t<\/span>\n\t\t\t\t<\/span><span class='av-structured-data'  itemprop=\"author\" itemscope=\"itemscope\" itemtype=\"https:\/\/schema.org\/Person\" ><span itemprop='name'>epp.content<\/span><\/span><span class='av-structured-data'  itemprop=\"datePublished\" datetime=\"2016-07-25T15:50:00+02:00\" >2016-07-25 15:50:00<\/span><span class='av-structured-data'  itemprop=\"dateModified\" itemtype=\"https:\/\/schema.org\/dateModified\" >2021-04-06 17:03:27<\/span><span class='av-structured-data'  itemprop=\"mainEntityOfPage\" itemtype=\"https:\/\/schema.org\/mainEntityOfPage\" ><span itemprop='name'>Mentions obligatoires sur la correspondance commerciale et les factures en Allemagne<\/span><\/span><\/span><\/article><article class=\"post-entry post-entry-type-standard post-entry-14183 post-loop-23 post-parity-odd bloglist-simple  post-14183 post type-post status-publish format-standard hentry category-archive-2016-fr-droit-fiscal\"  itemscope=\"itemscope\" itemtype=\"https:\/\/schema.org\/BlogPosting\" ><div class=\"blog-meta\"><\/div><div class='entry-content-wrapper clearfix standard-content'><header class=\"entry-content-header\" aria-label=\"Articles : Entreprendre en Allemagne : Remboursement de la TVA d\u00e9ductible en cas de transmission \u00e9lectronique d\u2019une copie de facture\"><div class=\"av-heading-wrapper\"><span class=\"blog-categories minor-meta\"><a href=\"https:\/\/rechtsanwalt.fr\/fr\/category\/news-archive\/news-archive-2016\/archive-2016-fr-droit-fiscal\/\" rel=\"tag\">Droit fiscal<\/a><\/span><h2 class='post-title entry-title '  itemprop=\"headline\" ><a href=\"https:\/\/rechtsanwalt.fr\/fr\/entreprendre-en-allemagne-remboursement-de-la-tva-deductible-en-cas-de-transmission-electronique-dune-copie-de-facture\/\" rel=\"bookmark\" title=\"Lien permanent : Entreprendre en Allemagne : Remboursement de la TVA d\u00e9ductible en cas de transmission \u00e9lectronique d\u2019une copie de facture\">Entreprendre en Allemagne : Remboursement de la TVA d\u00e9ductible en cas de transmission \u00e9lectronique d\u2019une copie de facture<span class=\"post-format-icon minor-meta\"><\/span><\/a><\/h2><\/div><\/header><span class=\"post-meta-infos\"><time class=\"date-container minor-meta updated\"  itemprop=\"datePublished\" datetime=\"2016-04-26T14:22:00+02:00\" >26 avril 2016<\/time><div class=\"read-more-link\"><a href=\"https:\/\/rechtsanwalt.fr\/fr\/entreprendre-en-allemagne-remboursement-de-la-tva-deductible-en-cas-de-transmission-electronique-dune-copie-de-facture\/\" class=\"more-link\">Lire la suite<span class='more-link-arrow avia-svg-icon avia-font-svg_entypo-fontello' data-av_svg_icon='right-open-big' data-av_iconset='svg_entypo-fontello'><svg version=\"1.1\" xmlns=\"http:\/\/www.w3.org\/2000\/svg\" width=\"15\" height=\"32\" viewBox=\"0 0 15 32\" preserveAspectRatio=\"xMidYMid meet\" role=\"graphics-symbol\" aria-hidden=\"true\">\n<path d=\"M0.416 27.84l11.456-11.84-11.456-11.904q-0.832-0.832 0-1.536 0.832-0.832 1.536 0l12.544 12.608q0.768 0.832 0 1.6l-12.544 12.608q-0.704 0.832-1.536 0-0.832-0.704 0-1.536z\"><\/path>\n<\/svg><\/span><\/a><\/div><\/span><footer class=\"entry-footer\"><\/footer><div class='post_delimiter'><\/div><\/div><div class=\"post_author_timeline\"><\/div><span class='hidden'>\n\t\t\t\t<span class='av-structured-data'  itemprop=\"image\" itemscope=\"itemscope\" itemtype=\"https:\/\/schema.org\/ImageObject\" >\n\t\t\t\t\t\t<span itemprop='url'>https:\/\/rechtsanwalt.fr\/wp-content\/uploads\/2024\/05\/logo_header_fr_web.epp_.svg<\/span>\n\t\t\t\t\t\t<span itemprop='height'>0<\/span>\n\t\t\t\t\t\t<span itemprop='width'>0<\/span>\n\t\t\t\t<\/span>\n\t\t\t\t<span class='av-structured-data'  itemprop=\"publisher\" itemtype=\"https:\/\/schema.org\/Organization\" itemscope=\"itemscope\" >\n\t\t\t\t\t\t<span itemprop='name'>epp.content<\/span>\n\t\t\t\t\t\t<span itemprop='logo' itemscope itemtype='https:\/\/schema.org\/ImageObject'>\n\t\t\t\t\t\t\t<span itemprop='url'>https:\/\/rechtsanwalt.fr\/wp-content\/uploads\/2024\/05\/logo_header_fr_web.epp_.svg<\/span>\n\t\t\t\t\t\t<\/span>\n\t\t\t\t<\/span><span class='av-structured-data'  itemprop=\"author\" itemscope=\"itemscope\" itemtype=\"https:\/\/schema.org\/Person\" ><span itemprop='name'>epp.content<\/span><\/span><span class='av-structured-data'  itemprop=\"datePublished\" datetime=\"2016-04-26T14:22:00+02:00\" >2016-04-26 14:22:00<\/span><span class='av-structured-data'  itemprop=\"dateModified\" itemtype=\"https:\/\/schema.org\/dateModified\" >2021-04-06 16:54:37<\/span><span class='av-structured-data'  itemprop=\"mainEntityOfPage\" itemtype=\"https:\/\/schema.org\/mainEntityOfPage\" ><span itemprop='name'>Entreprendre en Allemagne : Remboursement de la TVA d\u00e9ductible en cas de transmission \u00e9lectronique d\u2019une copie de facture<\/span><\/span><\/span><\/article><article class=\"post-entry post-entry-type-standard post-entry-14153 post-loop-24 post-parity-even bloglist-simple  post-14153 post type-post status-publish format-standard hentry category-archive-2016-fr-droit-fiscal\"  itemscope=\"itemscope\" itemtype=\"https:\/\/schema.org\/BlogPosting\" ><div class=\"blog-meta\"><\/div><div class='entry-content-wrapper clearfix standard-content'><header class=\"entry-content-header\" aria-label=\"Articles : Allemagne : L\u2019\u00e9change d\u2019informations fiscales sur les entreprises internationales de l\u2019\u00e9conomie num\u00e9rique\"><div class=\"av-heading-wrapper\"><span class=\"blog-categories minor-meta\"><a href=\"https:\/\/rechtsanwalt.fr\/fr\/category\/news-archive\/news-archive-2016\/archive-2016-fr-droit-fiscal\/\" rel=\"tag\">Droit fiscal<\/a><\/span><h2 class='post-title entry-title '  itemprop=\"headline\" ><a href=\"https:\/\/rechtsanwalt.fr\/fr\/allemagne-lechange-dinformations-fiscales-sur-les-entreprises-internationales-de-leconomie-numerique\/\" rel=\"bookmark\" title=\"Lien permanent : Allemagne : L\u2019\u00e9change d\u2019informations fiscales sur les entreprises internationales de l\u2019\u00e9conomie num\u00e9rique\">Allemagne : L\u2019\u00e9change d\u2019informations fiscales sur les entreprises internationales de l\u2019\u00e9conomie num\u00e9rique<span class=\"post-format-icon minor-meta\"><\/span><\/a><\/h2><\/div><\/header><span class=\"post-meta-infos\"><time class=\"date-container minor-meta updated\"  itemprop=\"datePublished\" datetime=\"2016-02-08T10:43:58+01:00\" >8 f\u00e9vrier 2016<\/time><div class=\"read-more-link\"><a href=\"https:\/\/rechtsanwalt.fr\/fr\/allemagne-lechange-dinformations-fiscales-sur-les-entreprises-internationales-de-leconomie-numerique\/\" class=\"more-link\">Lire la suite<span class='more-link-arrow avia-svg-icon avia-font-svg_entypo-fontello' data-av_svg_icon='right-open-big' data-av_iconset='svg_entypo-fontello'><svg version=\"1.1\" xmlns=\"http:\/\/www.w3.org\/2000\/svg\" width=\"15\" height=\"32\" viewBox=\"0 0 15 32\" preserveAspectRatio=\"xMidYMid meet\" role=\"graphics-symbol\" aria-hidden=\"true\">\n<path d=\"M0.416 27.84l11.456-11.84-11.456-11.904q-0.832-0.832 0-1.536 0.832-0.832 1.536 0l12.544 12.608q0.768 0.832 0 1.6l-12.544 12.608q-0.704 0.832-1.536 0-0.832-0.704 0-1.536z\"><\/path>\n<\/svg><\/span><\/a><\/div><\/span><footer class=\"entry-footer\"><\/footer><div class='post_delimiter'><\/div><\/div><div class=\"post_author_timeline\"><\/div><span class='hidden'>\n\t\t\t\t<span class='av-structured-data'  itemprop=\"image\" itemscope=\"itemscope\" itemtype=\"https:\/\/schema.org\/ImageObject\" >\n\t\t\t\t\t\t<span itemprop='url'>https:\/\/rechtsanwalt.fr\/wp-content\/uploads\/2024\/05\/logo_header_fr_web.epp_.svg<\/span>\n\t\t\t\t\t\t<span itemprop='height'>0<\/span>\n\t\t\t\t\t\t<span itemprop='width'>0<\/span>\n\t\t\t\t<\/span>\n\t\t\t\t<span class='av-structured-data'  itemprop=\"publisher\" itemtype=\"https:\/\/schema.org\/Organization\" itemscope=\"itemscope\" >\n\t\t\t\t\t\t<span itemprop='name'>epp.content<\/span>\n\t\t\t\t\t\t<span itemprop='logo' itemscope itemtype='https:\/\/schema.org\/ImageObject'>\n\t\t\t\t\t\t\t<span itemprop='url'>https:\/\/rechtsanwalt.fr\/wp-content\/uploads\/2024\/05\/logo_header_fr_web.epp_.svg<\/span>\n\t\t\t\t\t\t<\/span>\n\t\t\t\t<\/span><span class='av-structured-data'  itemprop=\"author\" itemscope=\"itemscope\" itemtype=\"https:\/\/schema.org\/Person\" ><span itemprop='name'>epp.content<\/span><\/span><span class='av-structured-data'  itemprop=\"datePublished\" datetime=\"2016-02-08T10:43:58+01:00\" >2016-02-08 10:43:58<\/span><span class='av-structured-data'  itemprop=\"dateModified\" itemtype=\"https:\/\/schema.org\/dateModified\" >2021-04-06 16:40:00<\/span><span class='av-structured-data'  itemprop=\"mainEntityOfPage\" itemtype=\"https:\/\/schema.org\/mainEntityOfPage\" ><span itemprop='name'>Allemagne : L\u2019\u00e9change d\u2019informations fiscales sur les entreprises internationales de l\u2019\u00e9conomie num\u00e9rique<\/span><\/span><\/span><\/article><\/div><br \/>\n\n<style type=\"text\/css\" data-created_by=\"avia_inline_auto\" id=\"style-css-av-qdgnzz-920213c57467b777d4dfcf589cd4902f\">\n#top .hr.hr-invisible.av-qdgnzz-920213c57467b777d4dfcf589cd4902f{\nheight:20px;\n}\n<\/style>\n<div  class='hr av-qdgnzz-920213c57467b777d4dfcf589cd4902f hr-invisible'><span class='hr-inner '><span class=\"hr-inner-style\"><\/span><\/span><\/div><br \/>\n\n<style type=\"text\/css\" data-created_by=\"avia_inline_auto\" id=\"style-css-av-lvaw3p4o-8cd8cd1407bef43ac96c470bbf237cef\">\n#top .av-special-heading.av-lvaw3p4o-8cd8cd1407bef43ac96c470bbf237cef{\npadding-bottom:10px;\n}\nbody .av-special-heading.av-lvaw3p4o-8cd8cd1407bef43ac96c470bbf237cef .av-special-heading-tag .heading-char{\nfont-size:25px;\n}\n.av-special-heading.av-lvaw3p4o-8cd8cd1407bef43ac96c470bbf237cef .av-subheading{\nfont-size:15px;\n}\n<\/style>\n<div  class='av-special-heading av-lvaw3p4o-8cd8cd1407bef43ac96c470bbf237cef av-special-heading-h3 meta-heading blockquote modern-quote'><h3 class='av-special-heading-tag '  itemprop=\"headline\"  >Contributions de 2015 sur le sujet du Droit fiscal<\/h3><div class=\"special-heading-border\"><div class=\"special-heading-inner-border\"><\/div><\/div><\/div><br \/>\n<div  class='av-alb-blogposts template-blog  av-blog-meta-author-disabled av-blog-meta-comments-disabled av-blog-meta-html-info-disabled av-blog-meta-tag-disabled '  itemscope=\"itemscope\" itemtype=\"https:\/\/schema.org\/Blog\" ><article class=\"post-entry post-entry-type-standard post-entry-15100 post-loop-25 post-parity-odd bloglist-simple  post-15100 post type-post status-publish format-standard hentry category-archive-2015-fr-droit-fiscal\"  itemscope=\"itemscope\" itemtype=\"https:\/\/schema.org\/BlogPosting\" ><div class=\"blog-meta\"><\/div><div class='entry-content-wrapper clearfix standard-content'><header class=\"entry-content-header\" aria-label=\"Articles : Entreprises domicili\u00e9es en Allemagne : Pour pouvoir d\u00e9duire la TVA, il n\u2019est pas indispensable que des activit\u00e9s commerciales soient exerc\u00e9es \u00e0 l\u2019adresse de facturation\"><div class=\"av-heading-wrapper\"><span class=\"blog-categories minor-meta\"><a href=\"https:\/\/rechtsanwalt.fr\/fr\/category\/news-archive\/news-archive-2015\/archive-2015-fr-droit-fiscal\/\" rel=\"tag\">Droit fiscal<\/a><\/span><h2 class='post-title entry-title '  itemprop=\"headline\" ><a href=\"https:\/\/rechtsanwalt.fr\/fr\/entreprises-domiciliees-en-allemagne-pour-pouvoir-deduire-la-tva-il-nest-pas-indispensable-que-des-activites-commerciales-soient-exercees-a-ladresse-de-facturation\/\" rel=\"bookmark\" title=\"Lien permanent : Entreprises domicili\u00e9es en Allemagne : Pour pouvoir d\u00e9duire la TVA, il n\u2019est pas indispensable que des activit\u00e9s commerciales soient exerc\u00e9es \u00e0 l\u2019adresse de facturation\">Entreprises domicili\u00e9es en Allemagne : Pour pouvoir d\u00e9duire la TVA, il n\u2019est pas indispensable que des activit\u00e9s commerciales soient exerc\u00e9es \u00e0 l\u2019adresse de facturation<span class=\"post-format-icon minor-meta\"><\/span><\/a><\/h2><\/div><\/header><span class=\"post-meta-infos\"><time class=\"date-container minor-meta updated\"  itemprop=\"datePublished\" datetime=\"2015-12-21T12:59:00+01:00\" >21 d\u00e9cembre 2015<\/time><div class=\"read-more-link\"><a href=\"https:\/\/rechtsanwalt.fr\/fr\/entreprises-domiciliees-en-allemagne-pour-pouvoir-deduire-la-tva-il-nest-pas-indispensable-que-des-activites-commerciales-soient-exercees-a-ladresse-de-facturation\/\" class=\"more-link\">Lire la suite<span class='more-link-arrow avia-svg-icon avia-font-svg_entypo-fontello' data-av_svg_icon='right-open-big' data-av_iconset='svg_entypo-fontello'><svg version=\"1.1\" xmlns=\"http:\/\/www.w3.org\/2000\/svg\" width=\"15\" height=\"32\" viewBox=\"0 0 15 32\" preserveAspectRatio=\"xMidYMid meet\" role=\"graphics-symbol\" aria-hidden=\"true\">\n<path d=\"M0.416 27.84l11.456-11.84-11.456-11.904q-0.832-0.832 0-1.536 0.832-0.832 1.536 0l12.544 12.608q0.768 0.832 0 1.6l-12.544 12.608q-0.704 0.832-1.536 0-0.832-0.704 0-1.536z\"><\/path>\n<\/svg><\/span><\/a><\/div><\/span><footer class=\"entry-footer\"><\/footer><div class='post_delimiter'><\/div><\/div><div class=\"post_author_timeline\"><\/div><span class='hidden'>\n\t\t\t\t<span class='av-structured-data'  itemprop=\"image\" itemscope=\"itemscope\" itemtype=\"https:\/\/schema.org\/ImageObject\" >\n\t\t\t\t\t\t<span itemprop='url'>https:\/\/rechtsanwalt.fr\/wp-content\/uploads\/2024\/05\/logo_header_fr_web.epp_.svg<\/span>\n\t\t\t\t\t\t<span itemprop='height'>0<\/span>\n\t\t\t\t\t\t<span itemprop='width'>0<\/span>\n\t\t\t\t<\/span>\n\t\t\t\t<span class='av-structured-data'  itemprop=\"publisher\" itemtype=\"https:\/\/schema.org\/Organization\" itemscope=\"itemscope\" >\n\t\t\t\t\t\t<span itemprop='name'>epp.content<\/span>\n\t\t\t\t\t\t<span itemprop='logo' itemscope itemtype='https:\/\/schema.org\/ImageObject'>\n\t\t\t\t\t\t\t<span itemprop='url'>https:\/\/rechtsanwalt.fr\/wp-content\/uploads\/2024\/05\/logo_header_fr_web.epp_.svg<\/span>\n\t\t\t\t\t\t<\/span>\n\t\t\t\t<\/span><span class='av-structured-data'  itemprop=\"author\" itemscope=\"itemscope\" itemtype=\"https:\/\/schema.org\/Person\" ><span itemprop='name'>epp.content<\/span><\/span><span class='av-structured-data'  itemprop=\"datePublished\" datetime=\"2015-12-21T12:59:00+01:00\" >2015-12-21 12:59:00<\/span><span class='av-structured-data'  itemprop=\"dateModified\" itemtype=\"https:\/\/schema.org\/dateModified\" >2021-04-07 11:08:14<\/span><span class='av-structured-data'  itemprop=\"mainEntityOfPage\" itemtype=\"https:\/\/schema.org\/mainEntityOfPage\" ><span itemprop='name'>Entreprises domicili\u00e9es en Allemagne : Pour pouvoir d\u00e9duire la TVA, il n\u2019est pas indispensable que des activit\u00e9s commerciales soient exerc\u00e9es \u00e0 l\u2019adresse de facturation<\/span><\/span><\/span><\/article><article class=\"post-entry post-entry-type-standard post-entry-15098 post-loop-26 post-parity-even bloglist-simple  post-15098 post type-post status-publish format-standard hentry category-archive-2015-fr-droit-fiscal\"  itemscope=\"itemscope\" itemtype=\"https:\/\/schema.org\/BlogPosting\" ><div class=\"blog-meta\"><\/div><div class='entry-content-wrapper clearfix standard-content'><header class=\"entry-content-header\" aria-label=\"Articles : Entreprendre en Allemagne : Risques li\u00e9s au statut fictif de travailleur ind\u00e9pendant (\u00ab Scheinselbst\u00e4ndigkeit \u00bb)\"><div class=\"av-heading-wrapper\"><span class=\"blog-categories minor-meta\"><a href=\"https:\/\/rechtsanwalt.fr\/fr\/category\/news-archive\/news-archive-2015\/archive-2015-fr-droit-fiscal\/\" rel=\"tag\">Droit fiscal<\/a><\/span><h2 class='post-title entry-title '  itemprop=\"headline\" ><a href=\"https:\/\/rechtsanwalt.fr\/fr\/entreprendre-en-allemagne-risques-lies-au-statut-fictif-de-travailleur-independant-scheinselbstandigkeit\/\" rel=\"bookmark\" title=\"Lien permanent : Entreprendre en Allemagne : Risques li\u00e9s au statut fictif de travailleur ind\u00e9pendant (\u00ab Scheinselbst\u00e4ndigkeit \u00bb)\">Entreprendre en Allemagne : Risques li\u00e9s au statut fictif de travailleur ind\u00e9pendant (\u00ab Scheinselbst\u00e4ndigkeit \u00bb)<span class=\"post-format-icon minor-meta\"><\/span><\/a><\/h2><\/div><\/header><span class=\"post-meta-infos\"><time class=\"date-container minor-meta updated\"  itemprop=\"datePublished\" datetime=\"2015-12-21T12:55:00+01:00\" >21 d\u00e9cembre 2015<\/time><div class=\"read-more-link\"><a href=\"https:\/\/rechtsanwalt.fr\/fr\/entreprendre-en-allemagne-risques-lies-au-statut-fictif-de-travailleur-independant-scheinselbstandigkeit\/\" class=\"more-link\">Lire la suite<span class='more-link-arrow avia-svg-icon avia-font-svg_entypo-fontello' data-av_svg_icon='right-open-big' data-av_iconset='svg_entypo-fontello'><svg version=\"1.1\" xmlns=\"http:\/\/www.w3.org\/2000\/svg\" width=\"15\" height=\"32\" viewBox=\"0 0 15 32\" preserveAspectRatio=\"xMidYMid meet\" role=\"graphics-symbol\" aria-hidden=\"true\">\n<path d=\"M0.416 27.84l11.456-11.84-11.456-11.904q-0.832-0.832 0-1.536 0.832-0.832 1.536 0l12.544 12.608q0.768 0.832 0 1.6l-12.544 12.608q-0.704 0.832-1.536 0-0.832-0.704 0-1.536z\"><\/path>\n<\/svg><\/span><\/a><\/div><\/span><footer class=\"entry-footer\"><\/footer><div class='post_delimiter'><\/div><\/div><div class=\"post_author_timeline\"><\/div><span class='hidden'>\n\t\t\t\t<span class='av-structured-data'  itemprop=\"image\" itemscope=\"itemscope\" itemtype=\"https:\/\/schema.org\/ImageObject\" >\n\t\t\t\t\t\t<span itemprop='url'>https:\/\/rechtsanwalt.fr\/wp-content\/uploads\/2024\/05\/logo_header_fr_web.epp_.svg<\/span>\n\t\t\t\t\t\t<span itemprop='height'>0<\/span>\n\t\t\t\t\t\t<span itemprop='width'>0<\/span>\n\t\t\t\t<\/span>\n\t\t\t\t<span class='av-structured-data'  itemprop=\"publisher\" itemtype=\"https:\/\/schema.org\/Organization\" itemscope=\"itemscope\" >\n\t\t\t\t\t\t<span itemprop='name'>epp.content<\/span>\n\t\t\t\t\t\t<span itemprop='logo' itemscope itemtype='https:\/\/schema.org\/ImageObject'>\n\t\t\t\t\t\t\t<span itemprop='url'>https:\/\/rechtsanwalt.fr\/wp-content\/uploads\/2024\/05\/logo_header_fr_web.epp_.svg<\/span>\n\t\t\t\t\t\t<\/span>\n\t\t\t\t<\/span><span class='av-structured-data'  itemprop=\"author\" itemscope=\"itemscope\" itemtype=\"https:\/\/schema.org\/Person\" ><span itemprop='name'>epp.content<\/span><\/span><span class='av-structured-data'  itemprop=\"datePublished\" datetime=\"2015-12-21T12:55:00+01:00\" >2015-12-21 12:55:00<\/span><span class='av-structured-data'  itemprop=\"dateModified\" itemtype=\"https:\/\/schema.org\/dateModified\" >2021-04-07 11:07:49<\/span><span class='av-structured-data'  itemprop=\"mainEntityOfPage\" itemtype=\"https:\/\/schema.org\/mainEntityOfPage\" ><span itemprop='name'>Entreprendre en Allemagne : Risques li\u00e9s au statut fictif de travailleur ind\u00e9pendant (\u00ab Scheinselbst\u00e4ndigkeit \u00bb)<\/span><\/span><\/span><\/article><article class=\"post-entry post-entry-type-standard post-entry-15112 post-loop-27 post-parity-odd bloglist-simple  post-15112 post type-post status-publish format-standard hentry category-archive-2015-fr-droit-fiscal\"  itemscope=\"itemscope\" itemtype=\"https:\/\/schema.org\/BlogPosting\" ><div class=\"blog-meta\"><\/div><div class='entry-content-wrapper clearfix standard-content'><header class=\"entry-content-header\" aria-label=\"Articles : Nouveau syst\u00e8me d\u2019\u00e9change automatique d\u2019informations concernant les rulings fiscaux transfronti\u00e8res\"><div class=\"av-heading-wrapper\"><span class=\"blog-categories minor-meta\"><a href=\"https:\/\/rechtsanwalt.fr\/fr\/category\/news-archive\/news-archive-2015\/archive-2015-fr-droit-fiscal\/\" rel=\"tag\">Droit fiscal<\/a><\/span><h2 class='post-title entry-title '  itemprop=\"headline\" ><a href=\"https:\/\/rechtsanwalt.fr\/fr\/nouveau-systeme-dechange-automatique-dinformations-concernant-les-rulings-fiscaux-transfrontieres\/\" rel=\"bookmark\" title=\"Lien permanent : Nouveau syst\u00e8me d\u2019\u00e9change automatique d\u2019informations concernant les rulings fiscaux transfronti\u00e8res\">Nouveau syst\u00e8me d\u2019\u00e9change automatique d\u2019informations concernant les rulings fiscaux transfronti\u00e8res<span class=\"post-format-icon minor-meta\"><\/span><\/a><\/h2><\/div><\/header><span class=\"post-meta-infos\"><time class=\"date-container minor-meta updated\"  itemprop=\"datePublished\" datetime=\"2015-12-10T14:15:00+01:00\" >10 d\u00e9cembre 2015<\/time><div class=\"read-more-link\"><a href=\"https:\/\/rechtsanwalt.fr\/fr\/nouveau-systeme-dechange-automatique-dinformations-concernant-les-rulings-fiscaux-transfrontieres\/\" class=\"more-link\">Lire la suite<span class='more-link-arrow avia-svg-icon avia-font-svg_entypo-fontello' data-av_svg_icon='right-open-big' data-av_iconset='svg_entypo-fontello'><svg version=\"1.1\" xmlns=\"http:\/\/www.w3.org\/2000\/svg\" width=\"15\" height=\"32\" viewBox=\"0 0 15 32\" preserveAspectRatio=\"xMidYMid meet\" role=\"graphics-symbol\" aria-hidden=\"true\">\n<path d=\"M0.416 27.84l11.456-11.84-11.456-11.904q-0.832-0.832 0-1.536 0.832-0.832 1.536 0l12.544 12.608q0.768 0.832 0 1.6l-12.544 12.608q-0.704 0.832-1.536 0-0.832-0.704 0-1.536z\"><\/path>\n<\/svg><\/span><\/a><\/div><\/span><footer class=\"entry-footer\"><\/footer><div class='post_delimiter'><\/div><\/div><div class=\"post_author_timeline\"><\/div><span class='hidden'>\n\t\t\t\t<span class='av-structured-data'  itemprop=\"image\" itemscope=\"itemscope\" itemtype=\"https:\/\/schema.org\/ImageObject\" >\n\t\t\t\t\t\t<span itemprop='url'>https:\/\/rechtsanwalt.fr\/wp-content\/uploads\/2024\/05\/logo_header_fr_web.epp_.svg<\/span>\n\t\t\t\t\t\t<span itemprop='height'>0<\/span>\n\t\t\t\t\t\t<span itemprop='width'>0<\/span>\n\t\t\t\t<\/span>\n\t\t\t\t<span class='av-structured-data'  itemprop=\"publisher\" itemtype=\"https:\/\/schema.org\/Organization\" itemscope=\"itemscope\" >\n\t\t\t\t\t\t<span itemprop='name'>epp.content<\/span>\n\t\t\t\t\t\t<span itemprop='logo' itemscope itemtype='https:\/\/schema.org\/ImageObject'>\n\t\t\t\t\t\t\t<span itemprop='url'>https:\/\/rechtsanwalt.fr\/wp-content\/uploads\/2024\/05\/logo_header_fr_web.epp_.svg<\/span>\n\t\t\t\t\t\t<\/span>\n\t\t\t\t<\/span><span class='av-structured-data'  itemprop=\"author\" itemscope=\"itemscope\" itemtype=\"https:\/\/schema.org\/Person\" ><span itemprop='name'>epp.content<\/span><\/span><span class='av-structured-data'  itemprop=\"datePublished\" datetime=\"2015-12-10T14:15:00+01:00\" >2015-12-10 14:15:00<\/span><span class='av-structured-data'  itemprop=\"dateModified\" itemtype=\"https:\/\/schema.org\/dateModified\" >2021-04-09 10:31:17<\/span><span class='av-structured-data'  itemprop=\"mainEntityOfPage\" itemtype=\"https:\/\/schema.org\/mainEntityOfPage\" ><span itemprop='name'>Nouveau syst\u00e8me d\u2019\u00e9change automatique d\u2019informations concernant les rulings fiscaux transfronti\u00e8res<\/span><\/span><\/span><\/article><article class=\"post-entry post-entry-type-standard post-entry-15076 post-loop-28 post-parity-even bloglist-simple  post-15076 post type-post status-publish format-standard hentry category-archive-2015-fr-droit-fiscal\"  itemscope=\"itemscope\" itemtype=\"https:\/\/schema.org\/BlogPosting\" ><div class=\"blog-meta\"><\/div><div class='entry-content-wrapper clearfix standard-content'><header class=\"entry-content-header\" aria-label=\"Articles : Int\u00e9gration fiscale en Allemagne : Responsabilit\u00e9 de la soci\u00e9t\u00e9 int\u00e9gr\u00e9e au titre des dettes fiscales de la soci\u00e9t\u00e9 t\u00eate de groupe d\u2018int\u00e9gration\"><div class=\"av-heading-wrapper\"><span class=\"blog-categories minor-meta\"><a href=\"https:\/\/rechtsanwalt.fr\/fr\/category\/news-archive\/news-archive-2015\/archive-2015-fr-droit-fiscal\/\" rel=\"tag\">Droit fiscal<\/a><\/span><h2 class='post-title entry-title '  itemprop=\"headline\" ><a href=\"https:\/\/rechtsanwalt.fr\/fr\/integration-fiscale-en-allemagne-responsabilite-de-la-societe-integree-au-titre-des-dettes-fiscales-de-la-societe-tete-de-groupe-dintegration\/\" rel=\"bookmark\" title=\"Lien permanent : Int\u00e9gration fiscale en Allemagne : Responsabilit\u00e9 de la soci\u00e9t\u00e9 int\u00e9gr\u00e9e au titre des dettes fiscales de la soci\u00e9t\u00e9 t\u00eate de groupe d\u2018int\u00e9gration\">Int\u00e9gration fiscale en Allemagne : Responsabilit\u00e9 de la soci\u00e9t\u00e9 int\u00e9gr\u00e9e au titre des dettes fiscales de la soci\u00e9t\u00e9 t\u00eate de groupe d\u2018int\u00e9gration<span class=\"post-format-icon minor-meta\"><\/span><\/a><\/h2><\/div><\/header><span class=\"post-meta-infos\"><time class=\"date-container minor-meta updated\"  itemprop=\"datePublished\" datetime=\"2015-11-09T11:44:00+01:00\" >9 novembre 2015<\/time><div class=\"read-more-link\"><a href=\"https:\/\/rechtsanwalt.fr\/fr\/integration-fiscale-en-allemagne-responsabilite-de-la-societe-integree-au-titre-des-dettes-fiscales-de-la-societe-tete-de-groupe-dintegration\/\" class=\"more-link\">Lire la suite<span class='more-link-arrow avia-svg-icon avia-font-svg_entypo-fontello' data-av_svg_icon='right-open-big' data-av_iconset='svg_entypo-fontello'><svg version=\"1.1\" xmlns=\"http:\/\/www.w3.org\/2000\/svg\" width=\"15\" height=\"32\" viewBox=\"0 0 15 32\" preserveAspectRatio=\"xMidYMid meet\" role=\"graphics-symbol\" aria-hidden=\"true\">\n<path d=\"M0.416 27.84l11.456-11.84-11.456-11.904q-0.832-0.832 0-1.536 0.832-0.832 1.536 0l12.544 12.608q0.768 0.832 0 1.6l-12.544 12.608q-0.704 0.832-1.536 0-0.832-0.704 0-1.536z\"><\/path>\n<\/svg><\/span><\/a><\/div><\/span><footer class=\"entry-footer\"><\/footer><div class='post_delimiter'><\/div><\/div><div class=\"post_author_timeline\"><\/div><span class='hidden'>\n\t\t\t\t<span class='av-structured-data'  itemprop=\"image\" itemscope=\"itemscope\" itemtype=\"https:\/\/schema.org\/ImageObject\" >\n\t\t\t\t\t\t<span itemprop='url'>https:\/\/rechtsanwalt.fr\/wp-content\/uploads\/2024\/05\/logo_header_fr_web.epp_.svg<\/span>\n\t\t\t\t\t\t<span itemprop='height'>0<\/span>\n\t\t\t\t\t\t<span itemprop='width'>0<\/span>\n\t\t\t\t<\/span>\n\t\t\t\t<span class='av-structured-data'  itemprop=\"publisher\" itemtype=\"https:\/\/schema.org\/Organization\" itemscope=\"itemscope\" >\n\t\t\t\t\t\t<span itemprop='name'>epp.content<\/span>\n\t\t\t\t\t\t<span itemprop='logo' itemscope itemtype='https:\/\/schema.org\/ImageObject'>\n\t\t\t\t\t\t\t<span itemprop='url'>https:\/\/rechtsanwalt.fr\/wp-content\/uploads\/2024\/05\/logo_header_fr_web.epp_.svg<\/span>\n\t\t\t\t\t\t<\/span>\n\t\t\t\t<\/span><span class='av-structured-data'  itemprop=\"author\" itemscope=\"itemscope\" itemtype=\"https:\/\/schema.org\/Person\" ><span itemprop='name'>epp.content<\/span><\/span><span class='av-structured-data'  itemprop=\"datePublished\" datetime=\"2015-11-09T11:44:00+01:00\" >2015-11-09 11:44:00<\/span><span class='av-structured-data'  itemprop=\"dateModified\" itemtype=\"https:\/\/schema.org\/dateModified\" >2021-04-06 11:45:43<\/span><span class='av-structured-data'  itemprop=\"mainEntityOfPage\" itemtype=\"https:\/\/schema.org\/mainEntityOfPage\" ><span itemprop='name'>Int\u00e9gration fiscale en Allemagne : Responsabilit\u00e9 de la soci\u00e9t\u00e9 int\u00e9gr\u00e9e au titre des dettes fiscales de la soci\u00e9t\u00e9 t\u00eate de groupe d\u2018int\u00e9gration<\/span><\/span><\/span><\/article><article class=\"post-entry post-entry-type-standard post-entry-15009 post-loop-29 post-parity-odd bloglist-simple  post-15009 post type-post status-publish format-standard hentry category-archive-2015-fr-droit-fiscal\"  itemscope=\"itemscope\" itemtype=\"https:\/\/schema.org\/BlogPosting\" ><div class=\"blog-meta\"><\/div><div class='entry-content-wrapper clearfix standard-content'><header class=\"entry-content-header\" aria-label=\"Articles : Entreprises allemandes : Compliance et prix internationaux de transfert\"><div class=\"av-heading-wrapper\"><span class=\"blog-categories minor-meta\"><a href=\"https:\/\/rechtsanwalt.fr\/fr\/category\/news-archive\/news-archive-2015\/archive-2015-fr-droit-fiscal\/\" rel=\"tag\">Droit fiscal<\/a><\/span><h2 class='post-title entry-title '  itemprop=\"headline\" ><a href=\"https:\/\/rechtsanwalt.fr\/fr\/entreprises-allemandes-compliance-et-prix-internationaux-de-transfert\/\" rel=\"bookmark\" title=\"Lien permanent : Entreprises allemandes : Compliance et prix internationaux de transfert\">Entreprises allemandes : Compliance et prix internationaux de transfert<span class=\"post-format-icon minor-meta\"><\/span><\/a><\/h2><\/div><\/header><span class=\"post-meta-infos\"><time class=\"date-container minor-meta updated\"  itemprop=\"datePublished\" datetime=\"2015-06-15T10:14:00+02:00\" >15 juin 2015<\/time><div class=\"read-more-link\"><a href=\"https:\/\/rechtsanwalt.fr\/fr\/entreprises-allemandes-compliance-et-prix-internationaux-de-transfert\/\" class=\"more-link\">Lire la suite<span class='more-link-arrow avia-svg-icon avia-font-svg_entypo-fontello' data-av_svg_icon='right-open-big' data-av_iconset='svg_entypo-fontello'><svg version=\"1.1\" xmlns=\"http:\/\/www.w3.org\/2000\/svg\" width=\"15\" height=\"32\" viewBox=\"0 0 15 32\" preserveAspectRatio=\"xMidYMid meet\" role=\"graphics-symbol\" aria-hidden=\"true\">\n<path d=\"M0.416 27.84l11.456-11.84-11.456-11.904q-0.832-0.832 0-1.536 0.832-0.832 1.536 0l12.544 12.608q0.768 0.832 0 1.6l-12.544 12.608q-0.704 0.832-1.536 0-0.832-0.704 0-1.536z\"><\/path>\n<\/svg><\/span><\/a><\/div><\/span><footer class=\"entry-footer\"><\/footer><div class='post_delimiter'><\/div><\/div><div class=\"post_author_timeline\"><\/div><span class='hidden'>\n\t\t\t\t<span class='av-structured-data'  itemprop=\"image\" itemscope=\"itemscope\" itemtype=\"https:\/\/schema.org\/ImageObject\" >\n\t\t\t\t\t\t<span itemprop='url'>https:\/\/rechtsanwalt.fr\/wp-content\/uploads\/2024\/05\/logo_header_fr_web.epp_.svg<\/span>\n\t\t\t\t\t\t<span itemprop='height'>0<\/span>\n\t\t\t\t\t\t<span itemprop='width'>0<\/span>\n\t\t\t\t<\/span>\n\t\t\t\t<span class='av-structured-data'  itemprop=\"publisher\" itemtype=\"https:\/\/schema.org\/Organization\" itemscope=\"itemscope\" >\n\t\t\t\t\t\t<span itemprop='name'>epp.content<\/span>\n\t\t\t\t\t\t<span itemprop='logo' itemscope itemtype='https:\/\/schema.org\/ImageObject'>\n\t\t\t\t\t\t\t<span itemprop='url'>https:\/\/rechtsanwalt.fr\/wp-content\/uploads\/2024\/05\/logo_header_fr_web.epp_.svg<\/span>\n\t\t\t\t\t\t<\/span>\n\t\t\t\t<\/span><span class='av-structured-data'  itemprop=\"author\" itemscope=\"itemscope\" itemtype=\"https:\/\/schema.org\/Person\" ><span itemprop='name'>epp.content<\/span><\/span><span class='av-structured-data'  itemprop=\"datePublished\" datetime=\"2015-06-15T10:14:00+02:00\" >2015-06-15 10:14:00<\/span><span class='av-structured-data'  itemprop=\"dateModified\" itemtype=\"https:\/\/schema.org\/dateModified\" >2021-04-07 10:23:39<\/span><span class='av-structured-data'  itemprop=\"mainEntityOfPage\" itemtype=\"https:\/\/schema.org\/mainEntityOfPage\" ><span itemprop='name'>Entreprises allemandes : Compliance et prix internationaux de transfert<\/span><\/span><\/span><\/article><article class=\"post-entry post-entry-type-standard post-entry-14789 post-loop-30 post-parity-even bloglist-simple  post-14789 post type-post status-publish format-standard hentry category-archive-2015-fr-droit-fiscal\"  itemscope=\"itemscope\" itemtype=\"https:\/\/schema.org\/BlogPosting\" ><div class=\"blog-meta\"><\/div><div class='entry-content-wrapper clearfix standard-content'><header class=\"entry-content-header\" aria-label=\"Articles : Factures des entreprises allemandes : Indication claire et sans \u00e9quivoque du b\u00e9n\u00e9ficiaire des prestations\"><div class=\"av-heading-wrapper\"><span class=\"blog-categories minor-meta\"><a href=\"https:\/\/rechtsanwalt.fr\/fr\/category\/news-archive\/news-archive-2015\/archive-2015-fr-droit-fiscal\/\" rel=\"tag\">Droit fiscal<\/a><\/span><h2 class='post-title entry-title '  itemprop=\"headline\" ><a href=\"https:\/\/rechtsanwalt.fr\/fr\/factures-des-entreprises-allemandes-indication-claire-et-sans-equivoque-du-beneficiaire-des-prestations\/\" rel=\"bookmark\" title=\"Lien permanent : Factures des entreprises allemandes : Indication claire et sans \u00e9quivoque du b\u00e9n\u00e9ficiaire des prestations\">Factures des entreprises allemandes : Indication claire et sans \u00e9quivoque du b\u00e9n\u00e9ficiaire des prestations<span class=\"post-format-icon minor-meta\"><\/span><\/a><\/h2><\/div><\/header><span class=\"post-meta-infos\"><time class=\"date-container minor-meta updated\"  itemprop=\"datePublished\" datetime=\"2015-06-09T17:16:00+02:00\" >9 juin 2015<\/time><div class=\"read-more-link\"><a href=\"https:\/\/rechtsanwalt.fr\/fr\/factures-des-entreprises-allemandes-indication-claire-et-sans-equivoque-du-beneficiaire-des-prestations\/\" class=\"more-link\">Lire la suite<span class='more-link-arrow avia-svg-icon avia-font-svg_entypo-fontello' data-av_svg_icon='right-open-big' data-av_iconset='svg_entypo-fontello'><svg version=\"1.1\" xmlns=\"http:\/\/www.w3.org\/2000\/svg\" width=\"15\" height=\"32\" viewBox=\"0 0 15 32\" preserveAspectRatio=\"xMidYMid meet\" role=\"graphics-symbol\" aria-hidden=\"true\">\n<path d=\"M0.416 27.84l11.456-11.84-11.456-11.904q-0.832-0.832 0-1.536 0.832-0.832 1.536 0l12.544 12.608q0.768 0.832 0 1.6l-12.544 12.608q-0.704 0.832-1.536 0-0.832-0.704 0-1.536z\"><\/path>\n<\/svg><\/span><\/a><\/div><\/span><footer class=\"entry-footer\"><\/footer><div class='post_delimiter'><\/div><\/div><div class=\"post_author_timeline\"><\/div><span class='hidden'>\n\t\t\t\t<span class='av-structured-data'  itemprop=\"image\" itemscope=\"itemscope\" itemtype=\"https:\/\/schema.org\/ImageObject\" >\n\t\t\t\t\t\t<span itemprop='url'>https:\/\/rechtsanwalt.fr\/wp-content\/uploads\/2024\/05\/logo_header_fr_web.epp_.svg<\/span>\n\t\t\t\t\t\t<span itemprop='height'>0<\/span>\n\t\t\t\t\t\t<span itemprop='width'>0<\/span>\n\t\t\t\t<\/span>\n\t\t\t\t<span class='av-structured-data'  itemprop=\"publisher\" itemtype=\"https:\/\/schema.org\/Organization\" itemscope=\"itemscope\" >\n\t\t\t\t\t\t<span itemprop='name'>epp.content<\/span>\n\t\t\t\t\t\t<span itemprop='logo' itemscope itemtype='https:\/\/schema.org\/ImageObject'>\n\t\t\t\t\t\t\t<span itemprop='url'>https:\/\/rechtsanwalt.fr\/wp-content\/uploads\/2024\/05\/logo_header_fr_web.epp_.svg<\/span>\n\t\t\t\t\t\t<\/span>\n\t\t\t\t<\/span><span class='av-structured-data'  itemprop=\"author\" itemscope=\"itemscope\" itemtype=\"https:\/\/schema.org\/Person\" ><span itemprop='name'>epp.content<\/span><\/span><span class='av-structured-data'  itemprop=\"datePublished\" datetime=\"2015-06-09T17:16:00+02:00\" >2015-06-09 17:16:00<\/span><span class='av-structured-data'  itemprop=\"dateModified\" itemtype=\"https:\/\/schema.org\/dateModified\" >2021-04-07 09:28:29<\/span><span class='av-structured-data'  itemprop=\"mainEntityOfPage\" itemtype=\"https:\/\/schema.org\/mainEntityOfPage\" ><span itemprop='name'>Factures des entreprises allemandes : Indication claire et sans \u00e9quivoque du b\u00e9n\u00e9ficiaire des prestations<\/span><\/span><\/span><\/article><article class=\"post-entry post-entry-type-standard post-entry-14761 post-loop-31 post-parity-odd bloglist-simple  post-14761 post type-post status-publish format-standard hentry category-archive-2015-fr-droit-fiscal\"  itemscope=\"itemscope\" itemtype=\"https:\/\/schema.org\/BlogPosting\" ><div class=\"blog-meta\"><\/div><div class='entry-content-wrapper clearfix standard-content'><header class=\"entry-content-header\" aria-label=\"Articles : Convention fiscale entre l\u2019Union Europ\u00e9enne et la Suisse\"><div class=\"av-heading-wrapper\"><span class=\"blog-categories minor-meta\"><a href=\"https:\/\/rechtsanwalt.fr\/fr\/category\/news-archive\/news-archive-2015\/archive-2015-fr-droit-fiscal\/\" rel=\"tag\">Droit fiscal<\/a><\/span><h2 class='post-title entry-title '  itemprop=\"headline\" ><a href=\"https:\/\/rechtsanwalt.fr\/fr\/convention-fiscale-entre-lunion-europeenne-et-la-suisse\/\" rel=\"bookmark\" title=\"Lien permanent : Convention fiscale entre l\u2019Union Europ\u00e9enne et la Suisse\">Convention fiscale entre l\u2019Union Europ\u00e9enne et la Suisse<span class=\"post-format-icon minor-meta\"><\/span><\/a><\/h2><\/div><\/header><span class=\"post-meta-infos\"><time class=\"date-container minor-meta updated\"  itemprop=\"datePublished\" datetime=\"2015-04-27T16:48:00+02:00\" >27 avril 2015<\/time><div class=\"read-more-link\"><a href=\"https:\/\/rechtsanwalt.fr\/fr\/convention-fiscale-entre-lunion-europeenne-et-la-suisse\/\" class=\"more-link\">Lire la suite<span class='more-link-arrow avia-svg-icon avia-font-svg_entypo-fontello' data-av_svg_icon='right-open-big' data-av_iconset='svg_entypo-fontello'><svg version=\"1.1\" xmlns=\"http:\/\/www.w3.org\/2000\/svg\" width=\"15\" height=\"32\" viewBox=\"0 0 15 32\" preserveAspectRatio=\"xMidYMid meet\" role=\"graphics-symbol\" aria-hidden=\"true\">\n<path d=\"M0.416 27.84l11.456-11.84-11.456-11.904q-0.832-0.832 0-1.536 0.832-0.832 1.536 0l12.544 12.608q0.768 0.832 0 1.6l-12.544 12.608q-0.704 0.832-1.536 0-0.832-0.704 0-1.536z\"><\/path>\n<\/svg><\/span><\/a><\/div><\/span><footer class=\"entry-footer\"><\/footer><div class='post_delimiter'><\/div><\/div><div class=\"post_author_timeline\"><\/div><span class='hidden'>\n\t\t\t\t<span class='av-structured-data'  itemprop=\"image\" itemscope=\"itemscope\" itemtype=\"https:\/\/schema.org\/ImageObject\" >\n\t\t\t\t\t\t<span itemprop='url'>https:\/\/rechtsanwalt.fr\/wp-content\/uploads\/2024\/05\/logo_header_fr_web.epp_.svg<\/span>\n\t\t\t\t\t\t<span itemprop='height'>0<\/span>\n\t\t\t\t\t\t<span itemprop='width'>0<\/span>\n\t\t\t\t<\/span>\n\t\t\t\t<span class='av-structured-data'  itemprop=\"publisher\" itemtype=\"https:\/\/schema.org\/Organization\" itemscope=\"itemscope\" >\n\t\t\t\t\t\t<span itemprop='name'>epp.content<\/span>\n\t\t\t\t\t\t<span itemprop='logo' itemscope itemtype='https:\/\/schema.org\/ImageObject'>\n\t\t\t\t\t\t\t<span itemprop='url'>https:\/\/rechtsanwalt.fr\/wp-content\/uploads\/2024\/05\/logo_header_fr_web.epp_.svg<\/span>\n\t\t\t\t\t\t<\/span>\n\t\t\t\t<\/span><span class='av-structured-data'  itemprop=\"author\" itemscope=\"itemscope\" itemtype=\"https:\/\/schema.org\/Person\" ><span itemprop='name'>epp.content<\/span><\/span><span class='av-structured-data'  itemprop=\"datePublished\" datetime=\"2015-04-27T16:48:00+02:00\" >2015-04-27 16:48:00<\/span><span class='av-structured-data'  itemprop=\"dateModified\" itemtype=\"https:\/\/schema.org\/dateModified\" >2021-04-06 09:55:29<\/span><span class='av-structured-data'  itemprop=\"mainEntityOfPage\" itemtype=\"https:\/\/schema.org\/mainEntityOfPage\" ><span itemprop='name'>Convention fiscale entre l\u2019Union Europ\u00e9enne et la Suisse<\/span><\/span><\/span><\/article><article class=\"post-entry post-entry-type-standard post-entry-14737 post-loop-32 post-parity-even bloglist-simple  post-14737 post type-post status-publish format-standard hentry category-archive-2015-fr-droit-fiscal\"  itemscope=\"itemscope\" itemtype=\"https:\/\/schema.org\/BlogPosting\" ><div class=\"blog-meta\"><\/div><div class='entry-content-wrapper clearfix standard-content'><header class=\"entry-content-header\" aria-label=\"Articles : Convention franco-allemande relative \u00e0 la double imposition : Nouvelle r\u00e9glementation pour l\u2019imposition des frontaliers\"><div class=\"av-heading-wrapper\"><span class=\"blog-categories minor-meta\"><a href=\"https:\/\/rechtsanwalt.fr\/fr\/category\/news-archive\/news-archive-2015\/archive-2015-fr-droit-fiscal\/\" rel=\"tag\">Droit fiscal<\/a><\/span><h2 class='post-title entry-title '  itemprop=\"headline\" ><a href=\"https:\/\/rechtsanwalt.fr\/fr\/convention-franco-allemande-relative-a-la-double-imposition-nouvelle-reglementation-pour-limposition-des-frontaliers\/\" rel=\"bookmark\" title=\"Lien permanent : Convention franco-allemande relative \u00e0 la double imposition : Nouvelle r\u00e9glementation pour l\u2019imposition des frontaliers\">Convention franco-allemande relative \u00e0 la double imposition : Nouvelle r\u00e9glementation pour l\u2019imposition des frontaliers<span class=\"post-format-icon minor-meta\"><\/span><\/a><\/h2><\/div><\/header><span class=\"post-meta-infos\"><time class=\"date-container minor-meta updated\"  itemprop=\"datePublished\" datetime=\"2015-04-07T16:03:00+02:00\" >7 avril 2015<\/time><div class=\"read-more-link\"><a href=\"https:\/\/rechtsanwalt.fr\/fr\/convention-franco-allemande-relative-a-la-double-imposition-nouvelle-reglementation-pour-limposition-des-frontaliers\/\" class=\"more-link\">Lire la suite<span class='more-link-arrow avia-svg-icon avia-font-svg_entypo-fontello' data-av_svg_icon='right-open-big' data-av_iconset='svg_entypo-fontello'><svg version=\"1.1\" xmlns=\"http:\/\/www.w3.org\/2000\/svg\" width=\"15\" height=\"32\" viewBox=\"0 0 15 32\" preserveAspectRatio=\"xMidYMid meet\" role=\"graphics-symbol\" aria-hidden=\"true\">\n<path d=\"M0.416 27.84l11.456-11.84-11.456-11.904q-0.832-0.832 0-1.536 0.832-0.832 1.536 0l12.544 12.608q0.768 0.832 0 1.6l-12.544 12.608q-0.704 0.832-1.536 0-0.832-0.704 0-1.536z\"><\/path>\n<\/svg><\/span><\/a><\/div><\/span><footer class=\"entry-footer\"><\/footer><div class='post_delimiter'><\/div><\/div><div class=\"post_author_timeline\"><\/div><span class='hidden'>\n\t\t\t\t<span class='av-structured-data'  itemprop=\"image\" itemscope=\"itemscope\" itemtype=\"https:\/\/schema.org\/ImageObject\" >\n\t\t\t\t\t\t<span itemprop='url'>https:\/\/rechtsanwalt.fr\/wp-content\/uploads\/2024\/05\/logo_header_fr_web.epp_.svg<\/span>\n\t\t\t\t\t\t<span itemprop='height'>0<\/span>\n\t\t\t\t\t\t<span itemprop='width'>0<\/span>\n\t\t\t\t<\/span>\n\t\t\t\t<span class='av-structured-data'  itemprop=\"publisher\" itemtype=\"https:\/\/schema.org\/Organization\" itemscope=\"itemscope\" >\n\t\t\t\t\t\t<span itemprop='name'>epp.content<\/span>\n\t\t\t\t\t\t<span itemprop='logo' itemscope itemtype='https:\/\/schema.org\/ImageObject'>\n\t\t\t\t\t\t\t<span itemprop='url'>https:\/\/rechtsanwalt.fr\/wp-content\/uploads\/2024\/05\/logo_header_fr_web.epp_.svg<\/span>\n\t\t\t\t\t\t<\/span>\n\t\t\t\t<\/span><span class='av-structured-data'  itemprop=\"author\" itemscope=\"itemscope\" itemtype=\"https:\/\/schema.org\/Person\" ><span itemprop='name'>epp.content<\/span><\/span><span class='av-structured-data'  itemprop=\"datePublished\" datetime=\"2015-04-07T16:03:00+02:00\" >2015-04-07 16:03:00<\/span><span class='av-structured-data'  itemprop=\"dateModified\" itemtype=\"https:\/\/schema.org\/dateModified\" >2021-04-07 09:17:21<\/span><span class='av-structured-data'  itemprop=\"mainEntityOfPage\" itemtype=\"https:\/\/schema.org\/mainEntityOfPage\" ><span itemprop='name'>Convention franco-allemande relative \u00e0 la double imposition : Nouvelle r\u00e9glementation pour l\u2019imposition des frontaliers<\/span><\/span><\/span><\/article><article class=\"post-entry post-entry-type-standard post-entry-14720 post-loop-33 post-parity-odd bloglist-simple  post-14720 post type-post status-publish format-standard hentry category-archive-2015-fr-droit-fiscal\"  itemscope=\"itemscope\" itemtype=\"https:\/\/schema.org\/BlogPosting\" ><div class=\"blog-meta\"><\/div><div class='entry-content-wrapper clearfix standard-content'><header class=\"entry-content-header\" aria-label=\"Articles : Imposition des entreprises en Allemagne : Estimation du b\u00e9n\u00e9fice par l\u2019administration fiscale allemande\"><div class=\"av-heading-wrapper\"><span class=\"blog-categories minor-meta\"><a href=\"https:\/\/rechtsanwalt.fr\/fr\/category\/news-archive\/news-archive-2015\/archive-2015-fr-droit-fiscal\/\" rel=\"tag\">Droit fiscal<\/a><\/span><h2 class='post-title entry-title '  itemprop=\"headline\" ><a href=\"https:\/\/rechtsanwalt.fr\/fr\/imposition-des-entreprises-en-allemagne-estimation-du-benefice-par-ladministration-fiscale-allemande\/\" rel=\"bookmark\" title=\"Lien permanent : Imposition des entreprises en Allemagne : Estimation du b\u00e9n\u00e9fice par l\u2019administration fiscale allemande\">Imposition des entreprises en Allemagne : Estimation du b\u00e9n\u00e9fice par l\u2019administration fiscale allemande<span class=\"post-format-icon minor-meta\"><\/span><\/a><\/h2><\/div><\/header><span class=\"post-meta-infos\"><time class=\"date-container minor-meta updated\"  itemprop=\"datePublished\" datetime=\"2015-03-03T15:32:00+01:00\" >3 mars 2015<\/time><div class=\"read-more-link\"><a href=\"https:\/\/rechtsanwalt.fr\/fr\/imposition-des-entreprises-en-allemagne-estimation-du-benefice-par-ladministration-fiscale-allemande\/\" class=\"more-link\">Lire la suite<span class='more-link-arrow avia-svg-icon avia-font-svg_entypo-fontello' data-av_svg_icon='right-open-big' data-av_iconset='svg_entypo-fontello'><svg version=\"1.1\" xmlns=\"http:\/\/www.w3.org\/2000\/svg\" width=\"15\" height=\"32\" viewBox=\"0 0 15 32\" preserveAspectRatio=\"xMidYMid meet\" role=\"graphics-symbol\" aria-hidden=\"true\">\n<path d=\"M0.416 27.84l11.456-11.84-11.456-11.904q-0.832-0.832 0-1.536 0.832-0.832 1.536 0l12.544 12.608q0.768 0.832 0 1.6l-12.544 12.608q-0.704 0.832-1.536 0-0.832-0.704 0-1.536z\"><\/path>\n<\/svg><\/span><\/a><\/div><\/span><footer class=\"entry-footer\"><\/footer><div class='post_delimiter'><\/div><\/div><div class=\"post_author_timeline\"><\/div><span class='hidden'>\n\t\t\t\t<span class='av-structured-data'  itemprop=\"image\" itemscope=\"itemscope\" itemtype=\"https:\/\/schema.org\/ImageObject\" >\n\t\t\t\t\t\t<span itemprop='url'>https:\/\/rechtsanwalt.fr\/wp-content\/uploads\/2024\/05\/logo_header_fr_web.epp_.svg<\/span>\n\t\t\t\t\t\t<span itemprop='height'>0<\/span>\n\t\t\t\t\t\t<span itemprop='width'>0<\/span>\n\t\t\t\t<\/span>\n\t\t\t\t<span class='av-structured-data'  itemprop=\"publisher\" itemtype=\"https:\/\/schema.org\/Organization\" itemscope=\"itemscope\" >\n\t\t\t\t\t\t<span itemprop='name'>epp.content<\/span>\n\t\t\t\t\t\t<span itemprop='logo' itemscope itemtype='https:\/\/schema.org\/ImageObject'>\n\t\t\t\t\t\t\t<span itemprop='url'>https:\/\/rechtsanwalt.fr\/wp-content\/uploads\/2024\/05\/logo_header_fr_web.epp_.svg<\/span>\n\t\t\t\t\t\t<\/span>\n\t\t\t\t<\/span><span class='av-structured-data'  itemprop=\"author\" itemscope=\"itemscope\" itemtype=\"https:\/\/schema.org\/Person\" ><span itemprop='name'>epp.content<\/span><\/span><span class='av-structured-data'  itemprop=\"datePublished\" datetime=\"2015-03-03T15:32:00+01:00\" >2015-03-03 15:32:00<\/span><span class='av-structured-data'  itemprop=\"dateModified\" itemtype=\"https:\/\/schema.org\/dateModified\" >2021-04-06 18:28:04<\/span><span class='av-structured-data'  itemprop=\"mainEntityOfPage\" itemtype=\"https:\/\/schema.org\/mainEntityOfPage\" ><span itemprop='name'>Imposition des entreprises en Allemagne : Estimation du b\u00e9n\u00e9fice par l\u2019administration fiscale allemande<\/span><\/span><\/span><\/article><article class=\"post-entry post-entry-type-standard post-entry-14698 post-loop-34 post-parity-even bloglist-simple  post-14698 post type-post status-publish format-standard hentry category-archive-2015-fr-droit-fiscal\"  itemscope=\"itemscope\" itemtype=\"https:\/\/schema.org\/BlogPosting\" ><div class=\"blog-meta\"><\/div><div class='entry-content-wrapper clearfix standard-content'><header class=\"entry-content-header\" aria-label=\"Articles : Entreprises en Allemagne : Factures \u00e9lectroniques et d\u00e9duction de TVA\"><div class=\"av-heading-wrapper\"><span class=\"blog-categories minor-meta\"><a href=\"https:\/\/rechtsanwalt.fr\/fr\/category\/news-archive\/news-archive-2015\/archive-2015-fr-droit-fiscal\/\" rel=\"tag\">Droit fiscal<\/a><\/span><h2 class='post-title entry-title '  itemprop=\"headline\" ><a href=\"https:\/\/rechtsanwalt.fr\/fr\/entreprises-en-allemagne-factures-electroniques-et-deduction-de-tva\/\" rel=\"bookmark\" title=\"Lien permanent : Entreprises en Allemagne : Factures \u00e9lectroniques et d\u00e9duction de TVA\">Entreprises en Allemagne : Factures \u00e9lectroniques et d\u00e9duction de TVA<span class=\"post-format-icon minor-meta\"><\/span><\/a><\/h2><\/div><\/header><span class=\"post-meta-infos\"><time class=\"date-container minor-meta updated\"  itemprop=\"datePublished\" datetime=\"2015-02-17T13:03:00+01:00\" >17 f\u00e9vrier 2015<\/time><div class=\"read-more-link\"><a href=\"https:\/\/rechtsanwalt.fr\/fr\/entreprises-en-allemagne-factures-electroniques-et-deduction-de-tva\/\" class=\"more-link\">Lire la suite<span class='more-link-arrow avia-svg-icon avia-font-svg_entypo-fontello' data-av_svg_icon='right-open-big' data-av_iconset='svg_entypo-fontello'><svg version=\"1.1\" xmlns=\"http:\/\/www.w3.org\/2000\/svg\" width=\"15\" height=\"32\" viewBox=\"0 0 15 32\" preserveAspectRatio=\"xMidYMid meet\" role=\"graphics-symbol\" aria-hidden=\"true\">\n<path d=\"M0.416 27.84l11.456-11.84-11.456-11.904q-0.832-0.832 0-1.536 0.832-0.832 1.536 0l12.544 12.608q0.768 0.832 0 1.6l-12.544 12.608q-0.704 0.832-1.536 0-0.832-0.704 0-1.536z\"><\/path>\n<\/svg><\/span><\/a><\/div><\/span><footer class=\"entry-footer\"><\/footer><div class='post_delimiter'><\/div><\/div><div class=\"post_author_timeline\"><\/div><span class='hidden'>\n\t\t\t\t<span class='av-structured-data'  itemprop=\"image\" itemscope=\"itemscope\" itemtype=\"https:\/\/schema.org\/ImageObject\" >\n\t\t\t\t\t\t<span itemprop='url'>https:\/\/rechtsanwalt.fr\/wp-content\/uploads\/2024\/05\/logo_header_fr_web.epp_.svg<\/span>\n\t\t\t\t\t\t<span itemprop='height'>0<\/span>\n\t\t\t\t\t\t<span itemprop='width'>0<\/span>\n\t\t\t\t<\/span>\n\t\t\t\t<span class='av-structured-data'  itemprop=\"publisher\" itemtype=\"https:\/\/schema.org\/Organization\" itemscope=\"itemscope\" >\n\t\t\t\t\t\t<span itemprop='name'>epp.content<\/span>\n\t\t\t\t\t\t<span itemprop='logo' itemscope itemtype='https:\/\/schema.org\/ImageObject'>\n\t\t\t\t\t\t\t<span itemprop='url'>https:\/\/rechtsanwalt.fr\/wp-content\/uploads\/2024\/05\/logo_header_fr_web.epp_.svg<\/span>\n\t\t\t\t\t\t<\/span>\n\t\t\t\t<\/span><span class='av-structured-data'  itemprop=\"author\" itemscope=\"itemscope\" itemtype=\"https:\/\/schema.org\/Person\" ><span itemprop='name'>epp.content<\/span><\/span><span class='av-structured-data'  itemprop=\"datePublished\" datetime=\"2015-02-17T13:03:00+01:00\" >2015-02-17 13:03:00<\/span><span class='av-structured-data'  itemprop=\"dateModified\" itemtype=\"https:\/\/schema.org\/dateModified\" >2021-04-06 18:25:14<\/span><span class='av-structured-data'  itemprop=\"mainEntityOfPage\" itemtype=\"https:\/\/schema.org\/mainEntityOfPage\" ><span itemprop='name'>Entreprises en Allemagne : Factures \u00e9lectroniques et d\u00e9duction de TVA<\/span><\/span><\/span><\/article><article class=\"post-entry post-entry-type-standard post-entry-14681 post-loop-35 post-parity-odd bloglist-simple  post-14681 post type-post status-publish format-standard hentry category-archive-2015-fr-droit-fiscal\"  itemscope=\"itemscope\" itemtype=\"https:\/\/schema.org\/BlogPosting\" ><div class=\"blog-meta\"><\/div><div class='entry-content-wrapper clearfix standard-content'><header class=\"entry-content-header\" aria-label=\"Articles : Entreprises en Allemagne : Si l\u2019employeur prend en charge pour les salari\u00e9s les frais d\u2019adh\u00e9sion dans une association alors il s\u2019agit d\u2019un avantage en nature soumis \u00e0 l\u2019imp\u00f4t\"><div class=\"av-heading-wrapper\"><span class=\"blog-categories minor-meta\"><a href=\"https:\/\/rechtsanwalt.fr\/fr\/category\/news-archive\/news-archive-2015\/archive-2015-fr-droit-fiscal\/\" rel=\"tag\">Droit fiscal<\/a><\/span><h2 class='post-title entry-title '  itemprop=\"headline\" ><a href=\"https:\/\/rechtsanwalt.fr\/fr\/entreprises-en-allemagne-si-lemployeur-prend-en-charge-pour-les-salaries-les-frais-dadhesion-dans-une-association-alors-il-sagit-dun-avantage-en-nature-soumis-a-l\/\" rel=\"bookmark\" title=\"Lien permanent : Entreprises en Allemagne : Si l\u2019employeur prend en charge pour les salari\u00e9s les frais d\u2019adh\u00e9sion dans une association alors il s\u2019agit d\u2019un avantage en nature soumis \u00e0 l\u2019imp\u00f4t\">Entreprises en Allemagne : Si l\u2019employeur prend en charge pour les salari\u00e9s les frais d\u2019adh\u00e9sion dans une association alors il s\u2019agit d\u2019un avantage en nature soumis \u00e0 l\u2019imp\u00f4t<span class=\"post-format-icon minor-meta\"><\/span><\/a><\/h2><\/div><\/header><span class=\"post-meta-infos\"><time class=\"date-container minor-meta updated\"  itemprop=\"datePublished\" datetime=\"2015-02-16T12:46:00+01:00\" >16 f\u00e9vrier 2015<\/time><div class=\"read-more-link\"><a href=\"https:\/\/rechtsanwalt.fr\/fr\/entreprises-en-allemagne-si-lemployeur-prend-en-charge-pour-les-salaries-les-frais-dadhesion-dans-une-association-alors-il-sagit-dun-avantage-en-nature-soumis-a-l\/\" class=\"more-link\">Lire la suite<span class='more-link-arrow avia-svg-icon avia-font-svg_entypo-fontello' data-av_svg_icon='right-open-big' data-av_iconset='svg_entypo-fontello'><svg version=\"1.1\" xmlns=\"http:\/\/www.w3.org\/2000\/svg\" width=\"15\" height=\"32\" viewBox=\"0 0 15 32\" preserveAspectRatio=\"xMidYMid meet\" role=\"graphics-symbol\" aria-hidden=\"true\">\n<path d=\"M0.416 27.84l11.456-11.84-11.456-11.904q-0.832-0.832 0-1.536 0.832-0.832 1.536 0l12.544 12.608q0.768 0.832 0 1.6l-12.544 12.608q-0.704 0.832-1.536 0-0.832-0.704 0-1.536z\"><\/path>\n<\/svg><\/span><\/a><\/div><\/span><footer class=\"entry-footer\"><\/footer><div class='post_delimiter'><\/div><\/div><div class=\"post_author_timeline\"><\/div><span class='hidden'>\n\t\t\t\t<span class='av-structured-data'  itemprop=\"image\" itemscope=\"itemscope\" itemtype=\"https:\/\/schema.org\/ImageObject\" >\n\t\t\t\t\t\t<span itemprop='url'>https:\/\/rechtsanwalt.fr\/wp-content\/uploads\/2024\/05\/logo_header_fr_web.epp_.svg<\/span>\n\t\t\t\t\t\t<span itemprop='height'>0<\/span>\n\t\t\t\t\t\t<span itemprop='width'>0<\/span>\n\t\t\t\t<\/span>\n\t\t\t\t<span class='av-structured-data'  itemprop=\"publisher\" itemtype=\"https:\/\/schema.org\/Organization\" itemscope=\"itemscope\" >\n\t\t\t\t\t\t<span itemprop='name'>epp.content<\/span>\n\t\t\t\t\t\t<span itemprop='logo' itemscope itemtype='https:\/\/schema.org\/ImageObject'>\n\t\t\t\t\t\t\t<span itemprop='url'>https:\/\/rechtsanwalt.fr\/wp-content\/uploads\/2024\/05\/logo_header_fr_web.epp_.svg<\/span>\n\t\t\t\t\t\t<\/span>\n\t\t\t\t<\/span><span class='av-structured-data'  itemprop=\"author\" itemscope=\"itemscope\" itemtype=\"https:\/\/schema.org\/Person\" ><span itemprop='name'>epp.content<\/span><\/span><span class='av-structured-data'  itemprop=\"datePublished\" datetime=\"2015-02-16T12:46:00+01:00\" >2015-02-16 12:46:00<\/span><span class='av-structured-data'  itemprop=\"dateModified\" itemtype=\"https:\/\/schema.org\/dateModified\" >2021-04-06 18:20:31<\/span><span class='av-structured-data'  itemprop=\"mainEntityOfPage\" itemtype=\"https:\/\/schema.org\/mainEntityOfPage\" ><span itemprop='name'>Entreprises en Allemagne : Si l\u2019employeur prend en charge pour les salari\u00e9s les frais d\u2019adh\u00e9sion dans une association alors il s\u2019agit d\u2019un avantage en nature soumis \u00e0 l\u2019imp\u00f4t<\/span><\/span><\/span><\/article><article class=\"post-entry post-entry-type-standard post-entry-14667 post-loop-36 post-parity-even bloglist-simple  post-14667 post type-post status-publish format-standard hentry category-archive-2015-fr-droit-fiscal\"  itemscope=\"itemscope\" itemtype=\"https:\/\/schema.org\/BlogPosting\" ><div class=\"blog-meta\"><\/div><div class='entry-content-wrapper clearfix standard-content'><header class=\"entry-content-header\" aria-label=\"Articles : Entreprises en Allemagne : Fixation de nouvelles valeurs pour la d\u00e9finition de la taille des entreprises\"><div class=\"av-heading-wrapper\"><span class=\"blog-categories minor-meta\"><a href=\"https:\/\/rechtsanwalt.fr\/fr\/category\/news-archive\/news-archive-2015\/archive-2015-fr-droit-fiscal\/\" rel=\"tag\">Droit fiscal<\/a><\/span><h2 class='post-title entry-title '  itemprop=\"headline\" ><a href=\"https:\/\/rechtsanwalt.fr\/fr\/entreprises-en-allemagne-fixation-de-nouvelles-valeurs-pour-la-definition-de-la-taille-des-entreprises\/\" rel=\"bookmark\" title=\"Lien permanent : Entreprises en Allemagne : Fixation de nouvelles valeurs pour la d\u00e9finition de la taille des entreprises\">Entreprises en Allemagne : Fixation de nouvelles valeurs pour la d\u00e9finition de la taille des entreprises<span class=\"post-format-icon minor-meta\"><\/span><\/a><\/h2><\/div><\/header><span class=\"post-meta-infos\"><time class=\"date-container minor-meta updated\"  itemprop=\"datePublished\" datetime=\"2015-02-02T12:10:39+01:00\" >2 f\u00e9vrier 2015<\/time><div class=\"read-more-link\"><a href=\"https:\/\/rechtsanwalt.fr\/fr\/entreprises-en-allemagne-fixation-de-nouvelles-valeurs-pour-la-definition-de-la-taille-des-entreprises\/\" class=\"more-link\">Lire la suite<span class='more-link-arrow avia-svg-icon avia-font-svg_entypo-fontello' data-av_svg_icon='right-open-big' data-av_iconset='svg_entypo-fontello'><svg version=\"1.1\" xmlns=\"http:\/\/www.w3.org\/2000\/svg\" width=\"15\" height=\"32\" viewBox=\"0 0 15 32\" preserveAspectRatio=\"xMidYMid meet\" role=\"graphics-symbol\" aria-hidden=\"true\">\n<path d=\"M0.416 27.84l11.456-11.84-11.456-11.904q-0.832-0.832 0-1.536 0.832-0.832 1.536 0l12.544 12.608q0.768 0.832 0 1.6l-12.544 12.608q-0.704 0.832-1.536 0-0.832-0.704 0-1.536z\"><\/path>\n<\/svg><\/span><\/a><\/div><\/span><footer class=\"entry-footer\"><\/footer><div class='post_delimiter'><\/div><\/div><div class=\"post_author_timeline\"><\/div><span class='hidden'>\n\t\t\t\t<span class='av-structured-data'  itemprop=\"image\" itemscope=\"itemscope\" itemtype=\"https:\/\/schema.org\/ImageObject\" >\n\t\t\t\t\t\t<span itemprop='url'>https:\/\/rechtsanwalt.fr\/wp-content\/uploads\/2024\/05\/logo_header_fr_web.epp_.svg<\/span>\n\t\t\t\t\t\t<span itemprop='height'>0<\/span>\n\t\t\t\t\t\t<span itemprop='width'>0<\/span>\n\t\t\t\t<\/span>\n\t\t\t\t<span class='av-structured-data'  itemprop=\"publisher\" itemtype=\"https:\/\/schema.org\/Organization\" itemscope=\"itemscope\" >\n\t\t\t\t\t\t<span itemprop='name'>epp.content<\/span>\n\t\t\t\t\t\t<span itemprop='logo' itemscope itemtype='https:\/\/schema.org\/ImageObject'>\n\t\t\t\t\t\t\t<span itemprop='url'>https:\/\/rechtsanwalt.fr\/wp-content\/uploads\/2024\/05\/logo_header_fr_web.epp_.svg<\/span>\n\t\t\t\t\t\t<\/span>\n\t\t\t\t<\/span><span class='av-structured-data'  itemprop=\"author\" itemscope=\"itemscope\" itemtype=\"https:\/\/schema.org\/Person\" ><span itemprop='name'>epp.content<\/span><\/span><span class='av-structured-data'  itemprop=\"datePublished\" datetime=\"2015-02-02T12:10:39+01:00\" >2015-02-02 12:10:39<\/span><span class='av-structured-data'  itemprop=\"dateModified\" itemtype=\"https:\/\/schema.org\/dateModified\" >2021-04-06 18:16:11<\/span><span class='av-structured-data'  itemprop=\"mainEntityOfPage\" itemtype=\"https:\/\/schema.org\/mainEntityOfPage\" ><span itemprop='name'>Entreprises en Allemagne : Fixation de nouvelles valeurs pour la d\u00e9finition de la taille des entreprises<\/span><\/span><\/span><\/article><article class=\"post-entry post-entry-type-standard post-entry-14662 post-loop-37 post-parity-odd bloglist-simple  post-14662 post type-post status-publish format-standard hentry category-archive-2015-fr-droit-fiscal\"  itemscope=\"itemscope\" itemtype=\"https:\/\/schema.org\/BlogPosting\" ><div class=\"blog-meta\"><\/div><div class='entry-content-wrapper clearfix standard-content'><header class=\"entry-content-header\" aria-label=\"Articles : Entreprises en Allemagne : la taxation des employ\u00e9s sur les arri\u00e9r\u00e9s de salaires\"><div class=\"av-heading-wrapper\"><span class=\"blog-categories minor-meta\"><a href=\"https:\/\/rechtsanwalt.fr\/fr\/category\/news-archive\/news-archive-2015\/archive-2015-fr-droit-fiscal\/\" rel=\"tag\">Droit fiscal<\/a><\/span><h2 class='post-title entry-title '  itemprop=\"headline\" ><a href=\"https:\/\/rechtsanwalt.fr\/fr\/entreprises-en-allemagne-la-taxation-des-employes-sur-les-arrieres-de-salaires\/\" rel=\"bookmark\" title=\"Lien permanent : Entreprises en Allemagne : la taxation des employ\u00e9s sur les arri\u00e9r\u00e9s de salaires\">Entreprises en Allemagne : la taxation des employ\u00e9s sur les arri\u00e9r\u00e9s de salaires<span class=\"post-format-icon minor-meta\"><\/span><\/a><\/h2><\/div><\/header><span class=\"post-meta-infos\"><time class=\"date-container minor-meta updated\"  itemprop=\"datePublished\" datetime=\"2015-02-02T12:06:17+01:00\" >2 f\u00e9vrier 2015<\/time><div class=\"read-more-link\"><a href=\"https:\/\/rechtsanwalt.fr\/fr\/entreprises-en-allemagne-la-taxation-des-employes-sur-les-arrieres-de-salaires\/\" class=\"more-link\">Lire la suite<span class='more-link-arrow avia-svg-icon avia-font-svg_entypo-fontello' data-av_svg_icon='right-open-big' data-av_iconset='svg_entypo-fontello'><svg version=\"1.1\" xmlns=\"http:\/\/www.w3.org\/2000\/svg\" width=\"15\" height=\"32\" viewBox=\"0 0 15 32\" preserveAspectRatio=\"xMidYMid meet\" role=\"graphics-symbol\" aria-hidden=\"true\">\n<path d=\"M0.416 27.84l11.456-11.84-11.456-11.904q-0.832-0.832 0-1.536 0.832-0.832 1.536 0l12.544 12.608q0.768 0.832 0 1.6l-12.544 12.608q-0.704 0.832-1.536 0-0.832-0.704 0-1.536z\"><\/path>\n<\/svg><\/span><\/a><\/div><\/span><footer class=\"entry-footer\"><\/footer><div class='post_delimiter'><\/div><\/div><div class=\"post_author_timeline\"><\/div><span class='hidden'>\n\t\t\t\t<span class='av-structured-data'  itemprop=\"image\" itemscope=\"itemscope\" itemtype=\"https:\/\/schema.org\/ImageObject\" >\n\t\t\t\t\t\t<span itemprop='url'>https:\/\/rechtsanwalt.fr\/wp-content\/uploads\/2024\/05\/logo_header_fr_web.epp_.svg<\/span>\n\t\t\t\t\t\t<span itemprop='height'>0<\/span>\n\t\t\t\t\t\t<span itemprop='width'>0<\/span>\n\t\t\t\t<\/span>\n\t\t\t\t<span class='av-structured-data'  itemprop=\"publisher\" itemtype=\"https:\/\/schema.org\/Organization\" itemscope=\"itemscope\" >\n\t\t\t\t\t\t<span itemprop='name'>epp.content<\/span>\n\t\t\t\t\t\t<span itemprop='logo' itemscope itemtype='https:\/\/schema.org\/ImageObject'>\n\t\t\t\t\t\t\t<span itemprop='url'>https:\/\/rechtsanwalt.fr\/wp-content\/uploads\/2024\/05\/logo_header_fr_web.epp_.svg<\/span>\n\t\t\t\t\t\t<\/span>\n\t\t\t\t<\/span><span class='av-structured-data'  itemprop=\"author\" itemscope=\"itemscope\" itemtype=\"https:\/\/schema.org\/Person\" ><span itemprop='name'>epp.content<\/span><\/span><span class='av-structured-data'  itemprop=\"datePublished\" datetime=\"2015-02-02T12:06:17+01:00\" >2015-02-02 12:06:17<\/span><span class='av-structured-data'  itemprop=\"dateModified\" itemtype=\"https:\/\/schema.org\/dateModified\" >2021-04-06 18:14:15<\/span><span class='av-structured-data'  itemprop=\"mainEntityOfPage\" itemtype=\"https:\/\/schema.org\/mainEntityOfPage\" ><span itemprop='name'>Entreprises en Allemagne : la taxation des employ\u00e9s sur les arri\u00e9r\u00e9s de salaires<\/span><\/span><\/span><\/article><article class=\"post-entry post-entry-type-standard post-entry-15115 post-loop-38 post-parity-even bloglist-simple  post-15115 post type-post status-publish format-standard hentry category-archive-2015-fr-droit-fiscal\"  itemscope=\"itemscope\" itemtype=\"https:\/\/schema.org\/BlogPosting\" ><div class=\"blog-meta\"><\/div><div class='entry-content-wrapper clearfix standard-content'><header class=\"entry-content-header\" aria-label=\"Articles : Entreprises en Allemagne : Baisse du taux d\u2018int\u00e9r\u00eat de r\u00e9f\u00e9rence pour les int\u00e9r\u00eats de retard \u00e0 compter du 01.01.2015\"><div class=\"av-heading-wrapper\"><span class=\"blog-categories minor-meta\"><a href=\"https:\/\/rechtsanwalt.fr\/fr\/category\/news-archive\/news-archive-2015\/archive-2015-fr-droit-fiscal\/\" rel=\"tag\">Droit fiscal<\/a><\/span><h2 class='post-title entry-title '  itemprop=\"headline\" ><a href=\"https:\/\/rechtsanwalt.fr\/fr\/entreprises-en-allemagne-baisse-du-taux-dinteret-de-reference-pour-les-interets-de-retard-a-compter-du-01-01-2015\/\" rel=\"bookmark\" title=\"Lien permanent : Entreprises en Allemagne : Baisse du taux d\u2018int\u00e9r\u00eat de r\u00e9f\u00e9rence pour les int\u00e9r\u00eats de retard \u00e0 compter du 01.01.2015\">Entreprises en Allemagne : Baisse du taux d\u2018int\u00e9r\u00eat de r\u00e9f\u00e9rence pour les int\u00e9r\u00eats de retard \u00e0 compter du 01.01.2015<span class=\"post-format-icon minor-meta\"><\/span><\/a><\/h2><\/div><\/header><span class=\"post-meta-infos\"><time class=\"date-container minor-meta updated\"  itemprop=\"datePublished\" datetime=\"2015-01-20T14:17:00+01:00\" >20 janvier 2015<\/time><div class=\"read-more-link\"><a href=\"https:\/\/rechtsanwalt.fr\/fr\/entreprises-en-allemagne-baisse-du-taux-dinteret-de-reference-pour-les-interets-de-retard-a-compter-du-01-01-2015\/\" class=\"more-link\">Lire la suite<span class='more-link-arrow avia-svg-icon avia-font-svg_entypo-fontello' data-av_svg_icon='right-open-big' data-av_iconset='svg_entypo-fontello'><svg version=\"1.1\" xmlns=\"http:\/\/www.w3.org\/2000\/svg\" width=\"15\" height=\"32\" viewBox=\"0 0 15 32\" preserveAspectRatio=\"xMidYMid meet\" role=\"graphics-symbol\" aria-hidden=\"true\">\n<path d=\"M0.416 27.84l11.456-11.84-11.456-11.904q-0.832-0.832 0-1.536 0.832-0.832 1.536 0l12.544 12.608q0.768 0.832 0 1.6l-12.544 12.608q-0.704 0.832-1.536 0-0.832-0.704 0-1.536z\"><\/path>\n<\/svg><\/span><\/a><\/div><\/span><footer class=\"entry-footer\"><\/footer><div class='post_delimiter'><\/div><\/div><div class=\"post_author_timeline\"><\/div><span class='hidden'>\n\t\t\t\t<span class='av-structured-data'  itemprop=\"image\" itemscope=\"itemscope\" itemtype=\"https:\/\/schema.org\/ImageObject\" >\n\t\t\t\t\t\t<span itemprop='url'>https:\/\/rechtsanwalt.fr\/wp-content\/uploads\/2024\/05\/logo_header_fr_web.epp_.svg<\/span>\n\t\t\t\t\t\t<span itemprop='height'>0<\/span>\n\t\t\t\t\t\t<span itemprop='width'>0<\/span>\n\t\t\t\t<\/span>\n\t\t\t\t<span class='av-structured-data'  itemprop=\"publisher\" itemtype=\"https:\/\/schema.org\/Organization\" itemscope=\"itemscope\" >\n\t\t\t\t\t\t<span itemprop='name'>epp.content<\/span>\n\t\t\t\t\t\t<span itemprop='logo' itemscope itemtype='https:\/\/schema.org\/ImageObject'>\n\t\t\t\t\t\t\t<span itemprop='url'>https:\/\/rechtsanwalt.fr\/wp-content\/uploads\/2024\/05\/logo_header_fr_web.epp_.svg<\/span>\n\t\t\t\t\t\t<\/span>\n\t\t\t\t<\/span><span class='av-structured-data'  itemprop=\"author\" itemscope=\"itemscope\" itemtype=\"https:\/\/schema.org\/Person\" ><span itemprop='name'>epp.content<\/span><\/span><span class='av-structured-data'  itemprop=\"datePublished\" datetime=\"2015-01-20T14:17:00+01:00\" >2015-01-20 14:17:00<\/span><span class='av-structured-data'  itemprop=\"dateModified\" itemtype=\"https:\/\/schema.org\/dateModified\" >2021-04-06 17:59:00<\/span><span class='av-structured-data'  itemprop=\"mainEntityOfPage\" itemtype=\"https:\/\/schema.org\/mainEntityOfPage\" ><span itemprop='name'>Entreprises en Allemagne : Baisse du taux d\u2018int\u00e9r\u00eat de r\u00e9f\u00e9rence pour les int\u00e9r\u00eats de retard \u00e0 compter du 01.01.2015<\/span><\/span><\/span><\/article><\/div><br \/>\n\n<style type=\"text\/css\" data-created_by=\"avia_inline_auto\" id=\"style-css-av-k8ek3qi7-9f0bfd2e2c51ef9939d385880812a2bc\">\n#top .hr.hr-invisible.av-k8ek3qi7-9f0bfd2e2c51ef9939d385880812a2bc{\nheight:200px;\n}\n<\/style>\n<div  class='hr av-k8ek3qi7-9f0bfd2e2c51ef9939d385880812a2bc hr-invisible'><span class='hr-inner '><span class=\"hr-inner-style\"><\/span><\/span><\/div><\/p><\/div><\/div><\/div><\/div><!-- close content main div --><\/div><\/div><div id='after_section_2'  class='main_color av_default_container_wrap container_wrap sidebar_left'  ><div class='container av-section-cont-open' ><div class='template-page content  av-content-small units'><div class='post-entry post-entry-type-page post-entry-33183'><div class='entry-content-wrapper clearfix'>\n","protected":false},"excerpt":{"rendered":"","protected":false},"author":1,"featured_media":0,"parent":7245,"menu_order":0,"comment_status":"closed","ping_status":"closed","template":"","meta":{"inline_featured_image":false,"footnotes":""},"class_list":["post-33183","page","type-page","status-publish","hentry"],"_links":{"self":[{"href":"https:\/\/rechtsanwalt.fr\/fr\/wp-json\/wp\/v2\/pages\/33183","targetHints":{"allow":["GET"]}}],"collection":[{"href":"https:\/\/rechtsanwalt.fr\/fr\/wp-json\/wp\/v2\/pages"}],"about":[{"href":"https:\/\/rechtsanwalt.fr\/fr\/wp-json\/wp\/v2\/types\/page"}],"author":[{"embeddable":true,"href":"https:\/\/rechtsanwalt.fr\/fr\/wp-json\/wp\/v2\/users\/1"}],"replies":[{"embeddable":true,"href":"https:\/\/rechtsanwalt.fr\/fr\/wp-json\/wp\/v2\/comments?post=33183"}],"version-history":[{"count":2,"href":"https:\/\/rechtsanwalt.fr\/fr\/wp-json\/wp\/v2\/pages\/33183\/revisions"}],"predecessor-version":[{"id":43027,"href":"https:\/\/rechtsanwalt.fr\/fr\/wp-json\/wp\/v2\/pages\/33183\/revisions\/43027"}],"up":[{"embeddable":true,"href":"https:\/\/rechtsanwalt.fr\/fr\/wp-json\/wp\/v2\/pages\/7245"}],"wp:attachment":[{"href":"https:\/\/rechtsanwalt.fr\/fr\/wp-json\/wp\/v2\/media?parent=33183"}],"curies":[{"name":"wp","href":"https:\/\/api.w.org\/{rel}","templated":true}]}}