{"id":43061,"date":"2026-04-01T10:50:48","date_gmt":"2026-04-01T08:50:48","guid":{"rendered":"https:\/\/rechtsanwalt.fr\/?page_id=43061"},"modified":"2026-04-01T10:50:48","modified_gmt":"2026-04-01T08:50:48","slug":"archive-2024","status":"publish","type":"page","link":"https:\/\/rechtsanwalt.fr\/fr\/news-events\/archive\/archive-2024\/","title":{"rendered":"2024"},"content":{"rendered":"\n<style type=\"text\/css\" data-created_by=\"avia_inline_auto\" id=\"style-css-av-145nae-7e12acf6691508166707e8849903e526\">\n.avia-section.av-145nae-7e12acf6691508166707e8849903e526{\nbackground-repeat:no-repeat;\nbackground-image:url(https:\/\/rechtsanwalt.fr\/wp-content\/uploads\/2020\/09\/archive_b_epp.jpg);\nbackground-position:0% 0%;\nbackground-attachment:scroll;\nmargin-top:0px;\nmargin-bottom:0px;\n}\n<\/style>\n<div id='publikationen_background_img'  class='avia-section av-145nae-7e12acf6691508166707e8849903e526 main_color avia-section-no-padding avia-no-border-styling  avia-builder-el-0  el_before_av_section  avia-builder-el-first  avia-full-contain avia-bg-style-scroll container_wrap sidebar_left'  data-section-bg-repeat='contain'><div class='container av-section-cont-open' ><main  role=\"main\" itemprop=\"mainContentOfPage\"  class='template-page content  av-content-small units'><div class='post-entry post-entry-type-page post-entry-43061'><div class='entry-content-wrapper clearfix'>\n\n<style type=\"text\/css\" data-created_by=\"avia_inline_auto\" id=\"style-css-av-k1m34-65ee82ee0f780690e6c213d31be540cb\">\n.flex_column.av-k1m34-65ee82ee0f780690e6c213d31be540cb{\nborder-radius:0px 0px 0px 0px;\npadding:0px 0px 0px 0px;\n}\n<\/style>\n<div  class='flex_column av-k1m34-65ee82ee0f780690e6c213d31be540cb av_one_full  avia-builder-el-1  avia-builder-el-no-sibling  first flex_column_div av-zero-column-padding  '     ><style type=\"text\/css\" data-created_by=\"avia_inline_auto\" id=\"style-css-av-kfgi31o3-ab9e18e60b08cc37b3a559950ed1cc6d\">\n#top .av-special-heading.av-kfgi31o3-ab9e18e60b08cc37b3a559950ed1cc6d{\npadding-bottom:0;\ncolor:#ffffff;\nfont-size:36px;\n}\nbody .av-special-heading.av-kfgi31o3-ab9e18e60b08cc37b3a559950ed1cc6d .av-special-heading-tag .heading-char{\nfont-size:25px;\n}\n#top #wrap_all .av-special-heading.av-kfgi31o3-ab9e18e60b08cc37b3a559950ed1cc6d .av-special-heading-tag{\nfont-size:36px;\n}\n.av-special-heading.av-kfgi31o3-ab9e18e60b08cc37b3a559950ed1cc6d .special-heading-inner-border{\nborder-color:#ffffff;\n}\n.av-special-heading.av-kfgi31o3-ab9e18e60b08cc37b3a559950ed1cc6d .av-subheading{\nfont-size:25px;\n}\n\n@media only screen and (min-width: 480px) and (max-width: 767px){ \n#top #wrap_all .av-special-heading.av-kfgi31o3-ab9e18e60b08cc37b3a559950ed1cc6d .av-special-heading-tag{\nfont-size:0.8em;\n}\n}\n\n@media only screen and (max-width: 479px){ \n#top #wrap_all .av-special-heading.av-kfgi31o3-ab9e18e60b08cc37b3a559950ed1cc6d .av-special-heading-tag{\nfont-size:0.8em;\n}\n}\n<\/style>\n<div  class='av-special-heading av-kfgi31o3-ab9e18e60b08cc37b3a559950ed1cc6d av-special-heading-h1 custom-color-heading blockquote modern-quote  avia-builder-el-2  avia-builder-el-no-sibling  av-inherit-size av-linked-heading'><h1 class='av-special-heading-tag '  itemprop=\"headline\"  >Archives 2024<\/h1><div class=\"special-heading-border\"><div class=\"special-heading-inner-border\"><\/div><\/div><\/div><\/div><\/div><\/div><\/main><!-- close content main element --><\/div><\/div>\n<style type=\"text\/css\" data-created_by=\"avia_inline_auto\" id=\"style-css-av-kbm9h12a-95249e02764d6ddaeb70bdfd20d13f02\">\n.avia-section.av-kbm9h12a-95249e02764d6ddaeb70bdfd20d13f02{\nbackground-color:#eef0f3;\nbackground-image:unset;\n}\n<\/style>\n<div id='av_section_2'  class='avia-section av-kbm9h12a-95249e02764d6ddaeb70bdfd20d13f02 main_color avia-section-default avia-no-border-styling  avia-builder-el-3  el_after_av_section  avia-builder-el-last  avia-bg-style-scroll container_wrap sidebar_left'  ><div class='container av-section-cont-open' ><div class='template-page content  av-content-small units'><div class='post-entry post-entry-type-page post-entry-43061'><div class='entry-content-wrapper clearfix'>\n\n<style type=\"text\/css\" data-created_by=\"avia_inline_auto\" id=\"style-css-av-jgf3pjem-25083557d8861d2240eb75b3fe7ba642\">\n.flex_column.av-jgf3pjem-25083557d8861d2240eb75b3fe7ba642{\nborder-radius:0px 0px 0px 0px;\n}\n<\/style>\n<div  class='flex_column av-jgf3pjem-25083557d8861d2240eb75b3fe7ba642 av_one_full  avia-builder-el-4  avia-builder-el-no-sibling  publikationen_sub_content first flex_column_div av-animated-generic fade-in  '     ><p><div  class='avia-builder-widget-area clearfix  avia-builder-el-5  el_before_av_sidebar  avia-builder-el-first '><div id=\"nav_menu-15\" class=\"widget clearfix widget_nav_menu\"><div class=\"menu-news-fr-1-container\"><ul id=\"menu-news-fr-1\" class=\"menu\"><li id=\"menu-item-9673\" class=\"menu-item menu-item-type-custom menu-item-object-custom menu-item-9673\"><a href=\"https:\/\/rechtsanwalt.fr\/fr\/news-events\/\">Tous les sujets<\/a><\/li>\n<\/ul><\/div><\/div><\/div><br \/>\n<div  class='avia-builder-widget-area clearfix  avia-builder-el-6  el_after_av_sidebar  el_before_av_hr '><div id=\"nav_menu-16\" class=\"widget clearfix widget_nav_menu\"><div class=\"menu-news-fr-2-container\"><ul id=\"menu-news-fr-2\" class=\"menu\"><li id=\"menu-item-29706\" class=\"menu-item menu-item-type-post_type menu-item-object-page menu-item-29706\"><a href=\"https:\/\/rechtsanwalt.fr\/fr\/news-events\/droit-social\/\">Droit social<\/a><\/li>\n<li id=\"menu-item-29717\" class=\"menu-item menu-item-type-post_type menu-item-object-page menu-item-29717\"><a href=\"https:\/\/rechtsanwalt.fr\/fr\/news-events\/droit-des-societes\/\">Droit des soci\u00e9t\u00e9s<\/a><\/li>\n<li id=\"menu-item-41863\" class=\"menu-item menu-item-type-post_type menu-item-object-page menu-item-41863\"><a href=\"https:\/\/rechtsanwalt.fr\/fr\/news-events\/droit-fiscal\/\">Droit fiscal<\/a><\/li>\n<li id=\"menu-item-34783\" class=\"menu-item menu-item-type-post_type menu-item-object-page menu-item-34783\"><a href=\"https:\/\/rechtsanwalt.fr\/fr\/news-events\/droit-des-contrats\/\">Droit des contrats<\/a><\/li>\n<li id=\"menu-item-34782\" class=\"menu-item menu-item-type-post_type menu-item-object-page menu-item-34782\"><a href=\"https:\/\/rechtsanwalt.fr\/fr\/news-events\/droit-de-la-concurrence\/\">Droit de la concurrence<\/a><\/li>\n<li id=\"menu-item-34784\" class=\"menu-item menu-item-type-post_type menu-item-object-page menu-item-34784\"><a href=\"https:\/\/rechtsanwalt.fr\/fr\/news-events\/procedures-collectives\/\">Proc\u00e9dures collectives<\/a><\/li>\n<li id=\"menu-item-34771\" class=\"menu-item menu-item-type-post_type menu-item-object-page menu-item-34771\"><a href=\"https:\/\/rechtsanwalt.fr\/fr\/news-events\/contentieux\/\">Contentieux<\/a><\/li>\n<li id=\"menu-item-9675\" class=\"menu-item menu-item-type-post_type menu-item-object-page menu-item-9675\"><a href=\"https:\/\/rechtsanwalt.fr\/fr\/news-events\/communique\/\">Communiqu\u00e9s<\/a><\/li>\n<\/ul><\/div><\/div><\/div><br \/>\n\n<style type=\"text\/css\" data-created_by=\"avia_inline_auto\" id=\"style-css-av-keli7xqr-5d09e143679310eddad63eff9eba7c28\">\n#top .hr.av-keli7xqr-5d09e143679310eddad63eff9eba7c28{\nmargin-top:5px;\nmargin-bottom:5px;\n}\n.hr.av-keli7xqr-5d09e143679310eddad63eff9eba7c28 .hr-inner{\nwidth:95%;\n}\n<\/style>\n<div  class='hr av-keli7xqr-5d09e143679310eddad63eff9eba7c28 hr-custom  avia-builder-el-7  el_after_av_sidebar  el_before_av_sidebar  hr-left hr-icon-no'><span class='hr-inner inner-border-av-border-thin'><span class=\"hr-inner-style\"><\/span><\/span><\/div><br \/>\n<div  class='avia-builder-widget-area clearfix  avia-builder-el-8  el_after_av_hr  el_before_av_sidebar '><div id=\"nav_menu-18\" class=\"widget clearfix widget_nav_menu\"><div class=\"menu-news-fr-3-container\"><ul id=\"menu-news-fr-3\" class=\"menu\"><li id=\"menu-item-9982\" class=\"menu-item menu-item-type-post_type menu-item-object-page menu-item-9982\"><a href=\"https:\/\/rechtsanwalt.fr\/fr\/news-events\/archive\/\">Archives<\/a><\/li>\n<\/ul><\/div><\/div><\/div><br \/>\n<div  class='avia-builder-widget-area clearfix  avia-builder-el-9  el_after_av_sidebar  el_before_av_hr '><div id=\"nav_menu-10\" class=\"widget clearfix widget_nav_menu\"><div class=\"menu-archive-jahre-fr-container\"><ul id=\"menu-archive-jahre-fr\" class=\"menu\"><li id=\"menu-item-43067\" class=\"menu-item menu-item-type-post_type menu-item-object-page menu-item-43067\"><a href=\"https:\/\/rechtsanwalt.fr\/fr\/news-events\/archive\/archive-2024\/\">2024<\/a><\/li>\n<li id=\"menu-item-35555\" class=\"menu-item menu-item-type-post_type menu-item-object-page menu-item-35555\"><a href=\"https:\/\/rechtsanwalt.fr\/fr\/news-events\/archive\/archive-2023\/\">2023<\/a><\/li>\n<li id=\"menu-item-30532\" class=\"menu-item menu-item-type-post_type menu-item-object-page menu-item-30532\"><a href=\"https:\/\/rechtsanwalt.fr\/fr\/news-events\/archive\/archive-2022\/\">2022<\/a><\/li>\n<li id=\"menu-item-30533\" class=\"menu-item menu-item-type-post_type menu-item-object-page menu-item-30533\"><a href=\"https:\/\/rechtsanwalt.fr\/fr\/news-events\/archive\/archive-2021\/\">2021<\/a><\/li>\n<li id=\"menu-item-22989\" class=\"menu-item menu-item-type-post_type menu-item-object-page menu-item-22989\"><a href=\"https:\/\/rechtsanwalt.fr\/fr\/news-events\/archive\/archive-2020\/\">2020<\/a><\/li>\n<li id=\"menu-item-8920\" class=\"menu-item menu-item-type-post_type menu-item-object-page menu-item-8920\"><a href=\"https:\/\/rechtsanwalt.fr\/fr\/news-events\/archive\/archive-2019\/\">2019<\/a><\/li>\n<li id=\"menu-item-8951\" class=\"menu-item menu-item-type-post_type menu-item-object-page menu-item-8951\"><a href=\"https:\/\/rechtsanwalt.fr\/fr\/news-events\/archive\/archive-2018\/\">2018<\/a><\/li>\n<li id=\"menu-item-8955\" class=\"menu-item menu-item-type-post_type menu-item-object-page menu-item-8955\"><a href=\"https:\/\/rechtsanwalt.fr\/fr\/news-events\/archive\/archive-2017\/\">2017<\/a><\/li>\n<li id=\"menu-item-8959\" class=\"menu-item menu-item-type-post_type menu-item-object-page menu-item-8959\"><a href=\"https:\/\/rechtsanwalt.fr\/fr\/news-events\/archive\/archive-2016\/\">2016<\/a><\/li>\n<li id=\"menu-item-8963\" class=\"menu-item menu-item-type-post_type menu-item-object-page menu-item-8963\"><a href=\"https:\/\/rechtsanwalt.fr\/fr\/news-events\/archive\/archive-2015\/\">2015<\/a><\/li>\n<\/ul><\/div><\/div><\/div><br \/>\n\n<style type=\"text\/css\" data-created_by=\"avia_inline_auto\" id=\"style-css-av-kf3nfzbd-bcb1f4357a53e888242f07a6fa5bbc99\">\n#top .hr.hr-invisible.av-kf3nfzbd-bcb1f4357a53e888242f07a6fa5bbc99{\nheight:20px;\n}\n<\/style>\n<div  class='hr av-kf3nfzbd-bcb1f4357a53e888242f07a6fa5bbc99 hr-invisible  avia-builder-el-10  el_after_av_sidebar  el_before_av_blog '><span class='hr-inner '><span class=\"hr-inner-style\"><\/span><\/span><\/div><br \/>\n<div  class='av-alb-blogposts template-blog  av-blog-meta-author-disabled av-blog-meta-comments-disabled av-blog-meta-html-info-disabled av-blog-meta-tag-disabled '  itemscope=\"itemscope\" itemtype=\"https:\/\/schema.org\/Blog\" ><article class=\"post-entry post-entry-type-standard post-entry-35416 post-loop-1 post-parity-odd bloglist-simple  post-35416 post type-post status-publish format-standard hentry category-news-archive-2024-droit-social tag-travail\"  itemscope=\"itemscope\" itemtype=\"https:\/\/schema.org\/BlogPosting\" ><div class=\"blog-meta\"><\/div><div class='entry-content-wrapper clearfix standard-content'><header class=\"entry-content-header\" aria-label=\"Articles : Droit du travail allemand : Signature \u00e9lectronique d&#039;un contrat de travail avec un salari\u00e9 en Allemagne\"><div class=\"av-heading-wrapper\"><span class=\"blog-categories minor-meta\"><a href=\"https:\/\/rechtsanwalt.fr\/fr\/category\/news-archive\/news-archive-2024\/news-archive-2024-droit-social\/\" rel=\"tag\">Droit social<\/a><\/span><h2 class='post-title entry-title '  itemprop=\"headline\" ><a href=\"https:\/\/rechtsanwalt.fr\/fr\/signature-electronique-d-un-contrat-de-travail-en-allemagne-2025\/\" rel=\"bookmark\" title=\"Lien permanent : Droit du travail allemand : Signature \u00e9lectronique d&#039;un contrat de travail avec un salari\u00e9 en Allemagne\">Droit du travail allemand : Signature \u00e9lectronique d'un contrat de travail avec un salari\u00e9 en Allemagne<span class=\"post-format-icon minor-meta\"><\/span><\/a><\/h2><\/div><\/header><span class=\"post-meta-infos\"><time class=\"date-container minor-meta updated\"  itemprop=\"datePublished\" datetime=\"2024-11-20T17:31:30+01:00\" >20 novembre 2024<\/time><div class=\"read-more-link\"><a href=\"https:\/\/rechtsanwalt.fr\/fr\/signature-electronique-d-un-contrat-de-travail-en-allemagne-2025\/\" class=\"more-link\">Lire la suite<span class='more-link-arrow avia-svg-icon avia-font-svg_entypo-fontello' data-av_svg_icon='right-open-big' data-av_iconset='svg_entypo-fontello'><svg version=\"1.1\" xmlns=\"http:\/\/www.w3.org\/2000\/svg\" width=\"15\" height=\"32\" viewBox=\"0 0 15 32\" preserveAspectRatio=\"xMidYMid meet\" role=\"graphics-symbol\" aria-hidden=\"true\">\n<path d=\"M0.416 27.84l11.456-11.84-11.456-11.904q-0.832-0.832 0-1.536 0.832-0.832 1.536 0l12.544 12.608q0.768 0.832 0 1.6l-12.544 12.608q-0.704 0.832-1.536 0-0.832-0.704 0-1.536z\"><\/path>\n<\/svg><\/span><\/a><\/div><\/span><footer class=\"entry-footer\"><\/footer><div class='post_delimiter'><\/div><\/div><div class=\"post_author_timeline\"><\/div><span class='hidden'>\n\t\t\t\t<span class='av-structured-data'  itemprop=\"image\" itemscope=\"itemscope\" itemtype=\"https:\/\/schema.org\/ImageObject\" >\n\t\t\t\t\t\t<span itemprop='url'>https:\/\/rechtsanwalt.fr\/wp-content\/uploads\/2024\/05\/logo_header_fr_web.epp_.svg<\/span>\n\t\t\t\t\t\t<span itemprop='height'>0<\/span>\n\t\t\t\t\t\t<span itemprop='width'>0<\/span>\n\t\t\t\t<\/span>\n\t\t\t\t<span class='av-structured-data'  itemprop=\"publisher\" itemtype=\"https:\/\/schema.org\/Organization\" itemscope=\"itemscope\" >\n\t\t\t\t\t\t<span itemprop='name'>Anne-Sophie Koch<\/span>\n\t\t\t\t\t\t<span itemprop='logo' itemscope itemtype='https:\/\/schema.org\/ImageObject'>\n\t\t\t\t\t\t\t<span itemprop='url'>https:\/\/rechtsanwalt.fr\/wp-content\/uploads\/2024\/05\/logo_header_fr_web.epp_.svg<\/span>\n\t\t\t\t\t\t<\/span>\n\t\t\t\t<\/span><span class='av-structured-data'  itemprop=\"author\" itemscope=\"itemscope\" itemtype=\"https:\/\/schema.org\/Person\" ><span itemprop='name'>Anne-Sophie Koch<\/span><\/span><span class='av-structured-data'  itemprop=\"datePublished\" datetime=\"2024-11-20T17:31:30+01:00\" >2024-11-20 17:31:30<\/span><span class='av-structured-data'  itemprop=\"dateModified\" itemtype=\"https:\/\/schema.org\/dateModified\" >2026-03-30 17:32:04<\/span><span class='av-structured-data'  itemprop=\"mainEntityOfPage\" itemtype=\"https:\/\/schema.org\/mainEntityOfPage\" ><span itemprop='name'>Droit du travail allemand : Signature \u00e9lectronique d'un contrat de travail avec un salari\u00e9 en Allemagne<\/span><\/span><\/span><\/article><article class=\"post-entry post-entry-type-standard post-entry-34915 post-loop-2 post-parity-even bloglist-simple  post-34915 post type-post status-publish format-standard hentry category-archive-2024-droit-fiscal\"  itemscope=\"itemscope\" itemtype=\"https:\/\/schema.org\/BlogPosting\" ><div class=\"blog-meta\"><\/div><div class='entry-content-wrapper clearfix standard-content'><header class=\"entry-content-header\" aria-label=\"Articles : Dates limite de d\u00e9p\u00f4t des d\u00e9clarations d\u2019imp\u00f4t sur les revenus de 2023 en Allemagne\"><div class=\"av-heading-wrapper\"><span class=\"blog-categories minor-meta\"><a href=\"https:\/\/rechtsanwalt.fr\/fr\/category\/news-archive\/news-archive-2024\/archive-2024-droit-fiscal\/\" rel=\"tag\">Droit fiscal<\/a><\/span><h2 class='post-title entry-title '  itemprop=\"headline\" ><a href=\"https:\/\/rechtsanwalt.fr\/fr\/dates-limite-de-depot-des-declarations-dimpot-sur-les-revenus-de-2023-en-allemagne\/\" rel=\"bookmark\" title=\"Lien permanent : Dates limite de d\u00e9p\u00f4t des d\u00e9clarations d\u2019imp\u00f4t sur les revenus de 2023 en Allemagne\">Dates limite de d\u00e9p\u00f4t des d\u00e9clarations d\u2019imp\u00f4t sur les revenus de 2023 en Allemagne<span class=\"post-format-icon minor-meta\"><\/span><\/a><\/h2><\/div><\/header><span class=\"post-meta-infos\"><time class=\"date-container minor-meta updated\"  itemprop=\"datePublished\" datetime=\"2024-10-09T11:07:02+02:00\" >9 octobre 2024<\/time><div class=\"read-more-link\"><a href=\"https:\/\/rechtsanwalt.fr\/fr\/dates-limite-de-depot-des-declarations-dimpot-sur-les-revenus-de-2023-en-allemagne\/\" class=\"more-link\">Lire la suite<span class='more-link-arrow avia-svg-icon avia-font-svg_entypo-fontello' data-av_svg_icon='right-open-big' data-av_iconset='svg_entypo-fontello'><svg version=\"1.1\" xmlns=\"http:\/\/www.w3.org\/2000\/svg\" width=\"15\" height=\"32\" viewBox=\"0 0 15 32\" preserveAspectRatio=\"xMidYMid meet\" role=\"graphics-symbol\" aria-hidden=\"true\">\n<path d=\"M0.416 27.84l11.456-11.84-11.456-11.904q-0.832-0.832 0-1.536 0.832-0.832 1.536 0l12.544 12.608q0.768 0.832 0 1.6l-12.544 12.608q-0.704 0.832-1.536 0-0.832-0.704 0-1.536z\"><\/path>\n<\/svg><\/span><\/a><\/div><\/span><footer class=\"entry-footer\"><\/footer><div class='post_delimiter'><\/div><\/div><div class=\"post_author_timeline\"><\/div><span class='hidden'>\n\t\t\t\t<span class='av-structured-data'  itemprop=\"image\" itemscope=\"itemscope\" itemtype=\"https:\/\/schema.org\/ImageObject\" >\n\t\t\t\t\t\t<span itemprop='url'>https:\/\/rechtsanwalt.fr\/wp-content\/uploads\/2024\/05\/logo_header_fr_web.epp_.svg<\/span>\n\t\t\t\t\t\t<span itemprop='height'>0<\/span>\n\t\t\t\t\t\t<span itemprop='width'>0<\/span>\n\t\t\t\t<\/span>\n\t\t\t\t<span class='av-structured-data'  itemprop=\"publisher\" itemtype=\"https:\/\/schema.org\/Organization\" itemscope=\"itemscope\" >\n\t\t\t\t\t\t<span itemprop='name'>Nils Devos<\/span>\n\t\t\t\t\t\t<span itemprop='logo' itemscope itemtype='https:\/\/schema.org\/ImageObject'>\n\t\t\t\t\t\t\t<span itemprop='url'>https:\/\/rechtsanwalt.fr\/wp-content\/uploads\/2024\/05\/logo_header_fr_web.epp_.svg<\/span>\n\t\t\t\t\t\t<\/span>\n\t\t\t\t<\/span><span class='av-structured-data'  itemprop=\"author\" itemscope=\"itemscope\" itemtype=\"https:\/\/schema.org\/Person\" ><span itemprop='name'>Nils Devos<\/span><\/span><span class='av-structured-data'  itemprop=\"datePublished\" datetime=\"2024-10-09T11:07:02+02:00\" >2024-10-09 11:07:02<\/span><span class='av-structured-data'  itemprop=\"dateModified\" itemtype=\"https:\/\/schema.org\/dateModified\" >2026-03-30 17:48:01<\/span><span class='av-structured-data'  itemprop=\"mainEntityOfPage\" itemtype=\"https:\/\/schema.org\/mainEntityOfPage\" ><span itemprop='name'>Dates limite de d\u00e9p\u00f4t des d\u00e9clarations d\u2019imp\u00f4t sur les revenus de 2023 en Allemagne<\/span><\/span><\/span><\/article><article class=\"post-entry post-entry-type-standard post-entry-34740 post-loop-3 post-parity-odd bloglist-simple  post-34740 post type-post status-publish format-standard hentry category-archive-2024-droit-des-contrats\"  itemscope=\"itemscope\" itemtype=\"https:\/\/schema.org\/BlogPosting\" ><div class=\"blog-meta\"><\/div><div class='entry-content-wrapper clearfix standard-content'><header class=\"entry-content-header\" aria-label=\"Articles : Baux commerciaux en Allemagne\u00a0: la guerre en Ukraine ne donne pas droit \u00e0 des ajustements de loyer\"><div class=\"av-heading-wrapper\"><span class=\"blog-categories minor-meta\"><a href=\"https:\/\/rechtsanwalt.fr\/fr\/category\/news-archive\/news-archive-2024\/archive-2024-droit-des-contrats\/\" rel=\"tag\">Droit des contrats<\/a><\/span><h2 class='post-title entry-title '  itemprop=\"headline\" ><a href=\"https:\/\/rechtsanwalt.fr\/fr\/baux-commerciaux-en-allemagne-la-guerre-en-ukraine-ne-donne-pas-droit-a-des-ajustements-de-loyer\/\" rel=\"bookmark\" title=\"Lien permanent : Baux commerciaux en Allemagne\u00a0: la guerre en Ukraine ne donne pas droit \u00e0 des ajustements de loyer\">Baux commerciaux en Allemagne\u00a0: la guerre en Ukraine ne donne pas droit \u00e0 des ajustements de loyer<span class=\"post-format-icon minor-meta\"><\/span><\/a><\/h2><\/div><\/header><span class=\"post-meta-infos\"><time class=\"date-container minor-meta updated\"  itemprop=\"datePublished\" datetime=\"2024-09-12T10:09:03+02:00\" >12 septembre 2024<\/time><div class=\"read-more-link\"><a href=\"https:\/\/rechtsanwalt.fr\/fr\/baux-commerciaux-en-allemagne-la-guerre-en-ukraine-ne-donne-pas-droit-a-des-ajustements-de-loyer\/\" class=\"more-link\">Lire la suite<span class='more-link-arrow avia-svg-icon avia-font-svg_entypo-fontello' data-av_svg_icon='right-open-big' data-av_iconset='svg_entypo-fontello'><svg version=\"1.1\" xmlns=\"http:\/\/www.w3.org\/2000\/svg\" width=\"15\" height=\"32\" viewBox=\"0 0 15 32\" preserveAspectRatio=\"xMidYMid meet\" role=\"graphics-symbol\" aria-hidden=\"true\">\n<path d=\"M0.416 27.84l11.456-11.84-11.456-11.904q-0.832-0.832 0-1.536 0.832-0.832 1.536 0l12.544 12.608q0.768 0.832 0 1.6l-12.544 12.608q-0.704 0.832-1.536 0-0.832-0.704 0-1.536z\"><\/path>\n<\/svg><\/span><\/a><\/div><\/span><footer class=\"entry-footer\"><\/footer><div class='post_delimiter'><\/div><\/div><div class=\"post_author_timeline\"><\/div><span class='hidden'>\n\t\t\t\t<span class='av-structured-data'  itemprop=\"image\" itemscope=\"itemscope\" itemtype=\"https:\/\/schema.org\/ImageObject\" >\n\t\t\t\t\t\t<span itemprop='url'>https:\/\/rechtsanwalt.fr\/wp-content\/uploads\/2024\/05\/logo_header_fr_web.epp_.svg<\/span>\n\t\t\t\t\t\t<span itemprop='height'>0<\/span>\n\t\t\t\t\t\t<span itemprop='width'>0<\/span>\n\t\t\t\t<\/span>\n\t\t\t\t<span class='av-structured-data'  itemprop=\"publisher\" itemtype=\"https:\/\/schema.org\/Organization\" itemscope=\"itemscope\" >\n\t\t\t\t\t\t<span itemprop='name'>Nils Devos<\/span>\n\t\t\t\t\t\t<span itemprop='logo' itemscope itemtype='https:\/\/schema.org\/ImageObject'>\n\t\t\t\t\t\t\t<span itemprop='url'>https:\/\/rechtsanwalt.fr\/wp-content\/uploads\/2024\/05\/logo_header_fr_web.epp_.svg<\/span>\n\t\t\t\t\t\t<\/span>\n\t\t\t\t<\/span><span class='av-structured-data'  itemprop=\"author\" itemscope=\"itemscope\" itemtype=\"https:\/\/schema.org\/Person\" ><span itemprop='name'>Nils Devos<\/span><\/span><span class='av-structured-data'  itemprop=\"datePublished\" datetime=\"2024-09-12T10:09:03+02:00\" >2024-09-12 10:09:03<\/span><span class='av-structured-data'  itemprop=\"dateModified\" itemtype=\"https:\/\/schema.org\/dateModified\" >2026-03-30 18:16:16<\/span><span class='av-structured-data'  itemprop=\"mainEntityOfPage\" itemtype=\"https:\/\/schema.org\/mainEntityOfPage\" ><span itemprop='name'>Baux commerciaux en Allemagne\u00a0: la guerre en Ukraine ne donne pas droit \u00e0 des ajustements de loyer<\/span><\/span><\/span><\/article><article class=\"post-entry post-entry-type-standard post-entry-34685 post-loop-4 post-parity-even bloglist-simple  post-34685 post type-post status-publish format-standard hentry category-news-archive-2024-droit-des-societes\"  itemscope=\"itemscope\" itemtype=\"https:\/\/schema.org\/BlogPosting\" ><div class=\"blog-meta\"><\/div><div class='entry-content-wrapper clearfix standard-content'><header class=\"entry-content-header\" aria-label=\"Articles : R\u00e9vocation du g\u00e9rant d\u2019une GmbH allemande en violation d\u2019une convention de vote\"><div class=\"av-heading-wrapper\"><span class=\"blog-categories minor-meta\"><a href=\"https:\/\/rechtsanwalt.fr\/fr\/category\/news-archive\/news-archive-2024\/news-archive-2024-droit-des-societes\/\" rel=\"tag\">Droit des soci\u00e9t\u00e9s<\/a><\/span><h2 class='post-title entry-title '  itemprop=\"headline\" ><a href=\"https:\/\/rechtsanwalt.fr\/fr\/revocation-du-gerant-dune-gmbh-allemande-en-violation-dune-convention-de-vote\/\" rel=\"bookmark\" title=\"Lien permanent : R\u00e9vocation du g\u00e9rant d\u2019une GmbH allemande en violation d\u2019une convention de vote\">R\u00e9vocation du g\u00e9rant d\u2019une GmbH allemande en violation d\u2019une convention de vote<span class=\"post-format-icon minor-meta\"><\/span><\/a><\/h2><\/div><\/header><span class=\"post-meta-infos\"><time class=\"date-container minor-meta updated\"  itemprop=\"datePublished\" datetime=\"2024-09-11T10:08:01+02:00\" >11 septembre 2024<\/time><div class=\"read-more-link\"><a href=\"https:\/\/rechtsanwalt.fr\/fr\/revocation-du-gerant-dune-gmbh-allemande-en-violation-dune-convention-de-vote\/\" class=\"more-link\">Lire la suite<span class='more-link-arrow avia-svg-icon avia-font-svg_entypo-fontello' data-av_svg_icon='right-open-big' data-av_iconset='svg_entypo-fontello'><svg version=\"1.1\" xmlns=\"http:\/\/www.w3.org\/2000\/svg\" width=\"15\" height=\"32\" viewBox=\"0 0 15 32\" preserveAspectRatio=\"xMidYMid meet\" role=\"graphics-symbol\" aria-hidden=\"true\">\n<path d=\"M0.416 27.84l11.456-11.84-11.456-11.904q-0.832-0.832 0-1.536 0.832-0.832 1.536 0l12.544 12.608q0.768 0.832 0 1.6l-12.544 12.608q-0.704 0.832-1.536 0-0.832-0.704 0-1.536z\"><\/path>\n<\/svg><\/span><\/a><\/div><\/span><footer class=\"entry-footer\"><\/footer><div class='post_delimiter'><\/div><\/div><div class=\"post_author_timeline\"><\/div><span class='hidden'>\n\t\t\t\t<span class='av-structured-data'  itemprop=\"image\" itemscope=\"itemscope\" itemtype=\"https:\/\/schema.org\/ImageObject\" >\n\t\t\t\t\t\t<span itemprop='url'>https:\/\/rechtsanwalt.fr\/wp-content\/uploads\/2024\/05\/logo_header_fr_web.epp_.svg<\/span>\n\t\t\t\t\t\t<span itemprop='height'>0<\/span>\n\t\t\t\t\t\t<span itemprop='width'>0<\/span>\n\t\t\t\t<\/span>\n\t\t\t\t<span class='av-structured-data'  itemprop=\"publisher\" itemtype=\"https:\/\/schema.org\/Organization\" itemscope=\"itemscope\" >\n\t\t\t\t\t\t<span itemprop='name'>Nils Devos<\/span>\n\t\t\t\t\t\t<span itemprop='logo' itemscope itemtype='https:\/\/schema.org\/ImageObject'>\n\t\t\t\t\t\t\t<span itemprop='url'>https:\/\/rechtsanwalt.fr\/wp-content\/uploads\/2024\/05\/logo_header_fr_web.epp_.svg<\/span>\n\t\t\t\t\t\t<\/span>\n\t\t\t\t<\/span><span class='av-structured-data'  itemprop=\"author\" itemscope=\"itemscope\" itemtype=\"https:\/\/schema.org\/Person\" ><span itemprop='name'>Nils Devos<\/span><\/span><span class='av-structured-data'  itemprop=\"datePublished\" datetime=\"2024-09-11T10:08:01+02:00\" >2024-09-11 10:08:01<\/span><span class='av-structured-data'  itemprop=\"dateModified\" itemtype=\"https:\/\/schema.org\/dateModified\" >2026-03-30 18:19:24<\/span><span class='av-structured-data'  itemprop=\"mainEntityOfPage\" itemtype=\"https:\/\/schema.org\/mainEntityOfPage\" ><span itemprop='name'>R\u00e9vocation du g\u00e9rant d\u2019une GmbH allemande en violation d\u2019une convention de vote<\/span><\/span><\/span><\/article><article class=\"post-entry post-entry-type-standard post-entry-34676 post-loop-5 post-parity-odd bloglist-simple  post-34676 post type-post status-publish format-standard hentry category-news-archive-2024-contentieux tag-travail\"  itemscope=\"itemscope\" itemtype=\"https:\/\/schema.org\/BlogPosting\" ><div class=\"blog-meta\"><\/div><div class='entry-content-wrapper clearfix standard-content'><header class=\"entry-content-header\" aria-label=\"Articles : Contentieux en Allemagne : adoption d\u2019un projet de loi favorisant la cr\u00e9ation de chambres commerciales internationales\"><div class=\"av-heading-wrapper\"><span class=\"blog-categories minor-meta\"><a href=\"https:\/\/rechtsanwalt.fr\/fr\/category\/news-archive\/news-archive-2024\/news-archive-2024-contentieux\/\" rel=\"tag\">Contentieux<\/a><\/span><h2 class='post-title entry-title '  itemprop=\"headline\" ><a href=\"https:\/\/rechtsanwalt.fr\/fr\/contentieux-en-allemagne-adoption-dun-projet-de-loi-favorisant-la-creation-de-chambres-commerciales-internationales\/\" rel=\"bookmark\" title=\"Lien permanent : Contentieux en Allemagne : adoption d\u2019un projet de loi favorisant la cr\u00e9ation de chambres commerciales internationales\">Contentieux en Allemagne : adoption d\u2019un projet de loi favorisant la cr\u00e9ation de chambres commerciales internationales<span class=\"post-format-icon minor-meta\"><\/span><\/a><\/h2><\/div><\/header><span class=\"post-meta-infos\"><time class=\"date-container minor-meta updated\"  itemprop=\"datePublished\" datetime=\"2024-09-11T09:23:26+02:00\" >11 septembre 2024<\/time><div class=\"read-more-link\"><a href=\"https:\/\/rechtsanwalt.fr\/fr\/contentieux-en-allemagne-adoption-dun-projet-de-loi-favorisant-la-creation-de-chambres-commerciales-internationales\/\" class=\"more-link\">Lire la suite<span class='more-link-arrow avia-svg-icon avia-font-svg_entypo-fontello' data-av_svg_icon='right-open-big' data-av_iconset='svg_entypo-fontello'><svg version=\"1.1\" xmlns=\"http:\/\/www.w3.org\/2000\/svg\" width=\"15\" height=\"32\" viewBox=\"0 0 15 32\" preserveAspectRatio=\"xMidYMid meet\" role=\"graphics-symbol\" aria-hidden=\"true\">\n<path d=\"M0.416 27.84l11.456-11.84-11.456-11.904q-0.832-0.832 0-1.536 0.832-0.832 1.536 0l12.544 12.608q0.768 0.832 0 1.6l-12.544 12.608q-0.704 0.832-1.536 0-0.832-0.704 0-1.536z\"><\/path>\n<\/svg><\/span><\/a><\/div><\/span><footer class=\"entry-footer\"><\/footer><div class='post_delimiter'><\/div><\/div><div class=\"post_author_timeline\"><\/div><span class='hidden'>\n\t\t\t\t<span class='av-structured-data'  itemprop=\"image\" itemscope=\"itemscope\" itemtype=\"https:\/\/schema.org\/ImageObject\" >\n\t\t\t\t\t\t<span itemprop='url'>https:\/\/rechtsanwalt.fr\/wp-content\/uploads\/2024\/05\/logo_header_fr_web.epp_.svg<\/span>\n\t\t\t\t\t\t<span itemprop='height'>0<\/span>\n\t\t\t\t\t\t<span itemprop='width'>0<\/span>\n\t\t\t\t<\/span>\n\t\t\t\t<span class='av-structured-data'  itemprop=\"publisher\" itemtype=\"https:\/\/schema.org\/Organization\" itemscope=\"itemscope\" >\n\t\t\t\t\t\t<span itemprop='name'>Nils Devos<\/span>\n\t\t\t\t\t\t<span itemprop='logo' itemscope itemtype='https:\/\/schema.org\/ImageObject'>\n\t\t\t\t\t\t\t<span itemprop='url'>https:\/\/rechtsanwalt.fr\/wp-content\/uploads\/2024\/05\/logo_header_fr_web.epp_.svg<\/span>\n\t\t\t\t\t\t<\/span>\n\t\t\t\t<\/span><span class='av-structured-data'  itemprop=\"author\" itemscope=\"itemscope\" itemtype=\"https:\/\/schema.org\/Person\" ><span itemprop='name'>Nils Devos<\/span><\/span><span class='av-structured-data'  itemprop=\"datePublished\" datetime=\"2024-09-11T09:23:26+02:00\" >2024-09-11 09:23:26<\/span><span class='av-structured-data'  itemprop=\"dateModified\" itemtype=\"https:\/\/schema.org\/dateModified\" >2026-03-30 18:22:54<\/span><span class='av-structured-data'  itemprop=\"mainEntityOfPage\" itemtype=\"https:\/\/schema.org\/mainEntityOfPage\" ><span itemprop='name'>Contentieux en Allemagne : adoption d\u2019un projet de loi favorisant la cr\u00e9ation de chambres commerciales internationales<\/span><\/span><\/span><\/article><article class=\"post-entry post-entry-type-standard post-entry-34502 post-loop-6 post-parity-even bloglist-simple  post-34502 post type-post status-publish format-standard hentry category-news-archive-2024-droit-social tag-travail\"  itemscope=\"itemscope\" itemtype=\"https:\/\/schema.org\/BlogPosting\" ><div class=\"blog-meta\"><\/div><div class='entry-content-wrapper clearfix standard-content'><header class=\"entry-content-header\" aria-label=\"Articles : Offres d&#039;emploi discriminatoires : La jurisprudence allemande tranche en faveur des employeurs\"><div class=\"av-heading-wrapper\"><span class=\"blog-categories minor-meta\"><a href=\"https:\/\/rechtsanwalt.fr\/fr\/category\/news-archive\/news-archive-2024\/news-archive-2024-droit-social\/\" rel=\"tag\">Droit social<\/a><\/span><h2 class='post-title entry-title '  itemprop=\"headline\" ><a href=\"https:\/\/rechtsanwalt.fr\/fr\/offres-demploi-en-allemagne-discrimination-et-abus-de-droit\/\" rel=\"bookmark\" title=\"Lien permanent : Offres d&#039;emploi discriminatoires : La jurisprudence allemande tranche en faveur des employeurs\">Offres d'emploi discriminatoires : La jurisprudence allemande tranche en faveur des employeurs<span class=\"post-format-icon minor-meta\"><\/span><\/a><\/h2><\/div><\/header><span class=\"post-meta-infos\"><time class=\"date-container minor-meta updated\"  itemprop=\"datePublished\" datetime=\"2024-09-03T11:39:06+02:00\" >3 septembre 2024<\/time><div class=\"read-more-link\"><a href=\"https:\/\/rechtsanwalt.fr\/fr\/offres-demploi-en-allemagne-discrimination-et-abus-de-droit\/\" class=\"more-link\">Lire la suite<span class='more-link-arrow avia-svg-icon avia-font-svg_entypo-fontello' data-av_svg_icon='right-open-big' data-av_iconset='svg_entypo-fontello'><svg version=\"1.1\" xmlns=\"http:\/\/www.w3.org\/2000\/svg\" width=\"15\" height=\"32\" viewBox=\"0 0 15 32\" preserveAspectRatio=\"xMidYMid meet\" role=\"graphics-symbol\" aria-hidden=\"true\">\n<path d=\"M0.416 27.84l11.456-11.84-11.456-11.904q-0.832-0.832 0-1.536 0.832-0.832 1.536 0l12.544 12.608q0.768 0.832 0 1.6l-12.544 12.608q-0.704 0.832-1.536 0-0.832-0.704 0-1.536z\"><\/path>\n<\/svg><\/span><\/a><\/div><\/span><footer class=\"entry-footer\"><\/footer><div class='post_delimiter'><\/div><\/div><div class=\"post_author_timeline\"><\/div><span class='hidden'>\n\t\t\t\t<span class='av-structured-data'  itemprop=\"image\" itemscope=\"itemscope\" itemtype=\"https:\/\/schema.org\/ImageObject\" >\n\t\t\t\t\t\t<span itemprop='url'>https:\/\/rechtsanwalt.fr\/wp-content\/uploads\/2024\/05\/logo_header_fr_web.epp_.svg<\/span>\n\t\t\t\t\t\t<span itemprop='height'>0<\/span>\n\t\t\t\t\t\t<span itemprop='width'>0<\/span>\n\t\t\t\t<\/span>\n\t\t\t\t<span class='av-structured-data'  itemprop=\"publisher\" itemtype=\"https:\/\/schema.org\/Organization\" itemscope=\"itemscope\" >\n\t\t\t\t\t\t<span itemprop='name'>Nils Devos<\/span>\n\t\t\t\t\t\t<span itemprop='logo' itemscope itemtype='https:\/\/schema.org\/ImageObject'>\n\t\t\t\t\t\t\t<span itemprop='url'>https:\/\/rechtsanwalt.fr\/wp-content\/uploads\/2024\/05\/logo_header_fr_web.epp_.svg<\/span>\n\t\t\t\t\t\t<\/span>\n\t\t\t\t<\/span><span class='av-structured-data'  itemprop=\"author\" itemscope=\"itemscope\" itemtype=\"https:\/\/schema.org\/Person\" ><span itemprop='name'>Nils Devos<\/span><\/span><span class='av-structured-data'  itemprop=\"datePublished\" datetime=\"2024-09-03T11:39:06+02:00\" >2024-09-03 11:39:06<\/span><span class='av-structured-data'  itemprop=\"dateModified\" itemtype=\"https:\/\/schema.org\/dateModified\" >2026-03-30 17:33:03<\/span><span class='av-structured-data'  itemprop=\"mainEntityOfPage\" itemtype=\"https:\/\/schema.org\/mainEntityOfPage\" ><span itemprop='name'>Offres d'emploi discriminatoires : La jurisprudence allemande tranche en faveur des employeurs<\/span><\/span><\/span><\/article><article class=\"post-entry post-entry-type-standard post-entry-34479 post-loop-7 post-parity-odd bloglist-simple  post-34479 post type-post status-publish format-standard hentry category-news-archive-2024-droit-des-societes\"  itemscope=\"itemscope\" itemtype=\"https:\/\/schema.org\/BlogPosting\" ><div class=\"blog-meta\"><\/div><div class='entry-content-wrapper clearfix standard-content'><header class=\"entry-content-header\" aria-label=\"Articles : G\u00e9rant d\u2019une GmbH allemande : suppression r\u00e9troactive d\u2019une indemnit\u00e9 de carence en cas de violation d\u2019une clause de non-concurrence post-contractuelle\"><div class=\"av-heading-wrapper\"><span class=\"blog-categories minor-meta\"><a href=\"https:\/\/rechtsanwalt.fr\/fr\/category\/news-archive\/news-archive-2024\/news-archive-2024-droit-des-societes\/\" rel=\"tag\">Droit des soci\u00e9t\u00e9s<\/a><\/span><h2 class='post-title entry-title '  itemprop=\"headline\" ><a href=\"https:\/\/rechtsanwalt.fr\/fr\/gerant-dune-gmbh-allemande-suppression-retroactive-dune-indemnite-de-carence-en-cas-de-violation-dune-clause-de-non-concurrence-post-contractuelle\/\" rel=\"bookmark\" title=\"Lien permanent : G\u00e9rant d\u2019une GmbH allemande : suppression r\u00e9troactive d\u2019une indemnit\u00e9 de carence en cas de violation d\u2019une clause de non-concurrence post-contractuelle\">G\u00e9rant d\u2019une GmbH allemande : suppression r\u00e9troactive d\u2019une indemnit\u00e9 de carence en cas de violation d\u2019une clause de non-concurrence post-contractuelle<span class=\"post-format-icon minor-meta\"><\/span><\/a><\/h2><\/div><\/header><span class=\"post-meta-infos\"><time class=\"date-container minor-meta updated\"  itemprop=\"datePublished\" datetime=\"2024-08-27T11:03:17+02:00\" >27 ao\u00fbt 2024<\/time><div class=\"read-more-link\"><a href=\"https:\/\/rechtsanwalt.fr\/fr\/gerant-dune-gmbh-allemande-suppression-retroactive-dune-indemnite-de-carence-en-cas-de-violation-dune-clause-de-non-concurrence-post-contractuelle\/\" class=\"more-link\">Lire la suite<span class='more-link-arrow avia-svg-icon avia-font-svg_entypo-fontello' data-av_svg_icon='right-open-big' data-av_iconset='svg_entypo-fontello'><svg version=\"1.1\" xmlns=\"http:\/\/www.w3.org\/2000\/svg\" width=\"15\" height=\"32\" viewBox=\"0 0 15 32\" preserveAspectRatio=\"xMidYMid meet\" role=\"graphics-symbol\" aria-hidden=\"true\">\n<path d=\"M0.416 27.84l11.456-11.84-11.456-11.904q-0.832-0.832 0-1.536 0.832-0.832 1.536 0l12.544 12.608q0.768 0.832 0 1.6l-12.544 12.608q-0.704 0.832-1.536 0-0.832-0.704 0-1.536z\"><\/path>\n<\/svg><\/span><\/a><\/div><\/span><footer class=\"entry-footer\"><\/footer><div class='post_delimiter'><\/div><\/div><div class=\"post_author_timeline\"><\/div><span class='hidden'>\n\t\t\t\t<span class='av-structured-data'  itemprop=\"image\" itemscope=\"itemscope\" itemtype=\"https:\/\/schema.org\/ImageObject\" >\n\t\t\t\t\t\t<span itemprop='url'>https:\/\/rechtsanwalt.fr\/wp-content\/uploads\/2024\/05\/logo_header_fr_web.epp_.svg<\/span>\n\t\t\t\t\t\t<span itemprop='height'>0<\/span>\n\t\t\t\t\t\t<span itemprop='width'>0<\/span>\n\t\t\t\t<\/span>\n\t\t\t\t<span class='av-structured-data'  itemprop=\"publisher\" itemtype=\"https:\/\/schema.org\/Organization\" itemscope=\"itemscope\" >\n\t\t\t\t\t\t<span itemprop='name'>Nils Devos<\/span>\n\t\t\t\t\t\t<span itemprop='logo' itemscope itemtype='https:\/\/schema.org\/ImageObject'>\n\t\t\t\t\t\t\t<span itemprop='url'>https:\/\/rechtsanwalt.fr\/wp-content\/uploads\/2024\/05\/logo_header_fr_web.epp_.svg<\/span>\n\t\t\t\t\t\t<\/span>\n\t\t\t\t<\/span><span class='av-structured-data'  itemprop=\"author\" itemscope=\"itemscope\" itemtype=\"https:\/\/schema.org\/Person\" ><span itemprop='name'>Nils Devos<\/span><\/span><span class='av-structured-data'  itemprop=\"datePublished\" datetime=\"2024-08-27T11:03:17+02:00\" >2024-08-27 11:03:17<\/span><span class='av-structured-data'  itemprop=\"dateModified\" itemtype=\"https:\/\/schema.org\/dateModified\" >2026-03-30 18:19:41<\/span><span class='av-structured-data'  itemprop=\"mainEntityOfPage\" itemtype=\"https:\/\/schema.org\/mainEntityOfPage\" ><span itemprop='name'>G\u00e9rant d\u2019une GmbH allemande : suppression r\u00e9troactive d\u2019une indemnit\u00e9 de carence en cas de violation d\u2019une clause de non-concurrence post-contractuelle<\/span><\/span><\/span><\/article><article class=\"post-entry post-entry-type-standard post-entry-34477 post-loop-8 post-parity-even bloglist-simple  post-34477 post type-post status-publish format-standard hentry category-news-archive-2024-droit-des-societes\"  itemscope=\"itemscope\" itemtype=\"https:\/\/schema.org\/BlogPosting\" ><div class=\"blog-meta\"><\/div><div class='entry-content-wrapper clearfix standard-content'><header class=\"entry-content-header\" aria-label=\"Articles : G\u00e9rant d\u2019une GmbH allemande : premi\u00e8re d\u00e9cision de la Cour f\u00e9d\u00e9rale de justice allemande sur la publication des donn\u00e9es personnelles dans le RCS allemand\"><div class=\"av-heading-wrapper\"><span class=\"blog-categories minor-meta\"><a href=\"https:\/\/rechtsanwalt.fr\/fr\/category\/news-archive\/news-archive-2024\/news-archive-2024-droit-des-societes\/\" rel=\"tag\">Droit des soci\u00e9t\u00e9s<\/a><\/span><h2 class='post-title entry-title '  itemprop=\"headline\" ><a href=\"https:\/\/rechtsanwalt.fr\/fr\/gerant-dune-gmbh-allemande-premiere-decision-de-la-cour-federale-de-justice-allemande-sur-la-publication-des-donnees-personnelles-dans-le-rcs-allemand\/\" rel=\"bookmark\" title=\"Lien permanent : G\u00e9rant d\u2019une GmbH allemande : premi\u00e8re d\u00e9cision de la Cour f\u00e9d\u00e9rale de justice allemande sur la publication des donn\u00e9es personnelles dans le RCS allemand\">G\u00e9rant d\u2019une GmbH allemande : premi\u00e8re d\u00e9cision de la Cour f\u00e9d\u00e9rale de justice allemande sur la publication des donn\u00e9es personnelles dans le RCS allemand<span class=\"post-format-icon minor-meta\"><\/span><\/a><\/h2><\/div><\/header><span class=\"post-meta-infos\"><time class=\"date-container minor-meta updated\"  itemprop=\"datePublished\" datetime=\"2024-08-27T09:52:24+02:00\" >27 ao\u00fbt 2024<\/time><div class=\"read-more-link\"><a href=\"https:\/\/rechtsanwalt.fr\/fr\/gerant-dune-gmbh-allemande-premiere-decision-de-la-cour-federale-de-justice-allemande-sur-la-publication-des-donnees-personnelles-dans-le-rcs-allemand\/\" class=\"more-link\">Lire la suite<span class='more-link-arrow avia-svg-icon avia-font-svg_entypo-fontello' data-av_svg_icon='right-open-big' data-av_iconset='svg_entypo-fontello'><svg version=\"1.1\" xmlns=\"http:\/\/www.w3.org\/2000\/svg\" width=\"15\" height=\"32\" viewBox=\"0 0 15 32\" preserveAspectRatio=\"xMidYMid meet\" role=\"graphics-symbol\" aria-hidden=\"true\">\n<path d=\"M0.416 27.84l11.456-11.84-11.456-11.904q-0.832-0.832 0-1.536 0.832-0.832 1.536 0l12.544 12.608q0.768 0.832 0 1.6l-12.544 12.608q-0.704 0.832-1.536 0-0.832-0.704 0-1.536z\"><\/path>\n<\/svg><\/span><\/a><\/div><\/span><footer class=\"entry-footer\"><\/footer><div class='post_delimiter'><\/div><\/div><div class=\"post_author_timeline\"><\/div><span class='hidden'>\n\t\t\t\t<span class='av-structured-data'  itemprop=\"image\" itemscope=\"itemscope\" itemtype=\"https:\/\/schema.org\/ImageObject\" >\n\t\t\t\t\t\t<span itemprop='url'>https:\/\/rechtsanwalt.fr\/wp-content\/uploads\/2024\/05\/logo_header_fr_web.epp_.svg<\/span>\n\t\t\t\t\t\t<span itemprop='height'>0<\/span>\n\t\t\t\t\t\t<span itemprop='width'>0<\/span>\n\t\t\t\t<\/span>\n\t\t\t\t<span class='av-structured-data'  itemprop=\"publisher\" itemtype=\"https:\/\/schema.org\/Organization\" itemscope=\"itemscope\" >\n\t\t\t\t\t\t<span itemprop='name'>Nils Devos<\/span>\n\t\t\t\t\t\t<span itemprop='logo' itemscope itemtype='https:\/\/schema.org\/ImageObject'>\n\t\t\t\t\t\t\t<span itemprop='url'>https:\/\/rechtsanwalt.fr\/wp-content\/uploads\/2024\/05\/logo_header_fr_web.epp_.svg<\/span>\n\t\t\t\t\t\t<\/span>\n\t\t\t\t<\/span><span class='av-structured-data'  itemprop=\"author\" itemscope=\"itemscope\" itemtype=\"https:\/\/schema.org\/Person\" ><span itemprop='name'>Nils Devos<\/span><\/span><span class='av-structured-data'  itemprop=\"datePublished\" datetime=\"2024-08-27T09:52:24+02:00\" >2024-08-27 09:52:24<\/span><span class='av-structured-data'  itemprop=\"dateModified\" itemtype=\"https:\/\/schema.org\/dateModified\" >2026-03-30 18:20:00<\/span><span class='av-structured-data'  itemprop=\"mainEntityOfPage\" itemtype=\"https:\/\/schema.org\/mainEntityOfPage\" ><span itemprop='name'>G\u00e9rant d\u2019une GmbH allemande : premi\u00e8re d\u00e9cision de la Cour f\u00e9d\u00e9rale de justice allemande sur la publication des donn\u00e9es personnelles dans le RCS allemand<\/span><\/span><\/span><\/article><article class=\"post-entry post-entry-type-standard post-entry-34048 post-loop-9 post-parity-odd bloglist-simple  post-34048 post type-post status-publish format-standard hentry category-news-archive-2024-droit-social tag-travail tag-telephone-portable\"  itemscope=\"itemscope\" itemtype=\"https:\/\/schema.org\/BlogPosting\" ><div class=\"blog-meta\"><\/div><div class='entry-content-wrapper clearfix standard-content'><header class=\"entry-content-header\" aria-label=\"Articles : L\u2019interdiction d\u2019utiliser le t\u00e9l\u00e9phone portable au travail en Allemagne\"><div class=\"av-heading-wrapper\"><span class=\"blog-categories minor-meta\"><a href=\"https:\/\/rechtsanwalt.fr\/fr\/category\/news-archive\/news-archive-2024\/news-archive-2024-droit-social\/\" rel=\"tag\">Droit social<\/a><\/span><h2 class='post-title entry-title '  itemprop=\"headline\" ><a href=\"https:\/\/rechtsanwalt.fr\/fr\/interdiction-d-utiliser-le-telephone-portable-au-travail-en-allemagne\/\" rel=\"bookmark\" title=\"Lien permanent : L\u2019interdiction d\u2019utiliser le t\u00e9l\u00e9phone portable au travail en Allemagne\">L\u2019interdiction d\u2019utiliser le t\u00e9l\u00e9phone portable au travail en Allemagne<span class=\"post-format-icon minor-meta\"><\/span><\/a><\/h2><\/div><\/header><span class=\"post-meta-infos\"><time class=\"date-container minor-meta updated\"  itemprop=\"datePublished\" datetime=\"2024-07-05T12:25:55+02:00\" >5 juillet 2024<\/time><div class=\"read-more-link\"><a href=\"https:\/\/rechtsanwalt.fr\/fr\/interdiction-d-utiliser-le-telephone-portable-au-travail-en-allemagne\/\" class=\"more-link\">Lire la suite<span class='more-link-arrow avia-svg-icon avia-font-svg_entypo-fontello' data-av_svg_icon='right-open-big' data-av_iconset='svg_entypo-fontello'><svg version=\"1.1\" xmlns=\"http:\/\/www.w3.org\/2000\/svg\" width=\"15\" height=\"32\" viewBox=\"0 0 15 32\" preserveAspectRatio=\"xMidYMid meet\" role=\"graphics-symbol\" aria-hidden=\"true\">\n<path d=\"M0.416 27.84l11.456-11.84-11.456-11.904q-0.832-0.832 0-1.536 0.832-0.832 1.536 0l12.544 12.608q0.768 0.832 0 1.6l-12.544 12.608q-0.704 0.832-1.536 0-0.832-0.704 0-1.536z\"><\/path>\n<\/svg><\/span><\/a><\/div><\/span><footer class=\"entry-footer\"><\/footer><div class='post_delimiter'><\/div><\/div><div class=\"post_author_timeline\"><\/div><span class='hidden'>\n\t\t\t\t<span class='av-structured-data'  itemprop=\"image\" itemscope=\"itemscope\" itemtype=\"https:\/\/schema.org\/ImageObject\" >\n\t\t\t\t\t\t<span itemprop='url'>https:\/\/rechtsanwalt.fr\/wp-content\/uploads\/2024\/05\/logo_header_fr_web.epp_.svg<\/span>\n\t\t\t\t\t\t<span itemprop='height'>0<\/span>\n\t\t\t\t\t\t<span itemprop='width'>0<\/span>\n\t\t\t\t<\/span>\n\t\t\t\t<span class='av-structured-data'  itemprop=\"publisher\" itemtype=\"https:\/\/schema.org\/Organization\" itemscope=\"itemscope\" >\n\t\t\t\t\t\t<span itemprop='name'>Katja Pauckner<\/span>\n\t\t\t\t\t\t<span itemprop='logo' itemscope itemtype='https:\/\/schema.org\/ImageObject'>\n\t\t\t\t\t\t\t<span itemprop='url'>https:\/\/rechtsanwalt.fr\/wp-content\/uploads\/2024\/05\/logo_header_fr_web.epp_.svg<\/span>\n\t\t\t\t\t\t<\/span>\n\t\t\t\t<\/span><span class='av-structured-data'  itemprop=\"author\" itemscope=\"itemscope\" itemtype=\"https:\/\/schema.org\/Person\" ><span itemprop='name'>Katja Pauckner<\/span><\/span><span class='av-structured-data'  itemprop=\"datePublished\" datetime=\"2024-07-05T12:25:55+02:00\" >2024-07-05 12:25:55<\/span><span class='av-structured-data'  itemprop=\"dateModified\" itemtype=\"https:\/\/schema.org\/dateModified\" >2026-03-30 17:34:10<\/span><span class='av-structured-data'  itemprop=\"mainEntityOfPage\" itemtype=\"https:\/\/schema.org\/mainEntityOfPage\" ><span itemprop='name'>L\u2019interdiction d\u2019utiliser le t\u00e9l\u00e9phone portable au travail en Allemagne<\/span><\/span><\/span><\/article><article class=\"post-entry post-entry-type-standard post-entry-33690 post-loop-10 post-parity-even bloglist-simple  post-33690 post type-post status-publish format-standard hentry category-news-archive-2024-droit-social\"  itemscope=\"itemscope\" itemtype=\"https:\/\/schema.org\/BlogPosting\" ><div class=\"blog-meta\"><\/div><div class='entry-content-wrapper clearfix standard-content'><header class=\"entry-content-header\" aria-label=\"Articles : Droit du travail en Allemagne : prime en cas de retard dans la fixation des objectifs par l&#039;employeur\"><div class=\"av-heading-wrapper\"><span class=\"blog-categories minor-meta\"><a href=\"https:\/\/rechtsanwalt.fr\/fr\/category\/news-archive\/news-archive-2024\/news-archive-2024-droit-social\/\" rel=\"tag\">Droit social<\/a><\/span><h2 class='post-title entry-title '  itemprop=\"headline\" ><a href=\"https:\/\/rechtsanwalt.fr\/fr\/droit-du-travail-en-allemagne-prime-en-cas-de-retard-dans-la-fixation-des-objectifs-par-lemployeur\/\" rel=\"bookmark\" title=\"Lien permanent : Droit du travail en Allemagne : prime en cas de retard dans la fixation des objectifs par l&#039;employeur\">Droit du travail en Allemagne : prime en cas de retard dans la fixation des objectifs par l'employeur<span class=\"post-format-icon minor-meta\"><\/span><\/a><\/h2><\/div><\/header><span class=\"post-meta-infos\"><time class=\"date-container minor-meta updated\"  itemprop=\"datePublished\" datetime=\"2024-05-20T09:00:00+02:00\" >20 mai 2024<\/time><div class=\"read-more-link\"><a href=\"https:\/\/rechtsanwalt.fr\/fr\/droit-du-travail-en-allemagne-prime-en-cas-de-retard-dans-la-fixation-des-objectifs-par-lemployeur\/\" class=\"more-link\">Lire la suite<span class='more-link-arrow avia-svg-icon avia-font-svg_entypo-fontello' data-av_svg_icon='right-open-big' data-av_iconset='svg_entypo-fontello'><svg version=\"1.1\" xmlns=\"http:\/\/www.w3.org\/2000\/svg\" width=\"15\" height=\"32\" viewBox=\"0 0 15 32\" preserveAspectRatio=\"xMidYMid meet\" role=\"graphics-symbol\" aria-hidden=\"true\">\n<path d=\"M0.416 27.84l11.456-11.84-11.456-11.904q-0.832-0.832 0-1.536 0.832-0.832 1.536 0l12.544 12.608q0.768 0.832 0 1.6l-12.544 12.608q-0.704 0.832-1.536 0-0.832-0.704 0-1.536z\"><\/path>\n<\/svg><\/span><\/a><\/div><\/span><footer class=\"entry-footer\"><\/footer><div class='post_delimiter'><\/div><\/div><div class=\"post_author_timeline\"><\/div><span class='hidden'>\n\t\t\t\t<span class='av-structured-data'  itemprop=\"image\" itemscope=\"itemscope\" itemtype=\"https:\/\/schema.org\/ImageObject\" >\n\t\t\t\t\t\t<span itemprop='url'>https:\/\/rechtsanwalt.fr\/wp-content\/uploads\/2024\/05\/logo_header_fr_web.epp_.svg<\/span>\n\t\t\t\t\t\t<span itemprop='height'>0<\/span>\n\t\t\t\t\t\t<span itemprop='width'>0<\/span>\n\t\t\t\t<\/span>\n\t\t\t\t<span class='av-structured-data'  itemprop=\"publisher\" itemtype=\"https:\/\/schema.org\/Organization\" itemscope=\"itemscope\" >\n\t\t\t\t\t\t<span itemprop='name'>Nils Devos<\/span>\n\t\t\t\t\t\t<span itemprop='logo' itemscope itemtype='https:\/\/schema.org\/ImageObject'>\n\t\t\t\t\t\t\t<span itemprop='url'>https:\/\/rechtsanwalt.fr\/wp-content\/uploads\/2024\/05\/logo_header_fr_web.epp_.svg<\/span>\n\t\t\t\t\t\t<\/span>\n\t\t\t\t<\/span><span class='av-structured-data'  itemprop=\"author\" itemscope=\"itemscope\" itemtype=\"https:\/\/schema.org\/Person\" ><span itemprop='name'>Nils Devos<\/span><\/span><span class='av-structured-data'  itemprop=\"datePublished\" datetime=\"2024-05-20T09:00:00+02:00\" >2024-05-20 09:00:00<\/span><span class='av-structured-data'  itemprop=\"dateModified\" itemtype=\"https:\/\/schema.org\/dateModified\" >2026-03-30 17:34:47<\/span><span class='av-structured-data'  itemprop=\"mainEntityOfPage\" itemtype=\"https:\/\/schema.org\/mainEntityOfPage\" ><span itemprop='name'>Droit du travail en Allemagne : prime en cas de retard dans la fixation des objectifs par l'employeur<\/span><\/span><\/span><\/article><article class=\"post-entry post-entry-type-standard post-entry-33685 post-loop-11 post-parity-odd bloglist-simple  post-33685 post type-post status-publish format-standard hentry category-news-archive-2024-droit-social\"  itemscope=\"itemscope\" itemtype=\"https:\/\/schema.org\/BlogPosting\" ><div class=\"blog-meta\"><\/div><div class='entry-content-wrapper clearfix standard-content'><header class=\"entry-content-header\" aria-label=\"Articles : Droit du travail en Allemagne : des coll\u00e8gues ou des clients peuvent-ils exiger le licenciement d&#039;un employ\u00e9\u00a0?\"><div class=\"av-heading-wrapper\"><span class=\"blog-categories minor-meta\"><a href=\"https:\/\/rechtsanwalt.fr\/fr\/category\/news-archive\/news-archive-2024\/news-archive-2024-droit-social\/\" rel=\"tag\">Droit social<\/a><\/span><h2 class='post-title entry-title '  itemprop=\"headline\" ><a href=\"https:\/\/rechtsanwalt.fr\/fr\/droit-du-travail-en-allemagne-des-collegues-ou-des-clients-peuvent-ils-exiger-le-licenciement-dun-employe\/\" rel=\"bookmark\" title=\"Lien permanent : Droit du travail en Allemagne : des coll\u00e8gues ou des clients peuvent-ils exiger le licenciement d&#039;un employ\u00e9\u00a0?\">Droit du travail en Allemagne : des coll\u00e8gues ou des clients peuvent-ils exiger le licenciement d'un employ\u00e9\u00a0?<span class=\"post-format-icon minor-meta\"><\/span><\/a><\/h2><\/div><\/header><span class=\"post-meta-infos\"><time class=\"date-container minor-meta updated\"  itemprop=\"datePublished\" datetime=\"2024-05-17T11:25:40+02:00\" >17 mai 2024<\/time><div class=\"read-more-link\"><a href=\"https:\/\/rechtsanwalt.fr\/fr\/droit-du-travail-en-allemagne-des-collegues-ou-des-clients-peuvent-ils-exiger-le-licenciement-dun-employe\/\" class=\"more-link\">Lire la suite<span class='more-link-arrow avia-svg-icon avia-font-svg_entypo-fontello' data-av_svg_icon='right-open-big' data-av_iconset='svg_entypo-fontello'><svg version=\"1.1\" xmlns=\"http:\/\/www.w3.org\/2000\/svg\" width=\"15\" height=\"32\" viewBox=\"0 0 15 32\" preserveAspectRatio=\"xMidYMid meet\" role=\"graphics-symbol\" aria-hidden=\"true\">\n<path d=\"M0.416 27.84l11.456-11.84-11.456-11.904q-0.832-0.832 0-1.536 0.832-0.832 1.536 0l12.544 12.608q0.768 0.832 0 1.6l-12.544 12.608q-0.704 0.832-1.536 0-0.832-0.704 0-1.536z\"><\/path>\n<\/svg><\/span><\/a><\/div><\/span><footer class=\"entry-footer\"><\/footer><div class='post_delimiter'><\/div><\/div><div class=\"post_author_timeline\"><\/div><span class='hidden'>\n\t\t\t\t<span class='av-structured-data'  itemprop=\"image\" itemscope=\"itemscope\" itemtype=\"https:\/\/schema.org\/ImageObject\" >\n\t\t\t\t\t\t<span itemprop='url'>https:\/\/rechtsanwalt.fr\/wp-content\/uploads\/2024\/05\/logo_header_fr_web.epp_.svg<\/span>\n\t\t\t\t\t\t<span itemprop='height'>0<\/span>\n\t\t\t\t\t\t<span itemprop='width'>0<\/span>\n\t\t\t\t<\/span>\n\t\t\t\t<span class='av-structured-data'  itemprop=\"publisher\" itemtype=\"https:\/\/schema.org\/Organization\" itemscope=\"itemscope\" >\n\t\t\t\t\t\t<span itemprop='name'>Nils Devos<\/span>\n\t\t\t\t\t\t<span itemprop='logo' itemscope itemtype='https:\/\/schema.org\/ImageObject'>\n\t\t\t\t\t\t\t<span itemprop='url'>https:\/\/rechtsanwalt.fr\/wp-content\/uploads\/2024\/05\/logo_header_fr_web.epp_.svg<\/span>\n\t\t\t\t\t\t<\/span>\n\t\t\t\t<\/span><span class='av-structured-data'  itemprop=\"author\" itemscope=\"itemscope\" itemtype=\"https:\/\/schema.org\/Person\" ><span itemprop='name'>Nils Devos<\/span><\/span><span class='av-structured-data'  itemprop=\"datePublished\" datetime=\"2024-05-17T11:25:40+02:00\" >2024-05-17 11:25:40<\/span><span class='av-structured-data'  itemprop=\"dateModified\" itemtype=\"https:\/\/schema.org\/dateModified\" >2026-03-30 17:45:57<\/span><span class='av-structured-data'  itemprop=\"mainEntityOfPage\" itemtype=\"https:\/\/schema.org\/mainEntityOfPage\" ><span itemprop='name'>Droit du travail en Allemagne : des coll\u00e8gues ou des clients peuvent-ils exiger le licenciement d'un employ\u00e9\u00a0?<\/span><\/span><\/span><\/article><article class=\"post-entry post-entry-type-standard post-entry-33519 post-loop-12 post-parity-even bloglist-simple  post-33519 post type-post status-publish format-standard hentry category-news-archive-2024-droit-social\"  itemscope=\"itemscope\" itemtype=\"https:\/\/schema.org\/BlogPosting\" ><div class=\"blog-meta\"><\/div><div class='entry-content-wrapper clearfix standard-content'><header class=\"entry-content-header\" aria-label=\"Articles : Droit du travail en Allemagne : forme du certificat de travail \u00e0 la fin d&#039;une relation de travail\"><div class=\"av-heading-wrapper\"><span class=\"blog-categories minor-meta\"><a href=\"https:\/\/rechtsanwalt.fr\/fr\/category\/news-archive\/news-archive-2024\/news-archive-2024-droit-social\/\" rel=\"tag\">Droit social<\/a><\/span><h2 class='post-title entry-title '  itemprop=\"headline\" ><a href=\"https:\/\/rechtsanwalt.fr\/fr\/droit-du-travail-en-allemagne-forme-du-certificat-de-travail-arbeitszeugnis-a-la-fin-dune-relation-de-travail\/\" rel=\"bookmark\" title=\"Lien permanent : Droit du travail en Allemagne : forme du certificat de travail \u00e0 la fin d&#039;une relation de travail\">Droit du travail en Allemagne : forme du certificat de travail \u00e0 la fin d'une relation de travail<span class=\"post-format-icon minor-meta\"><\/span><\/a><\/h2><\/div><\/header><span class=\"post-meta-infos\"><time class=\"date-container minor-meta updated\"  itemprop=\"datePublished\" datetime=\"2024-05-15T09:00:00+02:00\" >15 mai 2024<\/time><div class=\"read-more-link\"><a href=\"https:\/\/rechtsanwalt.fr\/fr\/droit-du-travail-en-allemagne-forme-du-certificat-de-travail-arbeitszeugnis-a-la-fin-dune-relation-de-travail\/\" class=\"more-link\">Lire la suite<span class='more-link-arrow avia-svg-icon avia-font-svg_entypo-fontello' data-av_svg_icon='right-open-big' data-av_iconset='svg_entypo-fontello'><svg version=\"1.1\" xmlns=\"http:\/\/www.w3.org\/2000\/svg\" width=\"15\" height=\"32\" viewBox=\"0 0 15 32\" preserveAspectRatio=\"xMidYMid meet\" role=\"graphics-symbol\" aria-hidden=\"true\">\n<path d=\"M0.416 27.84l11.456-11.84-11.456-11.904q-0.832-0.832 0-1.536 0.832-0.832 1.536 0l12.544 12.608q0.768 0.832 0 1.6l-12.544 12.608q-0.704 0.832-1.536 0-0.832-0.704 0-1.536z\"><\/path>\n<\/svg><\/span><\/a><\/div><\/span><footer class=\"entry-footer\"><\/footer><div class='post_delimiter'><\/div><\/div><div class=\"post_author_timeline\"><\/div><span class='hidden'>\n\t\t\t\t<span class='av-structured-data'  itemprop=\"image\" itemscope=\"itemscope\" itemtype=\"https:\/\/schema.org\/ImageObject\" >\n\t\t\t\t\t\t<span itemprop='url'>https:\/\/rechtsanwalt.fr\/wp-content\/uploads\/2024\/05\/logo_header_fr_web.epp_.svg<\/span>\n\t\t\t\t\t\t<span itemprop='height'>0<\/span>\n\t\t\t\t\t\t<span itemprop='width'>0<\/span>\n\t\t\t\t<\/span>\n\t\t\t\t<span class='av-structured-data'  itemprop=\"publisher\" itemtype=\"https:\/\/schema.org\/Organization\" itemscope=\"itemscope\" >\n\t\t\t\t\t\t<span itemprop='name'>Nils Devos<\/span>\n\t\t\t\t\t\t<span itemprop='logo' itemscope itemtype='https:\/\/schema.org\/ImageObject'>\n\t\t\t\t\t\t\t<span itemprop='url'>https:\/\/rechtsanwalt.fr\/wp-content\/uploads\/2024\/05\/logo_header_fr_web.epp_.svg<\/span>\n\t\t\t\t\t\t<\/span>\n\t\t\t\t<\/span><span class='av-structured-data'  itemprop=\"author\" itemscope=\"itemscope\" itemtype=\"https:\/\/schema.org\/Person\" ><span itemprop='name'>Nils Devos<\/span><\/span><span class='av-structured-data'  itemprop=\"datePublished\" datetime=\"2024-05-15T09:00:00+02:00\" >2024-05-15 09:00:00<\/span><span class='av-structured-data'  itemprop=\"dateModified\" itemtype=\"https:\/\/schema.org\/dateModified\" >2026-03-30 17:39:43<\/span><span class='av-structured-data'  itemprop=\"mainEntityOfPage\" itemtype=\"https:\/\/schema.org\/mainEntityOfPage\" ><span itemprop='name'>Droit du travail en Allemagne : forme du certificat de travail \u00e0 la fin d'une relation de travail<\/span><\/span><\/span><\/article><article class=\"post-entry post-entry-type-standard post-entry-33514 post-loop-13 post-parity-odd bloglist-simple  post-33514 post type-post status-publish format-standard hentry category-news-archive-2024-droit-social\"  itemscope=\"itemscope\" itemtype=\"https:\/\/schema.org\/BlogPosting\" ><div class=\"blog-meta\"><\/div><div class='entry-content-wrapper clearfix standard-content'><header class=\"entry-content-header\" aria-label=\"Articles : L\u00e9galisation du cannabis en Allemagne \u2013 la question des drogues sur le lieu du travail\"><div class=\"av-heading-wrapper\"><span class=\"blog-categories minor-meta\"><a href=\"https:\/\/rechtsanwalt.fr\/fr\/category\/news-archive\/news-archive-2024\/news-archive-2024-droit-social\/\" rel=\"tag\">Droit social<\/a><\/span><h2 class='post-title entry-title '  itemprop=\"headline\" ><a href=\"https:\/\/rechtsanwalt.fr\/fr\/legalisation-du-cannabis-en-allemagne-la-question-des-drogues-sur-le-lieu-du-travail\/\" rel=\"bookmark\" title=\"Lien permanent : L\u00e9galisation du cannabis en Allemagne \u2013 la question des drogues sur le lieu du travail\">L\u00e9galisation du cannabis en Allemagne \u2013 la question des drogues sur le lieu du travail<span class=\"post-format-icon minor-meta\"><\/span><\/a><\/h2><\/div><\/header><span class=\"post-meta-infos\"><time class=\"date-container minor-meta updated\"  itemprop=\"datePublished\" datetime=\"2024-05-14T09:00:00+02:00\" >14 mai 2024<\/time><div class=\"read-more-link\"><a href=\"https:\/\/rechtsanwalt.fr\/fr\/legalisation-du-cannabis-en-allemagne-la-question-des-drogues-sur-le-lieu-du-travail\/\" class=\"more-link\">Lire la suite<span class='more-link-arrow avia-svg-icon avia-font-svg_entypo-fontello' data-av_svg_icon='right-open-big' data-av_iconset='svg_entypo-fontello'><svg version=\"1.1\" xmlns=\"http:\/\/www.w3.org\/2000\/svg\" width=\"15\" height=\"32\" viewBox=\"0 0 15 32\" preserveAspectRatio=\"xMidYMid meet\" role=\"graphics-symbol\" aria-hidden=\"true\">\n<path d=\"M0.416 27.84l11.456-11.84-11.456-11.904q-0.832-0.832 0-1.536 0.832-0.832 1.536 0l12.544 12.608q0.768 0.832 0 1.6l-12.544 12.608q-0.704 0.832-1.536 0-0.832-0.704 0-1.536z\"><\/path>\n<\/svg><\/span><\/a><\/div><\/span><footer class=\"entry-footer\"><\/footer><div class='post_delimiter'><\/div><\/div><div class=\"post_author_timeline\"><\/div><span class='hidden'>\n\t\t\t\t<span class='av-structured-data'  itemprop=\"image\" itemscope=\"itemscope\" itemtype=\"https:\/\/schema.org\/ImageObject\" >\n\t\t\t\t\t\t<span itemprop='url'>https:\/\/rechtsanwalt.fr\/wp-content\/uploads\/2024\/05\/logo_header_fr_web.epp_.svg<\/span>\n\t\t\t\t\t\t<span itemprop='height'>0<\/span>\n\t\t\t\t\t\t<span itemprop='width'>0<\/span>\n\t\t\t\t<\/span>\n\t\t\t\t<span class='av-structured-data'  itemprop=\"publisher\" itemtype=\"https:\/\/schema.org\/Organization\" itemscope=\"itemscope\" >\n\t\t\t\t\t\t<span itemprop='name'>Nils Devos<\/span>\n\t\t\t\t\t\t<span itemprop='logo' itemscope itemtype='https:\/\/schema.org\/ImageObject'>\n\t\t\t\t\t\t\t<span itemprop='url'>https:\/\/rechtsanwalt.fr\/wp-content\/uploads\/2024\/05\/logo_header_fr_web.epp_.svg<\/span>\n\t\t\t\t\t\t<\/span>\n\t\t\t\t<\/span><span class='av-structured-data'  itemprop=\"author\" itemscope=\"itemscope\" itemtype=\"https:\/\/schema.org\/Person\" ><span itemprop='name'>Nils Devos<\/span><\/span><span class='av-structured-data'  itemprop=\"datePublished\" datetime=\"2024-05-14T09:00:00+02:00\" >2024-05-14 09:00:00<\/span><span class='av-structured-data'  itemprop=\"dateModified\" itemtype=\"https:\/\/schema.org\/dateModified\" >2026-03-30 17:40:24<\/span><span class='av-structured-data'  itemprop=\"mainEntityOfPage\" itemtype=\"https:\/\/schema.org\/mainEntityOfPage\" ><span itemprop='name'>L\u00e9galisation du cannabis en Allemagne \u2013 la question des drogues sur le lieu du travail<\/span><\/span><\/span><\/article><article class=\"post-entry post-entry-type-standard post-entry-33507 post-loop-14 post-parity-even bloglist-simple  post-33507 post type-post status-publish format-standard hentry category-news-archive-2024-droit-social\"  itemscope=\"itemscope\" itemtype=\"https:\/\/schema.org\/BlogPosting\" ><div class=\"blog-meta\"><\/div><div class='entry-content-wrapper clearfix standard-content'><header class=\"entry-content-header\" aria-label=\"Articles : CSE (\u00ab Betriebsrat \u00bb) en Allemagne : cod\u00e9cision lors de l&#039;introduction de l&#039;intelligence artificielle dans l&#039;entreprise\"><div class=\"av-heading-wrapper\"><span class=\"blog-categories minor-meta\"><a href=\"https:\/\/rechtsanwalt.fr\/fr\/category\/news-archive\/news-archive-2024\/news-archive-2024-droit-social\/\" rel=\"tag\">Droit social<\/a><\/span><h2 class='post-title entry-title '  itemprop=\"headline\" ><a href=\"https:\/\/rechtsanwalt.fr\/fr\/cse-betriebsrat-en-allemagne-codecision-lors-de-lintroduction-de-lintelligence-artificielle-dans-lentreprise\/\" rel=\"bookmark\" title=\"Lien permanent : CSE (\u00ab Betriebsrat \u00bb) en Allemagne : cod\u00e9cision lors de l&#039;introduction de l&#039;intelligence artificielle dans l&#039;entreprise\">CSE (\u00ab Betriebsrat \u00bb) en Allemagne : cod\u00e9cision lors de l'introduction de l'intelligence artificielle dans l'entreprise<span class=\"post-format-icon minor-meta\"><\/span><\/a><\/h2><\/div><\/header><span class=\"post-meta-infos\"><time class=\"date-container minor-meta updated\"  itemprop=\"datePublished\" datetime=\"2024-05-13T09:00:00+02:00\" >13 mai 2024<\/time><div class=\"read-more-link\"><a href=\"https:\/\/rechtsanwalt.fr\/fr\/cse-betriebsrat-en-allemagne-codecision-lors-de-lintroduction-de-lintelligence-artificielle-dans-lentreprise\/\" class=\"more-link\">Lire la suite<span class='more-link-arrow avia-svg-icon avia-font-svg_entypo-fontello' data-av_svg_icon='right-open-big' data-av_iconset='svg_entypo-fontello'><svg version=\"1.1\" xmlns=\"http:\/\/www.w3.org\/2000\/svg\" width=\"15\" height=\"32\" viewBox=\"0 0 15 32\" preserveAspectRatio=\"xMidYMid meet\" role=\"graphics-symbol\" aria-hidden=\"true\">\n<path d=\"M0.416 27.84l11.456-11.84-11.456-11.904q-0.832-0.832 0-1.536 0.832-0.832 1.536 0l12.544 12.608q0.768 0.832 0 1.6l-12.544 12.608q-0.704 0.832-1.536 0-0.832-0.704 0-1.536z\"><\/path>\n<\/svg><\/span><\/a><\/div><\/span><footer class=\"entry-footer\"><\/footer><div class='post_delimiter'><\/div><\/div><div class=\"post_author_timeline\"><\/div><span class='hidden'>\n\t\t\t\t<span class='av-structured-data'  itemprop=\"image\" itemscope=\"itemscope\" itemtype=\"https:\/\/schema.org\/ImageObject\" >\n\t\t\t\t\t\t<span itemprop='url'>https:\/\/rechtsanwalt.fr\/wp-content\/uploads\/2024\/05\/logo_header_fr_web.epp_.svg<\/span>\n\t\t\t\t\t\t<span itemprop='height'>0<\/span>\n\t\t\t\t\t\t<span itemprop='width'>0<\/span>\n\t\t\t\t<\/span>\n\t\t\t\t<span class='av-structured-data'  itemprop=\"publisher\" itemtype=\"https:\/\/schema.org\/Organization\" itemscope=\"itemscope\" >\n\t\t\t\t\t\t<span itemprop='name'>Nils Devos<\/span>\n\t\t\t\t\t\t<span itemprop='logo' itemscope itemtype='https:\/\/schema.org\/ImageObject'>\n\t\t\t\t\t\t\t<span itemprop='url'>https:\/\/rechtsanwalt.fr\/wp-content\/uploads\/2024\/05\/logo_header_fr_web.epp_.svg<\/span>\n\t\t\t\t\t\t<\/span>\n\t\t\t\t<\/span><span class='av-structured-data'  itemprop=\"author\" itemscope=\"itemscope\" itemtype=\"https:\/\/schema.org\/Person\" ><span itemprop='name'>Nils Devos<\/span><\/span><span class='av-structured-data'  itemprop=\"datePublished\" datetime=\"2024-05-13T09:00:00+02:00\" >2024-05-13 09:00:00<\/span><span class='av-structured-data'  itemprop=\"dateModified\" itemtype=\"https:\/\/schema.org\/dateModified\" >2026-03-30 17:41:12<\/span><span class='av-structured-data'  itemprop=\"mainEntityOfPage\" itemtype=\"https:\/\/schema.org\/mainEntityOfPage\" ><span itemprop='name'>CSE (\u00ab Betriebsrat \u00bb) en Allemagne : cod\u00e9cision lors de l'introduction de l'intelligence artificielle dans l'entreprise<\/span><\/span><\/span><\/article><article class=\"post-entry post-entry-type-standard post-entry-33503 post-loop-15 post-parity-odd bloglist-simple  post-33503 post type-post status-publish format-standard hentry category-news-archive-2024-droit-social\"  itemscope=\"itemscope\" itemtype=\"https:\/\/schema.org\/BlogPosting\" ><div class=\"blog-meta\"><\/div><div class='entry-content-wrapper clearfix standard-content'><header class=\"entry-content-header\" aria-label=\"Articles : Droit du travail en Allemagne : droit aux cong\u00e9s apr\u00e8s un licenciement sans pr\u00e9avis injustifi\u00e9\"><div class=\"av-heading-wrapper\"><span class=\"blog-categories minor-meta\"><a href=\"https:\/\/rechtsanwalt.fr\/fr\/category\/news-archive\/news-archive-2024\/news-archive-2024-droit-social\/\" rel=\"tag\">Droit social<\/a><\/span><h2 class='post-title entry-title '  itemprop=\"headline\" ><a href=\"https:\/\/rechtsanwalt.fr\/fr\/droit-du-travail-en-allemagne-droit-aux-conges-apres-un-licenciement-sans-preavis-injustifie\/\" rel=\"bookmark\" title=\"Lien permanent : Droit du travail en Allemagne : droit aux cong\u00e9s apr\u00e8s un licenciement sans pr\u00e9avis injustifi\u00e9\">Droit du travail en Allemagne : droit aux cong\u00e9s apr\u00e8s un licenciement sans pr\u00e9avis injustifi\u00e9<span class=\"post-format-icon minor-meta\"><\/span><\/a><\/h2><\/div><\/header><span class=\"post-meta-infos\"><time class=\"date-container minor-meta updated\"  itemprop=\"datePublished\" datetime=\"2024-05-10T12:39:12+02:00\" >10 mai 2024<\/time><div class=\"read-more-link\"><a href=\"https:\/\/rechtsanwalt.fr\/fr\/droit-du-travail-en-allemagne-droit-aux-conges-apres-un-licenciement-sans-preavis-injustifie\/\" class=\"more-link\">Lire la suite<span class='more-link-arrow avia-svg-icon avia-font-svg_entypo-fontello' data-av_svg_icon='right-open-big' data-av_iconset='svg_entypo-fontello'><svg version=\"1.1\" xmlns=\"http:\/\/www.w3.org\/2000\/svg\" width=\"15\" height=\"32\" viewBox=\"0 0 15 32\" preserveAspectRatio=\"xMidYMid meet\" role=\"graphics-symbol\" aria-hidden=\"true\">\n<path d=\"M0.416 27.84l11.456-11.84-11.456-11.904q-0.832-0.832 0-1.536 0.832-0.832 1.536 0l12.544 12.608q0.768 0.832 0 1.6l-12.544 12.608q-0.704 0.832-1.536 0-0.832-0.704 0-1.536z\"><\/path>\n<\/svg><\/span><\/a><\/div><\/span><footer class=\"entry-footer\"><\/footer><div class='post_delimiter'><\/div><\/div><div class=\"post_author_timeline\"><\/div><span class='hidden'>\n\t\t\t\t<span class='av-structured-data'  itemprop=\"image\" itemscope=\"itemscope\" itemtype=\"https:\/\/schema.org\/ImageObject\" >\n\t\t\t\t\t\t<span itemprop='url'>https:\/\/rechtsanwalt.fr\/wp-content\/uploads\/2024\/05\/logo_header_fr_web.epp_.svg<\/span>\n\t\t\t\t\t\t<span itemprop='height'>0<\/span>\n\t\t\t\t\t\t<span itemprop='width'>0<\/span>\n\t\t\t\t<\/span>\n\t\t\t\t<span class='av-structured-data'  itemprop=\"publisher\" itemtype=\"https:\/\/schema.org\/Organization\" itemscope=\"itemscope\" >\n\t\t\t\t\t\t<span itemprop='name'>Nils Devos<\/span>\n\t\t\t\t\t\t<span itemprop='logo' itemscope itemtype='https:\/\/schema.org\/ImageObject'>\n\t\t\t\t\t\t\t<span itemprop='url'>https:\/\/rechtsanwalt.fr\/wp-content\/uploads\/2024\/05\/logo_header_fr_web.epp_.svg<\/span>\n\t\t\t\t\t\t<\/span>\n\t\t\t\t<\/span><span class='av-structured-data'  itemprop=\"author\" itemscope=\"itemscope\" itemtype=\"https:\/\/schema.org\/Person\" ><span itemprop='name'>Nils Devos<\/span><\/span><span class='av-structured-data'  itemprop=\"datePublished\" datetime=\"2024-05-10T12:39:12+02:00\" >2024-05-10 12:39:12<\/span><span class='av-structured-data'  itemprop=\"dateModified\" itemtype=\"https:\/\/schema.org\/dateModified\" >2026-03-30 17:41:44<\/span><span class='av-structured-data'  itemprop=\"mainEntityOfPage\" itemtype=\"https:\/\/schema.org\/mainEntityOfPage\" ><span itemprop='name'>Droit du travail en Allemagne : droit aux cong\u00e9s apr\u00e8s un licenciement sans pr\u00e9avis injustifi\u00e9<\/span><\/span><\/span><\/article><article class=\"post-entry post-entry-type-standard post-entry-33306 post-loop-16 post-parity-even bloglist-simple  post-33306 post type-post status-publish format-standard hentry category-news-archive-2024-droit-social\"  itemscope=\"itemscope\" itemtype=\"https:\/\/schema.org\/BlogPosting\" ><div class=\"blog-meta\"><\/div><div class='entry-content-wrapper clearfix standard-content'><header class=\"entry-content-header\" aria-label=\"Articles : Signature obligatoire : L\u2019Allemagne modernise le formalisme d\u00e9pass\u00e9 des contrats de travail\"><div class=\"av-heading-wrapper\"><span class=\"blog-categories minor-meta\"><a href=\"https:\/\/rechtsanwalt.fr\/fr\/category\/news-archive\/news-archive-2024\/news-archive-2024-droit-social\/\" rel=\"tag\">Droit social<\/a><\/span><h2 class='post-title entry-title '  itemprop=\"headline\" ><a href=\"https:\/\/rechtsanwalt.fr\/fr\/signature-obligatoire-lallemagne-modernise-le-formalisme-depasse-des-contrats-de-travail\/\" rel=\"bookmark\" title=\"Lien permanent : Signature obligatoire : L\u2019Allemagne modernise le formalisme d\u00e9pass\u00e9 des contrats de travail\">Signature obligatoire : L\u2019Allemagne modernise le formalisme d\u00e9pass\u00e9 des contrats de travail<span class=\"post-format-icon minor-meta\"><\/span><\/a><\/h2><\/div><\/header><span class=\"post-meta-infos\"><time class=\"date-container minor-meta updated\"  itemprop=\"datePublished\" datetime=\"2024-04-30T12:23:31+02:00\" >30 avril 2024<\/time><div class=\"read-more-link\"><a href=\"https:\/\/rechtsanwalt.fr\/fr\/signature-obligatoire-lallemagne-modernise-le-formalisme-depasse-des-contrats-de-travail\/\" class=\"more-link\">Lire la suite<span class='more-link-arrow avia-svg-icon avia-font-svg_entypo-fontello' data-av_svg_icon='right-open-big' data-av_iconset='svg_entypo-fontello'><svg version=\"1.1\" xmlns=\"http:\/\/www.w3.org\/2000\/svg\" width=\"15\" height=\"32\" viewBox=\"0 0 15 32\" preserveAspectRatio=\"xMidYMid meet\" role=\"graphics-symbol\" aria-hidden=\"true\">\n<path d=\"M0.416 27.84l11.456-11.84-11.456-11.904q-0.832-0.832 0-1.536 0.832-0.832 1.536 0l12.544 12.608q0.768 0.832 0 1.6l-12.544 12.608q-0.704 0.832-1.536 0-0.832-0.704 0-1.536z\"><\/path>\n<\/svg><\/span><\/a><\/div><\/span><footer class=\"entry-footer\"><\/footer><div class='post_delimiter'><\/div><\/div><div class=\"post_author_timeline\"><\/div><span class='hidden'>\n\t\t\t\t<span class='av-structured-data'  itemprop=\"image\" itemscope=\"itemscope\" itemtype=\"https:\/\/schema.org\/ImageObject\" >\n\t\t\t\t\t\t<span itemprop='url'>https:\/\/rechtsanwalt.fr\/wp-content\/uploads\/2024\/05\/logo_header_fr_web.epp_.svg<\/span>\n\t\t\t\t\t\t<span itemprop='height'>0<\/span>\n\t\t\t\t\t\t<span itemprop='width'>0<\/span>\n\t\t\t\t<\/span>\n\t\t\t\t<span class='av-structured-data'  itemprop=\"publisher\" itemtype=\"https:\/\/schema.org\/Organization\" itemscope=\"itemscope\" >\n\t\t\t\t\t\t<span itemprop='name'>Nils Devos<\/span>\n\t\t\t\t\t\t<span itemprop='logo' itemscope itemtype='https:\/\/schema.org\/ImageObject'>\n\t\t\t\t\t\t\t<span itemprop='url'>https:\/\/rechtsanwalt.fr\/wp-content\/uploads\/2024\/05\/logo_header_fr_web.epp_.svg<\/span>\n\t\t\t\t\t\t<\/span>\n\t\t\t\t<\/span><span class='av-structured-data'  itemprop=\"author\" itemscope=\"itemscope\" itemtype=\"https:\/\/schema.org\/Person\" ><span itemprop='name'>Nils Devos<\/span><\/span><span class='av-structured-data'  itemprop=\"datePublished\" datetime=\"2024-04-30T12:23:31+02:00\" >2024-04-30 12:23:31<\/span><span class='av-structured-data'  itemprop=\"dateModified\" itemtype=\"https:\/\/schema.org\/dateModified\" >2026-03-30 17:42:28<\/span><span class='av-structured-data'  itemprop=\"mainEntityOfPage\" itemtype=\"https:\/\/schema.org\/mainEntityOfPage\" ><span itemprop='name'>Signature obligatoire : L\u2019Allemagne modernise le formalisme d\u00e9pass\u00e9 des contrats de travail<\/span><\/span><\/span><\/article><article class=\"post-entry post-entry-type-standard post-entry-33220 post-loop-17 post-parity-odd bloglist-simple  post-33220 post type-post status-publish format-standard hentry category-archive-2024-droit-fiscal\"  itemscope=\"itemscope\" itemtype=\"https:\/\/schema.org\/BlogPosting\" ><div class=\"blog-meta\"><\/div><div class='entry-content-wrapper clearfix standard-content'><header class=\"entry-content-header\" aria-label=\"Articles : Mesures fiscales issues de la Loi sur les opportunit\u00e9s de croissance (\u00ab\u00a0Wachstumschancengesetz\u00a0\u00bb)\"><div class=\"av-heading-wrapper\"><span class=\"blog-categories minor-meta\"><a href=\"https:\/\/rechtsanwalt.fr\/fr\/category\/news-archive\/news-archive-2024\/archive-2024-droit-fiscal\/\" rel=\"tag\">Droit fiscal<\/a><\/span><h2 class='post-title entry-title '  itemprop=\"headline\" ><a href=\"https:\/\/rechtsanwalt.fr\/fr\/loi-allemande-sur-les-opportunites-de-croissance-aspect-fiscal\/\" rel=\"bookmark\" title=\"Lien permanent : Mesures fiscales issues de la Loi sur les opportunit\u00e9s de croissance (\u00ab\u00a0Wachstumschancengesetz\u00a0\u00bb)\">Mesures fiscales issues de la Loi sur les opportunit\u00e9s de croissance (\u00ab\u00a0Wachstumschancengesetz\u00a0\u00bb)<span class=\"post-format-icon minor-meta\"><\/span><\/a><\/h2><\/div><\/header><span class=\"post-meta-infos\"><time class=\"date-container minor-meta updated\"  itemprop=\"datePublished\" datetime=\"2024-04-23T11:05:40+02:00\" >23 avril 2024<\/time><div class=\"read-more-link\"><a href=\"https:\/\/rechtsanwalt.fr\/fr\/loi-allemande-sur-les-opportunites-de-croissance-aspect-fiscal\/\" class=\"more-link\">Lire la suite<span class='more-link-arrow avia-svg-icon avia-font-svg_entypo-fontello' data-av_svg_icon='right-open-big' data-av_iconset='svg_entypo-fontello'><svg version=\"1.1\" xmlns=\"http:\/\/www.w3.org\/2000\/svg\" width=\"15\" height=\"32\" viewBox=\"0 0 15 32\" preserveAspectRatio=\"xMidYMid meet\" role=\"graphics-symbol\" aria-hidden=\"true\">\n<path d=\"M0.416 27.84l11.456-11.84-11.456-11.904q-0.832-0.832 0-1.536 0.832-0.832 1.536 0l12.544 12.608q0.768 0.832 0 1.6l-12.544 12.608q-0.704 0.832-1.536 0-0.832-0.704 0-1.536z\"><\/path>\n<\/svg><\/span><\/a><\/div><\/span><footer class=\"entry-footer\"><\/footer><div class='post_delimiter'><\/div><\/div><div class=\"post_author_timeline\"><\/div><span class='hidden'>\n\t\t\t\t<span class='av-structured-data'  itemprop=\"image\" itemscope=\"itemscope\" itemtype=\"https:\/\/schema.org\/ImageObject\" >\n\t\t\t\t\t\t<span itemprop='url'>https:\/\/rechtsanwalt.fr\/wp-content\/uploads\/2024\/05\/logo_header_fr_web.epp_.svg<\/span>\n\t\t\t\t\t\t<span itemprop='height'>0<\/span>\n\t\t\t\t\t\t<span itemprop='width'>0<\/span>\n\t\t\t\t<\/span>\n\t\t\t\t<span class='av-structured-data'  itemprop=\"publisher\" itemtype=\"https:\/\/schema.org\/Organization\" itemscope=\"itemscope\" >\n\t\t\t\t\t\t<span itemprop='name'>Nils Devos<\/span>\n\t\t\t\t\t\t<span itemprop='logo' itemscope itemtype='https:\/\/schema.org\/ImageObject'>\n\t\t\t\t\t\t\t<span itemprop='url'>https:\/\/rechtsanwalt.fr\/wp-content\/uploads\/2024\/05\/logo_header_fr_web.epp_.svg<\/span>\n\t\t\t\t\t\t<\/span>\n\t\t\t\t<\/span><span class='av-structured-data'  itemprop=\"author\" itemscope=\"itemscope\" itemtype=\"https:\/\/schema.org\/Person\" ><span itemprop='name'>Nils Devos<\/span><\/span><span class='av-structured-data'  itemprop=\"datePublished\" datetime=\"2024-04-23T11:05:40+02:00\" >2024-04-23 11:05:40<\/span><span class='av-structured-data'  itemprop=\"dateModified\" itemtype=\"https:\/\/schema.org\/dateModified\" >2026-03-30 17:48:15<\/span><span class='av-structured-data'  itemprop=\"mainEntityOfPage\" itemtype=\"https:\/\/schema.org\/mainEntityOfPage\" ><span itemprop='name'>Mesures fiscales issues de la Loi sur les opportunit\u00e9s de croissance (\u00ab\u00a0Wachstumschancengesetz\u00a0\u00bb)<\/span><\/span><\/span><\/article><article class=\"post-entry post-entry-type-standard post-entry-33152 post-loop-18 post-parity-even bloglist-simple  post-33152 post type-post status-publish format-standard hentry category-news-archive-2024-droit-des-societes\"  itemscope=\"itemscope\" itemtype=\"https:\/\/schema.org\/BlogPosting\" ><div class=\"blog-meta\"><\/div><div class='entry-content-wrapper clearfix standard-content'><header class=\"entry-content-header\" aria-label=\"Articles : Bilan et Commissaires aux comptes : Nouveaux seuils pour les entreprises en Allemagne\"><div class=\"av-heading-wrapper\"><span class=\"blog-categories minor-meta\"><a href=\"https:\/\/rechtsanwalt.fr\/fr\/category\/news-archive\/news-archive-2024\/news-archive-2024-droit-des-societes\/\" rel=\"tag\">Droit des soci\u00e9t\u00e9s<\/a><\/span><h2 class='post-title entry-title '  itemprop=\"headline\" ><a href=\"https:\/\/rechtsanwalt.fr\/fr\/bilan-et-commissaires-aux-comptes-nouveaux-seuils-pour-les-entreprises-en-allemagne\/\" rel=\"bookmark\" title=\"Lien permanent : Bilan et Commissaires aux comptes : Nouveaux seuils pour les entreprises en Allemagne\">Bilan et Commissaires aux comptes : Nouveaux seuils pour les entreprises en Allemagne<span class=\"post-format-icon minor-meta\"><\/span><\/a><\/h2><\/div><\/header><span class=\"post-meta-infos\"><time class=\"date-container minor-meta updated\"  itemprop=\"datePublished\" datetime=\"2024-04-17T16:19:35+02:00\" >17 avril 2024<\/time><div class=\"read-more-link\"><a href=\"https:\/\/rechtsanwalt.fr\/fr\/bilan-et-commissaires-aux-comptes-nouveaux-seuils-pour-les-entreprises-en-allemagne\/\" class=\"more-link\">Lire la suite<span class='more-link-arrow avia-svg-icon avia-font-svg_entypo-fontello' data-av_svg_icon='right-open-big' data-av_iconset='svg_entypo-fontello'><svg version=\"1.1\" xmlns=\"http:\/\/www.w3.org\/2000\/svg\" width=\"15\" height=\"32\" viewBox=\"0 0 15 32\" preserveAspectRatio=\"xMidYMid meet\" role=\"graphics-symbol\" aria-hidden=\"true\">\n<path d=\"M0.416 27.84l11.456-11.84-11.456-11.904q-0.832-0.832 0-1.536 0.832-0.832 1.536 0l12.544 12.608q0.768 0.832 0 1.6l-12.544 12.608q-0.704 0.832-1.536 0-0.832-0.704 0-1.536z\"><\/path>\n<\/svg><\/span><\/a><\/div><\/span><footer class=\"entry-footer\"><\/footer><div class='post_delimiter'><\/div><\/div><div class=\"post_author_timeline\"><\/div><span class='hidden'>\n\t\t\t\t<span class='av-structured-data'  itemprop=\"image\" itemscope=\"itemscope\" itemtype=\"https:\/\/schema.org\/ImageObject\" >\n\t\t\t\t\t\t<span itemprop='url'>https:\/\/rechtsanwalt.fr\/wp-content\/uploads\/2024\/05\/logo_header_fr_web.epp_.svg<\/span>\n\t\t\t\t\t\t<span itemprop='height'>0<\/span>\n\t\t\t\t\t\t<span itemprop='width'>0<\/span>\n\t\t\t\t<\/span>\n\t\t\t\t<span class='av-structured-data'  itemprop=\"publisher\" itemtype=\"https:\/\/schema.org\/Organization\" itemscope=\"itemscope\" >\n\t\t\t\t\t\t<span itemprop='name'>Nils Devos<\/span>\n\t\t\t\t\t\t<span itemprop='logo' itemscope itemtype='https:\/\/schema.org\/ImageObject'>\n\t\t\t\t\t\t\t<span itemprop='url'>https:\/\/rechtsanwalt.fr\/wp-content\/uploads\/2024\/05\/logo_header_fr_web.epp_.svg<\/span>\n\t\t\t\t\t\t<\/span>\n\t\t\t\t<\/span><span class='av-structured-data'  itemprop=\"author\" itemscope=\"itemscope\" itemtype=\"https:\/\/schema.org\/Person\" ><span itemprop='name'>Nils Devos<\/span><\/span><span class='av-structured-data'  itemprop=\"datePublished\" datetime=\"2024-04-17T16:19:35+02:00\" >2024-04-17 16:19:35<\/span><span class='av-structured-data'  itemprop=\"dateModified\" itemtype=\"https:\/\/schema.org\/dateModified\" >2026-03-30 18:20:16<\/span><span class='av-structured-data'  itemprop=\"mainEntityOfPage\" itemtype=\"https:\/\/schema.org\/mainEntityOfPage\" ><span itemprop='name'>Bilan et Commissaires aux comptes : Nouveaux seuils pour les entreprises en Allemagne<\/span><\/span><\/span><\/article><article class=\"post-entry post-entry-type-standard post-entry-31859 post-loop-19 post-parity-odd bloglist-simple  post-31859 post type-post status-publish format-standard hentry category-news-archive-2024-droit-des-societes\"  itemscope=\"itemscope\" itemtype=\"https:\/\/schema.org\/BlogPosting\" ><div class=\"blog-meta\"><\/div><div class='entry-content-wrapper clearfix standard-content'><header class=\"entry-content-header\" aria-label=\"Articles : Responsabilit\u00e9 du g\u00e9rant d\u2019une GmbH allemande\u00a0: nouvelle jurisprudence relative \u00e0 l\u2019assurance D&#038;O\"><div class=\"av-heading-wrapper\"><span class=\"blog-categories minor-meta\"><a href=\"https:\/\/rechtsanwalt.fr\/fr\/category\/news-archive\/news-archive-2024\/news-archive-2024-droit-des-societes\/\" rel=\"tag\">Droit des soci\u00e9t\u00e9s<\/a><\/span><h2 class='post-title entry-title '  itemprop=\"headline\" ><a href=\"https:\/\/rechtsanwalt.fr\/fr\/responsabilite-du-gerant-dune-gmbh-allemande-nouvelle-jurisprudence-relative-a-lassurance-do\/\" rel=\"bookmark\" title=\"Lien permanent : Responsabilit\u00e9 du g\u00e9rant d\u2019une GmbH allemande\u00a0: nouvelle jurisprudence relative \u00e0 l\u2019assurance D&#038;O\">Responsabilit\u00e9 du g\u00e9rant d\u2019une GmbH allemande\u00a0: nouvelle jurisprudence relative \u00e0 l\u2019assurance D&#038;O<span class=\"post-format-icon minor-meta\"><\/span><\/a><\/h2><\/div><\/header><span class=\"post-meta-infos\"><time class=\"date-container minor-meta updated\"  itemprop=\"datePublished\" datetime=\"2024-02-06T14:47:07+01:00\" >6 f\u00e9vrier 2024<\/time><div class=\"read-more-link\"><a href=\"https:\/\/rechtsanwalt.fr\/fr\/responsabilite-du-gerant-dune-gmbh-allemande-nouvelle-jurisprudence-relative-a-lassurance-do\/\" class=\"more-link\">Lire la suite<span class='more-link-arrow avia-svg-icon avia-font-svg_entypo-fontello' data-av_svg_icon='right-open-big' data-av_iconset='svg_entypo-fontello'><svg version=\"1.1\" xmlns=\"http:\/\/www.w3.org\/2000\/svg\" width=\"15\" height=\"32\" viewBox=\"0 0 15 32\" preserveAspectRatio=\"xMidYMid meet\" role=\"graphics-symbol\" aria-hidden=\"true\">\n<path d=\"M0.416 27.84l11.456-11.84-11.456-11.904q-0.832-0.832 0-1.536 0.832-0.832 1.536 0l12.544 12.608q0.768 0.832 0 1.6l-12.544 12.608q-0.704 0.832-1.536 0-0.832-0.704 0-1.536z\"><\/path>\n<\/svg><\/span><\/a><\/div><\/span><footer class=\"entry-footer\"><\/footer><div class='post_delimiter'><\/div><\/div><div class=\"post_author_timeline\"><\/div><span class='hidden'>\n\t\t\t\t<span class='av-structured-data'  itemprop=\"image\" itemscope=\"itemscope\" itemtype=\"https:\/\/schema.org\/ImageObject\" >\n\t\t\t\t\t\t<span itemprop='url'>https:\/\/rechtsanwalt.fr\/wp-content\/uploads\/2024\/05\/logo_header_fr_web.epp_.svg<\/span>\n\t\t\t\t\t\t<span itemprop='height'>0<\/span>\n\t\t\t\t\t\t<span itemprop='width'>0<\/span>\n\t\t\t\t<\/span>\n\t\t\t\t<span class='av-structured-data'  itemprop=\"publisher\" itemtype=\"https:\/\/schema.org\/Organization\" itemscope=\"itemscope\" >\n\t\t\t\t\t\t<span itemprop='name'>C\u00e9cile Robert<\/span>\n\t\t\t\t\t\t<span itemprop='logo' itemscope itemtype='https:\/\/schema.org\/ImageObject'>\n\t\t\t\t\t\t\t<span itemprop='url'>https:\/\/rechtsanwalt.fr\/wp-content\/uploads\/2024\/05\/logo_header_fr_web.epp_.svg<\/span>\n\t\t\t\t\t\t<\/span>\n\t\t\t\t<\/span><span class='av-structured-data'  itemprop=\"author\" itemscope=\"itemscope\" itemtype=\"https:\/\/schema.org\/Person\" ><span itemprop='name'>C\u00e9cile Robert<\/span><\/span><span class='av-structured-data'  itemprop=\"datePublished\" datetime=\"2024-02-06T14:47:07+01:00\" >2024-02-06 14:47:07<\/span><span class='av-structured-data'  itemprop=\"dateModified\" itemtype=\"https:\/\/schema.org\/dateModified\" >2026-03-30 18:20:43<\/span><span class='av-structured-data'  itemprop=\"mainEntityOfPage\" itemtype=\"https:\/\/schema.org\/mainEntityOfPage\" ><span itemprop='name'>Responsabilit\u00e9 du g\u00e9rant d\u2019une GmbH allemande\u00a0: nouvelle jurisprudence relative \u00e0 l\u2019assurance D&#038;O<\/span><\/span><\/span><\/article><article class=\"post-entry post-entry-type-standard post-entry-31857 post-loop-20 post-parity-even bloglist-simple  post-31857 post type-post status-publish format-standard hentry category-news-archive-2024-droit-des-societes\"  itemscope=\"itemscope\" itemtype=\"https:\/\/schema.org\/BlogPosting\" ><div class=\"blog-meta\"><\/div><div class='entry-content-wrapper clearfix standard-content'><header class=\"entry-content-header\" aria-label=\"Articles : G\u00e9rant d\u2019une GmbH allemande\u00a0: pouvoir de repr\u00e9sentation dans le cadre des inscriptions au registre du commerce allemand\"><div class=\"av-heading-wrapper\"><span class=\"blog-categories minor-meta\"><a href=\"https:\/\/rechtsanwalt.fr\/fr\/category\/news-archive\/news-archive-2024\/news-archive-2024-droit-des-societes\/\" rel=\"tag\">Droit des soci\u00e9t\u00e9s<\/a><\/span><h2 class='post-title entry-title '  itemprop=\"headline\" ><a href=\"https:\/\/rechtsanwalt.fr\/fr\/pouvoir-de-representation-du-gerant-allemand-dans-le-cadre-des-inscriptions-au-registre-du-commerce\/\" rel=\"bookmark\" title=\"Lien permanent : G\u00e9rant d\u2019une GmbH allemande\u00a0: pouvoir de repr\u00e9sentation dans le cadre des inscriptions au registre du commerce allemand\">G\u00e9rant d\u2019une GmbH allemande\u00a0: pouvoir de repr\u00e9sentation dans le cadre des inscriptions au registre du commerce allemand<span class=\"post-format-icon minor-meta\"><\/span><\/a><\/h2><\/div><\/header><span class=\"post-meta-infos\"><time class=\"date-container minor-meta updated\"  itemprop=\"datePublished\" datetime=\"2024-02-06T14:42:02+01:00\" >6 f\u00e9vrier 2024<\/time><div class=\"read-more-link\"><a href=\"https:\/\/rechtsanwalt.fr\/fr\/pouvoir-de-representation-du-gerant-allemand-dans-le-cadre-des-inscriptions-au-registre-du-commerce\/\" class=\"more-link\">Lire la suite<span class='more-link-arrow avia-svg-icon avia-font-svg_entypo-fontello' data-av_svg_icon='right-open-big' data-av_iconset='svg_entypo-fontello'><svg version=\"1.1\" xmlns=\"http:\/\/www.w3.org\/2000\/svg\" width=\"15\" height=\"32\" viewBox=\"0 0 15 32\" preserveAspectRatio=\"xMidYMid meet\" role=\"graphics-symbol\" aria-hidden=\"true\">\n<path d=\"M0.416 27.84l11.456-11.84-11.456-11.904q-0.832-0.832 0-1.536 0.832-0.832 1.536 0l12.544 12.608q0.768 0.832 0 1.6l-12.544 12.608q-0.704 0.832-1.536 0-0.832-0.704 0-1.536z\"><\/path>\n<\/svg><\/span><\/a><\/div><\/span><footer class=\"entry-footer\"><\/footer><div class='post_delimiter'><\/div><\/div><div class=\"post_author_timeline\"><\/div><span class='hidden'>\n\t\t\t\t<span class='av-structured-data'  itemprop=\"image\" itemscope=\"itemscope\" itemtype=\"https:\/\/schema.org\/ImageObject\" >\n\t\t\t\t\t\t<span itemprop='url'>https:\/\/rechtsanwalt.fr\/wp-content\/uploads\/2024\/05\/logo_header_fr_web.epp_.svg<\/span>\n\t\t\t\t\t\t<span itemprop='height'>0<\/span>\n\t\t\t\t\t\t<span itemprop='width'>0<\/span>\n\t\t\t\t<\/span>\n\t\t\t\t<span class='av-structured-data'  itemprop=\"publisher\" itemtype=\"https:\/\/schema.org\/Organization\" itemscope=\"itemscope\" >\n\t\t\t\t\t\t<span itemprop='name'>C\u00e9cile Robert<\/span>\n\t\t\t\t\t\t<span itemprop='logo' itemscope itemtype='https:\/\/schema.org\/ImageObject'>\n\t\t\t\t\t\t\t<span itemprop='url'>https:\/\/rechtsanwalt.fr\/wp-content\/uploads\/2024\/05\/logo_header_fr_web.epp_.svg<\/span>\n\t\t\t\t\t\t<\/span>\n\t\t\t\t<\/span><span class='av-structured-data'  itemprop=\"author\" itemscope=\"itemscope\" itemtype=\"https:\/\/schema.org\/Person\" ><span itemprop='name'>C\u00e9cile Robert<\/span><\/span><span class='av-structured-data'  itemprop=\"datePublished\" datetime=\"2024-02-06T14:42:02+01:00\" >2024-02-06 14:42:02<\/span><span class='av-structured-data'  itemprop=\"dateModified\" itemtype=\"https:\/\/schema.org\/dateModified\" >2026-03-30 18:20:58<\/span><span class='av-structured-data'  itemprop=\"mainEntityOfPage\" itemtype=\"https:\/\/schema.org\/mainEntityOfPage\" ><span itemprop='name'>G\u00e9rant d\u2019une GmbH allemande\u00a0: pouvoir de repr\u00e9sentation dans le cadre des inscriptions au registre du commerce allemand<\/span><\/span><\/span><\/article><article class=\"post-entry post-entry-type-standard post-entry-31844 post-loop-21 post-parity-odd post-entry-last bloglist-simple  post-31844 post type-post status-publish format-standard hentry category-archive-2024-droit-des-contrats\"  itemscope=\"itemscope\" itemtype=\"https:\/\/schema.org\/BlogPosting\" ><div class=\"blog-meta\"><\/div><div class='entry-content-wrapper clearfix standard-content'><header class=\"entry-content-header\" aria-label=\"Articles : Baux commerciaux en Allemagne\u00a0: une conclusion bient\u00f4t possible par courriel\u00a0?\"><div class=\"av-heading-wrapper\"><span class=\"blog-categories minor-meta\"><a href=\"https:\/\/rechtsanwalt.fr\/fr\/category\/news-archive\/news-archive-2024\/archive-2024-droit-des-contrats\/\" rel=\"tag\">Droit des contrats<\/a><\/span><h2 class='post-title entry-title '  itemprop=\"headline\" ><a href=\"https:\/\/rechtsanwalt.fr\/fr\/baux-commerciaux-en-allemagne-une-conclusion-bientot-possible-par-courriel\/\" rel=\"bookmark\" title=\"Lien permanent : Baux commerciaux en Allemagne\u00a0: une conclusion bient\u00f4t possible par courriel\u00a0?\">Baux commerciaux en Allemagne\u00a0: une conclusion bient\u00f4t possible par courriel\u00a0?<span class=\"post-format-icon minor-meta\"><\/span><\/a><\/h2><\/div><\/header><span class=\"post-meta-infos\"><time class=\"date-container minor-meta updated\"  itemprop=\"datePublished\" datetime=\"2024-02-06T14:30:13+01:00\" >6 f\u00e9vrier 2024<\/time><div class=\"read-more-link\"><a href=\"https:\/\/rechtsanwalt.fr\/fr\/baux-commerciaux-en-allemagne-une-conclusion-bientot-possible-par-courriel\/\" class=\"more-link\">Lire la suite<span class='more-link-arrow avia-svg-icon avia-font-svg_entypo-fontello' data-av_svg_icon='right-open-big' data-av_iconset='svg_entypo-fontello'><svg version=\"1.1\" xmlns=\"http:\/\/www.w3.org\/2000\/svg\" width=\"15\" height=\"32\" viewBox=\"0 0 15 32\" preserveAspectRatio=\"xMidYMid meet\" role=\"graphics-symbol\" aria-hidden=\"true\">\n<path d=\"M0.416 27.84l11.456-11.84-11.456-11.904q-0.832-0.832 0-1.536 0.832-0.832 1.536 0l12.544 12.608q0.768 0.832 0 1.6l-12.544 12.608q-0.704 0.832-1.536 0-0.832-0.704 0-1.536z\"><\/path>\n<\/svg><\/span><\/a><\/div><\/span><footer class=\"entry-footer\"><\/footer><div class='post_delimiter'><\/div><\/div><div class=\"post_author_timeline\"><\/div><span class='hidden'>\n\t\t\t\t<span class='av-structured-data'  itemprop=\"image\" itemscope=\"itemscope\" itemtype=\"https:\/\/schema.org\/ImageObject\" >\n\t\t\t\t\t\t<span itemprop='url'>https:\/\/rechtsanwalt.fr\/wp-content\/uploads\/2024\/05\/logo_header_fr_web.epp_.svg<\/span>\n\t\t\t\t\t\t<span itemprop='height'>0<\/span>\n\t\t\t\t\t\t<span itemprop='width'>0<\/span>\n\t\t\t\t<\/span>\n\t\t\t\t<span class='av-structured-data'  itemprop=\"publisher\" itemtype=\"https:\/\/schema.org\/Organization\" itemscope=\"itemscope\" >\n\t\t\t\t\t\t<span itemprop='name'>C\u00e9cile Robert<\/span>\n\t\t\t\t\t\t<span itemprop='logo' itemscope itemtype='https:\/\/schema.org\/ImageObject'>\n\t\t\t\t\t\t\t<span itemprop='url'>https:\/\/rechtsanwalt.fr\/wp-content\/uploads\/2024\/05\/logo_header_fr_web.epp_.svg<\/span>\n\t\t\t\t\t\t<\/span>\n\t\t\t\t<\/span><span class='av-structured-data'  itemprop=\"author\" itemscope=\"itemscope\" itemtype=\"https:\/\/schema.org\/Person\" ><span itemprop='name'>C\u00e9cile Robert<\/span><\/span><span class='av-structured-data'  itemprop=\"datePublished\" datetime=\"2024-02-06T14:30:13+01:00\" >2024-02-06 14:30:13<\/span><span class='av-structured-data'  itemprop=\"dateModified\" itemtype=\"https:\/\/schema.org\/dateModified\" >2026-03-30 18:15:44<\/span><span class='av-structured-data'  itemprop=\"mainEntityOfPage\" itemtype=\"https:\/\/schema.org\/mainEntityOfPage\" ><span itemprop='name'>Baux commerciaux en Allemagne\u00a0: une conclusion bient\u00f4t possible par courriel\u00a0?<\/span><\/span><\/span><\/article><\/div><br \/>\n\n<style type=\"text\/css\" data-created_by=\"avia_inline_auto\" id=\"style-css-av-k8ek3qi7-9f0bfd2e2c51ef9939d385880812a2bc\">\n#top .hr.hr-invisible.av-k8ek3qi7-9f0bfd2e2c51ef9939d385880812a2bc{\nheight:200px;\n}\n<\/style>\n<div  class='hr av-k8ek3qi7-9f0bfd2e2c51ef9939d385880812a2bc hr-invisible'><span class='hr-inner '><span class=\"hr-inner-style\"><\/span><\/span><\/div><\/p><\/div><\/div><\/div><\/div><!-- close content main div --><\/div><\/div><div id='after_section_2'  class='main_color av_default_container_wrap container_wrap sidebar_left'  ><div class='container av-section-cont-open' ><div class='template-page content  av-content-small units'><div class='post-entry post-entry-type-page post-entry-43061'><div class='entry-content-wrapper clearfix'><\/p>\n","protected":false},"excerpt":{"rendered":"","protected":false},"author":16,"featured_media":0,"parent":8906,"menu_order":0,"comment_status":"closed","ping_status":"closed","template":"","meta":{"inline_featured_image":false,"footnotes":""},"class_list":["post-43061","page","type-page","status-publish","hentry"],"_links":{"self":[{"href":"https:\/\/rechtsanwalt.fr\/fr\/wp-json\/wp\/v2\/pages\/43061","targetHints":{"allow":["GET"]}}],"collection":[{"href":"https:\/\/rechtsanwalt.fr\/fr\/wp-json\/wp\/v2\/pages"}],"about":[{"href":"https:\/\/rechtsanwalt.fr\/fr\/wp-json\/wp\/v2\/types\/page"}],"author":[{"embeddable":true,"href":"https:\/\/rechtsanwalt.fr\/fr\/wp-json\/wp\/v2\/users\/16"}],"replies":[{"embeddable":true,"href":"https:\/\/rechtsanwalt.fr\/fr\/wp-json\/wp\/v2\/comments?post=43061"}],"version-history":[{"count":1,"href":"https:\/\/rechtsanwalt.fr\/fr\/wp-json\/wp\/v2\/pages\/43061\/revisions"}],"predecessor-version":[{"id":43064,"href":"https:\/\/rechtsanwalt.fr\/fr\/wp-json\/wp\/v2\/pages\/43061\/revisions\/43064"}],"up":[{"embeddable":true,"href":"https:\/\/rechtsanwalt.fr\/fr\/wp-json\/wp\/v2\/pages\/8906"}],"wp:attachment":[{"href":"https:\/\/rechtsanwalt.fr\/fr\/wp-json\/wp\/v2\/media?parent=43061"}],"curies":[{"name":"wp","href":"https:\/\/api.w.org\/{rel}","templated":true}]}}