{"id":8953,"date":"2020-08-20T12:50:07","date_gmt":"2020-08-20T10:50:07","guid":{"rendered":"https:\/\/rechtsanwalt.fr\/?page_id=8953"},"modified":"2020-12-18T10:44:47","modified_gmt":"2020-12-18T09:44:47","slug":"archive-2017","status":"publish","type":"page","link":"https:\/\/rechtsanwalt.fr\/fr\/news-events\/archive\/archive-2017\/","title":{"rendered":"2017"},"content":{"rendered":"\n<style type=\"text\/css\" data-created_by=\"avia_inline_auto\" id=\"style-css-av-145nae-7e12acf6691508166707e8849903e526\">\n.avia-section.av-145nae-7e12acf6691508166707e8849903e526{\nbackground-repeat:no-repeat;\nbackground-image:url(https:\/\/rechtsanwalt.fr\/wp-content\/uploads\/2020\/09\/archive_b_epp.jpg);\nbackground-position:0% 0%;\nbackground-attachment:scroll;\nmargin-top:0px;\nmargin-bottom:0px;\n}\n<\/style>\n<div id='publikationen_background_img'  class='avia-section av-145nae-7e12acf6691508166707e8849903e526 main_color avia-section-no-padding avia-no-border-styling  avia-builder-el-0  el_before_av_section  avia-builder-el-first  avia-full-contain avia-bg-style-scroll container_wrap sidebar_left'  data-section-bg-repeat='contain'><div class='container av-section-cont-open' ><main  role=\"main\" itemprop=\"mainContentOfPage\"  class='template-page content  av-content-small units'><div class='post-entry post-entry-type-page post-entry-8953'><div class='entry-content-wrapper clearfix'>\n\n<style type=\"text\/css\" data-created_by=\"avia_inline_auto\" id=\"style-css-av-k1m34-65ee82ee0f780690e6c213d31be540cb\">\n.flex_column.av-k1m34-65ee82ee0f780690e6c213d31be540cb{\nborder-radius:0px 0px 0px 0px;\npadding:0px 0px 0px 0px;\n}\n<\/style>\n<div  class='flex_column av-k1m34-65ee82ee0f780690e6c213d31be540cb av_one_full  avia-builder-el-1  avia-builder-el-no-sibling  first flex_column_div av-zero-column-padding  '     ><style type=\"text\/css\" data-created_by=\"avia_inline_auto\" id=\"style-css-av-kfgi4hck-8f549d9dec9dd3886509f73403c5d6df\">\n#top .av-special-heading.av-kfgi4hck-8f549d9dec9dd3886509f73403c5d6df{\npadding-bottom:0;\ncolor:#ffffff;\nfont-size:36px;\n}\nbody .av-special-heading.av-kfgi4hck-8f549d9dec9dd3886509f73403c5d6df .av-special-heading-tag .heading-char{\nfont-size:25px;\n}\n#top #wrap_all .av-special-heading.av-kfgi4hck-8f549d9dec9dd3886509f73403c5d6df .av-special-heading-tag{\nfont-size:36px;\n}\n.av-special-heading.av-kfgi4hck-8f549d9dec9dd3886509f73403c5d6df .special-heading-inner-border{\nborder-color:#ffffff;\n}\n.av-special-heading.av-kfgi4hck-8f549d9dec9dd3886509f73403c5d6df .av-subheading{\nfont-size:25px;\n}\n\n@media only screen and (min-width: 480px) and (max-width: 767px){ \n#top #wrap_all .av-special-heading.av-kfgi4hck-8f549d9dec9dd3886509f73403c5d6df .av-special-heading-tag{\nfont-size:0.8em;\n}\n}\n\n@media only screen and (max-width: 479px){ \n#top #wrap_all .av-special-heading.av-kfgi4hck-8f549d9dec9dd3886509f73403c5d6df .av-special-heading-tag{\nfont-size:0.8em;\n}\n}\n<\/style>\n<div  class='av-special-heading av-kfgi4hck-8f549d9dec9dd3886509f73403c5d6df av-special-heading-h1 custom-color-heading blockquote modern-quote  avia-builder-el-2  avia-builder-el-no-sibling  av-inherit-size av-linked-heading'><h1 class='av-special-heading-tag '  itemprop=\"headline\"  >Archives 2017<\/h1><div class=\"special-heading-border\"><div class=\"special-heading-inner-border\"><\/div><\/div><\/div><\/div>\n\n<\/div><\/div><\/main><!-- close content main element --><\/div><\/div>\n<style type=\"text\/css\" data-created_by=\"avia_inline_auto\" id=\"style-css-av-kbm9h12a-95249e02764d6ddaeb70bdfd20d13f02\">\n.avia-section.av-kbm9h12a-95249e02764d6ddaeb70bdfd20d13f02{\nbackground-color:#eef0f3;\nbackground-image:unset;\n}\n<\/style>\n<div id='av_section_2'  class='avia-section av-kbm9h12a-95249e02764d6ddaeb70bdfd20d13f02 main_color avia-section-default avia-no-border-styling  avia-builder-el-3  el_after_av_section  avia-builder-el-last  avia-bg-style-scroll container_wrap sidebar_left'  ><div class='container av-section-cont-open' ><div class='template-page content  av-content-small units'><div class='post-entry post-entry-type-page post-entry-8953'><div class='entry-content-wrapper clearfix'>\n\n<style type=\"text\/css\" data-created_by=\"avia_inline_auto\" id=\"style-css-av-jgf3pjem-25083557d8861d2240eb75b3fe7ba642\">\n.flex_column.av-jgf3pjem-25083557d8861d2240eb75b3fe7ba642{\nborder-radius:0px 0px 0px 0px;\n}\n<\/style>\n<div  class='flex_column av-jgf3pjem-25083557d8861d2240eb75b3fe7ba642 av_one_full  avia-builder-el-4  avia-builder-el-no-sibling  publikationen_sub_content first flex_column_div av-animated-generic fade-in  '     ><p><div  class='avia-builder-widget-area clearfix  avia-builder-el-5  el_before_av_sidebar  avia-builder-el-first '><div id=\"nav_menu-15\" class=\"widget clearfix widget_nav_menu\"><div class=\"menu-news-fr-1-container\"><ul id=\"menu-news-fr-1\" class=\"menu\"><li id=\"menu-item-9673\" class=\"menu-item menu-item-type-custom menu-item-object-custom menu-item-9673\"><a href=\"https:\/\/rechtsanwalt.fr\/fr\/news-events\/\">Tous les sujets<\/a><\/li>\n<\/ul><\/div><\/div><\/div><br \/>\n<div  class='avia-builder-widget-area clearfix  avia-builder-el-6  el_after_av_sidebar  el_before_av_hr '><div id=\"nav_menu-16\" class=\"widget clearfix widget_nav_menu\"><div class=\"menu-news-fr-2-container\"><ul id=\"menu-news-fr-2\" class=\"menu\"><li id=\"menu-item-29706\" class=\"menu-item menu-item-type-post_type menu-item-object-page menu-item-29706\"><a href=\"https:\/\/rechtsanwalt.fr\/fr\/news-events\/droit-social\/\">Droit social<\/a><\/li>\n<li id=\"menu-item-29717\" class=\"menu-item menu-item-type-post_type menu-item-object-page menu-item-29717\"><a href=\"https:\/\/rechtsanwalt.fr\/fr\/news-events\/droit-des-societes\/\">Droit des soci\u00e9t\u00e9s<\/a><\/li>\n<li id=\"menu-item-41863\" class=\"menu-item menu-item-type-post_type menu-item-object-page menu-item-41863\"><a href=\"https:\/\/rechtsanwalt.fr\/fr\/news-events\/droit-fiscal\/\">Droit fiscal<\/a><\/li>\n<li id=\"menu-item-34783\" class=\"menu-item menu-item-type-post_type menu-item-object-page menu-item-34783\"><a href=\"https:\/\/rechtsanwalt.fr\/fr\/news-events\/droit-des-contrats\/\">Droit des contrats<\/a><\/li>\n<li id=\"menu-item-34782\" class=\"menu-item menu-item-type-post_type menu-item-object-page menu-item-34782\"><a href=\"https:\/\/rechtsanwalt.fr\/fr\/news-events\/droit-de-la-concurrence\/\">Droit de la concurrence<\/a><\/li>\n<li id=\"menu-item-34784\" class=\"menu-item menu-item-type-post_type menu-item-object-page menu-item-34784\"><a href=\"https:\/\/rechtsanwalt.fr\/fr\/news-events\/procedures-collectives\/\">Proc\u00e9dures collectives<\/a><\/li>\n<li id=\"menu-item-34771\" class=\"menu-item menu-item-type-post_type menu-item-object-page menu-item-34771\"><a href=\"https:\/\/rechtsanwalt.fr\/fr\/news-events\/contentieux\/\">Contentieux<\/a><\/li>\n<li id=\"menu-item-9675\" class=\"menu-item menu-item-type-post_type menu-item-object-page menu-item-9675\"><a href=\"https:\/\/rechtsanwalt.fr\/fr\/news-events\/communique\/\">Communiqu\u00e9s<\/a><\/li>\n<\/ul><\/div><\/div><\/div><br \/>\n\n<style type=\"text\/css\" data-created_by=\"avia_inline_auto\" id=\"style-css-av-keli7xqr-5d09e143679310eddad63eff9eba7c28\">\n#top .hr.av-keli7xqr-5d09e143679310eddad63eff9eba7c28{\nmargin-top:5px;\nmargin-bottom:5px;\n}\n.hr.av-keli7xqr-5d09e143679310eddad63eff9eba7c28 .hr-inner{\nwidth:95%;\n}\n<\/style>\n<div  class='hr av-keli7xqr-5d09e143679310eddad63eff9eba7c28 hr-custom  avia-builder-el-7  el_after_av_sidebar  el_before_av_sidebar  hr-left hr-icon-no'><span class='hr-inner inner-border-av-border-thin'><span class=\"hr-inner-style\"><\/span><\/span><\/div><br \/>\n<div  class='avia-builder-widget-area clearfix  avia-builder-el-8  el_after_av_hr  el_before_av_sidebar '><div id=\"nav_menu-18\" class=\"widget clearfix widget_nav_menu\"><div class=\"menu-news-fr-3-container\"><ul id=\"menu-news-fr-3\" class=\"menu\"><li id=\"menu-item-9982\" class=\"menu-item menu-item-type-post_type menu-item-object-page menu-item-9982\"><a href=\"https:\/\/rechtsanwalt.fr\/fr\/news-events\/archive\/\">Archives<\/a><\/li>\n<\/ul><\/div><\/div><\/div><br \/>\n<div  class='avia-builder-widget-area clearfix  avia-builder-el-9  el_after_av_sidebar  el_before_av_hr '><div id=\"nav_menu-10\" class=\"widget clearfix widget_nav_menu\"><div class=\"menu-archive-jahre-fr-container\"><ul id=\"menu-archive-jahre-fr\" class=\"menu\"><li id=\"menu-item-43067\" class=\"menu-item menu-item-type-post_type menu-item-object-page menu-item-43067\"><a href=\"https:\/\/rechtsanwalt.fr\/fr\/news-events\/archive\/archive-2024\/\">2024<\/a><\/li>\n<li id=\"menu-item-35555\" class=\"menu-item menu-item-type-post_type menu-item-object-page menu-item-35555\"><a href=\"https:\/\/rechtsanwalt.fr\/fr\/news-events\/archive\/archive-2023\/\">2023<\/a><\/li>\n<li id=\"menu-item-30532\" class=\"menu-item menu-item-type-post_type menu-item-object-page menu-item-30532\"><a href=\"https:\/\/rechtsanwalt.fr\/fr\/news-events\/archive\/archive-2022\/\">2022<\/a><\/li>\n<li id=\"menu-item-30533\" class=\"menu-item menu-item-type-post_type menu-item-object-page menu-item-30533\"><a href=\"https:\/\/rechtsanwalt.fr\/fr\/news-events\/archive\/archive-2021\/\">2021<\/a><\/li>\n<li id=\"menu-item-22989\" class=\"menu-item menu-item-type-post_type menu-item-object-page menu-item-22989\"><a href=\"https:\/\/rechtsanwalt.fr\/fr\/news-events\/archive\/archive-2020\/\">2020<\/a><\/li>\n<li id=\"menu-item-8920\" class=\"menu-item menu-item-type-post_type menu-item-object-page menu-item-8920\"><a href=\"https:\/\/rechtsanwalt.fr\/fr\/news-events\/archive\/archive-2019\/\">2019<\/a><\/li>\n<li id=\"menu-item-8951\" class=\"menu-item menu-item-type-post_type menu-item-object-page menu-item-8951\"><a href=\"https:\/\/rechtsanwalt.fr\/fr\/news-events\/archive\/archive-2018\/\">2018<\/a><\/li>\n<li id=\"menu-item-8955\" class=\"menu-item menu-item-type-post_type menu-item-object-page menu-item-8955\"><a href=\"https:\/\/rechtsanwalt.fr\/fr\/news-events\/archive\/archive-2017\/\">2017<\/a><\/li>\n<li id=\"menu-item-8959\" class=\"menu-item menu-item-type-post_type menu-item-object-page menu-item-8959\"><a href=\"https:\/\/rechtsanwalt.fr\/fr\/news-events\/archive\/archive-2016\/\">2016<\/a><\/li>\n<li id=\"menu-item-8963\" class=\"menu-item menu-item-type-post_type menu-item-object-page menu-item-8963\"><a href=\"https:\/\/rechtsanwalt.fr\/fr\/news-events\/archive\/archive-2015\/\">2015<\/a><\/li>\n<\/ul><\/div><\/div><\/div><br \/>\n\n<style type=\"text\/css\" data-created_by=\"avia_inline_auto\" id=\"style-css-av-kf3nhjeg-96ea8ede835fe693a6567be34dfc338f\">\n#top .hr.hr-invisible.av-kf3nhjeg-96ea8ede835fe693a6567be34dfc338f{\nheight:20px;\n}\n<\/style>\n<div  class='hr av-kf3nhjeg-96ea8ede835fe693a6567be34dfc338f hr-invisible  avia-builder-el-10  el_after_av_sidebar  el_before_av_blog '><span class='hr-inner '><span class=\"hr-inner-style\"><\/span><\/span><\/div><br \/>\n<div  class='av-alb-blogposts template-blog  av-blog-meta-author-disabled av-blog-meta-comments-disabled av-blog-meta-html-info-disabled av-blog-meta-tag-disabled '  itemscope=\"itemscope\" itemtype=\"https:\/\/schema.org\/Blog\" ><article class=\"post-entry post-entry-type-standard post-entry-10718 post-loop-1 post-parity-odd bloglist-simple  post-10718 post type-post status-publish format-standard hentry category-droit-social-fr\"  itemscope=\"itemscope\" itemtype=\"https:\/\/schema.org\/BlogPosting\" ><div class=\"blog-meta\"><\/div><div class='entry-content-wrapper clearfix standard-content'><header class=\"entry-content-header\" aria-label=\"Articles : Entreprises en Allemagne : Quelles activit\u00e9s secondaires l\u2019employeur est-il en droit d\u2019interdire ?\"><div class=\"av-heading-wrapper\"><span class=\"blog-categories minor-meta\"><a href=\"https:\/\/rechtsanwalt.fr\/fr\/category\/news-archive\/news-archive-2017\/droit-social-fr\/\" rel=\"tag\">Droit social<\/a><\/span><h2 class='post-title entry-title '  itemprop=\"headline\" ><a href=\"https:\/\/rechtsanwalt.fr\/fr\/entreprises-en-allemagne-quelles-activites-secondaires-lemployeur-est-il-en-droit-dinterdire\/\" rel=\"bookmark\" title=\"Lien permanent : Entreprises en Allemagne : Quelles activit\u00e9s secondaires l\u2019employeur est-il en droit d\u2019interdire ?\">Entreprises en Allemagne : Quelles activit\u00e9s secondaires l\u2019employeur est-il en droit d\u2019interdire ?<span class=\"post-format-icon minor-meta\"><\/span><\/a><\/h2><\/div><\/header><span class=\"post-meta-infos\"><time class=\"date-container minor-meta updated\"  itemprop=\"datePublished\" datetime=\"2017-12-22T13:42:00+01:00\" >22 d\u00e9cembre 2017<\/time><div class=\"read-more-link\"><a href=\"https:\/\/rechtsanwalt.fr\/fr\/entreprises-en-allemagne-quelles-activites-secondaires-lemployeur-est-il-en-droit-dinterdire\/\" class=\"more-link\">Lire la suite<span class='more-link-arrow avia-svg-icon avia-font-svg_entypo-fontello' data-av_svg_icon='right-open-big' data-av_iconset='svg_entypo-fontello'><svg version=\"1.1\" xmlns=\"http:\/\/www.w3.org\/2000\/svg\" width=\"15\" height=\"32\" viewBox=\"0 0 15 32\" preserveAspectRatio=\"xMidYMid meet\" role=\"graphics-symbol\" aria-hidden=\"true\">\n<path d=\"M0.416 27.84l11.456-11.84-11.456-11.904q-0.832-0.832 0-1.536 0.832-0.832 1.536 0l12.544 12.608q0.768 0.832 0 1.6l-12.544 12.608q-0.704 0.832-1.536 0-0.832-0.704 0-1.536z\"><\/path>\n<\/svg><\/span><\/a><\/div><\/span><footer class=\"entry-footer\"><\/footer><div class='post_delimiter'><\/div><\/div><div class=\"post_author_timeline\"><\/div><span class='hidden'>\n\t\t\t\t<span class='av-structured-data'  itemprop=\"image\" itemscope=\"itemscope\" itemtype=\"https:\/\/schema.org\/ImageObject\" >\n\t\t\t\t\t\t<span itemprop='url'>https:\/\/rechtsanwalt.fr\/wp-content\/uploads\/2024\/05\/logo_header_fr_web.epp_.svg<\/span>\n\t\t\t\t\t\t<span itemprop='height'>0<\/span>\n\t\t\t\t\t\t<span itemprop='width'>0<\/span>\n\t\t\t\t<\/span>\n\t\t\t\t<span class='av-structured-data'  itemprop=\"publisher\" itemtype=\"https:\/\/schema.org\/Organization\" itemscope=\"itemscope\" >\n\t\t\t\t\t\t<span itemprop='name'>epp.content<\/span>\n\t\t\t\t\t\t<span itemprop='logo' itemscope itemtype='https:\/\/schema.org\/ImageObject'>\n\t\t\t\t\t\t\t<span itemprop='url'>https:\/\/rechtsanwalt.fr\/wp-content\/uploads\/2024\/05\/logo_header_fr_web.epp_.svg<\/span>\n\t\t\t\t\t\t<\/span>\n\t\t\t\t<\/span><span class='av-structured-data'  itemprop=\"author\" itemscope=\"itemscope\" itemtype=\"https:\/\/schema.org\/Person\" ><span itemprop='name'>epp.content<\/span><\/span><span class='av-structured-data'  itemprop=\"datePublished\" datetime=\"2017-12-22T13:42:00+01:00\" >2017-12-22 13:42:00<\/span><span class='av-structured-data'  itemprop=\"dateModified\" itemtype=\"https:\/\/schema.org\/dateModified\" >2021-04-07 11:12:48<\/span><span class='av-structured-data'  itemprop=\"mainEntityOfPage\" itemtype=\"https:\/\/schema.org\/mainEntityOfPage\" ><span itemprop='name'>Entreprises en Allemagne : Quelles activit\u00e9s secondaires l\u2019employeur est-il en droit d\u2019interdire ?<\/span><\/span><\/span><\/article><article class=\"post-entry post-entry-type-standard post-entry-10684 post-loop-2 post-parity-even bloglist-simple  post-10684 post type-post status-publish format-standard hentry category-droit-social-fr\"  itemscope=\"itemscope\" itemtype=\"https:\/\/schema.org\/BlogPosting\" ><div class=\"blog-meta\"><\/div><div class='entry-content-wrapper clearfix standard-content'><header class=\"entry-content-header\" aria-label=\"Articles : Entreprises en Allemagne : Licenciement d\u2019un membre du comit\u00e9 d\u2019entreprise\"><div class=\"av-heading-wrapper\"><span class=\"blog-categories minor-meta\"><a href=\"https:\/\/rechtsanwalt.fr\/fr\/category\/news-archive\/news-archive-2017\/droit-social-fr\/\" rel=\"tag\">Droit social<\/a><\/span><h2 class='post-title entry-title '  itemprop=\"headline\" ><a href=\"https:\/\/rechtsanwalt.fr\/fr\/entreprises-en-allemagne-licenciement-dun-membre-du-comite-dentreprise\/\" rel=\"bookmark\" title=\"Lien permanent : Entreprises en Allemagne : Licenciement d\u2019un membre du comit\u00e9 d\u2019entreprise\">Entreprises en Allemagne : Licenciement d\u2019un membre du comit\u00e9 d\u2019entreprise<span class=\"post-format-icon minor-meta\"><\/span><\/a><\/h2><\/div><\/header><span class=\"post-meta-infos\"><time class=\"date-container minor-meta updated\"  itemprop=\"datePublished\" datetime=\"2017-12-22T12:55:00+01:00\" >22 d\u00e9cembre 2017<\/time><div class=\"read-more-link\"><a href=\"https:\/\/rechtsanwalt.fr\/fr\/entreprises-en-allemagne-licenciement-dun-membre-du-comite-dentreprise\/\" class=\"more-link\">Lire la suite<span class='more-link-arrow avia-svg-icon avia-font-svg_entypo-fontello' data-av_svg_icon='right-open-big' data-av_iconset='svg_entypo-fontello'><svg version=\"1.1\" xmlns=\"http:\/\/www.w3.org\/2000\/svg\" width=\"15\" height=\"32\" viewBox=\"0 0 15 32\" preserveAspectRatio=\"xMidYMid meet\" role=\"graphics-symbol\" aria-hidden=\"true\">\n<path d=\"M0.416 27.84l11.456-11.84-11.456-11.904q-0.832-0.832 0-1.536 0.832-0.832 1.536 0l12.544 12.608q0.768 0.832 0 1.6l-12.544 12.608q-0.704 0.832-1.536 0-0.832-0.704 0-1.536z\"><\/path>\n<\/svg><\/span><\/a><\/div><\/span><footer class=\"entry-footer\"><\/footer><div class='post_delimiter'><\/div><\/div><div class=\"post_author_timeline\"><\/div><span class='hidden'>\n\t\t\t\t<span class='av-structured-data'  itemprop=\"image\" itemscope=\"itemscope\" itemtype=\"https:\/\/schema.org\/ImageObject\" >\n\t\t\t\t\t\t<span itemprop='url'>https:\/\/rechtsanwalt.fr\/wp-content\/uploads\/2024\/05\/logo_header_fr_web.epp_.svg<\/span>\n\t\t\t\t\t\t<span itemprop='height'>0<\/span>\n\t\t\t\t\t\t<span itemprop='width'>0<\/span>\n\t\t\t\t<\/span>\n\t\t\t\t<span class='av-structured-data'  itemprop=\"publisher\" itemtype=\"https:\/\/schema.org\/Organization\" itemscope=\"itemscope\" >\n\t\t\t\t\t\t<span itemprop='name'>epp.content<\/span>\n\t\t\t\t\t\t<span itemprop='logo' itemscope itemtype='https:\/\/schema.org\/ImageObject'>\n\t\t\t\t\t\t\t<span itemprop='url'>https:\/\/rechtsanwalt.fr\/wp-content\/uploads\/2024\/05\/logo_header_fr_web.epp_.svg<\/span>\n\t\t\t\t\t\t<\/span>\n\t\t\t\t<\/span><span class='av-structured-data'  itemprop=\"author\" itemscope=\"itemscope\" itemtype=\"https:\/\/schema.org\/Person\" ><span itemprop='name'>epp.content<\/span><\/span><span class='av-structured-data'  itemprop=\"datePublished\" datetime=\"2017-12-22T12:55:00+01:00\" >2017-12-22 12:55:00<\/span><span class='av-structured-data'  itemprop=\"dateModified\" itemtype=\"https:\/\/schema.org\/dateModified\" >2021-04-07 11:12:23<\/span><span class='av-structured-data'  itemprop=\"mainEntityOfPage\" itemtype=\"https:\/\/schema.org\/mainEntityOfPage\" ><span itemprop='name'>Entreprises en Allemagne : Licenciement d\u2019un membre du comit\u00e9 d\u2019entreprise<\/span><\/span><\/span><\/article><article class=\"post-entry post-entry-type-standard post-entry-10682 post-loop-3 post-parity-odd bloglist-simple  post-10682 post type-post status-publish format-standard hentry category-droit-social-fr\"  itemscope=\"itemscope\" itemtype=\"https:\/\/schema.org\/BlogPosting\" ><div class=\"blog-meta\"><\/div><div class='entry-content-wrapper clearfix standard-content'><header class=\"entry-content-header\" aria-label=\"Articles : Employeur ou donneur d\u2019ordre en Allemagne : Activit\u00e9 ind\u00e9pendante fictive ou activit\u00e9 non salari\u00e9e ?\"><div class=\"av-heading-wrapper\"><span class=\"blog-categories minor-meta\"><a href=\"https:\/\/rechtsanwalt.fr\/fr\/category\/news-archive\/news-archive-2017\/droit-social-fr\/\" rel=\"tag\">Droit social<\/a><\/span><h2 class='post-title entry-title '  itemprop=\"headline\" ><a href=\"https:\/\/rechtsanwalt.fr\/fr\/employeur-ou-donneur-dordre-en-allemagne-activite-independante-fictive-ou-activite-non-salariee-2\/\" rel=\"bookmark\" title=\"Lien permanent : Employeur ou donneur d\u2019ordre en Allemagne : Activit\u00e9 ind\u00e9pendante fictive ou activit\u00e9 non salari\u00e9e ?\">Employeur ou donneur d\u2019ordre en Allemagne : Activit\u00e9 ind\u00e9pendante fictive ou activit\u00e9 non salari\u00e9e ?<span class=\"post-format-icon minor-meta\"><\/span><\/a><\/h2><\/div><\/header><span class=\"post-meta-infos\"><time class=\"date-container minor-meta updated\"  itemprop=\"datePublished\" datetime=\"2017-12-22T12:50:00+01:00\" >22 d\u00e9cembre 2017<\/time><div class=\"read-more-link\"><a href=\"https:\/\/rechtsanwalt.fr\/fr\/employeur-ou-donneur-dordre-en-allemagne-activite-independante-fictive-ou-activite-non-salariee-2\/\" class=\"more-link\">Lire la suite<span class='more-link-arrow avia-svg-icon avia-font-svg_entypo-fontello' data-av_svg_icon='right-open-big' data-av_iconset='svg_entypo-fontello'><svg version=\"1.1\" xmlns=\"http:\/\/www.w3.org\/2000\/svg\" width=\"15\" height=\"32\" viewBox=\"0 0 15 32\" preserveAspectRatio=\"xMidYMid meet\" role=\"graphics-symbol\" aria-hidden=\"true\">\n<path d=\"M0.416 27.84l11.456-11.84-11.456-11.904q-0.832-0.832 0-1.536 0.832-0.832 1.536 0l12.544 12.608q0.768 0.832 0 1.6l-12.544 12.608q-0.704 0.832-1.536 0-0.832-0.704 0-1.536z\"><\/path>\n<\/svg><\/span><\/a><\/div><\/span><footer class=\"entry-footer\"><\/footer><div class='post_delimiter'><\/div><\/div><div class=\"post_author_timeline\"><\/div><span class='hidden'>\n\t\t\t\t<span class='av-structured-data'  itemprop=\"image\" itemscope=\"itemscope\" itemtype=\"https:\/\/schema.org\/ImageObject\" >\n\t\t\t\t\t\t<span itemprop='url'>https:\/\/rechtsanwalt.fr\/wp-content\/uploads\/2024\/05\/logo_header_fr_web.epp_.svg<\/span>\n\t\t\t\t\t\t<span itemprop='height'>0<\/span>\n\t\t\t\t\t\t<span itemprop='width'>0<\/span>\n\t\t\t\t<\/span>\n\t\t\t\t<span class='av-structured-data'  itemprop=\"publisher\" itemtype=\"https:\/\/schema.org\/Organization\" itemscope=\"itemscope\" >\n\t\t\t\t\t\t<span itemprop='name'>epp.content<\/span>\n\t\t\t\t\t\t<span itemprop='logo' itemscope itemtype='https:\/\/schema.org\/ImageObject'>\n\t\t\t\t\t\t\t<span itemprop='url'>https:\/\/rechtsanwalt.fr\/wp-content\/uploads\/2024\/05\/logo_header_fr_web.epp_.svg<\/span>\n\t\t\t\t\t\t<\/span>\n\t\t\t\t<\/span><span class='av-structured-data'  itemprop=\"author\" itemscope=\"itemscope\" itemtype=\"https:\/\/schema.org\/Person\" ><span itemprop='name'>epp.content<\/span><\/span><span class='av-structured-data'  itemprop=\"datePublished\" datetime=\"2017-12-22T12:50:00+01:00\" >2017-12-22 12:50:00<\/span><span class='av-structured-data'  itemprop=\"dateModified\" itemtype=\"https:\/\/schema.org\/dateModified\" >2021-04-07 11:27:01<\/span><span class='av-structured-data'  itemprop=\"mainEntityOfPage\" itemtype=\"https:\/\/schema.org\/mainEntityOfPage\" ><span itemprop='name'>Employeur ou donneur d\u2019ordre en Allemagne : Activit\u00e9 ind\u00e9pendante fictive ou activit\u00e9 non salari\u00e9e ?<\/span><\/span><\/span><\/article><article class=\"post-entry post-entry-type-standard post-entry-10680 post-loop-4 post-parity-even bloglist-simple  post-10680 post type-post status-publish format-standard hentry category-droit-social-fr\"  itemscope=\"itemscope\" itemtype=\"https:\/\/schema.org\/BlogPosting\" ><div class=\"blog-meta\"><\/div><div class='entry-content-wrapper clearfix standard-content'><header class=\"entry-content-header\" aria-label=\"Articles : Entreprises en Allemagne : Avertissement \u00e0 un employ\u00e9 \u2013 Quels crit\u00e8res \u00e0 respecter ?\"><div class=\"av-heading-wrapper\"><span class=\"blog-categories minor-meta\"><a href=\"https:\/\/rechtsanwalt.fr\/fr\/category\/news-archive\/news-archive-2017\/droit-social-fr\/\" rel=\"tag\">Droit social<\/a><\/span><h2 class='post-title entry-title '  itemprop=\"headline\" ><a href=\"https:\/\/rechtsanwalt.fr\/fr\/entreprises-en-allemagne-avertissement-a-un-employe-quels-criteres-a-respecter\/\" rel=\"bookmark\" title=\"Lien permanent : Entreprises en Allemagne : Avertissement \u00e0 un employ\u00e9 \u2013 Quels crit\u00e8res \u00e0 respecter ?\">Entreprises en Allemagne : Avertissement \u00e0 un employ\u00e9 \u2013 Quels crit\u00e8res \u00e0 respecter ?<span class=\"post-format-icon minor-meta\"><\/span><\/a><\/h2><\/div><\/header><span class=\"post-meta-infos\"><time class=\"date-container minor-meta updated\"  itemprop=\"datePublished\" datetime=\"2017-12-22T12:40:00+01:00\" >22 d\u00e9cembre 2017<\/time><div class=\"read-more-link\"><a href=\"https:\/\/rechtsanwalt.fr\/fr\/entreprises-en-allemagne-avertissement-a-un-employe-quels-criteres-a-respecter\/\" class=\"more-link\">Lire la suite<span class='more-link-arrow avia-svg-icon avia-font-svg_entypo-fontello' data-av_svg_icon='right-open-big' data-av_iconset='svg_entypo-fontello'><svg version=\"1.1\" xmlns=\"http:\/\/www.w3.org\/2000\/svg\" width=\"15\" height=\"32\" viewBox=\"0 0 15 32\" preserveAspectRatio=\"xMidYMid meet\" role=\"graphics-symbol\" aria-hidden=\"true\">\n<path d=\"M0.416 27.84l11.456-11.84-11.456-11.904q-0.832-0.832 0-1.536 0.832-0.832 1.536 0l12.544 12.608q0.768 0.832 0 1.6l-12.544 12.608q-0.704 0.832-1.536 0-0.832-0.704 0-1.536z\"><\/path>\n<\/svg><\/span><\/a><\/div><\/span><footer class=\"entry-footer\"><\/footer><div class='post_delimiter'><\/div><\/div><div class=\"post_author_timeline\"><\/div><span class='hidden'>\n\t\t\t\t<span class='av-structured-data'  itemprop=\"image\" itemscope=\"itemscope\" itemtype=\"https:\/\/schema.org\/ImageObject\" >\n\t\t\t\t\t\t<span itemprop='url'>https:\/\/rechtsanwalt.fr\/wp-content\/uploads\/2024\/05\/logo_header_fr_web.epp_.svg<\/span>\n\t\t\t\t\t\t<span itemprop='height'>0<\/span>\n\t\t\t\t\t\t<span itemprop='width'>0<\/span>\n\t\t\t\t<\/span>\n\t\t\t\t<span class='av-structured-data'  itemprop=\"publisher\" itemtype=\"https:\/\/schema.org\/Organization\" itemscope=\"itemscope\" >\n\t\t\t\t\t\t<span itemprop='name'>epp.content<\/span>\n\t\t\t\t\t\t<span itemprop='logo' itemscope itemtype='https:\/\/schema.org\/ImageObject'>\n\t\t\t\t\t\t\t<span itemprop='url'>https:\/\/rechtsanwalt.fr\/wp-content\/uploads\/2024\/05\/logo_header_fr_web.epp_.svg<\/span>\n\t\t\t\t\t\t<\/span>\n\t\t\t\t<\/span><span class='av-structured-data'  itemprop=\"author\" itemscope=\"itemscope\" itemtype=\"https:\/\/schema.org\/Person\" ><span itemprop='name'>epp.content<\/span><\/span><span class='av-structured-data'  itemprop=\"datePublished\" datetime=\"2017-12-22T12:40:00+01:00\" >2017-12-22 12:40:00<\/span><span class='av-structured-data'  itemprop=\"dateModified\" itemtype=\"https:\/\/schema.org\/dateModified\" >2021-04-07 11:27:29<\/span><span class='av-structured-data'  itemprop=\"mainEntityOfPage\" itemtype=\"https:\/\/schema.org\/mainEntityOfPage\" ><span itemprop='name'>Entreprises en Allemagne : Avertissement \u00e0 un employ\u00e9 \u2013 Quels crit\u00e8res \u00e0 respecter ?<\/span><\/span><\/span><\/article><article class=\"post-entry post-entry-type-standard post-entry-10668 post-loop-5 post-parity-odd bloglist-simple  post-10668 post type-post status-publish format-standard hentry category-gerant-gmbh\"  itemscope=\"itemscope\" itemtype=\"https:\/\/schema.org\/BlogPosting\" ><div class=\"blog-meta\"><\/div><div class='entry-content-wrapper clearfix standard-content'><header class=\"entry-content-header\" aria-label=\"Articles : Entreprises en Allemagne: Responsabilit\u00e9 du g\u00e9rant allemand d\u2019une GmbH (SARL de droit allemand) concernant la l\u00e9galit\u00e9 du mod\u00e8le \u00e9conomique de la soci\u00e9t\u00e9\"><div class=\"av-heading-wrapper\"><span class=\"blog-categories minor-meta\"><a href=\"https:\/\/rechtsanwalt.fr\/fr\/category\/news-archive\/news-archive-2017\/gerant-gmbh\/\" rel=\"tag\">G\u00e9rant GmbH<\/a><\/span><h2 class='post-title entry-title '  itemprop=\"headline\" ><a href=\"https:\/\/rechtsanwalt.fr\/fr\/entreprises-en-allemagne-responsabilite-du-gerant-allemand-dune-gmbh-sarl-de-droit-allemand-concernant-la-legalite-du-modele-economique-de-la-societe\/\" rel=\"bookmark\" title=\"Lien permanent : Entreprises en Allemagne: Responsabilit\u00e9 du g\u00e9rant allemand d\u2019une GmbH (SARL de droit allemand) concernant la l\u00e9galit\u00e9 du mod\u00e8le \u00e9conomique de la soci\u00e9t\u00e9\">Entreprises en Allemagne: Responsabilit\u00e9 du g\u00e9rant allemand d\u2019une GmbH (SARL de droit allemand) concernant la l\u00e9galit\u00e9 du mod\u00e8le \u00e9conomique de la soci\u00e9t\u00e9<span class=\"post-format-icon minor-meta\"><\/span><\/a><\/h2><\/div><\/header><span class=\"post-meta-infos\"><time class=\"date-container minor-meta updated\"  itemprop=\"datePublished\" datetime=\"2017-12-22T12:21:00+01:00\" >22 d\u00e9cembre 2017<\/time><div class=\"read-more-link\"><a href=\"https:\/\/rechtsanwalt.fr\/fr\/entreprises-en-allemagne-responsabilite-du-gerant-allemand-dune-gmbh-sarl-de-droit-allemand-concernant-la-legalite-du-modele-economique-de-la-societe\/\" class=\"more-link\">Lire la suite<span class='more-link-arrow avia-svg-icon avia-font-svg_entypo-fontello' data-av_svg_icon='right-open-big' data-av_iconset='svg_entypo-fontello'><svg version=\"1.1\" xmlns=\"http:\/\/www.w3.org\/2000\/svg\" width=\"15\" height=\"32\" viewBox=\"0 0 15 32\" preserveAspectRatio=\"xMidYMid meet\" role=\"graphics-symbol\" aria-hidden=\"true\">\n<path d=\"M0.416 27.84l11.456-11.84-11.456-11.904q-0.832-0.832 0-1.536 0.832-0.832 1.536 0l12.544 12.608q0.768 0.832 0 1.6l-12.544 12.608q-0.704 0.832-1.536 0-0.832-0.704 0-1.536z\"><\/path>\n<\/svg><\/span><\/a><\/div><\/span><footer class=\"entry-footer\"><\/footer><div class='post_delimiter'><\/div><\/div><div class=\"post_author_timeline\"><\/div><span class='hidden'>\n\t\t\t\t<span class='av-structured-data'  itemprop=\"image\" itemscope=\"itemscope\" itemtype=\"https:\/\/schema.org\/ImageObject\" >\n\t\t\t\t\t\t<span itemprop='url'>https:\/\/rechtsanwalt.fr\/wp-content\/uploads\/2024\/05\/logo_header_fr_web.epp_.svg<\/span>\n\t\t\t\t\t\t<span itemprop='height'>0<\/span>\n\t\t\t\t\t\t<span itemprop='width'>0<\/span>\n\t\t\t\t<\/span>\n\t\t\t\t<span class='av-structured-data'  itemprop=\"publisher\" itemtype=\"https:\/\/schema.org\/Organization\" itemscope=\"itemscope\" >\n\t\t\t\t\t\t<span itemprop='name'>epp.content<\/span>\n\t\t\t\t\t\t<span itemprop='logo' itemscope itemtype='https:\/\/schema.org\/ImageObject'>\n\t\t\t\t\t\t\t<span itemprop='url'>https:\/\/rechtsanwalt.fr\/wp-content\/uploads\/2024\/05\/logo_header_fr_web.epp_.svg<\/span>\n\t\t\t\t\t\t<\/span>\n\t\t\t\t<\/span><span class='av-structured-data'  itemprop=\"author\" itemscope=\"itemscope\" itemtype=\"https:\/\/schema.org\/Person\" ><span itemprop='name'>epp.content<\/span><\/span><span class='av-structured-data'  itemprop=\"datePublished\" datetime=\"2017-12-22T12:21:00+01:00\" >2017-12-22 12:21:00<\/span><span class='av-structured-data'  itemprop=\"dateModified\" itemtype=\"https:\/\/schema.org\/dateModified\" >2021-04-07 11:27:53<\/span><span class='av-structured-data'  itemprop=\"mainEntityOfPage\" itemtype=\"https:\/\/schema.org\/mainEntityOfPage\" ><span itemprop='name'>Entreprises en Allemagne: Responsabilit\u00e9 du g\u00e9rant allemand d\u2019une GmbH (SARL de droit allemand) concernant la l\u00e9galit\u00e9 du mod\u00e8le \u00e9conomique de la soci\u00e9t\u00e9<\/span><\/span><\/span><\/article><article class=\"post-entry post-entry-type-standard post-entry-10877 post-loop-6 post-parity-even bloglist-simple  post-10877 post type-post status-publish format-standard hentry category-droit-social-fr\"  itemscope=\"itemscope\" itemtype=\"https:\/\/schema.org\/BlogPosting\" ><div class=\"blog-meta\"><\/div><div class='entry-content-wrapper clearfix standard-content'><header class=\"entry-content-header\" aria-label=\"Articles : Entreprises en Allemagne : Dans quelle mesure est-il possible de prolonger contractuellement la dur\u00e9e du pr\u00e9avis ?\"><div class=\"av-heading-wrapper\"><span class=\"blog-categories minor-meta\"><a href=\"https:\/\/rechtsanwalt.fr\/fr\/category\/news-archive\/news-archive-2017\/droit-social-fr\/\" rel=\"tag\">Droit social<\/a><\/span><h2 class='post-title entry-title '  itemprop=\"headline\" ><a href=\"https:\/\/rechtsanwalt.fr\/fr\/entreprises-en-allemagne-dans-quelle-mesure-est-il-possible-de-prolonger-contractuellement-la-duree-du-preavis\/\" rel=\"bookmark\" title=\"Lien permanent : Entreprises en Allemagne : Dans quelle mesure est-il possible de prolonger contractuellement la dur\u00e9e du pr\u00e9avis ?\">Entreprises en Allemagne : Dans quelle mesure est-il possible de prolonger contractuellement la dur\u00e9e du pr\u00e9avis ?<span class=\"post-format-icon minor-meta\"><\/span><\/a><\/h2><\/div><\/header><span class=\"post-meta-infos\"><time class=\"date-container minor-meta updated\"  itemprop=\"datePublished\" datetime=\"2017-12-22T12:13:00+01:00\" >22 d\u00e9cembre 2017<\/time><div class=\"read-more-link\"><a href=\"https:\/\/rechtsanwalt.fr\/fr\/entreprises-en-allemagne-dans-quelle-mesure-est-il-possible-de-prolonger-contractuellement-la-duree-du-preavis\/\" class=\"more-link\">Lire la suite<span class='more-link-arrow avia-svg-icon avia-font-svg_entypo-fontello' data-av_svg_icon='right-open-big' data-av_iconset='svg_entypo-fontello'><svg version=\"1.1\" xmlns=\"http:\/\/www.w3.org\/2000\/svg\" width=\"15\" height=\"32\" viewBox=\"0 0 15 32\" preserveAspectRatio=\"xMidYMid meet\" role=\"graphics-symbol\" aria-hidden=\"true\">\n<path d=\"M0.416 27.84l11.456-11.84-11.456-11.904q-0.832-0.832 0-1.536 0.832-0.832 1.536 0l12.544 12.608q0.768 0.832 0 1.6l-12.544 12.608q-0.704 0.832-1.536 0-0.832-0.704 0-1.536z\"><\/path>\n<\/svg><\/span><\/a><\/div><\/span><footer class=\"entry-footer\"><\/footer><div class='post_delimiter'><\/div><\/div><div class=\"post_author_timeline\"><\/div><span class='hidden'>\n\t\t\t\t<span class='av-structured-data'  itemprop=\"image\" itemscope=\"itemscope\" itemtype=\"https:\/\/schema.org\/ImageObject\" >\n\t\t\t\t\t\t<span itemprop='url'>https:\/\/rechtsanwalt.fr\/wp-content\/uploads\/2024\/05\/logo_header_fr_web.epp_.svg<\/span>\n\t\t\t\t\t\t<span itemprop='height'>0<\/span>\n\t\t\t\t\t\t<span itemprop='width'>0<\/span>\n\t\t\t\t<\/span>\n\t\t\t\t<span class='av-structured-data'  itemprop=\"publisher\" itemtype=\"https:\/\/schema.org\/Organization\" itemscope=\"itemscope\" >\n\t\t\t\t\t\t<span itemprop='name'>epp.content<\/span>\n\t\t\t\t\t\t<span itemprop='logo' itemscope itemtype='https:\/\/schema.org\/ImageObject'>\n\t\t\t\t\t\t\t<span itemprop='url'>https:\/\/rechtsanwalt.fr\/wp-content\/uploads\/2024\/05\/logo_header_fr_web.epp_.svg<\/span>\n\t\t\t\t\t\t<\/span>\n\t\t\t\t<\/span><span class='av-structured-data'  itemprop=\"author\" itemscope=\"itemscope\" itemtype=\"https:\/\/schema.org\/Person\" ><span itemprop='name'>epp.content<\/span><\/span><span class='av-structured-data'  itemprop=\"datePublished\" datetime=\"2017-12-22T12:13:00+01:00\" >2017-12-22 12:13:00<\/span><span class='av-structured-data'  itemprop=\"dateModified\" itemtype=\"https:\/\/schema.org\/dateModified\" >2021-04-07 11:28:14<\/span><span class='av-structured-data'  itemprop=\"mainEntityOfPage\" itemtype=\"https:\/\/schema.org\/mainEntityOfPage\" ><span itemprop='name'>Entreprises en Allemagne : Dans quelle mesure est-il possible de prolonger contractuellement la dur\u00e9e du pr\u00e9avis ?<\/span><\/span><\/span><\/article><article class=\"post-entry post-entry-type-standard post-entry-10785 post-loop-7 post-parity-odd bloglist-simple  post-10785 post type-post status-publish format-standard hentry category-droit-des-societes-fr\"  itemscope=\"itemscope\" itemtype=\"https:\/\/schema.org\/BlogPosting\" ><div class=\"blog-meta\"><\/div><div class='entry-content-wrapper clearfix standard-content'><header class=\"entry-content-header\" aria-label=\"Articles : Contentieux en Allemagne: Pr\u00e9sentation de l\u2019organisation judiciaire allemande\"><div class=\"av-heading-wrapper\"><span class=\"blog-categories minor-meta\"><a href=\"https:\/\/rechtsanwalt.fr\/fr\/category\/news-archive\/news-archive-2017\/droit-des-societes-fr\/\" rel=\"tag\">Droit des soci\u00e9t\u00e9s<\/a><\/span><h2 class='post-title entry-title '  itemprop=\"headline\" ><a href=\"https:\/\/rechtsanwalt.fr\/fr\/contentieux-en-allemagne-presentation-de-lorganisation-judiciaire-allemande-2\/\" rel=\"bookmark\" title=\"Lien permanent : Contentieux en Allemagne: Pr\u00e9sentation de l\u2019organisation judiciaire allemande\">Contentieux en Allemagne: Pr\u00e9sentation de l\u2019organisation judiciaire allemande<span class=\"post-format-icon minor-meta\"><\/span><\/a><\/h2><\/div><\/header><span class=\"post-meta-infos\"><time class=\"date-container minor-meta updated\"  itemprop=\"datePublished\" datetime=\"2017-12-12T15:49:00+01:00\" >12 d\u00e9cembre 2017<\/time><div class=\"read-more-link\"><a href=\"https:\/\/rechtsanwalt.fr\/fr\/contentieux-en-allemagne-presentation-de-lorganisation-judiciaire-allemande-2\/\" class=\"more-link\">Lire la suite<span class='more-link-arrow avia-svg-icon avia-font-svg_entypo-fontello' data-av_svg_icon='right-open-big' data-av_iconset='svg_entypo-fontello'><svg version=\"1.1\" xmlns=\"http:\/\/www.w3.org\/2000\/svg\" width=\"15\" height=\"32\" viewBox=\"0 0 15 32\" preserveAspectRatio=\"xMidYMid meet\" role=\"graphics-symbol\" aria-hidden=\"true\">\n<path d=\"M0.416 27.84l11.456-11.84-11.456-11.904q-0.832-0.832 0-1.536 0.832-0.832 1.536 0l12.544 12.608q0.768 0.832 0 1.6l-12.544 12.608q-0.704 0.832-1.536 0-0.832-0.704 0-1.536z\"><\/path>\n<\/svg><\/span><\/a><\/div><\/span><footer class=\"entry-footer\"><\/footer><div class='post_delimiter'><\/div><\/div><div class=\"post_author_timeline\"><\/div><span class='hidden'>\n\t\t\t\t<span class='av-structured-data'  itemprop=\"image\" itemscope=\"itemscope\" itemtype=\"https:\/\/schema.org\/ImageObject\" >\n\t\t\t\t\t\t<span itemprop='url'>https:\/\/rechtsanwalt.fr\/wp-content\/uploads\/2024\/05\/logo_header_fr_web.epp_.svg<\/span>\n\t\t\t\t\t\t<span itemprop='height'>0<\/span>\n\t\t\t\t\t\t<span itemprop='width'>0<\/span>\n\t\t\t\t<\/span>\n\t\t\t\t<span class='av-structured-data'  itemprop=\"publisher\" itemtype=\"https:\/\/schema.org\/Organization\" itemscope=\"itemscope\" >\n\t\t\t\t\t\t<span itemprop='name'>epp.content<\/span>\n\t\t\t\t\t\t<span itemprop='logo' itemscope itemtype='https:\/\/schema.org\/ImageObject'>\n\t\t\t\t\t\t\t<span itemprop='url'>https:\/\/rechtsanwalt.fr\/wp-content\/uploads\/2024\/05\/logo_header_fr_web.epp_.svg<\/span>\n\t\t\t\t\t\t<\/span>\n\t\t\t\t<\/span><span class='av-structured-data'  itemprop=\"author\" itemscope=\"itemscope\" itemtype=\"https:\/\/schema.org\/Person\" ><span itemprop='name'>epp.content<\/span><\/span><span class='av-structured-data'  itemprop=\"datePublished\" datetime=\"2017-12-12T15:49:00+01:00\" >2017-12-12 15:49:00<\/span><span class='av-structured-data'  itemprop=\"dateModified\" itemtype=\"https:\/\/schema.org\/dateModified\" >2021-04-07 11:28:32<\/span><span class='av-structured-data'  itemprop=\"mainEntityOfPage\" itemtype=\"https:\/\/schema.org\/mainEntityOfPage\" ><span itemprop='name'>Contentieux en Allemagne: Pr\u00e9sentation de l\u2019organisation judiciaire allemande<\/span><\/span><\/span><\/article><article class=\"post-entry post-entry-type-standard post-entry-10779 post-loop-8 post-parity-even bloglist-simple  post-10779 post type-post status-publish format-standard hentry category-droit-social-fr\"  itemscope=\"itemscope\" itemtype=\"https:\/\/schema.org\/BlogPosting\" ><div class=\"blog-meta\"><\/div><div class='entry-content-wrapper clearfix standard-content'><header class=\"entry-content-header\" aria-label=\"Articles : Entreprises en Allemagne : Quand et comment d\u00e9clarer les accidents du travail en Allemagne?\"><div class=\"av-heading-wrapper\"><span class=\"blog-categories minor-meta\"><a href=\"https:\/\/rechtsanwalt.fr\/fr\/category\/news-archive\/news-archive-2017\/droit-social-fr\/\" rel=\"tag\">Droit social<\/a><\/span><h2 class='post-title entry-title '  itemprop=\"headline\" ><a href=\"https:\/\/rechtsanwalt.fr\/fr\/entreprises-en-allemagne-quand-et-comment-declarer-les-accidents-du-travail-en-allemagne\/\" rel=\"bookmark\" title=\"Lien permanent : Entreprises en Allemagne : Quand et comment d\u00e9clarer les accidents du travail en Allemagne?\">Entreprises en Allemagne : Quand et comment d\u00e9clarer les accidents du travail en Allemagne?<span class=\"post-format-icon minor-meta\"><\/span><\/a><\/h2><\/div><\/header><span class=\"post-meta-infos\"><time class=\"date-container minor-meta updated\"  itemprop=\"datePublished\" datetime=\"2017-10-31T15:39:00+01:00\" >31 octobre 2017<\/time><div class=\"read-more-link\"><a href=\"https:\/\/rechtsanwalt.fr\/fr\/entreprises-en-allemagne-quand-et-comment-declarer-les-accidents-du-travail-en-allemagne\/\" class=\"more-link\">Lire la suite<span class='more-link-arrow avia-svg-icon avia-font-svg_entypo-fontello' data-av_svg_icon='right-open-big' data-av_iconset='svg_entypo-fontello'><svg version=\"1.1\" xmlns=\"http:\/\/www.w3.org\/2000\/svg\" width=\"15\" height=\"32\" viewBox=\"0 0 15 32\" preserveAspectRatio=\"xMidYMid meet\" role=\"graphics-symbol\" aria-hidden=\"true\">\n<path d=\"M0.416 27.84l11.456-11.84-11.456-11.904q-0.832-0.832 0-1.536 0.832-0.832 1.536 0l12.544 12.608q0.768 0.832 0 1.6l-12.544 12.608q-0.704 0.832-1.536 0-0.832-0.704 0-1.536z\"><\/path>\n<\/svg><\/span><\/a><\/div><\/span><footer class=\"entry-footer\"><\/footer><div class='post_delimiter'><\/div><\/div><div class=\"post_author_timeline\"><\/div><span class='hidden'>\n\t\t\t\t<span class='av-structured-data'  itemprop=\"image\" itemscope=\"itemscope\" itemtype=\"https:\/\/schema.org\/ImageObject\" >\n\t\t\t\t\t\t<span itemprop='url'>https:\/\/rechtsanwalt.fr\/wp-content\/uploads\/2024\/05\/logo_header_fr_web.epp_.svg<\/span>\n\t\t\t\t\t\t<span itemprop='height'>0<\/span>\n\t\t\t\t\t\t<span itemprop='width'>0<\/span>\n\t\t\t\t<\/span>\n\t\t\t\t<span class='av-structured-data'  itemprop=\"publisher\" itemtype=\"https:\/\/schema.org\/Organization\" itemscope=\"itemscope\" >\n\t\t\t\t\t\t<span itemprop='name'>epp.content<\/span>\n\t\t\t\t\t\t<span itemprop='logo' itemscope itemtype='https:\/\/schema.org\/ImageObject'>\n\t\t\t\t\t\t\t<span itemprop='url'>https:\/\/rechtsanwalt.fr\/wp-content\/uploads\/2024\/05\/logo_header_fr_web.epp_.svg<\/span>\n\t\t\t\t\t\t<\/span>\n\t\t\t\t<\/span><span class='av-structured-data'  itemprop=\"author\" itemscope=\"itemscope\" itemtype=\"https:\/\/schema.org\/Person\" ><span itemprop='name'>epp.content<\/span><\/span><span class='av-structured-data'  itemprop=\"datePublished\" datetime=\"2017-10-31T15:39:00+01:00\" >2017-10-31 15:39:00<\/span><span class='av-structured-data'  itemprop=\"dateModified\" itemtype=\"https:\/\/schema.org\/dateModified\" >2021-04-07 11:28:51<\/span><span class='av-structured-data'  itemprop=\"mainEntityOfPage\" itemtype=\"https:\/\/schema.org\/mainEntityOfPage\" ><span itemprop='name'>Entreprises en Allemagne : Quand et comment d\u00e9clarer les accidents du travail en Allemagne?<\/span><\/span><\/span><\/article><article class=\"post-entry post-entry-type-standard post-entry-10743 post-loop-9 post-parity-odd bloglist-simple  post-10743 post type-post status-publish format-standard hentry category-droit-social-fr\"  itemscope=\"itemscope\" itemtype=\"https:\/\/schema.org\/BlogPosting\" ><div class=\"blog-meta\"><\/div><div class='entry-content-wrapper clearfix standard-content'><header class=\"entry-content-header\" aria-label=\"Articles : Pouvoir de direction de l\u2019employeur en Allemagne : Une mesure de mutation injuste doit-elle \u00eatre respect\u00e9e par le salari\u00e9 ?\"><div class=\"av-heading-wrapper\"><span class=\"blog-categories minor-meta\"><a href=\"https:\/\/rechtsanwalt.fr\/fr\/category\/news-archive\/news-archive-2017\/droit-social-fr\/\" rel=\"tag\">Droit social<\/a><\/span><h2 class='post-title entry-title '  itemprop=\"headline\" ><a href=\"https:\/\/rechtsanwalt.fr\/fr\/pouvoir-de-direction-de-lemployeur-en-allemagne-une-mesure-de-mutation-injuste-doit-elle-etre-respectee-par-le-salarie\/\" rel=\"bookmark\" title=\"Lien permanent : Pouvoir de direction de l\u2019employeur en Allemagne : Une mesure de mutation injuste doit-elle \u00eatre respect\u00e9e par le salari\u00e9 ?\">Pouvoir de direction de l\u2019employeur en Allemagne : Une mesure de mutation injuste doit-elle \u00eatre respect\u00e9e par le salari\u00e9 ?<span class=\"post-format-icon minor-meta\"><\/span><\/a><\/h2><\/div><\/header><span class=\"post-meta-infos\"><time class=\"date-container minor-meta updated\"  itemprop=\"datePublished\" datetime=\"2017-10-31T14:23:00+01:00\" >31 octobre 2017<\/time><div class=\"read-more-link\"><a href=\"https:\/\/rechtsanwalt.fr\/fr\/pouvoir-de-direction-de-lemployeur-en-allemagne-une-mesure-de-mutation-injuste-doit-elle-etre-respectee-par-le-salarie\/\" class=\"more-link\">Lire la suite<span class='more-link-arrow avia-svg-icon avia-font-svg_entypo-fontello' data-av_svg_icon='right-open-big' data-av_iconset='svg_entypo-fontello'><svg version=\"1.1\" xmlns=\"http:\/\/www.w3.org\/2000\/svg\" width=\"15\" height=\"32\" viewBox=\"0 0 15 32\" preserveAspectRatio=\"xMidYMid meet\" role=\"graphics-symbol\" aria-hidden=\"true\">\n<path d=\"M0.416 27.84l11.456-11.84-11.456-11.904q-0.832-0.832 0-1.536 0.832-0.832 1.536 0l12.544 12.608q0.768 0.832 0 1.6l-12.544 12.608q-0.704 0.832-1.536 0-0.832-0.704 0-1.536z\"><\/path>\n<\/svg><\/span><\/a><\/div><\/span><footer class=\"entry-footer\"><\/footer><div class='post_delimiter'><\/div><\/div><div class=\"post_author_timeline\"><\/div><span class='hidden'>\n\t\t\t\t<span class='av-structured-data'  itemprop=\"image\" itemscope=\"itemscope\" itemtype=\"https:\/\/schema.org\/ImageObject\" >\n\t\t\t\t\t\t<span itemprop='url'>https:\/\/rechtsanwalt.fr\/wp-content\/uploads\/2024\/05\/logo_header_fr_web.epp_.svg<\/span>\n\t\t\t\t\t\t<span itemprop='height'>0<\/span>\n\t\t\t\t\t\t<span itemprop='width'>0<\/span>\n\t\t\t\t<\/span>\n\t\t\t\t<span class='av-structured-data'  itemprop=\"publisher\" itemtype=\"https:\/\/schema.org\/Organization\" itemscope=\"itemscope\" >\n\t\t\t\t\t\t<span itemprop='name'>epp.content<\/span>\n\t\t\t\t\t\t<span itemprop='logo' itemscope itemtype='https:\/\/schema.org\/ImageObject'>\n\t\t\t\t\t\t\t<span itemprop='url'>https:\/\/rechtsanwalt.fr\/wp-content\/uploads\/2024\/05\/logo_header_fr_web.epp_.svg<\/span>\n\t\t\t\t\t\t<\/span>\n\t\t\t\t<\/span><span class='av-structured-data'  itemprop=\"author\" itemscope=\"itemscope\" itemtype=\"https:\/\/schema.org\/Person\" ><span itemprop='name'>epp.content<\/span><\/span><span class='av-structured-data'  itemprop=\"datePublished\" datetime=\"2017-10-31T14:23:00+01:00\" >2017-10-31 14:23:00<\/span><span class='av-structured-data'  itemprop=\"dateModified\" itemtype=\"https:\/\/schema.org\/dateModified\" >2021-04-07 11:29:17<\/span><span class='av-structured-data'  itemprop=\"mainEntityOfPage\" itemtype=\"https:\/\/schema.org\/mainEntityOfPage\" ><span itemprop='name'>Pouvoir de direction de l\u2019employeur en Allemagne : Une mesure de mutation injuste doit-elle \u00eatre respect\u00e9e par le salari\u00e9 ?<\/span><\/span><\/span><\/article><article class=\"post-entry post-entry-type-standard post-entry-10666 post-loop-10 post-parity-even bloglist-simple  post-10666 post type-post status-publish format-standard hentry category-droit-fiscal\"  itemscope=\"itemscope\" itemtype=\"https:\/\/schema.org\/BlogPosting\" ><div class=\"blog-meta\"><\/div><div class='entry-content-wrapper clearfix standard-content'><header class=\"entry-content-header\" aria-label=\"Articles : Entreprises en Allemagne: Descriptif de prestations dans les factures\"><div class=\"av-heading-wrapper\"><span class=\"blog-categories minor-meta\"><a href=\"https:\/\/rechtsanwalt.fr\/fr\/category\/news-archive\/news-archive-2017\/droit-fiscal\/\" rel=\"tag\">Droit fiscal<\/a><\/span><h2 class='post-title entry-title '  itemprop=\"headline\" ><a href=\"https:\/\/rechtsanwalt.fr\/fr\/entreprises-en-allemagne-descriptif-de-prestations-dans-les-factures\/\" rel=\"bookmark\" title=\"Lien permanent : Entreprises en Allemagne: Descriptif de prestations dans les factures\">Entreprises en Allemagne: Descriptif de prestations dans les factures<span class=\"post-format-icon minor-meta\"><\/span><\/a><\/h2><\/div><\/header><span class=\"post-meta-infos\"><time class=\"date-container minor-meta updated\"  itemprop=\"datePublished\" datetime=\"2017-10-31T12:14:00+01:00\" >31 octobre 2017<\/time><div class=\"read-more-link\"><a href=\"https:\/\/rechtsanwalt.fr\/fr\/entreprises-en-allemagne-descriptif-de-prestations-dans-les-factures\/\" class=\"more-link\">Lire la suite<span class='more-link-arrow avia-svg-icon avia-font-svg_entypo-fontello' data-av_svg_icon='right-open-big' data-av_iconset='svg_entypo-fontello'><svg version=\"1.1\" xmlns=\"http:\/\/www.w3.org\/2000\/svg\" width=\"15\" height=\"32\" viewBox=\"0 0 15 32\" preserveAspectRatio=\"xMidYMid meet\" role=\"graphics-symbol\" aria-hidden=\"true\">\n<path d=\"M0.416 27.84l11.456-11.84-11.456-11.904q-0.832-0.832 0-1.536 0.832-0.832 1.536 0l12.544 12.608q0.768 0.832 0 1.6l-12.544 12.608q-0.704 0.832-1.536 0-0.832-0.704 0-1.536z\"><\/path>\n<\/svg><\/span><\/a><\/div><\/span><footer class=\"entry-footer\"><\/footer><div class='post_delimiter'><\/div><\/div><div class=\"post_author_timeline\"><\/div><span class='hidden'>\n\t\t\t\t<span class='av-structured-data'  itemprop=\"image\" itemscope=\"itemscope\" itemtype=\"https:\/\/schema.org\/ImageObject\" >\n\t\t\t\t\t\t<span itemprop='url'>https:\/\/rechtsanwalt.fr\/wp-content\/uploads\/2024\/05\/logo_header_fr_web.epp_.svg<\/span>\n\t\t\t\t\t\t<span itemprop='height'>0<\/span>\n\t\t\t\t\t\t<span itemprop='width'>0<\/span>\n\t\t\t\t<\/span>\n\t\t\t\t<span class='av-structured-data'  itemprop=\"publisher\" itemtype=\"https:\/\/schema.org\/Organization\" itemscope=\"itemscope\" >\n\t\t\t\t\t\t<span itemprop='name'>epp.content<\/span>\n\t\t\t\t\t\t<span itemprop='logo' itemscope itemtype='https:\/\/schema.org\/ImageObject'>\n\t\t\t\t\t\t\t<span itemprop='url'>https:\/\/rechtsanwalt.fr\/wp-content\/uploads\/2024\/05\/logo_header_fr_web.epp_.svg<\/span>\n\t\t\t\t\t\t<\/span>\n\t\t\t\t<\/span><span class='av-structured-data'  itemprop=\"author\" itemscope=\"itemscope\" itemtype=\"https:\/\/schema.org\/Person\" ><span itemprop='name'>epp.content<\/span><\/span><span class='av-structured-data'  itemprop=\"datePublished\" datetime=\"2017-10-31T12:14:00+01:00\" >2017-10-31 12:14:00<\/span><span class='av-structured-data'  itemprop=\"dateModified\" itemtype=\"https:\/\/schema.org\/dateModified\" >2021-04-07 11:29:40<\/span><span class='av-structured-data'  itemprop=\"mainEntityOfPage\" itemtype=\"https:\/\/schema.org\/mainEntityOfPage\" ><span itemprop='name'>Entreprises en Allemagne: Descriptif de prestations dans les factures<\/span><\/span><\/span><\/article><article class=\"post-entry post-entry-type-standard post-entry-10722 post-loop-11 post-parity-odd bloglist-simple  post-10722 post type-post status-publish format-standard hentry category-droit-social-fr\"  itemscope=\"itemscope\" itemtype=\"https:\/\/schema.org\/BlogPosting\" ><div class=\"blog-meta\"><\/div><div class='entry-content-wrapper clearfix standard-content'><header class=\"entry-content-header\" aria-label=\"Articles : Droit du travail et cogestion en Allemagne : Conclusion d\u2019accords d\u2019entreprise avec le comit\u00e9 d\u2019entreprise et leurs limites\"><div class=\"av-heading-wrapper\"><span class=\"blog-categories minor-meta\"><a href=\"https:\/\/rechtsanwalt.fr\/fr\/category\/news-archive\/news-archive-2017\/droit-social-fr\/\" rel=\"tag\">Droit social<\/a><\/span><h2 class='post-title entry-title '  itemprop=\"headline\" ><a href=\"https:\/\/rechtsanwalt.fr\/fr\/droit-du-travail-et-cogestion-en-allemagne-conclusion-daccords-dentreprise-avec-le-comite-dentreprise-et-leurs-limites\/\" rel=\"bookmark\" title=\"Lien permanent : Droit du travail et cogestion en Allemagne : Conclusion d\u2019accords d\u2019entreprise avec le comit\u00e9 d\u2019entreprise et leurs limites\">Droit du travail et cogestion en Allemagne : Conclusion d\u2019accords d\u2019entreprise avec le comit\u00e9 d\u2019entreprise et leurs limites<span class=\"post-format-icon minor-meta\"><\/span><\/a><\/h2><\/div><\/header><span class=\"post-meta-infos\"><time class=\"date-container minor-meta updated\"  itemprop=\"datePublished\" datetime=\"2017-10-17T13:51:00+02:00\" >17 octobre 2017<\/time><div class=\"read-more-link\"><a href=\"https:\/\/rechtsanwalt.fr\/fr\/droit-du-travail-et-cogestion-en-allemagne-conclusion-daccords-dentreprise-avec-le-comite-dentreprise-et-leurs-limites\/\" class=\"more-link\">Lire la suite<span class='more-link-arrow avia-svg-icon avia-font-svg_entypo-fontello' data-av_svg_icon='right-open-big' data-av_iconset='svg_entypo-fontello'><svg version=\"1.1\" xmlns=\"http:\/\/www.w3.org\/2000\/svg\" width=\"15\" height=\"32\" viewBox=\"0 0 15 32\" preserveAspectRatio=\"xMidYMid meet\" role=\"graphics-symbol\" aria-hidden=\"true\">\n<path d=\"M0.416 27.84l11.456-11.84-11.456-11.904q-0.832-0.832 0-1.536 0.832-0.832 1.536 0l12.544 12.608q0.768 0.832 0 1.6l-12.544 12.608q-0.704 0.832-1.536 0-0.832-0.704 0-1.536z\"><\/path>\n<\/svg><\/span><\/a><\/div><\/span><footer class=\"entry-footer\"><\/footer><div class='post_delimiter'><\/div><\/div><div class=\"post_author_timeline\"><\/div><span class='hidden'>\n\t\t\t\t<span class='av-structured-data'  itemprop=\"image\" itemscope=\"itemscope\" itemtype=\"https:\/\/schema.org\/ImageObject\" >\n\t\t\t\t\t\t<span itemprop='url'>https:\/\/rechtsanwalt.fr\/wp-content\/uploads\/2024\/05\/logo_header_fr_web.epp_.svg<\/span>\n\t\t\t\t\t\t<span itemprop='height'>0<\/span>\n\t\t\t\t\t\t<span itemprop='width'>0<\/span>\n\t\t\t\t<\/span>\n\t\t\t\t<span class='av-structured-data'  itemprop=\"publisher\" itemtype=\"https:\/\/schema.org\/Organization\" itemscope=\"itemscope\" >\n\t\t\t\t\t\t<span itemprop='name'>epp.content<\/span>\n\t\t\t\t\t\t<span itemprop='logo' itemscope itemtype='https:\/\/schema.org\/ImageObject'>\n\t\t\t\t\t\t\t<span itemprop='url'>https:\/\/rechtsanwalt.fr\/wp-content\/uploads\/2024\/05\/logo_header_fr_web.epp_.svg<\/span>\n\t\t\t\t\t\t<\/span>\n\t\t\t\t<\/span><span class='av-structured-data'  itemprop=\"author\" itemscope=\"itemscope\" itemtype=\"https:\/\/schema.org\/Person\" ><span itemprop='name'>epp.content<\/span><\/span><span class='av-structured-data'  itemprop=\"datePublished\" datetime=\"2017-10-17T13:51:00+02:00\" >2017-10-17 13:51:00<\/span><span class='av-structured-data'  itemprop=\"dateModified\" itemtype=\"https:\/\/schema.org\/dateModified\" >2021-04-07 11:30:01<\/span><span class='av-structured-data'  itemprop=\"mainEntityOfPage\" itemtype=\"https:\/\/schema.org\/mainEntityOfPage\" ><span itemprop='name'>Droit du travail et cogestion en Allemagne : Conclusion d\u2019accords d\u2019entreprise avec le comit\u00e9 d\u2019entreprise et leurs limites<\/span><\/span><\/span><\/article><article class=\"post-entry post-entry-type-standard post-entry-10651 post-loop-12 post-parity-even bloglist-simple  post-10651 post type-post status-publish format-standard hentry category-droit-fiscal\"  itemscope=\"itemscope\" itemtype=\"https:\/\/schema.org\/BlogPosting\" ><div class=\"blog-meta\"><\/div><div class='entry-content-wrapper clearfix standard-content'><header class=\"entry-content-header\" aria-label=\"Articles : Ma soci\u00e9t\u00e9 en Allemagne peut - elle d\u00e9localiser sa comptabilit\u00e9 \u00e0 l\u2019\u00e9tranger, en France par exemple ?\"><div class=\"av-heading-wrapper\"><span class=\"blog-categories minor-meta\"><a href=\"https:\/\/rechtsanwalt.fr\/fr\/category\/news-archive\/news-archive-2017\/droit-fiscal\/\" rel=\"tag\">Droit fiscal<\/a><\/span><h2 class='post-title entry-title '  itemprop=\"headline\" ><a href=\"https:\/\/rechtsanwalt.fr\/fr\/ma-societe-en-allemagne-peut-elle-delocaliser-sa-comptabilite-a-letranger-en-france-26-par-exemple\/\" rel=\"bookmark\" title=\"Lien permanent : Ma soci\u00e9t\u00e9 en Allemagne peut - elle d\u00e9localiser sa comptabilit\u00e9 \u00e0 l\u2019\u00e9tranger, en France par exemple ?\">Ma soci\u00e9t\u00e9 en Allemagne peut - elle d\u00e9localiser sa comptabilit\u00e9 \u00e0 l\u2019\u00e9tranger, en France par exemple ?<span class=\"post-format-icon minor-meta\"><\/span><\/a><\/h2><\/div><\/header><span class=\"post-meta-infos\"><time class=\"date-container minor-meta updated\"  itemprop=\"datePublished\" datetime=\"2017-09-12T11:25:00+02:00\" >12 septembre 2017<\/time><div class=\"read-more-link\"><a href=\"https:\/\/rechtsanwalt.fr\/fr\/ma-societe-en-allemagne-peut-elle-delocaliser-sa-comptabilite-a-letranger-en-france-26-par-exemple\/\" class=\"more-link\">Lire la suite<span class='more-link-arrow avia-svg-icon avia-font-svg_entypo-fontello' data-av_svg_icon='right-open-big' data-av_iconset='svg_entypo-fontello'><svg version=\"1.1\" xmlns=\"http:\/\/www.w3.org\/2000\/svg\" width=\"15\" height=\"32\" viewBox=\"0 0 15 32\" preserveAspectRatio=\"xMidYMid meet\" role=\"graphics-symbol\" aria-hidden=\"true\">\n<path d=\"M0.416 27.84l11.456-11.84-11.456-11.904q-0.832-0.832 0-1.536 0.832-0.832 1.536 0l12.544 12.608q0.768 0.832 0 1.6l-12.544 12.608q-0.704 0.832-1.536 0-0.832-0.704 0-1.536z\"><\/path>\n<\/svg><\/span><\/a><\/div><\/span><footer class=\"entry-footer\"><\/footer><div class='post_delimiter'><\/div><\/div><div class=\"post_author_timeline\"><\/div><span class='hidden'>\n\t\t\t\t<span class='av-structured-data'  itemprop=\"image\" itemscope=\"itemscope\" itemtype=\"https:\/\/schema.org\/ImageObject\" >\n\t\t\t\t\t\t<span itemprop='url'>https:\/\/rechtsanwalt.fr\/wp-content\/uploads\/2024\/05\/logo_header_fr_web.epp_.svg<\/span>\n\t\t\t\t\t\t<span itemprop='height'>0<\/span>\n\t\t\t\t\t\t<span itemprop='width'>0<\/span>\n\t\t\t\t<\/span>\n\t\t\t\t<span class='av-structured-data'  itemprop=\"publisher\" itemtype=\"https:\/\/schema.org\/Organization\" itemscope=\"itemscope\" >\n\t\t\t\t\t\t<span itemprop='name'>epp.content<\/span>\n\t\t\t\t\t\t<span itemprop='logo' itemscope itemtype='https:\/\/schema.org\/ImageObject'>\n\t\t\t\t\t\t\t<span itemprop='url'>https:\/\/rechtsanwalt.fr\/wp-content\/uploads\/2024\/05\/logo_header_fr_web.epp_.svg<\/span>\n\t\t\t\t\t\t<\/span>\n\t\t\t\t<\/span><span class='av-structured-data'  itemprop=\"author\" itemscope=\"itemscope\" itemtype=\"https:\/\/schema.org\/Person\" ><span itemprop='name'>epp.content<\/span><\/span><span class='av-structured-data'  itemprop=\"datePublished\" datetime=\"2017-09-12T11:25:00+02:00\" >2017-09-12 11:25:00<\/span><span class='av-structured-data'  itemprop=\"dateModified\" itemtype=\"https:\/\/schema.org\/dateModified\" >2021-04-07 11:30:23<\/span><span class='av-structured-data'  itemprop=\"mainEntityOfPage\" itemtype=\"https:\/\/schema.org\/mainEntityOfPage\" ><span itemprop='name'>Ma soci\u00e9t\u00e9 en Allemagne peut - elle d\u00e9localiser sa comptabilit\u00e9 \u00e0 l\u2019\u00e9tranger, en France par exemple ?<\/span><\/span><\/span><\/article><article class=\"post-entry post-entry-type-standard post-entry-10747 post-loop-13 post-parity-odd bloglist-simple  post-10747 post type-post status-publish format-standard hentry category-droit-social-fr\"  itemscope=\"itemscope\" itemtype=\"https:\/\/schema.org\/BlogPosting\" ><div class=\"blog-meta\"><\/div><div class='entry-content-wrapper clearfix standard-content'><header class=\"entry-content-header\" aria-label=\"Articles : Entreprises en Allemagne : Quels sont les r\u00e8gles \u00e0 respecter par les entreprises pr\u00eateuses et utilisatrices suite \u00e0 la grande reforme du pr\u00eat de main d\u2019\u0153uvre en Allemagne ?\"><div class=\"av-heading-wrapper\"><span class=\"blog-categories minor-meta\"><a href=\"https:\/\/rechtsanwalt.fr\/fr\/category\/news-archive\/news-archive-2017\/droit-social-fr\/\" rel=\"tag\">Droit social<\/a><\/span><h2 class='post-title entry-title '  itemprop=\"headline\" ><a href=\"https:\/\/rechtsanwalt.fr\/fr\/entreprises-en-allemagne-quels-sont-les-regles-a-respecter-par-les-entreprises-preteuses-et-utilisatrices-suite-a-la-grande-reforme-du-pret-de-main-doeuvre-en-allemagne\/\" rel=\"bookmark\" title=\"Lien permanent : Entreprises en Allemagne : Quels sont les r\u00e8gles \u00e0 respecter par les entreprises pr\u00eateuses et utilisatrices suite \u00e0 la grande reforme du pr\u00eat de main d\u2019\u0153uvre en Allemagne ?\">Entreprises en Allemagne : Quels sont les r\u00e8gles \u00e0 respecter par les entreprises pr\u00eateuses et utilisatrices suite \u00e0 la grande reforme du pr\u00eat de main d\u2019\u0153uvre en Allemagne ?<span class=\"post-format-icon minor-meta\"><\/span><\/a><\/h2><\/div><\/header><span class=\"post-meta-infos\"><time class=\"date-container minor-meta updated\"  itemprop=\"datePublished\" datetime=\"2017-09-05T14:36:00+02:00\" >5 septembre 2017<\/time><div class=\"read-more-link\"><a href=\"https:\/\/rechtsanwalt.fr\/fr\/entreprises-en-allemagne-quels-sont-les-regles-a-respecter-par-les-entreprises-preteuses-et-utilisatrices-suite-a-la-grande-reforme-du-pret-de-main-doeuvre-en-allemagne\/\" class=\"more-link\">Lire la suite<span class='more-link-arrow avia-svg-icon avia-font-svg_entypo-fontello' data-av_svg_icon='right-open-big' data-av_iconset='svg_entypo-fontello'><svg version=\"1.1\" xmlns=\"http:\/\/www.w3.org\/2000\/svg\" width=\"15\" height=\"32\" viewBox=\"0 0 15 32\" preserveAspectRatio=\"xMidYMid meet\" role=\"graphics-symbol\" aria-hidden=\"true\">\n<path d=\"M0.416 27.84l11.456-11.84-11.456-11.904q-0.832-0.832 0-1.536 0.832-0.832 1.536 0l12.544 12.608q0.768 0.832 0 1.6l-12.544 12.608q-0.704 0.832-1.536 0-0.832-0.704 0-1.536z\"><\/path>\n<\/svg><\/span><\/a><\/div><\/span><footer class=\"entry-footer\"><\/footer><div class='post_delimiter'><\/div><\/div><div class=\"post_author_timeline\"><\/div><span class='hidden'>\n\t\t\t\t<span class='av-structured-data'  itemprop=\"image\" itemscope=\"itemscope\" itemtype=\"https:\/\/schema.org\/ImageObject\" >\n\t\t\t\t\t\t<span itemprop='url'>https:\/\/rechtsanwalt.fr\/wp-content\/uploads\/2024\/05\/logo_header_fr_web.epp_.svg<\/span>\n\t\t\t\t\t\t<span itemprop='height'>0<\/span>\n\t\t\t\t\t\t<span itemprop='width'>0<\/span>\n\t\t\t\t<\/span>\n\t\t\t\t<span class='av-structured-data'  itemprop=\"publisher\" itemtype=\"https:\/\/schema.org\/Organization\" itemscope=\"itemscope\" >\n\t\t\t\t\t\t<span itemprop='name'>epp.content<\/span>\n\t\t\t\t\t\t<span itemprop='logo' itemscope itemtype='https:\/\/schema.org\/ImageObject'>\n\t\t\t\t\t\t\t<span itemprop='url'>https:\/\/rechtsanwalt.fr\/wp-content\/uploads\/2024\/05\/logo_header_fr_web.epp_.svg<\/span>\n\t\t\t\t\t\t<\/span>\n\t\t\t\t<\/span><span class='av-structured-data'  itemprop=\"author\" itemscope=\"itemscope\" itemtype=\"https:\/\/schema.org\/Person\" ><span itemprop='name'>epp.content<\/span><\/span><span class='av-structured-data'  itemprop=\"datePublished\" datetime=\"2017-09-05T14:36:00+02:00\" >2017-09-05 14:36:00<\/span><span class='av-structured-data'  itemprop=\"dateModified\" itemtype=\"https:\/\/schema.org\/dateModified\" >2021-04-07 11:30:45<\/span><span class='av-structured-data'  itemprop=\"mainEntityOfPage\" itemtype=\"https:\/\/schema.org\/mainEntityOfPage\" ><span itemprop='name'>Entreprises en Allemagne : Quels sont les r\u00e8gles \u00e0 respecter par les entreprises pr\u00eateuses et utilisatrices suite \u00e0 la grande reforme du pr\u00eat de main d\u2019\u0153uvre en Allemagne ?<\/span><\/span><\/span><\/article><article class=\"post-entry post-entry-type-standard post-entry-10777 post-loop-14 post-parity-even bloglist-simple  post-10777 post type-post status-publish format-standard hentry category-droit-social-fr\"  itemscope=\"itemscope\" itemtype=\"https:\/\/schema.org\/BlogPosting\" ><div class=\"blog-meta\"><\/div><div class='entry-content-wrapper clearfix standard-content'><header class=\"entry-content-header\" aria-label=\"Articles : Entreprise en Allemagne : Un licenciement pour consommation de drogue dans le cadre priv\u00e9 peut \u00eatre justifi\u00e9\"><div class=\"av-heading-wrapper\"><span class=\"blog-categories minor-meta\"><a href=\"https:\/\/rechtsanwalt.fr\/fr\/category\/news-archive\/news-archive-2017\/droit-social-fr\/\" rel=\"tag\">Droit social<\/a><\/span><h2 class='post-title entry-title '  itemprop=\"headline\" ><a href=\"https:\/\/rechtsanwalt.fr\/fr\/entreprise-en-allemagne-un-licenciement-pour-consommation-de-drogue-dans-le-cadre-prive-peut-etre-justifie\/\" rel=\"bookmark\" title=\"Lien permanent : Entreprise en Allemagne : Un licenciement pour consommation de drogue dans le cadre priv\u00e9 peut \u00eatre justifi\u00e9\">Entreprise en Allemagne : Un licenciement pour consommation de drogue dans le cadre priv\u00e9 peut \u00eatre justifi\u00e9<span class=\"post-format-icon minor-meta\"><\/span><\/a><\/h2><\/div><\/header><span class=\"post-meta-infos\"><time class=\"date-container minor-meta updated\"  itemprop=\"datePublished\" datetime=\"2017-08-14T15:36:00+02:00\" >14 ao\u00fbt 2017<\/time><div class=\"read-more-link\"><a href=\"https:\/\/rechtsanwalt.fr\/fr\/entreprise-en-allemagne-un-licenciement-pour-consommation-de-drogue-dans-le-cadre-prive-peut-etre-justifie\/\" class=\"more-link\">Lire la suite<span class='more-link-arrow avia-svg-icon avia-font-svg_entypo-fontello' data-av_svg_icon='right-open-big' data-av_iconset='svg_entypo-fontello'><svg version=\"1.1\" xmlns=\"http:\/\/www.w3.org\/2000\/svg\" width=\"15\" height=\"32\" viewBox=\"0 0 15 32\" preserveAspectRatio=\"xMidYMid meet\" role=\"graphics-symbol\" aria-hidden=\"true\">\n<path d=\"M0.416 27.84l11.456-11.84-11.456-11.904q-0.832-0.832 0-1.536 0.832-0.832 1.536 0l12.544 12.608q0.768 0.832 0 1.6l-12.544 12.608q-0.704 0.832-1.536 0-0.832-0.704 0-1.536z\"><\/path>\n<\/svg><\/span><\/a><\/div><\/span><footer class=\"entry-footer\"><\/footer><div class='post_delimiter'><\/div><\/div><div class=\"post_author_timeline\"><\/div><span class='hidden'>\n\t\t\t\t<span class='av-structured-data'  itemprop=\"image\" itemscope=\"itemscope\" itemtype=\"https:\/\/schema.org\/ImageObject\" >\n\t\t\t\t\t\t<span itemprop='url'>https:\/\/rechtsanwalt.fr\/wp-content\/uploads\/2024\/05\/logo_header_fr_web.epp_.svg<\/span>\n\t\t\t\t\t\t<span itemprop='height'>0<\/span>\n\t\t\t\t\t\t<span itemprop='width'>0<\/span>\n\t\t\t\t<\/span>\n\t\t\t\t<span class='av-structured-data'  itemprop=\"publisher\" itemtype=\"https:\/\/schema.org\/Organization\" itemscope=\"itemscope\" >\n\t\t\t\t\t\t<span itemprop='name'>epp.content<\/span>\n\t\t\t\t\t\t<span itemprop='logo' itemscope itemtype='https:\/\/schema.org\/ImageObject'>\n\t\t\t\t\t\t\t<span itemprop='url'>https:\/\/rechtsanwalt.fr\/wp-content\/uploads\/2024\/05\/logo_header_fr_web.epp_.svg<\/span>\n\t\t\t\t\t\t<\/span>\n\t\t\t\t<\/span><span class='av-structured-data'  itemprop=\"author\" itemscope=\"itemscope\" itemtype=\"https:\/\/schema.org\/Person\" ><span itemprop='name'>epp.content<\/span><\/span><span class='av-structured-data'  itemprop=\"datePublished\" datetime=\"2017-08-14T15:36:00+02:00\" >2017-08-14 15:36:00<\/span><span class='av-structured-data'  itemprop=\"dateModified\" itemtype=\"https:\/\/schema.org\/dateModified\" >2021-04-07 11:31:07<\/span><span class='av-structured-data'  itemprop=\"mainEntityOfPage\" itemtype=\"https:\/\/schema.org\/mainEntityOfPage\" ><span itemprop='name'>Entreprise en Allemagne : Un licenciement pour consommation de drogue dans le cadre priv\u00e9 peut \u00eatre justifi\u00e9<\/span><\/span><\/span><\/article><article class=\"post-entry post-entry-type-standard post-entry-10781 post-loop-15 post-parity-odd bloglist-simple  post-10781 post type-post status-publish format-standard hentry category-gerant-gmbh\"  itemscope=\"itemscope\" itemtype=\"https:\/\/schema.org\/BlogPosting\" ><div class=\"blog-meta\"><\/div><div class='entry-content-wrapper clearfix standard-content'><header class=\"entry-content-header\" aria-label=\"Articles : Entreprise en Allemagne : La responsabilit\u00e9 du g\u00e9rant allemand pour les actes de ses salari\u00e9s\"><div class=\"av-heading-wrapper\"><span class=\"blog-categories minor-meta\"><a href=\"https:\/\/rechtsanwalt.fr\/fr\/category\/news-archive\/news-archive-2017\/gerant-gmbh\/\" rel=\"tag\">G\u00e9rant GmbH<\/a><\/span><h2 class='post-title entry-title '  itemprop=\"headline\" ><a href=\"https:\/\/rechtsanwalt.fr\/fr\/entreprise-en-allemagne-la-responsabilite-du-gerant-allemand-pour-les-actes-de-ses-salaries\/\" rel=\"bookmark\" title=\"Lien permanent : Entreprise en Allemagne : La responsabilit\u00e9 du g\u00e9rant allemand pour les actes de ses salari\u00e9s\">Entreprise en Allemagne : La responsabilit\u00e9 du g\u00e9rant allemand pour les actes de ses salari\u00e9s<span class=\"post-format-icon minor-meta\"><\/span><\/a><\/h2><\/div><\/header><span class=\"post-meta-infos\"><time class=\"date-container minor-meta updated\"  itemprop=\"datePublished\" datetime=\"2017-08-08T15:43:00+02:00\" >8 ao\u00fbt 2017<\/time><div class=\"read-more-link\"><a href=\"https:\/\/rechtsanwalt.fr\/fr\/entreprise-en-allemagne-la-responsabilite-du-gerant-allemand-pour-les-actes-de-ses-salaries\/\" class=\"more-link\">Lire la suite<span class='more-link-arrow avia-svg-icon avia-font-svg_entypo-fontello' data-av_svg_icon='right-open-big' data-av_iconset='svg_entypo-fontello'><svg version=\"1.1\" xmlns=\"http:\/\/www.w3.org\/2000\/svg\" width=\"15\" height=\"32\" viewBox=\"0 0 15 32\" preserveAspectRatio=\"xMidYMid meet\" role=\"graphics-symbol\" aria-hidden=\"true\">\n<path d=\"M0.416 27.84l11.456-11.84-11.456-11.904q-0.832-0.832 0-1.536 0.832-0.832 1.536 0l12.544 12.608q0.768 0.832 0 1.6l-12.544 12.608q-0.704 0.832-1.536 0-0.832-0.704 0-1.536z\"><\/path>\n<\/svg><\/span><\/a><\/div><\/span><footer class=\"entry-footer\"><\/footer><div class='post_delimiter'><\/div><\/div><div class=\"post_author_timeline\"><\/div><span class='hidden'>\n\t\t\t\t<span class='av-structured-data'  itemprop=\"image\" itemscope=\"itemscope\" itemtype=\"https:\/\/schema.org\/ImageObject\" >\n\t\t\t\t\t\t<span itemprop='url'>https:\/\/rechtsanwalt.fr\/wp-content\/uploads\/2024\/05\/logo_header_fr_web.epp_.svg<\/span>\n\t\t\t\t\t\t<span itemprop='height'>0<\/span>\n\t\t\t\t\t\t<span itemprop='width'>0<\/span>\n\t\t\t\t<\/span>\n\t\t\t\t<span class='av-structured-data'  itemprop=\"publisher\" itemtype=\"https:\/\/schema.org\/Organization\" itemscope=\"itemscope\" >\n\t\t\t\t\t\t<span itemprop='name'>epp.content<\/span>\n\t\t\t\t\t\t<span itemprop='logo' itemscope itemtype='https:\/\/schema.org\/ImageObject'>\n\t\t\t\t\t\t\t<span itemprop='url'>https:\/\/rechtsanwalt.fr\/wp-content\/uploads\/2024\/05\/logo_header_fr_web.epp_.svg<\/span>\n\t\t\t\t\t\t<\/span>\n\t\t\t\t<\/span><span class='av-structured-data'  itemprop=\"author\" itemscope=\"itemscope\" itemtype=\"https:\/\/schema.org\/Person\" ><span itemprop='name'>epp.content<\/span><\/span><span class='av-structured-data'  itemprop=\"datePublished\" datetime=\"2017-08-08T15:43:00+02:00\" >2017-08-08 15:43:00<\/span><span class='av-structured-data'  itemprop=\"dateModified\" itemtype=\"https:\/\/schema.org\/dateModified\" >2021-04-07 11:31:26<\/span><span class='av-structured-data'  itemprop=\"mainEntityOfPage\" itemtype=\"https:\/\/schema.org\/mainEntityOfPage\" ><span itemprop='name'>Entreprise en Allemagne : La responsabilit\u00e9 du g\u00e9rant allemand pour les actes de ses salari\u00e9s<\/span><\/span><\/span><\/article><article class=\"post-entry post-entry-type-standard post-entry-10775 post-loop-16 post-parity-even bloglist-simple  post-10775 post type-post status-publish format-standard hentry category-droit-social-fr\"  itemscope=\"itemscope\" itemtype=\"https:\/\/schema.org\/BlogPosting\" ><div class=\"blog-meta\"><\/div><div class='entry-content-wrapper clearfix standard-content'><header class=\"entry-content-header\" aria-label=\"Articles : Employeur en Allemagne : Dans quels cas et sous quelles conditions un employeur allemand peut-il imposer des heures suppl\u00e9mentaires aux salari\u00e9s ? Comment ces heures doivent-elles \u00eatre r\u00e9mun\u00e9r\u00e9es ?\"><div class=\"av-heading-wrapper\"><span class=\"blog-categories minor-meta\"><a href=\"https:\/\/rechtsanwalt.fr\/fr\/category\/news-archive\/news-archive-2017\/droit-social-fr\/\" rel=\"tag\">Droit social<\/a><\/span><h2 class='post-title entry-title '  itemprop=\"headline\" ><a href=\"https:\/\/rechtsanwalt.fr\/fr\/employeur-en-allemagne-dans-quels-cas-et-sous-quelles-conditions-un-employeur-allemand-peut-il-imposer-des-heures-supplementaires-aux-salaries-comment-ces-heures-doivent-elles-etre-remunerees\/\" rel=\"bookmark\" title=\"Lien permanent : Employeur en Allemagne : Dans quels cas et sous quelles conditions un employeur allemand peut-il imposer des heures suppl\u00e9mentaires aux salari\u00e9s ? Comment ces heures doivent-elles \u00eatre r\u00e9mun\u00e9r\u00e9es ?\">Employeur en Allemagne : Dans quels cas et sous quelles conditions un employeur allemand peut-il imposer des heures suppl\u00e9mentaires aux salari\u00e9s ? Comment ces heures doivent-elles \u00eatre r\u00e9mun\u00e9r\u00e9es ?<span class=\"post-format-icon minor-meta\"><\/span><\/a><\/h2><\/div><\/header><span class=\"post-meta-infos\"><time class=\"date-container minor-meta updated\"  itemprop=\"datePublished\" datetime=\"2017-08-07T15:33:00+02:00\" >7 ao\u00fbt 2017<\/time><div class=\"read-more-link\"><a href=\"https:\/\/rechtsanwalt.fr\/fr\/employeur-en-allemagne-dans-quels-cas-et-sous-quelles-conditions-un-employeur-allemand-peut-il-imposer-des-heures-supplementaires-aux-salaries-comment-ces-heures-doivent-elles-etre-remunerees\/\" class=\"more-link\">Lire la suite<span class='more-link-arrow avia-svg-icon avia-font-svg_entypo-fontello' data-av_svg_icon='right-open-big' data-av_iconset='svg_entypo-fontello'><svg version=\"1.1\" xmlns=\"http:\/\/www.w3.org\/2000\/svg\" width=\"15\" height=\"32\" viewBox=\"0 0 15 32\" preserveAspectRatio=\"xMidYMid meet\" role=\"graphics-symbol\" aria-hidden=\"true\">\n<path d=\"M0.416 27.84l11.456-11.84-11.456-11.904q-0.832-0.832 0-1.536 0.832-0.832 1.536 0l12.544 12.608q0.768 0.832 0 1.6l-12.544 12.608q-0.704 0.832-1.536 0-0.832-0.704 0-1.536z\"><\/path>\n<\/svg><\/span><\/a><\/div><\/span><footer class=\"entry-footer\"><\/footer><div class='post_delimiter'><\/div><\/div><div class=\"post_author_timeline\"><\/div><span class='hidden'>\n\t\t\t\t<span class='av-structured-data'  itemprop=\"image\" itemscope=\"itemscope\" itemtype=\"https:\/\/schema.org\/ImageObject\" >\n\t\t\t\t\t\t<span itemprop='url'>https:\/\/rechtsanwalt.fr\/wp-content\/uploads\/2024\/05\/logo_header_fr_web.epp_.svg<\/span>\n\t\t\t\t\t\t<span itemprop='height'>0<\/span>\n\t\t\t\t\t\t<span itemprop='width'>0<\/span>\n\t\t\t\t<\/span>\n\t\t\t\t<span class='av-structured-data'  itemprop=\"publisher\" itemtype=\"https:\/\/schema.org\/Organization\" itemscope=\"itemscope\" >\n\t\t\t\t\t\t<span itemprop='name'>epp.content<\/span>\n\t\t\t\t\t\t<span itemprop='logo' itemscope itemtype='https:\/\/schema.org\/ImageObject'>\n\t\t\t\t\t\t\t<span itemprop='url'>https:\/\/rechtsanwalt.fr\/wp-content\/uploads\/2024\/05\/logo_header_fr_web.epp_.svg<\/span>\n\t\t\t\t\t\t<\/span>\n\t\t\t\t<\/span><span class='av-structured-data'  itemprop=\"author\" itemscope=\"itemscope\" itemtype=\"https:\/\/schema.org\/Person\" ><span itemprop='name'>epp.content<\/span><\/span><span class='av-structured-data'  itemprop=\"datePublished\" datetime=\"2017-08-07T15:33:00+02:00\" >2017-08-07 15:33:00<\/span><span class='av-structured-data'  itemprop=\"dateModified\" itemtype=\"https:\/\/schema.org\/dateModified\" >2021-04-07 11:31:45<\/span><span class='av-structured-data'  itemprop=\"mainEntityOfPage\" itemtype=\"https:\/\/schema.org\/mainEntityOfPage\" ><span itemprop='name'>Employeur en Allemagne : Dans quels cas et sous quelles conditions un employeur allemand peut-il imposer des heures suppl\u00e9mentaires aux salari\u00e9s ? Comment ces heures doivent-elles \u00eatre r\u00e9mun\u00e9r\u00e9es ?<\/span><\/span><\/span><\/article><article class=\"post-entry post-entry-type-standard post-entry-10755 post-loop-17 post-parity-odd bloglist-simple  post-10755 post type-post status-publish format-standard hentry category-droit-social-fr\"  itemscope=\"itemscope\" itemtype=\"https:\/\/schema.org\/BlogPosting\" ><div class=\"blog-meta\"><\/div><div class='entry-content-wrapper clearfix standard-content'><header class=\"entry-content-header\" aria-label=\"Articles : Entreprises en Allemagne : Quand le temps d\u2019habillage et de d\u00e9shabillage des salari\u00e9s ou le temps de douche fait-il partie du temps de travail r\u00e9mun\u00e9r\u00e9 ?\"><div class=\"av-heading-wrapper\"><span class=\"blog-categories minor-meta\"><a href=\"https:\/\/rechtsanwalt.fr\/fr\/category\/news-archive\/news-archive-2017\/droit-social-fr\/\" rel=\"tag\">Droit social<\/a><\/span><h2 class='post-title entry-title '  itemprop=\"headline\" ><a href=\"https:\/\/rechtsanwalt.fr\/fr\/entreprises-en-allemagne-quand-le-temps-dhabillage-et-de-deshabillage-des-salaries-ou-le-temps-de-douche-fait-il-partie-du-temps-de-travail-remunere\/\" rel=\"bookmark\" title=\"Lien permanent : Entreprises en Allemagne : Quand le temps d\u2019habillage et de d\u00e9shabillage des salari\u00e9s ou le temps de douche fait-il partie du temps de travail r\u00e9mun\u00e9r\u00e9 ?\">Entreprises en Allemagne : Quand le temps d\u2019habillage et de d\u00e9shabillage des salari\u00e9s ou le temps de douche fait-il partie du temps de travail r\u00e9mun\u00e9r\u00e9 ?<span class=\"post-format-icon minor-meta\"><\/span><\/a><\/h2><\/div><\/header><span class=\"post-meta-infos\"><time class=\"date-container minor-meta updated\"  itemprop=\"datePublished\" datetime=\"2017-08-01T14:51:00+02:00\" >1 ao\u00fbt 2017<\/time><div class=\"read-more-link\"><a href=\"https:\/\/rechtsanwalt.fr\/fr\/entreprises-en-allemagne-quand-le-temps-dhabillage-et-de-deshabillage-des-salaries-ou-le-temps-de-douche-fait-il-partie-du-temps-de-travail-remunere\/\" class=\"more-link\">Lire la suite<span class='more-link-arrow avia-svg-icon avia-font-svg_entypo-fontello' data-av_svg_icon='right-open-big' data-av_iconset='svg_entypo-fontello'><svg version=\"1.1\" xmlns=\"http:\/\/www.w3.org\/2000\/svg\" width=\"15\" height=\"32\" viewBox=\"0 0 15 32\" preserveAspectRatio=\"xMidYMid meet\" role=\"graphics-symbol\" aria-hidden=\"true\">\n<path d=\"M0.416 27.84l11.456-11.84-11.456-11.904q-0.832-0.832 0-1.536 0.832-0.832 1.536 0l12.544 12.608q0.768 0.832 0 1.6l-12.544 12.608q-0.704 0.832-1.536 0-0.832-0.704 0-1.536z\"><\/path>\n<\/svg><\/span><\/a><\/div><\/span><footer class=\"entry-footer\"><\/footer><div class='post_delimiter'><\/div><\/div><div class=\"post_author_timeline\"><\/div><span class='hidden'>\n\t\t\t\t<span class='av-structured-data'  itemprop=\"image\" itemscope=\"itemscope\" itemtype=\"https:\/\/schema.org\/ImageObject\" >\n\t\t\t\t\t\t<span itemprop='url'>https:\/\/rechtsanwalt.fr\/wp-content\/uploads\/2024\/05\/logo_header_fr_web.epp_.svg<\/span>\n\t\t\t\t\t\t<span itemprop='height'>0<\/span>\n\t\t\t\t\t\t<span itemprop='width'>0<\/span>\n\t\t\t\t<\/span>\n\t\t\t\t<span class='av-structured-data'  itemprop=\"publisher\" itemtype=\"https:\/\/schema.org\/Organization\" itemscope=\"itemscope\" >\n\t\t\t\t\t\t<span itemprop='name'>epp.content<\/span>\n\t\t\t\t\t\t<span itemprop='logo' itemscope itemtype='https:\/\/schema.org\/ImageObject'>\n\t\t\t\t\t\t\t<span itemprop='url'>https:\/\/rechtsanwalt.fr\/wp-content\/uploads\/2024\/05\/logo_header_fr_web.epp_.svg<\/span>\n\t\t\t\t\t\t<\/span>\n\t\t\t\t<\/span><span class='av-structured-data'  itemprop=\"author\" itemscope=\"itemscope\" itemtype=\"https:\/\/schema.org\/Person\" ><span itemprop='name'>epp.content<\/span><\/span><span class='av-structured-data'  itemprop=\"datePublished\" datetime=\"2017-08-01T14:51:00+02:00\" >2017-08-01 14:51:00<\/span><span class='av-structured-data'  itemprop=\"dateModified\" itemtype=\"https:\/\/schema.org\/dateModified\" >2021-04-07 11:32:09<\/span><span class='av-structured-data'  itemprop=\"mainEntityOfPage\" itemtype=\"https:\/\/schema.org\/mainEntityOfPage\" ><span itemprop='name'>Entreprises en Allemagne : Quand le temps d\u2019habillage et de d\u00e9shabillage des salari\u00e9s ou le temps de douche fait-il partie du temps de travail r\u00e9mun\u00e9r\u00e9 ?<\/span><\/span><\/span><\/article><article class=\"post-entry post-entry-type-standard post-entry-10726 post-loop-18 post-parity-even bloglist-simple  post-10726 post type-post status-publish format-standard hentry category-droit-social-fr\"  itemscope=\"itemscope\" itemtype=\"https:\/\/schema.org\/BlogPosting\" ><div class=\"blog-meta\"><\/div><div class='entry-content-wrapper clearfix standard-content'><header class=\"entry-content-header\" aria-label=\"Articles : Entreprises en Allemagne : Distinction entre contrat de service et contrat de travail\"><div class=\"av-heading-wrapper\"><span class=\"blog-categories minor-meta\"><a href=\"https:\/\/rechtsanwalt.fr\/fr\/category\/news-archive\/news-archive-2017\/droit-social-fr\/\" rel=\"tag\">Droit social<\/a><\/span><h2 class='post-title entry-title '  itemprop=\"headline\" ><a href=\"https:\/\/rechtsanwalt.fr\/fr\/entreprises-en-allemagne-distinction-entre-contrat-de-service-et-contrat-de-travail\/\" rel=\"bookmark\" title=\"Lien permanent : Entreprises en Allemagne : Distinction entre contrat de service et contrat de travail\">Entreprises en Allemagne : Distinction entre contrat de service et contrat de travail<span class=\"post-format-icon minor-meta\"><\/span><\/a><\/h2><\/div><\/header><span class=\"post-meta-infos\"><time class=\"date-container minor-meta updated\"  itemprop=\"datePublished\" datetime=\"2017-08-01T14:00:00+02:00\" >1 ao\u00fbt 2017<\/time><div class=\"read-more-link\"><a href=\"https:\/\/rechtsanwalt.fr\/fr\/entreprises-en-allemagne-distinction-entre-contrat-de-service-et-contrat-de-travail\/\" class=\"more-link\">Lire la suite<span class='more-link-arrow avia-svg-icon avia-font-svg_entypo-fontello' data-av_svg_icon='right-open-big' data-av_iconset='svg_entypo-fontello'><svg version=\"1.1\" xmlns=\"http:\/\/www.w3.org\/2000\/svg\" width=\"15\" height=\"32\" viewBox=\"0 0 15 32\" preserveAspectRatio=\"xMidYMid meet\" role=\"graphics-symbol\" aria-hidden=\"true\">\n<path d=\"M0.416 27.84l11.456-11.84-11.456-11.904q-0.832-0.832 0-1.536 0.832-0.832 1.536 0l12.544 12.608q0.768 0.832 0 1.6l-12.544 12.608q-0.704 0.832-1.536 0-0.832-0.704 0-1.536z\"><\/path>\n<\/svg><\/span><\/a><\/div><\/span><footer class=\"entry-footer\"><\/footer><div class='post_delimiter'><\/div><\/div><div class=\"post_author_timeline\"><\/div><span class='hidden'>\n\t\t\t\t<span class='av-structured-data'  itemprop=\"image\" itemscope=\"itemscope\" itemtype=\"https:\/\/schema.org\/ImageObject\" >\n\t\t\t\t\t\t<span itemprop='url'>https:\/\/rechtsanwalt.fr\/wp-content\/uploads\/2024\/05\/logo_header_fr_web.epp_.svg<\/span>\n\t\t\t\t\t\t<span itemprop='height'>0<\/span>\n\t\t\t\t\t\t<span itemprop='width'>0<\/span>\n\t\t\t\t<\/span>\n\t\t\t\t<span class='av-structured-data'  itemprop=\"publisher\" itemtype=\"https:\/\/schema.org\/Organization\" itemscope=\"itemscope\" >\n\t\t\t\t\t\t<span itemprop='name'>epp.content<\/span>\n\t\t\t\t\t\t<span itemprop='logo' itemscope itemtype='https:\/\/schema.org\/ImageObject'>\n\t\t\t\t\t\t\t<span itemprop='url'>https:\/\/rechtsanwalt.fr\/wp-content\/uploads\/2024\/05\/logo_header_fr_web.epp_.svg<\/span>\n\t\t\t\t\t\t<\/span>\n\t\t\t\t<\/span><span class='av-structured-data'  itemprop=\"author\" itemscope=\"itemscope\" itemtype=\"https:\/\/schema.org\/Person\" ><span itemprop='name'>epp.content<\/span><\/span><span class='av-structured-data'  itemprop=\"datePublished\" datetime=\"2017-08-01T14:00:00+02:00\" >2017-08-01 14:00:00<\/span><span class='av-structured-data'  itemprop=\"dateModified\" itemtype=\"https:\/\/schema.org\/dateModified\" >2021-04-07 11:32:29<\/span><span class='av-structured-data'  itemprop=\"mainEntityOfPage\" itemtype=\"https:\/\/schema.org\/mainEntityOfPage\" ><span itemprop='name'>Entreprises en Allemagne : Distinction entre contrat de service et contrat de travail<\/span><\/span><\/span><\/article><article class=\"post-entry post-entry-type-standard post-entry-10749 post-loop-19 post-parity-odd bloglist-simple  post-10749 post type-post status-publish format-standard hentry category-droit-social-fr\"  itemscope=\"itemscope\" itemtype=\"https:\/\/schema.org\/BlogPosting\" ><div class=\"blog-meta\"><\/div><div class='entry-content-wrapper clearfix standard-content'><header class=\"entry-content-header\" aria-label=\"Articles : Entreprises en Allemagne : Ruptures conventionnelles et p\u00e9riodes de carence pour le versement de l\u2019allocation ch\u00f4mage\"><div class=\"av-heading-wrapper\"><span class=\"blog-categories minor-meta\"><a href=\"https:\/\/rechtsanwalt.fr\/fr\/category\/news-archive\/news-archive-2017\/droit-social-fr\/\" rel=\"tag\">Droit social<\/a><\/span><h2 class='post-title entry-title '  itemprop=\"headline\" ><a href=\"https:\/\/rechtsanwalt.fr\/fr\/entreprises-en-allemagne-ruptures-conventionnelles-et-periodes-de-carence-pour-le-versement-de-lallocation-chomage\/\" rel=\"bookmark\" title=\"Lien permanent : Entreprises en Allemagne : Ruptures conventionnelles et p\u00e9riodes de carence pour le versement de l\u2019allocation ch\u00f4mage\">Entreprises en Allemagne : Ruptures conventionnelles et p\u00e9riodes de carence pour le versement de l\u2019allocation ch\u00f4mage<span class=\"post-format-icon minor-meta\"><\/span><\/a><\/h2><\/div><\/header><span class=\"post-meta-infos\"><time class=\"date-container minor-meta updated\"  itemprop=\"datePublished\" datetime=\"2017-07-31T14:46:00+02:00\" >31 juillet 2017<\/time><div class=\"read-more-link\"><a href=\"https:\/\/rechtsanwalt.fr\/fr\/entreprises-en-allemagne-ruptures-conventionnelles-et-periodes-de-carence-pour-le-versement-de-lallocation-chomage\/\" class=\"more-link\">Lire la suite<span class='more-link-arrow avia-svg-icon avia-font-svg_entypo-fontello' data-av_svg_icon='right-open-big' data-av_iconset='svg_entypo-fontello'><svg version=\"1.1\" xmlns=\"http:\/\/www.w3.org\/2000\/svg\" width=\"15\" height=\"32\" viewBox=\"0 0 15 32\" preserveAspectRatio=\"xMidYMid meet\" role=\"graphics-symbol\" aria-hidden=\"true\">\n<path d=\"M0.416 27.84l11.456-11.84-11.456-11.904q-0.832-0.832 0-1.536 0.832-0.832 1.536 0l12.544 12.608q0.768 0.832 0 1.6l-12.544 12.608q-0.704 0.832-1.536 0-0.832-0.704 0-1.536z\"><\/path>\n<\/svg><\/span><\/a><\/div><\/span><footer class=\"entry-footer\"><\/footer><div class='post_delimiter'><\/div><\/div><div class=\"post_author_timeline\"><\/div><span class='hidden'>\n\t\t\t\t<span class='av-structured-data'  itemprop=\"image\" itemscope=\"itemscope\" itemtype=\"https:\/\/schema.org\/ImageObject\" >\n\t\t\t\t\t\t<span itemprop='url'>https:\/\/rechtsanwalt.fr\/wp-content\/uploads\/2024\/05\/logo_header_fr_web.epp_.svg<\/span>\n\t\t\t\t\t\t<span itemprop='height'>0<\/span>\n\t\t\t\t\t\t<span itemprop='width'>0<\/span>\n\t\t\t\t<\/span>\n\t\t\t\t<span class='av-structured-data'  itemprop=\"publisher\" itemtype=\"https:\/\/schema.org\/Organization\" itemscope=\"itemscope\" >\n\t\t\t\t\t\t<span itemprop='name'>epp.content<\/span>\n\t\t\t\t\t\t<span itemprop='logo' itemscope itemtype='https:\/\/schema.org\/ImageObject'>\n\t\t\t\t\t\t\t<span itemprop='url'>https:\/\/rechtsanwalt.fr\/wp-content\/uploads\/2024\/05\/logo_header_fr_web.epp_.svg<\/span>\n\t\t\t\t\t\t<\/span>\n\t\t\t\t<\/span><span class='av-structured-data'  itemprop=\"author\" itemscope=\"itemscope\" itemtype=\"https:\/\/schema.org\/Person\" ><span itemprop='name'>epp.content<\/span><\/span><span class='av-structured-data'  itemprop=\"datePublished\" datetime=\"2017-07-31T14:46:00+02:00\" >2017-07-31 14:46:00<\/span><span class='av-structured-data'  itemprop=\"dateModified\" itemtype=\"https:\/\/schema.org\/dateModified\" >2021-04-07 11:32:49<\/span><span class='av-structured-data'  itemprop=\"mainEntityOfPage\" itemtype=\"https:\/\/schema.org\/mainEntityOfPage\" ><span itemprop='name'>Entreprises en Allemagne : Ruptures conventionnelles et p\u00e9riodes de carence pour le versement de l\u2019allocation ch\u00f4mage<\/span><\/span><\/span><\/article><article class=\"post-entry post-entry-type-standard post-entry-10729 post-loop-20 post-parity-even bloglist-simple  post-10729 post type-post status-publish format-standard hentry category-droit-social-fr\"  itemscope=\"itemscope\" itemtype=\"https:\/\/schema.org\/BlogPosting\" ><div class=\"blog-meta\"><\/div><div class='entry-content-wrapper clearfix standard-content'><header class=\"entry-content-header\" aria-label=\"Articles : Entreprises en Allemagne : Droits et obligations des employeurs en cas de transfert d\u2019entrepise\"><div class=\"av-heading-wrapper\"><span class=\"blog-categories minor-meta\"><a href=\"https:\/\/rechtsanwalt.fr\/fr\/category\/news-archive\/news-archive-2017\/droit-social-fr\/\" rel=\"tag\">Droit social<\/a><\/span><h2 class='post-title entry-title '  itemprop=\"headline\" ><a href=\"https:\/\/rechtsanwalt.fr\/fr\/entreprises-en-allemagne-droits-et-obligations-des-employeurs-en-cas-de-transfert-dentrepise\/\" rel=\"bookmark\" title=\"Lien permanent : Entreprises en Allemagne : Droits et obligations des employeurs en cas de transfert d\u2019entrepise\">Entreprises en Allemagne : Droits et obligations des employeurs en cas de transfert d\u2019entrepise<span class=\"post-format-icon minor-meta\"><\/span><\/a><\/h2><\/div><\/header><span class=\"post-meta-infos\"><time class=\"date-container minor-meta updated\"  itemprop=\"datePublished\" datetime=\"2017-07-31T14:03:00+02:00\" >31 juillet 2017<\/time><div class=\"read-more-link\"><a href=\"https:\/\/rechtsanwalt.fr\/fr\/entreprises-en-allemagne-droits-et-obligations-des-employeurs-en-cas-de-transfert-dentrepise\/\" class=\"more-link\">Lire la suite<span class='more-link-arrow avia-svg-icon avia-font-svg_entypo-fontello' data-av_svg_icon='right-open-big' data-av_iconset='svg_entypo-fontello'><svg version=\"1.1\" xmlns=\"http:\/\/www.w3.org\/2000\/svg\" width=\"15\" height=\"32\" viewBox=\"0 0 15 32\" preserveAspectRatio=\"xMidYMid meet\" role=\"graphics-symbol\" aria-hidden=\"true\">\n<path d=\"M0.416 27.84l11.456-11.84-11.456-11.904q-0.832-0.832 0-1.536 0.832-0.832 1.536 0l12.544 12.608q0.768 0.832 0 1.6l-12.544 12.608q-0.704 0.832-1.536 0-0.832-0.704 0-1.536z\"><\/path>\n<\/svg><\/span><\/a><\/div><\/span><footer class=\"entry-footer\"><\/footer><div class='post_delimiter'><\/div><\/div><div class=\"post_author_timeline\"><\/div><span class='hidden'>\n\t\t\t\t<span class='av-structured-data'  itemprop=\"image\" itemscope=\"itemscope\" itemtype=\"https:\/\/schema.org\/ImageObject\" >\n\t\t\t\t\t\t<span itemprop='url'>https:\/\/rechtsanwalt.fr\/wp-content\/uploads\/2024\/05\/logo_header_fr_web.epp_.svg<\/span>\n\t\t\t\t\t\t<span itemprop='height'>0<\/span>\n\t\t\t\t\t\t<span itemprop='width'>0<\/span>\n\t\t\t\t<\/span>\n\t\t\t\t<span class='av-structured-data'  itemprop=\"publisher\" itemtype=\"https:\/\/schema.org\/Organization\" itemscope=\"itemscope\" >\n\t\t\t\t\t\t<span itemprop='name'>epp.content<\/span>\n\t\t\t\t\t\t<span itemprop='logo' itemscope itemtype='https:\/\/schema.org\/ImageObject'>\n\t\t\t\t\t\t\t<span itemprop='url'>https:\/\/rechtsanwalt.fr\/wp-content\/uploads\/2024\/05\/logo_header_fr_web.epp_.svg<\/span>\n\t\t\t\t\t\t<\/span>\n\t\t\t\t<\/span><span class='av-structured-data'  itemprop=\"author\" itemscope=\"itemscope\" itemtype=\"https:\/\/schema.org\/Person\" ><span itemprop='name'>epp.content<\/span><\/span><span class='av-structured-data'  itemprop=\"datePublished\" datetime=\"2017-07-31T14:03:00+02:00\" >2017-07-31 14:03:00<\/span><span class='av-structured-data'  itemprop=\"dateModified\" itemtype=\"https:\/\/schema.org\/dateModified\" >2021-04-07 11:33:11<\/span><span class='av-structured-data'  itemprop=\"mainEntityOfPage\" itemtype=\"https:\/\/schema.org\/mainEntityOfPage\" ><span itemprop='name'>Entreprises en Allemagne : Droits et obligations des employeurs en cas de transfert d\u2019entrepise<\/span><\/span><\/span><\/article><article class=\"post-entry post-entry-type-standard post-entry-10737 post-loop-21 post-parity-odd bloglist-simple  post-10737 post type-post status-publish format-standard hentry category-droit-social-fr\"  itemscope=\"itemscope\" itemtype=\"https:\/\/schema.org\/BlogPosting\" ><div class=\"blog-meta\"><\/div><div class='entry-content-wrapper clearfix standard-content'><header class=\"entry-content-header\" aria-label=\"Articles : Entreprises en Allemagne : A quel point les instructions de l\u2019employeur ont-elles un caract\u00e8re obligatoire ?\"><div class=\"av-heading-wrapper\"><span class=\"blog-categories minor-meta\"><a href=\"https:\/\/rechtsanwalt.fr\/fr\/category\/news-archive\/news-archive-2017\/droit-social-fr\/\" rel=\"tag\">Droit social<\/a><\/span><h2 class='post-title entry-title '  itemprop=\"headline\" ><a href=\"https:\/\/rechtsanwalt.fr\/fr\/entreprises-en-allemagne-a-quel-point-les-instructions-de-lemployeur-ont-elles-un-caractere-obligatoire\/\" rel=\"bookmark\" title=\"Lien permanent : Entreprises en Allemagne : A quel point les instructions de l\u2019employeur ont-elles un caract\u00e8re obligatoire ?\">Entreprises en Allemagne : A quel point les instructions de l\u2019employeur ont-elles un caract\u00e8re obligatoire ?<span class=\"post-format-icon minor-meta\"><\/span><\/a><\/h2><\/div><\/header><span class=\"post-meta-infos\"><time class=\"date-container minor-meta updated\"  itemprop=\"datePublished\" datetime=\"2017-07-25T14:16:00+02:00\" >25 juillet 2017<\/time><div class=\"read-more-link\"><a href=\"https:\/\/rechtsanwalt.fr\/fr\/entreprises-en-allemagne-a-quel-point-les-instructions-de-lemployeur-ont-elles-un-caractere-obligatoire\/\" class=\"more-link\">Lire la suite<span class='more-link-arrow avia-svg-icon avia-font-svg_entypo-fontello' data-av_svg_icon='right-open-big' data-av_iconset='svg_entypo-fontello'><svg version=\"1.1\" xmlns=\"http:\/\/www.w3.org\/2000\/svg\" width=\"15\" height=\"32\" viewBox=\"0 0 15 32\" preserveAspectRatio=\"xMidYMid meet\" role=\"graphics-symbol\" aria-hidden=\"true\">\n<path d=\"M0.416 27.84l11.456-11.84-11.456-11.904q-0.832-0.832 0-1.536 0.832-0.832 1.536 0l12.544 12.608q0.768 0.832 0 1.6l-12.544 12.608q-0.704 0.832-1.536 0-0.832-0.704 0-1.536z\"><\/path>\n<\/svg><\/span><\/a><\/div><\/span><footer class=\"entry-footer\"><\/footer><div class='post_delimiter'><\/div><\/div><div class=\"post_author_timeline\"><\/div><span class='hidden'>\n\t\t\t\t<span class='av-structured-data'  itemprop=\"image\" itemscope=\"itemscope\" itemtype=\"https:\/\/schema.org\/ImageObject\" >\n\t\t\t\t\t\t<span itemprop='url'>https:\/\/rechtsanwalt.fr\/wp-content\/uploads\/2024\/05\/logo_header_fr_web.epp_.svg<\/span>\n\t\t\t\t\t\t<span itemprop='height'>0<\/span>\n\t\t\t\t\t\t<span itemprop='width'>0<\/span>\n\t\t\t\t<\/span>\n\t\t\t\t<span class='av-structured-data'  itemprop=\"publisher\" itemtype=\"https:\/\/schema.org\/Organization\" itemscope=\"itemscope\" >\n\t\t\t\t\t\t<span itemprop='name'>epp.content<\/span>\n\t\t\t\t\t\t<span itemprop='logo' itemscope itemtype='https:\/\/schema.org\/ImageObject'>\n\t\t\t\t\t\t\t<span itemprop='url'>https:\/\/rechtsanwalt.fr\/wp-content\/uploads\/2024\/05\/logo_header_fr_web.epp_.svg<\/span>\n\t\t\t\t\t\t<\/span>\n\t\t\t\t<\/span><span class='av-structured-data'  itemprop=\"author\" itemscope=\"itemscope\" itemtype=\"https:\/\/schema.org\/Person\" ><span itemprop='name'>epp.content<\/span><\/span><span class='av-structured-data'  itemprop=\"datePublished\" datetime=\"2017-07-25T14:16:00+02:00\" >2017-07-25 14:16:00<\/span><span class='av-structured-data'  itemprop=\"dateModified\" itemtype=\"https:\/\/schema.org\/dateModified\" >2021-04-07 11:33:32<\/span><span class='av-structured-data'  itemprop=\"mainEntityOfPage\" itemtype=\"https:\/\/schema.org\/mainEntityOfPage\" ><span itemprop='name'>Entreprises en Allemagne : A quel point les instructions de l\u2019employeur ont-elles un caract\u00e8re obligatoire ?<\/span><\/span><\/span><\/article><article class=\"post-entry post-entry-type-standard post-entry-10664 post-loop-22 post-parity-even bloglist-simple  post-10664 post type-post status-publish format-standard hentry category-droit-des-societes-fr\"  itemscope=\"itemscope\" itemtype=\"https:\/\/schema.org\/BlogPosting\" ><div class=\"blog-meta\"><\/div><div class='entry-content-wrapper clearfix standard-content'><header class=\"entry-content-header\" aria-label=\"Articles : Associ\u00e9s d\u2019une GmbH (SARL de droit allemand): Quand le risque de responsabilit\u00e9 existe-t-il au titre de la r\u00e9alisation d\u2019apports en bonne et due forme ?\"><div class=\"av-heading-wrapper\"><span class=\"blog-categories minor-meta\"><a href=\"https:\/\/rechtsanwalt.fr\/fr\/category\/news-archive\/news-archive-2017\/droit-des-societes-fr\/\" rel=\"tag\">Droit des soci\u00e9t\u00e9s<\/a><\/span><h2 class='post-title entry-title '  itemprop=\"headline\" ><a href=\"https:\/\/rechtsanwalt.fr\/fr\/associes-dune-gmbh-sarl-de-droit-allemand-quand-le-risque-de-responsabilite-existe-t-il-au-titre-de-la-realisation-dapports-en-bonne-et-due-forme\/\" rel=\"bookmark\" title=\"Lien permanent : Associ\u00e9s d\u2019une GmbH (SARL de droit allemand): Quand le risque de responsabilit\u00e9 existe-t-il au titre de la r\u00e9alisation d\u2019apports en bonne et due forme ?\">Associ\u00e9s d\u2019une GmbH (SARL de droit allemand): Quand le risque de responsabilit\u00e9 existe-t-il au titre de la r\u00e9alisation d\u2019apports en bonne et due forme ?<span class=\"post-format-icon minor-meta\"><\/span><\/a><\/h2><\/div><\/header><span class=\"post-meta-infos\"><time class=\"date-container minor-meta updated\"  itemprop=\"datePublished\" datetime=\"2017-07-25T12:09:00+02:00\" >25 juillet 2017<\/time><div class=\"read-more-link\"><a href=\"https:\/\/rechtsanwalt.fr\/fr\/associes-dune-gmbh-sarl-de-droit-allemand-quand-le-risque-de-responsabilite-existe-t-il-au-titre-de-la-realisation-dapports-en-bonne-et-due-forme\/\" class=\"more-link\">Lire la suite<span class='more-link-arrow avia-svg-icon avia-font-svg_entypo-fontello' data-av_svg_icon='right-open-big' data-av_iconset='svg_entypo-fontello'><svg version=\"1.1\" xmlns=\"http:\/\/www.w3.org\/2000\/svg\" width=\"15\" height=\"32\" viewBox=\"0 0 15 32\" preserveAspectRatio=\"xMidYMid meet\" role=\"graphics-symbol\" aria-hidden=\"true\">\n<path d=\"M0.416 27.84l11.456-11.84-11.456-11.904q-0.832-0.832 0-1.536 0.832-0.832 1.536 0l12.544 12.608q0.768 0.832 0 1.6l-12.544 12.608q-0.704 0.832-1.536 0-0.832-0.704 0-1.536z\"><\/path>\n<\/svg><\/span><\/a><\/div><\/span><footer class=\"entry-footer\"><\/footer><div class='post_delimiter'><\/div><\/div><div class=\"post_author_timeline\"><\/div><span class='hidden'>\n\t\t\t\t<span class='av-structured-data'  itemprop=\"image\" itemscope=\"itemscope\" itemtype=\"https:\/\/schema.org\/ImageObject\" >\n\t\t\t\t\t\t<span itemprop='url'>https:\/\/rechtsanwalt.fr\/wp-content\/uploads\/2024\/05\/logo_header_fr_web.epp_.svg<\/span>\n\t\t\t\t\t\t<span itemprop='height'>0<\/span>\n\t\t\t\t\t\t<span itemprop='width'>0<\/span>\n\t\t\t\t<\/span>\n\t\t\t\t<span class='av-structured-data'  itemprop=\"publisher\" itemtype=\"https:\/\/schema.org\/Organization\" itemscope=\"itemscope\" >\n\t\t\t\t\t\t<span itemprop='name'>epp.content<\/span>\n\t\t\t\t\t\t<span itemprop='logo' itemscope itemtype='https:\/\/schema.org\/ImageObject'>\n\t\t\t\t\t\t\t<span itemprop='url'>https:\/\/rechtsanwalt.fr\/wp-content\/uploads\/2024\/05\/logo_header_fr_web.epp_.svg<\/span>\n\t\t\t\t\t\t<\/span>\n\t\t\t\t<\/span><span class='av-structured-data'  itemprop=\"author\" itemscope=\"itemscope\" itemtype=\"https:\/\/schema.org\/Person\" ><span itemprop='name'>epp.content<\/span><\/span><span class='av-structured-data'  itemprop=\"datePublished\" datetime=\"2017-07-25T12:09:00+02:00\" >2017-07-25 12:09:00<\/span><span class='av-structured-data'  itemprop=\"dateModified\" itemtype=\"https:\/\/schema.org\/dateModified\" >2021-04-07 11:33:50<\/span><span class='av-structured-data'  itemprop=\"mainEntityOfPage\" itemtype=\"https:\/\/schema.org\/mainEntityOfPage\" ><span itemprop='name'>Associ\u00e9s d\u2019une GmbH (SARL de droit allemand): Quand le risque de responsabilit\u00e9 existe-t-il au titre de la r\u00e9alisation d\u2019apports en bonne et due forme ?<\/span><\/span><\/span><\/article><article class=\"post-entry post-entry-type-standard post-entry-10720 post-loop-23 post-parity-odd bloglist-simple  post-10720 post type-post status-publish format-standard hentry category-droit-social-fr\"  itemscope=\"itemscope\" itemtype=\"https:\/\/schema.org\/BlogPosting\" ><div class=\"blog-meta\"><\/div><div class='entry-content-wrapper clearfix standard-content'><header class=\"entry-content-header\" aria-label=\"Articles : Agences d\u2019int\u00e9rim en Allemagne : Augmentation du salaire minimum des int\u00e9rimaires\"><div class=\"av-heading-wrapper\"><span class=\"blog-categories minor-meta\"><a href=\"https:\/\/rechtsanwalt.fr\/fr\/category\/news-archive\/news-archive-2017\/droit-social-fr\/\" rel=\"tag\">Droit social<\/a><\/span><h2 class='post-title entry-title '  itemprop=\"headline\" ><a href=\"https:\/\/rechtsanwalt.fr\/fr\/entreprises-en-allemagne-ladoption-dune-nouvelle-loi-de-protection-de-la-maternite-2\/\" rel=\"bookmark\" title=\"Lien permanent : Agences d\u2019int\u00e9rim en Allemagne : Augmentation du salaire minimum des int\u00e9rimaires\">Agences d\u2019int\u00e9rim en Allemagne : Augmentation du salaire minimum des int\u00e9rimaires<span class=\"post-format-icon minor-meta\"><\/span><\/a><\/h2><\/div><\/header><span class=\"post-meta-infos\"><time class=\"date-container minor-meta updated\"  itemprop=\"datePublished\" datetime=\"2017-07-03T13:47:00+02:00\" >3 juillet 2017<\/time><div class=\"read-more-link\"><a href=\"https:\/\/rechtsanwalt.fr\/fr\/entreprises-en-allemagne-ladoption-dune-nouvelle-loi-de-protection-de-la-maternite-2\/\" class=\"more-link\">Lire la suite<span class='more-link-arrow avia-svg-icon avia-font-svg_entypo-fontello' data-av_svg_icon='right-open-big' data-av_iconset='svg_entypo-fontello'><svg version=\"1.1\" xmlns=\"http:\/\/www.w3.org\/2000\/svg\" width=\"15\" height=\"32\" viewBox=\"0 0 15 32\" preserveAspectRatio=\"xMidYMid meet\" role=\"graphics-symbol\" aria-hidden=\"true\">\n<path d=\"M0.416 27.84l11.456-11.84-11.456-11.904q-0.832-0.832 0-1.536 0.832-0.832 1.536 0l12.544 12.608q0.768 0.832 0 1.6l-12.544 12.608q-0.704 0.832-1.536 0-0.832-0.704 0-1.536z\"><\/path>\n<\/svg><\/span><\/a><\/div><\/span><footer class=\"entry-footer\"><\/footer><div class='post_delimiter'><\/div><\/div><div class=\"post_author_timeline\"><\/div><span class='hidden'>\n\t\t\t\t<span class='av-structured-data'  itemprop=\"image\" itemscope=\"itemscope\" itemtype=\"https:\/\/schema.org\/ImageObject\" >\n\t\t\t\t\t\t<span itemprop='url'>https:\/\/rechtsanwalt.fr\/wp-content\/uploads\/2024\/05\/logo_header_fr_web.epp_.svg<\/span>\n\t\t\t\t\t\t<span itemprop='height'>0<\/span>\n\t\t\t\t\t\t<span itemprop='width'>0<\/span>\n\t\t\t\t<\/span>\n\t\t\t\t<span class='av-structured-data'  itemprop=\"publisher\" itemtype=\"https:\/\/schema.org\/Organization\" itemscope=\"itemscope\" >\n\t\t\t\t\t\t<span itemprop='name'>epp.content<\/span>\n\t\t\t\t\t\t<span itemprop='logo' itemscope itemtype='https:\/\/schema.org\/ImageObject'>\n\t\t\t\t\t\t\t<span itemprop='url'>https:\/\/rechtsanwalt.fr\/wp-content\/uploads\/2024\/05\/logo_header_fr_web.epp_.svg<\/span>\n\t\t\t\t\t\t<\/span>\n\t\t\t\t<\/span><span class='av-structured-data'  itemprop=\"author\" itemscope=\"itemscope\" itemtype=\"https:\/\/schema.org\/Person\" ><span itemprop='name'>epp.content<\/span><\/span><span class='av-structured-data'  itemprop=\"datePublished\" datetime=\"2017-07-03T13:47:00+02:00\" >2017-07-03 13:47:00<\/span><span class='av-structured-data'  itemprop=\"dateModified\" itemtype=\"https:\/\/schema.org\/dateModified\" >2021-04-07 11:34:10<\/span><span class='av-structured-data'  itemprop=\"mainEntityOfPage\" itemtype=\"https:\/\/schema.org\/mainEntityOfPage\" ><span itemprop='name'>Agences d\u2019int\u00e9rim en Allemagne : Augmentation du salaire minimum des int\u00e9rimaires<\/span><\/span><\/span><\/article><article class=\"post-entry post-entry-type-standard post-entry-10678 post-loop-24 post-parity-even bloglist-simple  post-10678 post type-post status-publish format-standard hentry category-droit-social-fr\"  itemscope=\"itemscope\" itemtype=\"https:\/\/schema.org\/BlogPosting\" ><div class=\"blog-meta\"><\/div><div class='entry-content-wrapper clearfix standard-content'><header class=\"entry-content-header\" aria-label=\"Articles : Entreprises en Allemagne : L\u2019adoption d\u2019une nouvelle loi de protection de la maternit\u00e9\"><div class=\"av-heading-wrapper\"><span class=\"blog-categories minor-meta\"><a href=\"https:\/\/rechtsanwalt.fr\/fr\/category\/news-archive\/news-archive-2017\/droit-social-fr\/\" rel=\"tag\">Droit social<\/a><\/span><h2 class='post-title entry-title '  itemprop=\"headline\" ><a href=\"https:\/\/rechtsanwalt.fr\/fr\/entreprises-en-allemagne-ladoption-dune-nouvelle-loi-de-protection-de-la-maternite\/\" rel=\"bookmark\" title=\"Lien permanent : Entreprises en Allemagne : L\u2019adoption d\u2019une nouvelle loi de protection de la maternit\u00e9\">Entreprises en Allemagne : L\u2019adoption d\u2019une nouvelle loi de protection de la maternit\u00e9<span class=\"post-format-icon minor-meta\"><\/span><\/a><\/h2><\/div><\/header><span class=\"post-meta-infos\"><time class=\"date-container minor-meta updated\"  itemprop=\"datePublished\" datetime=\"2017-07-03T12:37:00+02:00\" >3 juillet 2017<\/time><div class=\"read-more-link\"><a href=\"https:\/\/rechtsanwalt.fr\/fr\/entreprises-en-allemagne-ladoption-dune-nouvelle-loi-de-protection-de-la-maternite\/\" class=\"more-link\">Lire la suite<span class='more-link-arrow avia-svg-icon avia-font-svg_entypo-fontello' data-av_svg_icon='right-open-big' data-av_iconset='svg_entypo-fontello'><svg version=\"1.1\" xmlns=\"http:\/\/www.w3.org\/2000\/svg\" width=\"15\" height=\"32\" viewBox=\"0 0 15 32\" preserveAspectRatio=\"xMidYMid meet\" role=\"graphics-symbol\" aria-hidden=\"true\">\n<path d=\"M0.416 27.84l11.456-11.84-11.456-11.904q-0.832-0.832 0-1.536 0.832-0.832 1.536 0l12.544 12.608q0.768 0.832 0 1.6l-12.544 12.608q-0.704 0.832-1.536 0-0.832-0.704 0-1.536z\"><\/path>\n<\/svg><\/span><\/a><\/div><\/span><footer class=\"entry-footer\"><\/footer><div class='post_delimiter'><\/div><\/div><div class=\"post_author_timeline\"><\/div><span class='hidden'>\n\t\t\t\t<span class='av-structured-data'  itemprop=\"image\" itemscope=\"itemscope\" itemtype=\"https:\/\/schema.org\/ImageObject\" >\n\t\t\t\t\t\t<span itemprop='url'>https:\/\/rechtsanwalt.fr\/wp-content\/uploads\/2024\/05\/logo_header_fr_web.epp_.svg<\/span>\n\t\t\t\t\t\t<span itemprop='height'>0<\/span>\n\t\t\t\t\t\t<span itemprop='width'>0<\/span>\n\t\t\t\t<\/span>\n\t\t\t\t<span class='av-structured-data'  itemprop=\"publisher\" itemtype=\"https:\/\/schema.org\/Organization\" itemscope=\"itemscope\" >\n\t\t\t\t\t\t<span itemprop='name'>epp.content<\/span>\n\t\t\t\t\t\t<span itemprop='logo' itemscope itemtype='https:\/\/schema.org\/ImageObject'>\n\t\t\t\t\t\t\t<span itemprop='url'>https:\/\/rechtsanwalt.fr\/wp-content\/uploads\/2024\/05\/logo_header_fr_web.epp_.svg<\/span>\n\t\t\t\t\t\t<\/span>\n\t\t\t\t<\/span><span class='av-structured-data'  itemprop=\"author\" itemscope=\"itemscope\" itemtype=\"https:\/\/schema.org\/Person\" ><span itemprop='name'>epp.content<\/span><\/span><span class='av-structured-data'  itemprop=\"datePublished\" datetime=\"2017-07-03T12:37:00+02:00\" >2017-07-03 12:37:00<\/span><span class='av-structured-data'  itemprop=\"dateModified\" itemtype=\"https:\/\/schema.org\/dateModified\" >2021-04-07 11:35:21<\/span><span class='av-structured-data'  itemprop=\"mainEntityOfPage\" itemtype=\"https:\/\/schema.org\/mainEntityOfPage\" ><span itemprop='name'>Entreprises en Allemagne : L\u2019adoption d\u2019une nouvelle loi de protection de la maternit\u00e9<\/span><\/span><\/span><\/article><article class=\"post-entry post-entry-type-standard post-entry-10799 post-loop-25 post-parity-odd bloglist-simple  post-10799 post type-post status-publish format-standard hentry category-droit-social-fr\"  itemscope=\"itemscope\" itemtype=\"https:\/\/schema.org\/BlogPosting\" ><div class=\"blog-meta\"><\/div><div class='entry-content-wrapper clearfix standard-content'><header class=\"entry-content-header\" aria-label=\"Articles : D\u00e9tachement de salari\u00e9s en France: 10 R\u00e9flexes \u00e0 avoir pour \u00e9viter les risques\"><div class=\"av-heading-wrapper\"><span class=\"blog-categories minor-meta\"><a href=\"https:\/\/rechtsanwalt.fr\/fr\/category\/news-archive\/news-archive-2017\/droit-social-fr\/\" rel=\"tag\">Droit social<\/a><\/span><h2 class='post-title entry-title '  itemprop=\"headline\" ><a href=\"https:\/\/rechtsanwalt.fr\/fr\/detachement-de-salaries-en-france-10-reflexes-a-avoir-pour-eviter-les-risques\/\" rel=\"bookmark\" title=\"Lien permanent : D\u00e9tachement de salari\u00e9s en France: 10 R\u00e9flexes \u00e0 avoir pour \u00e9viter les risques\">D\u00e9tachement de salari\u00e9s en France: 10 R\u00e9flexes \u00e0 avoir pour \u00e9viter les risques<span class=\"post-format-icon minor-meta\"><\/span><\/a><\/h2><\/div><\/header><span class=\"post-meta-infos\"><time class=\"date-container minor-meta updated\"  itemprop=\"datePublished\" datetime=\"2017-06-20T17:36:00+02:00\" >20 juin 2017<\/time><div class=\"read-more-link\"><a href=\"https:\/\/rechtsanwalt.fr\/fr\/detachement-de-salaries-en-france-10-reflexes-a-avoir-pour-eviter-les-risques\/\" class=\"more-link\">Lire la suite<span class='more-link-arrow avia-svg-icon avia-font-svg_entypo-fontello' data-av_svg_icon='right-open-big' data-av_iconset='svg_entypo-fontello'><svg version=\"1.1\" xmlns=\"http:\/\/www.w3.org\/2000\/svg\" width=\"15\" height=\"32\" viewBox=\"0 0 15 32\" preserveAspectRatio=\"xMidYMid meet\" role=\"graphics-symbol\" aria-hidden=\"true\">\n<path d=\"M0.416 27.84l11.456-11.84-11.456-11.904q-0.832-0.832 0-1.536 0.832-0.832 1.536 0l12.544 12.608q0.768 0.832 0 1.6l-12.544 12.608q-0.704 0.832-1.536 0-0.832-0.704 0-1.536z\"><\/path>\n<\/svg><\/span><\/a><\/div><\/span><footer class=\"entry-footer\"><\/footer><div class='post_delimiter'><\/div><\/div><div class=\"post_author_timeline\"><\/div><span class='hidden'>\n\t\t\t\t<span class='av-structured-data'  itemprop=\"image\" itemscope=\"itemscope\" itemtype=\"https:\/\/schema.org\/ImageObject\" >\n\t\t\t\t\t\t<span itemprop='url'>https:\/\/rechtsanwalt.fr\/wp-content\/uploads\/2024\/05\/logo_header_fr_web.epp_.svg<\/span>\n\t\t\t\t\t\t<span itemprop='height'>0<\/span>\n\t\t\t\t\t\t<span itemprop='width'>0<\/span>\n\t\t\t\t<\/span>\n\t\t\t\t<span class='av-structured-data'  itemprop=\"publisher\" itemtype=\"https:\/\/schema.org\/Organization\" itemscope=\"itemscope\" >\n\t\t\t\t\t\t<span itemprop='name'>epp.content<\/span>\n\t\t\t\t\t\t<span itemprop='logo' itemscope itemtype='https:\/\/schema.org\/ImageObject'>\n\t\t\t\t\t\t\t<span itemprop='url'>https:\/\/rechtsanwalt.fr\/wp-content\/uploads\/2024\/05\/logo_header_fr_web.epp_.svg<\/span>\n\t\t\t\t\t\t<\/span>\n\t\t\t\t<\/span><span class='av-structured-data'  itemprop=\"author\" itemscope=\"itemscope\" itemtype=\"https:\/\/schema.org\/Person\" ><span itemprop='name'>epp.content<\/span><\/span><span class='av-structured-data'  itemprop=\"datePublished\" datetime=\"2017-06-20T17:36:00+02:00\" >2017-06-20 17:36:00<\/span><span class='av-structured-data'  itemprop=\"dateModified\" itemtype=\"https:\/\/schema.org\/dateModified\" >2020-11-06 11:32:30<\/span><span class='av-structured-data'  itemprop=\"mainEntityOfPage\" itemtype=\"https:\/\/schema.org\/mainEntityOfPage\" ><span itemprop='name'>D\u00e9tachement de salari\u00e9s en France: 10 R\u00e9flexes \u00e0 avoir pour \u00e9viter les risques<\/span><\/span><\/span><\/article><article class=\"post-entry post-entry-type-standard post-entry-10771 post-loop-26 post-parity-even bloglist-simple  post-10771 post type-post status-publish format-standard hentry category-contrats\"  itemscope=\"itemscope\" itemtype=\"https:\/\/schema.org\/BlogPosting\" ><div class=\"blog-meta\"><\/div><div class='entry-content-wrapper clearfix standard-content'><header class=\"entry-content-header\" aria-label=\"Articles : E-Commerce en Allemagne : L\u2019interdiction stricte de sauvegarde des donn\u00e9es IP en Allemagne n\u2019est pas conforme au droit europ\u00e9en\"><div class=\"av-heading-wrapper\"><span class=\"blog-categories minor-meta\"><a href=\"https:\/\/rechtsanwalt.fr\/fr\/category\/news-archive\/news-archive-2017\/contrats\/\" rel=\"tag\">Droit des contrats<\/a><\/span><h2 class='post-title entry-title '  itemprop=\"headline\" ><a href=\"https:\/\/rechtsanwalt.fr\/fr\/e-commerce-en-allemagne-linterdiction-stricte-de-sauvegarde-des-donnees-ip-en-allemagne-nest-pas-conforme-au-droit-europeen\/\" rel=\"bookmark\" title=\"Lien permanent : E-Commerce en Allemagne : L\u2019interdiction stricte de sauvegarde des donn\u00e9es IP en Allemagne n\u2019est pas conforme au droit europ\u00e9en\">E-Commerce en Allemagne : L\u2019interdiction stricte de sauvegarde des donn\u00e9es IP en Allemagne n\u2019est pas conforme au droit europ\u00e9en<span class=\"post-format-icon minor-meta\"><\/span><\/a><\/h2><\/div><\/header><span class=\"post-meta-infos\"><time class=\"date-container minor-meta updated\"  itemprop=\"datePublished\" datetime=\"2017-06-06T15:23:00+02:00\" >6 juin 2017<\/time><div class=\"read-more-link\"><a href=\"https:\/\/rechtsanwalt.fr\/fr\/e-commerce-en-allemagne-linterdiction-stricte-de-sauvegarde-des-donnees-ip-en-allemagne-nest-pas-conforme-au-droit-europeen\/\" class=\"more-link\">Lire la suite<span class='more-link-arrow avia-svg-icon avia-font-svg_entypo-fontello' data-av_svg_icon='right-open-big' data-av_iconset='svg_entypo-fontello'><svg version=\"1.1\" xmlns=\"http:\/\/www.w3.org\/2000\/svg\" width=\"15\" height=\"32\" viewBox=\"0 0 15 32\" preserveAspectRatio=\"xMidYMid meet\" role=\"graphics-symbol\" aria-hidden=\"true\">\n<path d=\"M0.416 27.84l11.456-11.84-11.456-11.904q-0.832-0.832 0-1.536 0.832-0.832 1.536 0l12.544 12.608q0.768 0.832 0 1.6l-12.544 12.608q-0.704 0.832-1.536 0-0.832-0.704 0-1.536z\"><\/path>\n<\/svg><\/span><\/a><\/div><\/span><footer class=\"entry-footer\"><\/footer><div class='post_delimiter'><\/div><\/div><div class=\"post_author_timeline\"><\/div><span class='hidden'>\n\t\t\t\t<span class='av-structured-data'  itemprop=\"image\" itemscope=\"itemscope\" itemtype=\"https:\/\/schema.org\/ImageObject\" >\n\t\t\t\t\t\t<span itemprop='url'>https:\/\/rechtsanwalt.fr\/wp-content\/uploads\/2024\/05\/logo_header_fr_web.epp_.svg<\/span>\n\t\t\t\t\t\t<span itemprop='height'>0<\/span>\n\t\t\t\t\t\t<span itemprop='width'>0<\/span>\n\t\t\t\t<\/span>\n\t\t\t\t<span class='av-structured-data'  itemprop=\"publisher\" itemtype=\"https:\/\/schema.org\/Organization\" itemscope=\"itemscope\" >\n\t\t\t\t\t\t<span itemprop='name'>epp.content<\/span>\n\t\t\t\t\t\t<span itemprop='logo' itemscope itemtype='https:\/\/schema.org\/ImageObject'>\n\t\t\t\t\t\t\t<span itemprop='url'>https:\/\/rechtsanwalt.fr\/wp-content\/uploads\/2024\/05\/logo_header_fr_web.epp_.svg<\/span>\n\t\t\t\t\t\t<\/span>\n\t\t\t\t<\/span><span class='av-structured-data'  itemprop=\"author\" itemscope=\"itemscope\" itemtype=\"https:\/\/schema.org\/Person\" ><span itemprop='name'>epp.content<\/span><\/span><span class='av-structured-data'  itemprop=\"datePublished\" datetime=\"2017-06-06T15:23:00+02:00\" >2017-06-06 15:23:00<\/span><span class='av-structured-data'  itemprop=\"dateModified\" itemtype=\"https:\/\/schema.org\/dateModified\" >2021-04-07 11:35:52<\/span><span class='av-structured-data'  itemprop=\"mainEntityOfPage\" itemtype=\"https:\/\/schema.org\/mainEntityOfPage\" ><span itemprop='name'>E-Commerce en Allemagne : L\u2019interdiction stricte de sauvegarde des donn\u00e9es IP en Allemagne n\u2019est pas conforme au droit europ\u00e9en<\/span><\/span><\/span><\/article><article class=\"post-entry post-entry-type-standard post-entry-10741 post-loop-27 post-parity-odd bloglist-simple  post-10741 post type-post status-publish format-standard hentry category-droit-social-fr\"  itemscope=\"itemscope\" itemtype=\"https:\/\/schema.org\/BlogPosting\" ><div class=\"blog-meta\"><\/div><div class='entry-content-wrapper clearfix standard-content'><header class=\"entry-content-header\" aria-label=\"Articles : Entreprises en Allemagne : Nouvelle loi pour favoriser la transparence en mati\u00e8re de r\u00e9mun\u00e9ration\"><div class=\"av-heading-wrapper\"><span class=\"blog-categories minor-meta\"><a href=\"https:\/\/rechtsanwalt.fr\/fr\/category\/news-archive\/news-archive-2017\/droit-social-fr\/\" rel=\"tag\">Droit social<\/a><\/span><h2 class='post-title entry-title '  itemprop=\"headline\" ><a href=\"https:\/\/rechtsanwalt.fr\/fr\/entreprises-en-allemagne-nouvelle-loi-pour-favoriser-la-transparence-en-matiere-de-remuneration\/\" rel=\"bookmark\" title=\"Lien permanent : Entreprises en Allemagne : Nouvelle loi pour favoriser la transparence en mati\u00e8re de r\u00e9mun\u00e9ration\">Entreprises en Allemagne : Nouvelle loi pour favoriser la transparence en mati\u00e8re de r\u00e9mun\u00e9ration<span class=\"post-format-icon minor-meta\"><\/span><\/a><\/h2><\/div><\/header><span class=\"post-meta-infos\"><time class=\"date-container minor-meta updated\"  itemprop=\"datePublished\" datetime=\"2017-06-06T14:21:00+02:00\" >6 juin 2017<\/time><div class=\"read-more-link\"><a href=\"https:\/\/rechtsanwalt.fr\/fr\/entreprises-en-allemagne-nouvelle-loi-pour-favoriser-la-transparence-en-matiere-de-remuneration\/\" class=\"more-link\">Lire la suite<span class='more-link-arrow avia-svg-icon avia-font-svg_entypo-fontello' data-av_svg_icon='right-open-big' data-av_iconset='svg_entypo-fontello'><svg version=\"1.1\" xmlns=\"http:\/\/www.w3.org\/2000\/svg\" width=\"15\" height=\"32\" viewBox=\"0 0 15 32\" preserveAspectRatio=\"xMidYMid meet\" role=\"graphics-symbol\" aria-hidden=\"true\">\n<path d=\"M0.416 27.84l11.456-11.84-11.456-11.904q-0.832-0.832 0-1.536 0.832-0.832 1.536 0l12.544 12.608q0.768 0.832 0 1.6l-12.544 12.608q-0.704 0.832-1.536 0-0.832-0.704 0-1.536z\"><\/path>\n<\/svg><\/span><\/a><\/div><\/span><footer class=\"entry-footer\"><\/footer><div class='post_delimiter'><\/div><\/div><div class=\"post_author_timeline\"><\/div><span class='hidden'>\n\t\t\t\t<span class='av-structured-data'  itemprop=\"image\" itemscope=\"itemscope\" itemtype=\"https:\/\/schema.org\/ImageObject\" >\n\t\t\t\t\t\t<span itemprop='url'>https:\/\/rechtsanwalt.fr\/wp-content\/uploads\/2024\/05\/logo_header_fr_web.epp_.svg<\/span>\n\t\t\t\t\t\t<span itemprop='height'>0<\/span>\n\t\t\t\t\t\t<span itemprop='width'>0<\/span>\n\t\t\t\t<\/span>\n\t\t\t\t<span class='av-structured-data'  itemprop=\"publisher\" itemtype=\"https:\/\/schema.org\/Organization\" itemscope=\"itemscope\" >\n\t\t\t\t\t\t<span itemprop='name'>epp.content<\/span>\n\t\t\t\t\t\t<span itemprop='logo' itemscope itemtype='https:\/\/schema.org\/ImageObject'>\n\t\t\t\t\t\t\t<span itemprop='url'>https:\/\/rechtsanwalt.fr\/wp-content\/uploads\/2024\/05\/logo_header_fr_web.epp_.svg<\/span>\n\t\t\t\t\t\t<\/span>\n\t\t\t\t<\/span><span class='av-structured-data'  itemprop=\"author\" itemscope=\"itemscope\" itemtype=\"https:\/\/schema.org\/Person\" ><span itemprop='name'>epp.content<\/span><\/span><span class='av-structured-data'  itemprop=\"datePublished\" datetime=\"2017-06-06T14:21:00+02:00\" >2017-06-06 14:21:00<\/span><span class='av-structured-data'  itemprop=\"dateModified\" itemtype=\"https:\/\/schema.org\/dateModified\" >2021-04-07 11:36:15<\/span><span class='av-structured-data'  itemprop=\"mainEntityOfPage\" itemtype=\"https:\/\/schema.org\/mainEntityOfPage\" ><span itemprop='name'>Entreprises en Allemagne : Nouvelle loi pour favoriser la transparence en mati\u00e8re de r\u00e9mun\u00e9ration<\/span><\/span><\/span><\/article><article class=\"post-entry post-entry-type-standard post-entry-10670 post-loop-28 post-parity-even bloglist-simple  post-10670 post type-post status-publish format-standard hentry category-droit-fiscal\"  itemscope=\"itemscope\" itemtype=\"https:\/\/schema.org\/BlogPosting\" ><div class=\"blog-meta\"><\/div><div class='entry-content-wrapper clearfix standard-content'><header class=\"entry-content-header\" aria-label=\"Articles : Entreprises en Allemagne: Possibilit\u00e9 de rectification de factures avec effet r\u00e9troactif\"><div class=\"av-heading-wrapper\"><span class=\"blog-categories minor-meta\"><a href=\"https:\/\/rechtsanwalt.fr\/fr\/category\/news-archive\/news-archive-2017\/droit-fiscal\/\" rel=\"tag\">Droit fiscal<\/a><\/span><h2 class='post-title entry-title '  itemprop=\"headline\" ><a href=\"https:\/\/rechtsanwalt.fr\/fr\/entreprises-en-allemagne-possibilite-de-rectification-de-factures-avec-effet-retroactif\/\" rel=\"bookmark\" title=\"Lien permanent : Entreprises en Allemagne: Possibilit\u00e9 de rectification de factures avec effet r\u00e9troactif\">Entreprises en Allemagne: Possibilit\u00e9 de rectification de factures avec effet r\u00e9troactif<span class=\"post-format-icon minor-meta\"><\/span><\/a><\/h2><\/div><\/header><span class=\"post-meta-infos\"><time class=\"date-container minor-meta updated\"  itemprop=\"datePublished\" datetime=\"2017-06-06T12:23:00+02:00\" >6 juin 2017<\/time><div class=\"read-more-link\"><a href=\"https:\/\/rechtsanwalt.fr\/fr\/entreprises-en-allemagne-possibilite-de-rectification-de-factures-avec-effet-retroactif\/\" class=\"more-link\">Lire la suite<span class='more-link-arrow avia-svg-icon avia-font-svg_entypo-fontello' data-av_svg_icon='right-open-big' data-av_iconset='svg_entypo-fontello'><svg version=\"1.1\" xmlns=\"http:\/\/www.w3.org\/2000\/svg\" width=\"15\" height=\"32\" viewBox=\"0 0 15 32\" preserveAspectRatio=\"xMidYMid meet\" role=\"graphics-symbol\" aria-hidden=\"true\">\n<path d=\"M0.416 27.84l11.456-11.84-11.456-11.904q-0.832-0.832 0-1.536 0.832-0.832 1.536 0l12.544 12.608q0.768 0.832 0 1.6l-12.544 12.608q-0.704 0.832-1.536 0-0.832-0.704 0-1.536z\"><\/path>\n<\/svg><\/span><\/a><\/div><\/span><footer class=\"entry-footer\"><\/footer><div class='post_delimiter'><\/div><\/div><div class=\"post_author_timeline\"><\/div><span class='hidden'>\n\t\t\t\t<span class='av-structured-data'  itemprop=\"image\" itemscope=\"itemscope\" itemtype=\"https:\/\/schema.org\/ImageObject\" >\n\t\t\t\t\t\t<span itemprop='url'>https:\/\/rechtsanwalt.fr\/wp-content\/uploads\/2024\/05\/logo_header_fr_web.epp_.svg<\/span>\n\t\t\t\t\t\t<span itemprop='height'>0<\/span>\n\t\t\t\t\t\t<span itemprop='width'>0<\/span>\n\t\t\t\t<\/span>\n\t\t\t\t<span class='av-structured-data'  itemprop=\"publisher\" itemtype=\"https:\/\/schema.org\/Organization\" itemscope=\"itemscope\" >\n\t\t\t\t\t\t<span itemprop='name'>epp.content<\/span>\n\t\t\t\t\t\t<span itemprop='logo' itemscope itemtype='https:\/\/schema.org\/ImageObject'>\n\t\t\t\t\t\t\t<span itemprop='url'>https:\/\/rechtsanwalt.fr\/wp-content\/uploads\/2024\/05\/logo_header_fr_web.epp_.svg<\/span>\n\t\t\t\t\t\t<\/span>\n\t\t\t\t<\/span><span class='av-structured-data'  itemprop=\"author\" itemscope=\"itemscope\" itemtype=\"https:\/\/schema.org\/Person\" ><span itemprop='name'>epp.content<\/span><\/span><span class='av-structured-data'  itemprop=\"datePublished\" datetime=\"2017-06-06T12:23:00+02:00\" >2017-06-06 12:23:00<\/span><span class='av-structured-data'  itemprop=\"dateModified\" itemtype=\"https:\/\/schema.org\/dateModified\" >2021-04-07 11:36:33<\/span><span class='av-structured-data'  itemprop=\"mainEntityOfPage\" itemtype=\"https:\/\/schema.org\/mainEntityOfPage\" ><span itemprop='name'>Entreprises en Allemagne: Possibilit\u00e9 de rectification de factures avec effet r\u00e9troactif<\/span><\/span><\/span><\/article><article class=\"post-entry post-entry-type-standard post-entry-10745 post-loop-29 post-parity-odd bloglist-simple  post-10745 post type-post status-publish format-standard hentry category-droit-social-fr\"  itemscope=\"itemscope\" itemtype=\"https:\/\/schema.org\/BlogPosting\" ><div class=\"blog-meta\"><\/div><div class='entry-content-wrapper clearfix standard-content'><header class=\"entry-content-header\" aria-label=\"Articles : Droit du travail en Allemagne : R\u00e9forme de la l\u00e9gislation en mati\u00e8re de pr\u00eat de personnel et recours aux contrats d\u2019entreprise (\u00ab Werksvertr\u00e4ge \u00bb)\"><div class=\"av-heading-wrapper\"><span class=\"blog-categories minor-meta\"><a href=\"https:\/\/rechtsanwalt.fr\/fr\/category\/news-archive\/news-archive-2017\/droit-social-fr\/\" rel=\"tag\">Droit social<\/a><\/span><h2 class='post-title entry-title '  itemprop=\"headline\" ><a href=\"https:\/\/rechtsanwalt.fr\/fr\/droit-du-travail-en-allemagne-reforme-de-la-legislation-en-matiere-de-pret-de-personnel-et-recours-aux-contrats-dentreprise-werksvertrage\/\" rel=\"bookmark\" title=\"Lien permanent : Droit du travail en Allemagne : R\u00e9forme de la l\u00e9gislation en mati\u00e8re de pr\u00eat de personnel et recours aux contrats d\u2019entreprise (\u00ab Werksvertr\u00e4ge \u00bb)\">Droit du travail en Allemagne : R\u00e9forme de la l\u00e9gislation en mati\u00e8re de pr\u00eat de personnel et recours aux contrats d\u2019entreprise (\u00ab Werksvertr\u00e4ge \u00bb)<span class=\"post-format-icon minor-meta\"><\/span><\/a><\/h2><\/div><\/header><span class=\"post-meta-infos\"><time class=\"date-container minor-meta updated\"  itemprop=\"datePublished\" datetime=\"2017-05-30T14:26:00+02:00\" >30 mai 2017<\/time><div class=\"read-more-link\"><a href=\"https:\/\/rechtsanwalt.fr\/fr\/droit-du-travail-en-allemagne-reforme-de-la-legislation-en-matiere-de-pret-de-personnel-et-recours-aux-contrats-dentreprise-werksvertrage\/\" class=\"more-link\">Lire la suite<span class='more-link-arrow avia-svg-icon avia-font-svg_entypo-fontello' data-av_svg_icon='right-open-big' data-av_iconset='svg_entypo-fontello'><svg version=\"1.1\" xmlns=\"http:\/\/www.w3.org\/2000\/svg\" width=\"15\" height=\"32\" viewBox=\"0 0 15 32\" preserveAspectRatio=\"xMidYMid meet\" role=\"graphics-symbol\" aria-hidden=\"true\">\n<path d=\"M0.416 27.84l11.456-11.84-11.456-11.904q-0.832-0.832 0-1.536 0.832-0.832 1.536 0l12.544 12.608q0.768 0.832 0 1.6l-12.544 12.608q-0.704 0.832-1.536 0-0.832-0.704 0-1.536z\"><\/path>\n<\/svg><\/span><\/a><\/div><\/span><footer class=\"entry-footer\"><\/footer><div class='post_delimiter'><\/div><\/div><div class=\"post_author_timeline\"><\/div><span class='hidden'>\n\t\t\t\t<span class='av-structured-data'  itemprop=\"image\" itemscope=\"itemscope\" itemtype=\"https:\/\/schema.org\/ImageObject\" >\n\t\t\t\t\t\t<span itemprop='url'>https:\/\/rechtsanwalt.fr\/wp-content\/uploads\/2024\/05\/logo_header_fr_web.epp_.svg<\/span>\n\t\t\t\t\t\t<span itemprop='height'>0<\/span>\n\t\t\t\t\t\t<span itemprop='width'>0<\/span>\n\t\t\t\t<\/span>\n\t\t\t\t<span class='av-structured-data'  itemprop=\"publisher\" itemtype=\"https:\/\/schema.org\/Organization\" itemscope=\"itemscope\" >\n\t\t\t\t\t\t<span itemprop='name'>epp.content<\/span>\n\t\t\t\t\t\t<span itemprop='logo' itemscope itemtype='https:\/\/schema.org\/ImageObject'>\n\t\t\t\t\t\t\t<span itemprop='url'>https:\/\/rechtsanwalt.fr\/wp-content\/uploads\/2024\/05\/logo_header_fr_web.epp_.svg<\/span>\n\t\t\t\t\t\t<\/span>\n\t\t\t\t<\/span><span class='av-structured-data'  itemprop=\"author\" itemscope=\"itemscope\" itemtype=\"https:\/\/schema.org\/Person\" ><span itemprop='name'>epp.content<\/span><\/span><span class='av-structured-data'  itemprop=\"datePublished\" datetime=\"2017-05-30T14:26:00+02:00\" >2017-05-30 14:26:00<\/span><span class='av-structured-data'  itemprop=\"dateModified\" itemtype=\"https:\/\/schema.org\/dateModified\" >2021-04-07 11:37:00<\/span><span class='av-structured-data'  itemprop=\"mainEntityOfPage\" itemtype=\"https:\/\/schema.org\/mainEntityOfPage\" ><span itemprop='name'>Droit du travail en Allemagne : R\u00e9forme de la l\u00e9gislation en mati\u00e8re de pr\u00eat de personnel et recours aux contrats d\u2019entreprise (\u00ab Werksvertr\u00e4ge \u00bb)<\/span><\/span><\/span><\/article><article class=\"post-entry post-entry-type-standard post-entry-10793 post-loop-30 post-parity-even bloglist-simple  post-10793 post type-post status-publish format-standard hentry category-droit-social-fr\"  itemscope=\"itemscope\" itemtype=\"https:\/\/schema.org\/BlogPosting\" ><div class=\"blog-meta\"><\/div><div class='entry-content-wrapper clearfix standard-content'><header class=\"entry-content-header\" aria-label=\"Articles : Entreprise en Allemagne : Un employeur allemand, peut-il refuser le maintien de salaire en cas de maladie ?\"><div class=\"av-heading-wrapper\"><span class=\"blog-categories minor-meta\"><a href=\"https:\/\/rechtsanwalt.fr\/fr\/category\/news-archive\/news-archive-2017\/droit-social-fr\/\" rel=\"tag\">Droit social<\/a><\/span><h2 class='post-title entry-title '  itemprop=\"headline\" ><a href=\"https:\/\/rechtsanwalt.fr\/fr\/entreprise-en-allemagne-un-employeur-allemand-peut-il-refuser-le-maintien-de-salaire-en-cas-de-maladie\/\" rel=\"bookmark\" title=\"Lien permanent : Entreprise en Allemagne : Un employeur allemand, peut-il refuser le maintien de salaire en cas de maladie ?\">Entreprise en Allemagne : Un employeur allemand, peut-il refuser le maintien de salaire en cas de maladie ?<span class=\"post-format-icon minor-meta\"><\/span><\/a><\/h2><\/div><\/header><span class=\"post-meta-infos\"><time class=\"date-container minor-meta updated\"  itemprop=\"datePublished\" datetime=\"2017-03-28T16:22:00+02:00\" >28 mars 2017<\/time><div class=\"read-more-link\"><a href=\"https:\/\/rechtsanwalt.fr\/fr\/entreprise-en-allemagne-un-employeur-allemand-peut-il-refuser-le-maintien-de-salaire-en-cas-de-maladie\/\" class=\"more-link\">Lire la suite<span class='more-link-arrow avia-svg-icon avia-font-svg_entypo-fontello' data-av_svg_icon='right-open-big' data-av_iconset='svg_entypo-fontello'><svg version=\"1.1\" xmlns=\"http:\/\/www.w3.org\/2000\/svg\" width=\"15\" height=\"32\" viewBox=\"0 0 15 32\" preserveAspectRatio=\"xMidYMid meet\" role=\"graphics-symbol\" aria-hidden=\"true\">\n<path d=\"M0.416 27.84l11.456-11.84-11.456-11.904q-0.832-0.832 0-1.536 0.832-0.832 1.536 0l12.544 12.608q0.768 0.832 0 1.6l-12.544 12.608q-0.704 0.832-1.536 0-0.832-0.704 0-1.536z\"><\/path>\n<\/svg><\/span><\/a><\/div><\/span><footer class=\"entry-footer\"><\/footer><div class='post_delimiter'><\/div><\/div><div class=\"post_author_timeline\"><\/div><span class='hidden'>\n\t\t\t\t<span class='av-structured-data'  itemprop=\"image\" itemscope=\"itemscope\" itemtype=\"https:\/\/schema.org\/ImageObject\" >\n\t\t\t\t\t\t<span itemprop='url'>https:\/\/rechtsanwalt.fr\/wp-content\/uploads\/2024\/05\/logo_header_fr_web.epp_.svg<\/span>\n\t\t\t\t\t\t<span itemprop='height'>0<\/span>\n\t\t\t\t\t\t<span itemprop='width'>0<\/span>\n\t\t\t\t<\/span>\n\t\t\t\t<span class='av-structured-data'  itemprop=\"publisher\" itemtype=\"https:\/\/schema.org\/Organization\" itemscope=\"itemscope\" >\n\t\t\t\t\t\t<span itemprop='name'>epp.content<\/span>\n\t\t\t\t\t\t<span itemprop='logo' itemscope itemtype='https:\/\/schema.org\/ImageObject'>\n\t\t\t\t\t\t\t<span itemprop='url'>https:\/\/rechtsanwalt.fr\/wp-content\/uploads\/2024\/05\/logo_header_fr_web.epp_.svg<\/span>\n\t\t\t\t\t\t<\/span>\n\t\t\t\t<\/span><span class='av-structured-data'  itemprop=\"author\" itemscope=\"itemscope\" itemtype=\"https:\/\/schema.org\/Person\" ><span itemprop='name'>epp.content<\/span><\/span><span class='av-structured-data'  itemprop=\"datePublished\" datetime=\"2017-03-28T16:22:00+02:00\" >2017-03-28 16:22:00<\/span><span class='av-structured-data'  itemprop=\"dateModified\" itemtype=\"https:\/\/schema.org\/dateModified\" >2021-04-07 11:37:20<\/span><span class='av-structured-data'  itemprop=\"mainEntityOfPage\" itemtype=\"https:\/\/schema.org\/mainEntityOfPage\" ><span itemprop='name'>Entreprise en Allemagne : Un employeur allemand, peut-il refuser le maintien de salaire en cas de maladie ?<\/span><\/span><\/span><\/article><article class=\"post-entry post-entry-type-standard post-entry-10791 post-loop-31 post-parity-odd bloglist-simple  post-10791 post type-post status-publish format-standard hentry category-entreprises-en-difficultes\"  itemscope=\"itemscope\" itemtype=\"https:\/\/schema.org\/BlogPosting\" ><div class=\"blog-meta\"><\/div><div class='entry-content-wrapper clearfix standard-content'><header class=\"entry-content-header\" aria-label=\"Articles : Allemagne : Adoption de la loi portant r\u00e9forme de l\u2019action r\u00e9vocatoire\"><div class=\"av-heading-wrapper\"><span class=\"blog-categories minor-meta\"><a href=\"https:\/\/rechtsanwalt.fr\/fr\/category\/news-archive\/news-archive-2017\/entreprises-en-difficultes\/\" rel=\"tag\">Entreprises en difficult\u00e9s<\/a><\/span><h2 class='post-title entry-title '  itemprop=\"headline\" ><a href=\"https:\/\/rechtsanwalt.fr\/fr\/allemagne-adoption-de-la-loi-portant-reforme-de-laction-revocatoire\/\" rel=\"bookmark\" title=\"Lien permanent : Allemagne : Adoption de la loi portant r\u00e9forme de l\u2019action r\u00e9vocatoire\">Allemagne : Adoption de la loi portant r\u00e9forme de l\u2019action r\u00e9vocatoire<span class=\"post-format-icon minor-meta\"><\/span><\/a><\/h2><\/div><\/header><span class=\"post-meta-infos\"><time class=\"date-container minor-meta updated\"  itemprop=\"datePublished\" datetime=\"2017-03-27T16:16:00+02:00\" >27 mars 2017<\/time><div class=\"read-more-link\"><a href=\"https:\/\/rechtsanwalt.fr\/fr\/allemagne-adoption-de-la-loi-portant-reforme-de-laction-revocatoire\/\" class=\"more-link\">Lire la suite<span class='more-link-arrow avia-svg-icon avia-font-svg_entypo-fontello' data-av_svg_icon='right-open-big' data-av_iconset='svg_entypo-fontello'><svg version=\"1.1\" xmlns=\"http:\/\/www.w3.org\/2000\/svg\" width=\"15\" height=\"32\" viewBox=\"0 0 15 32\" preserveAspectRatio=\"xMidYMid meet\" role=\"graphics-symbol\" aria-hidden=\"true\">\n<path d=\"M0.416 27.84l11.456-11.84-11.456-11.904q-0.832-0.832 0-1.536 0.832-0.832 1.536 0l12.544 12.608q0.768 0.832 0 1.6l-12.544 12.608q-0.704 0.832-1.536 0-0.832-0.704 0-1.536z\"><\/path>\n<\/svg><\/span><\/a><\/div><\/span><footer class=\"entry-footer\"><\/footer><div class='post_delimiter'><\/div><\/div><div class=\"post_author_timeline\"><\/div><span class='hidden'>\n\t\t\t\t<span class='av-structured-data'  itemprop=\"image\" itemscope=\"itemscope\" itemtype=\"https:\/\/schema.org\/ImageObject\" >\n\t\t\t\t\t\t<span itemprop='url'>https:\/\/rechtsanwalt.fr\/wp-content\/uploads\/2024\/05\/logo_header_fr_web.epp_.svg<\/span>\n\t\t\t\t\t\t<span itemprop='height'>0<\/span>\n\t\t\t\t\t\t<span itemprop='width'>0<\/span>\n\t\t\t\t<\/span>\n\t\t\t\t<span class='av-structured-data'  itemprop=\"publisher\" itemtype=\"https:\/\/schema.org\/Organization\" itemscope=\"itemscope\" >\n\t\t\t\t\t\t<span itemprop='name'>epp.content<\/span>\n\t\t\t\t\t\t<span itemprop='logo' itemscope itemtype='https:\/\/schema.org\/ImageObject'>\n\t\t\t\t\t\t\t<span itemprop='url'>https:\/\/rechtsanwalt.fr\/wp-content\/uploads\/2024\/05\/logo_header_fr_web.epp_.svg<\/span>\n\t\t\t\t\t\t<\/span>\n\t\t\t\t<\/span><span class='av-structured-data'  itemprop=\"author\" itemscope=\"itemscope\" itemtype=\"https:\/\/schema.org\/Person\" ><span itemprop='name'>epp.content<\/span><\/span><span class='av-structured-data'  itemprop=\"datePublished\" datetime=\"2017-03-27T16:16:00+02:00\" >2017-03-27 16:16:00<\/span><span class='av-structured-data'  itemprop=\"dateModified\" itemtype=\"https:\/\/schema.org\/dateModified\" >2021-04-07 11:37:46<\/span><span class='av-structured-data'  itemprop=\"mainEntityOfPage\" itemtype=\"https:\/\/schema.org\/mainEntityOfPage\" ><span itemprop='name'>Allemagne : Adoption de la loi portant r\u00e9forme de l\u2019action r\u00e9vocatoire<\/span><\/span><\/span><\/article><article class=\"post-entry post-entry-type-standard post-entry-10789 post-loop-32 post-parity-even bloglist-simple  post-10789 post type-post status-publish format-standard hentry category-droit-social-fr\"  itemscope=\"itemscope\" itemtype=\"https:\/\/schema.org\/BlogPosting\" ><div class=\"blog-meta\"><\/div><div class='entry-content-wrapper clearfix standard-content'><header class=\"entry-content-header\" aria-label=\"Articles : Le comit\u00e9 d\u2019entreprise d\u2019une entreprise allemande ne peut s\u2019opposer au travail de salari\u00e9s \u00e9trangers le week-end\"><div class=\"av-heading-wrapper\"><span class=\"blog-categories minor-meta\"><a href=\"https:\/\/rechtsanwalt.fr\/fr\/category\/news-archive\/news-archive-2017\/droit-social-fr\/\" rel=\"tag\">Droit social<\/a><\/span><h2 class='post-title entry-title '  itemprop=\"headline\" ><a href=\"https:\/\/rechtsanwalt.fr\/fr\/le-comite-dentreprise-dune-entreprise-allemande-ne-peut-sopposer-au-travail-de-salaries-etrangers-le-week-end\/\" rel=\"bookmark\" title=\"Lien permanent : Le comit\u00e9 d\u2019entreprise d\u2019une entreprise allemande ne peut s\u2019opposer au travail de salari\u00e9s \u00e9trangers le week-end\">Le comit\u00e9 d\u2019entreprise d\u2019une entreprise allemande ne peut s\u2019opposer au travail de salari\u00e9s \u00e9trangers le week-end<span class=\"post-format-icon minor-meta\"><\/span><\/a><\/h2><\/div><\/header><span class=\"post-meta-infos\"><time class=\"date-container minor-meta updated\"  itemprop=\"datePublished\" datetime=\"2017-03-21T16:12:00+01:00\" >21 mars 2017<\/time><div class=\"read-more-link\"><a href=\"https:\/\/rechtsanwalt.fr\/fr\/le-comite-dentreprise-dune-entreprise-allemande-ne-peut-sopposer-au-travail-de-salaries-etrangers-le-week-end\/\" class=\"more-link\">Lire la suite<span class='more-link-arrow avia-svg-icon avia-font-svg_entypo-fontello' data-av_svg_icon='right-open-big' data-av_iconset='svg_entypo-fontello'><svg version=\"1.1\" xmlns=\"http:\/\/www.w3.org\/2000\/svg\" width=\"15\" height=\"32\" viewBox=\"0 0 15 32\" preserveAspectRatio=\"xMidYMid meet\" role=\"graphics-symbol\" aria-hidden=\"true\">\n<path d=\"M0.416 27.84l11.456-11.84-11.456-11.904q-0.832-0.832 0-1.536 0.832-0.832 1.536 0l12.544 12.608q0.768 0.832 0 1.6l-12.544 12.608q-0.704 0.832-1.536 0-0.832-0.704 0-1.536z\"><\/path>\n<\/svg><\/span><\/a><\/div><\/span><footer class=\"entry-footer\"><\/footer><div class='post_delimiter'><\/div><\/div><div class=\"post_author_timeline\"><\/div><span class='hidden'>\n\t\t\t\t<span class='av-structured-data'  itemprop=\"image\" itemscope=\"itemscope\" itemtype=\"https:\/\/schema.org\/ImageObject\" >\n\t\t\t\t\t\t<span itemprop='url'>https:\/\/rechtsanwalt.fr\/wp-content\/uploads\/2024\/05\/logo_header_fr_web.epp_.svg<\/span>\n\t\t\t\t\t\t<span itemprop='height'>0<\/span>\n\t\t\t\t\t\t<span itemprop='width'>0<\/span>\n\t\t\t\t<\/span>\n\t\t\t\t<span class='av-structured-data'  itemprop=\"publisher\" itemtype=\"https:\/\/schema.org\/Organization\" itemscope=\"itemscope\" >\n\t\t\t\t\t\t<span itemprop='name'>epp.content<\/span>\n\t\t\t\t\t\t<span itemprop='logo' itemscope itemtype='https:\/\/schema.org\/ImageObject'>\n\t\t\t\t\t\t\t<span itemprop='url'>https:\/\/rechtsanwalt.fr\/wp-content\/uploads\/2024\/05\/logo_header_fr_web.epp_.svg<\/span>\n\t\t\t\t\t\t<\/span>\n\t\t\t\t<\/span><span class='av-structured-data'  itemprop=\"author\" itemscope=\"itemscope\" itemtype=\"https:\/\/schema.org\/Person\" ><span itemprop='name'>epp.content<\/span><\/span><span class='av-structured-data'  itemprop=\"datePublished\" datetime=\"2017-03-21T16:12:00+01:00\" >2017-03-21 16:12:00<\/span><span class='av-structured-data'  itemprop=\"dateModified\" itemtype=\"https:\/\/schema.org\/dateModified\" >2021-04-07 11:39:24<\/span><span class='av-structured-data'  itemprop=\"mainEntityOfPage\" itemtype=\"https:\/\/schema.org\/mainEntityOfPage\" ><span itemprop='name'>Le comit\u00e9 d\u2019entreprise d\u2019une entreprise allemande ne peut s\u2019opposer au travail de salari\u00e9s \u00e9trangers le week-end<\/span><\/span><\/span><\/article><article class=\"post-entry post-entry-type-standard post-entry-10674 post-loop-33 post-parity-odd bloglist-simple  post-10674 post type-post status-publish format-standard hentry category-droit-des-societes-fr\"  itemscope=\"itemscope\" itemtype=\"https:\/\/schema.org\/BlogPosting\" ><div class=\"blog-meta\"><\/div><div class='entry-content-wrapper clearfix standard-content'><header class=\"entry-content-header\" aria-label=\"Articles : SARL de droit allemand (GmbH) dont l\u2019un des associ\u00e9s  est une soci\u00e9t\u00e9 civile \u2013 la liste des associ\u00e9s\"><div class=\"av-heading-wrapper\"><span class=\"blog-categories minor-meta\"><a href=\"https:\/\/rechtsanwalt.fr\/fr\/category\/news-archive\/news-archive-2017\/droit-des-societes-fr\/\" rel=\"tag\">Droit des soci\u00e9t\u00e9s<\/a><\/span><h2 class='post-title entry-title '  itemprop=\"headline\" ><a href=\"https:\/\/rechtsanwalt.fr\/fr\/sarl-de-droit-allemand-gmbh-exclusion-dun-associe-en-cas-de-rupture-de-son-contrat-de-travail-2\/\" rel=\"bookmark\" title=\"Lien permanent : SARL de droit allemand (GmbH) dont l\u2019un des associ\u00e9s  est une soci\u00e9t\u00e9 civile \u2013 la liste des associ\u00e9s\">SARL de droit allemand (GmbH) dont l\u2019un des associ\u00e9s  est une soci\u00e9t\u00e9 civile \u2013 la liste des associ\u00e9s<span class=\"post-format-icon minor-meta\"><\/span><\/a><\/h2><\/div><\/header><span class=\"post-meta-infos\"><time class=\"date-container minor-meta updated\"  itemprop=\"datePublished\" datetime=\"2017-03-20T12:29:00+01:00\" >20 mars 2017<\/time><div class=\"read-more-link\"><a href=\"https:\/\/rechtsanwalt.fr\/fr\/sarl-de-droit-allemand-gmbh-exclusion-dun-associe-en-cas-de-rupture-de-son-contrat-de-travail-2\/\" class=\"more-link\">Lire la suite<span class='more-link-arrow avia-svg-icon avia-font-svg_entypo-fontello' data-av_svg_icon='right-open-big' data-av_iconset='svg_entypo-fontello'><svg version=\"1.1\" xmlns=\"http:\/\/www.w3.org\/2000\/svg\" width=\"15\" height=\"32\" viewBox=\"0 0 15 32\" preserveAspectRatio=\"xMidYMid meet\" role=\"graphics-symbol\" aria-hidden=\"true\">\n<path d=\"M0.416 27.84l11.456-11.84-11.456-11.904q-0.832-0.832 0-1.536 0.832-0.832 1.536 0l12.544 12.608q0.768 0.832 0 1.6l-12.544 12.608q-0.704 0.832-1.536 0-0.832-0.704 0-1.536z\"><\/path>\n<\/svg><\/span><\/a><\/div><\/span><footer class=\"entry-footer\"><\/footer><div class='post_delimiter'><\/div><\/div><div class=\"post_author_timeline\"><\/div><span class='hidden'>\n\t\t\t\t<span class='av-structured-data'  itemprop=\"image\" itemscope=\"itemscope\" itemtype=\"https:\/\/schema.org\/ImageObject\" >\n\t\t\t\t\t\t<span itemprop='url'>https:\/\/rechtsanwalt.fr\/wp-content\/uploads\/2024\/05\/logo_header_fr_web.epp_.svg<\/span>\n\t\t\t\t\t\t<span itemprop='height'>0<\/span>\n\t\t\t\t\t\t<span itemprop='width'>0<\/span>\n\t\t\t\t<\/span>\n\t\t\t\t<span class='av-structured-data'  itemprop=\"publisher\" itemtype=\"https:\/\/schema.org\/Organization\" itemscope=\"itemscope\" >\n\t\t\t\t\t\t<span itemprop='name'>epp.content<\/span>\n\t\t\t\t\t\t<span itemprop='logo' itemscope itemtype='https:\/\/schema.org\/ImageObject'>\n\t\t\t\t\t\t\t<span itemprop='url'>https:\/\/rechtsanwalt.fr\/wp-content\/uploads\/2024\/05\/logo_header_fr_web.epp_.svg<\/span>\n\t\t\t\t\t\t<\/span>\n\t\t\t\t<\/span><span class='av-structured-data'  itemprop=\"author\" itemscope=\"itemscope\" itemtype=\"https:\/\/schema.org\/Person\" ><span itemprop='name'>epp.content<\/span><\/span><span class='av-structured-data'  itemprop=\"datePublished\" datetime=\"2017-03-20T12:29:00+01:00\" >2017-03-20 12:29:00<\/span><span class='av-structured-data'  itemprop=\"dateModified\" itemtype=\"https:\/\/schema.org\/dateModified\" >2021-04-07 11:39:44<\/span><span class='av-structured-data'  itemprop=\"mainEntityOfPage\" itemtype=\"https:\/\/schema.org\/mainEntityOfPage\" ><span itemprop='name'>SARL de droit allemand (GmbH) dont l\u2019un des associ\u00e9s  est une soci\u00e9t\u00e9 civile \u2013 la liste des associ\u00e9s<\/span><\/span><\/span><\/article><article class=\"post-entry post-entry-type-standard post-entry-10672 post-loop-34 post-parity-even bloglist-simple  post-10672 post type-post status-publish format-standard hentry category-droit-des-societes-fr\"  itemscope=\"itemscope\" itemtype=\"https:\/\/schema.org\/BlogPosting\" ><div class=\"blog-meta\"><\/div><div class='entry-content-wrapper clearfix standard-content'><header class=\"entry-content-header\" aria-label=\"Articles : SARL de droit allemand (GmbH): Exclusion d\u2019un associ\u00e9 en cas de rupture de son contrat de travail\"><div class=\"av-heading-wrapper\"><span class=\"blog-categories minor-meta\"><a href=\"https:\/\/rechtsanwalt.fr\/fr\/category\/news-archive\/news-archive-2017\/droit-des-societes-fr\/\" rel=\"tag\">Droit des soci\u00e9t\u00e9s<\/a><\/span><h2 class='post-title entry-title '  itemprop=\"headline\" ><a href=\"https:\/\/rechtsanwalt.fr\/fr\/sarl-de-droit-allemand-gmbh-exclusion-dun-associe-en-cas-de-rupture-de-son-contrat-de-travail\/\" rel=\"bookmark\" title=\"Lien permanent : SARL de droit allemand (GmbH): Exclusion d\u2019un associ\u00e9 en cas de rupture de son contrat de travail\">SARL de droit allemand (GmbH): Exclusion d\u2019un associ\u00e9 en cas de rupture de son contrat de travail<span class=\"post-format-icon minor-meta\"><\/span><\/a><\/h2><\/div><\/header><span class=\"post-meta-infos\"><time class=\"date-container minor-meta updated\"  itemprop=\"datePublished\" datetime=\"2017-03-14T12:27:00+01:00\" >14 mars 2017<\/time><div class=\"read-more-link\"><a href=\"https:\/\/rechtsanwalt.fr\/fr\/sarl-de-droit-allemand-gmbh-exclusion-dun-associe-en-cas-de-rupture-de-son-contrat-de-travail\/\" class=\"more-link\">Lire la suite<span class='more-link-arrow avia-svg-icon avia-font-svg_entypo-fontello' data-av_svg_icon='right-open-big' data-av_iconset='svg_entypo-fontello'><svg version=\"1.1\" xmlns=\"http:\/\/www.w3.org\/2000\/svg\" width=\"15\" height=\"32\" viewBox=\"0 0 15 32\" preserveAspectRatio=\"xMidYMid meet\" role=\"graphics-symbol\" aria-hidden=\"true\">\n<path d=\"M0.416 27.84l11.456-11.84-11.456-11.904q-0.832-0.832 0-1.536 0.832-0.832 1.536 0l12.544 12.608q0.768 0.832 0 1.6l-12.544 12.608q-0.704 0.832-1.536 0-0.832-0.704 0-1.536z\"><\/path>\n<\/svg><\/span><\/a><\/div><\/span><footer class=\"entry-footer\"><\/footer><div class='post_delimiter'><\/div><\/div><div class=\"post_author_timeline\"><\/div><span class='hidden'>\n\t\t\t\t<span class='av-structured-data'  itemprop=\"image\" itemscope=\"itemscope\" itemtype=\"https:\/\/schema.org\/ImageObject\" >\n\t\t\t\t\t\t<span itemprop='url'>https:\/\/rechtsanwalt.fr\/wp-content\/uploads\/2024\/05\/logo_header_fr_web.epp_.svg<\/span>\n\t\t\t\t\t\t<span itemprop='height'>0<\/span>\n\t\t\t\t\t\t<span itemprop='width'>0<\/span>\n\t\t\t\t<\/span>\n\t\t\t\t<span class='av-structured-data'  itemprop=\"publisher\" itemtype=\"https:\/\/schema.org\/Organization\" itemscope=\"itemscope\" >\n\t\t\t\t\t\t<span itemprop='name'>epp.content<\/span>\n\t\t\t\t\t\t<span itemprop='logo' itemscope itemtype='https:\/\/schema.org\/ImageObject'>\n\t\t\t\t\t\t\t<span itemprop='url'>https:\/\/rechtsanwalt.fr\/wp-content\/uploads\/2024\/05\/logo_header_fr_web.epp_.svg<\/span>\n\t\t\t\t\t\t<\/span>\n\t\t\t\t<\/span><span class='av-structured-data'  itemprop=\"author\" itemscope=\"itemscope\" itemtype=\"https:\/\/schema.org\/Person\" ><span itemprop='name'>epp.content<\/span><\/span><span class='av-structured-data'  itemprop=\"datePublished\" datetime=\"2017-03-14T12:27:00+01:00\" >2017-03-14 12:27:00<\/span><span class='av-structured-data'  itemprop=\"dateModified\" itemtype=\"https:\/\/schema.org\/dateModified\" >2021-04-07 11:40:05<\/span><span class='av-structured-data'  itemprop=\"mainEntityOfPage\" itemtype=\"https:\/\/schema.org\/mainEntityOfPage\" ><span itemprop='name'>SARL de droit allemand (GmbH): Exclusion d\u2019un associ\u00e9 en cas de rupture de son contrat de travail<\/span><\/span><\/span><\/article><article class=\"post-entry post-entry-type-standard post-entry-10661 post-loop-35 post-parity-odd bloglist-simple  post-10661 post type-post status-publish format-standard hentry category-droit-fiscal\"  itemscope=\"itemscope\" itemtype=\"https:\/\/schema.org\/BlogPosting\" ><div class=\"blog-meta\"><\/div><div class='entry-content-wrapper clearfix standard-content'><header class=\"entry-content-header\" aria-label=\"Articles : Entreprises en Allemagne: Dans quelle mesure la TVA peut-elle \u00eatre d\u00e9duite par une entreprise allemande au titre des frais de d\u00e9placement ?\"><div class=\"av-heading-wrapper\"><span class=\"blog-categories minor-meta\"><a href=\"https:\/\/rechtsanwalt.fr\/fr\/category\/news-archive\/news-archive-2017\/droit-fiscal\/\" rel=\"tag\">Droit fiscal<\/a><\/span><h2 class='post-title entry-title '  itemprop=\"headline\" ><a href=\"https:\/\/rechtsanwalt.fr\/fr\/entreprises-en-allemagne-dans-quelle-mesure-la-tva-peut-elle-etre-deduite-par-une-entreprise-allemande-au-titre-des-frais-de-deplacement\/\" rel=\"bookmark\" title=\"Lien permanent : Entreprises en Allemagne: Dans quelle mesure la TVA peut-elle \u00eatre d\u00e9duite par une entreprise allemande au titre des frais de d\u00e9placement ?\">Entreprises en Allemagne: Dans quelle mesure la TVA peut-elle \u00eatre d\u00e9duite par une entreprise allemande au titre des frais de d\u00e9placement ?<span class=\"post-format-icon minor-meta\"><\/span><\/a><\/h2><\/div><\/header><span class=\"post-meta-infos\"><time class=\"date-container minor-meta updated\"  itemprop=\"datePublished\" datetime=\"2017-03-14T12:03:00+01:00\" >14 mars 2017<\/time><div class=\"read-more-link\"><a href=\"https:\/\/rechtsanwalt.fr\/fr\/entreprises-en-allemagne-dans-quelle-mesure-la-tva-peut-elle-etre-deduite-par-une-entreprise-allemande-au-titre-des-frais-de-deplacement\/\" class=\"more-link\">Lire la suite<span class='more-link-arrow avia-svg-icon avia-font-svg_entypo-fontello' data-av_svg_icon='right-open-big' data-av_iconset='svg_entypo-fontello'><svg version=\"1.1\" xmlns=\"http:\/\/www.w3.org\/2000\/svg\" width=\"15\" height=\"32\" viewBox=\"0 0 15 32\" preserveAspectRatio=\"xMidYMid meet\" role=\"graphics-symbol\" aria-hidden=\"true\">\n<path d=\"M0.416 27.84l11.456-11.84-11.456-11.904q-0.832-0.832 0-1.536 0.832-0.832 1.536 0l12.544 12.608q0.768 0.832 0 1.6l-12.544 12.608q-0.704 0.832-1.536 0-0.832-0.704 0-1.536z\"><\/path>\n<\/svg><\/span><\/a><\/div><\/span><footer class=\"entry-footer\"><\/footer><div class='post_delimiter'><\/div><\/div><div class=\"post_author_timeline\"><\/div><span class='hidden'>\n\t\t\t\t<span class='av-structured-data'  itemprop=\"image\" itemscope=\"itemscope\" itemtype=\"https:\/\/schema.org\/ImageObject\" >\n\t\t\t\t\t\t<span itemprop='url'>https:\/\/rechtsanwalt.fr\/wp-content\/uploads\/2024\/05\/logo_header_fr_web.epp_.svg<\/span>\n\t\t\t\t\t\t<span itemprop='height'>0<\/span>\n\t\t\t\t\t\t<span itemprop='width'>0<\/span>\n\t\t\t\t<\/span>\n\t\t\t\t<span class='av-structured-data'  itemprop=\"publisher\" itemtype=\"https:\/\/schema.org\/Organization\" itemscope=\"itemscope\" >\n\t\t\t\t\t\t<span itemprop='name'>epp.content<\/span>\n\t\t\t\t\t\t<span itemprop='logo' itemscope itemtype='https:\/\/schema.org\/ImageObject'>\n\t\t\t\t\t\t\t<span itemprop='url'>https:\/\/rechtsanwalt.fr\/wp-content\/uploads\/2024\/05\/logo_header_fr_web.epp_.svg<\/span>\n\t\t\t\t\t\t<\/span>\n\t\t\t\t<\/span><span class='av-structured-data'  itemprop=\"author\" itemscope=\"itemscope\" itemtype=\"https:\/\/schema.org\/Person\" ><span itemprop='name'>epp.content<\/span><\/span><span class='av-structured-data'  itemprop=\"datePublished\" datetime=\"2017-03-14T12:03:00+01:00\" >2017-03-14 12:03:00<\/span><span class='av-structured-data'  itemprop=\"dateModified\" itemtype=\"https:\/\/schema.org\/dateModified\" >2021-04-07 11:40:23<\/span><span class='av-structured-data'  itemprop=\"mainEntityOfPage\" itemtype=\"https:\/\/schema.org\/mainEntityOfPage\" ><span itemprop='name'>Entreprises en Allemagne: Dans quelle mesure la TVA peut-elle \u00eatre d\u00e9duite par une entreprise allemande au titre des frais de d\u00e9placement ?<\/span><\/span><\/span><\/article><article class=\"post-entry post-entry-type-standard post-entry-10773 post-loop-36 post-parity-even bloglist-simple  post-10773 post type-post status-publish format-standard hentry category-contrats\"  itemscope=\"itemscope\" itemtype=\"https:\/\/schema.org\/BlogPosting\" ><div class=\"blog-meta\"><\/div><div class='entry-content-wrapper clearfix standard-content'><header class=\"entry-content-header\" aria-label=\"Articles : Le commerce \u00e9lectronique en Allemagne : La responsabilit\u00e9 du fait des liens cr\u00e9\u00e9s sur un site internet commercial\"><div class=\"av-heading-wrapper\"><span class=\"blog-categories minor-meta\"><a href=\"https:\/\/rechtsanwalt.fr\/fr\/category\/news-archive\/news-archive-2017\/contrats\/\" rel=\"tag\">Droit des contrats<\/a><\/span><h2 class='post-title entry-title '  itemprop=\"headline\" ><a href=\"https:\/\/rechtsanwalt.fr\/fr\/le-commerce-electronique-en-allemagne-la-responsabilite-du-fait-des-liens-crees-sur-un-site-internet-commercial\/\" rel=\"bookmark\" title=\"Lien permanent : Le commerce \u00e9lectronique en Allemagne : La responsabilit\u00e9 du fait des liens cr\u00e9\u00e9s sur un site internet commercial\">Le commerce \u00e9lectronique en Allemagne : La responsabilit\u00e9 du fait des liens cr\u00e9\u00e9s sur un site internet commercial<span class=\"post-format-icon minor-meta\"><\/span><\/a><\/h2><\/div><\/header><span class=\"post-meta-infos\"><time class=\"date-container minor-meta updated\"  itemprop=\"datePublished\" datetime=\"2017-02-07T15:30:00+01:00\" >7 f\u00e9vrier 2017<\/time><div class=\"read-more-link\"><a href=\"https:\/\/rechtsanwalt.fr\/fr\/le-commerce-electronique-en-allemagne-la-responsabilite-du-fait-des-liens-crees-sur-un-site-internet-commercial\/\" class=\"more-link\">Lire la suite<span class='more-link-arrow avia-svg-icon avia-font-svg_entypo-fontello' data-av_svg_icon='right-open-big' data-av_iconset='svg_entypo-fontello'><svg version=\"1.1\" xmlns=\"http:\/\/www.w3.org\/2000\/svg\" width=\"15\" height=\"32\" viewBox=\"0 0 15 32\" preserveAspectRatio=\"xMidYMid meet\" role=\"graphics-symbol\" aria-hidden=\"true\">\n<path d=\"M0.416 27.84l11.456-11.84-11.456-11.904q-0.832-0.832 0-1.536 0.832-0.832 1.536 0l12.544 12.608q0.768 0.832 0 1.6l-12.544 12.608q-0.704 0.832-1.536 0-0.832-0.704 0-1.536z\"><\/path>\n<\/svg><\/span><\/a><\/div><\/span><footer class=\"entry-footer\"><\/footer><div class='post_delimiter'><\/div><\/div><div class=\"post_author_timeline\"><\/div><span class='hidden'>\n\t\t\t\t<span class='av-structured-data'  itemprop=\"image\" itemscope=\"itemscope\" itemtype=\"https:\/\/schema.org\/ImageObject\" >\n\t\t\t\t\t\t<span itemprop='url'>https:\/\/rechtsanwalt.fr\/wp-content\/uploads\/2024\/05\/logo_header_fr_web.epp_.svg<\/span>\n\t\t\t\t\t\t<span itemprop='height'>0<\/span>\n\t\t\t\t\t\t<span itemprop='width'>0<\/span>\n\t\t\t\t<\/span>\n\t\t\t\t<span class='av-structured-data'  itemprop=\"publisher\" itemtype=\"https:\/\/schema.org\/Organization\" itemscope=\"itemscope\" >\n\t\t\t\t\t\t<span itemprop='name'>epp.content<\/span>\n\t\t\t\t\t\t<span itemprop='logo' itemscope itemtype='https:\/\/schema.org\/ImageObject'>\n\t\t\t\t\t\t\t<span itemprop='url'>https:\/\/rechtsanwalt.fr\/wp-content\/uploads\/2024\/05\/logo_header_fr_web.epp_.svg<\/span>\n\t\t\t\t\t\t<\/span>\n\t\t\t\t<\/span><span class='av-structured-data'  itemprop=\"author\" itemscope=\"itemscope\" itemtype=\"https:\/\/schema.org\/Person\" ><span itemprop='name'>epp.content<\/span><\/span><span class='av-structured-data'  itemprop=\"datePublished\" datetime=\"2017-02-07T15:30:00+01:00\" >2017-02-07 15:30:00<\/span><span class='av-structured-data'  itemprop=\"dateModified\" itemtype=\"https:\/\/schema.org\/dateModified\" >2021-04-07 11:40:41<\/span><span class='av-structured-data'  itemprop=\"mainEntityOfPage\" itemtype=\"https:\/\/schema.org\/mainEntityOfPage\" ><span itemprop='name'>Le commerce \u00e9lectronique en Allemagne : La responsabilit\u00e9 du fait des liens cr\u00e9\u00e9s sur un site internet commercial<\/span><\/span><\/span><\/article><article class=\"post-entry post-entry-type-standard post-entry-10760 post-loop-37 post-parity-odd bloglist-simple  post-10760 post type-post status-publish format-standard hentry category-droit-social-fr\"  itemscope=\"itemscope\" itemtype=\"https:\/\/schema.org\/BlogPosting\" ><div class=\"blog-meta\"><\/div><div class='entry-content-wrapper clearfix standard-content'><header class=\"entry-content-header\" aria-label=\"Articles : Employeurs en Allemagne : Une v\u00e9rification des mod\u00e8les de contrats de travail s\u2019impose\"><div class=\"av-heading-wrapper\"><span class=\"blog-categories minor-meta\"><a href=\"https:\/\/rechtsanwalt.fr\/fr\/category\/news-archive\/news-archive-2017\/droit-social-fr\/\" rel=\"tag\">Droit social<\/a><\/span><h2 class='post-title entry-title '  itemprop=\"headline\" ><a href=\"https:\/\/rechtsanwalt.fr\/fr\/employeurs-en-allemagne-une-verification-des-modeles-de-contrats-de-travail-simpose\/\" rel=\"bookmark\" title=\"Lien permanent : Employeurs en Allemagne : Une v\u00e9rification des mod\u00e8les de contrats de travail s\u2019impose\">Employeurs en Allemagne : Une v\u00e9rification des mod\u00e8les de contrats de travail s\u2019impose<span class=\"post-format-icon minor-meta\"><\/span><\/a><\/h2><\/div><\/header><span class=\"post-meta-infos\"><time class=\"date-container minor-meta updated\"  itemprop=\"datePublished\" datetime=\"2017-02-07T15:00:00+01:00\" >7 f\u00e9vrier 2017<\/time><div class=\"read-more-link\"><a href=\"https:\/\/rechtsanwalt.fr\/fr\/employeurs-en-allemagne-une-verification-des-modeles-de-contrats-de-travail-simpose\/\" class=\"more-link\">Lire la suite<span class='more-link-arrow avia-svg-icon avia-font-svg_entypo-fontello' data-av_svg_icon='right-open-big' data-av_iconset='svg_entypo-fontello'><svg version=\"1.1\" xmlns=\"http:\/\/www.w3.org\/2000\/svg\" width=\"15\" height=\"32\" viewBox=\"0 0 15 32\" preserveAspectRatio=\"xMidYMid meet\" role=\"graphics-symbol\" aria-hidden=\"true\">\n<path d=\"M0.416 27.84l11.456-11.84-11.456-11.904q-0.832-0.832 0-1.536 0.832-0.832 1.536 0l12.544 12.608q0.768 0.832 0 1.6l-12.544 12.608q-0.704 0.832-1.536 0-0.832-0.704 0-1.536z\"><\/path>\n<\/svg><\/span><\/a><\/div><\/span><footer class=\"entry-footer\"><\/footer><div class='post_delimiter'><\/div><\/div><div class=\"post_author_timeline\"><\/div><span class='hidden'>\n\t\t\t\t<span class='av-structured-data'  itemprop=\"image\" itemscope=\"itemscope\" itemtype=\"https:\/\/schema.org\/ImageObject\" >\n\t\t\t\t\t\t<span itemprop='url'>https:\/\/rechtsanwalt.fr\/wp-content\/uploads\/2024\/05\/logo_header_fr_web.epp_.svg<\/span>\n\t\t\t\t\t\t<span itemprop='height'>0<\/span>\n\t\t\t\t\t\t<span itemprop='width'>0<\/span>\n\t\t\t\t<\/span>\n\t\t\t\t<span class='av-structured-data'  itemprop=\"publisher\" itemtype=\"https:\/\/schema.org\/Organization\" itemscope=\"itemscope\" >\n\t\t\t\t\t\t<span itemprop='name'>epp.content<\/span>\n\t\t\t\t\t\t<span itemprop='logo' itemscope itemtype='https:\/\/schema.org\/ImageObject'>\n\t\t\t\t\t\t\t<span itemprop='url'>https:\/\/rechtsanwalt.fr\/wp-content\/uploads\/2024\/05\/logo_header_fr_web.epp_.svg<\/span>\n\t\t\t\t\t\t<\/span>\n\t\t\t\t<\/span><span class='av-structured-data'  itemprop=\"author\" itemscope=\"itemscope\" itemtype=\"https:\/\/schema.org\/Person\" ><span itemprop='name'>epp.content<\/span><\/span><span class='av-structured-data'  itemprop=\"datePublished\" datetime=\"2017-02-07T15:00:00+01:00\" >2017-02-07 15:00:00<\/span><span class='av-structured-data'  itemprop=\"dateModified\" itemtype=\"https:\/\/schema.org\/dateModified\" >2021-04-07 11:41:04<\/span><span class='av-structured-data'  itemprop=\"mainEntityOfPage\" itemtype=\"https:\/\/schema.org\/mainEntityOfPage\" ><span itemprop='name'>Employeurs en Allemagne : Une v\u00e9rification des mod\u00e8les de contrats de travail s\u2019impose<\/span><\/span><\/span><\/article><article class=\"post-entry post-entry-type-standard post-entry-10751 post-loop-38 post-parity-even bloglist-simple  post-10751 post type-post status-publish format-standard hentry category-droit-social-fr\"  itemscope=\"itemscope\" itemtype=\"https:\/\/schema.org\/BlogPosting\" ><div class=\"blog-meta\"><\/div><div class='entry-content-wrapper clearfix standard-content'><header class=\"entry-content-header\" aria-label=\"Articles : Droit du travail en Allemagne : Que se passe-t-il lorsqu\u2019un salari\u00e9 ne prend pas ses jours de cong\u00e9s annuels dans les temps ?\"><div class=\"av-heading-wrapper\"><span class=\"blog-categories minor-meta\"><a href=\"https:\/\/rechtsanwalt.fr\/fr\/category\/news-archive\/news-archive-2017\/droit-social-fr\/\" rel=\"tag\">Droit social<\/a><\/span><h2 class='post-title entry-title '  itemprop=\"headline\" ><a href=\"https:\/\/rechtsanwalt.fr\/fr\/droit-du-travail-en-allemagne-que-se-passe-t-il-lorsquun-salarie-ne-prend-pas-ses-jours-de-conges-annuels-dans-les-temps\/\" rel=\"bookmark\" title=\"Lien permanent : Droit du travail en Allemagne : Que se passe-t-il lorsqu\u2019un salari\u00e9 ne prend pas ses jours de cong\u00e9s annuels dans les temps ?\">Droit du travail en Allemagne : Que se passe-t-il lorsqu\u2019un salari\u00e9 ne prend pas ses jours de cong\u00e9s annuels dans les temps ?<span class=\"post-format-icon minor-meta\"><\/span><\/a><\/h2><\/div><\/header><span class=\"post-meta-infos\"><time class=\"date-container minor-meta updated\"  itemprop=\"datePublished\" datetime=\"2017-02-07T14:49:00+01:00\" >7 f\u00e9vrier 2017<\/time><div class=\"read-more-link\"><a href=\"https:\/\/rechtsanwalt.fr\/fr\/droit-du-travail-en-allemagne-que-se-passe-t-il-lorsquun-salarie-ne-prend-pas-ses-jours-de-conges-annuels-dans-les-temps\/\" class=\"more-link\">Lire la suite<span class='more-link-arrow avia-svg-icon avia-font-svg_entypo-fontello' data-av_svg_icon='right-open-big' data-av_iconset='svg_entypo-fontello'><svg version=\"1.1\" xmlns=\"http:\/\/www.w3.org\/2000\/svg\" width=\"15\" height=\"32\" viewBox=\"0 0 15 32\" preserveAspectRatio=\"xMidYMid meet\" role=\"graphics-symbol\" aria-hidden=\"true\">\n<path d=\"M0.416 27.84l11.456-11.84-11.456-11.904q-0.832-0.832 0-1.536 0.832-0.832 1.536 0l12.544 12.608q0.768 0.832 0 1.6l-12.544 12.608q-0.704 0.832-1.536 0-0.832-0.704 0-1.536z\"><\/path>\n<\/svg><\/span><\/a><\/div><\/span><footer class=\"entry-footer\"><\/footer><div class='post_delimiter'><\/div><\/div><div class=\"post_author_timeline\"><\/div><span class='hidden'>\n\t\t\t\t<span class='av-structured-data'  itemprop=\"image\" itemscope=\"itemscope\" itemtype=\"https:\/\/schema.org\/ImageObject\" >\n\t\t\t\t\t\t<span itemprop='url'>https:\/\/rechtsanwalt.fr\/wp-content\/uploads\/2024\/05\/logo_header_fr_web.epp_.svg<\/span>\n\t\t\t\t\t\t<span itemprop='height'>0<\/span>\n\t\t\t\t\t\t<span itemprop='width'>0<\/span>\n\t\t\t\t<\/span>\n\t\t\t\t<span class='av-structured-data'  itemprop=\"publisher\" itemtype=\"https:\/\/schema.org\/Organization\" itemscope=\"itemscope\" >\n\t\t\t\t\t\t<span itemprop='name'>epp.content<\/span>\n\t\t\t\t\t\t<span itemprop='logo' itemscope itemtype='https:\/\/schema.org\/ImageObject'>\n\t\t\t\t\t\t\t<span itemprop='url'>https:\/\/rechtsanwalt.fr\/wp-content\/uploads\/2024\/05\/logo_header_fr_web.epp_.svg<\/span>\n\t\t\t\t\t\t<\/span>\n\t\t\t\t<\/span><span class='av-structured-data'  itemprop=\"author\" itemscope=\"itemscope\" itemtype=\"https:\/\/schema.org\/Person\" ><span itemprop='name'>epp.content<\/span><\/span><span class='av-structured-data'  itemprop=\"datePublished\" datetime=\"2017-02-07T14:49:00+01:00\" >2017-02-07 14:49:00<\/span><span class='av-structured-data'  itemprop=\"dateModified\" itemtype=\"https:\/\/schema.org\/dateModified\" >2021-04-07 11:41:29<\/span><span class='av-structured-data'  itemprop=\"mainEntityOfPage\" itemtype=\"https:\/\/schema.org\/mainEntityOfPage\" ><span itemprop='name'>Droit du travail en Allemagne : Que se passe-t-il lorsqu\u2019un salari\u00e9 ne prend pas ses jours de cong\u00e9s annuels dans les temps ?<\/span><\/span><\/span><\/article><article class=\"post-entry post-entry-type-standard post-entry-10739 post-loop-39 post-parity-odd bloglist-simple  post-10739 post type-post status-publish format-standard hentry category-droit-social-fr\"  itemscope=\"itemscope\" itemtype=\"https:\/\/schema.org\/BlogPosting\" ><div class=\"blog-meta\"><\/div><div class='entry-content-wrapper clearfix standard-content'><header class=\"entry-content-header\" aria-label=\"Articles : Droit du travail en Allemagne : Les arr\u00eats maladie\"><div class=\"av-heading-wrapper\"><span class=\"blog-categories minor-meta\"><a href=\"https:\/\/rechtsanwalt.fr\/fr\/category\/news-archive\/news-archive-2017\/droit-social-fr\/\" rel=\"tag\">Droit social<\/a><\/span><h2 class='post-title entry-title '  itemprop=\"headline\" ><a href=\"https:\/\/rechtsanwalt.fr\/fr\/droit-du-travail-en-allemagne-les-arrets-maladie\/\" rel=\"bookmark\" title=\"Lien permanent : Droit du travail en Allemagne : Les arr\u00eats maladie\">Droit du travail en Allemagne : Les arr\u00eats maladie<span class=\"post-format-icon minor-meta\"><\/span><\/a><\/h2><\/div><\/header><span class=\"post-meta-infos\"><time class=\"date-container minor-meta updated\"  itemprop=\"datePublished\" datetime=\"2017-02-07T14:18:00+01:00\" >7 f\u00e9vrier 2017<\/time><div class=\"read-more-link\"><a href=\"https:\/\/rechtsanwalt.fr\/fr\/droit-du-travail-en-allemagne-les-arrets-maladie\/\" class=\"more-link\">Lire la suite<span class='more-link-arrow avia-svg-icon avia-font-svg_entypo-fontello' data-av_svg_icon='right-open-big' data-av_iconset='svg_entypo-fontello'><svg version=\"1.1\" xmlns=\"http:\/\/www.w3.org\/2000\/svg\" width=\"15\" height=\"32\" viewBox=\"0 0 15 32\" preserveAspectRatio=\"xMidYMid meet\" role=\"graphics-symbol\" aria-hidden=\"true\">\n<path d=\"M0.416 27.84l11.456-11.84-11.456-11.904q-0.832-0.832 0-1.536 0.832-0.832 1.536 0l12.544 12.608q0.768 0.832 0 1.6l-12.544 12.608q-0.704 0.832-1.536 0-0.832-0.704 0-1.536z\"><\/path>\n<\/svg><\/span><\/a><\/div><\/span><footer class=\"entry-footer\"><\/footer><div class='post_delimiter'><\/div><\/div><div class=\"post_author_timeline\"><\/div><span class='hidden'>\n\t\t\t\t<span class='av-structured-data'  itemprop=\"image\" itemscope=\"itemscope\" itemtype=\"https:\/\/schema.org\/ImageObject\" >\n\t\t\t\t\t\t<span itemprop='url'>https:\/\/rechtsanwalt.fr\/wp-content\/uploads\/2024\/05\/logo_header_fr_web.epp_.svg<\/span>\n\t\t\t\t\t\t<span itemprop='height'>0<\/span>\n\t\t\t\t\t\t<span itemprop='width'>0<\/span>\n\t\t\t\t<\/span>\n\t\t\t\t<span class='av-structured-data'  itemprop=\"publisher\" itemtype=\"https:\/\/schema.org\/Organization\" itemscope=\"itemscope\" >\n\t\t\t\t\t\t<span itemprop='name'>epp.content<\/span>\n\t\t\t\t\t\t<span itemprop='logo' itemscope itemtype='https:\/\/schema.org\/ImageObject'>\n\t\t\t\t\t\t\t<span itemprop='url'>https:\/\/rechtsanwalt.fr\/wp-content\/uploads\/2024\/05\/logo_header_fr_web.epp_.svg<\/span>\n\t\t\t\t\t\t<\/span>\n\t\t\t\t<\/span><span class='av-structured-data'  itemprop=\"author\" itemscope=\"itemscope\" itemtype=\"https:\/\/schema.org\/Person\" ><span itemprop='name'>epp.content<\/span><\/span><span class='av-structured-data'  itemprop=\"datePublished\" datetime=\"2017-02-07T14:18:00+01:00\" >2017-02-07 14:18:00<\/span><span class='av-structured-data'  itemprop=\"dateModified\" itemtype=\"https:\/\/schema.org\/dateModified\" >2021-04-07 11:41:54<\/span><span class='av-structured-data'  itemprop=\"mainEntityOfPage\" itemtype=\"https:\/\/schema.org\/mainEntityOfPage\" ><span itemprop='name'>Droit du travail en Allemagne : Les arr\u00eats maladie<\/span><\/span><\/span><\/article><article class=\"post-entry post-entry-type-standard post-entry-10735 post-loop-40 post-parity-even bloglist-simple  post-10735 post type-post status-publish format-standard hentry category-droit-social-fr\"  itemscope=\"itemscope\" itemtype=\"https:\/\/schema.org\/BlogPosting\" ><div class=\"blog-meta\"><\/div><div class='entry-content-wrapper clearfix standard-content'><header class=\"entry-content-header\" aria-label=\"Articles : Le pr\u00eat de main d\u2019oeuvre en Allemagne : L\u2019adoption d\u2019une loi relative au travail temporaire et aux contrats d\u2019entreprise\"><div class=\"av-heading-wrapper\"><span class=\"blog-categories minor-meta\"><a href=\"https:\/\/rechtsanwalt.fr\/fr\/category\/news-archive\/news-archive-2017\/droit-social-fr\/\" rel=\"tag\">Droit social<\/a><\/span><h2 class='post-title entry-title '  itemprop=\"headline\" ><a href=\"https:\/\/rechtsanwalt.fr\/fr\/le-pret-de-main-doeuvre-en-allemagne-ladoption-dune-loi-relative-au-travail-temporaire-et-aux-contrats-dentreprise\/\" rel=\"bookmark\" title=\"Lien permanent : Le pr\u00eat de main d\u2019oeuvre en Allemagne : L\u2019adoption d\u2019une loi relative au travail temporaire et aux contrats d\u2019entreprise\">Le pr\u00eat de main d\u2019oeuvre en Allemagne : L\u2019adoption d\u2019une loi relative au travail temporaire et aux contrats d\u2019entreprise<span class=\"post-format-icon minor-meta\"><\/span><\/a><\/h2><\/div><\/header><span class=\"post-meta-infos\"><time class=\"date-container minor-meta updated\"  itemprop=\"datePublished\" datetime=\"2017-02-07T14:11:00+01:00\" >7 f\u00e9vrier 2017<\/time><div class=\"read-more-link\"><a href=\"https:\/\/rechtsanwalt.fr\/fr\/le-pret-de-main-doeuvre-en-allemagne-ladoption-dune-loi-relative-au-travail-temporaire-et-aux-contrats-dentreprise\/\" class=\"more-link\">Lire la suite<span class='more-link-arrow avia-svg-icon avia-font-svg_entypo-fontello' data-av_svg_icon='right-open-big' data-av_iconset='svg_entypo-fontello'><svg version=\"1.1\" xmlns=\"http:\/\/www.w3.org\/2000\/svg\" width=\"15\" height=\"32\" viewBox=\"0 0 15 32\" preserveAspectRatio=\"xMidYMid meet\" role=\"graphics-symbol\" aria-hidden=\"true\">\n<path d=\"M0.416 27.84l11.456-11.84-11.456-11.904q-0.832-0.832 0-1.536 0.832-0.832 1.536 0l12.544 12.608q0.768 0.832 0 1.6l-12.544 12.608q-0.704 0.832-1.536 0-0.832-0.704 0-1.536z\"><\/path>\n<\/svg><\/span><\/a><\/div><\/span><footer class=\"entry-footer\"><\/footer><div class='post_delimiter'><\/div><\/div><div class=\"post_author_timeline\"><\/div><span class='hidden'>\n\t\t\t\t<span class='av-structured-data'  itemprop=\"image\" itemscope=\"itemscope\" itemtype=\"https:\/\/schema.org\/ImageObject\" >\n\t\t\t\t\t\t<span itemprop='url'>https:\/\/rechtsanwalt.fr\/wp-content\/uploads\/2024\/05\/logo_header_fr_web.epp_.svg<\/span>\n\t\t\t\t\t\t<span itemprop='height'>0<\/span>\n\t\t\t\t\t\t<span itemprop='width'>0<\/span>\n\t\t\t\t<\/span>\n\t\t\t\t<span class='av-structured-data'  itemprop=\"publisher\" itemtype=\"https:\/\/schema.org\/Organization\" itemscope=\"itemscope\" >\n\t\t\t\t\t\t<span itemprop='name'>epp.content<\/span>\n\t\t\t\t\t\t<span itemprop='logo' itemscope itemtype='https:\/\/schema.org\/ImageObject'>\n\t\t\t\t\t\t\t<span itemprop='url'>https:\/\/rechtsanwalt.fr\/wp-content\/uploads\/2024\/05\/logo_header_fr_web.epp_.svg<\/span>\n\t\t\t\t\t\t<\/span>\n\t\t\t\t<\/span><span class='av-structured-data'  itemprop=\"author\" itemscope=\"itemscope\" itemtype=\"https:\/\/schema.org\/Person\" ><span itemprop='name'>epp.content<\/span><\/span><span class='av-structured-data'  itemprop=\"datePublished\" datetime=\"2017-02-07T14:11:00+01:00\" >2017-02-07 14:11:00<\/span><span class='av-structured-data'  itemprop=\"dateModified\" itemtype=\"https:\/\/schema.org\/dateModified\" >2021-04-07 11:42:13<\/span><span class='av-structured-data'  itemprop=\"mainEntityOfPage\" itemtype=\"https:\/\/schema.org\/mainEntityOfPage\" ><span itemprop='name'>Le pr\u00eat de main d\u2019oeuvre en Allemagne : L\u2019adoption d\u2019une loi relative au travail temporaire et aux contrats d\u2019entreprise<\/span><\/span><\/span><\/article><article class=\"post-entry post-entry-type-standard post-entry-10733 post-loop-41 post-parity-odd bloglist-simple  post-10733 post type-post status-publish format-standard hentry category-droit-social-fr\"  itemscope=\"itemscope\" itemtype=\"https:\/\/schema.org\/BlogPosting\" ><div class=\"blog-meta\"><\/div><div class='entry-content-wrapper clearfix standard-content'><header class=\"entry-content-header\" aria-label=\"Articles : Droit du travail en Allemagne : Le pouvoir de contr\u00f4le d\u2019un employeur allemand sur ses salari\u00e9s et ses limites\"><div class=\"av-heading-wrapper\"><span class=\"blog-categories minor-meta\"><a href=\"https:\/\/rechtsanwalt.fr\/fr\/category\/news-archive\/news-archive-2017\/droit-social-fr\/\" rel=\"tag\">Droit social<\/a><\/span><h2 class='post-title entry-title '  itemprop=\"headline\" ><a href=\"https:\/\/rechtsanwalt.fr\/fr\/droit-du-travail-en-allemagne-le-pouvoir-de-controle-dun-employeur-allemand-sur-ses-salaries-et-ses-limites\/\" rel=\"bookmark\" title=\"Lien permanent : Droit du travail en Allemagne : Le pouvoir de contr\u00f4le d\u2019un employeur allemand sur ses salari\u00e9s et ses limites\">Droit du travail en Allemagne : Le pouvoir de contr\u00f4le d\u2019un employeur allemand sur ses salari\u00e9s et ses limites<span class=\"post-format-icon minor-meta\"><\/span><\/a><\/h2><\/div><\/header><span class=\"post-meta-infos\"><time class=\"date-container minor-meta updated\"  itemprop=\"datePublished\" datetime=\"2017-02-07T14:08:00+01:00\" >7 f\u00e9vrier 2017<\/time><div class=\"read-more-link\"><a href=\"https:\/\/rechtsanwalt.fr\/fr\/droit-du-travail-en-allemagne-le-pouvoir-de-controle-dun-employeur-allemand-sur-ses-salaries-et-ses-limites\/\" class=\"more-link\">Lire la suite<span class='more-link-arrow avia-svg-icon avia-font-svg_entypo-fontello' data-av_svg_icon='right-open-big' data-av_iconset='svg_entypo-fontello'><svg version=\"1.1\" xmlns=\"http:\/\/www.w3.org\/2000\/svg\" width=\"15\" height=\"32\" viewBox=\"0 0 15 32\" preserveAspectRatio=\"xMidYMid meet\" role=\"graphics-symbol\" aria-hidden=\"true\">\n<path d=\"M0.416 27.84l11.456-11.84-11.456-11.904q-0.832-0.832 0-1.536 0.832-0.832 1.536 0l12.544 12.608q0.768 0.832 0 1.6l-12.544 12.608q-0.704 0.832-1.536 0-0.832-0.704 0-1.536z\"><\/path>\n<\/svg><\/span><\/a><\/div><\/span><footer class=\"entry-footer\"><\/footer><div class='post_delimiter'><\/div><\/div><div class=\"post_author_timeline\"><\/div><span class='hidden'>\n\t\t\t\t<span class='av-structured-data'  itemprop=\"image\" itemscope=\"itemscope\" itemtype=\"https:\/\/schema.org\/ImageObject\" >\n\t\t\t\t\t\t<span itemprop='url'>https:\/\/rechtsanwalt.fr\/wp-content\/uploads\/2024\/05\/logo_header_fr_web.epp_.svg<\/span>\n\t\t\t\t\t\t<span itemprop='height'>0<\/span>\n\t\t\t\t\t\t<span itemprop='width'>0<\/span>\n\t\t\t\t<\/span>\n\t\t\t\t<span class='av-structured-data'  itemprop=\"publisher\" itemtype=\"https:\/\/schema.org\/Organization\" itemscope=\"itemscope\" >\n\t\t\t\t\t\t<span itemprop='name'>epp.content<\/span>\n\t\t\t\t\t\t<span itemprop='logo' itemscope itemtype='https:\/\/schema.org\/ImageObject'>\n\t\t\t\t\t\t\t<span itemprop='url'>https:\/\/rechtsanwalt.fr\/wp-content\/uploads\/2024\/05\/logo_header_fr_web.epp_.svg<\/span>\n\t\t\t\t\t\t<\/span>\n\t\t\t\t<\/span><span class='av-structured-data'  itemprop=\"author\" itemscope=\"itemscope\" itemtype=\"https:\/\/schema.org\/Person\" ><span itemprop='name'>epp.content<\/span><\/span><span class='av-structured-data'  itemprop=\"datePublished\" datetime=\"2017-02-07T14:08:00+01:00\" >2017-02-07 14:08:00<\/span><span class='av-structured-data'  itemprop=\"dateModified\" itemtype=\"https:\/\/schema.org\/dateModified\" >2021-04-07 11:42:31<\/span><span class='av-structured-data'  itemprop=\"mainEntityOfPage\" itemtype=\"https:\/\/schema.org\/mainEntityOfPage\" ><span itemprop='name'>Droit du travail en Allemagne : Le pouvoir de contr\u00f4le d\u2019un employeur allemand sur ses salari\u00e9s et ses limites<\/span><\/span><\/span><\/article><article class=\"post-entry post-entry-type-standard post-entry-10657 post-loop-42 post-parity-even bloglist-simple  post-10657 post type-post status-publish format-standard hentry category-droit-des-societes-fr\"  itemscope=\"itemscope\" itemtype=\"https:\/\/schema.org\/BlogPosting\" ><div class=\"blog-meta\"><\/div><div class='entry-content-wrapper clearfix standard-content'><header class=\"entry-content-header\" aria-label=\"Articles : Soci\u00e9t\u00e9 en commandite simple de droit allemand (\u00ab KG \u00bb) : Les droits d\u2019information du commanditaire envers le commandit\u00e9\"><div class=\"av-heading-wrapper\"><span class=\"blog-categories minor-meta\"><a href=\"https:\/\/rechtsanwalt.fr\/fr\/category\/news-archive\/news-archive-2017\/droit-des-societes-fr\/\" rel=\"tag\">Droit des soci\u00e9t\u00e9s<\/a><\/span><h2 class='post-title entry-title '  itemprop=\"headline\" ><a href=\"https:\/\/rechtsanwalt.fr\/fr\/societe-en-commandite-simple-de-droit-allemand-kg-les-droits-dinformation-du-commanditaire-envers-le-commandite\/\" rel=\"bookmark\" title=\"Lien permanent : Soci\u00e9t\u00e9 en commandite simple de droit allemand (\u00ab KG \u00bb) : Les droits d\u2019information du commanditaire envers le commandit\u00e9\">Soci\u00e9t\u00e9 en commandite simple de droit allemand (\u00ab KG \u00bb) : Les droits d\u2019information du commanditaire envers le commandit\u00e9<span class=\"post-format-icon minor-meta\"><\/span><\/a><\/h2><\/div><\/header><span class=\"post-meta-infos\"><time class=\"date-container minor-meta updated\"  itemprop=\"datePublished\" datetime=\"2017-02-07T11:50:00+01:00\" >7 f\u00e9vrier 2017<\/time><div class=\"read-more-link\"><a href=\"https:\/\/rechtsanwalt.fr\/fr\/societe-en-commandite-simple-de-droit-allemand-kg-les-droits-dinformation-du-commanditaire-envers-le-commandite\/\" class=\"more-link\">Lire la suite<span class='more-link-arrow avia-svg-icon avia-font-svg_entypo-fontello' data-av_svg_icon='right-open-big' data-av_iconset='svg_entypo-fontello'><svg version=\"1.1\" xmlns=\"http:\/\/www.w3.org\/2000\/svg\" width=\"15\" height=\"32\" viewBox=\"0 0 15 32\" preserveAspectRatio=\"xMidYMid meet\" role=\"graphics-symbol\" aria-hidden=\"true\">\n<path d=\"M0.416 27.84l11.456-11.84-11.456-11.904q-0.832-0.832 0-1.536 0.832-0.832 1.536 0l12.544 12.608q0.768 0.832 0 1.6l-12.544 12.608q-0.704 0.832-1.536 0-0.832-0.704 0-1.536z\"><\/path>\n<\/svg><\/span><\/a><\/div><\/span><footer class=\"entry-footer\"><\/footer><div class='post_delimiter'><\/div><\/div><div class=\"post_author_timeline\"><\/div><span class='hidden'>\n\t\t\t\t<span class='av-structured-data'  itemprop=\"image\" itemscope=\"itemscope\" itemtype=\"https:\/\/schema.org\/ImageObject\" >\n\t\t\t\t\t\t<span itemprop='url'>https:\/\/rechtsanwalt.fr\/wp-content\/uploads\/2024\/05\/logo_header_fr_web.epp_.svg<\/span>\n\t\t\t\t\t\t<span itemprop='height'>0<\/span>\n\t\t\t\t\t\t<span itemprop='width'>0<\/span>\n\t\t\t\t<\/span>\n\t\t\t\t<span class='av-structured-data'  itemprop=\"publisher\" itemtype=\"https:\/\/schema.org\/Organization\" itemscope=\"itemscope\" >\n\t\t\t\t\t\t<span itemprop='name'>epp.content<\/span>\n\t\t\t\t\t\t<span itemprop='logo' itemscope itemtype='https:\/\/schema.org\/ImageObject'>\n\t\t\t\t\t\t\t<span itemprop='url'>https:\/\/rechtsanwalt.fr\/wp-content\/uploads\/2024\/05\/logo_header_fr_web.epp_.svg<\/span>\n\t\t\t\t\t\t<\/span>\n\t\t\t\t<\/span><span class='av-structured-data'  itemprop=\"author\" itemscope=\"itemscope\" itemtype=\"https:\/\/schema.org\/Person\" ><span itemprop='name'>epp.content<\/span><\/span><span class='av-structured-data'  itemprop=\"datePublished\" datetime=\"2017-02-07T11:50:00+01:00\" >2017-02-07 11:50:00<\/span><span class='av-structured-data'  itemprop=\"dateModified\" itemtype=\"https:\/\/schema.org\/dateModified\" >2021-04-07 11:42:50<\/span><span class='av-structured-data'  itemprop=\"mainEntityOfPage\" itemtype=\"https:\/\/schema.org\/mainEntityOfPage\" ><span itemprop='name'>Soci\u00e9t\u00e9 en commandite simple de droit allemand (\u00ab KG \u00bb) : Les droits d\u2019information du commanditaire envers le commandit\u00e9<\/span><\/span><\/span><\/article><article class=\"post-entry post-entry-type-standard post-entry-10783 post-loop-43 post-parity-odd bloglist-simple  post-10783 post type-post status-publish format-standard hentry category-droit-social-fr\"  itemscope=\"itemscope\" itemtype=\"https:\/\/schema.org\/BlogPosting\" ><div class=\"blog-meta\"><\/div><div class='entry-content-wrapper clearfix standard-content'><header class=\"entry-content-header\" aria-label=\"Articles : Droit du travail en Allemagne : La cogestion du comit\u00e9 d\u2019entreprise allemand \u2013 La mise en place de directives \u00e9thiques au sein de l\u2019entreprise\"><div class=\"av-heading-wrapper\"><span class=\"blog-categories minor-meta\"><a href=\"https:\/\/rechtsanwalt.fr\/fr\/category\/news-archive\/news-archive-2017\/droit-social-fr\/\" rel=\"tag\">Droit social<\/a><\/span><h2 class='post-title entry-title '  itemprop=\"headline\" ><a href=\"https:\/\/rechtsanwalt.fr\/fr\/droit-du-travail-en-allemagne-la-cogestion-du-comite-dentreprise-allemand-la-mise-en-place-de-directives-ethiques-au-sein-de-lentreprise\/\" rel=\"bookmark\" title=\"Lien permanent : Droit du travail en Allemagne : La cogestion du comit\u00e9 d\u2019entreprise allemand \u2013 La mise en place de directives \u00e9thiques au sein de l\u2019entreprise\">Droit du travail en Allemagne : La cogestion du comit\u00e9 d\u2019entreprise allemand \u2013 La mise en place de directives \u00e9thiques au sein de l\u2019entreprise<span class=\"post-format-icon minor-meta\"><\/span><\/a><\/h2><\/div><\/header><span class=\"post-meta-infos\"><time class=\"date-container minor-meta updated\"  itemprop=\"datePublished\" datetime=\"2017-01-24T15:46:00+01:00\" >24 janvier 2017<\/time><div class=\"read-more-link\"><a href=\"https:\/\/rechtsanwalt.fr\/fr\/droit-du-travail-en-allemagne-la-cogestion-du-comite-dentreprise-allemand-la-mise-en-place-de-directives-ethiques-au-sein-de-lentreprise\/\" class=\"more-link\">Lire la suite<span class='more-link-arrow avia-svg-icon avia-font-svg_entypo-fontello' data-av_svg_icon='right-open-big' data-av_iconset='svg_entypo-fontello'><svg version=\"1.1\" xmlns=\"http:\/\/www.w3.org\/2000\/svg\" width=\"15\" height=\"32\" viewBox=\"0 0 15 32\" preserveAspectRatio=\"xMidYMid meet\" role=\"graphics-symbol\" aria-hidden=\"true\">\n<path d=\"M0.416 27.84l11.456-11.84-11.456-11.904q-0.832-0.832 0-1.536 0.832-0.832 1.536 0l12.544 12.608q0.768 0.832 0 1.6l-12.544 12.608q-0.704 0.832-1.536 0-0.832-0.704 0-1.536z\"><\/path>\n<\/svg><\/span><\/a><\/div><\/span><footer class=\"entry-footer\"><\/footer><div class='post_delimiter'><\/div><\/div><div class=\"post_author_timeline\"><\/div><span class='hidden'>\n\t\t\t\t<span class='av-structured-data'  itemprop=\"image\" itemscope=\"itemscope\" itemtype=\"https:\/\/schema.org\/ImageObject\" >\n\t\t\t\t\t\t<span itemprop='url'>https:\/\/rechtsanwalt.fr\/wp-content\/uploads\/2024\/05\/logo_header_fr_web.epp_.svg<\/span>\n\t\t\t\t\t\t<span itemprop='height'>0<\/span>\n\t\t\t\t\t\t<span itemprop='width'>0<\/span>\n\t\t\t\t<\/span>\n\t\t\t\t<span class='av-structured-data'  itemprop=\"publisher\" itemtype=\"https:\/\/schema.org\/Organization\" itemscope=\"itemscope\" >\n\t\t\t\t\t\t<span itemprop='name'>epp.content<\/span>\n\t\t\t\t\t\t<span itemprop='logo' itemscope itemtype='https:\/\/schema.org\/ImageObject'>\n\t\t\t\t\t\t\t<span itemprop='url'>https:\/\/rechtsanwalt.fr\/wp-content\/uploads\/2024\/05\/logo_header_fr_web.epp_.svg<\/span>\n\t\t\t\t\t\t<\/span>\n\t\t\t\t<\/span><span class='av-structured-data'  itemprop=\"author\" itemscope=\"itemscope\" itemtype=\"https:\/\/schema.org\/Person\" ><span itemprop='name'>epp.content<\/span><\/span><span class='av-structured-data'  itemprop=\"datePublished\" datetime=\"2017-01-24T15:46:00+01:00\" >2017-01-24 15:46:00<\/span><span class='av-structured-data'  itemprop=\"dateModified\" itemtype=\"https:\/\/schema.org\/dateModified\" >2021-04-07 11:43:10<\/span><span class='av-structured-data'  itemprop=\"mainEntityOfPage\" itemtype=\"https:\/\/schema.org\/mainEntityOfPage\" ><span itemprop='name'>Droit du travail en Allemagne : La cogestion du comit\u00e9 d\u2019entreprise allemand \u2013 La mise en place de directives \u00e9thiques au sein de l\u2019entreprise<\/span><\/span><\/span><\/article><article class=\"post-entry post-entry-type-standard post-entry-10768 post-loop-44 post-parity-even bloglist-simple  post-10768 post type-post status-publish format-standard hentry category-contrats\"  itemscope=\"itemscope\" itemtype=\"https:\/\/schema.org\/BlogPosting\" ><div class=\"blog-meta\"><\/div><div class='entry-content-wrapper clearfix standard-content'><header class=\"entry-content-header\" aria-label=\"Articles : E-Commerce en Allemagne : La proc\u00e9dure de passation de commande et le paiement en ligne\"><div class=\"av-heading-wrapper\"><span class=\"blog-categories minor-meta\"><a href=\"https:\/\/rechtsanwalt.fr\/fr\/category\/news-archive\/news-archive-2017\/contrats\/\" rel=\"tag\">Droit des contrats<\/a><\/span><h2 class='post-title entry-title '  itemprop=\"headline\" ><a href=\"https:\/\/rechtsanwalt.fr\/fr\/e-commerce-en-allemagne-la-procedure-de-passation-de-commande-et-le-paiement-en-ligne\/\" rel=\"bookmark\" title=\"Lien permanent : E-Commerce en Allemagne : La proc\u00e9dure de passation de commande et le paiement en ligne\">E-Commerce en Allemagne : La proc\u00e9dure de passation de commande et le paiement en ligne<span class=\"post-format-icon minor-meta\"><\/span><\/a><\/h2><\/div><\/header><span class=\"post-meta-infos\"><time class=\"date-container minor-meta updated\"  itemprop=\"datePublished\" datetime=\"2017-01-24T15:15:00+01:00\" >24 janvier 2017<\/time><div class=\"read-more-link\"><a href=\"https:\/\/rechtsanwalt.fr\/fr\/e-commerce-en-allemagne-la-procedure-de-passation-de-commande-et-le-paiement-en-ligne\/\" class=\"more-link\">Lire la suite<span class='more-link-arrow avia-svg-icon avia-font-svg_entypo-fontello' data-av_svg_icon='right-open-big' data-av_iconset='svg_entypo-fontello'><svg version=\"1.1\" xmlns=\"http:\/\/www.w3.org\/2000\/svg\" width=\"15\" height=\"32\" viewBox=\"0 0 15 32\" preserveAspectRatio=\"xMidYMid meet\" role=\"graphics-symbol\" aria-hidden=\"true\">\n<path d=\"M0.416 27.84l11.456-11.84-11.456-11.904q-0.832-0.832 0-1.536 0.832-0.832 1.536 0l12.544 12.608q0.768 0.832 0 1.6l-12.544 12.608q-0.704 0.832-1.536 0-0.832-0.704 0-1.536z\"><\/path>\n<\/svg><\/span><\/a><\/div><\/span><footer class=\"entry-footer\"><\/footer><div class='post_delimiter'><\/div><\/div><div class=\"post_author_timeline\"><\/div><span class='hidden'>\n\t\t\t\t<span class='av-structured-data'  itemprop=\"image\" itemscope=\"itemscope\" itemtype=\"https:\/\/schema.org\/ImageObject\" >\n\t\t\t\t\t\t<span itemprop='url'>https:\/\/rechtsanwalt.fr\/wp-content\/uploads\/2024\/05\/logo_header_fr_web.epp_.svg<\/span>\n\t\t\t\t\t\t<span itemprop='height'>0<\/span>\n\t\t\t\t\t\t<span itemprop='width'>0<\/span>\n\t\t\t\t<\/span>\n\t\t\t\t<span class='av-structured-data'  itemprop=\"publisher\" itemtype=\"https:\/\/schema.org\/Organization\" itemscope=\"itemscope\" >\n\t\t\t\t\t\t<span itemprop='name'>epp.content<\/span>\n\t\t\t\t\t\t<span itemprop='logo' itemscope itemtype='https:\/\/schema.org\/ImageObject'>\n\t\t\t\t\t\t\t<span itemprop='url'>https:\/\/rechtsanwalt.fr\/wp-content\/uploads\/2024\/05\/logo_header_fr_web.epp_.svg<\/span>\n\t\t\t\t\t\t<\/span>\n\t\t\t\t<\/span><span class='av-structured-data'  itemprop=\"author\" itemscope=\"itemscope\" itemtype=\"https:\/\/schema.org\/Person\" ><span itemprop='name'>epp.content<\/span><\/span><span class='av-structured-data'  itemprop=\"datePublished\" datetime=\"2017-01-24T15:15:00+01:00\" >2017-01-24 15:15:00<\/span><span class='av-structured-data'  itemprop=\"dateModified\" itemtype=\"https:\/\/schema.org\/dateModified\" >2021-04-07 11:43:29<\/span><span class='av-structured-data'  itemprop=\"mainEntityOfPage\" itemtype=\"https:\/\/schema.org\/mainEntityOfPage\" ><span itemprop='name'>E-Commerce en Allemagne : La proc\u00e9dure de passation de commande et le paiement en ligne<\/span><\/span><\/span><\/article><article class=\"post-entry post-entry-type-standard post-entry-10762 post-loop-45 post-parity-odd bloglist-simple  post-10762 post type-post status-publish format-standard hentry category-droit-social-fr\"  itemscope=\"itemscope\" itemtype=\"https:\/\/schema.org\/BlogPosting\" ><div class=\"blog-meta\"><\/div><div class='entry-content-wrapper clearfix standard-content'><header class=\"entry-content-header\" aria-label=\"Articles : Comit\u00e9 d\u2019entreprise et g\u00e9rance en Allemagne : Le CE ne peut pas r\u00e9clamer le d\u00e9part d\u2019un g\u00e9rant \u00ab perturbant le bon fonctionnement de l\u2019entreprise \u00bb\"><div class=\"av-heading-wrapper\"><span class=\"blog-categories minor-meta\"><a href=\"https:\/\/rechtsanwalt.fr\/fr\/category\/news-archive\/news-archive-2017\/droit-social-fr\/\" rel=\"tag\">Droit social<\/a><\/span><h2 class='post-title entry-title '  itemprop=\"headline\" ><a href=\"https:\/\/rechtsanwalt.fr\/fr\/comite-dentreprise-et-gerance-en-allemagne-le-ce-ne-peut-pas-reclamer-le-depart-dun-gerant-perturbant-le-bon-fonctionnement-de-lentreprise\/\" rel=\"bookmark\" title=\"Lien permanent : Comit\u00e9 d\u2019entreprise et g\u00e9rance en Allemagne : Le CE ne peut pas r\u00e9clamer le d\u00e9part d\u2019un g\u00e9rant \u00ab perturbant le bon fonctionnement de l\u2019entreprise \u00bb\">Comit\u00e9 d\u2019entreprise et g\u00e9rance en Allemagne : Le CE ne peut pas r\u00e9clamer le d\u00e9part d\u2019un g\u00e9rant \u00ab perturbant le bon fonctionnement de l\u2019entreprise \u00bb<span class=\"post-format-icon minor-meta\"><\/span><\/a><\/h2><\/div><\/header><span class=\"post-meta-infos\"><time class=\"date-container minor-meta updated\"  itemprop=\"datePublished\" datetime=\"2017-01-24T15:05:00+01:00\" >24 janvier 2017<\/time><div class=\"read-more-link\"><a href=\"https:\/\/rechtsanwalt.fr\/fr\/comite-dentreprise-et-gerance-en-allemagne-le-ce-ne-peut-pas-reclamer-le-depart-dun-gerant-perturbant-le-bon-fonctionnement-de-lentreprise\/\" class=\"more-link\">Lire la suite<span class='more-link-arrow avia-svg-icon avia-font-svg_entypo-fontello' data-av_svg_icon='right-open-big' data-av_iconset='svg_entypo-fontello'><svg version=\"1.1\" xmlns=\"http:\/\/www.w3.org\/2000\/svg\" width=\"15\" height=\"32\" viewBox=\"0 0 15 32\" preserveAspectRatio=\"xMidYMid meet\" role=\"graphics-symbol\" aria-hidden=\"true\">\n<path d=\"M0.416 27.84l11.456-11.84-11.456-11.904q-0.832-0.832 0-1.536 0.832-0.832 1.536 0l12.544 12.608q0.768 0.832 0 1.6l-12.544 12.608q-0.704 0.832-1.536 0-0.832-0.704 0-1.536z\"><\/path>\n<\/svg><\/span><\/a><\/div><\/span><footer class=\"entry-footer\"><\/footer><div class='post_delimiter'><\/div><\/div><div class=\"post_author_timeline\"><\/div><span class='hidden'>\n\t\t\t\t<span class='av-structured-data'  itemprop=\"image\" itemscope=\"itemscope\" itemtype=\"https:\/\/schema.org\/ImageObject\" >\n\t\t\t\t\t\t<span itemprop='url'>https:\/\/rechtsanwalt.fr\/wp-content\/uploads\/2024\/05\/logo_header_fr_web.epp_.svg<\/span>\n\t\t\t\t\t\t<span itemprop='height'>0<\/span>\n\t\t\t\t\t\t<span itemprop='width'>0<\/span>\n\t\t\t\t<\/span>\n\t\t\t\t<span class='av-structured-data'  itemprop=\"publisher\" itemtype=\"https:\/\/schema.org\/Organization\" itemscope=\"itemscope\" >\n\t\t\t\t\t\t<span itemprop='name'>epp.content<\/span>\n\t\t\t\t\t\t<span itemprop='logo' itemscope itemtype='https:\/\/schema.org\/ImageObject'>\n\t\t\t\t\t\t\t<span itemprop='url'>https:\/\/rechtsanwalt.fr\/wp-content\/uploads\/2024\/05\/logo_header_fr_web.epp_.svg<\/span>\n\t\t\t\t\t\t<\/span>\n\t\t\t\t<\/span><span class='av-structured-data'  itemprop=\"author\" itemscope=\"itemscope\" itemtype=\"https:\/\/schema.org\/Person\" ><span itemprop='name'>epp.content<\/span><\/span><span class='av-structured-data'  itemprop=\"datePublished\" datetime=\"2017-01-24T15:05:00+01:00\" >2017-01-24 15:05:00<\/span><span class='av-structured-data'  itemprop=\"dateModified\" itemtype=\"https:\/\/schema.org\/dateModified\" >2021-04-07 11:43:49<\/span><span class='av-structured-data'  itemprop=\"mainEntityOfPage\" itemtype=\"https:\/\/schema.org\/mainEntityOfPage\" ><span itemprop='name'>Comit\u00e9 d\u2019entreprise et g\u00e9rance en Allemagne : Le CE ne peut pas r\u00e9clamer le d\u00e9part d\u2019un g\u00e9rant \u00ab perturbant le bon fonctionnement de l\u2019entreprise \u00bb<\/span><\/span><\/span><\/article><article class=\"post-entry post-entry-type-standard post-entry-10757 post-loop-46 post-parity-even bloglist-simple  post-10757 post type-post status-publish format-standard hentry category-droit-social-fr\"  itemscope=\"itemscope\" itemtype=\"https:\/\/schema.org\/BlogPosting\" ><div class=\"blog-meta\"><\/div><div class='entry-content-wrapper clearfix standard-content'><header class=\"entry-content-header\" aria-label=\"Articles : Droit du travail en Allemagne : Une nouvelle loi sur l\u2019\u00e9galit\u00e9 des salaires\"><div class=\"av-heading-wrapper\"><span class=\"blog-categories minor-meta\"><a href=\"https:\/\/rechtsanwalt.fr\/fr\/category\/news-archive\/news-archive-2017\/droit-social-fr\/\" rel=\"tag\">Droit social<\/a><\/span><h2 class='post-title entry-title '  itemprop=\"headline\" ><a href=\"https:\/\/rechtsanwalt.fr\/fr\/droit-du-travail-en-allemagne-une-nouvelle-loi-sur-legalite-des-salaires\/\" rel=\"bookmark\" title=\"Lien permanent : Droit du travail en Allemagne : Une nouvelle loi sur l\u2019\u00e9galit\u00e9 des salaires\">Droit du travail en Allemagne : Une nouvelle loi sur l\u2019\u00e9galit\u00e9 des salaires<span class=\"post-format-icon minor-meta\"><\/span><\/a><\/h2><\/div><\/header><span class=\"post-meta-infos\"><time class=\"date-container minor-meta updated\"  itemprop=\"datePublished\" datetime=\"2017-01-24T14:56:00+01:00\" >24 janvier 2017<\/time><div class=\"read-more-link\"><a href=\"https:\/\/rechtsanwalt.fr\/fr\/droit-du-travail-en-allemagne-une-nouvelle-loi-sur-legalite-des-salaires\/\" class=\"more-link\">Lire la suite<span class='more-link-arrow avia-svg-icon avia-font-svg_entypo-fontello' data-av_svg_icon='right-open-big' data-av_iconset='svg_entypo-fontello'><svg version=\"1.1\" xmlns=\"http:\/\/www.w3.org\/2000\/svg\" width=\"15\" height=\"32\" viewBox=\"0 0 15 32\" preserveAspectRatio=\"xMidYMid meet\" role=\"graphics-symbol\" aria-hidden=\"true\">\n<path d=\"M0.416 27.84l11.456-11.84-11.456-11.904q-0.832-0.832 0-1.536 0.832-0.832 1.536 0l12.544 12.608q0.768 0.832 0 1.6l-12.544 12.608q-0.704 0.832-1.536 0-0.832-0.704 0-1.536z\"><\/path>\n<\/svg><\/span><\/a><\/div><\/span><footer class=\"entry-footer\"><\/footer><div class='post_delimiter'><\/div><\/div><div class=\"post_author_timeline\"><\/div><span class='hidden'>\n\t\t\t\t<span class='av-structured-data'  itemprop=\"image\" itemscope=\"itemscope\" itemtype=\"https:\/\/schema.org\/ImageObject\" >\n\t\t\t\t\t\t<span itemprop='url'>https:\/\/rechtsanwalt.fr\/wp-content\/uploads\/2024\/05\/logo_header_fr_web.epp_.svg<\/span>\n\t\t\t\t\t\t<span itemprop='height'>0<\/span>\n\t\t\t\t\t\t<span itemprop='width'>0<\/span>\n\t\t\t\t<\/span>\n\t\t\t\t<span class='av-structured-data'  itemprop=\"publisher\" itemtype=\"https:\/\/schema.org\/Organization\" itemscope=\"itemscope\" >\n\t\t\t\t\t\t<span itemprop='name'>epp.content<\/span>\n\t\t\t\t\t\t<span itemprop='logo' itemscope itemtype='https:\/\/schema.org\/ImageObject'>\n\t\t\t\t\t\t\t<span itemprop='url'>https:\/\/rechtsanwalt.fr\/wp-content\/uploads\/2024\/05\/logo_header_fr_web.epp_.svg<\/span>\n\t\t\t\t\t\t<\/span>\n\t\t\t\t<\/span><span class='av-structured-data'  itemprop=\"author\" itemscope=\"itemscope\" itemtype=\"https:\/\/schema.org\/Person\" ><span itemprop='name'>epp.content<\/span><\/span><span class='av-structured-data'  itemprop=\"datePublished\" datetime=\"2017-01-24T14:56:00+01:00\" >2017-01-24 14:56:00<\/span><span class='av-structured-data'  itemprop=\"dateModified\" itemtype=\"https:\/\/schema.org\/dateModified\" >2021-04-07 11:44:07<\/span><span class='av-structured-data'  itemprop=\"mainEntityOfPage\" itemtype=\"https:\/\/schema.org\/mainEntityOfPage\" ><span itemprop='name'>Droit du travail en Allemagne : Une nouvelle loi sur l\u2019\u00e9galit\u00e9 des salaires<\/span><\/span><\/span><\/article><article class=\"post-entry post-entry-type-standard post-entry-10731 post-loop-47 post-parity-odd bloglist-simple  post-10731 post type-post status-publish format-standard hentry category-droit-social-fr\"  itemscope=\"itemscope\" itemtype=\"https:\/\/schema.org\/BlogPosting\" ><div class=\"blog-meta\"><\/div><div class='entry-content-wrapper clearfix standard-content'><header class=\"entry-content-header\" aria-label=\"Articles : Droit du travail en Allemagne : Le licenciement de salari\u00e9s handicap\u00e9s\"><div class=\"av-heading-wrapper\"><span class=\"blog-categories minor-meta\"><a href=\"https:\/\/rechtsanwalt.fr\/fr\/category\/news-archive\/news-archive-2017\/droit-social-fr\/\" rel=\"tag\">Droit social<\/a><\/span><h2 class='post-title entry-title '  itemprop=\"headline\" ><a href=\"https:\/\/rechtsanwalt.fr\/fr\/droit-du-travail-en-allemagne-le-licenciement-de-salaries-handicapes\/\" rel=\"bookmark\" title=\"Lien permanent : Droit du travail en Allemagne : Le licenciement de salari\u00e9s handicap\u00e9s\">Droit du travail en Allemagne : Le licenciement de salari\u00e9s handicap\u00e9s<span class=\"post-format-icon minor-meta\"><\/span><\/a><\/h2><\/div><\/header><span class=\"post-meta-infos\"><time class=\"date-container minor-meta updated\"  itemprop=\"datePublished\" datetime=\"2017-01-24T14:05:00+01:00\" >24 janvier 2017<\/time><div class=\"read-more-link\"><a href=\"https:\/\/rechtsanwalt.fr\/fr\/droit-du-travail-en-allemagne-le-licenciement-de-salaries-handicapes\/\" class=\"more-link\">Lire la suite<span class='more-link-arrow avia-svg-icon avia-font-svg_entypo-fontello' data-av_svg_icon='right-open-big' data-av_iconset='svg_entypo-fontello'><svg version=\"1.1\" xmlns=\"http:\/\/www.w3.org\/2000\/svg\" width=\"15\" height=\"32\" viewBox=\"0 0 15 32\" preserveAspectRatio=\"xMidYMid meet\" role=\"graphics-symbol\" aria-hidden=\"true\">\n<path d=\"M0.416 27.84l11.456-11.84-11.456-11.904q-0.832-0.832 0-1.536 0.832-0.832 1.536 0l12.544 12.608q0.768 0.832 0 1.6l-12.544 12.608q-0.704 0.832-1.536 0-0.832-0.704 0-1.536z\"><\/path>\n<\/svg><\/span><\/a><\/div><\/span><footer class=\"entry-footer\"><\/footer><div class='post_delimiter'><\/div><\/div><div class=\"post_author_timeline\"><\/div><span class='hidden'>\n\t\t\t\t<span class='av-structured-data'  itemprop=\"image\" itemscope=\"itemscope\" itemtype=\"https:\/\/schema.org\/ImageObject\" >\n\t\t\t\t\t\t<span itemprop='url'>https:\/\/rechtsanwalt.fr\/wp-content\/uploads\/2024\/05\/logo_header_fr_web.epp_.svg<\/span>\n\t\t\t\t\t\t<span itemprop='height'>0<\/span>\n\t\t\t\t\t\t<span itemprop='width'>0<\/span>\n\t\t\t\t<\/span>\n\t\t\t\t<span class='av-structured-data'  itemprop=\"publisher\" itemtype=\"https:\/\/schema.org\/Organization\" itemscope=\"itemscope\" >\n\t\t\t\t\t\t<span itemprop='name'>epp.content<\/span>\n\t\t\t\t\t\t<span itemprop='logo' itemscope itemtype='https:\/\/schema.org\/ImageObject'>\n\t\t\t\t\t\t\t<span itemprop='url'>https:\/\/rechtsanwalt.fr\/wp-content\/uploads\/2024\/05\/logo_header_fr_web.epp_.svg<\/span>\n\t\t\t\t\t\t<\/span>\n\t\t\t\t<\/span><span class='av-structured-data'  itemprop=\"author\" itemscope=\"itemscope\" itemtype=\"https:\/\/schema.org\/Person\" ><span itemprop='name'>epp.content<\/span><\/span><span class='av-structured-data'  itemprop=\"datePublished\" datetime=\"2017-01-24T14:05:00+01:00\" >2017-01-24 14:05:00<\/span><span class='av-structured-data'  itemprop=\"dateModified\" itemtype=\"https:\/\/schema.org\/dateModified\" >2021-04-07 11:44:32<\/span><span class='av-structured-data'  itemprop=\"mainEntityOfPage\" itemtype=\"https:\/\/schema.org\/mainEntityOfPage\" ><span itemprop='name'>Droit du travail en Allemagne : Le licenciement de salari\u00e9s handicap\u00e9s<\/span><\/span><\/span><\/article><article class=\"post-entry post-entry-type-standard post-entry-10787 post-loop-48 post-parity-even bloglist-simple  post-10787 post type-post status-publish format-standard hentry category-droit-fiscal\"  itemscope=\"itemscope\" itemtype=\"https:\/\/schema.org\/BlogPosting\" ><div class=\"blog-meta\"><\/div><div class='entry-content-wrapper clearfix standard-content'><header class=\"entry-content-header\" aria-label=\"Articles : TVA et d\u00e9duction de TVA en Allemagne : Mentions obligatoires sur la facture : Le prestataire doit-il mentionner l\u2019adresse de sa bo\u00eete aux lettres ou bien le lieu d\u2019exercice de l\u2019activit\u00e9 \u00e9conomique ?\"><div class=\"av-heading-wrapper\"><span class=\"blog-categories minor-meta\"><a href=\"https:\/\/rechtsanwalt.fr\/fr\/category\/news-archive\/news-archive-2017\/droit-fiscal\/\" rel=\"tag\">Droit fiscal<\/a><\/span><h2 class='post-title entry-title '  itemprop=\"headline\" ><a href=\"https:\/\/rechtsanwalt.fr\/fr\/tva-et-deduction-de-tva-en-allemagne-mentions-obligatoires-sur-la-facture-le-prestataire-doit-il-mentionner-ladresse-de-sa-boite-aux-lettres-ou-bien-le-lieu-dexercice-de-l\/\" rel=\"bookmark\" title=\"Lien permanent : TVA et d\u00e9duction de TVA en Allemagne : Mentions obligatoires sur la facture : Le prestataire doit-il mentionner l\u2019adresse de sa bo\u00eete aux lettres ou bien le lieu d\u2019exercice de l\u2019activit\u00e9 \u00e9conomique ?\">TVA et d\u00e9duction de TVA en Allemagne : Mentions obligatoires sur la facture : Le prestataire doit-il mentionner l\u2019adresse de sa bo\u00eete aux lettres ou bien le lieu d\u2019exercice de l\u2019activit\u00e9 \u00e9conomique ?<span class=\"post-format-icon minor-meta\"><\/span><\/a><\/h2><\/div><\/header><span class=\"post-meta-infos\"><time class=\"date-container minor-meta updated\"  itemprop=\"datePublished\" datetime=\"2017-01-17T16:08:00+01:00\" >17 janvier 2017<\/time><div class=\"read-more-link\"><a href=\"https:\/\/rechtsanwalt.fr\/fr\/tva-et-deduction-de-tva-en-allemagne-mentions-obligatoires-sur-la-facture-le-prestataire-doit-il-mentionner-ladresse-de-sa-boite-aux-lettres-ou-bien-le-lieu-dexercice-de-l\/\" class=\"more-link\">Lire la suite<span class='more-link-arrow avia-svg-icon avia-font-svg_entypo-fontello' data-av_svg_icon='right-open-big' data-av_iconset='svg_entypo-fontello'><svg version=\"1.1\" xmlns=\"http:\/\/www.w3.org\/2000\/svg\" width=\"15\" height=\"32\" viewBox=\"0 0 15 32\" preserveAspectRatio=\"xMidYMid meet\" role=\"graphics-symbol\" aria-hidden=\"true\">\n<path d=\"M0.416 27.84l11.456-11.84-11.456-11.904q-0.832-0.832 0-1.536 0.832-0.832 1.536 0l12.544 12.608q0.768 0.832 0 1.6l-12.544 12.608q-0.704 0.832-1.536 0-0.832-0.704 0-1.536z\"><\/path>\n<\/svg><\/span><\/a><\/div><\/span><footer class=\"entry-footer\"><\/footer><div class='post_delimiter'><\/div><\/div><div class=\"post_author_timeline\"><\/div><span class='hidden'>\n\t\t\t\t<span class='av-structured-data'  itemprop=\"image\" itemscope=\"itemscope\" itemtype=\"https:\/\/schema.org\/ImageObject\" >\n\t\t\t\t\t\t<span itemprop='url'>https:\/\/rechtsanwalt.fr\/wp-content\/uploads\/2024\/05\/logo_header_fr_web.epp_.svg<\/span>\n\t\t\t\t\t\t<span itemprop='height'>0<\/span>\n\t\t\t\t\t\t<span itemprop='width'>0<\/span>\n\t\t\t\t<\/span>\n\t\t\t\t<span class='av-structured-data'  itemprop=\"publisher\" itemtype=\"https:\/\/schema.org\/Organization\" itemscope=\"itemscope\" >\n\t\t\t\t\t\t<span itemprop='name'>epp.content<\/span>\n\t\t\t\t\t\t<span itemprop='logo' itemscope itemtype='https:\/\/schema.org\/ImageObject'>\n\t\t\t\t\t\t\t<span itemprop='url'>https:\/\/rechtsanwalt.fr\/wp-content\/uploads\/2024\/05\/logo_header_fr_web.epp_.svg<\/span>\n\t\t\t\t\t\t<\/span>\n\t\t\t\t<\/span><span class='av-structured-data'  itemprop=\"author\" itemscope=\"itemscope\" itemtype=\"https:\/\/schema.org\/Person\" ><span itemprop='name'>epp.content<\/span><\/span><span class='av-structured-data'  itemprop=\"datePublished\" datetime=\"2017-01-17T16:08:00+01:00\" >2017-01-17 16:08:00<\/span><span class='av-structured-data'  itemprop=\"dateModified\" itemtype=\"https:\/\/schema.org\/dateModified\" >2021-04-07 11:44:55<\/span><span class='av-structured-data'  itemprop=\"mainEntityOfPage\" itemtype=\"https:\/\/schema.org\/mainEntityOfPage\" ><span itemprop='name'>TVA et d\u00e9duction de TVA en Allemagne : Mentions obligatoires sur la facture : Le prestataire doit-il mentionner l\u2019adresse de sa bo\u00eete aux lettres ou bien le lieu d\u2019exercice de l\u2019activit\u00e9 \u00e9conomique ?<\/span><\/span><\/span><\/article><article class=\"post-entry post-entry-type-standard post-entry-10766 post-loop-49 post-parity-odd bloglist-simple  post-10766 post type-post status-publish format-standard hentry category-droit-social-fr\"  itemscope=\"itemscope\" itemtype=\"https:\/\/schema.org\/BlogPosting\" ><div class=\"blog-meta\"><\/div><div class='entry-content-wrapper clearfix standard-content'><header class=\"entry-content-header\" aria-label=\"Articles : Droit du travail en Allemagne : Pr\u00e9sentation d\u2019un projet de loi sur la r\u00e9forme du temps partiel\"><div class=\"av-heading-wrapper\"><span class=\"blog-categories minor-meta\"><a href=\"https:\/\/rechtsanwalt.fr\/fr\/category\/news-archive\/news-archive-2017\/droit-social-fr\/\" rel=\"tag\">Droit social<\/a><\/span><h2 class='post-title entry-title '  itemprop=\"headline\" ><a href=\"https:\/\/rechtsanwalt.fr\/fr\/droit-du-travail-en-allemagne-presentation-dun-projet-de-loi-sur-la-reforme-du-temps-partiel\/\" rel=\"bookmark\" title=\"Lien permanent : Droit du travail en Allemagne : Pr\u00e9sentation d\u2019un projet de loi sur la r\u00e9forme du temps partiel\">Droit du travail en Allemagne : Pr\u00e9sentation d\u2019un projet de loi sur la r\u00e9forme du temps partiel<span class=\"post-format-icon minor-meta\"><\/span><\/a><\/h2><\/div><\/header><span class=\"post-meta-infos\"><time class=\"date-container minor-meta updated\"  itemprop=\"datePublished\" datetime=\"2017-01-17T15:12:00+01:00\" >17 janvier 2017<\/time><div class=\"read-more-link\"><a href=\"https:\/\/rechtsanwalt.fr\/fr\/droit-du-travail-en-allemagne-presentation-dun-projet-de-loi-sur-la-reforme-du-temps-partiel\/\" class=\"more-link\">Lire la suite<span class='more-link-arrow avia-svg-icon avia-font-svg_entypo-fontello' data-av_svg_icon='right-open-big' data-av_iconset='svg_entypo-fontello'><svg version=\"1.1\" xmlns=\"http:\/\/www.w3.org\/2000\/svg\" width=\"15\" height=\"32\" viewBox=\"0 0 15 32\" preserveAspectRatio=\"xMidYMid meet\" role=\"graphics-symbol\" aria-hidden=\"true\">\n<path d=\"M0.416 27.84l11.456-11.84-11.456-11.904q-0.832-0.832 0-1.536 0.832-0.832 1.536 0l12.544 12.608q0.768 0.832 0 1.6l-12.544 12.608q-0.704 0.832-1.536 0-0.832-0.704 0-1.536z\"><\/path>\n<\/svg><\/span><\/a><\/div><\/span><footer class=\"entry-footer\"><\/footer><div class='post_delimiter'><\/div><\/div><div class=\"post_author_timeline\"><\/div><span class='hidden'>\n\t\t\t\t<span class='av-structured-data'  itemprop=\"image\" itemscope=\"itemscope\" itemtype=\"https:\/\/schema.org\/ImageObject\" >\n\t\t\t\t\t\t<span itemprop='url'>https:\/\/rechtsanwalt.fr\/wp-content\/uploads\/2024\/05\/logo_header_fr_web.epp_.svg<\/span>\n\t\t\t\t\t\t<span itemprop='height'>0<\/span>\n\t\t\t\t\t\t<span itemprop='width'>0<\/span>\n\t\t\t\t<\/span>\n\t\t\t\t<span class='av-structured-data'  itemprop=\"publisher\" itemtype=\"https:\/\/schema.org\/Organization\" itemscope=\"itemscope\" >\n\t\t\t\t\t\t<span itemprop='name'>epp.content<\/span>\n\t\t\t\t\t\t<span itemprop='logo' itemscope itemtype='https:\/\/schema.org\/ImageObject'>\n\t\t\t\t\t\t\t<span itemprop='url'>https:\/\/rechtsanwalt.fr\/wp-content\/uploads\/2024\/05\/logo_header_fr_web.epp_.svg<\/span>\n\t\t\t\t\t\t<\/span>\n\t\t\t\t<\/span><span class='av-structured-data'  itemprop=\"author\" itemscope=\"itemscope\" itemtype=\"https:\/\/schema.org\/Person\" ><span itemprop='name'>epp.content<\/span><\/span><span class='av-structured-data'  itemprop=\"datePublished\" datetime=\"2017-01-17T15:12:00+01:00\" >2017-01-17 15:12:00<\/span><span class='av-structured-data'  itemprop=\"dateModified\" itemtype=\"https:\/\/schema.org\/dateModified\" >2021-04-07 11:45:15<\/span><span class='av-structured-data'  itemprop=\"mainEntityOfPage\" itemtype=\"https:\/\/schema.org\/mainEntityOfPage\" ><span itemprop='name'>Droit du travail en Allemagne : Pr\u00e9sentation d\u2019un projet de loi sur la r\u00e9forme du temps partiel<\/span><\/span><\/span><\/article><article class=\"post-entry post-entry-type-standard post-entry-10764 post-loop-50 post-parity-even bloglist-simple  post-10764 post type-post status-publish format-standard hentry category-contrats\"  itemscope=\"itemscope\" itemtype=\"https:\/\/schema.org\/BlogPosting\" ><div class=\"blog-meta\"><\/div><div class='entry-content-wrapper clearfix standard-content'><header class=\"entry-content-header\" aria-label=\"Articles : Commerce B2B en Allemagne : R\u00e9clamations pour vices entre commer\u00e7ants\"><div class=\"av-heading-wrapper\"><span class=\"blog-categories minor-meta\"><a href=\"https:\/\/rechtsanwalt.fr\/fr\/category\/news-archive\/news-archive-2017\/contrats\/\" rel=\"tag\">Droit des contrats<\/a><\/span><h2 class='post-title entry-title '  itemprop=\"headline\" ><a href=\"https:\/\/rechtsanwalt.fr\/fr\/commerce-b2b-en-allemagne-reclamations-pour-vices-entre-commercants\/\" rel=\"bookmark\" title=\"Lien permanent : Commerce B2B en Allemagne : R\u00e9clamations pour vices entre commer\u00e7ants\">Commerce B2B en Allemagne : R\u00e9clamations pour vices entre commer\u00e7ants<span class=\"post-format-icon minor-meta\"><\/span><\/a><\/h2><\/div><\/header><span class=\"post-meta-infos\"><time class=\"date-container minor-meta updated\"  itemprop=\"datePublished\" datetime=\"2017-01-17T15:09:00+01:00\" >17 janvier 2017<\/time><div class=\"read-more-link\"><a href=\"https:\/\/rechtsanwalt.fr\/fr\/commerce-b2b-en-allemagne-reclamations-pour-vices-entre-commercants\/\" class=\"more-link\">Lire la suite<span class='more-link-arrow avia-svg-icon avia-font-svg_entypo-fontello' data-av_svg_icon='right-open-big' data-av_iconset='svg_entypo-fontello'><svg version=\"1.1\" xmlns=\"http:\/\/www.w3.org\/2000\/svg\" width=\"15\" height=\"32\" viewBox=\"0 0 15 32\" preserveAspectRatio=\"xMidYMid meet\" role=\"graphics-symbol\" aria-hidden=\"true\">\n<path d=\"M0.416 27.84l11.456-11.84-11.456-11.904q-0.832-0.832 0-1.536 0.832-0.832 1.536 0l12.544 12.608q0.768 0.832 0 1.6l-12.544 12.608q-0.704 0.832-1.536 0-0.832-0.704 0-1.536z\"><\/path>\n<\/svg><\/span><\/a><\/div><\/span><footer class=\"entry-footer\"><\/footer><div class='post_delimiter'><\/div><\/div><div class=\"post_author_timeline\"><\/div><span class='hidden'>\n\t\t\t\t<span class='av-structured-data'  itemprop=\"image\" itemscope=\"itemscope\" itemtype=\"https:\/\/schema.org\/ImageObject\" >\n\t\t\t\t\t\t<span itemprop='url'>https:\/\/rechtsanwalt.fr\/wp-content\/uploads\/2024\/05\/logo_header_fr_web.epp_.svg<\/span>\n\t\t\t\t\t\t<span itemprop='height'>0<\/span>\n\t\t\t\t\t\t<span itemprop='width'>0<\/span>\n\t\t\t\t<\/span>\n\t\t\t\t<span class='av-structured-data'  itemprop=\"publisher\" itemtype=\"https:\/\/schema.org\/Organization\" itemscope=\"itemscope\" >\n\t\t\t\t\t\t<span itemprop='name'>epp.content<\/span>\n\t\t\t\t\t\t<span itemprop='logo' itemscope itemtype='https:\/\/schema.org\/ImageObject'>\n\t\t\t\t\t\t\t<span itemprop='url'>https:\/\/rechtsanwalt.fr\/wp-content\/uploads\/2024\/05\/logo_header_fr_web.epp_.svg<\/span>\n\t\t\t\t\t\t<\/span>\n\t\t\t\t<\/span><span class='av-structured-data'  itemprop=\"author\" itemscope=\"itemscope\" itemtype=\"https:\/\/schema.org\/Person\" ><span itemprop='name'>epp.content<\/span><\/span><span class='av-structured-data'  itemprop=\"datePublished\" datetime=\"2017-01-17T15:09:00+01:00\" >2017-01-17 15:09:00<\/span><span class='av-structured-data'  itemprop=\"dateModified\" itemtype=\"https:\/\/schema.org\/dateModified\" >2021-04-07 11:45:41<\/span><span class='av-structured-data'  itemprop=\"mainEntityOfPage\" itemtype=\"https:\/\/schema.org\/mainEntityOfPage\" ><span itemprop='name'>Commerce B2B en Allemagne : R\u00e9clamations pour vices entre commer\u00e7ants<\/span><\/span><\/span><\/article><article class=\"post-entry post-entry-type-standard post-entry-10724 post-loop-51 post-parity-odd bloglist-simple  post-10724 post type-post status-publish format-standard hentry category-droit-social-fr\"  itemscope=\"itemscope\" itemtype=\"https:\/\/schema.org\/BlogPosting\" ><div class=\"blog-meta\"><\/div><div class='entry-content-wrapper clearfix standard-content'><header class=\"entry-content-header\" aria-label=\"Articles : Allemagne : La d\u00e9mission sans justes motifs d\u2019un organe de direction (g\u00e9rant\/pr\u00e9sident directeur g\u00e9n\u00e9ral) d\u2019une soci\u00e9t\u00e9 allemande\"><div class=\"av-heading-wrapper\"><span class=\"blog-categories minor-meta\"><a href=\"https:\/\/rechtsanwalt.fr\/fr\/category\/news-archive\/news-archive-2017\/droit-social-fr\/\" rel=\"tag\">Droit social<\/a><\/span><h2 class='post-title entry-title '  itemprop=\"headline\" ><a href=\"https:\/\/rechtsanwalt.fr\/fr\/allemagne-la-demission-sans-justes-motifs-dun-organe-de-direction-gerant-president-directeur-general-dune-societe-allemande\/\" rel=\"bookmark\" title=\"Lien permanent : Allemagne : La d\u00e9mission sans justes motifs d\u2019un organe de direction (g\u00e9rant\/pr\u00e9sident directeur g\u00e9n\u00e9ral) d\u2019une soci\u00e9t\u00e9 allemande\">Allemagne : La d\u00e9mission sans justes motifs d\u2019un organe de direction (g\u00e9rant\/pr\u00e9sident directeur g\u00e9n\u00e9ral) d\u2019une soci\u00e9t\u00e9 allemande<span class=\"post-format-icon minor-meta\"><\/span><\/a><\/h2><\/div><\/header><span class=\"post-meta-infos\"><time class=\"date-container minor-meta updated\"  itemprop=\"datePublished\" datetime=\"2017-01-17T13:56:00+01:00\" >17 janvier 2017<\/time><div class=\"read-more-link\"><a href=\"https:\/\/rechtsanwalt.fr\/fr\/allemagne-la-demission-sans-justes-motifs-dun-organe-de-direction-gerant-president-directeur-general-dune-societe-allemande\/\" class=\"more-link\">Lire la suite<span class='more-link-arrow avia-svg-icon avia-font-svg_entypo-fontello' data-av_svg_icon='right-open-big' data-av_iconset='svg_entypo-fontello'><svg version=\"1.1\" xmlns=\"http:\/\/www.w3.org\/2000\/svg\" width=\"15\" height=\"32\" viewBox=\"0 0 15 32\" preserveAspectRatio=\"xMidYMid meet\" role=\"graphics-symbol\" aria-hidden=\"true\">\n<path d=\"M0.416 27.84l11.456-11.84-11.456-11.904q-0.832-0.832 0-1.536 0.832-0.832 1.536 0l12.544 12.608q0.768 0.832 0 1.6l-12.544 12.608q-0.704 0.832-1.536 0-0.832-0.704 0-1.536z\"><\/path>\n<\/svg><\/span><\/a><\/div><\/span><footer class=\"entry-footer\"><\/footer><div class='post_delimiter'><\/div><\/div><div class=\"post_author_timeline\"><\/div><span class='hidden'>\n\t\t\t\t<span class='av-structured-data'  itemprop=\"image\" itemscope=\"itemscope\" itemtype=\"https:\/\/schema.org\/ImageObject\" >\n\t\t\t\t\t\t<span itemprop='url'>https:\/\/rechtsanwalt.fr\/wp-content\/uploads\/2024\/05\/logo_header_fr_web.epp_.svg<\/span>\n\t\t\t\t\t\t<span itemprop='height'>0<\/span>\n\t\t\t\t\t\t<span itemprop='width'>0<\/span>\n\t\t\t\t<\/span>\n\t\t\t\t<span class='av-structured-data'  itemprop=\"publisher\" itemtype=\"https:\/\/schema.org\/Organization\" itemscope=\"itemscope\" >\n\t\t\t\t\t\t<span itemprop='name'>epp.content<\/span>\n\t\t\t\t\t\t<span itemprop='logo' itemscope itemtype='https:\/\/schema.org\/ImageObject'>\n\t\t\t\t\t\t\t<span itemprop='url'>https:\/\/rechtsanwalt.fr\/wp-content\/uploads\/2024\/05\/logo_header_fr_web.epp_.svg<\/span>\n\t\t\t\t\t\t<\/span>\n\t\t\t\t<\/span><span class='av-structured-data'  itemprop=\"author\" itemscope=\"itemscope\" itemtype=\"https:\/\/schema.org\/Person\" ><span itemprop='name'>epp.content<\/span><\/span><span class='av-structured-data'  itemprop=\"datePublished\" datetime=\"2017-01-17T13:56:00+01:00\" >2017-01-17 13:56:00<\/span><span class='av-structured-data'  itemprop=\"dateModified\" itemtype=\"https:\/\/schema.org\/dateModified\" >2021-04-07 11:46:01<\/span><span class='av-structured-data'  itemprop=\"mainEntityOfPage\" itemtype=\"https:\/\/schema.org\/mainEntityOfPage\" ><span itemprop='name'>Allemagne : La d\u00e9mission sans justes motifs d\u2019un organe de direction (g\u00e9rant\/pr\u00e9sident directeur g\u00e9n\u00e9ral) d\u2019une soci\u00e9t\u00e9 allemande<\/span><\/span><\/span><\/article><article class=\"post-entry post-entry-type-standard post-entry-10655 post-loop-52 post-parity-even post-entry-last bloglist-simple  post-10655 post type-post status-publish format-standard hentry category-gerant-gmbh\"  itemscope=\"itemscope\" itemtype=\"https:\/\/schema.org\/BlogPosting\" ><div class=\"blog-meta\"><\/div><div class='entry-content-wrapper clearfix standard-content'><header class=\"entry-content-header\" aria-label=\"Articles : SARL de droit allemand : La responsabilit\u00e9 du g\u00e9rant \u2013 La responsabilit\u00e9 p\u00e9nale d\u2019un \u00ab g\u00e9rant homme de paille \u00bb\"><div class=\"av-heading-wrapper\"><span class=\"blog-categories minor-meta\"><a href=\"https:\/\/rechtsanwalt.fr\/fr\/category\/news-archive\/news-archive-2017\/gerant-gmbh\/\" rel=\"tag\">G\u00e9rant GmbH<\/a><\/span><h2 class='post-title entry-title '  itemprop=\"headline\" ><a href=\"https:\/\/rechtsanwalt.fr\/fr\/sarl-de-droit-allemand-la-responsabilite-du-gerant-la-responsabilite-penale-dun-gerant-homme-de-paille\/\" rel=\"bookmark\" title=\"Lien permanent : SARL de droit allemand : La responsabilit\u00e9 du g\u00e9rant \u2013 La responsabilit\u00e9 p\u00e9nale d\u2019un \u00ab g\u00e9rant homme de paille \u00bb\">SARL de droit allemand : La responsabilit\u00e9 du g\u00e9rant \u2013 La responsabilit\u00e9 p\u00e9nale d\u2019un \u00ab g\u00e9rant homme de paille \u00bb<span class=\"post-format-icon minor-meta\"><\/span><\/a><\/h2><\/div><\/header><span class=\"post-meta-infos\"><time class=\"date-container minor-meta updated\"  itemprop=\"datePublished\" datetime=\"2017-01-17T11:38:00+01:00\" >17 janvier 2017<\/time><div class=\"read-more-link\"><a href=\"https:\/\/rechtsanwalt.fr\/fr\/sarl-de-droit-allemand-la-responsabilite-du-gerant-la-responsabilite-penale-dun-gerant-homme-de-paille\/\" class=\"more-link\">Lire la suite<span class='more-link-arrow avia-svg-icon avia-font-svg_entypo-fontello' data-av_svg_icon='right-open-big' data-av_iconset='svg_entypo-fontello'><svg version=\"1.1\" xmlns=\"http:\/\/www.w3.org\/2000\/svg\" width=\"15\" height=\"32\" viewBox=\"0 0 15 32\" preserveAspectRatio=\"xMidYMid meet\" role=\"graphics-symbol\" aria-hidden=\"true\">\n<path d=\"M0.416 27.84l11.456-11.84-11.456-11.904q-0.832-0.832 0-1.536 0.832-0.832 1.536 0l12.544 12.608q0.768 0.832 0 1.6l-12.544 12.608q-0.704 0.832-1.536 0-0.832-0.704 0-1.536z\"><\/path>\n<\/svg><\/span><\/a><\/div><\/span><footer class=\"entry-footer\"><\/footer><div class='post_delimiter'><\/div><\/div><div class=\"post_author_timeline\"><\/div><span class='hidden'>\n\t\t\t\t<span class='av-structured-data'  itemprop=\"image\" itemscope=\"itemscope\" itemtype=\"https:\/\/schema.org\/ImageObject\" >\n\t\t\t\t\t\t<span itemprop='url'>https:\/\/rechtsanwalt.fr\/wp-content\/uploads\/2024\/05\/logo_header_fr_web.epp_.svg<\/span>\n\t\t\t\t\t\t<span itemprop='height'>0<\/span>\n\t\t\t\t\t\t<span itemprop='width'>0<\/span>\n\t\t\t\t<\/span>\n\t\t\t\t<span class='av-structured-data'  itemprop=\"publisher\" itemtype=\"https:\/\/schema.org\/Organization\" itemscope=\"itemscope\" >\n\t\t\t\t\t\t<span itemprop='name'>epp.content<\/span>\n\t\t\t\t\t\t<span itemprop='logo' itemscope itemtype='https:\/\/schema.org\/ImageObject'>\n\t\t\t\t\t\t\t<span itemprop='url'>https:\/\/rechtsanwalt.fr\/wp-content\/uploads\/2024\/05\/logo_header_fr_web.epp_.svg<\/span>\n\t\t\t\t\t\t<\/span>\n\t\t\t\t<\/span><span class='av-structured-data'  itemprop=\"author\" itemscope=\"itemscope\" itemtype=\"https:\/\/schema.org\/Person\" ><span itemprop='name'>epp.content<\/span><\/span><span class='av-structured-data'  itemprop=\"datePublished\" datetime=\"2017-01-17T11:38:00+01:00\" >2017-01-17 11:38:00<\/span><span class='av-structured-data'  itemprop=\"dateModified\" itemtype=\"https:\/\/schema.org\/dateModified\" >2021-04-07 11:46:19<\/span><span class='av-structured-data'  itemprop=\"mainEntityOfPage\" itemtype=\"https:\/\/schema.org\/mainEntityOfPage\" ><span itemprop='name'>SARL de droit allemand : La responsabilit\u00e9 du g\u00e9rant \u2013 La responsabilit\u00e9 p\u00e9nale d\u2019un \u00ab g\u00e9rant homme de paille \u00bb<\/span><\/span><\/span><\/article><\/div><br \/>\n\n<style type=\"text\/css\" data-created_by=\"avia_inline_auto\" id=\"style-css-av-k8ek3qi7-9f0bfd2e2c51ef9939d385880812a2bc\">\n#top .hr.hr-invisible.av-k8ek3qi7-9f0bfd2e2c51ef9939d385880812a2bc{\nheight:200px;\n}\n<\/style>\n<div  class='hr av-k8ek3qi7-9f0bfd2e2c51ef9939d385880812a2bc hr-invisible'><span class='hr-inner '><span class=\"hr-inner-style\"><\/span><\/span><\/div><\/p><\/div><\/div><\/div><\/div><!-- close content main div --><\/div><\/div><div id='after_section_2'  class='main_color av_default_container_wrap container_wrap sidebar_left'  ><div class='container av-section-cont-open' ><div class='template-page content  av-content-small units'><div class='post-entry post-entry-type-page post-entry-8953'><div class='entry-content-wrapper clearfix'>\n","protected":false},"excerpt":{"rendered":"","protected":false},"author":1,"featured_media":0,"parent":8906,"menu_order":0,"comment_status":"closed","ping_status":"closed","template":"","meta":{"inline_featured_image":false,"footnotes":""},"class_list":["post-8953","page","type-page","status-publish","hentry"],"_links":{"self":[{"href":"https:\/\/rechtsanwalt.fr\/fr\/wp-json\/wp\/v2\/pages\/8953","targetHints":{"allow":["GET"]}}],"collection":[{"href":"https:\/\/rechtsanwalt.fr\/fr\/wp-json\/wp\/v2\/pages"}],"about":[{"href":"https:\/\/rechtsanwalt.fr\/fr\/wp-json\/wp\/v2\/types\/page"}],"author":[{"embeddable":true,"href":"https:\/\/rechtsanwalt.fr\/fr\/wp-json\/wp\/v2\/users\/1"}],"replies":[{"embeddable":true,"href":"https:\/\/rechtsanwalt.fr\/fr\/wp-json\/wp\/v2\/comments?post=8953"}],"version-history":[{"count":0,"href":"https:\/\/rechtsanwalt.fr\/fr\/wp-json\/wp\/v2\/pages\/8953\/revisions"}],"up":[{"embeddable":true,"href":"https:\/\/rechtsanwalt.fr\/fr\/wp-json\/wp\/v2\/pages\/8906"}],"wp:attachment":[{"href":"https:\/\/rechtsanwalt.fr\/fr\/wp-json\/wp\/v2\/media?parent=8953"}],"curies":[{"name":"wp","href":"https:\/\/api.w.org\/{rel}","templated":true}]}}