{"id":8957,"date":"2020-08-20T12:53:27","date_gmt":"2020-08-20T10:53:27","guid":{"rendered":"https:\/\/rechtsanwalt.fr\/?page_id=8957"},"modified":"2021-03-22T10:37:29","modified_gmt":"2021-03-22T09:37:29","slug":"archive-2016","status":"publish","type":"page","link":"https:\/\/rechtsanwalt.fr\/fr\/news-events\/archive\/archive-2016\/","title":{"rendered":"2016"},"content":{"rendered":"\n<style type=\"text\/css\" data-created_by=\"avia_inline_auto\" id=\"style-css-av-145nae-7e12acf6691508166707e8849903e526\">\n.avia-section.av-145nae-7e12acf6691508166707e8849903e526{\nbackground-repeat:no-repeat;\nbackground-image:url(https:\/\/rechtsanwalt.fr\/wp-content\/uploads\/2020\/09\/archive_b_epp.jpg);\nbackground-position:0% 0%;\nbackground-attachment:scroll;\nmargin-top:0px;\nmargin-bottom:0px;\n}\n<\/style>\n<div id='publikationen_background_img'  class='avia-section av-145nae-7e12acf6691508166707e8849903e526 main_color avia-section-no-padding avia-no-border-styling  avia-builder-el-0  el_before_av_section  avia-builder-el-first  avia-full-contain avia-bg-style-scroll container_wrap sidebar_left'  data-section-bg-repeat='contain'><div class='container av-section-cont-open' ><main  role=\"main\" itemprop=\"mainContentOfPage\"  class='template-page content  av-content-small units'><div class='post-entry post-entry-type-page post-entry-8957'><div class='entry-content-wrapper clearfix'>\n\n<style type=\"text\/css\" data-created_by=\"avia_inline_auto\" id=\"style-css-av-k1m34-65ee82ee0f780690e6c213d31be540cb\">\n.flex_column.av-k1m34-65ee82ee0f780690e6c213d31be540cb{\nborder-radius:0px 0px 0px 0px;\npadding:0px 0px 0px 0px;\n}\n<\/style>\n<div  class='flex_column av-k1m34-65ee82ee0f780690e6c213d31be540cb av_one_full  avia-builder-el-1  avia-builder-el-no-sibling  first flex_column_div av-zero-column-padding  '     ><style type=\"text\/css\" data-created_by=\"avia_inline_auto\" id=\"style-css-av-kfgi522p-931a4b9c775b011482f9a12e1556e19c\">\n#top .av-special-heading.av-kfgi522p-931a4b9c775b011482f9a12e1556e19c{\npadding-bottom:0;\ncolor:#ffffff;\nfont-size:36px;\n}\nbody .av-special-heading.av-kfgi522p-931a4b9c775b011482f9a12e1556e19c .av-special-heading-tag .heading-char{\nfont-size:25px;\n}\n#top #wrap_all .av-special-heading.av-kfgi522p-931a4b9c775b011482f9a12e1556e19c .av-special-heading-tag{\nfont-size:36px;\n}\n.av-special-heading.av-kfgi522p-931a4b9c775b011482f9a12e1556e19c .special-heading-inner-border{\nborder-color:#ffffff;\n}\n.av-special-heading.av-kfgi522p-931a4b9c775b011482f9a12e1556e19c .av-subheading{\nfont-size:25px;\n}\n\n@media only screen and (min-width: 480px) and (max-width: 767px){ \n#top #wrap_all .av-special-heading.av-kfgi522p-931a4b9c775b011482f9a12e1556e19c .av-special-heading-tag{\nfont-size:0.8em;\n}\n}\n\n@media only screen and (max-width: 479px){ \n#top #wrap_all .av-special-heading.av-kfgi522p-931a4b9c775b011482f9a12e1556e19c .av-special-heading-tag{\nfont-size:0.8em;\n}\n}\n<\/style>\n<div  class='av-special-heading av-kfgi522p-931a4b9c775b011482f9a12e1556e19c av-special-heading-h1 custom-color-heading blockquote modern-quote  avia-builder-el-2  avia-builder-el-no-sibling  av-inherit-size av-linked-heading'><h1 class='av-special-heading-tag '  itemprop=\"headline\"  >Archives 2016<\/h1><div class=\"special-heading-border\"><div class=\"special-heading-inner-border\"><\/div><\/div><\/div><\/div>\n\n<\/div><\/div><\/main><!-- close content main element --><\/div><\/div>\n<style type=\"text\/css\" data-created_by=\"avia_inline_auto\" id=\"style-css-av-kbm9h12a-95249e02764d6ddaeb70bdfd20d13f02\">\n.avia-section.av-kbm9h12a-95249e02764d6ddaeb70bdfd20d13f02{\nbackground-color:#eef0f3;\nbackground-image:unset;\n}\n<\/style>\n<div id='av_section_2'  class='avia-section av-kbm9h12a-95249e02764d6ddaeb70bdfd20d13f02 main_color avia-section-default avia-no-border-styling  avia-builder-el-3  el_after_av_section  avia-builder-el-last  avia-bg-style-scroll container_wrap sidebar_left'  ><div class='container av-section-cont-open' ><div class='template-page content  av-content-small units'><div class='post-entry post-entry-type-page post-entry-8957'><div class='entry-content-wrapper clearfix'>\n\n<style type=\"text\/css\" data-created_by=\"avia_inline_auto\" id=\"style-css-av-jgf3pjem-25083557d8861d2240eb75b3fe7ba642\">\n.flex_column.av-jgf3pjem-25083557d8861d2240eb75b3fe7ba642{\nborder-radius:0px 0px 0px 0px;\n}\n<\/style>\n<div  class='flex_column av-jgf3pjem-25083557d8861d2240eb75b3fe7ba642 av_one_full  avia-builder-el-4  avia-builder-el-no-sibling  publikationen_sub_content first flex_column_div av-animated-generic fade-in  '     ><p><div  class='avia-builder-widget-area clearfix  avia-builder-el-5  el_before_av_sidebar  avia-builder-el-first '><div id=\"nav_menu-15\" class=\"widget clearfix widget_nav_menu\"><div class=\"menu-news-fr-1-container\"><ul id=\"menu-news-fr-1\" class=\"menu\"><li id=\"menu-item-9673\" class=\"menu-item menu-item-type-custom menu-item-object-custom menu-item-9673\"><a href=\"https:\/\/rechtsanwalt.fr\/fr\/news-events\/\">Tous les sujets<\/a><\/li>\n<\/ul><\/div><\/div><\/div><br \/>\n<div  class='avia-builder-widget-area clearfix  avia-builder-el-6  el_after_av_sidebar  el_before_av_hr '><div id=\"nav_menu-16\" class=\"widget clearfix widget_nav_menu\"><div class=\"menu-news-fr-2-container\"><ul id=\"menu-news-fr-2\" class=\"menu\"><li id=\"menu-item-29706\" class=\"menu-item menu-item-type-post_type menu-item-object-page menu-item-29706\"><a href=\"https:\/\/rechtsanwalt.fr\/fr\/news-events\/droit-social\/\">Droit social<\/a><\/li>\n<li id=\"menu-item-29717\" class=\"menu-item menu-item-type-post_type menu-item-object-page menu-item-29717\"><a href=\"https:\/\/rechtsanwalt.fr\/fr\/news-events\/droit-des-societes\/\">Droit des soci\u00e9t\u00e9s<\/a><\/li>\n<li id=\"menu-item-41863\" class=\"menu-item menu-item-type-post_type menu-item-object-page menu-item-41863\"><a href=\"https:\/\/rechtsanwalt.fr\/fr\/news-events\/droit-fiscal\/\">Droit fiscal<\/a><\/li>\n<li id=\"menu-item-34783\" class=\"menu-item menu-item-type-post_type menu-item-object-page menu-item-34783\"><a href=\"https:\/\/rechtsanwalt.fr\/fr\/news-events\/droit-des-contrats\/\">Droit des contrats<\/a><\/li>\n<li id=\"menu-item-34782\" class=\"menu-item menu-item-type-post_type menu-item-object-page menu-item-34782\"><a href=\"https:\/\/rechtsanwalt.fr\/fr\/news-events\/droit-de-la-concurrence\/\">Droit de la concurrence<\/a><\/li>\n<li id=\"menu-item-34784\" class=\"menu-item menu-item-type-post_type menu-item-object-page menu-item-34784\"><a href=\"https:\/\/rechtsanwalt.fr\/fr\/news-events\/procedures-collectives\/\">Proc\u00e9dures collectives<\/a><\/li>\n<li id=\"menu-item-34771\" class=\"menu-item menu-item-type-post_type menu-item-object-page menu-item-34771\"><a href=\"https:\/\/rechtsanwalt.fr\/fr\/news-events\/contentieux\/\">Contentieux<\/a><\/li>\n<li id=\"menu-item-9675\" class=\"menu-item menu-item-type-post_type menu-item-object-page menu-item-9675\"><a href=\"https:\/\/rechtsanwalt.fr\/fr\/news-events\/communique\/\">Communiqu\u00e9s<\/a><\/li>\n<\/ul><\/div><\/div><\/div><br \/>\n\n<style type=\"text\/css\" data-created_by=\"avia_inline_auto\" id=\"style-css-av-keli7xqr-5d09e143679310eddad63eff9eba7c28\">\n#top .hr.av-keli7xqr-5d09e143679310eddad63eff9eba7c28{\nmargin-top:5px;\nmargin-bottom:5px;\n}\n.hr.av-keli7xqr-5d09e143679310eddad63eff9eba7c28 .hr-inner{\nwidth:95%;\n}\n<\/style>\n<div  class='hr av-keli7xqr-5d09e143679310eddad63eff9eba7c28 hr-custom  avia-builder-el-7  el_after_av_sidebar  el_before_av_sidebar  hr-left hr-icon-no'><span class='hr-inner inner-border-av-border-thin'><span class=\"hr-inner-style\"><\/span><\/span><\/div><br \/>\n<div  class='avia-builder-widget-area clearfix  avia-builder-el-8  el_after_av_hr  el_before_av_sidebar '><div id=\"nav_menu-18\" class=\"widget clearfix widget_nav_menu\"><div class=\"menu-news-fr-3-container\"><ul id=\"menu-news-fr-3\" class=\"menu\"><li id=\"menu-item-9982\" class=\"menu-item menu-item-type-post_type menu-item-object-page menu-item-9982\"><a href=\"https:\/\/rechtsanwalt.fr\/fr\/news-events\/archive\/\">Archives<\/a><\/li>\n<\/ul><\/div><\/div><\/div><br \/>\n<div  class='avia-builder-widget-area clearfix  avia-builder-el-9  el_after_av_sidebar  el_before_av_hr '><div id=\"nav_menu-10\" class=\"widget clearfix widget_nav_menu\"><div class=\"menu-archive-jahre-fr-container\"><ul id=\"menu-archive-jahre-fr\" class=\"menu\"><li id=\"menu-item-43067\" class=\"menu-item menu-item-type-post_type menu-item-object-page menu-item-43067\"><a href=\"https:\/\/rechtsanwalt.fr\/fr\/news-events\/archive\/archive-2024\/\">2024<\/a><\/li>\n<li id=\"menu-item-35555\" class=\"menu-item menu-item-type-post_type menu-item-object-page menu-item-35555\"><a href=\"https:\/\/rechtsanwalt.fr\/fr\/news-events\/archive\/archive-2023\/\">2023<\/a><\/li>\n<li id=\"menu-item-30532\" class=\"menu-item menu-item-type-post_type menu-item-object-page menu-item-30532\"><a href=\"https:\/\/rechtsanwalt.fr\/fr\/news-events\/archive\/archive-2022\/\">2022<\/a><\/li>\n<li id=\"menu-item-30533\" class=\"menu-item menu-item-type-post_type menu-item-object-page menu-item-30533\"><a href=\"https:\/\/rechtsanwalt.fr\/fr\/news-events\/archive\/archive-2021\/\">2021<\/a><\/li>\n<li id=\"menu-item-22989\" class=\"menu-item menu-item-type-post_type menu-item-object-page menu-item-22989\"><a href=\"https:\/\/rechtsanwalt.fr\/fr\/news-events\/archive\/archive-2020\/\">2020<\/a><\/li>\n<li id=\"menu-item-8920\" class=\"menu-item menu-item-type-post_type menu-item-object-page menu-item-8920\"><a href=\"https:\/\/rechtsanwalt.fr\/fr\/news-events\/archive\/archive-2019\/\">2019<\/a><\/li>\n<li id=\"menu-item-8951\" class=\"menu-item menu-item-type-post_type menu-item-object-page menu-item-8951\"><a href=\"https:\/\/rechtsanwalt.fr\/fr\/news-events\/archive\/archive-2018\/\">2018<\/a><\/li>\n<li id=\"menu-item-8955\" class=\"menu-item menu-item-type-post_type menu-item-object-page menu-item-8955\"><a href=\"https:\/\/rechtsanwalt.fr\/fr\/news-events\/archive\/archive-2017\/\">2017<\/a><\/li>\n<li id=\"menu-item-8959\" class=\"menu-item menu-item-type-post_type menu-item-object-page menu-item-8959\"><a href=\"https:\/\/rechtsanwalt.fr\/fr\/news-events\/archive\/archive-2016\/\">2016<\/a><\/li>\n<li id=\"menu-item-8963\" class=\"menu-item menu-item-type-post_type menu-item-object-page menu-item-8963\"><a href=\"https:\/\/rechtsanwalt.fr\/fr\/news-events\/archive\/archive-2015\/\">2015<\/a><\/li>\n<\/ul><\/div><\/div><\/div><br \/>\n\n<style type=\"text\/css\" data-created_by=\"avia_inline_auto\" id=\"style-css-av-kf3nidq3-c2d08d1ee60db63f03914951a1f80133\">\n#top .hr.hr-invisible.av-kf3nidq3-c2d08d1ee60db63f03914951a1f80133{\nheight:20px;\n}\n<\/style>\n<div  class='hr av-kf3nidq3-c2d08d1ee60db63f03914951a1f80133 hr-invisible  avia-builder-el-10  el_after_av_sidebar  el_before_av_blog '><span class='hr-inner '><span class=\"hr-inner-style\"><\/span><\/span><\/div><br \/>\n<div  class='av-alb-blogposts template-blog  av-blog-meta-author-disabled av-blog-meta-comments-disabled av-blog-meta-html-info-disabled av-blog-meta-tag-disabled '  itemscope=\"itemscope\" itemtype=\"https:\/\/schema.org\/Blog\" ><article class=\"post-entry post-entry-type-standard post-entry-14357 post-loop-1 post-parity-odd bloglist-simple  post-14357 post type-post status-publish format-standard hentry category-archive-2016-fr-droit-des-contrats\"  itemscope=\"itemscope\" itemtype=\"https:\/\/schema.org\/BlogPosting\" ><div class=\"blog-meta\"><\/div><div class='entry-content-wrapper clearfix standard-content'><header class=\"entry-content-header\" aria-label=\"Articles : Vendre en Allemagne : Garantie et responsabilit\u00e9 du commer\u00e7ant\"><div class=\"av-heading-wrapper\"><span class=\"blog-categories minor-meta\"><a href=\"https:\/\/rechtsanwalt.fr\/fr\/category\/news-archive\/news-archive-2016\/archive-2016-fr-droit-des-contrats\/\" rel=\"tag\">Droit des contrats<\/a><\/span><h2 class='post-title entry-title '  itemprop=\"headline\" ><a href=\"https:\/\/rechtsanwalt.fr\/fr\/vendre-en-allemagne-garantie-et-responsabilite-du-commercant\/\" rel=\"bookmark\" title=\"Lien permanent : Vendre en Allemagne : Garantie et responsabilit\u00e9 du commer\u00e7ant\">Vendre en Allemagne : Garantie et responsabilit\u00e9 du commer\u00e7ant<span class=\"post-format-icon minor-meta\"><\/span><\/a><\/h2><\/div><\/header><span class=\"post-meta-infos\"><time class=\"date-container minor-meta updated\"  itemprop=\"datePublished\" datetime=\"2016-12-20T15:42:00+01:00\" >20 d\u00e9cembre 2016<\/time><div class=\"read-more-link\"><a href=\"https:\/\/rechtsanwalt.fr\/fr\/vendre-en-allemagne-garantie-et-responsabilite-du-commercant\/\" class=\"more-link\">Lire la suite<span class='more-link-arrow avia-svg-icon avia-font-svg_entypo-fontello' data-av_svg_icon='right-open-big' data-av_iconset='svg_entypo-fontello'><svg version=\"1.1\" xmlns=\"http:\/\/www.w3.org\/2000\/svg\" width=\"15\" height=\"32\" viewBox=\"0 0 15 32\" preserveAspectRatio=\"xMidYMid meet\" role=\"graphics-symbol\" aria-hidden=\"true\">\n<path d=\"M0.416 27.84l11.456-11.84-11.456-11.904q-0.832-0.832 0-1.536 0.832-0.832 1.536 0l12.544 12.608q0.768 0.832 0 1.6l-12.544 12.608q-0.704 0.832-1.536 0-0.832-0.704 0-1.536z\"><\/path>\n<\/svg><\/span><\/a><\/div><\/span><footer class=\"entry-footer\"><\/footer><div class='post_delimiter'><\/div><\/div><div class=\"post_author_timeline\"><\/div><span class='hidden'>\n\t\t\t\t<span class='av-structured-data'  itemprop=\"image\" itemscope=\"itemscope\" itemtype=\"https:\/\/schema.org\/ImageObject\" >\n\t\t\t\t\t\t<span itemprop='url'>https:\/\/rechtsanwalt.fr\/wp-content\/uploads\/2024\/05\/logo_header_fr_web.epp_.svg<\/span>\n\t\t\t\t\t\t<span itemprop='height'>0<\/span>\n\t\t\t\t\t\t<span itemprop='width'>0<\/span>\n\t\t\t\t<\/span>\n\t\t\t\t<span class='av-structured-data'  itemprop=\"publisher\" itemtype=\"https:\/\/schema.org\/Organization\" itemscope=\"itemscope\" >\n\t\t\t\t\t\t<span itemprop='name'>epp.content<\/span>\n\t\t\t\t\t\t<span itemprop='logo' itemscope itemtype='https:\/\/schema.org\/ImageObject'>\n\t\t\t\t\t\t\t<span itemprop='url'>https:\/\/rechtsanwalt.fr\/wp-content\/uploads\/2024\/05\/logo_header_fr_web.epp_.svg<\/span>\n\t\t\t\t\t\t<\/span>\n\t\t\t\t<\/span><span class='av-structured-data'  itemprop=\"author\" itemscope=\"itemscope\" itemtype=\"https:\/\/schema.org\/Person\" ><span itemprop='name'>epp.content<\/span><\/span><span class='av-structured-data'  itemprop=\"datePublished\" datetime=\"2016-12-20T15:42:00+01:00\" >2016-12-20 15:42:00<\/span><span class='av-structured-data'  itemprop=\"dateModified\" itemtype=\"https:\/\/schema.org\/dateModified\" >2021-04-06 17:29:51<\/span><span class='av-structured-data'  itemprop=\"mainEntityOfPage\" itemtype=\"https:\/\/schema.org\/mainEntityOfPage\" ><span itemprop='name'>Vendre en Allemagne : Garantie et responsabilit\u00e9 du commer\u00e7ant<\/span><\/span><\/span><\/article><article class=\"post-entry post-entry-type-standard post-entry-14355 post-loop-2 post-parity-even bloglist-simple  post-14355 post type-post status-publish format-standard hentry category-archive-2016-fr-droit-des-contrats\"  itemscope=\"itemscope\" itemtype=\"https:\/\/schema.org\/BlogPosting\" ><div class=\"blog-meta\"><\/div><div class='entry-content-wrapper clearfix standard-content'><header class=\"entry-content-header\" aria-label=\"Articles : Entreprises en Allemagne : Prescription des cr\u00e9ances \u2013 anciennes cr\u00e9ances \u00e0 v\u00e9rifier avant la fin de l\u2019ann\u00e9e\"><div class=\"av-heading-wrapper\"><span class=\"blog-categories minor-meta\"><a href=\"https:\/\/rechtsanwalt.fr\/fr\/category\/news-archive\/news-archive-2016\/archive-2016-fr-droit-des-contrats\/\" rel=\"tag\">Droit des contrats<\/a><\/span><h2 class='post-title entry-title '  itemprop=\"headline\" ><a href=\"https:\/\/rechtsanwalt.fr\/fr\/entreprises-en-allemagne-prescription-des-creances-anciennes-creances-a-verifier-avant-la-fin-de-lannee\/\" rel=\"bookmark\" title=\"Lien permanent : Entreprises en Allemagne : Prescription des cr\u00e9ances \u2013 anciennes cr\u00e9ances \u00e0 v\u00e9rifier avant la fin de l\u2019ann\u00e9e\">Entreprises en Allemagne : Prescription des cr\u00e9ances \u2013 anciennes cr\u00e9ances \u00e0 v\u00e9rifier avant la fin de l\u2019ann\u00e9e<span class=\"post-format-icon minor-meta\"><\/span><\/a><\/h2><\/div><\/header><span class=\"post-meta-infos\"><time class=\"date-container minor-meta updated\"  itemprop=\"datePublished\" datetime=\"2016-12-12T15:39:00+01:00\" >12 d\u00e9cembre 2016<\/time><div class=\"read-more-link\"><a href=\"https:\/\/rechtsanwalt.fr\/fr\/entreprises-en-allemagne-prescription-des-creances-anciennes-creances-a-verifier-avant-la-fin-de-lannee\/\" class=\"more-link\">Lire la suite<span class='more-link-arrow avia-svg-icon avia-font-svg_entypo-fontello' data-av_svg_icon='right-open-big' data-av_iconset='svg_entypo-fontello'><svg version=\"1.1\" xmlns=\"http:\/\/www.w3.org\/2000\/svg\" width=\"15\" height=\"32\" viewBox=\"0 0 15 32\" preserveAspectRatio=\"xMidYMid meet\" role=\"graphics-symbol\" aria-hidden=\"true\">\n<path d=\"M0.416 27.84l11.456-11.84-11.456-11.904q-0.832-0.832 0-1.536 0.832-0.832 1.536 0l12.544 12.608q0.768 0.832 0 1.6l-12.544 12.608q-0.704 0.832-1.536 0-0.832-0.704 0-1.536z\"><\/path>\n<\/svg><\/span><\/a><\/div><\/span><footer class=\"entry-footer\"><\/footer><div class='post_delimiter'><\/div><\/div><div class=\"post_author_timeline\"><\/div><span class='hidden'>\n\t\t\t\t<span class='av-structured-data'  itemprop=\"image\" itemscope=\"itemscope\" itemtype=\"https:\/\/schema.org\/ImageObject\" >\n\t\t\t\t\t\t<span itemprop='url'>https:\/\/rechtsanwalt.fr\/wp-content\/uploads\/2024\/05\/logo_header_fr_web.epp_.svg<\/span>\n\t\t\t\t\t\t<span itemprop='height'>0<\/span>\n\t\t\t\t\t\t<span itemprop='width'>0<\/span>\n\t\t\t\t<\/span>\n\t\t\t\t<span class='av-structured-data'  itemprop=\"publisher\" itemtype=\"https:\/\/schema.org\/Organization\" itemscope=\"itemscope\" >\n\t\t\t\t\t\t<span itemprop='name'>epp.content<\/span>\n\t\t\t\t\t\t<span itemprop='logo' itemscope itemtype='https:\/\/schema.org\/ImageObject'>\n\t\t\t\t\t\t\t<span itemprop='url'>https:\/\/rechtsanwalt.fr\/wp-content\/uploads\/2024\/05\/logo_header_fr_web.epp_.svg<\/span>\n\t\t\t\t\t\t<\/span>\n\t\t\t\t<\/span><span class='av-structured-data'  itemprop=\"author\" itemscope=\"itemscope\" itemtype=\"https:\/\/schema.org\/Person\" ><span itemprop='name'>epp.content<\/span><\/span><span class='av-structured-data'  itemprop=\"datePublished\" datetime=\"2016-12-12T15:39:00+01:00\" >2016-12-12 15:39:00<\/span><span class='av-structured-data'  itemprop=\"dateModified\" itemtype=\"https:\/\/schema.org\/dateModified\" >2021-04-06 17:28:43<\/span><span class='av-structured-data'  itemprop=\"mainEntityOfPage\" itemtype=\"https:\/\/schema.org\/mainEntityOfPage\" ><span itemprop='name'>Entreprises en Allemagne : Prescription des cr\u00e9ances \u2013 anciennes cr\u00e9ances \u00e0 v\u00e9rifier avant la fin de l\u2019ann\u00e9e<\/span><\/span><\/span><\/article><article class=\"post-entry post-entry-type-standard post-entry-14352 post-loop-3 post-parity-odd bloglist-simple  post-14352 post type-post status-publish format-standard hentry category-archive-2016-fr-droit-social\"  itemscope=\"itemscope\" itemtype=\"https:\/\/schema.org\/BlogPosting\" ><div class=\"blog-meta\"><\/div><div class='entry-content-wrapper clearfix standard-content'><header class=\"entry-content-header\" aria-label=\"Articles : Employeurs \u00e9trangers en Allemagne : Modification de l\u2019ordonnance sur la d\u00e9claration du salaire minimum \u2013 \u00e0 partir de 2017, les employeurs \u00e9trangers devront passer \u00e0 une proc\u00e9dure \u00e9lectronique\"><div class=\"av-heading-wrapper\"><span class=\"blog-categories minor-meta\"><a href=\"https:\/\/rechtsanwalt.fr\/fr\/category\/news-archive\/news-archive-2016\/archive-2016-fr-droit-social\/\" rel=\"tag\">Droit social<\/a><\/span><h2 class='post-title entry-title '  itemprop=\"headline\" ><a href=\"https:\/\/rechtsanwalt.fr\/fr\/employeurs-etrangers-en-allemagne-modification-de-lordonnance-sur-la-declaration-du-salaire-minimum-a-partir-de-2017-les-employeurs-etrangers-devront-passer-a-une-procedure-elect\/\" rel=\"bookmark\" title=\"Lien permanent : Employeurs \u00e9trangers en Allemagne : Modification de l\u2019ordonnance sur la d\u00e9claration du salaire minimum \u2013 \u00e0 partir de 2017, les employeurs \u00e9trangers devront passer \u00e0 une proc\u00e9dure \u00e9lectronique\">Employeurs \u00e9trangers en Allemagne : Modification de l\u2019ordonnance sur la d\u00e9claration du salaire minimum \u2013 \u00e0 partir de 2017, les employeurs \u00e9trangers devront passer \u00e0 une proc\u00e9dure \u00e9lectronique<span class=\"post-format-icon minor-meta\"><\/span><\/a><\/h2><\/div><\/header><span class=\"post-meta-infos\"><time class=\"date-container minor-meta updated\"  itemprop=\"datePublished\" datetime=\"2016-12-12T15:11:00+01:00\" >12 d\u00e9cembre 2016<\/time><div class=\"read-more-link\"><a href=\"https:\/\/rechtsanwalt.fr\/fr\/employeurs-etrangers-en-allemagne-modification-de-lordonnance-sur-la-declaration-du-salaire-minimum-a-partir-de-2017-les-employeurs-etrangers-devront-passer-a-une-procedure-elect\/\" class=\"more-link\">Lire la suite<span class='more-link-arrow avia-svg-icon avia-font-svg_entypo-fontello' data-av_svg_icon='right-open-big' data-av_iconset='svg_entypo-fontello'><svg version=\"1.1\" xmlns=\"http:\/\/www.w3.org\/2000\/svg\" width=\"15\" height=\"32\" viewBox=\"0 0 15 32\" preserveAspectRatio=\"xMidYMid meet\" role=\"graphics-symbol\" aria-hidden=\"true\">\n<path d=\"M0.416 27.84l11.456-11.84-11.456-11.904q-0.832-0.832 0-1.536 0.832-0.832 1.536 0l12.544 12.608q0.768 0.832 0 1.6l-12.544 12.608q-0.704 0.832-1.536 0-0.832-0.704 0-1.536z\"><\/path>\n<\/svg><\/span><\/a><\/div><\/span><footer class=\"entry-footer\"><\/footer><div class='post_delimiter'><\/div><\/div><div class=\"post_author_timeline\"><\/div><span class='hidden'>\n\t\t\t\t<span class='av-structured-data'  itemprop=\"image\" itemscope=\"itemscope\" itemtype=\"https:\/\/schema.org\/ImageObject\" >\n\t\t\t\t\t\t<span itemprop='url'>https:\/\/rechtsanwalt.fr\/wp-content\/uploads\/2024\/05\/logo_header_fr_web.epp_.svg<\/span>\n\t\t\t\t\t\t<span itemprop='height'>0<\/span>\n\t\t\t\t\t\t<span itemprop='width'>0<\/span>\n\t\t\t\t<\/span>\n\t\t\t\t<span class='av-structured-data'  itemprop=\"publisher\" itemtype=\"https:\/\/schema.org\/Organization\" itemscope=\"itemscope\" >\n\t\t\t\t\t\t<span itemprop='name'>epp.content<\/span>\n\t\t\t\t\t\t<span itemprop='logo' itemscope itemtype='https:\/\/schema.org\/ImageObject'>\n\t\t\t\t\t\t\t<span itemprop='url'>https:\/\/rechtsanwalt.fr\/wp-content\/uploads\/2024\/05\/logo_header_fr_web.epp_.svg<\/span>\n\t\t\t\t\t\t<\/span>\n\t\t\t\t<\/span><span class='av-structured-data'  itemprop=\"author\" itemscope=\"itemscope\" itemtype=\"https:\/\/schema.org\/Person\" ><span itemprop='name'>epp.content<\/span><\/span><span class='av-structured-data'  itemprop=\"datePublished\" datetime=\"2016-12-12T15:11:00+01:00\" >2016-12-12 15:11:00<\/span><span class='av-structured-data'  itemprop=\"dateModified\" itemtype=\"https:\/\/schema.org\/dateModified\" >2021-04-06 17:28:08<\/span><span class='av-structured-data'  itemprop=\"mainEntityOfPage\" itemtype=\"https:\/\/schema.org\/mainEntityOfPage\" ><span itemprop='name'>Employeurs \u00e9trangers en Allemagne : Modification de l\u2019ordonnance sur la d\u00e9claration du salaire minimum \u2013 \u00e0 partir de 2017, les employeurs \u00e9trangers devront passer \u00e0 une proc\u00e9dure \u00e9lectronique<\/span><\/span><\/span><\/article><article class=\"post-entry post-entry-type-standard post-entry-14350 post-loop-4 post-parity-even bloglist-simple  post-14350 post type-post status-publish format-standard hentry category-archive-2016-fr-droit-social\"  itemscope=\"itemscope\" itemtype=\"https:\/\/schema.org\/BlogPosting\" ><div class=\"blog-meta\"><\/div><div class='entry-content-wrapper clearfix standard-content'><header class=\"entry-content-header\" aria-label=\"Articles : Droit du travail allemand : En cas de retard de versement du salaire, le salari\u00e9 a droit \u00e0 une indemnit\u00e9 forfaitaire\"><div class=\"av-heading-wrapper\"><span class=\"blog-categories minor-meta\"><a href=\"https:\/\/rechtsanwalt.fr\/fr\/category\/news-archive\/news-archive-2016\/archive-2016-fr-droit-social\/\" rel=\"tag\">Droit social<\/a><\/span><h2 class='post-title entry-title '  itemprop=\"headline\" ><a href=\"https:\/\/rechtsanwalt.fr\/fr\/droit-du-travail-allemand-en-cas-de-retard-de-versement-du-salaire-le-salarie-a-droit-a-une-indemnite-forfaitaire\/\" rel=\"bookmark\" title=\"Lien permanent : Droit du travail allemand : En cas de retard de versement du salaire, le salari\u00e9 a droit \u00e0 une indemnit\u00e9 forfaitaire\">Droit du travail allemand : En cas de retard de versement du salaire, le salari\u00e9 a droit \u00e0 une indemnit\u00e9 forfaitaire<span class=\"post-format-icon minor-meta\"><\/span><\/a><\/h2><\/div><\/header><span class=\"post-meta-infos\"><time class=\"date-container minor-meta updated\"  itemprop=\"datePublished\" datetime=\"2016-12-12T13:41:00+01:00\" >12 d\u00e9cembre 2016<\/time><div class=\"read-more-link\"><a href=\"https:\/\/rechtsanwalt.fr\/fr\/droit-du-travail-allemand-en-cas-de-retard-de-versement-du-salaire-le-salarie-a-droit-a-une-indemnite-forfaitaire\/\" class=\"more-link\">Lire la suite<span class='more-link-arrow avia-svg-icon avia-font-svg_entypo-fontello' data-av_svg_icon='right-open-big' data-av_iconset='svg_entypo-fontello'><svg version=\"1.1\" xmlns=\"http:\/\/www.w3.org\/2000\/svg\" width=\"15\" height=\"32\" viewBox=\"0 0 15 32\" preserveAspectRatio=\"xMidYMid meet\" role=\"graphics-symbol\" aria-hidden=\"true\">\n<path d=\"M0.416 27.84l11.456-11.84-11.456-11.904q-0.832-0.832 0-1.536 0.832-0.832 1.536 0l12.544 12.608q0.768 0.832 0 1.6l-12.544 12.608q-0.704 0.832-1.536 0-0.832-0.704 0-1.536z\"><\/path>\n<\/svg><\/span><\/a><\/div><\/span><footer class=\"entry-footer\"><\/footer><div class='post_delimiter'><\/div><\/div><div class=\"post_author_timeline\"><\/div><span class='hidden'>\n\t\t\t\t<span class='av-structured-data'  itemprop=\"image\" itemscope=\"itemscope\" itemtype=\"https:\/\/schema.org\/ImageObject\" >\n\t\t\t\t\t\t<span itemprop='url'>https:\/\/rechtsanwalt.fr\/wp-content\/uploads\/2024\/05\/logo_header_fr_web.epp_.svg<\/span>\n\t\t\t\t\t\t<span itemprop='height'>0<\/span>\n\t\t\t\t\t\t<span itemprop='width'>0<\/span>\n\t\t\t\t<\/span>\n\t\t\t\t<span class='av-structured-data'  itemprop=\"publisher\" itemtype=\"https:\/\/schema.org\/Organization\" itemscope=\"itemscope\" >\n\t\t\t\t\t\t<span itemprop='name'>epp.content<\/span>\n\t\t\t\t\t\t<span itemprop='logo' itemscope itemtype='https:\/\/schema.org\/ImageObject'>\n\t\t\t\t\t\t\t<span itemprop='url'>https:\/\/rechtsanwalt.fr\/wp-content\/uploads\/2024\/05\/logo_header_fr_web.epp_.svg<\/span>\n\t\t\t\t\t\t<\/span>\n\t\t\t\t<\/span><span class='av-structured-data'  itemprop=\"author\" itemscope=\"itemscope\" itemtype=\"https:\/\/schema.org\/Person\" ><span itemprop='name'>epp.content<\/span><\/span><span class='av-structured-data'  itemprop=\"datePublished\" datetime=\"2016-12-12T13:41:00+01:00\" >2016-12-12 13:41:00<\/span><span class='av-structured-data'  itemprop=\"dateModified\" itemtype=\"https:\/\/schema.org\/dateModified\" >2021-04-06 17:27:27<\/span><span class='av-structured-data'  itemprop=\"mainEntityOfPage\" itemtype=\"https:\/\/schema.org\/mainEntityOfPage\" ><span itemprop='name'>Droit du travail allemand : En cas de retard de versement du salaire, le salari\u00e9 a droit \u00e0 une indemnit\u00e9 forfaitaire<\/span><\/span><\/span><\/article><article class=\"post-entry post-entry-type-standard post-entry-14340 post-loop-5 post-parity-odd bloglist-simple  post-14340 post type-post status-publish format-standard hentry category-archive-2016-fr-droit-social\"  itemscope=\"itemscope\" itemtype=\"https:\/\/schema.org\/BlogPosting\" ><div class=\"blog-meta\"><\/div><div class='entry-content-wrapper clearfix standard-content'><header class=\"entry-content-header\" aria-label=\"Articles : Droit du travail allemand : Le cadre juridique des relations entre employeur et employ\u00e9 en Allemagne\"><div class=\"av-heading-wrapper\"><span class=\"blog-categories minor-meta\"><a href=\"https:\/\/rechtsanwalt.fr\/fr\/category\/news-archive\/news-archive-2016\/archive-2016-fr-droit-social\/\" rel=\"tag\">Droit social<\/a><\/span><h2 class='post-title entry-title '  itemprop=\"headline\" ><a href=\"https:\/\/rechtsanwalt.fr\/fr\/droit-du-travail-allemand-le-cadre-juridique-des-relations-entre-employeur-et-employe-en-allemagne\/\" rel=\"bookmark\" title=\"Lien permanent : Droit du travail allemand : Le cadre juridique des relations entre employeur et employ\u00e9 en Allemagne\">Droit du travail allemand : Le cadre juridique des relations entre employeur et employ\u00e9 en Allemagne<span class=\"post-format-icon minor-meta\"><\/span><\/a><\/h2><\/div><\/header><span class=\"post-meta-infos\"><time class=\"date-container minor-meta updated\"  itemprop=\"datePublished\" datetime=\"2016-11-29T11:40:00+01:00\" >29 novembre 2016<\/time><div class=\"read-more-link\"><a href=\"https:\/\/rechtsanwalt.fr\/fr\/droit-du-travail-allemand-le-cadre-juridique-des-relations-entre-employeur-et-employe-en-allemagne\/\" class=\"more-link\">Lire la suite<span class='more-link-arrow avia-svg-icon avia-font-svg_entypo-fontello' data-av_svg_icon='right-open-big' data-av_iconset='svg_entypo-fontello'><svg version=\"1.1\" xmlns=\"http:\/\/www.w3.org\/2000\/svg\" width=\"15\" height=\"32\" viewBox=\"0 0 15 32\" preserveAspectRatio=\"xMidYMid meet\" role=\"graphics-symbol\" aria-hidden=\"true\">\n<path d=\"M0.416 27.84l11.456-11.84-11.456-11.904q-0.832-0.832 0-1.536 0.832-0.832 1.536 0l12.544 12.608q0.768 0.832 0 1.6l-12.544 12.608q-0.704 0.832-1.536 0-0.832-0.704 0-1.536z\"><\/path>\n<\/svg><\/span><\/a><\/div><\/span><footer class=\"entry-footer\"><\/footer><div class='post_delimiter'><\/div><\/div><div class=\"post_author_timeline\"><\/div><span class='hidden'>\n\t\t\t\t<span class='av-structured-data'  itemprop=\"image\" itemscope=\"itemscope\" itemtype=\"https:\/\/schema.org\/ImageObject\" >\n\t\t\t\t\t\t<span itemprop='url'>https:\/\/rechtsanwalt.fr\/wp-content\/uploads\/2024\/05\/logo_header_fr_web.epp_.svg<\/span>\n\t\t\t\t\t\t<span itemprop='height'>0<\/span>\n\t\t\t\t\t\t<span itemprop='width'>0<\/span>\n\t\t\t\t<\/span>\n\t\t\t\t<span class='av-structured-data'  itemprop=\"publisher\" itemtype=\"https:\/\/schema.org\/Organization\" itemscope=\"itemscope\" >\n\t\t\t\t\t\t<span itemprop='name'>epp.content<\/span>\n\t\t\t\t\t\t<span itemprop='logo' itemscope itemtype='https:\/\/schema.org\/ImageObject'>\n\t\t\t\t\t\t\t<span itemprop='url'>https:\/\/rechtsanwalt.fr\/wp-content\/uploads\/2024\/05\/logo_header_fr_web.epp_.svg<\/span>\n\t\t\t\t\t\t<\/span>\n\t\t\t\t<\/span><span class='av-structured-data'  itemprop=\"author\" itemscope=\"itemscope\" itemtype=\"https:\/\/schema.org\/Person\" ><span itemprop='name'>epp.content<\/span><\/span><span class='av-structured-data'  itemprop=\"datePublished\" datetime=\"2016-11-29T11:40:00+01:00\" >2016-11-29 11:40:00<\/span><span class='av-structured-data'  itemprop=\"dateModified\" itemtype=\"https:\/\/schema.org\/dateModified\" >2021-04-06 17:26:44<\/span><span class='av-structured-data'  itemprop=\"mainEntityOfPage\" itemtype=\"https:\/\/schema.org\/mainEntityOfPage\" ><span itemprop='name'>Droit du travail allemand : Le cadre juridique des relations entre employeur et employ\u00e9 en Allemagne<\/span><\/span><\/span><\/article><article class=\"post-entry post-entry-type-standard post-entry-14338 post-loop-6 post-parity-even bloglist-simple  post-14338 post type-post status-publish format-standard hentry category-archive-2016-fr-droit-social\"  itemscope=\"itemscope\" itemtype=\"https:\/\/schema.org\/BlogPosting\" ><div class=\"blog-meta\"><\/div><div class='entry-content-wrapper clearfix standard-content'><header class=\"entry-content-header\" aria-label=\"Articles : Contentieux devant les Tribunaux du travail allemands (\u00ab Arbeitsgerichte \u00bb)\"><div class=\"av-heading-wrapper\"><span class=\"blog-categories minor-meta\"><a href=\"https:\/\/rechtsanwalt.fr\/fr\/category\/news-archive\/news-archive-2016\/archive-2016-fr-droit-social\/\" rel=\"tag\">Droit social<\/a><\/span><h2 class='post-title entry-title '  itemprop=\"headline\" ><a href=\"https:\/\/rechtsanwalt.fr\/fr\/contentieux-devant-les-tribunaux-du-travail-allemands-arbeitsgerichte-2\/\" rel=\"bookmark\" title=\"Lien permanent : Contentieux devant les Tribunaux du travail allemands (\u00ab Arbeitsgerichte \u00bb)\">Contentieux devant les Tribunaux du travail allemands (\u00ab Arbeitsgerichte \u00bb)<span class=\"post-format-icon minor-meta\"><\/span><\/a><\/h2><\/div><\/header><span class=\"post-meta-infos\"><time class=\"date-container minor-meta updated\"  itemprop=\"datePublished\" datetime=\"2016-11-29T11:38:00+01:00\" >29 novembre 2016<\/time><div class=\"read-more-link\"><a href=\"https:\/\/rechtsanwalt.fr\/fr\/contentieux-devant-les-tribunaux-du-travail-allemands-arbeitsgerichte-2\/\" class=\"more-link\">Lire la suite<span class='more-link-arrow avia-svg-icon avia-font-svg_entypo-fontello' data-av_svg_icon='right-open-big' data-av_iconset='svg_entypo-fontello'><svg version=\"1.1\" xmlns=\"http:\/\/www.w3.org\/2000\/svg\" width=\"15\" height=\"32\" viewBox=\"0 0 15 32\" preserveAspectRatio=\"xMidYMid meet\" role=\"graphics-symbol\" aria-hidden=\"true\">\n<path d=\"M0.416 27.84l11.456-11.84-11.456-11.904q-0.832-0.832 0-1.536 0.832-0.832 1.536 0l12.544 12.608q0.768 0.832 0 1.6l-12.544 12.608q-0.704 0.832-1.536 0-0.832-0.704 0-1.536z\"><\/path>\n<\/svg><\/span><\/a><\/div><\/span><footer class=\"entry-footer\"><\/footer><div class='post_delimiter'><\/div><\/div><div class=\"post_author_timeline\"><\/div><span class='hidden'>\n\t\t\t\t<span class='av-structured-data'  itemprop=\"image\" itemscope=\"itemscope\" itemtype=\"https:\/\/schema.org\/ImageObject\" >\n\t\t\t\t\t\t<span itemprop='url'>https:\/\/rechtsanwalt.fr\/wp-content\/uploads\/2024\/05\/logo_header_fr_web.epp_.svg<\/span>\n\t\t\t\t\t\t<span itemprop='height'>0<\/span>\n\t\t\t\t\t\t<span itemprop='width'>0<\/span>\n\t\t\t\t<\/span>\n\t\t\t\t<span class='av-structured-data'  itemprop=\"publisher\" itemtype=\"https:\/\/schema.org\/Organization\" itemscope=\"itemscope\" >\n\t\t\t\t\t\t<span itemprop='name'>epp.content<\/span>\n\t\t\t\t\t\t<span itemprop='logo' itemscope itemtype='https:\/\/schema.org\/ImageObject'>\n\t\t\t\t\t\t\t<span itemprop='url'>https:\/\/rechtsanwalt.fr\/wp-content\/uploads\/2024\/05\/logo_header_fr_web.epp_.svg<\/span>\n\t\t\t\t\t\t<\/span>\n\t\t\t\t<\/span><span class='av-structured-data'  itemprop=\"author\" itemscope=\"itemscope\" itemtype=\"https:\/\/schema.org\/Person\" ><span itemprop='name'>epp.content<\/span><\/span><span class='av-structured-data'  itemprop=\"datePublished\" datetime=\"2016-11-29T11:38:00+01:00\" >2016-11-29 11:38:00<\/span><span class='av-structured-data'  itemprop=\"dateModified\" itemtype=\"https:\/\/schema.org\/dateModified\" >2021-04-06 17:26:11<\/span><span class='av-structured-data'  itemprop=\"mainEntityOfPage\" itemtype=\"https:\/\/schema.org\/mainEntityOfPage\" ><span itemprop='name'>Contentieux devant les Tribunaux du travail allemands (\u00ab Arbeitsgerichte \u00bb)<\/span><\/span><\/span><\/article><article class=\"post-entry post-entry-type-standard post-entry-14334 post-loop-7 post-parity-odd bloglist-simple  post-14334 post type-post status-publish format-standard hentry category-archive-2016-fr-droit-social\"  itemscope=\"itemscope\" itemtype=\"https:\/\/schema.org\/BlogPosting\" ><div class=\"blog-meta\"><\/div><div class='entry-content-wrapper clearfix standard-content'><header class=\"entry-content-header\" aria-label=\"Articles : M\u00e9mo : La rupture du contrat de travail en Allemagne\"><div class=\"av-heading-wrapper\"><span class=\"blog-categories minor-meta\"><a href=\"https:\/\/rechtsanwalt.fr\/fr\/category\/news-archive\/news-archive-2016\/archive-2016-fr-droit-social\/\" rel=\"tag\">Droit social<\/a><\/span><h2 class='post-title entry-title '  itemprop=\"headline\" ><a href=\"https:\/\/rechtsanwalt.fr\/fr\/memo-la-rupture-du-contrat-de-travail-en-allemagne\/\" rel=\"bookmark\" title=\"Lien permanent : M\u00e9mo : La rupture du contrat de travail en Allemagne\">M\u00e9mo : La rupture du contrat de travail en Allemagne<span class=\"post-format-icon minor-meta\"><\/span><\/a><\/h2><\/div><\/header><span class=\"post-meta-infos\"><time class=\"date-container minor-meta updated\"  itemprop=\"datePublished\" datetime=\"2016-11-29T10:26:00+01:00\" >29 novembre 2016<\/time><div class=\"read-more-link\"><a href=\"https:\/\/rechtsanwalt.fr\/fr\/memo-la-rupture-du-contrat-de-travail-en-allemagne\/\" class=\"more-link\">Lire la suite<span class='more-link-arrow avia-svg-icon avia-font-svg_entypo-fontello' data-av_svg_icon='right-open-big' data-av_iconset='svg_entypo-fontello'><svg version=\"1.1\" xmlns=\"http:\/\/www.w3.org\/2000\/svg\" width=\"15\" height=\"32\" viewBox=\"0 0 15 32\" preserveAspectRatio=\"xMidYMid meet\" role=\"graphics-symbol\" aria-hidden=\"true\">\n<path d=\"M0.416 27.84l11.456-11.84-11.456-11.904q-0.832-0.832 0-1.536 0.832-0.832 1.536 0l12.544 12.608q0.768 0.832 0 1.6l-12.544 12.608q-0.704 0.832-1.536 0-0.832-0.704 0-1.536z\"><\/path>\n<\/svg><\/span><\/a><\/div><\/span><footer class=\"entry-footer\"><\/footer><div class='post_delimiter'><\/div><\/div><div class=\"post_author_timeline\"><\/div><span class='hidden'>\n\t\t\t\t<span class='av-structured-data'  itemprop=\"image\" itemscope=\"itemscope\" itemtype=\"https:\/\/schema.org\/ImageObject\" >\n\t\t\t\t\t\t<span itemprop='url'>https:\/\/rechtsanwalt.fr\/wp-content\/uploads\/2024\/05\/logo_header_fr_web.epp_.svg<\/span>\n\t\t\t\t\t\t<span itemprop='height'>0<\/span>\n\t\t\t\t\t\t<span itemprop='width'>0<\/span>\n\t\t\t\t<\/span>\n\t\t\t\t<span class='av-structured-data'  itemprop=\"publisher\" itemtype=\"https:\/\/schema.org\/Organization\" itemscope=\"itemscope\" >\n\t\t\t\t\t\t<span itemprop='name'>epp.content<\/span>\n\t\t\t\t\t\t<span itemprop='logo' itemscope itemtype='https:\/\/schema.org\/ImageObject'>\n\t\t\t\t\t\t\t<span itemprop='url'>https:\/\/rechtsanwalt.fr\/wp-content\/uploads\/2024\/05\/logo_header_fr_web.epp_.svg<\/span>\n\t\t\t\t\t\t<\/span>\n\t\t\t\t<\/span><span class='av-structured-data'  itemprop=\"author\" itemscope=\"itemscope\" itemtype=\"https:\/\/schema.org\/Person\" ><span itemprop='name'>epp.content<\/span><\/span><span class='av-structured-data'  itemprop=\"datePublished\" datetime=\"2016-11-29T10:26:00+01:00\" >2016-11-29 10:26:00<\/span><span class='av-structured-data'  itemprop=\"dateModified\" itemtype=\"https:\/\/schema.org\/dateModified\" >2021-04-06 17:25:36<\/span><span class='av-structured-data'  itemprop=\"mainEntityOfPage\" itemtype=\"https:\/\/schema.org\/mainEntityOfPage\" ><span itemprop='name'>M\u00e9mo : La rupture du contrat de travail en Allemagne<\/span><\/span><\/span><\/article><article class=\"post-entry post-entry-type-standard post-entry-14332 post-loop-8 post-parity-even bloglist-simple  post-14332 post type-post status-publish format-standard hentry category-archive-2016-fr-droit-social\"  itemscope=\"itemscope\" itemtype=\"https:\/\/schema.org\/BlogPosting\" ><div class=\"blog-meta\"><\/div><div class='entry-content-wrapper clearfix standard-content'><header class=\"entry-content-header\" aria-label=\"Articles : M\u00e9mo : CDI avec p\u00e9riode d\u2019essai et CDD en Allemagne\"><div class=\"av-heading-wrapper\"><span class=\"blog-categories minor-meta\"><a href=\"https:\/\/rechtsanwalt.fr\/fr\/category\/news-archive\/news-archive-2016\/archive-2016-fr-droit-social\/\" rel=\"tag\">Droit social<\/a><\/span><h2 class='post-title entry-title '  itemprop=\"headline\" ><a href=\"https:\/\/rechtsanwalt.fr\/fr\/memo-cdi-avec-periode-dessai-et-cdd-en-allemagne\/\" rel=\"bookmark\" title=\"Lien permanent : M\u00e9mo : CDI avec p\u00e9riode d\u2019essai et CDD en Allemagne\">M\u00e9mo : CDI avec p\u00e9riode d\u2019essai et CDD en Allemagne<span class=\"post-format-icon minor-meta\"><\/span><\/a><\/h2><\/div><\/header><span class=\"post-meta-infos\"><time class=\"date-container minor-meta updated\"  itemprop=\"datePublished\" datetime=\"2016-11-29T10:20:00+01:00\" >29 novembre 2016<\/time><div class=\"read-more-link\"><a href=\"https:\/\/rechtsanwalt.fr\/fr\/memo-cdi-avec-periode-dessai-et-cdd-en-allemagne\/\" class=\"more-link\">Lire la suite<span class='more-link-arrow avia-svg-icon avia-font-svg_entypo-fontello' data-av_svg_icon='right-open-big' data-av_iconset='svg_entypo-fontello'><svg version=\"1.1\" xmlns=\"http:\/\/www.w3.org\/2000\/svg\" width=\"15\" height=\"32\" viewBox=\"0 0 15 32\" preserveAspectRatio=\"xMidYMid meet\" role=\"graphics-symbol\" aria-hidden=\"true\">\n<path d=\"M0.416 27.84l11.456-11.84-11.456-11.904q-0.832-0.832 0-1.536 0.832-0.832 1.536 0l12.544 12.608q0.768 0.832 0 1.6l-12.544 12.608q-0.704 0.832-1.536 0-0.832-0.704 0-1.536z\"><\/path>\n<\/svg><\/span><\/a><\/div><\/span><footer class=\"entry-footer\"><\/footer><div class='post_delimiter'><\/div><\/div><div class=\"post_author_timeline\"><\/div><span class='hidden'>\n\t\t\t\t<span class='av-structured-data'  itemprop=\"image\" itemscope=\"itemscope\" itemtype=\"https:\/\/schema.org\/ImageObject\" >\n\t\t\t\t\t\t<span itemprop='url'>https:\/\/rechtsanwalt.fr\/wp-content\/uploads\/2024\/05\/logo_header_fr_web.epp_.svg<\/span>\n\t\t\t\t\t\t<span itemprop='height'>0<\/span>\n\t\t\t\t\t\t<span itemprop='width'>0<\/span>\n\t\t\t\t<\/span>\n\t\t\t\t<span class='av-structured-data'  itemprop=\"publisher\" itemtype=\"https:\/\/schema.org\/Organization\" itemscope=\"itemscope\" >\n\t\t\t\t\t\t<span itemprop='name'>epp.content<\/span>\n\t\t\t\t\t\t<span itemprop='logo' itemscope itemtype='https:\/\/schema.org\/ImageObject'>\n\t\t\t\t\t\t\t<span itemprop='url'>https:\/\/rechtsanwalt.fr\/wp-content\/uploads\/2024\/05\/logo_header_fr_web.epp_.svg<\/span>\n\t\t\t\t\t\t<\/span>\n\t\t\t\t<\/span><span class='av-structured-data'  itemprop=\"author\" itemscope=\"itemscope\" itemtype=\"https:\/\/schema.org\/Person\" ><span itemprop='name'>epp.content<\/span><\/span><span class='av-structured-data'  itemprop=\"datePublished\" datetime=\"2016-11-29T10:20:00+01:00\" >2016-11-29 10:20:00<\/span><span class='av-structured-data'  itemprop=\"dateModified\" itemtype=\"https:\/\/schema.org\/dateModified\" >2021-04-06 17:25:07<\/span><span class='av-structured-data'  itemprop=\"mainEntityOfPage\" itemtype=\"https:\/\/schema.org\/mainEntityOfPage\" ><span itemprop='name'>M\u00e9mo : CDI avec p\u00e9riode d\u2019essai et CDD en Allemagne<\/span><\/span><\/span><\/article><article class=\"post-entry post-entry-type-standard post-entry-14330 post-loop-9 post-parity-odd bloglist-simple  post-14330 post type-post status-publish format-standard hentry category-archive-2016-fr-droit-fiscal\"  itemscope=\"itemscope\" itemtype=\"https:\/\/schema.org\/BlogPosting\" ><div class=\"blog-meta\"><\/div><div class='entry-content-wrapper clearfix standard-content'><header class=\"entry-content-header\" aria-label=\"Articles : Exon\u00e9ration de TVA en cas de transfert intracommunautaire : La jurisprudence europ\u00e9enne s\u2019attaque au formalisme de l\u2019administration fiscale allemande concernant la mention obligatoire du num\u00e9ro de TVA intracommunautaire\"><div class=\"av-heading-wrapper\"><span class=\"blog-categories minor-meta\"><a href=\"https:\/\/rechtsanwalt.fr\/fr\/category\/news-archive\/news-archive-2016\/archive-2016-fr-droit-fiscal\/\" rel=\"tag\">Droit fiscal<\/a><\/span><h2 class='post-title entry-title '  itemprop=\"headline\" ><a href=\"https:\/\/rechtsanwalt.fr\/fr\/exoneration-de-tva-en-cas-de-transfert-intracommunautaire-la-jurisprudence-europeenne-sattaque-au-formalisme-de-ladministration-fiscale-allemande-concernant-la-mention-obligatoire\/\" rel=\"bookmark\" title=\"Lien permanent : Exon\u00e9ration de TVA en cas de transfert intracommunautaire : La jurisprudence europ\u00e9enne s\u2019attaque au formalisme de l\u2019administration fiscale allemande concernant la mention obligatoire du num\u00e9ro de TVA intracommunautaire\">Exon\u00e9ration de TVA en cas de transfert intracommunautaire : La jurisprudence europ\u00e9enne s\u2019attaque au formalisme de l\u2019administration fiscale allemande concernant la mention obligatoire du num\u00e9ro de TVA intracommunautaire<span class=\"post-format-icon minor-meta\"><\/span><\/a><\/h2><\/div><\/header><span class=\"post-meta-infos\"><time class=\"date-container minor-meta updated\"  itemprop=\"datePublished\" datetime=\"2016-11-22T10:14:00+01:00\" >22 novembre 2016<\/time><div class=\"read-more-link\"><a href=\"https:\/\/rechtsanwalt.fr\/fr\/exoneration-de-tva-en-cas-de-transfert-intracommunautaire-la-jurisprudence-europeenne-sattaque-au-formalisme-de-ladministration-fiscale-allemande-concernant-la-mention-obligatoire\/\" class=\"more-link\">Lire la suite<span class='more-link-arrow avia-svg-icon avia-font-svg_entypo-fontello' data-av_svg_icon='right-open-big' data-av_iconset='svg_entypo-fontello'><svg version=\"1.1\" xmlns=\"http:\/\/www.w3.org\/2000\/svg\" width=\"15\" height=\"32\" viewBox=\"0 0 15 32\" preserveAspectRatio=\"xMidYMid meet\" role=\"graphics-symbol\" aria-hidden=\"true\">\n<path d=\"M0.416 27.84l11.456-11.84-11.456-11.904q-0.832-0.832 0-1.536 0.832-0.832 1.536 0l12.544 12.608q0.768 0.832 0 1.6l-12.544 12.608q-0.704 0.832-1.536 0-0.832-0.704 0-1.536z\"><\/path>\n<\/svg><\/span><\/a><\/div><\/span><footer class=\"entry-footer\"><\/footer><div class='post_delimiter'><\/div><\/div><div class=\"post_author_timeline\"><\/div><span class='hidden'>\n\t\t\t\t<span class='av-structured-data'  itemprop=\"image\" itemscope=\"itemscope\" itemtype=\"https:\/\/schema.org\/ImageObject\" >\n\t\t\t\t\t\t<span itemprop='url'>https:\/\/rechtsanwalt.fr\/wp-content\/uploads\/2024\/05\/logo_header_fr_web.epp_.svg<\/span>\n\t\t\t\t\t\t<span itemprop='height'>0<\/span>\n\t\t\t\t\t\t<span itemprop='width'>0<\/span>\n\t\t\t\t<\/span>\n\t\t\t\t<span class='av-structured-data'  itemprop=\"publisher\" itemtype=\"https:\/\/schema.org\/Organization\" itemscope=\"itemscope\" >\n\t\t\t\t\t\t<span itemprop='name'>epp.content<\/span>\n\t\t\t\t\t\t<span itemprop='logo' itemscope itemtype='https:\/\/schema.org\/ImageObject'>\n\t\t\t\t\t\t\t<span itemprop='url'>https:\/\/rechtsanwalt.fr\/wp-content\/uploads\/2024\/05\/logo_header_fr_web.epp_.svg<\/span>\n\t\t\t\t\t\t<\/span>\n\t\t\t\t<\/span><span class='av-structured-data'  itemprop=\"author\" itemscope=\"itemscope\" itemtype=\"https:\/\/schema.org\/Person\" ><span itemprop='name'>epp.content<\/span><\/span><span class='av-structured-data'  itemprop=\"datePublished\" datetime=\"2016-11-22T10:14:00+01:00\" >2016-11-22 10:14:00<\/span><span class='av-structured-data'  itemprop=\"dateModified\" itemtype=\"https:\/\/schema.org\/dateModified\" >2021-04-06 17:24:24<\/span><span class='av-structured-data'  itemprop=\"mainEntityOfPage\" itemtype=\"https:\/\/schema.org\/mainEntityOfPage\" ><span itemprop='name'>Exon\u00e9ration de TVA en cas de transfert intracommunautaire : La jurisprudence europ\u00e9enne s\u2019attaque au formalisme de l\u2019administration fiscale allemande concernant la mention obligatoire du num\u00e9ro de TVA intracommunautaire<\/span><\/span><\/span><\/article><article class=\"post-entry post-entry-type-standard post-entry-14328 post-loop-10 post-parity-even bloglist-simple  post-14328 post type-post status-publish format-standard hentry category-archive-2016-fr-droit-des-contrats\"  itemscope=\"itemscope\" itemtype=\"https:\/\/schema.org\/BlogPosting\" ><div class=\"blog-meta\"><\/div><div class='entry-content-wrapper clearfix standard-content'><header class=\"entry-content-header\" aria-label=\"Articles : E-commerce en Allemagne : Quelles sont les mentions obligatoires pour les sites internet ?\"><div class=\"av-heading-wrapper\"><span class=\"blog-categories minor-meta\"><a href=\"https:\/\/rechtsanwalt.fr\/fr\/category\/news-archive\/news-archive-2016\/archive-2016-fr-droit-des-contrats\/\" rel=\"tag\">Droit des contrats<\/a><\/span><h2 class='post-title entry-title '  itemprop=\"headline\" ><a href=\"https:\/\/rechtsanwalt.fr\/fr\/e-commerce-en-allemagne-quelles-sont-les-mentions-obligatoires-pour-les-sites-internet\/\" rel=\"bookmark\" title=\"Lien permanent : E-commerce en Allemagne : Quelles sont les mentions obligatoires pour les sites internet ?\">E-commerce en Allemagne : Quelles sont les mentions obligatoires pour les sites internet ?<span class=\"post-format-icon minor-meta\"><\/span><\/a><\/h2><\/div><\/header><span class=\"post-meta-infos\"><time class=\"date-container minor-meta updated\"  itemprop=\"datePublished\" datetime=\"2016-11-22T10:08:00+01:00\" >22 novembre 2016<\/time><div class=\"read-more-link\"><a href=\"https:\/\/rechtsanwalt.fr\/fr\/e-commerce-en-allemagne-quelles-sont-les-mentions-obligatoires-pour-les-sites-internet\/\" class=\"more-link\">Lire la suite<span class='more-link-arrow avia-svg-icon avia-font-svg_entypo-fontello' data-av_svg_icon='right-open-big' data-av_iconset='svg_entypo-fontello'><svg version=\"1.1\" xmlns=\"http:\/\/www.w3.org\/2000\/svg\" width=\"15\" height=\"32\" viewBox=\"0 0 15 32\" preserveAspectRatio=\"xMidYMid meet\" role=\"graphics-symbol\" aria-hidden=\"true\">\n<path d=\"M0.416 27.84l11.456-11.84-11.456-11.904q-0.832-0.832 0-1.536 0.832-0.832 1.536 0l12.544 12.608q0.768 0.832 0 1.6l-12.544 12.608q-0.704 0.832-1.536 0-0.832-0.704 0-1.536z\"><\/path>\n<\/svg><\/span><\/a><\/div><\/span><footer class=\"entry-footer\"><\/footer><div class='post_delimiter'><\/div><\/div><div class=\"post_author_timeline\"><\/div><span class='hidden'>\n\t\t\t\t<span class='av-structured-data'  itemprop=\"image\" itemscope=\"itemscope\" itemtype=\"https:\/\/schema.org\/ImageObject\" >\n\t\t\t\t\t\t<span itemprop='url'>https:\/\/rechtsanwalt.fr\/wp-content\/uploads\/2024\/05\/logo_header_fr_web.epp_.svg<\/span>\n\t\t\t\t\t\t<span itemprop='height'>0<\/span>\n\t\t\t\t\t\t<span itemprop='width'>0<\/span>\n\t\t\t\t<\/span>\n\t\t\t\t<span class='av-structured-data'  itemprop=\"publisher\" itemtype=\"https:\/\/schema.org\/Organization\" itemscope=\"itemscope\" >\n\t\t\t\t\t\t<span itemprop='name'>epp.content<\/span>\n\t\t\t\t\t\t<span itemprop='logo' itemscope itemtype='https:\/\/schema.org\/ImageObject'>\n\t\t\t\t\t\t\t<span itemprop='url'>https:\/\/rechtsanwalt.fr\/wp-content\/uploads\/2024\/05\/logo_header_fr_web.epp_.svg<\/span>\n\t\t\t\t\t\t<\/span>\n\t\t\t\t<\/span><span class='av-structured-data'  itemprop=\"author\" itemscope=\"itemscope\" itemtype=\"https:\/\/schema.org\/Person\" ><span itemprop='name'>epp.content<\/span><\/span><span class='av-structured-data'  itemprop=\"datePublished\" datetime=\"2016-11-22T10:08:00+01:00\" >2016-11-22 10:08:00<\/span><span class='av-structured-data'  itemprop=\"dateModified\" itemtype=\"https:\/\/schema.org\/dateModified\" >2021-04-06 17:23:46<\/span><span class='av-structured-data'  itemprop=\"mainEntityOfPage\" itemtype=\"https:\/\/schema.org\/mainEntityOfPage\" ><span itemprop='name'>E-commerce en Allemagne : Quelles sont les mentions obligatoires pour les sites internet ?<\/span><\/span><\/span><\/article><article class=\"post-entry post-entry-type-standard post-entry-14326 post-loop-11 post-parity-odd bloglist-simple  post-14326 post type-post status-publish format-standard hentry category-archive-2016-fr-droit-des-societes\"  itemscope=\"itemscope\" itemtype=\"https:\/\/schema.org\/BlogPosting\" ><div class=\"blog-meta\"><\/div><div class='entry-content-wrapper clearfix standard-content'><header class=\"entry-content-header\" aria-label=\"Articles : GmbH (SARL de droit allemand) en crise : La responsabilit\u00e9 du g\u00e9rant et des associ\u00e9s en cas \u00ab d\u2019an\u00e9antissement des moyens de subsistance \u00bb\"><div class=\"av-heading-wrapper\"><span class=\"blog-categories minor-meta\"><a href=\"https:\/\/rechtsanwalt.fr\/fr\/category\/news-archive\/news-archive-2016\/archive-2016-fr-droit-des-societes\/\" rel=\"tag\">Droit des soci\u00e9t\u00e9s<\/a><\/span><h2 class='post-title entry-title '  itemprop=\"headline\" ><a href=\"https:\/\/rechtsanwalt.fr\/fr\/gmbh-sarl-de-droit-allemand-en-crise-la-responsabilite-du-gerant-et-des-associes-en-cas-daneantissement-des-moyens-de-subsistance\/\" rel=\"bookmark\" title=\"Lien permanent : GmbH (SARL de droit allemand) en crise : La responsabilit\u00e9 du g\u00e9rant et des associ\u00e9s en cas \u00ab d\u2019an\u00e9antissement des moyens de subsistance \u00bb\">GmbH (SARL de droit allemand) en crise : La responsabilit\u00e9 du g\u00e9rant et des associ\u00e9s en cas \u00ab d\u2019an\u00e9antissement des moyens de subsistance \u00bb<span class=\"post-format-icon minor-meta\"><\/span><\/a><\/h2><\/div><\/header><span class=\"post-meta-infos\"><time class=\"date-container minor-meta updated\"  itemprop=\"datePublished\" datetime=\"2016-11-14T10:03:00+01:00\" >14 novembre 2016<\/time><div class=\"read-more-link\"><a href=\"https:\/\/rechtsanwalt.fr\/fr\/gmbh-sarl-de-droit-allemand-en-crise-la-responsabilite-du-gerant-et-des-associes-en-cas-daneantissement-des-moyens-de-subsistance\/\" class=\"more-link\">Lire la suite<span class='more-link-arrow avia-svg-icon avia-font-svg_entypo-fontello' data-av_svg_icon='right-open-big' data-av_iconset='svg_entypo-fontello'><svg version=\"1.1\" xmlns=\"http:\/\/www.w3.org\/2000\/svg\" width=\"15\" height=\"32\" viewBox=\"0 0 15 32\" preserveAspectRatio=\"xMidYMid meet\" role=\"graphics-symbol\" aria-hidden=\"true\">\n<path d=\"M0.416 27.84l11.456-11.84-11.456-11.904q-0.832-0.832 0-1.536 0.832-0.832 1.536 0l12.544 12.608q0.768 0.832 0 1.6l-12.544 12.608q-0.704 0.832-1.536 0-0.832-0.704 0-1.536z\"><\/path>\n<\/svg><\/span><\/a><\/div><\/span><footer class=\"entry-footer\"><\/footer><div class='post_delimiter'><\/div><\/div><div class=\"post_author_timeline\"><\/div><span class='hidden'>\n\t\t\t\t<span class='av-structured-data'  itemprop=\"image\" itemscope=\"itemscope\" itemtype=\"https:\/\/schema.org\/ImageObject\" >\n\t\t\t\t\t\t<span itemprop='url'>https:\/\/rechtsanwalt.fr\/wp-content\/uploads\/2024\/05\/logo_header_fr_web.epp_.svg<\/span>\n\t\t\t\t\t\t<span itemprop='height'>0<\/span>\n\t\t\t\t\t\t<span itemprop='width'>0<\/span>\n\t\t\t\t<\/span>\n\t\t\t\t<span class='av-structured-data'  itemprop=\"publisher\" itemtype=\"https:\/\/schema.org\/Organization\" itemscope=\"itemscope\" >\n\t\t\t\t\t\t<span itemprop='name'>epp.content<\/span>\n\t\t\t\t\t\t<span itemprop='logo' itemscope itemtype='https:\/\/schema.org\/ImageObject'>\n\t\t\t\t\t\t\t<span itemprop='url'>https:\/\/rechtsanwalt.fr\/wp-content\/uploads\/2024\/05\/logo_header_fr_web.epp_.svg<\/span>\n\t\t\t\t\t\t<\/span>\n\t\t\t\t<\/span><span class='av-structured-data'  itemprop=\"author\" itemscope=\"itemscope\" itemtype=\"https:\/\/schema.org\/Person\" ><span itemprop='name'>epp.content<\/span><\/span><span class='av-structured-data'  itemprop=\"datePublished\" datetime=\"2016-11-14T10:03:00+01:00\" >2016-11-14 10:03:00<\/span><span class='av-structured-data'  itemprop=\"dateModified\" itemtype=\"https:\/\/schema.org\/dateModified\" >2021-04-06 17:23:08<\/span><span class='av-structured-data'  itemprop=\"mainEntityOfPage\" itemtype=\"https:\/\/schema.org\/mainEntityOfPage\" ><span itemprop='name'>GmbH (SARL de droit allemand) en crise : La responsabilit\u00e9 du g\u00e9rant et des associ\u00e9s en cas \u00ab d\u2019an\u00e9antissement des moyens de subsistance \u00bb<\/span><\/span><\/span><\/article><article class=\"post-entry post-entry-type-standard post-entry-14324 post-loop-12 post-parity-even bloglist-simple  post-14324 post type-post status-publish format-standard hentry category-archive-2016-fr-droit-des-societes\"  itemscope=\"itemscope\" itemtype=\"https:\/\/schema.org\/BlogPosting\" ><div class=\"blog-meta\"><\/div><div class='entry-content-wrapper clearfix standard-content'><header class=\"entry-content-header\" aria-label=\"Articles : GmbH allemande : Clause d\u2019indemnisation dans les statuts\"><div class=\"av-heading-wrapper\"><span class=\"blog-categories minor-meta\"><a href=\"https:\/\/rechtsanwalt.fr\/fr\/category\/news-archive\/news-archive-2016\/archive-2016-fr-droit-des-societes\/\" rel=\"tag\">Droit des soci\u00e9t\u00e9s<\/a><\/span><h2 class='post-title entry-title '  itemprop=\"headline\" ><a href=\"https:\/\/rechtsanwalt.fr\/fr\/gmbh-allemande-clause-dindemnisation-dans-les-statuts\/\" rel=\"bookmark\" title=\"Lien permanent : GmbH allemande : Clause d\u2019indemnisation dans les statuts\">GmbH allemande : Clause d\u2019indemnisation dans les statuts<span class=\"post-format-icon minor-meta\"><\/span><\/a><\/h2><\/div><\/header><span class=\"post-meta-infos\"><time class=\"date-container minor-meta updated\"  itemprop=\"datePublished\" datetime=\"2016-11-14T10:00:00+01:00\" >14 novembre 2016<\/time><div class=\"read-more-link\"><a href=\"https:\/\/rechtsanwalt.fr\/fr\/gmbh-allemande-clause-dindemnisation-dans-les-statuts\/\" class=\"more-link\">Lire la suite<span class='more-link-arrow avia-svg-icon avia-font-svg_entypo-fontello' data-av_svg_icon='right-open-big' data-av_iconset='svg_entypo-fontello'><svg version=\"1.1\" xmlns=\"http:\/\/www.w3.org\/2000\/svg\" width=\"15\" height=\"32\" viewBox=\"0 0 15 32\" preserveAspectRatio=\"xMidYMid meet\" role=\"graphics-symbol\" aria-hidden=\"true\">\n<path d=\"M0.416 27.84l11.456-11.84-11.456-11.904q-0.832-0.832 0-1.536 0.832-0.832 1.536 0l12.544 12.608q0.768 0.832 0 1.6l-12.544 12.608q-0.704 0.832-1.536 0-0.832-0.704 0-1.536z\"><\/path>\n<\/svg><\/span><\/a><\/div><\/span><footer class=\"entry-footer\"><\/footer><div class='post_delimiter'><\/div><\/div><div class=\"post_author_timeline\"><\/div><span class='hidden'>\n\t\t\t\t<span class='av-structured-data'  itemprop=\"image\" itemscope=\"itemscope\" itemtype=\"https:\/\/schema.org\/ImageObject\" >\n\t\t\t\t\t\t<span itemprop='url'>https:\/\/rechtsanwalt.fr\/wp-content\/uploads\/2024\/05\/logo_header_fr_web.epp_.svg<\/span>\n\t\t\t\t\t\t<span itemprop='height'>0<\/span>\n\t\t\t\t\t\t<span itemprop='width'>0<\/span>\n\t\t\t\t<\/span>\n\t\t\t\t<span class='av-structured-data'  itemprop=\"publisher\" itemtype=\"https:\/\/schema.org\/Organization\" itemscope=\"itemscope\" >\n\t\t\t\t\t\t<span itemprop='name'>epp.content<\/span>\n\t\t\t\t\t\t<span itemprop='logo' itemscope itemtype='https:\/\/schema.org\/ImageObject'>\n\t\t\t\t\t\t\t<span itemprop='url'>https:\/\/rechtsanwalt.fr\/wp-content\/uploads\/2024\/05\/logo_header_fr_web.epp_.svg<\/span>\n\t\t\t\t\t\t<\/span>\n\t\t\t\t<\/span><span class='av-structured-data'  itemprop=\"author\" itemscope=\"itemscope\" itemtype=\"https:\/\/schema.org\/Person\" ><span itemprop='name'>epp.content<\/span><\/span><span class='av-structured-data'  itemprop=\"datePublished\" datetime=\"2016-11-14T10:00:00+01:00\" >2016-11-14 10:00:00<\/span><span class='av-structured-data'  itemprop=\"dateModified\" itemtype=\"https:\/\/schema.org\/dateModified\" >2021-04-06 17:22:26<\/span><span class='av-structured-data'  itemprop=\"mainEntityOfPage\" itemtype=\"https:\/\/schema.org\/mainEntityOfPage\" ><span itemprop='name'>GmbH allemande : Clause d\u2019indemnisation dans les statuts<\/span><\/span><\/span><\/article><article class=\"post-entry post-entry-type-standard post-entry-14321 post-loop-13 post-parity-odd bloglist-simple  post-14321 post type-post status-publish format-standard hentry category-archive-2016-fr-droit-social\"  itemscope=\"itemscope\" itemtype=\"https:\/\/schema.org\/BlogPosting\" ><div class=\"blog-meta\"><\/div><div class='entry-content-wrapper clearfix standard-content'><header class=\"entry-content-header\" aria-label=\"Articles : Saisie sur salaire (Lohnpf\u00e4ndung) en Allemagne : Majorations pour travail un jour f\u00e9ri\u00e9 et majorations pour travail le samedi et dimanche\"><div class=\"av-heading-wrapper\"><span class=\"blog-categories minor-meta\"><a href=\"https:\/\/rechtsanwalt.fr\/fr\/category\/news-archive\/news-archive-2016\/archive-2016-fr-droit-social\/\" rel=\"tag\">Droit social<\/a><\/span><h2 class='post-title entry-title '  itemprop=\"headline\" ><a href=\"https:\/\/rechtsanwalt.fr\/fr\/saisie-sur-salaire-lohnpfandung-en-allemagne-majorations-pour-travail-un-jour-ferie-et-majorations-pour-travail-le-samedi-et-dimanche\/\" rel=\"bookmark\" title=\"Lien permanent : Saisie sur salaire (Lohnpf\u00e4ndung) en Allemagne : Majorations pour travail un jour f\u00e9ri\u00e9 et majorations pour travail le samedi et dimanche\">Saisie sur salaire (Lohnpf\u00e4ndung) en Allemagne : Majorations pour travail un jour f\u00e9ri\u00e9 et majorations pour travail le samedi et dimanche<span class=\"post-format-icon minor-meta\"><\/span><\/a><\/h2><\/div><\/header><span class=\"post-meta-infos\"><time class=\"date-container minor-meta updated\"  itemprop=\"datePublished\" datetime=\"2016-10-25T09:56:00+02:00\" >25 octobre 2016<\/time><div class=\"read-more-link\"><a href=\"https:\/\/rechtsanwalt.fr\/fr\/saisie-sur-salaire-lohnpfandung-en-allemagne-majorations-pour-travail-un-jour-ferie-et-majorations-pour-travail-le-samedi-et-dimanche\/\" class=\"more-link\">Lire la suite<span class='more-link-arrow avia-svg-icon avia-font-svg_entypo-fontello' data-av_svg_icon='right-open-big' data-av_iconset='svg_entypo-fontello'><svg version=\"1.1\" xmlns=\"http:\/\/www.w3.org\/2000\/svg\" width=\"15\" height=\"32\" viewBox=\"0 0 15 32\" preserveAspectRatio=\"xMidYMid meet\" role=\"graphics-symbol\" aria-hidden=\"true\">\n<path d=\"M0.416 27.84l11.456-11.84-11.456-11.904q-0.832-0.832 0-1.536 0.832-0.832 1.536 0l12.544 12.608q0.768 0.832 0 1.6l-12.544 12.608q-0.704 0.832-1.536 0-0.832-0.704 0-1.536z\"><\/path>\n<\/svg><\/span><\/a><\/div><\/span><footer class=\"entry-footer\"><\/footer><div class='post_delimiter'><\/div><\/div><div class=\"post_author_timeline\"><\/div><span class='hidden'>\n\t\t\t\t<span class='av-structured-data'  itemprop=\"image\" itemscope=\"itemscope\" itemtype=\"https:\/\/schema.org\/ImageObject\" >\n\t\t\t\t\t\t<span itemprop='url'>https:\/\/rechtsanwalt.fr\/wp-content\/uploads\/2024\/05\/logo_header_fr_web.epp_.svg<\/span>\n\t\t\t\t\t\t<span itemprop='height'>0<\/span>\n\t\t\t\t\t\t<span itemprop='width'>0<\/span>\n\t\t\t\t<\/span>\n\t\t\t\t<span class='av-structured-data'  itemprop=\"publisher\" itemtype=\"https:\/\/schema.org\/Organization\" itemscope=\"itemscope\" >\n\t\t\t\t\t\t<span itemprop='name'>epp.content<\/span>\n\t\t\t\t\t\t<span itemprop='logo' itemscope itemtype='https:\/\/schema.org\/ImageObject'>\n\t\t\t\t\t\t\t<span itemprop='url'>https:\/\/rechtsanwalt.fr\/wp-content\/uploads\/2024\/05\/logo_header_fr_web.epp_.svg<\/span>\n\t\t\t\t\t\t<\/span>\n\t\t\t\t<\/span><span class='av-structured-data'  itemprop=\"author\" itemscope=\"itemscope\" itemtype=\"https:\/\/schema.org\/Person\" ><span itemprop='name'>epp.content<\/span><\/span><span class='av-structured-data'  itemprop=\"datePublished\" datetime=\"2016-10-25T09:56:00+02:00\" >2016-10-25 09:56:00<\/span><span class='av-structured-data'  itemprop=\"dateModified\" itemtype=\"https:\/\/schema.org\/dateModified\" >2021-04-06 17:21:21<\/span><span class='av-structured-data'  itemprop=\"mainEntityOfPage\" itemtype=\"https:\/\/schema.org\/mainEntityOfPage\" ><span itemprop='name'>Saisie sur salaire (Lohnpf\u00e4ndung) en Allemagne : Majorations pour travail un jour f\u00e9ri\u00e9 et majorations pour travail le samedi et dimanche<\/span><\/span><\/span><\/article><article class=\"post-entry post-entry-type-standard post-entry-14319 post-loop-14 post-parity-even bloglist-simple  post-14319 post type-post status-publish format-standard hentry category-archive-2016-fr-droit-social\"  itemscope=\"itemscope\" itemtype=\"https:\/\/schema.org\/BlogPosting\" ><div class=\"blog-meta\"><\/div><div class='entry-content-wrapper clearfix standard-content'><header class=\"entry-content-header\" aria-label=\"Articles : Entreprises allemandes : Frais de d\u00e9placement\"><div class=\"av-heading-wrapper\"><span class=\"blog-categories minor-meta\"><a href=\"https:\/\/rechtsanwalt.fr\/fr\/category\/news-archive\/news-archive-2016\/archive-2016-fr-droit-social\/\" rel=\"tag\">Droit social<\/a><\/span><h2 class='post-title entry-title '  itemprop=\"headline\" ><a href=\"https:\/\/rechtsanwalt.fr\/fr\/entreprises-allemandes-frais-de-deplacement\/\" rel=\"bookmark\" title=\"Lien permanent : Entreprises allemandes : Frais de d\u00e9placement\">Entreprises allemandes : Frais de d\u00e9placement<span class=\"post-format-icon minor-meta\"><\/span><\/a><\/h2><\/div><\/header><span class=\"post-meta-infos\"><time class=\"date-container minor-meta updated\"  itemprop=\"datePublished\" datetime=\"2016-10-24T09:36:51+02:00\" >24 octobre 2016<\/time><div class=\"read-more-link\"><a href=\"https:\/\/rechtsanwalt.fr\/fr\/entreprises-allemandes-frais-de-deplacement\/\" class=\"more-link\">Lire la suite<span class='more-link-arrow avia-svg-icon avia-font-svg_entypo-fontello' data-av_svg_icon='right-open-big' data-av_iconset='svg_entypo-fontello'><svg version=\"1.1\" xmlns=\"http:\/\/www.w3.org\/2000\/svg\" width=\"15\" height=\"32\" viewBox=\"0 0 15 32\" preserveAspectRatio=\"xMidYMid meet\" role=\"graphics-symbol\" aria-hidden=\"true\">\n<path d=\"M0.416 27.84l11.456-11.84-11.456-11.904q-0.832-0.832 0-1.536 0.832-0.832 1.536 0l12.544 12.608q0.768 0.832 0 1.6l-12.544 12.608q-0.704 0.832-1.536 0-0.832-0.704 0-1.536z\"><\/path>\n<\/svg><\/span><\/a><\/div><\/span><footer class=\"entry-footer\"><\/footer><div class='post_delimiter'><\/div><\/div><div class=\"post_author_timeline\"><\/div><span class='hidden'>\n\t\t\t\t<span class='av-structured-data'  itemprop=\"image\" itemscope=\"itemscope\" itemtype=\"https:\/\/schema.org\/ImageObject\" >\n\t\t\t\t\t\t<span itemprop='url'>https:\/\/rechtsanwalt.fr\/wp-content\/uploads\/2024\/05\/logo_header_fr_web.epp_.svg<\/span>\n\t\t\t\t\t\t<span itemprop='height'>0<\/span>\n\t\t\t\t\t\t<span itemprop='width'>0<\/span>\n\t\t\t\t<\/span>\n\t\t\t\t<span class='av-structured-data'  itemprop=\"publisher\" itemtype=\"https:\/\/schema.org\/Organization\" itemscope=\"itemscope\" >\n\t\t\t\t\t\t<span itemprop='name'>epp.content<\/span>\n\t\t\t\t\t\t<span itemprop='logo' itemscope itemtype='https:\/\/schema.org\/ImageObject'>\n\t\t\t\t\t\t\t<span itemprop='url'>https:\/\/rechtsanwalt.fr\/wp-content\/uploads\/2024\/05\/logo_header_fr_web.epp_.svg<\/span>\n\t\t\t\t\t\t<\/span>\n\t\t\t\t<\/span><span class='av-structured-data'  itemprop=\"author\" itemscope=\"itemscope\" itemtype=\"https:\/\/schema.org\/Person\" ><span itemprop='name'>epp.content<\/span><\/span><span class='av-structured-data'  itemprop=\"datePublished\" datetime=\"2016-10-24T09:36:51+02:00\" >2016-10-24 09:36:51<\/span><span class='av-structured-data'  itemprop=\"dateModified\" itemtype=\"https:\/\/schema.org\/dateModified\" >2021-04-06 17:20:36<\/span><span class='av-structured-data'  itemprop=\"mainEntityOfPage\" itemtype=\"https:\/\/schema.org\/mainEntityOfPage\" ><span itemprop='name'>Entreprises allemandes : Frais de d\u00e9placement<\/span><\/span><\/span><\/article><article class=\"post-entry post-entry-type-standard post-entry-14317 post-loop-15 post-parity-odd bloglist-simple  post-14317 post type-post status-publish format-standard hentry category-archive-2016-fr-droit-des-societes\"  itemscope=\"itemscope\" itemtype=\"https:\/\/schema.org\/BlogPosting\" ><div class=\"blog-meta\"><\/div><div class='entry-content-wrapper clearfix standard-content'><header class=\"entry-content-header\" aria-label=\"Articles : Allemagne : Le gouvernement allemand envisage de constituer un nouveau fonds de 10 milliards d\u2019euros en faveur des startups\"><div class=\"av-heading-wrapper\"><span class=\"blog-categories minor-meta\"><a href=\"https:\/\/rechtsanwalt.fr\/fr\/category\/news-archive\/news-archive-2016\/archive-2016-fr-droit-des-societes\/\" rel=\"tag\">Droit des soci\u00e9t\u00e9s<\/a><\/span><h2 class='post-title entry-title '  itemprop=\"headline\" ><a href=\"https:\/\/rechtsanwalt.fr\/fr\/allemagne-le-gouvernement-allemand-envisage-de-constituer-un-nouveau-fonds-de-10-milliards-deuros-en-faveur-des-startups\/\" rel=\"bookmark\" title=\"Lien permanent : Allemagne : Le gouvernement allemand envisage de constituer un nouveau fonds de 10 milliards d\u2019euros en faveur des startups\">Allemagne : Le gouvernement allemand envisage de constituer un nouveau fonds de 10 milliards d\u2019euros en faveur des startups<span class=\"post-format-icon minor-meta\"><\/span><\/a><\/h2><\/div><\/header><span class=\"post-meta-infos\"><time class=\"date-container minor-meta updated\"  itemprop=\"datePublished\" datetime=\"2016-10-24T09:29:21+02:00\" >24 octobre 2016<\/time><div class=\"read-more-link\"><a href=\"https:\/\/rechtsanwalt.fr\/fr\/allemagne-le-gouvernement-allemand-envisage-de-constituer-un-nouveau-fonds-de-10-milliards-deuros-en-faveur-des-startups\/\" class=\"more-link\">Lire la suite<span class='more-link-arrow avia-svg-icon avia-font-svg_entypo-fontello' data-av_svg_icon='right-open-big' data-av_iconset='svg_entypo-fontello'><svg version=\"1.1\" xmlns=\"http:\/\/www.w3.org\/2000\/svg\" width=\"15\" height=\"32\" viewBox=\"0 0 15 32\" preserveAspectRatio=\"xMidYMid meet\" role=\"graphics-symbol\" aria-hidden=\"true\">\n<path d=\"M0.416 27.84l11.456-11.84-11.456-11.904q-0.832-0.832 0-1.536 0.832-0.832 1.536 0l12.544 12.608q0.768 0.832 0 1.6l-12.544 12.608q-0.704 0.832-1.536 0-0.832-0.704 0-1.536z\"><\/path>\n<\/svg><\/span><\/a><\/div><\/span><footer class=\"entry-footer\"><\/footer><div class='post_delimiter'><\/div><\/div><div class=\"post_author_timeline\"><\/div><span class='hidden'>\n\t\t\t\t<span class='av-structured-data'  itemprop=\"image\" itemscope=\"itemscope\" itemtype=\"https:\/\/schema.org\/ImageObject\" >\n\t\t\t\t\t\t<span itemprop='url'>https:\/\/rechtsanwalt.fr\/wp-content\/uploads\/2024\/05\/logo_header_fr_web.epp_.svg<\/span>\n\t\t\t\t\t\t<span itemprop='height'>0<\/span>\n\t\t\t\t\t\t<span itemprop='width'>0<\/span>\n\t\t\t\t<\/span>\n\t\t\t\t<span class='av-structured-data'  itemprop=\"publisher\" itemtype=\"https:\/\/schema.org\/Organization\" itemscope=\"itemscope\" >\n\t\t\t\t\t\t<span itemprop='name'>epp.content<\/span>\n\t\t\t\t\t\t<span itemprop='logo' itemscope itemtype='https:\/\/schema.org\/ImageObject'>\n\t\t\t\t\t\t\t<span itemprop='url'>https:\/\/rechtsanwalt.fr\/wp-content\/uploads\/2024\/05\/logo_header_fr_web.epp_.svg<\/span>\n\t\t\t\t\t\t<\/span>\n\t\t\t\t<\/span><span class='av-structured-data'  itemprop=\"author\" itemscope=\"itemscope\" itemtype=\"https:\/\/schema.org\/Person\" ><span itemprop='name'>epp.content<\/span><\/span><span class='av-structured-data'  itemprop=\"datePublished\" datetime=\"2016-10-24T09:29:21+02:00\" >2016-10-24 09:29:21<\/span><span class='av-structured-data'  itemprop=\"dateModified\" itemtype=\"https:\/\/schema.org\/dateModified\" >2021-04-06 17:19:50<\/span><span class='av-structured-data'  itemprop=\"mainEntityOfPage\" itemtype=\"https:\/\/schema.org\/mainEntityOfPage\" ><span itemprop='name'>Allemagne : Le gouvernement allemand envisage de constituer un nouveau fonds de 10 milliards d\u2019euros en faveur des startups<\/span><\/span><\/span><\/article><article class=\"post-entry post-entry-type-standard post-entry-14295 post-loop-16 post-parity-even bloglist-simple  post-14295 post type-post status-publish format-standard hentry category-archive-2016-fr-droit-fiscal\"  itemscope=\"itemscope\" itemtype=\"https:\/\/schema.org\/BlogPosting\" ><div class=\"blog-meta\"><\/div><div class='entry-content-wrapper clearfix standard-content'><header class=\"entry-content-header\" aria-label=\"Articles : TVA en Allemagne (Umsatzsteuer)\"><div class=\"av-heading-wrapper\"><span class=\"blog-categories minor-meta\"><a href=\"https:\/\/rechtsanwalt.fr\/fr\/category\/news-archive\/news-archive-2016\/archive-2016-fr-droit-fiscal\/\" rel=\"tag\">Droit fiscal<\/a><\/span><h2 class='post-title entry-title '  itemprop=\"headline\" ><a href=\"https:\/\/rechtsanwalt.fr\/fr\/tva-en-allemagne-umsatzsteuer\/\" rel=\"bookmark\" title=\"Lien permanent : TVA en Allemagne (Umsatzsteuer)\">TVA en Allemagne (Umsatzsteuer)<span class=\"post-format-icon minor-meta\"><\/span><\/a><\/h2><\/div><\/header><span class=\"post-meta-infos\"><time class=\"date-container minor-meta updated\"  itemprop=\"datePublished\" datetime=\"2016-10-17T17:56:00+02:00\" >17 octobre 2016<\/time><div class=\"read-more-link\"><a href=\"https:\/\/rechtsanwalt.fr\/fr\/tva-en-allemagne-umsatzsteuer\/\" class=\"more-link\">Lire la suite<span class='more-link-arrow avia-svg-icon avia-font-svg_entypo-fontello' data-av_svg_icon='right-open-big' data-av_iconset='svg_entypo-fontello'><svg version=\"1.1\" xmlns=\"http:\/\/www.w3.org\/2000\/svg\" width=\"15\" height=\"32\" viewBox=\"0 0 15 32\" preserveAspectRatio=\"xMidYMid meet\" role=\"graphics-symbol\" aria-hidden=\"true\">\n<path d=\"M0.416 27.84l11.456-11.84-11.456-11.904q-0.832-0.832 0-1.536 0.832-0.832 1.536 0l12.544 12.608q0.768 0.832 0 1.6l-12.544 12.608q-0.704 0.832-1.536 0-0.832-0.704 0-1.536z\"><\/path>\n<\/svg><\/span><\/a><\/div><\/span><footer class=\"entry-footer\"><\/footer><div class='post_delimiter'><\/div><\/div><div class=\"post_author_timeline\"><\/div><span class='hidden'>\n\t\t\t\t<span class='av-structured-data'  itemprop=\"image\" itemscope=\"itemscope\" itemtype=\"https:\/\/schema.org\/ImageObject\" >\n\t\t\t\t\t\t<span itemprop='url'>https:\/\/rechtsanwalt.fr\/wp-content\/uploads\/2024\/05\/logo_header_fr_web.epp_.svg<\/span>\n\t\t\t\t\t\t<span itemprop='height'>0<\/span>\n\t\t\t\t\t\t<span itemprop='width'>0<\/span>\n\t\t\t\t<\/span>\n\t\t\t\t<span class='av-structured-data'  itemprop=\"publisher\" itemtype=\"https:\/\/schema.org\/Organization\" itemscope=\"itemscope\" >\n\t\t\t\t\t\t<span itemprop='name'>epp.content<\/span>\n\t\t\t\t\t\t<span itemprop='logo' itemscope itemtype='https:\/\/schema.org\/ImageObject'>\n\t\t\t\t\t\t\t<span itemprop='url'>https:\/\/rechtsanwalt.fr\/wp-content\/uploads\/2024\/05\/logo_header_fr_web.epp_.svg<\/span>\n\t\t\t\t\t\t<\/span>\n\t\t\t\t<\/span><span class='av-structured-data'  itemprop=\"author\" itemscope=\"itemscope\" itemtype=\"https:\/\/schema.org\/Person\" ><span itemprop='name'>epp.content<\/span><\/span><span class='av-structured-data'  itemprop=\"datePublished\" datetime=\"2016-10-17T17:56:00+02:00\" >2016-10-17 17:56:00<\/span><span class='av-structured-data'  itemprop=\"dateModified\" itemtype=\"https:\/\/schema.org\/dateModified\" >2021-04-06 17:19:12<\/span><span class='av-structured-data'  itemprop=\"mainEntityOfPage\" itemtype=\"https:\/\/schema.org\/mainEntityOfPage\" ><span itemprop='name'>TVA en Allemagne (Umsatzsteuer)<\/span><\/span><\/span><\/article><article class=\"post-entry post-entry-type-standard post-entry-14293 post-loop-17 post-parity-odd bloglist-simple  post-14293 post type-post status-publish format-standard hentry category-archive-2016-fr-droit-social\"  itemscope=\"itemscope\" itemtype=\"https:\/\/schema.org\/BlogPosting\" ><div class=\"blog-meta\"><\/div><div class='entry-content-wrapper clearfix standard-content'><header class=\"entry-content-header\" aria-label=\"Articles : Allemagne : Les primes aux salari\u00e9s allemands peuvent \u00eatre contr\u00f4l\u00e9es et rectifi\u00e9es par les tribunaux\"><div class=\"av-heading-wrapper\"><span class=\"blog-categories minor-meta\"><a href=\"https:\/\/rechtsanwalt.fr\/fr\/category\/news-archive\/news-archive-2016\/archive-2016-fr-droit-social\/\" rel=\"tag\">Droit social<\/a><\/span><h2 class='post-title entry-title '  itemprop=\"headline\" ><a href=\"https:\/\/rechtsanwalt.fr\/fr\/allemagne-les-primes-aux-salaries-allemands-peuvent-etre-controlees-et-rectifiees-par-les-tribunaux\/\" rel=\"bookmark\" title=\"Lien permanent : Allemagne : Les primes aux salari\u00e9s allemands peuvent \u00eatre contr\u00f4l\u00e9es et rectifi\u00e9es par les tribunaux\">Allemagne : Les primes aux salari\u00e9s allemands peuvent \u00eatre contr\u00f4l\u00e9es et rectifi\u00e9es par les tribunaux<span class=\"post-format-icon minor-meta\"><\/span><\/a><\/h2><\/div><\/header><span class=\"post-meta-infos\"><time class=\"date-container minor-meta updated\"  itemprop=\"datePublished\" datetime=\"2016-10-17T17:53:00+02:00\" >17 octobre 2016<\/time><div class=\"read-more-link\"><a href=\"https:\/\/rechtsanwalt.fr\/fr\/allemagne-les-primes-aux-salaries-allemands-peuvent-etre-controlees-et-rectifiees-par-les-tribunaux\/\" class=\"more-link\">Lire la suite<span class='more-link-arrow avia-svg-icon avia-font-svg_entypo-fontello' data-av_svg_icon='right-open-big' data-av_iconset='svg_entypo-fontello'><svg version=\"1.1\" xmlns=\"http:\/\/www.w3.org\/2000\/svg\" width=\"15\" height=\"32\" viewBox=\"0 0 15 32\" preserveAspectRatio=\"xMidYMid meet\" role=\"graphics-symbol\" aria-hidden=\"true\">\n<path d=\"M0.416 27.84l11.456-11.84-11.456-11.904q-0.832-0.832 0-1.536 0.832-0.832 1.536 0l12.544 12.608q0.768 0.832 0 1.6l-12.544 12.608q-0.704 0.832-1.536 0-0.832-0.704 0-1.536z\"><\/path>\n<\/svg><\/span><\/a><\/div><\/span><footer class=\"entry-footer\"><\/footer><div class='post_delimiter'><\/div><\/div><div class=\"post_author_timeline\"><\/div><span class='hidden'>\n\t\t\t\t<span class='av-structured-data'  itemprop=\"image\" itemscope=\"itemscope\" itemtype=\"https:\/\/schema.org\/ImageObject\" >\n\t\t\t\t\t\t<span itemprop='url'>https:\/\/rechtsanwalt.fr\/wp-content\/uploads\/2024\/05\/logo_header_fr_web.epp_.svg<\/span>\n\t\t\t\t\t\t<span itemprop='height'>0<\/span>\n\t\t\t\t\t\t<span itemprop='width'>0<\/span>\n\t\t\t\t<\/span>\n\t\t\t\t<span class='av-structured-data'  itemprop=\"publisher\" itemtype=\"https:\/\/schema.org\/Organization\" itemscope=\"itemscope\" >\n\t\t\t\t\t\t<span itemprop='name'>epp.content<\/span>\n\t\t\t\t\t\t<span itemprop='logo' itemscope itemtype='https:\/\/schema.org\/ImageObject'>\n\t\t\t\t\t\t\t<span itemprop='url'>https:\/\/rechtsanwalt.fr\/wp-content\/uploads\/2024\/05\/logo_header_fr_web.epp_.svg<\/span>\n\t\t\t\t\t\t<\/span>\n\t\t\t\t<\/span><span class='av-structured-data'  itemprop=\"author\" itemscope=\"itemscope\" itemtype=\"https:\/\/schema.org\/Person\" ><span itemprop='name'>epp.content<\/span><\/span><span class='av-structured-data'  itemprop=\"datePublished\" datetime=\"2016-10-17T17:53:00+02:00\" >2016-10-17 17:53:00<\/span><span class='av-structured-data'  itemprop=\"dateModified\" itemtype=\"https:\/\/schema.org\/dateModified\" >2021-04-06 17:18:23<\/span><span class='av-structured-data'  itemprop=\"mainEntityOfPage\" itemtype=\"https:\/\/schema.org\/mainEntityOfPage\" ><span itemprop='name'>Allemagne : Les primes aux salari\u00e9s allemands peuvent \u00eatre contr\u00f4l\u00e9es et rectifi\u00e9es par les tribunaux<\/span><\/span><\/span><\/article><article class=\"post-entry post-entry-type-standard post-entry-14291 post-loop-18 post-parity-even bloglist-simple  post-14291 post type-post status-publish format-standard hentry category-archive-2016-fr-droit-social\"  itemscope=\"itemscope\" itemtype=\"https:\/\/schema.org\/BlogPosting\" ><div class=\"blog-meta\"><\/div><div class='entry-content-wrapper clearfix standard-content'><header class=\"entry-content-header\" aria-label=\"Articles : Allemagne : Licenciement de salari\u00e9s sur pression de tiers (tels que partenaires commerciaux ou administrations)\"><div class=\"av-heading-wrapper\"><span class=\"blog-categories minor-meta\"><a href=\"https:\/\/rechtsanwalt.fr\/fr\/category\/news-archive\/news-archive-2016\/archive-2016-fr-droit-social\/\" rel=\"tag\">Droit social<\/a><\/span><h2 class='post-title entry-title '  itemprop=\"headline\" ><a href=\"https:\/\/rechtsanwalt.fr\/fr\/allemagne-licenciement-de-salaries-sur-pression-de-tiers-tels-que-partenaires-commerciaux-ou-administrations\/\" rel=\"bookmark\" title=\"Lien permanent : Allemagne : Licenciement de salari\u00e9s sur pression de tiers (tels que partenaires commerciaux ou administrations)\">Allemagne : Licenciement de salari\u00e9s sur pression de tiers (tels que partenaires commerciaux ou administrations)<span class=\"post-format-icon minor-meta\"><\/span><\/a><\/h2><\/div><\/header><span class=\"post-meta-infos\"><time class=\"date-container minor-meta updated\"  itemprop=\"datePublished\" datetime=\"2016-10-17T17:50:00+02:00\" >17 octobre 2016<\/time><div class=\"read-more-link\"><a href=\"https:\/\/rechtsanwalt.fr\/fr\/allemagne-licenciement-de-salaries-sur-pression-de-tiers-tels-que-partenaires-commerciaux-ou-administrations\/\" class=\"more-link\">Lire la suite<span class='more-link-arrow avia-svg-icon avia-font-svg_entypo-fontello' data-av_svg_icon='right-open-big' data-av_iconset='svg_entypo-fontello'><svg version=\"1.1\" xmlns=\"http:\/\/www.w3.org\/2000\/svg\" width=\"15\" height=\"32\" viewBox=\"0 0 15 32\" preserveAspectRatio=\"xMidYMid meet\" role=\"graphics-symbol\" aria-hidden=\"true\">\n<path d=\"M0.416 27.84l11.456-11.84-11.456-11.904q-0.832-0.832 0-1.536 0.832-0.832 1.536 0l12.544 12.608q0.768 0.832 0 1.6l-12.544 12.608q-0.704 0.832-1.536 0-0.832-0.704 0-1.536z\"><\/path>\n<\/svg><\/span><\/a><\/div><\/span><footer class=\"entry-footer\"><\/footer><div class='post_delimiter'><\/div><\/div><div class=\"post_author_timeline\"><\/div><span class='hidden'>\n\t\t\t\t<span class='av-structured-data'  itemprop=\"image\" itemscope=\"itemscope\" itemtype=\"https:\/\/schema.org\/ImageObject\" >\n\t\t\t\t\t\t<span itemprop='url'>https:\/\/rechtsanwalt.fr\/wp-content\/uploads\/2024\/05\/logo_header_fr_web.epp_.svg<\/span>\n\t\t\t\t\t\t<span itemprop='height'>0<\/span>\n\t\t\t\t\t\t<span itemprop='width'>0<\/span>\n\t\t\t\t<\/span>\n\t\t\t\t<span class='av-structured-data'  itemprop=\"publisher\" itemtype=\"https:\/\/schema.org\/Organization\" itemscope=\"itemscope\" >\n\t\t\t\t\t\t<span itemprop='name'>epp.content<\/span>\n\t\t\t\t\t\t<span itemprop='logo' itemscope itemtype='https:\/\/schema.org\/ImageObject'>\n\t\t\t\t\t\t\t<span itemprop='url'>https:\/\/rechtsanwalt.fr\/wp-content\/uploads\/2024\/05\/logo_header_fr_web.epp_.svg<\/span>\n\t\t\t\t\t\t<\/span>\n\t\t\t\t<\/span><span class='av-structured-data'  itemprop=\"author\" itemscope=\"itemscope\" itemtype=\"https:\/\/schema.org\/Person\" ><span itemprop='name'>epp.content<\/span><\/span><span class='av-structured-data'  itemprop=\"datePublished\" datetime=\"2016-10-17T17:50:00+02:00\" >2016-10-17 17:50:00<\/span><span class='av-structured-data'  itemprop=\"dateModified\" itemtype=\"https:\/\/schema.org\/dateModified\" >2021-04-06 17:17:37<\/span><span class='av-structured-data'  itemprop=\"mainEntityOfPage\" itemtype=\"https:\/\/schema.org\/mainEntityOfPage\" ><span itemprop='name'>Allemagne : Licenciement de salari\u00e9s sur pression de tiers (tels que partenaires commerciaux ou administrations)<\/span><\/span><\/span><\/article><article class=\"post-entry post-entry-type-standard post-entry-14315 post-loop-19 post-parity-odd bloglist-simple  post-14315 post type-post status-publish format-standard hentry category-archive-2016-fr-droit-des-contrats\"  itemscope=\"itemscope\" itemtype=\"https:\/\/schema.org\/BlogPosting\" ><div class=\"blog-meta\"><\/div><div class='entry-content-wrapper clearfix standard-content'><header class=\"entry-content-header\" aria-label=\"Articles : Vente d\u2019un bien d\u00e9fectueux en Allemagne : Fixation d\u2019un d\u00e9lai pour la r\u00e9paration ou l\u2019\u00e9change\"><div class=\"av-heading-wrapper\"><span class=\"blog-categories minor-meta\"><a href=\"https:\/\/rechtsanwalt.fr\/fr\/category\/news-archive\/news-archive-2016\/archive-2016-fr-droit-des-contrats\/\" rel=\"tag\">Droit des contrats<\/a><\/span><h2 class='post-title entry-title '  itemprop=\"headline\" ><a href=\"https:\/\/rechtsanwalt.fr\/fr\/vente-dun-bien-defectueux-en-allemagne-fixation-dun-delai-pour-la-reparation-ou-lechange\/\" rel=\"bookmark\" title=\"Lien permanent : Vente d\u2019un bien d\u00e9fectueux en Allemagne : Fixation d\u2019un d\u00e9lai pour la r\u00e9paration ou l\u2019\u00e9change\">Vente d\u2019un bien d\u00e9fectueux en Allemagne : Fixation d\u2019un d\u00e9lai pour la r\u00e9paration ou l\u2019\u00e9change<span class=\"post-format-icon minor-meta\"><\/span><\/a><\/h2><\/div><\/header><span class=\"post-meta-infos\"><time class=\"date-container minor-meta updated\"  itemprop=\"datePublished\" datetime=\"2016-10-17T09:24:00+02:00\" >17 octobre 2016<\/time><div class=\"read-more-link\"><a href=\"https:\/\/rechtsanwalt.fr\/fr\/vente-dun-bien-defectueux-en-allemagne-fixation-dun-delai-pour-la-reparation-ou-lechange\/\" class=\"more-link\">Lire la suite<span class='more-link-arrow avia-svg-icon avia-font-svg_entypo-fontello' data-av_svg_icon='right-open-big' data-av_iconset='svg_entypo-fontello'><svg version=\"1.1\" xmlns=\"http:\/\/www.w3.org\/2000\/svg\" width=\"15\" height=\"32\" viewBox=\"0 0 15 32\" preserveAspectRatio=\"xMidYMid meet\" role=\"graphics-symbol\" aria-hidden=\"true\">\n<path d=\"M0.416 27.84l11.456-11.84-11.456-11.904q-0.832-0.832 0-1.536 0.832-0.832 1.536 0l12.544 12.608q0.768 0.832 0 1.6l-12.544 12.608q-0.704 0.832-1.536 0-0.832-0.704 0-1.536z\"><\/path>\n<\/svg><\/span><\/a><\/div><\/span><footer class=\"entry-footer\"><\/footer><div class='post_delimiter'><\/div><\/div><div class=\"post_author_timeline\"><\/div><span class='hidden'>\n\t\t\t\t<span class='av-structured-data'  itemprop=\"image\" itemscope=\"itemscope\" itemtype=\"https:\/\/schema.org\/ImageObject\" >\n\t\t\t\t\t\t<span itemprop='url'>https:\/\/rechtsanwalt.fr\/wp-content\/uploads\/2024\/05\/logo_header_fr_web.epp_.svg<\/span>\n\t\t\t\t\t\t<span itemprop='height'>0<\/span>\n\t\t\t\t\t\t<span itemprop='width'>0<\/span>\n\t\t\t\t<\/span>\n\t\t\t\t<span class='av-structured-data'  itemprop=\"publisher\" itemtype=\"https:\/\/schema.org\/Organization\" itemscope=\"itemscope\" >\n\t\t\t\t\t\t<span itemprop='name'>epp.content<\/span>\n\t\t\t\t\t\t<span itemprop='logo' itemscope itemtype='https:\/\/schema.org\/ImageObject'>\n\t\t\t\t\t\t\t<span itemprop='url'>https:\/\/rechtsanwalt.fr\/wp-content\/uploads\/2024\/05\/logo_header_fr_web.epp_.svg<\/span>\n\t\t\t\t\t\t<\/span>\n\t\t\t\t<\/span><span class='av-structured-data'  itemprop=\"author\" itemscope=\"itemscope\" itemtype=\"https:\/\/schema.org\/Person\" ><span itemprop='name'>epp.content<\/span><\/span><span class='av-structured-data'  itemprop=\"datePublished\" datetime=\"2016-10-17T09:24:00+02:00\" >2016-10-17 09:24:00<\/span><span class='av-structured-data'  itemprop=\"dateModified\" itemtype=\"https:\/\/schema.org\/dateModified\" >2021-04-06 17:16:37<\/span><span class='av-structured-data'  itemprop=\"mainEntityOfPage\" itemtype=\"https:\/\/schema.org\/mainEntityOfPage\" ><span itemprop='name'>Vente d\u2019un bien d\u00e9fectueux en Allemagne : Fixation d\u2019un d\u00e9lai pour la r\u00e9paration ou l\u2019\u00e9change<\/span><\/span><\/span><\/article><article class=\"post-entry post-entry-type-standard post-entry-14289 post-loop-20 post-parity-even bloglist-simple  post-14289 post type-post status-publish format-standard hentry category-archive-2016-fr-droit-des-societes\"  itemscope=\"itemscope\" itemtype=\"https:\/\/schema.org\/BlogPosting\" ><div class=\"blog-meta\"><\/div><div class='entry-content-wrapper clearfix standard-content'><header class=\"entry-content-header\" aria-label=\"Articles : Entreprises en Allemagne : R\u00e9solution des associ\u00e9s d\u2019une GmbH\"><div class=\"av-heading-wrapper\"><span class=\"blog-categories minor-meta\"><a href=\"https:\/\/rechtsanwalt.fr\/fr\/category\/news-archive\/news-archive-2016\/archive-2016-fr-droit-des-societes\/\" rel=\"tag\">Droit des soci\u00e9t\u00e9s<\/a><\/span><h2 class='post-title entry-title '  itemprop=\"headline\" ><a href=\"https:\/\/rechtsanwalt.fr\/fr\/entreprises-en-allemagne-resolution-des-associes-dune-gmbh\/\" rel=\"bookmark\" title=\"Lien permanent : Entreprises en Allemagne : R\u00e9solution des associ\u00e9s d\u2019une GmbH\">Entreprises en Allemagne : R\u00e9solution des associ\u00e9s d\u2019une GmbH<span class=\"post-format-icon minor-meta\"><\/span><\/a><\/h2><\/div><\/header><span class=\"post-meta-infos\"><time class=\"date-container minor-meta updated\"  itemprop=\"datePublished\" datetime=\"2016-10-10T17:46:00+02:00\" >10 octobre 2016<\/time><div class=\"read-more-link\"><a href=\"https:\/\/rechtsanwalt.fr\/fr\/entreprises-en-allemagne-resolution-des-associes-dune-gmbh\/\" class=\"more-link\">Lire la suite<span class='more-link-arrow avia-svg-icon avia-font-svg_entypo-fontello' data-av_svg_icon='right-open-big' data-av_iconset='svg_entypo-fontello'><svg version=\"1.1\" xmlns=\"http:\/\/www.w3.org\/2000\/svg\" width=\"15\" height=\"32\" viewBox=\"0 0 15 32\" preserveAspectRatio=\"xMidYMid meet\" role=\"graphics-symbol\" aria-hidden=\"true\">\n<path d=\"M0.416 27.84l11.456-11.84-11.456-11.904q-0.832-0.832 0-1.536 0.832-0.832 1.536 0l12.544 12.608q0.768 0.832 0 1.6l-12.544 12.608q-0.704 0.832-1.536 0-0.832-0.704 0-1.536z\"><\/path>\n<\/svg><\/span><\/a><\/div><\/span><footer class=\"entry-footer\"><\/footer><div class='post_delimiter'><\/div><\/div><div class=\"post_author_timeline\"><\/div><span class='hidden'>\n\t\t\t\t<span class='av-structured-data'  itemprop=\"image\" itemscope=\"itemscope\" itemtype=\"https:\/\/schema.org\/ImageObject\" >\n\t\t\t\t\t\t<span itemprop='url'>https:\/\/rechtsanwalt.fr\/wp-content\/uploads\/2024\/05\/logo_header_fr_web.epp_.svg<\/span>\n\t\t\t\t\t\t<span itemprop='height'>0<\/span>\n\t\t\t\t\t\t<span itemprop='width'>0<\/span>\n\t\t\t\t<\/span>\n\t\t\t\t<span class='av-structured-data'  itemprop=\"publisher\" itemtype=\"https:\/\/schema.org\/Organization\" itemscope=\"itemscope\" >\n\t\t\t\t\t\t<span itemprop='name'>epp.content<\/span>\n\t\t\t\t\t\t<span itemprop='logo' itemscope itemtype='https:\/\/schema.org\/ImageObject'>\n\t\t\t\t\t\t\t<span itemprop='url'>https:\/\/rechtsanwalt.fr\/wp-content\/uploads\/2024\/05\/logo_header_fr_web.epp_.svg<\/span>\n\t\t\t\t\t\t<\/span>\n\t\t\t\t<\/span><span class='av-structured-data'  itemprop=\"author\" itemscope=\"itemscope\" itemtype=\"https:\/\/schema.org\/Person\" ><span itemprop='name'>epp.content<\/span><\/span><span class='av-structured-data'  itemprop=\"datePublished\" datetime=\"2016-10-10T17:46:00+02:00\" >2016-10-10 17:46:00<\/span><span class='av-structured-data'  itemprop=\"dateModified\" itemtype=\"https:\/\/schema.org\/dateModified\" >2021-04-06 17:15:51<\/span><span class='av-structured-data'  itemprop=\"mainEntityOfPage\" itemtype=\"https:\/\/schema.org\/mainEntityOfPage\" ><span itemprop='name'>Entreprises en Allemagne : R\u00e9solution des associ\u00e9s d\u2019une GmbH<\/span><\/span><\/span><\/article><article class=\"post-entry post-entry-type-standard post-entry-14287 post-loop-21 post-parity-odd bloglist-simple  post-14287 post type-post status-publish format-standard hentry category-archive-2016-fr-droit-social\"  itemscope=\"itemscope\" itemtype=\"https:\/\/schema.org\/BlogPosting\" ><div class=\"blog-meta\"><\/div><div class='entry-content-wrapper clearfix standard-content'><header class=\"entry-content-header\" aria-label=\"Articles : Entreprises en Allemagne : Quelles sont les pauses \u00e0 respecter selon le droit du travail allemand ?\"><div class=\"av-heading-wrapper\"><span class=\"blog-categories minor-meta\"><a href=\"https:\/\/rechtsanwalt.fr\/fr\/category\/news-archive\/news-archive-2016\/archive-2016-fr-droit-social\/\" rel=\"tag\">Droit social<\/a><\/span><h2 class='post-title entry-title '  itemprop=\"headline\" ><a href=\"https:\/\/rechtsanwalt.fr\/fr\/entreprises-en-allemagne-quelles-sont-les-pauses-a-respecter-selon-le-droit-du-travail-allemand\/\" rel=\"bookmark\" title=\"Lien permanent : Entreprises en Allemagne : Quelles sont les pauses \u00e0 respecter selon le droit du travail allemand ?\">Entreprises en Allemagne : Quelles sont les pauses \u00e0 respecter selon le droit du travail allemand ?<span class=\"post-format-icon minor-meta\"><\/span><\/a><\/h2><\/div><\/header><span class=\"post-meta-infos\"><time class=\"date-container minor-meta updated\"  itemprop=\"datePublished\" datetime=\"2016-10-10T17:44:00+02:00\" >10 octobre 2016<\/time><div class=\"read-more-link\"><a href=\"https:\/\/rechtsanwalt.fr\/fr\/entreprises-en-allemagne-quelles-sont-les-pauses-a-respecter-selon-le-droit-du-travail-allemand\/\" class=\"more-link\">Lire la suite<span class='more-link-arrow avia-svg-icon avia-font-svg_entypo-fontello' data-av_svg_icon='right-open-big' data-av_iconset='svg_entypo-fontello'><svg version=\"1.1\" xmlns=\"http:\/\/www.w3.org\/2000\/svg\" width=\"15\" height=\"32\" viewBox=\"0 0 15 32\" preserveAspectRatio=\"xMidYMid meet\" role=\"graphics-symbol\" aria-hidden=\"true\">\n<path d=\"M0.416 27.84l11.456-11.84-11.456-11.904q-0.832-0.832 0-1.536 0.832-0.832 1.536 0l12.544 12.608q0.768 0.832 0 1.6l-12.544 12.608q-0.704 0.832-1.536 0-0.832-0.704 0-1.536z\"><\/path>\n<\/svg><\/span><\/a><\/div><\/span><footer class=\"entry-footer\"><\/footer><div class='post_delimiter'><\/div><\/div><div class=\"post_author_timeline\"><\/div><span class='hidden'>\n\t\t\t\t<span class='av-structured-data'  itemprop=\"image\" itemscope=\"itemscope\" itemtype=\"https:\/\/schema.org\/ImageObject\" >\n\t\t\t\t\t\t<span itemprop='url'>https:\/\/rechtsanwalt.fr\/wp-content\/uploads\/2024\/05\/logo_header_fr_web.epp_.svg<\/span>\n\t\t\t\t\t\t<span itemprop='height'>0<\/span>\n\t\t\t\t\t\t<span itemprop='width'>0<\/span>\n\t\t\t\t<\/span>\n\t\t\t\t<span class='av-structured-data'  itemprop=\"publisher\" itemtype=\"https:\/\/schema.org\/Organization\" itemscope=\"itemscope\" >\n\t\t\t\t\t\t<span itemprop='name'>epp.content<\/span>\n\t\t\t\t\t\t<span itemprop='logo' itemscope itemtype='https:\/\/schema.org\/ImageObject'>\n\t\t\t\t\t\t\t<span itemprop='url'>https:\/\/rechtsanwalt.fr\/wp-content\/uploads\/2024\/05\/logo_header_fr_web.epp_.svg<\/span>\n\t\t\t\t\t\t<\/span>\n\t\t\t\t<\/span><span class='av-structured-data'  itemprop=\"author\" itemscope=\"itemscope\" itemtype=\"https:\/\/schema.org\/Person\" ><span itemprop='name'>epp.content<\/span><\/span><span class='av-structured-data'  itemprop=\"datePublished\" datetime=\"2016-10-10T17:44:00+02:00\" >2016-10-10 17:44:00<\/span><span class='av-structured-data'  itemprop=\"dateModified\" itemtype=\"https:\/\/schema.org\/dateModified\" >2021-04-06 17:15:00<\/span><span class='av-structured-data'  itemprop=\"mainEntityOfPage\" itemtype=\"https:\/\/schema.org\/mainEntityOfPage\" ><span itemprop='name'>Entreprises en Allemagne : Quelles sont les pauses \u00e0 respecter selon le droit du travail allemand ?<\/span><\/span><\/span><\/article><article class=\"post-entry post-entry-type-standard post-entry-14285 post-loop-22 post-parity-even bloglist-simple  post-14285 post type-post status-publish format-standard hentry category-archive-2016-fr-droit-fiscal\"  itemscope=\"itemscope\" itemtype=\"https:\/\/schema.org\/BlogPosting\" ><div class=\"blog-meta\"><\/div><div class='entry-content-wrapper clearfix standard-content'><header class=\"entry-content-header\" aria-label=\"Articles : Entreprises en Allemagne : Qu\u2019entend-on en Allemagne par \u00abLohnsteuer\u00bb ?\"><div class=\"av-heading-wrapper\"><span class=\"blog-categories minor-meta\"><a href=\"https:\/\/rechtsanwalt.fr\/fr\/category\/news-archive\/news-archive-2016\/archive-2016-fr-droit-fiscal\/\" rel=\"tag\">Droit fiscal<\/a><\/span><h2 class='post-title entry-title '  itemprop=\"headline\" ><a href=\"https:\/\/rechtsanwalt.fr\/fr\/entreprises-en-allemagne-quentend-on-en-allemagne-par-lohnsteuer\/\" rel=\"bookmark\" title=\"Lien permanent : Entreprises en Allemagne : Qu\u2019entend-on en Allemagne par \u00abLohnsteuer\u00bb ?\">Entreprises en Allemagne : Qu\u2019entend-on en Allemagne par \u00abLohnsteuer\u00bb ?<span class=\"post-format-icon minor-meta\"><\/span><\/a><\/h2><\/div><\/header><span class=\"post-meta-infos\"><time class=\"date-container minor-meta updated\"  itemprop=\"datePublished\" datetime=\"2016-10-10T17:41:12+02:00\" >10 octobre 2016<\/time><div class=\"read-more-link\"><a href=\"https:\/\/rechtsanwalt.fr\/fr\/entreprises-en-allemagne-quentend-on-en-allemagne-par-lohnsteuer\/\" class=\"more-link\">Lire la suite<span class='more-link-arrow avia-svg-icon avia-font-svg_entypo-fontello' data-av_svg_icon='right-open-big' data-av_iconset='svg_entypo-fontello'><svg version=\"1.1\" xmlns=\"http:\/\/www.w3.org\/2000\/svg\" width=\"15\" height=\"32\" viewBox=\"0 0 15 32\" preserveAspectRatio=\"xMidYMid meet\" role=\"graphics-symbol\" aria-hidden=\"true\">\n<path d=\"M0.416 27.84l11.456-11.84-11.456-11.904q-0.832-0.832 0-1.536 0.832-0.832 1.536 0l12.544 12.608q0.768 0.832 0 1.6l-12.544 12.608q-0.704 0.832-1.536 0-0.832-0.704 0-1.536z\"><\/path>\n<\/svg><\/span><\/a><\/div><\/span><footer class=\"entry-footer\"><\/footer><div class='post_delimiter'><\/div><\/div><div class=\"post_author_timeline\"><\/div><span class='hidden'>\n\t\t\t\t<span class='av-structured-data'  itemprop=\"image\" itemscope=\"itemscope\" itemtype=\"https:\/\/schema.org\/ImageObject\" >\n\t\t\t\t\t\t<span itemprop='url'>https:\/\/rechtsanwalt.fr\/wp-content\/uploads\/2024\/05\/logo_header_fr_web.epp_.svg<\/span>\n\t\t\t\t\t\t<span itemprop='height'>0<\/span>\n\t\t\t\t\t\t<span itemprop='width'>0<\/span>\n\t\t\t\t<\/span>\n\t\t\t\t<span class='av-structured-data'  itemprop=\"publisher\" itemtype=\"https:\/\/schema.org\/Organization\" itemscope=\"itemscope\" >\n\t\t\t\t\t\t<span itemprop='name'>epp.content<\/span>\n\t\t\t\t\t\t<span itemprop='logo' itemscope itemtype='https:\/\/schema.org\/ImageObject'>\n\t\t\t\t\t\t\t<span itemprop='url'>https:\/\/rechtsanwalt.fr\/wp-content\/uploads\/2024\/05\/logo_header_fr_web.epp_.svg<\/span>\n\t\t\t\t\t\t<\/span>\n\t\t\t\t<\/span><span class='av-structured-data'  itemprop=\"author\" itemscope=\"itemscope\" itemtype=\"https:\/\/schema.org\/Person\" ><span itemprop='name'>epp.content<\/span><\/span><span class='av-structured-data'  itemprop=\"datePublished\" datetime=\"2016-10-10T17:41:12+02:00\" >2016-10-10 17:41:12<\/span><span class='av-structured-data'  itemprop=\"dateModified\" itemtype=\"https:\/\/schema.org\/dateModified\" >2021-04-06 17:13:51<\/span><span class='av-structured-data'  itemprop=\"mainEntityOfPage\" itemtype=\"https:\/\/schema.org\/mainEntityOfPage\" ><span itemprop='name'>Entreprises en Allemagne : Qu\u2019entend-on en Allemagne par \u00abLohnsteuer\u00bb ?<\/span><\/span><\/span><\/article><article class=\"post-entry post-entry-type-standard post-entry-14283 post-loop-23 post-parity-odd bloglist-simple  post-14283 post type-post status-publish format-standard hentry category-archive-2016-fr-droit-social\"  itemscope=\"itemscope\" itemtype=\"https:\/\/schema.org\/BlogPosting\" ><div class=\"blog-meta\"><\/div><div class='entry-content-wrapper clearfix standard-content'><header class=\"entry-content-header\" aria-label=\"Articles : Entreprises en Allemagne : A quelles obligations d\u2019information de l\u2019employeur les membres du comit\u00e9 d\u2019entreprise sont-ils soumis avant et apr\u00e8s leurs heures de d\u00e9l\u00e9gation ?\"><div class=\"av-heading-wrapper\"><span class=\"blog-categories minor-meta\"><a href=\"https:\/\/rechtsanwalt.fr\/fr\/category\/news-archive\/news-archive-2016\/archive-2016-fr-droit-social\/\" rel=\"tag\">Droit social<\/a><\/span><h2 class='post-title entry-title '  itemprop=\"headline\" ><a href=\"https:\/\/rechtsanwalt.fr\/fr\/entreprises-en-allemagne-a-quelles-obligations-dinformation-de-lemployeur-les-membres-du-comite-dentreprise-sont-ils-soumis-avant-et-apres-leurs-heures-de-delegation\/\" rel=\"bookmark\" title=\"Lien permanent : Entreprises en Allemagne : A quelles obligations d\u2019information de l\u2019employeur les membres du comit\u00e9 d\u2019entreprise sont-ils soumis avant et apr\u00e8s leurs heures de d\u00e9l\u00e9gation ?\">Entreprises en Allemagne : A quelles obligations d\u2019information de l\u2019employeur les membres du comit\u00e9 d\u2019entreprise sont-ils soumis avant et apr\u00e8s leurs heures de d\u00e9l\u00e9gation ?<span class=\"post-format-icon minor-meta\"><\/span><\/a><\/h2><\/div><\/header><span class=\"post-meta-infos\"><time class=\"date-container minor-meta updated\"  itemprop=\"datePublished\" datetime=\"2016-10-10T17:37:00+02:00\" >10 octobre 2016<\/time><div class=\"read-more-link\"><a href=\"https:\/\/rechtsanwalt.fr\/fr\/entreprises-en-allemagne-a-quelles-obligations-dinformation-de-lemployeur-les-membres-du-comite-dentreprise-sont-ils-soumis-avant-et-apres-leurs-heures-de-delegation\/\" class=\"more-link\">Lire la suite<span class='more-link-arrow avia-svg-icon avia-font-svg_entypo-fontello' data-av_svg_icon='right-open-big' data-av_iconset='svg_entypo-fontello'><svg version=\"1.1\" xmlns=\"http:\/\/www.w3.org\/2000\/svg\" width=\"15\" height=\"32\" viewBox=\"0 0 15 32\" preserveAspectRatio=\"xMidYMid meet\" role=\"graphics-symbol\" aria-hidden=\"true\">\n<path d=\"M0.416 27.84l11.456-11.84-11.456-11.904q-0.832-0.832 0-1.536 0.832-0.832 1.536 0l12.544 12.608q0.768 0.832 0 1.6l-12.544 12.608q-0.704 0.832-1.536 0-0.832-0.704 0-1.536z\"><\/path>\n<\/svg><\/span><\/a><\/div><\/span><footer class=\"entry-footer\"><\/footer><div class='post_delimiter'><\/div><\/div><div class=\"post_author_timeline\"><\/div><span class='hidden'>\n\t\t\t\t<span class='av-structured-data'  itemprop=\"image\" itemscope=\"itemscope\" itemtype=\"https:\/\/schema.org\/ImageObject\" >\n\t\t\t\t\t\t<span itemprop='url'>https:\/\/rechtsanwalt.fr\/wp-content\/uploads\/2024\/05\/logo_header_fr_web.epp_.svg<\/span>\n\t\t\t\t\t\t<span itemprop='height'>0<\/span>\n\t\t\t\t\t\t<span itemprop='width'>0<\/span>\n\t\t\t\t<\/span>\n\t\t\t\t<span class='av-structured-data'  itemprop=\"publisher\" itemtype=\"https:\/\/schema.org\/Organization\" itemscope=\"itemscope\" >\n\t\t\t\t\t\t<span itemprop='name'>epp.content<\/span>\n\t\t\t\t\t\t<span itemprop='logo' itemscope itemtype='https:\/\/schema.org\/ImageObject'>\n\t\t\t\t\t\t\t<span itemprop='url'>https:\/\/rechtsanwalt.fr\/wp-content\/uploads\/2024\/05\/logo_header_fr_web.epp_.svg<\/span>\n\t\t\t\t\t\t<\/span>\n\t\t\t\t<\/span><span class='av-structured-data'  itemprop=\"author\" itemscope=\"itemscope\" itemtype=\"https:\/\/schema.org\/Person\" ><span itemprop='name'>epp.content<\/span><\/span><span class='av-structured-data'  itemprop=\"datePublished\" datetime=\"2016-10-10T17:37:00+02:00\" >2016-10-10 17:37:00<\/span><span class='av-structured-data'  itemprop=\"dateModified\" itemtype=\"https:\/\/schema.org\/dateModified\" >2021-04-06 17:12:55<\/span><span class='av-structured-data'  itemprop=\"mainEntityOfPage\" itemtype=\"https:\/\/schema.org\/mainEntityOfPage\" ><span itemprop='name'>Entreprises en Allemagne : A quelles obligations d\u2019information de l\u2019employeur les membres du comit\u00e9 d\u2019entreprise sont-ils soumis avant et apr\u00e8s leurs heures de d\u00e9l\u00e9gation ?<\/span><\/span><\/span><\/article><article class=\"post-entry post-entry-type-standard post-entry-14281 post-loop-24 post-parity-even bloglist-simple  post-14281 post type-post status-publish format-standard hentry category-archive-2016-fr-droit-des-societes\"  itemscope=\"itemscope\" itemtype=\"https:\/\/schema.org\/BlogPosting\" ><div class=\"blog-meta\"><\/div><div class='entry-content-wrapper clearfix standard-content'><header class=\"entry-content-header\" aria-label=\"Articles : Entreprises en Allemagne : All\u00e8gement de la bureaucratie au profit des PME allemandes \u00e0 compter du 1er janvier 2017\"><div class=\"av-heading-wrapper\"><span class=\"blog-categories minor-meta\"><a href=\"https:\/\/rechtsanwalt.fr\/fr\/category\/news-archive\/news-archive-2016\/archive-2016-fr-droit-des-societes\/\" rel=\"tag\">Droit des soci\u00e9t\u00e9s<\/a><\/span><h2 class='post-title entry-title '  itemprop=\"headline\" ><a href=\"https:\/\/rechtsanwalt.fr\/fr\/entreprises-en-allemagne-allegement-de-la-bureaucratie-au-profit-des-pme-allemandes-a-compter-du-1er-janvier-2017\/\" rel=\"bookmark\" title=\"Lien permanent : Entreprises en Allemagne : All\u00e8gement de la bureaucratie au profit des PME allemandes \u00e0 compter du 1er janvier 2017\">Entreprises en Allemagne : All\u00e8gement de la bureaucratie au profit des PME allemandes \u00e0 compter du 1er janvier 2017<span class=\"post-format-icon minor-meta\"><\/span><\/a><\/h2><\/div><\/header><span class=\"post-meta-infos\"><time class=\"date-container minor-meta updated\"  itemprop=\"datePublished\" datetime=\"2016-10-10T17:34:00+02:00\" >10 octobre 2016<\/time><div class=\"read-more-link\"><a href=\"https:\/\/rechtsanwalt.fr\/fr\/entreprises-en-allemagne-allegement-de-la-bureaucratie-au-profit-des-pme-allemandes-a-compter-du-1er-janvier-2017\/\" class=\"more-link\">Lire la suite<span class='more-link-arrow avia-svg-icon avia-font-svg_entypo-fontello' data-av_svg_icon='right-open-big' data-av_iconset='svg_entypo-fontello'><svg version=\"1.1\" xmlns=\"http:\/\/www.w3.org\/2000\/svg\" width=\"15\" height=\"32\" viewBox=\"0 0 15 32\" preserveAspectRatio=\"xMidYMid meet\" role=\"graphics-symbol\" aria-hidden=\"true\">\n<path d=\"M0.416 27.84l11.456-11.84-11.456-11.904q-0.832-0.832 0-1.536 0.832-0.832 1.536 0l12.544 12.608q0.768 0.832 0 1.6l-12.544 12.608q-0.704 0.832-1.536 0-0.832-0.704 0-1.536z\"><\/path>\n<\/svg><\/span><\/a><\/div><\/span><footer class=\"entry-footer\"><\/footer><div class='post_delimiter'><\/div><\/div><div class=\"post_author_timeline\"><\/div><span class='hidden'>\n\t\t\t\t<span class='av-structured-data'  itemprop=\"image\" itemscope=\"itemscope\" itemtype=\"https:\/\/schema.org\/ImageObject\" >\n\t\t\t\t\t\t<span itemprop='url'>https:\/\/rechtsanwalt.fr\/wp-content\/uploads\/2024\/05\/logo_header_fr_web.epp_.svg<\/span>\n\t\t\t\t\t\t<span itemprop='height'>0<\/span>\n\t\t\t\t\t\t<span itemprop='width'>0<\/span>\n\t\t\t\t<\/span>\n\t\t\t\t<span class='av-structured-data'  itemprop=\"publisher\" itemtype=\"https:\/\/schema.org\/Organization\" itemscope=\"itemscope\" >\n\t\t\t\t\t\t<span itemprop='name'>epp.content<\/span>\n\t\t\t\t\t\t<span itemprop='logo' itemscope itemtype='https:\/\/schema.org\/ImageObject'>\n\t\t\t\t\t\t\t<span itemprop='url'>https:\/\/rechtsanwalt.fr\/wp-content\/uploads\/2024\/05\/logo_header_fr_web.epp_.svg<\/span>\n\t\t\t\t\t\t<\/span>\n\t\t\t\t<\/span><span class='av-structured-data'  itemprop=\"author\" itemscope=\"itemscope\" itemtype=\"https:\/\/schema.org\/Person\" ><span itemprop='name'>epp.content<\/span><\/span><span class='av-structured-data'  itemprop=\"datePublished\" datetime=\"2016-10-10T17:34:00+02:00\" >2016-10-10 17:34:00<\/span><span class='av-structured-data'  itemprop=\"dateModified\" itemtype=\"https:\/\/schema.org\/dateModified\" >2021-04-06 17:12:11<\/span><span class='av-structured-data'  itemprop=\"mainEntityOfPage\" itemtype=\"https:\/\/schema.org\/mainEntityOfPage\" ><span itemprop='name'>Entreprises en Allemagne : All\u00e8gement de la bureaucratie au profit des PME allemandes \u00e0 compter du 1er janvier 2017<\/span><\/span><\/span><\/article><article class=\"post-entry post-entry-type-standard post-entry-14275 post-loop-25 post-parity-odd bloglist-simple  post-14275 post type-post status-publish format-standard hentry category-archive-2016-fr-droit-fiscal\"  itemscope=\"itemscope\" itemtype=\"https:\/\/schema.org\/BlogPosting\" ><div class=\"blog-meta\"><\/div><div class='entry-content-wrapper clearfix standard-content'><header class=\"entry-content-header\" aria-label=\"Articles : Un entrepreneur fran\u00e7ais fournit des prestations \u00e0 un entrepreneur allemand pour ses besoins personnels\"><div class=\"av-heading-wrapper\"><span class=\"blog-categories minor-meta\"><a href=\"https:\/\/rechtsanwalt.fr\/fr\/category\/news-archive\/news-archive-2016\/archive-2016-fr-droit-fiscal\/\" rel=\"tag\">Droit fiscal<\/a><\/span><h2 class='post-title entry-title '  itemprop=\"headline\" ><a href=\"https:\/\/rechtsanwalt.fr\/fr\/un-entrepreneur-francais-fournit-des-prestations-a-un-entrepreneur-allemand-pour-ses-besoins-personnels\/\" rel=\"bookmark\" title=\"Lien permanent : Un entrepreneur fran\u00e7ais fournit des prestations \u00e0 un entrepreneur allemand pour ses besoins personnels\">Un entrepreneur fran\u00e7ais fournit des prestations \u00e0 un entrepreneur allemand pour ses besoins personnels<span class=\"post-format-icon minor-meta\"><\/span><\/a><\/h2><\/div><\/header><span class=\"post-meta-infos\"><time class=\"date-container minor-meta updated\"  itemprop=\"datePublished\" datetime=\"2016-09-26T17:27:00+02:00\" >26 septembre 2016<\/time><div class=\"read-more-link\"><a href=\"https:\/\/rechtsanwalt.fr\/fr\/un-entrepreneur-francais-fournit-des-prestations-a-un-entrepreneur-allemand-pour-ses-besoins-personnels\/\" class=\"more-link\">Lire la suite<span class='more-link-arrow avia-svg-icon avia-font-svg_entypo-fontello' data-av_svg_icon='right-open-big' data-av_iconset='svg_entypo-fontello'><svg version=\"1.1\" xmlns=\"http:\/\/www.w3.org\/2000\/svg\" width=\"15\" height=\"32\" viewBox=\"0 0 15 32\" preserveAspectRatio=\"xMidYMid meet\" role=\"graphics-symbol\" aria-hidden=\"true\">\n<path d=\"M0.416 27.84l11.456-11.84-11.456-11.904q-0.832-0.832 0-1.536 0.832-0.832 1.536 0l12.544 12.608q0.768 0.832 0 1.6l-12.544 12.608q-0.704 0.832-1.536 0-0.832-0.704 0-1.536z\"><\/path>\n<\/svg><\/span><\/a><\/div><\/span><footer class=\"entry-footer\"><\/footer><div class='post_delimiter'><\/div><\/div><div class=\"post_author_timeline\"><\/div><span class='hidden'>\n\t\t\t\t<span class='av-structured-data'  itemprop=\"image\" itemscope=\"itemscope\" itemtype=\"https:\/\/schema.org\/ImageObject\" >\n\t\t\t\t\t\t<span itemprop='url'>https:\/\/rechtsanwalt.fr\/wp-content\/uploads\/2024\/05\/logo_header_fr_web.epp_.svg<\/span>\n\t\t\t\t\t\t<span itemprop='height'>0<\/span>\n\t\t\t\t\t\t<span itemprop='width'>0<\/span>\n\t\t\t\t<\/span>\n\t\t\t\t<span class='av-structured-data'  itemprop=\"publisher\" itemtype=\"https:\/\/schema.org\/Organization\" itemscope=\"itemscope\" >\n\t\t\t\t\t\t<span itemprop='name'>epp.content<\/span>\n\t\t\t\t\t\t<span itemprop='logo' itemscope itemtype='https:\/\/schema.org\/ImageObject'>\n\t\t\t\t\t\t\t<span itemprop='url'>https:\/\/rechtsanwalt.fr\/wp-content\/uploads\/2024\/05\/logo_header_fr_web.epp_.svg<\/span>\n\t\t\t\t\t\t<\/span>\n\t\t\t\t<\/span><span class='av-structured-data'  itemprop=\"author\" itemscope=\"itemscope\" itemtype=\"https:\/\/schema.org\/Person\" ><span itemprop='name'>epp.content<\/span><\/span><span class='av-structured-data'  itemprop=\"datePublished\" datetime=\"2016-09-26T17:27:00+02:00\" >2016-09-26 17:27:00<\/span><span class='av-structured-data'  itemprop=\"dateModified\" itemtype=\"https:\/\/schema.org\/dateModified\" >2021-04-06 17:11:41<\/span><span class='av-structured-data'  itemprop=\"mainEntityOfPage\" itemtype=\"https:\/\/schema.org\/mainEntityOfPage\" ><span itemprop='name'>Un entrepreneur fran\u00e7ais fournit des prestations \u00e0 un entrepreneur allemand pour ses besoins personnels<\/span><\/span><\/span><\/article><article class=\"post-entry post-entry-type-standard post-entry-14272 post-loop-26 post-parity-even bloglist-simple  post-14272 post type-post status-publish format-standard hentry category-archive-2016-fr-droit-des-societes\"  itemscope=\"itemscope\" itemtype=\"https:\/\/schema.org\/BlogPosting\" ><div class=\"blog-meta\"><\/div><div class='entry-content-wrapper clearfix standard-content'><header class=\"entry-content-header\" aria-label=\"Articles : Entreprises en Allemagne : M\u00eame apr\u00e8s r\u00e9vocation pour motif grave, le g\u00e9rant d\u2019une GmbH peut encore disposer d\u2019un droit \u00e0 r\u00e9mun\u00e9ration\"><div class=\"av-heading-wrapper\"><span class=\"blog-categories minor-meta\"><a href=\"https:\/\/rechtsanwalt.fr\/fr\/category\/news-archive\/news-archive-2016\/archive-2016-fr-droit-des-societes\/\" rel=\"tag\">Droit des soci\u00e9t\u00e9s<\/a><\/span><h2 class='post-title entry-title '  itemprop=\"headline\" ><a href=\"https:\/\/rechtsanwalt.fr\/fr\/entreprises-en-allemagne-meme-apres-revocation-pour-motif-grave-le-gerant-dune-gmbh-peut-encore-disposer-dun-droit-a-remuneration\/\" rel=\"bookmark\" title=\"Lien permanent : Entreprises en Allemagne : M\u00eame apr\u00e8s r\u00e9vocation pour motif grave, le g\u00e9rant d\u2019une GmbH peut encore disposer d\u2019un droit \u00e0 r\u00e9mun\u00e9ration\">Entreprises en Allemagne : M\u00eame apr\u00e8s r\u00e9vocation pour motif grave, le g\u00e9rant d\u2019une GmbH peut encore disposer d\u2019un droit \u00e0 r\u00e9mun\u00e9ration<span class=\"post-format-icon minor-meta\"><\/span><\/a><\/h2><\/div><\/header><span class=\"post-meta-infos\"><time class=\"date-container minor-meta updated\"  itemprop=\"datePublished\" datetime=\"2016-09-26T17:20:00+02:00\" >26 septembre 2016<\/time><div class=\"read-more-link\"><a href=\"https:\/\/rechtsanwalt.fr\/fr\/entreprises-en-allemagne-meme-apres-revocation-pour-motif-grave-le-gerant-dune-gmbh-peut-encore-disposer-dun-droit-a-remuneration\/\" class=\"more-link\">Lire la suite<span class='more-link-arrow avia-svg-icon avia-font-svg_entypo-fontello' data-av_svg_icon='right-open-big' data-av_iconset='svg_entypo-fontello'><svg version=\"1.1\" xmlns=\"http:\/\/www.w3.org\/2000\/svg\" width=\"15\" height=\"32\" viewBox=\"0 0 15 32\" preserveAspectRatio=\"xMidYMid meet\" role=\"graphics-symbol\" aria-hidden=\"true\">\n<path d=\"M0.416 27.84l11.456-11.84-11.456-11.904q-0.832-0.832 0-1.536 0.832-0.832 1.536 0l12.544 12.608q0.768 0.832 0 1.6l-12.544 12.608q-0.704 0.832-1.536 0-0.832-0.704 0-1.536z\"><\/path>\n<\/svg><\/span><\/a><\/div><\/span><footer class=\"entry-footer\"><\/footer><div class='post_delimiter'><\/div><\/div><div class=\"post_author_timeline\"><\/div><span class='hidden'>\n\t\t\t\t<span class='av-structured-data'  itemprop=\"image\" itemscope=\"itemscope\" itemtype=\"https:\/\/schema.org\/ImageObject\" >\n\t\t\t\t\t\t<span itemprop='url'>https:\/\/rechtsanwalt.fr\/wp-content\/uploads\/2024\/05\/logo_header_fr_web.epp_.svg<\/span>\n\t\t\t\t\t\t<span itemprop='height'>0<\/span>\n\t\t\t\t\t\t<span itemprop='width'>0<\/span>\n\t\t\t\t<\/span>\n\t\t\t\t<span class='av-structured-data'  itemprop=\"publisher\" itemtype=\"https:\/\/schema.org\/Organization\" itemscope=\"itemscope\" >\n\t\t\t\t\t\t<span itemprop='name'>epp.content<\/span>\n\t\t\t\t\t\t<span itemprop='logo' itemscope itemtype='https:\/\/schema.org\/ImageObject'>\n\t\t\t\t\t\t\t<span itemprop='url'>https:\/\/rechtsanwalt.fr\/wp-content\/uploads\/2024\/05\/logo_header_fr_web.epp_.svg<\/span>\n\t\t\t\t\t\t<\/span>\n\t\t\t\t<\/span><span class='av-structured-data'  itemprop=\"author\" itemscope=\"itemscope\" itemtype=\"https:\/\/schema.org\/Person\" ><span itemprop='name'>epp.content<\/span><\/span><span class='av-structured-data'  itemprop=\"datePublished\" datetime=\"2016-09-26T17:20:00+02:00\" >2016-09-26 17:20:00<\/span><span class='av-structured-data'  itemprop=\"dateModified\" itemtype=\"https:\/\/schema.org\/dateModified\" >2021-04-06 17:11:18<\/span><span class='av-structured-data'  itemprop=\"mainEntityOfPage\" itemtype=\"https:\/\/schema.org\/mainEntityOfPage\" ><span itemprop='name'>Entreprises en Allemagne : M\u00eame apr\u00e8s r\u00e9vocation pour motif grave, le g\u00e9rant d\u2019une GmbH peut encore disposer d\u2019un droit \u00e0 r\u00e9mun\u00e9ration<\/span><\/span><\/span><\/article><article class=\"post-entry post-entry-type-standard post-entry-14270 post-loop-27 post-parity-odd bloglist-simple  post-14270 post type-post status-publish format-standard hentry category-archive-2016-fr-droit-social\"  itemscope=\"itemscope\" itemtype=\"https:\/\/schema.org\/BlogPosting\" ><div class=\"blog-meta\"><\/div><div class='entry-content-wrapper clearfix standard-content'><header class=\"entry-content-header\" aria-label=\"Articles : Entreprises en Allemagne : Baisse du taux de \u00ab l\u2019indemnit\u00e9 d\u2019insolvabilit\u00e9 \u00bb \u00e0 verser par les employeurs allemands\"><div class=\"av-heading-wrapper\"><span class=\"blog-categories minor-meta\"><a href=\"https:\/\/rechtsanwalt.fr\/fr\/category\/news-archive\/news-archive-2016\/archive-2016-fr-droit-social\/\" rel=\"tag\">Droit social<\/a><\/span><h2 class='post-title entry-title '  itemprop=\"headline\" ><a href=\"https:\/\/rechtsanwalt.fr\/fr\/entreprises-en-allemagne-baisse-du-taux-de-lindemnite-dinsolvabilite-a-verser-par-les-employeurs-allemands\/\" rel=\"bookmark\" title=\"Lien permanent : Entreprises en Allemagne : Baisse du taux de \u00ab l\u2019indemnit\u00e9 d\u2019insolvabilit\u00e9 \u00bb \u00e0 verser par les employeurs allemands\">Entreprises en Allemagne : Baisse du taux de \u00ab l\u2019indemnit\u00e9 d\u2019insolvabilit\u00e9 \u00bb \u00e0 verser par les employeurs allemands<span class=\"post-format-icon minor-meta\"><\/span><\/a><\/h2><\/div><\/header><span class=\"post-meta-infos\"><time class=\"date-container minor-meta updated\"  itemprop=\"datePublished\" datetime=\"2016-09-26T17:16:00+02:00\" >26 septembre 2016<\/time><div class=\"read-more-link\"><a href=\"https:\/\/rechtsanwalt.fr\/fr\/entreprises-en-allemagne-baisse-du-taux-de-lindemnite-dinsolvabilite-a-verser-par-les-employeurs-allemands\/\" class=\"more-link\">Lire la suite<span class='more-link-arrow avia-svg-icon avia-font-svg_entypo-fontello' data-av_svg_icon='right-open-big' data-av_iconset='svg_entypo-fontello'><svg version=\"1.1\" xmlns=\"http:\/\/www.w3.org\/2000\/svg\" width=\"15\" height=\"32\" viewBox=\"0 0 15 32\" preserveAspectRatio=\"xMidYMid meet\" role=\"graphics-symbol\" aria-hidden=\"true\">\n<path d=\"M0.416 27.84l11.456-11.84-11.456-11.904q-0.832-0.832 0-1.536 0.832-0.832 1.536 0l12.544 12.608q0.768 0.832 0 1.6l-12.544 12.608q-0.704 0.832-1.536 0-0.832-0.704 0-1.536z\"><\/path>\n<\/svg><\/span><\/a><\/div><\/span><footer class=\"entry-footer\"><\/footer><div class='post_delimiter'><\/div><\/div><div class=\"post_author_timeline\"><\/div><span class='hidden'>\n\t\t\t\t<span class='av-structured-data'  itemprop=\"image\" itemscope=\"itemscope\" itemtype=\"https:\/\/schema.org\/ImageObject\" >\n\t\t\t\t\t\t<span itemprop='url'>https:\/\/rechtsanwalt.fr\/wp-content\/uploads\/2024\/05\/logo_header_fr_web.epp_.svg<\/span>\n\t\t\t\t\t\t<span itemprop='height'>0<\/span>\n\t\t\t\t\t\t<span itemprop='width'>0<\/span>\n\t\t\t\t<\/span>\n\t\t\t\t<span class='av-structured-data'  itemprop=\"publisher\" itemtype=\"https:\/\/schema.org\/Organization\" itemscope=\"itemscope\" >\n\t\t\t\t\t\t<span itemprop='name'>epp.content<\/span>\n\t\t\t\t\t\t<span itemprop='logo' itemscope itemtype='https:\/\/schema.org\/ImageObject'>\n\t\t\t\t\t\t\t<span itemprop='url'>https:\/\/rechtsanwalt.fr\/wp-content\/uploads\/2024\/05\/logo_header_fr_web.epp_.svg<\/span>\n\t\t\t\t\t\t<\/span>\n\t\t\t\t<\/span><span class='av-structured-data'  itemprop=\"author\" itemscope=\"itemscope\" itemtype=\"https:\/\/schema.org\/Person\" ><span itemprop='name'>epp.content<\/span><\/span><span class='av-structured-data'  itemprop=\"datePublished\" datetime=\"2016-09-26T17:16:00+02:00\" >2016-09-26 17:16:00<\/span><span class='av-structured-data'  itemprop=\"dateModified\" itemtype=\"https:\/\/schema.org\/dateModified\" >2021-04-06 17:09:59<\/span><span class='av-structured-data'  itemprop=\"mainEntityOfPage\" itemtype=\"https:\/\/schema.org\/mainEntityOfPage\" ><span itemprop='name'>Entreprises en Allemagne : Baisse du taux de \u00ab l\u2019indemnit\u00e9 d\u2019insolvabilit\u00e9 \u00bb \u00e0 verser par les employeurs allemands<\/span><\/span><\/span><\/article><article class=\"post-entry post-entry-type-standard post-entry-14268 post-loop-28 post-parity-even bloglist-simple  post-14268 post type-post status-publish format-standard hentry category-archive-2016-fr-droit-social\"  itemscope=\"itemscope\" itemtype=\"https:\/\/schema.org\/BlogPosting\" ><div class=\"blog-meta\"><\/div><div class='entry-content-wrapper clearfix standard-content'><header class=\"entry-content-header\" aria-label=\"Articles : Employeurs en Allemagne : Les propos discriminatoires et les injures sur le net peuvent constituer un motif de licenciement\"><div class=\"av-heading-wrapper\"><span class=\"blog-categories minor-meta\"><a href=\"https:\/\/rechtsanwalt.fr\/fr\/category\/news-archive\/news-archive-2016\/archive-2016-fr-droit-social\/\" rel=\"tag\">Droit social<\/a><\/span><h2 class='post-title entry-title '  itemprop=\"headline\" ><a href=\"https:\/\/rechtsanwalt.fr\/fr\/employeurs-en-allemagne-les-propos-discriminatoires-et-les-injures-sur-le-net-peuvent-constituer-un-motif-de-licenciement\/\" rel=\"bookmark\" title=\"Lien permanent : Employeurs en Allemagne : Les propos discriminatoires et les injures sur le net peuvent constituer un motif de licenciement\">Employeurs en Allemagne : Les propos discriminatoires et les injures sur le net peuvent constituer un motif de licenciement<span class=\"post-format-icon minor-meta\"><\/span><\/a><\/h2><\/div><\/header><span class=\"post-meta-infos\"><time class=\"date-container minor-meta updated\"  itemprop=\"datePublished\" datetime=\"2016-09-26T17:14:00+02:00\" >26 septembre 2016<\/time><div class=\"read-more-link\"><a href=\"https:\/\/rechtsanwalt.fr\/fr\/employeurs-en-allemagne-les-propos-discriminatoires-et-les-injures-sur-le-net-peuvent-constituer-un-motif-de-licenciement\/\" class=\"more-link\">Lire la suite<span class='more-link-arrow avia-svg-icon avia-font-svg_entypo-fontello' data-av_svg_icon='right-open-big' data-av_iconset='svg_entypo-fontello'><svg version=\"1.1\" xmlns=\"http:\/\/www.w3.org\/2000\/svg\" width=\"15\" height=\"32\" viewBox=\"0 0 15 32\" preserveAspectRatio=\"xMidYMid meet\" role=\"graphics-symbol\" aria-hidden=\"true\">\n<path d=\"M0.416 27.84l11.456-11.84-11.456-11.904q-0.832-0.832 0-1.536 0.832-0.832 1.536 0l12.544 12.608q0.768 0.832 0 1.6l-12.544 12.608q-0.704 0.832-1.536 0-0.832-0.704 0-1.536z\"><\/path>\n<\/svg><\/span><\/a><\/div><\/span><footer class=\"entry-footer\"><\/footer><div class='post_delimiter'><\/div><\/div><div class=\"post_author_timeline\"><\/div><span class='hidden'>\n\t\t\t\t<span class='av-structured-data'  itemprop=\"image\" itemscope=\"itemscope\" itemtype=\"https:\/\/schema.org\/ImageObject\" >\n\t\t\t\t\t\t<span itemprop='url'>https:\/\/rechtsanwalt.fr\/wp-content\/uploads\/2024\/05\/logo_header_fr_web.epp_.svg<\/span>\n\t\t\t\t\t\t<span itemprop='height'>0<\/span>\n\t\t\t\t\t\t<span itemprop='width'>0<\/span>\n\t\t\t\t<\/span>\n\t\t\t\t<span class='av-structured-data'  itemprop=\"publisher\" itemtype=\"https:\/\/schema.org\/Organization\" itemscope=\"itemscope\" >\n\t\t\t\t\t\t<span itemprop='name'>epp.content<\/span>\n\t\t\t\t\t\t<span itemprop='logo' itemscope itemtype='https:\/\/schema.org\/ImageObject'>\n\t\t\t\t\t\t\t<span itemprop='url'>https:\/\/rechtsanwalt.fr\/wp-content\/uploads\/2024\/05\/logo_header_fr_web.epp_.svg<\/span>\n\t\t\t\t\t\t<\/span>\n\t\t\t\t<\/span><span class='av-structured-data'  itemprop=\"author\" itemscope=\"itemscope\" itemtype=\"https:\/\/schema.org\/Person\" ><span itemprop='name'>epp.content<\/span><\/span><span class='av-structured-data'  itemprop=\"datePublished\" datetime=\"2016-09-26T17:14:00+02:00\" >2016-09-26 17:14:00<\/span><span class='av-structured-data'  itemprop=\"dateModified\" itemtype=\"https:\/\/schema.org\/dateModified\" >2021-04-06 17:08:35<\/span><span class='av-structured-data'  itemprop=\"mainEntityOfPage\" itemtype=\"https:\/\/schema.org\/mainEntityOfPage\" ><span itemprop='name'>Employeurs en Allemagne : Les propos discriminatoires et les injures sur le net peuvent constituer un motif de licenciement<\/span><\/span><\/span><\/article><article class=\"post-entry post-entry-type-standard post-entry-14263 post-loop-29 post-parity-odd bloglist-simple  post-14263 post type-post status-publish format-standard hentry category-archive-2016-fr-droit-social\"  itemscope=\"itemscope\" itemtype=\"https:\/\/schema.org\/BlogPosting\" ><div class=\"blog-meta\"><\/div><div class='entry-content-wrapper clearfix standard-content'><header class=\"entry-content-header\" aria-label=\"Articles : Employeurs en Allemagne : Que faire si l\u2019arr\u00eat maladie du salari\u00e9 allemand semble douteux ?\"><div class=\"av-heading-wrapper\"><span class=\"blog-categories minor-meta\"><a href=\"https:\/\/rechtsanwalt.fr\/fr\/category\/news-archive\/news-archive-2016\/archive-2016-fr-droit-social\/\" rel=\"tag\">Droit social<\/a><\/span><h2 class='post-title entry-title '  itemprop=\"headline\" ><a href=\"https:\/\/rechtsanwalt.fr\/fr\/employeurs-en-allemagne-que-faire-si-larret-maladie-du-salarie-allemand-semble-douteux\/\" rel=\"bookmark\" title=\"Lien permanent : Employeurs en Allemagne : Que faire si l\u2019arr\u00eat maladie du salari\u00e9 allemand semble douteux ?\">Employeurs en Allemagne : Que faire si l\u2019arr\u00eat maladie du salari\u00e9 allemand semble douteux ?<span class=\"post-format-icon minor-meta\"><\/span><\/a><\/h2><\/div><\/header><span class=\"post-meta-infos\"><time class=\"date-container minor-meta updated\"  itemprop=\"datePublished\" datetime=\"2016-09-26T17:03:00+02:00\" >26 septembre 2016<\/time><div class=\"read-more-link\"><a href=\"https:\/\/rechtsanwalt.fr\/fr\/employeurs-en-allemagne-que-faire-si-larret-maladie-du-salarie-allemand-semble-douteux\/\" class=\"more-link\">Lire la suite<span class='more-link-arrow avia-svg-icon avia-font-svg_entypo-fontello' data-av_svg_icon='right-open-big' data-av_iconset='svg_entypo-fontello'><svg version=\"1.1\" xmlns=\"http:\/\/www.w3.org\/2000\/svg\" width=\"15\" height=\"32\" viewBox=\"0 0 15 32\" preserveAspectRatio=\"xMidYMid meet\" role=\"graphics-symbol\" aria-hidden=\"true\">\n<path d=\"M0.416 27.84l11.456-11.84-11.456-11.904q-0.832-0.832 0-1.536 0.832-0.832 1.536 0l12.544 12.608q0.768 0.832 0 1.6l-12.544 12.608q-0.704 0.832-1.536 0-0.832-0.704 0-1.536z\"><\/path>\n<\/svg><\/span><\/a><\/div><\/span><footer class=\"entry-footer\"><\/footer><div class='post_delimiter'><\/div><\/div><div class=\"post_author_timeline\"><\/div><span class='hidden'>\n\t\t\t\t<span class='av-structured-data'  itemprop=\"image\" itemscope=\"itemscope\" itemtype=\"https:\/\/schema.org\/ImageObject\" >\n\t\t\t\t\t\t<span itemprop='url'>https:\/\/rechtsanwalt.fr\/wp-content\/uploads\/2024\/05\/logo_header_fr_web.epp_.svg<\/span>\n\t\t\t\t\t\t<span itemprop='height'>0<\/span>\n\t\t\t\t\t\t<span itemprop='width'>0<\/span>\n\t\t\t\t<\/span>\n\t\t\t\t<span class='av-structured-data'  itemprop=\"publisher\" itemtype=\"https:\/\/schema.org\/Organization\" itemscope=\"itemscope\" >\n\t\t\t\t\t\t<span itemprop='name'>epp.content<\/span>\n\t\t\t\t\t\t<span itemprop='logo' itemscope itemtype='https:\/\/schema.org\/ImageObject'>\n\t\t\t\t\t\t\t<span itemprop='url'>https:\/\/rechtsanwalt.fr\/wp-content\/uploads\/2024\/05\/logo_header_fr_web.epp_.svg<\/span>\n\t\t\t\t\t\t<\/span>\n\t\t\t\t<\/span><span class='av-structured-data'  itemprop=\"author\" itemscope=\"itemscope\" itemtype=\"https:\/\/schema.org\/Person\" ><span itemprop='name'>epp.content<\/span><\/span><span class='av-structured-data'  itemprop=\"datePublished\" datetime=\"2016-09-26T17:03:00+02:00\" >2016-09-26 17:03:00<\/span><span class='av-structured-data'  itemprop=\"dateModified\" itemtype=\"https:\/\/schema.org\/dateModified\" >2021-04-06 17:07:39<\/span><span class='av-structured-data'  itemprop=\"mainEntityOfPage\" itemtype=\"https:\/\/schema.org\/mainEntityOfPage\" ><span itemprop='name'>Employeurs en Allemagne : Que faire si l\u2019arr\u00eat maladie du salari\u00e9 allemand semble douteux ?<\/span><\/span><\/span><\/article><article class=\"post-entry post-entry-type-standard post-entry-14260 post-loop-30 post-parity-even bloglist-simple  post-14260 post type-post status-publish format-standard hentry category-archive-2016-fr-droit-fiscal\"  itemscope=\"itemscope\" itemtype=\"https:\/\/schema.org\/BlogPosting\" ><div class=\"blog-meta\"><\/div><div class='entry-content-wrapper clearfix standard-content'><header class=\"entry-content-header\" aria-label=\"Articles : Personnes domicili\u00e9es ou \u00e9tablies en France disposant de comptes bancaires \u00e0 l\u2019\u00e9tranger, par exemple en Allemagne : All\u00e8gement de la r\u00e9pression des comptes non d\u00e9clar\u00e9s\"><div class=\"av-heading-wrapper\"><span class=\"blog-categories minor-meta\"><a href=\"https:\/\/rechtsanwalt.fr\/fr\/category\/news-archive\/news-archive-2016\/archive-2016-fr-droit-fiscal\/\" rel=\"tag\">Droit fiscal<\/a><\/span><h2 class='post-title entry-title '  itemprop=\"headline\" ><a href=\"https:\/\/rechtsanwalt.fr\/fr\/personnes-domiciliees-ou-etablies-en-france-disposant-de-comptes-bancaires-a-letranger-par-exemple-en-allemagne-allegement-de-la-repression-des-comptes-non-declares\/\" rel=\"bookmark\" title=\"Lien permanent : Personnes domicili\u00e9es ou \u00e9tablies en France disposant de comptes bancaires \u00e0 l\u2019\u00e9tranger, par exemple en Allemagne : All\u00e8gement de la r\u00e9pression des comptes non d\u00e9clar\u00e9s\">Personnes domicili\u00e9es ou \u00e9tablies en France disposant de comptes bancaires \u00e0 l\u2019\u00e9tranger, par exemple en Allemagne : All\u00e8gement de la r\u00e9pression des comptes non d\u00e9clar\u00e9s<span class=\"post-format-icon minor-meta\"><\/span><\/a><\/h2><\/div><\/header><span class=\"post-meta-infos\"><time class=\"date-container minor-meta updated\"  itemprop=\"datePublished\" datetime=\"2016-08-08T16:57:00+02:00\" >8 ao\u00fbt 2016<\/time><div class=\"read-more-link\"><a href=\"https:\/\/rechtsanwalt.fr\/fr\/personnes-domiciliees-ou-etablies-en-france-disposant-de-comptes-bancaires-a-letranger-par-exemple-en-allemagne-allegement-de-la-repression-des-comptes-non-declares\/\" class=\"more-link\">Lire la suite<span class='more-link-arrow avia-svg-icon avia-font-svg_entypo-fontello' data-av_svg_icon='right-open-big' data-av_iconset='svg_entypo-fontello'><svg version=\"1.1\" xmlns=\"http:\/\/www.w3.org\/2000\/svg\" width=\"15\" height=\"32\" viewBox=\"0 0 15 32\" preserveAspectRatio=\"xMidYMid meet\" role=\"graphics-symbol\" aria-hidden=\"true\">\n<path d=\"M0.416 27.84l11.456-11.84-11.456-11.904q-0.832-0.832 0-1.536 0.832-0.832 1.536 0l12.544 12.608q0.768 0.832 0 1.6l-12.544 12.608q-0.704 0.832-1.536 0-0.832-0.704 0-1.536z\"><\/path>\n<\/svg><\/span><\/a><\/div><\/span><footer class=\"entry-footer\"><\/footer><div class='post_delimiter'><\/div><\/div><div class=\"post_author_timeline\"><\/div><span class='hidden'>\n\t\t\t\t<span class='av-structured-data'  itemprop=\"image\" itemscope=\"itemscope\" itemtype=\"https:\/\/schema.org\/ImageObject\" >\n\t\t\t\t\t\t<span itemprop='url'>https:\/\/rechtsanwalt.fr\/wp-content\/uploads\/2024\/05\/logo_header_fr_web.epp_.svg<\/span>\n\t\t\t\t\t\t<span itemprop='height'>0<\/span>\n\t\t\t\t\t\t<span itemprop='width'>0<\/span>\n\t\t\t\t<\/span>\n\t\t\t\t<span class='av-structured-data'  itemprop=\"publisher\" itemtype=\"https:\/\/schema.org\/Organization\" itemscope=\"itemscope\" >\n\t\t\t\t\t\t<span itemprop='name'>epp.content<\/span>\n\t\t\t\t\t\t<span itemprop='logo' itemscope itemtype='https:\/\/schema.org\/ImageObject'>\n\t\t\t\t\t\t\t<span itemprop='url'>https:\/\/rechtsanwalt.fr\/wp-content\/uploads\/2024\/05\/logo_header_fr_web.epp_.svg<\/span>\n\t\t\t\t\t\t<\/span>\n\t\t\t\t<\/span><span class='av-structured-data'  itemprop=\"author\" itemscope=\"itemscope\" itemtype=\"https:\/\/schema.org\/Person\" ><span itemprop='name'>epp.content<\/span><\/span><span class='av-structured-data'  itemprop=\"datePublished\" datetime=\"2016-08-08T16:57:00+02:00\" >2016-08-08 16:57:00<\/span><span class='av-structured-data'  itemprop=\"dateModified\" itemtype=\"https:\/\/schema.org\/dateModified\" >2021-04-06 17:06:09<\/span><span class='av-structured-data'  itemprop=\"mainEntityOfPage\" itemtype=\"https:\/\/schema.org\/mainEntityOfPage\" ><span itemprop='name'>Personnes domicili\u00e9es ou \u00e9tablies en France disposant de comptes bancaires \u00e0 l\u2019\u00e9tranger, par exemple en Allemagne : All\u00e8gement de la r\u00e9pression des comptes non d\u00e9clar\u00e9s<\/span><\/span><\/span><\/article><article class=\"post-entry post-entry-type-standard post-entry-14252 post-loop-31 post-parity-odd bloglist-simple  post-14252 post type-post status-publish format-standard hentry category-archive-2016-fr-droit-des-contrats\"  itemscope=\"itemscope\" itemtype=\"https:\/\/schema.org\/BlogPosting\" ><div class=\"blog-meta\"><\/div><div class='entry-content-wrapper clearfix standard-content'><header class=\"entry-content-header\" aria-label=\"Articles : Entreprendre en Allemagne : Invalidit\u00e9 de toute clause de Conditions G\u00e9n\u00e9rales pr\u00e9voyant un d\u00e9lai de paiement de 90 jours dans le domaine B2B\"><div class=\"av-heading-wrapper\"><span class=\"blog-categories minor-meta\"><a href=\"https:\/\/rechtsanwalt.fr\/fr\/category\/news-archive\/news-archive-2016\/archive-2016-fr-droit-des-contrats\/\" rel=\"tag\">Droit des contrats<\/a><\/span><h2 class='post-title entry-title '  itemprop=\"headline\" ><a href=\"https:\/\/rechtsanwalt.fr\/fr\/entreprendre-en-allemagne-invalidite-de-toute-clause-de-conditions-generales-prevoyant-un-delai-de-paiement-de-90-jours-dans-le-domaine-b2b\/\" rel=\"bookmark\" title=\"Lien permanent : Entreprendre en Allemagne : Invalidit\u00e9 de toute clause de Conditions G\u00e9n\u00e9rales pr\u00e9voyant un d\u00e9lai de paiement de 90 jours dans le domaine B2B\">Entreprendre en Allemagne : Invalidit\u00e9 de toute clause de Conditions G\u00e9n\u00e9rales pr\u00e9voyant un d\u00e9lai de paiement de 90 jours dans le domaine B2B<span class=\"post-format-icon minor-meta\"><\/span><\/a><\/h2><\/div><\/header><span class=\"post-meta-infos\"><time class=\"date-container minor-meta updated\"  itemprop=\"datePublished\" datetime=\"2016-08-02T16:07:00+02:00\" >2 ao\u00fbt 2016<\/time><div class=\"read-more-link\"><a href=\"https:\/\/rechtsanwalt.fr\/fr\/entreprendre-en-allemagne-invalidite-de-toute-clause-de-conditions-generales-prevoyant-un-delai-de-paiement-de-90-jours-dans-le-domaine-b2b\/\" class=\"more-link\">Lire la suite<span class='more-link-arrow avia-svg-icon avia-font-svg_entypo-fontello' data-av_svg_icon='right-open-big' data-av_iconset='svg_entypo-fontello'><svg version=\"1.1\" xmlns=\"http:\/\/www.w3.org\/2000\/svg\" width=\"15\" height=\"32\" viewBox=\"0 0 15 32\" preserveAspectRatio=\"xMidYMid meet\" role=\"graphics-symbol\" aria-hidden=\"true\">\n<path d=\"M0.416 27.84l11.456-11.84-11.456-11.904q-0.832-0.832 0-1.536 0.832-0.832 1.536 0l12.544 12.608q0.768 0.832 0 1.6l-12.544 12.608q-0.704 0.832-1.536 0-0.832-0.704 0-1.536z\"><\/path>\n<\/svg><\/span><\/a><\/div><\/span><footer class=\"entry-footer\"><\/footer><div class='post_delimiter'><\/div><\/div><div class=\"post_author_timeline\"><\/div><span class='hidden'>\n\t\t\t\t<span class='av-structured-data'  itemprop=\"image\" itemscope=\"itemscope\" itemtype=\"https:\/\/schema.org\/ImageObject\" >\n\t\t\t\t\t\t<span itemprop='url'>https:\/\/rechtsanwalt.fr\/wp-content\/uploads\/2024\/05\/logo_header_fr_web.epp_.svg<\/span>\n\t\t\t\t\t\t<span itemprop='height'>0<\/span>\n\t\t\t\t\t\t<span itemprop='width'>0<\/span>\n\t\t\t\t<\/span>\n\t\t\t\t<span class='av-structured-data'  itemprop=\"publisher\" itemtype=\"https:\/\/schema.org\/Organization\" itemscope=\"itemscope\" >\n\t\t\t\t\t\t<span itemprop='name'>epp.content<\/span>\n\t\t\t\t\t\t<span itemprop='logo' itemscope itemtype='https:\/\/schema.org\/ImageObject'>\n\t\t\t\t\t\t\t<span itemprop='url'>https:\/\/rechtsanwalt.fr\/wp-content\/uploads\/2024\/05\/logo_header_fr_web.epp_.svg<\/span>\n\t\t\t\t\t\t<\/span>\n\t\t\t\t<\/span><span class='av-structured-data'  itemprop=\"author\" itemscope=\"itemscope\" itemtype=\"https:\/\/schema.org\/Person\" ><span itemprop='name'>epp.content<\/span><\/span><span class='av-structured-data'  itemprop=\"datePublished\" datetime=\"2016-08-02T16:07:00+02:00\" >2016-08-02 16:07:00<\/span><span class='av-structured-data'  itemprop=\"dateModified\" itemtype=\"https:\/\/schema.org\/dateModified\" >2021-04-06 17:05:33<\/span><span class='av-structured-data'  itemprop=\"mainEntityOfPage\" itemtype=\"https:\/\/schema.org\/mainEntityOfPage\" ><span itemprop='name'>Entreprendre en Allemagne : Invalidit\u00e9 de toute clause de Conditions G\u00e9n\u00e9rales pr\u00e9voyant un d\u00e9lai de paiement de 90 jours dans le domaine B2B<\/span><\/span><\/span><\/article><article class=\"post-entry post-entry-type-standard post-entry-14250 post-loop-32 post-parity-even bloglist-simple  post-14250 post type-post status-publish format-standard hentry category-archive-2016-fr-droit-des-contrats\"  itemscope=\"itemscope\" itemtype=\"https:\/\/schema.org\/BlogPosting\" ><div class=\"blog-meta\"><\/div><div class='entry-content-wrapper clearfix standard-content'><header class=\"entry-content-header\" aria-label=\"Articles : Entreprendre en Allemagne : Int\u00e9gration de Conditions G\u00e9n\u00e9rales dans les relations commerciales dans le domaine B2B\"><div class=\"av-heading-wrapper\"><span class=\"blog-categories minor-meta\"><a href=\"https:\/\/rechtsanwalt.fr\/fr\/category\/news-archive\/news-archive-2016\/archive-2016-fr-droit-des-contrats\/\" rel=\"tag\">Droit des contrats<\/a><\/span><h2 class='post-title entry-title '  itemprop=\"headline\" ><a href=\"https:\/\/rechtsanwalt.fr\/fr\/entreprendre-en-allemagne-integration-de-conditions-generales-dans-les-relations-commerciales-dans-le-domaine-b2b\/\" rel=\"bookmark\" title=\"Lien permanent : Entreprendre en Allemagne : Int\u00e9gration de Conditions G\u00e9n\u00e9rales dans les relations commerciales dans le domaine B2B\">Entreprendre en Allemagne : Int\u00e9gration de Conditions G\u00e9n\u00e9rales dans les relations commerciales dans le domaine B2B<span class=\"post-format-icon minor-meta\"><\/span><\/a><\/h2><\/div><\/header><span class=\"post-meta-infos\"><time class=\"date-container minor-meta updated\"  itemprop=\"datePublished\" datetime=\"2016-08-02T16:05:00+02:00\" >2 ao\u00fbt 2016<\/time><div class=\"read-more-link\"><a href=\"https:\/\/rechtsanwalt.fr\/fr\/entreprendre-en-allemagne-integration-de-conditions-generales-dans-les-relations-commerciales-dans-le-domaine-b2b\/\" class=\"more-link\">Lire la suite<span class='more-link-arrow avia-svg-icon avia-font-svg_entypo-fontello' data-av_svg_icon='right-open-big' data-av_iconset='svg_entypo-fontello'><svg version=\"1.1\" xmlns=\"http:\/\/www.w3.org\/2000\/svg\" width=\"15\" height=\"32\" viewBox=\"0 0 15 32\" preserveAspectRatio=\"xMidYMid meet\" role=\"graphics-symbol\" aria-hidden=\"true\">\n<path d=\"M0.416 27.84l11.456-11.84-11.456-11.904q-0.832-0.832 0-1.536 0.832-0.832 1.536 0l12.544 12.608q0.768 0.832 0 1.6l-12.544 12.608q-0.704 0.832-1.536 0-0.832-0.704 0-1.536z\"><\/path>\n<\/svg><\/span><\/a><\/div><\/span><footer class=\"entry-footer\"><\/footer><div class='post_delimiter'><\/div><\/div><div class=\"post_author_timeline\"><\/div><span class='hidden'>\n\t\t\t\t<span class='av-structured-data'  itemprop=\"image\" itemscope=\"itemscope\" itemtype=\"https:\/\/schema.org\/ImageObject\" >\n\t\t\t\t\t\t<span itemprop='url'>https:\/\/rechtsanwalt.fr\/wp-content\/uploads\/2024\/05\/logo_header_fr_web.epp_.svg<\/span>\n\t\t\t\t\t\t<span itemprop='height'>0<\/span>\n\t\t\t\t\t\t<span itemprop='width'>0<\/span>\n\t\t\t\t<\/span>\n\t\t\t\t<span class='av-structured-data'  itemprop=\"publisher\" itemtype=\"https:\/\/schema.org\/Organization\" itemscope=\"itemscope\" >\n\t\t\t\t\t\t<span itemprop='name'>epp.content<\/span>\n\t\t\t\t\t\t<span itemprop='logo' itemscope itemtype='https:\/\/schema.org\/ImageObject'>\n\t\t\t\t\t\t\t<span itemprop='url'>https:\/\/rechtsanwalt.fr\/wp-content\/uploads\/2024\/05\/logo_header_fr_web.epp_.svg<\/span>\n\t\t\t\t\t\t<\/span>\n\t\t\t\t<\/span><span class='av-structured-data'  itemprop=\"author\" itemscope=\"itemscope\" itemtype=\"https:\/\/schema.org\/Person\" ><span itemprop='name'>epp.content<\/span><\/span><span class='av-structured-data'  itemprop=\"datePublished\" datetime=\"2016-08-02T16:05:00+02:00\" >2016-08-02 16:05:00<\/span><span class='av-structured-data'  itemprop=\"dateModified\" itemtype=\"https:\/\/schema.org\/dateModified\" >2021-04-06 17:04:45<\/span><span class='av-structured-data'  itemprop=\"mainEntityOfPage\" itemtype=\"https:\/\/schema.org\/mainEntityOfPage\" ><span itemprop='name'>Entreprendre en Allemagne : Int\u00e9gration de Conditions G\u00e9n\u00e9rales dans les relations commerciales dans le domaine B2B<\/span><\/span><\/span><\/article><article class=\"post-entry post-entry-type-standard post-entry-14231 post-loop-33 post-parity-odd bloglist-simple  post-14231 post type-post status-publish format-standard hentry category-archive-2016-fr-droit-fiscal\"  itemscope=\"itemscope\" itemtype=\"https:\/\/schema.org\/BlogPosting\" ><div class=\"blog-meta\"><\/div><div class='entry-content-wrapper clearfix standard-content'><header class=\"entry-content-header\" aria-label=\"Articles : Mentions obligatoires sur la correspondance commerciale et les factures en Allemagne\"><div class=\"av-heading-wrapper\"><span class=\"blog-categories minor-meta\"><a href=\"https:\/\/rechtsanwalt.fr\/fr\/category\/news-archive\/news-archive-2016\/archive-2016-fr-droit-fiscal\/\" rel=\"tag\">Droit fiscal<\/a><\/span><h2 class='post-title entry-title '  itemprop=\"headline\" ><a href=\"https:\/\/rechtsanwalt.fr\/fr\/mentions-obligatoires-sur-la-correspondance-commerciale-et-les-factures-en-allemagne-2\/\" rel=\"bookmark\" title=\"Lien permanent : Mentions obligatoires sur la correspondance commerciale et les factures en Allemagne\">Mentions obligatoires sur la correspondance commerciale et les factures en Allemagne<span class=\"post-format-icon minor-meta\"><\/span><\/a><\/h2><\/div><\/header><span class=\"post-meta-infos\"><time class=\"date-container minor-meta updated\"  itemprop=\"datePublished\" datetime=\"2016-07-25T15:50:00+02:00\" >25 juillet 2016<\/time><div class=\"read-more-link\"><a href=\"https:\/\/rechtsanwalt.fr\/fr\/mentions-obligatoires-sur-la-correspondance-commerciale-et-les-factures-en-allemagne-2\/\" class=\"more-link\">Lire la suite<span class='more-link-arrow avia-svg-icon avia-font-svg_entypo-fontello' data-av_svg_icon='right-open-big' data-av_iconset='svg_entypo-fontello'><svg version=\"1.1\" xmlns=\"http:\/\/www.w3.org\/2000\/svg\" width=\"15\" height=\"32\" viewBox=\"0 0 15 32\" preserveAspectRatio=\"xMidYMid meet\" role=\"graphics-symbol\" aria-hidden=\"true\">\n<path d=\"M0.416 27.84l11.456-11.84-11.456-11.904q-0.832-0.832 0-1.536 0.832-0.832 1.536 0l12.544 12.608q0.768 0.832 0 1.6l-12.544 12.608q-0.704 0.832-1.536 0-0.832-0.704 0-1.536z\"><\/path>\n<\/svg><\/span><\/a><\/div><\/span><footer class=\"entry-footer\"><\/footer><div class='post_delimiter'><\/div><\/div><div class=\"post_author_timeline\"><\/div><span class='hidden'>\n\t\t\t\t<span class='av-structured-data'  itemprop=\"image\" itemscope=\"itemscope\" itemtype=\"https:\/\/schema.org\/ImageObject\" >\n\t\t\t\t\t\t<span itemprop='url'>https:\/\/rechtsanwalt.fr\/wp-content\/uploads\/2024\/05\/logo_header_fr_web.epp_.svg<\/span>\n\t\t\t\t\t\t<span itemprop='height'>0<\/span>\n\t\t\t\t\t\t<span itemprop='width'>0<\/span>\n\t\t\t\t<\/span>\n\t\t\t\t<span class='av-structured-data'  itemprop=\"publisher\" itemtype=\"https:\/\/schema.org\/Organization\" itemscope=\"itemscope\" >\n\t\t\t\t\t\t<span itemprop='name'>epp.content<\/span>\n\t\t\t\t\t\t<span itemprop='logo' itemscope itemtype='https:\/\/schema.org\/ImageObject'>\n\t\t\t\t\t\t\t<span itemprop='url'>https:\/\/rechtsanwalt.fr\/wp-content\/uploads\/2024\/05\/logo_header_fr_web.epp_.svg<\/span>\n\t\t\t\t\t\t<\/span>\n\t\t\t\t<\/span><span class='av-structured-data'  itemprop=\"author\" itemscope=\"itemscope\" itemtype=\"https:\/\/schema.org\/Person\" ><span itemprop='name'>epp.content<\/span><\/span><span class='av-structured-data'  itemprop=\"datePublished\" datetime=\"2016-07-25T15:50:00+02:00\" >2016-07-25 15:50:00<\/span><span class='av-structured-data'  itemprop=\"dateModified\" itemtype=\"https:\/\/schema.org\/dateModified\" >2021-04-06 17:03:27<\/span><span class='av-structured-data'  itemprop=\"mainEntityOfPage\" itemtype=\"https:\/\/schema.org\/mainEntityOfPage\" ><span itemprop='name'>Mentions obligatoires sur la correspondance commerciale et les factures en Allemagne<\/span><\/span><\/span><\/article><article class=\"post-entry post-entry-type-standard post-entry-14212 post-loop-34 post-parity-even bloglist-simple  post-14212 post type-post status-publish format-standard hentry category-archive-2016-fr-droit-des-societes\"  itemscope=\"itemscope\" itemtype=\"https:\/\/schema.org\/BlogPosting\" ><div class=\"blog-meta\"><\/div><div class='entry-content-wrapper clearfix standard-content'><header class=\"entry-content-header\" aria-label=\"Articles : Entreprises en Allemagne : Nouvelle directive europ\u00e9enne en mati\u00e8re de protection des savoir-faire et des secrets d\u2019affaires\"><div class=\"av-heading-wrapper\"><span class=\"blog-categories minor-meta\"><a href=\"https:\/\/rechtsanwalt.fr\/fr\/category\/news-archive\/news-archive-2016\/archive-2016-fr-droit-des-societes\/\" rel=\"tag\">Droit des soci\u00e9t\u00e9s<\/a><\/span><h2 class='post-title entry-title '  itemprop=\"headline\" ><a href=\"https:\/\/rechtsanwalt.fr\/fr\/entreprises-en-allemagne-nouvelle-directive-europeenne-en-matiere-de-protection-des-savoir-faire-et-des-secrets-daffaires\/\" rel=\"bookmark\" title=\"Lien permanent : Entreprises en Allemagne : Nouvelle directive europ\u00e9enne en mati\u00e8re de protection des savoir-faire et des secrets d\u2019affaires\">Entreprises en Allemagne : Nouvelle directive europ\u00e9enne en mati\u00e8re de protection des savoir-faire et des secrets d\u2019affaires<span class=\"post-format-icon minor-meta\"><\/span><\/a><\/h2><\/div><\/header><span class=\"post-meta-infos\"><time class=\"date-container minor-meta updated\"  itemprop=\"datePublished\" datetime=\"2016-07-25T11:09:00+02:00\" >25 juillet 2016<\/time><div class=\"read-more-link\"><a href=\"https:\/\/rechtsanwalt.fr\/fr\/entreprises-en-allemagne-nouvelle-directive-europeenne-en-matiere-de-protection-des-savoir-faire-et-des-secrets-daffaires\/\" class=\"more-link\">Lire la suite<span class='more-link-arrow avia-svg-icon avia-font-svg_entypo-fontello' data-av_svg_icon='right-open-big' data-av_iconset='svg_entypo-fontello'><svg version=\"1.1\" xmlns=\"http:\/\/www.w3.org\/2000\/svg\" width=\"15\" height=\"32\" viewBox=\"0 0 15 32\" preserveAspectRatio=\"xMidYMid meet\" role=\"graphics-symbol\" aria-hidden=\"true\">\n<path d=\"M0.416 27.84l11.456-11.84-11.456-11.904q-0.832-0.832 0-1.536 0.832-0.832 1.536 0l12.544 12.608q0.768 0.832 0 1.6l-12.544 12.608q-0.704 0.832-1.536 0-0.832-0.704 0-1.536z\"><\/path>\n<\/svg><\/span><\/a><\/div><\/span><footer class=\"entry-footer\"><\/footer><div class='post_delimiter'><\/div><\/div><div class=\"post_author_timeline\"><\/div><span class='hidden'>\n\t\t\t\t<span class='av-structured-data'  itemprop=\"image\" itemscope=\"itemscope\" itemtype=\"https:\/\/schema.org\/ImageObject\" >\n\t\t\t\t\t\t<span itemprop='url'>https:\/\/rechtsanwalt.fr\/wp-content\/uploads\/2024\/05\/logo_header_fr_web.epp_.svg<\/span>\n\t\t\t\t\t\t<span itemprop='height'>0<\/span>\n\t\t\t\t\t\t<span itemprop='width'>0<\/span>\n\t\t\t\t<\/span>\n\t\t\t\t<span class='av-structured-data'  itemprop=\"publisher\" itemtype=\"https:\/\/schema.org\/Organization\" itemscope=\"itemscope\" >\n\t\t\t\t\t\t<span itemprop='name'>epp.content<\/span>\n\t\t\t\t\t\t<span itemprop='logo' itemscope itemtype='https:\/\/schema.org\/ImageObject'>\n\t\t\t\t\t\t\t<span itemprop='url'>https:\/\/rechtsanwalt.fr\/wp-content\/uploads\/2024\/05\/logo_header_fr_web.epp_.svg<\/span>\n\t\t\t\t\t\t<\/span>\n\t\t\t\t<\/span><span class='av-structured-data'  itemprop=\"author\" itemscope=\"itemscope\" itemtype=\"https:\/\/schema.org\/Person\" ><span itemprop='name'>epp.content<\/span><\/span><span class='av-structured-data'  itemprop=\"datePublished\" datetime=\"2016-07-25T11:09:00+02:00\" >2016-07-25 11:09:00<\/span><span class='av-structured-data'  itemprop=\"dateModified\" itemtype=\"https:\/\/schema.org\/dateModified\" >2021-04-06 17:01:09<\/span><span class='av-structured-data'  itemprop=\"mainEntityOfPage\" itemtype=\"https:\/\/schema.org\/mainEntityOfPage\" ><span itemprop='name'>Entreprises en Allemagne : Nouvelle directive europ\u00e9enne en mati\u00e8re de protection des savoir-faire et des secrets d\u2019affaires<\/span><\/span><\/span><\/article><article class=\"post-entry post-entry-type-standard post-entry-14210 post-loop-35 post-parity-odd bloglist-simple  post-14210 post type-post status-publish format-standard hentry category-archive-2016-fr-droit-social\"  itemscope=\"itemscope\" itemtype=\"https:\/\/schema.org\/BlogPosting\" ><div class=\"blog-meta\"><\/div><div class='entry-content-wrapper clearfix standard-content'><header class=\"entry-content-header\" aria-label=\"Articles : Entreprises en Allemagne : Incitation aux entreprises \u00e0 adh\u00e9rer \u00e0 une convention collective\"><div class=\"av-heading-wrapper\"><span class=\"blog-categories minor-meta\"><a href=\"https:\/\/rechtsanwalt.fr\/fr\/category\/news-archive\/news-archive-2016\/archive-2016-fr-droit-social\/\" rel=\"tag\">Droit social<\/a><\/span><h2 class='post-title entry-title '  itemprop=\"headline\" ><a href=\"https:\/\/rechtsanwalt.fr\/fr\/entreprises-en-allemagne-incitation-aux-entreprises-a-adherer-a-une-convention-collective\/\" rel=\"bookmark\" title=\"Lien permanent : Entreprises en Allemagne : Incitation aux entreprises \u00e0 adh\u00e9rer \u00e0 une convention collective\">Entreprises en Allemagne : Incitation aux entreprises \u00e0 adh\u00e9rer \u00e0 une convention collective<span class=\"post-format-icon minor-meta\"><\/span><\/a><\/h2><\/div><\/header><span class=\"post-meta-infos\"><time class=\"date-container minor-meta updated\"  itemprop=\"datePublished\" datetime=\"2016-07-25T10:57:00+02:00\" >25 juillet 2016<\/time><div class=\"read-more-link\"><a href=\"https:\/\/rechtsanwalt.fr\/fr\/entreprises-en-allemagne-incitation-aux-entreprises-a-adherer-a-une-convention-collective\/\" class=\"more-link\">Lire la suite<span class='more-link-arrow avia-svg-icon avia-font-svg_entypo-fontello' data-av_svg_icon='right-open-big' data-av_iconset='svg_entypo-fontello'><svg version=\"1.1\" xmlns=\"http:\/\/www.w3.org\/2000\/svg\" width=\"15\" height=\"32\" viewBox=\"0 0 15 32\" preserveAspectRatio=\"xMidYMid meet\" role=\"graphics-symbol\" aria-hidden=\"true\">\n<path d=\"M0.416 27.84l11.456-11.84-11.456-11.904q-0.832-0.832 0-1.536 0.832-0.832 1.536 0l12.544 12.608q0.768 0.832 0 1.6l-12.544 12.608q-0.704 0.832-1.536 0-0.832-0.704 0-1.536z\"><\/path>\n<\/svg><\/span><\/a><\/div><\/span><footer class=\"entry-footer\"><\/footer><div class='post_delimiter'><\/div><\/div><div class=\"post_author_timeline\"><\/div><span class='hidden'>\n\t\t\t\t<span class='av-structured-data'  itemprop=\"image\" itemscope=\"itemscope\" itemtype=\"https:\/\/schema.org\/ImageObject\" >\n\t\t\t\t\t\t<span itemprop='url'>https:\/\/rechtsanwalt.fr\/wp-content\/uploads\/2024\/05\/logo_header_fr_web.epp_.svg<\/span>\n\t\t\t\t\t\t<span itemprop='height'>0<\/span>\n\t\t\t\t\t\t<span itemprop='width'>0<\/span>\n\t\t\t\t<\/span>\n\t\t\t\t<span class='av-structured-data'  itemprop=\"publisher\" itemtype=\"https:\/\/schema.org\/Organization\" itemscope=\"itemscope\" >\n\t\t\t\t\t\t<span itemprop='name'>epp.content<\/span>\n\t\t\t\t\t\t<span itemprop='logo' itemscope itemtype='https:\/\/schema.org\/ImageObject'>\n\t\t\t\t\t\t\t<span itemprop='url'>https:\/\/rechtsanwalt.fr\/wp-content\/uploads\/2024\/05\/logo_header_fr_web.epp_.svg<\/span>\n\t\t\t\t\t\t<\/span>\n\t\t\t\t<\/span><span class='av-structured-data'  itemprop=\"author\" itemscope=\"itemscope\" itemtype=\"https:\/\/schema.org\/Person\" ><span itemprop='name'>epp.content<\/span><\/span><span class='av-structured-data'  itemprop=\"datePublished\" datetime=\"2016-07-25T10:57:00+02:00\" >2016-07-25 10:57:00<\/span><span class='av-structured-data'  itemprop=\"dateModified\" itemtype=\"https:\/\/schema.org\/dateModified\" >2021-04-06 16:59:50<\/span><span class='av-structured-data'  itemprop=\"mainEntityOfPage\" itemtype=\"https:\/\/schema.org\/mainEntityOfPage\" ><span itemprop='name'>Entreprises en Allemagne : Incitation aux entreprises \u00e0 adh\u00e9rer \u00e0 une convention collective<\/span><\/span><\/span><\/article><article class=\"post-entry post-entry-type-standard post-entry-14218 post-loop-36 post-parity-even bloglist-simple  post-14218 post type-post status-publish format-standard hentry category-archive-2016-fr-droit-social\"  itemscope=\"itemscope\" itemtype=\"https:\/\/schema.org\/BlogPosting\" ><div class=\"blog-meta\"><\/div><div class='entry-content-wrapper clearfix standard-content'><header class=\"entry-content-header\" aria-label=\"Articles : Droit du travail allemand : La difficile conciliation entre la protection des donn\u00e9es personnelles et la lutte contre l\u2019utilisation abusive d\u2019internet \u00e0 titre priv\u00e9\"><div class=\"av-heading-wrapper\"><span class=\"blog-categories minor-meta\"><a href=\"https:\/\/rechtsanwalt.fr\/fr\/category\/news-archive\/news-archive-2016\/archive-2016-fr-droit-social\/\" rel=\"tag\">Droit social<\/a><\/span><h2 class='post-title entry-title '  itemprop=\"headline\" ><a href=\"https:\/\/rechtsanwalt.fr\/fr\/droit-du-travail-allemand-la-difficile-conciliation-entre-la-protection-des-donnees-personnelles-et-la-lutte-contre-lutilisation-abusive-dinternet-a-titre-prive-2\/\" rel=\"bookmark\" title=\"Lien permanent : Droit du travail allemand : La difficile conciliation entre la protection des donn\u00e9es personnelles et la lutte contre l\u2019utilisation abusive d\u2019internet \u00e0 titre priv\u00e9\">Droit du travail allemand : La difficile conciliation entre la protection des donn\u00e9es personnelles et la lutte contre l\u2019utilisation abusive d\u2019internet \u00e0 titre priv\u00e9<span class=\"post-format-icon minor-meta\"><\/span><\/a><\/h2><\/div><\/header><span class=\"post-meta-infos\"><time class=\"date-container minor-meta updated\"  itemprop=\"datePublished\" datetime=\"2016-07-25T10:16:00+02:00\" >25 juillet 2016<\/time><div class=\"read-more-link\"><a href=\"https:\/\/rechtsanwalt.fr\/fr\/droit-du-travail-allemand-la-difficile-conciliation-entre-la-protection-des-donnees-personnelles-et-la-lutte-contre-lutilisation-abusive-dinternet-a-titre-prive-2\/\" class=\"more-link\">Lire la suite<span class='more-link-arrow avia-svg-icon avia-font-svg_entypo-fontello' data-av_svg_icon='right-open-big' data-av_iconset='svg_entypo-fontello'><svg version=\"1.1\" xmlns=\"http:\/\/www.w3.org\/2000\/svg\" width=\"15\" height=\"32\" viewBox=\"0 0 15 32\" preserveAspectRatio=\"xMidYMid meet\" role=\"graphics-symbol\" aria-hidden=\"true\">\n<path d=\"M0.416 27.84l11.456-11.84-11.456-11.904q-0.832-0.832 0-1.536 0.832-0.832 1.536 0l12.544 12.608q0.768 0.832 0 1.6l-12.544 12.608q-0.704 0.832-1.536 0-0.832-0.704 0-1.536z\"><\/path>\n<\/svg><\/span><\/a><\/div><\/span><footer class=\"entry-footer\"><\/footer><div class='post_delimiter'><\/div><\/div><div class=\"post_author_timeline\"><\/div><span class='hidden'>\n\t\t\t\t<span class='av-structured-data'  itemprop=\"image\" itemscope=\"itemscope\" itemtype=\"https:\/\/schema.org\/ImageObject\" >\n\t\t\t\t\t\t<span itemprop='url'>https:\/\/rechtsanwalt.fr\/wp-content\/uploads\/2024\/05\/logo_header_fr_web.epp_.svg<\/span>\n\t\t\t\t\t\t<span itemprop='height'>0<\/span>\n\t\t\t\t\t\t<span itemprop='width'>0<\/span>\n\t\t\t\t<\/span>\n\t\t\t\t<span class='av-structured-data'  itemprop=\"publisher\" itemtype=\"https:\/\/schema.org\/Organization\" itemscope=\"itemscope\" >\n\t\t\t\t\t\t<span itemprop='name'>epp.content<\/span>\n\t\t\t\t\t\t<span itemprop='logo' itemscope itemtype='https:\/\/schema.org\/ImageObject'>\n\t\t\t\t\t\t\t<span itemprop='url'>https:\/\/rechtsanwalt.fr\/wp-content\/uploads\/2024\/05\/logo_header_fr_web.epp_.svg<\/span>\n\t\t\t\t\t\t<\/span>\n\t\t\t\t<\/span><span class='av-structured-data'  itemprop=\"author\" itemscope=\"itemscope\" itemtype=\"https:\/\/schema.org\/Person\" ><span itemprop='name'>epp.content<\/span><\/span><span class='av-structured-data'  itemprop=\"datePublished\" datetime=\"2016-07-25T10:16:00+02:00\" >2016-07-25 10:16:00<\/span><span class='av-structured-data'  itemprop=\"dateModified\" itemtype=\"https:\/\/schema.org\/dateModified\" >2021-04-06 16:58:52<\/span><span class='av-structured-data'  itemprop=\"mainEntityOfPage\" itemtype=\"https:\/\/schema.org\/mainEntityOfPage\" ><span itemprop='name'>Droit du travail allemand : La difficile conciliation entre la protection des donn\u00e9es personnelles et la lutte contre l\u2019utilisation abusive d\u2019internet \u00e0 titre priv\u00e9<\/span><\/span><\/span><\/article><article class=\"post-entry post-entry-type-standard post-entry-14205 post-loop-37 post-parity-odd bloglist-simple  post-14205 post type-post status-publish format-standard hentry category-archive-2016-fr-droit-social\"  itemscope=\"itemscope\" itemtype=\"https:\/\/schema.org\/BlogPosting\" ><div class=\"blog-meta\"><\/div><div class='entry-content-wrapper clearfix standard-content'><header class=\"entry-content-header\" aria-label=\"Articles : SMIC allemand : Le salaire minimum passera \u00e0 8,84 \u20ac en 2017\"><div class=\"av-heading-wrapper\"><span class=\"blog-categories minor-meta\"><a href=\"https:\/\/rechtsanwalt.fr\/fr\/category\/news-archive\/news-archive-2016\/archive-2016-fr-droit-social\/\" rel=\"tag\">Droit social<\/a><\/span><h2 class='post-title entry-title '  itemprop=\"headline\" ><a href=\"https:\/\/rechtsanwalt.fr\/fr\/smic-allemand-le-salaire-minimum-passera-a-884-e-en-2017\/\" rel=\"bookmark\" title=\"Lien permanent : SMIC allemand : Le salaire minimum passera \u00e0 8,84 \u20ac en 2017\">SMIC allemand : Le salaire minimum passera \u00e0 8,84 \u20ac en 2017<span class=\"post-format-icon minor-meta\"><\/span><\/a><\/h2><\/div><\/header><span class=\"post-meta-infos\"><time class=\"date-container minor-meta updated\"  itemprop=\"datePublished\" datetime=\"2016-07-11T14:56:00+02:00\" >11 juillet 2016<\/time><div class=\"read-more-link\"><a href=\"https:\/\/rechtsanwalt.fr\/fr\/smic-allemand-le-salaire-minimum-passera-a-884-e-en-2017\/\" class=\"more-link\">Lire la suite<span class='more-link-arrow avia-svg-icon avia-font-svg_entypo-fontello' data-av_svg_icon='right-open-big' data-av_iconset='svg_entypo-fontello'><svg version=\"1.1\" xmlns=\"http:\/\/www.w3.org\/2000\/svg\" width=\"15\" height=\"32\" viewBox=\"0 0 15 32\" preserveAspectRatio=\"xMidYMid meet\" role=\"graphics-symbol\" aria-hidden=\"true\">\n<path d=\"M0.416 27.84l11.456-11.84-11.456-11.904q-0.832-0.832 0-1.536 0.832-0.832 1.536 0l12.544 12.608q0.768 0.832 0 1.6l-12.544 12.608q-0.704 0.832-1.536 0-0.832-0.704 0-1.536z\"><\/path>\n<\/svg><\/span><\/a><\/div><\/span><footer class=\"entry-footer\"><\/footer><div class='post_delimiter'><\/div><\/div><div class=\"post_author_timeline\"><\/div><span class='hidden'>\n\t\t\t\t<span class='av-structured-data'  itemprop=\"image\" itemscope=\"itemscope\" itemtype=\"https:\/\/schema.org\/ImageObject\" >\n\t\t\t\t\t\t<span itemprop='url'>https:\/\/rechtsanwalt.fr\/wp-content\/uploads\/2024\/05\/logo_header_fr_web.epp_.svg<\/span>\n\t\t\t\t\t\t<span itemprop='height'>0<\/span>\n\t\t\t\t\t\t<span itemprop='width'>0<\/span>\n\t\t\t\t<\/span>\n\t\t\t\t<span class='av-structured-data'  itemprop=\"publisher\" itemtype=\"https:\/\/schema.org\/Organization\" itemscope=\"itemscope\" >\n\t\t\t\t\t\t<span itemprop='name'>epp.content<\/span>\n\t\t\t\t\t\t<span itemprop='logo' itemscope itemtype='https:\/\/schema.org\/ImageObject'>\n\t\t\t\t\t\t\t<span itemprop='url'>https:\/\/rechtsanwalt.fr\/wp-content\/uploads\/2024\/05\/logo_header_fr_web.epp_.svg<\/span>\n\t\t\t\t\t\t<\/span>\n\t\t\t\t<\/span><span class='av-structured-data'  itemprop=\"author\" itemscope=\"itemscope\" itemtype=\"https:\/\/schema.org\/Person\" ><span itemprop='name'>epp.content<\/span><\/span><span class='av-structured-data'  itemprop=\"datePublished\" datetime=\"2016-07-11T14:56:00+02:00\" >2016-07-11 14:56:00<\/span><span class='av-structured-data'  itemprop=\"dateModified\" itemtype=\"https:\/\/schema.org\/dateModified\" >2021-04-06 16:58:08<\/span><span class='av-structured-data'  itemprop=\"mainEntityOfPage\" itemtype=\"https:\/\/schema.org\/mainEntityOfPage\" ><span itemprop='name'>SMIC allemand : Le salaire minimum passera \u00e0 8,84 \u20ac en 2017<\/span><\/span><\/span><\/article><article class=\"post-entry post-entry-type-standard post-entry-14200 post-loop-38 post-parity-even bloglist-simple  post-14200 post type-post status-publish format-standard hentry category-archive-2016-fr-droit-des-contrats\"  itemscope=\"itemscope\" itemtype=\"https:\/\/schema.org\/BlogPosting\" ><div class=\"blog-meta\"><\/div><div class='entry-content-wrapper clearfix standard-content'><header class=\"entry-content-header\" aria-label=\"Articles : Les int\u00e9r\u00eats de retard l\u00e9gaux en Allemagne : L\u00e9g\u00e8re baisse du taux d\u2019int\u00e9r\u00eat de base allemand au 1er juillet 2016\"><div class=\"av-heading-wrapper\"><span class=\"blog-categories minor-meta\"><a href=\"https:\/\/rechtsanwalt.fr\/fr\/category\/news-archive\/news-archive-2016\/archive-2016-fr-droit-des-contrats\/\" rel=\"tag\">Droit des contrats<\/a><\/span><h2 class='post-title entry-title '  itemprop=\"headline\" ><a href=\"https:\/\/rechtsanwalt.fr\/fr\/les-interets-de-retard-legaux-en-allemagne-legere-baisse-du-taux-dinteret-de-base-allemand-au-1er-juillet-2016\/\" rel=\"bookmark\" title=\"Lien permanent : Les int\u00e9r\u00eats de retard l\u00e9gaux en Allemagne : L\u00e9g\u00e8re baisse du taux d\u2019int\u00e9r\u00eat de base allemand au 1er juillet 2016\">Les int\u00e9r\u00eats de retard l\u00e9gaux en Allemagne : L\u00e9g\u00e8re baisse du taux d\u2019int\u00e9r\u00eat de base allemand au 1er juillet 2016<span class=\"post-format-icon minor-meta\"><\/span><\/a><\/h2><\/div><\/header><span class=\"post-meta-infos\"><time class=\"date-container minor-meta updated\"  itemprop=\"datePublished\" datetime=\"2016-07-11T14:46:00+02:00\" >11 juillet 2016<\/time><div class=\"read-more-link\"><a href=\"https:\/\/rechtsanwalt.fr\/fr\/les-interets-de-retard-legaux-en-allemagne-legere-baisse-du-taux-dinteret-de-base-allemand-au-1er-juillet-2016\/\" class=\"more-link\">Lire la suite<span class='more-link-arrow avia-svg-icon avia-font-svg_entypo-fontello' data-av_svg_icon='right-open-big' data-av_iconset='svg_entypo-fontello'><svg version=\"1.1\" xmlns=\"http:\/\/www.w3.org\/2000\/svg\" width=\"15\" height=\"32\" viewBox=\"0 0 15 32\" preserveAspectRatio=\"xMidYMid meet\" role=\"graphics-symbol\" aria-hidden=\"true\">\n<path d=\"M0.416 27.84l11.456-11.84-11.456-11.904q-0.832-0.832 0-1.536 0.832-0.832 1.536 0l12.544 12.608q0.768 0.832 0 1.6l-12.544 12.608q-0.704 0.832-1.536 0-0.832-0.704 0-1.536z\"><\/path>\n<\/svg><\/span><\/a><\/div><\/span><footer class=\"entry-footer\"><\/footer><div class='post_delimiter'><\/div><\/div><div class=\"post_author_timeline\"><\/div><span class='hidden'>\n\t\t\t\t<span class='av-structured-data'  itemprop=\"image\" itemscope=\"itemscope\" itemtype=\"https:\/\/schema.org\/ImageObject\" >\n\t\t\t\t\t\t<span itemprop='url'>https:\/\/rechtsanwalt.fr\/wp-content\/uploads\/2024\/05\/logo_header_fr_web.epp_.svg<\/span>\n\t\t\t\t\t\t<span itemprop='height'>0<\/span>\n\t\t\t\t\t\t<span itemprop='width'>0<\/span>\n\t\t\t\t<\/span>\n\t\t\t\t<span class='av-structured-data'  itemprop=\"publisher\" itemtype=\"https:\/\/schema.org\/Organization\" itemscope=\"itemscope\" >\n\t\t\t\t\t\t<span itemprop='name'>epp.content<\/span>\n\t\t\t\t\t\t<span itemprop='logo' itemscope itemtype='https:\/\/schema.org\/ImageObject'>\n\t\t\t\t\t\t\t<span itemprop='url'>https:\/\/rechtsanwalt.fr\/wp-content\/uploads\/2024\/05\/logo_header_fr_web.epp_.svg<\/span>\n\t\t\t\t\t\t<\/span>\n\t\t\t\t<\/span><span class='av-structured-data'  itemprop=\"author\" itemscope=\"itemscope\" itemtype=\"https:\/\/schema.org\/Person\" ><span itemprop='name'>epp.content<\/span><\/span><span class='av-structured-data'  itemprop=\"datePublished\" datetime=\"2016-07-11T14:46:00+02:00\" >2016-07-11 14:46:00<\/span><span class='av-structured-data'  itemprop=\"dateModified\" itemtype=\"https:\/\/schema.org\/dateModified\" >2021-04-06 16:57:34<\/span><span class='av-structured-data'  itemprop=\"mainEntityOfPage\" itemtype=\"https:\/\/schema.org\/mainEntityOfPage\" ><span itemprop='name'>Les int\u00e9r\u00eats de retard l\u00e9gaux en Allemagne : L\u00e9g\u00e8re baisse du taux d\u2019int\u00e9r\u00eat de base allemand au 1er juillet 2016<\/span><\/span><\/span><\/article><article class=\"post-entry post-entry-type-standard post-entry-14197 post-loop-39 post-parity-odd bloglist-simple  post-14197 post type-post status-publish format-standard hentry category-archive-2016-fr-droit-social\"  itemscope=\"itemscope\" itemtype=\"https:\/\/schema.org\/BlogPosting\" ><div class=\"blog-meta\"><\/div><div class='entry-content-wrapper clearfix standard-content'><header class=\"entry-content-header\" aria-label=\"Articles : Droit du travail allemand : Int\u00e9gration du temps d\u2019habillage et de d\u00e9shabillage dans le d\u00e9compte des heures de travail\"><div class=\"av-heading-wrapper\"><span class=\"blog-categories minor-meta\"><a href=\"https:\/\/rechtsanwalt.fr\/fr\/category\/news-archive\/news-archive-2016\/archive-2016-fr-droit-social\/\" rel=\"tag\">Droit social<\/a><\/span><h2 class='post-title entry-title '  itemprop=\"headline\" ><a href=\"https:\/\/rechtsanwalt.fr\/fr\/droit-du-travail-allemand-integration-du-temps-dhabillage-et-de-deshabillage-dans-le-decompte-des-heures-de-travail\/\" rel=\"bookmark\" title=\"Lien permanent : Droit du travail allemand : Int\u00e9gration du temps d\u2019habillage et de d\u00e9shabillage dans le d\u00e9compte des heures de travail\">Droit du travail allemand : Int\u00e9gration du temps d\u2019habillage et de d\u00e9shabillage dans le d\u00e9compte des heures de travail<span class=\"post-format-icon minor-meta\"><\/span><\/a><\/h2><\/div><\/header><span class=\"post-meta-infos\"><time class=\"date-container minor-meta updated\"  itemprop=\"datePublished\" datetime=\"2016-07-11T14:45:00+02:00\" >11 juillet 2016<\/time><div class=\"read-more-link\"><a href=\"https:\/\/rechtsanwalt.fr\/fr\/droit-du-travail-allemand-integration-du-temps-dhabillage-et-de-deshabillage-dans-le-decompte-des-heures-de-travail\/\" class=\"more-link\">Lire la suite<span class='more-link-arrow avia-svg-icon avia-font-svg_entypo-fontello' data-av_svg_icon='right-open-big' data-av_iconset='svg_entypo-fontello'><svg version=\"1.1\" xmlns=\"http:\/\/www.w3.org\/2000\/svg\" width=\"15\" height=\"32\" viewBox=\"0 0 15 32\" preserveAspectRatio=\"xMidYMid meet\" role=\"graphics-symbol\" aria-hidden=\"true\">\n<path d=\"M0.416 27.84l11.456-11.84-11.456-11.904q-0.832-0.832 0-1.536 0.832-0.832 1.536 0l12.544 12.608q0.768 0.832 0 1.6l-12.544 12.608q-0.704 0.832-1.536 0-0.832-0.704 0-1.536z\"><\/path>\n<\/svg><\/span><\/a><\/div><\/span><footer class=\"entry-footer\"><\/footer><div class='post_delimiter'><\/div><\/div><div class=\"post_author_timeline\"><\/div><span class='hidden'>\n\t\t\t\t<span class='av-structured-data'  itemprop=\"image\" itemscope=\"itemscope\" itemtype=\"https:\/\/schema.org\/ImageObject\" >\n\t\t\t\t\t\t<span itemprop='url'>https:\/\/rechtsanwalt.fr\/wp-content\/uploads\/2024\/05\/logo_header_fr_web.epp_.svg<\/span>\n\t\t\t\t\t\t<span itemprop='height'>0<\/span>\n\t\t\t\t\t\t<span itemprop='width'>0<\/span>\n\t\t\t\t<\/span>\n\t\t\t\t<span class='av-structured-data'  itemprop=\"publisher\" itemtype=\"https:\/\/schema.org\/Organization\" itemscope=\"itemscope\" >\n\t\t\t\t\t\t<span itemprop='name'>epp.content<\/span>\n\t\t\t\t\t\t<span itemprop='logo' itemscope itemtype='https:\/\/schema.org\/ImageObject'>\n\t\t\t\t\t\t\t<span itemprop='url'>https:\/\/rechtsanwalt.fr\/wp-content\/uploads\/2024\/05\/logo_header_fr_web.epp_.svg<\/span>\n\t\t\t\t\t\t<\/span>\n\t\t\t\t<\/span><span class='av-structured-data'  itemprop=\"author\" itemscope=\"itemscope\" itemtype=\"https:\/\/schema.org\/Person\" ><span itemprop='name'>epp.content<\/span><\/span><span class='av-structured-data'  itemprop=\"datePublished\" datetime=\"2016-07-11T14:45:00+02:00\" >2016-07-11 14:45:00<\/span><span class='av-structured-data'  itemprop=\"dateModified\" itemtype=\"https:\/\/schema.org\/dateModified\" >2021-04-06 16:57:01<\/span><span class='av-structured-data'  itemprop=\"mainEntityOfPage\" itemtype=\"https:\/\/schema.org\/mainEntityOfPage\" ><span itemprop='name'>Droit du travail allemand : Int\u00e9gration du temps d\u2019habillage et de d\u00e9shabillage dans le d\u00e9compte des heures de travail<\/span><\/span><\/span><\/article><article class=\"post-entry post-entry-type-standard post-entry-14192 post-loop-40 post-parity-even bloglist-simple  post-14192 post type-post status-publish format-standard hentry category-archive-2016-fr-droit-des-contrats\"  itemscope=\"itemscope\" itemtype=\"https:\/\/schema.org\/BlogPosting\" ><div class=\"blog-meta\"><\/div><div class='entry-content-wrapper clearfix standard-content'><header class=\"entry-content-header\" aria-label=\"Articles : Contentieux en Allemagne : Pr\u00e9sentation de l\u2019organisation judiciaire allemande\"><div class=\"av-heading-wrapper\"><span class=\"blog-categories minor-meta\"><a href=\"https:\/\/rechtsanwalt.fr\/fr\/category\/news-archive\/news-archive-2016\/archive-2016-fr-droit-des-contrats\/\" rel=\"tag\">Droit des contrats<\/a><\/span><h2 class='post-title entry-title '  itemprop=\"headline\" ><a href=\"https:\/\/rechtsanwalt.fr\/fr\/contentieux-en-allemagne-presentation-de-lorganisation-judiciaire-allemande-3\/\" rel=\"bookmark\" title=\"Lien permanent : Contentieux en Allemagne : Pr\u00e9sentation de l\u2019organisation judiciaire allemande\">Contentieux en Allemagne : Pr\u00e9sentation de l\u2019organisation judiciaire allemande<span class=\"post-format-icon minor-meta\"><\/span><\/a><\/h2><\/div><\/header><span class=\"post-meta-infos\"><time class=\"date-container minor-meta updated\"  itemprop=\"datePublished\" datetime=\"2016-06-07T14:36:15+02:00\" >7 juin 2016<\/time><div class=\"read-more-link\"><a href=\"https:\/\/rechtsanwalt.fr\/fr\/contentieux-en-allemagne-presentation-de-lorganisation-judiciaire-allemande-3\/\" class=\"more-link\">Lire la suite<span class='more-link-arrow avia-svg-icon avia-font-svg_entypo-fontello' data-av_svg_icon='right-open-big' data-av_iconset='svg_entypo-fontello'><svg version=\"1.1\" xmlns=\"http:\/\/www.w3.org\/2000\/svg\" width=\"15\" height=\"32\" viewBox=\"0 0 15 32\" preserveAspectRatio=\"xMidYMid meet\" role=\"graphics-symbol\" aria-hidden=\"true\">\n<path d=\"M0.416 27.84l11.456-11.84-11.456-11.904q-0.832-0.832 0-1.536 0.832-0.832 1.536 0l12.544 12.608q0.768 0.832 0 1.6l-12.544 12.608q-0.704 0.832-1.536 0-0.832-0.704 0-1.536z\"><\/path>\n<\/svg><\/span><\/a><\/div><\/span><footer class=\"entry-footer\"><\/footer><div class='post_delimiter'><\/div><\/div><div class=\"post_author_timeline\"><\/div><span class='hidden'>\n\t\t\t\t<span class='av-structured-data'  itemprop=\"image\" itemscope=\"itemscope\" itemtype=\"https:\/\/schema.org\/ImageObject\" >\n\t\t\t\t\t\t<span itemprop='url'>https:\/\/rechtsanwalt.fr\/wp-content\/uploads\/2024\/05\/logo_header_fr_web.epp_.svg<\/span>\n\t\t\t\t\t\t<span itemprop='height'>0<\/span>\n\t\t\t\t\t\t<span itemprop='width'>0<\/span>\n\t\t\t\t<\/span>\n\t\t\t\t<span class='av-structured-data'  itemprop=\"publisher\" itemtype=\"https:\/\/schema.org\/Organization\" itemscope=\"itemscope\" >\n\t\t\t\t\t\t<span itemprop='name'>epp.content<\/span>\n\t\t\t\t\t\t<span itemprop='logo' itemscope itemtype='https:\/\/schema.org\/ImageObject'>\n\t\t\t\t\t\t\t<span itemprop='url'>https:\/\/rechtsanwalt.fr\/wp-content\/uploads\/2024\/05\/logo_header_fr_web.epp_.svg<\/span>\n\t\t\t\t\t\t<\/span>\n\t\t\t\t<\/span><span class='av-structured-data'  itemprop=\"author\" itemscope=\"itemscope\" itemtype=\"https:\/\/schema.org\/Person\" ><span itemprop='name'>epp.content<\/span><\/span><span class='av-structured-data'  itemprop=\"datePublished\" datetime=\"2016-06-07T14:36:15+02:00\" >2016-06-07 14:36:15<\/span><span class='av-structured-data'  itemprop=\"dateModified\" itemtype=\"https:\/\/schema.org\/dateModified\" >2021-04-06 16:56:36<\/span><span class='av-structured-data'  itemprop=\"mainEntityOfPage\" itemtype=\"https:\/\/schema.org\/mainEntityOfPage\" ><span itemprop='name'>Contentieux en Allemagne : Pr\u00e9sentation de l\u2019organisation judiciaire allemande<\/span><\/span><\/span><\/article><article class=\"post-entry post-entry-type-standard post-entry-14190 post-loop-41 post-parity-odd bloglist-simple  post-14190 post type-post status-publish format-standard hentry category-archive-2016-fr-droit-social\"  itemscope=\"itemscope\" itemtype=\"https:\/\/schema.org\/BlogPosting\" ><div class=\"blog-meta\"><\/div><div class='entry-content-wrapper clearfix standard-content'><header class=\"entry-content-header\" aria-label=\"Articles : Salari\u00e9s en Allemagne : Prestation de travail jug\u00e9e insuffisante (\u00ab Low Performer \u00bb)\"><div class=\"av-heading-wrapper\"><span class=\"blog-categories minor-meta\"><a href=\"https:\/\/rechtsanwalt.fr\/fr\/category\/news-archive\/news-archive-2016\/archive-2016-fr-droit-social\/\" rel=\"tag\">Droit social<\/a><\/span><h2 class='post-title entry-title '  itemprop=\"headline\" ><a href=\"https:\/\/rechtsanwalt.fr\/fr\/salaries-en-allemagne-prestation-de-travail-jugee-insuffisante-low-performer\/\" rel=\"bookmark\" title=\"Lien permanent : Salari\u00e9s en Allemagne : Prestation de travail jug\u00e9e insuffisante (\u00ab Low Performer \u00bb)\">Salari\u00e9s en Allemagne : Prestation de travail jug\u00e9e insuffisante (\u00ab Low Performer \u00bb)<span class=\"post-format-icon minor-meta\"><\/span><\/a><\/h2><\/div><\/header><span class=\"post-meta-infos\"><time class=\"date-container minor-meta updated\"  itemprop=\"datePublished\" datetime=\"2016-05-17T14:32:00+02:00\" >17 mai 2016<\/time><div class=\"read-more-link\"><a href=\"https:\/\/rechtsanwalt.fr\/fr\/salaries-en-allemagne-prestation-de-travail-jugee-insuffisante-low-performer\/\" class=\"more-link\">Lire la suite<span class='more-link-arrow avia-svg-icon avia-font-svg_entypo-fontello' data-av_svg_icon='right-open-big' data-av_iconset='svg_entypo-fontello'><svg version=\"1.1\" xmlns=\"http:\/\/www.w3.org\/2000\/svg\" width=\"15\" height=\"32\" viewBox=\"0 0 15 32\" preserveAspectRatio=\"xMidYMid meet\" role=\"graphics-symbol\" aria-hidden=\"true\">\n<path d=\"M0.416 27.84l11.456-11.84-11.456-11.904q-0.832-0.832 0-1.536 0.832-0.832 1.536 0l12.544 12.608q0.768 0.832 0 1.6l-12.544 12.608q-0.704 0.832-1.536 0-0.832-0.704 0-1.536z\"><\/path>\n<\/svg><\/span><\/a><\/div><\/span><footer class=\"entry-footer\"><\/footer><div class='post_delimiter'><\/div><\/div><div class=\"post_author_timeline\"><\/div><span class='hidden'>\n\t\t\t\t<span class='av-structured-data'  itemprop=\"image\" itemscope=\"itemscope\" itemtype=\"https:\/\/schema.org\/ImageObject\" >\n\t\t\t\t\t\t<span itemprop='url'>https:\/\/rechtsanwalt.fr\/wp-content\/uploads\/2024\/05\/logo_header_fr_web.epp_.svg<\/span>\n\t\t\t\t\t\t<span itemprop='height'>0<\/span>\n\t\t\t\t\t\t<span itemprop='width'>0<\/span>\n\t\t\t\t<\/span>\n\t\t\t\t<span class='av-structured-data'  itemprop=\"publisher\" itemtype=\"https:\/\/schema.org\/Organization\" itemscope=\"itemscope\" >\n\t\t\t\t\t\t<span itemprop='name'>epp.content<\/span>\n\t\t\t\t\t\t<span itemprop='logo' itemscope itemtype='https:\/\/schema.org\/ImageObject'>\n\t\t\t\t\t\t\t<span itemprop='url'>https:\/\/rechtsanwalt.fr\/wp-content\/uploads\/2024\/05\/logo_header_fr_web.epp_.svg<\/span>\n\t\t\t\t\t\t<\/span>\n\t\t\t\t<\/span><span class='av-structured-data'  itemprop=\"author\" itemscope=\"itemscope\" itemtype=\"https:\/\/schema.org\/Person\" ><span itemprop='name'>epp.content<\/span><\/span><span class='av-structured-data'  itemprop=\"datePublished\" datetime=\"2016-05-17T14:32:00+02:00\" >2016-05-17 14:32:00<\/span><span class='av-structured-data'  itemprop=\"dateModified\" itemtype=\"https:\/\/schema.org\/dateModified\" >2021-04-06 16:56:06<\/span><span class='av-structured-data'  itemprop=\"mainEntityOfPage\" itemtype=\"https:\/\/schema.org\/mainEntityOfPage\" ><span itemprop='name'>Salari\u00e9s en Allemagne : Prestation de travail jug\u00e9e insuffisante (\u00ab Low Performer \u00bb)<\/span><\/span><\/span><\/article><article class=\"post-entry post-entry-type-standard post-entry-14187 post-loop-42 post-parity-even bloglist-simple  post-14187 post type-post status-publish format-standard hentry category-archive-2016-fr-droit-social\"  itemscope=\"itemscope\" itemtype=\"https:\/\/schema.org\/BlogPosting\" ><div class=\"blog-meta\"><\/div><div class='entry-content-wrapper clearfix standard-content'><header class=\"entry-content-header\" aria-label=\"Articles : Entreprise allemande : Les caisses d\u2019assurance accidents obligatoires - Berufsgenossenschaften\"><div class=\"av-heading-wrapper\"><span class=\"blog-categories minor-meta\"><a href=\"https:\/\/rechtsanwalt.fr\/fr\/category\/news-archive\/news-archive-2016\/archive-2016-fr-droit-social\/\" rel=\"tag\">Droit social<\/a><\/span><h2 class='post-title entry-title '  itemprop=\"headline\" ><a href=\"https:\/\/rechtsanwalt.fr\/fr\/entreprise-allemande-les-caisses-dassurance-accidents-obligatoires-berufsgenossenschaften\/\" rel=\"bookmark\" title=\"Lien permanent : Entreprise allemande : Les caisses d\u2019assurance accidents obligatoires - Berufsgenossenschaften\">Entreprise allemande : Les caisses d\u2019assurance accidents obligatoires - Berufsgenossenschaften<span class=\"post-format-icon minor-meta\"><\/span><\/a><\/h2><\/div><\/header><span class=\"post-meta-infos\"><time class=\"date-container minor-meta updated\"  itemprop=\"datePublished\" datetime=\"2016-05-17T14:27:00+02:00\" >17 mai 2016<\/time><div class=\"read-more-link\"><a href=\"https:\/\/rechtsanwalt.fr\/fr\/entreprise-allemande-les-caisses-dassurance-accidents-obligatoires-berufsgenossenschaften\/\" class=\"more-link\">Lire la suite<span class='more-link-arrow avia-svg-icon avia-font-svg_entypo-fontello' data-av_svg_icon='right-open-big' data-av_iconset='svg_entypo-fontello'><svg version=\"1.1\" xmlns=\"http:\/\/www.w3.org\/2000\/svg\" width=\"15\" height=\"32\" viewBox=\"0 0 15 32\" preserveAspectRatio=\"xMidYMid meet\" role=\"graphics-symbol\" aria-hidden=\"true\">\n<path d=\"M0.416 27.84l11.456-11.84-11.456-11.904q-0.832-0.832 0-1.536 0.832-0.832 1.536 0l12.544 12.608q0.768 0.832 0 1.6l-12.544 12.608q-0.704 0.832-1.536 0-0.832-0.704 0-1.536z\"><\/path>\n<\/svg><\/span><\/a><\/div><\/span><footer class=\"entry-footer\"><\/footer><div class='post_delimiter'><\/div><\/div><div class=\"post_author_timeline\"><\/div><span class='hidden'>\n\t\t\t\t<span class='av-structured-data'  itemprop=\"image\" itemscope=\"itemscope\" itemtype=\"https:\/\/schema.org\/ImageObject\" >\n\t\t\t\t\t\t<span itemprop='url'>https:\/\/rechtsanwalt.fr\/wp-content\/uploads\/2024\/05\/logo_header_fr_web.epp_.svg<\/span>\n\t\t\t\t\t\t<span itemprop='height'>0<\/span>\n\t\t\t\t\t\t<span itemprop='width'>0<\/span>\n\t\t\t\t<\/span>\n\t\t\t\t<span class='av-structured-data'  itemprop=\"publisher\" itemtype=\"https:\/\/schema.org\/Organization\" itemscope=\"itemscope\" >\n\t\t\t\t\t\t<span itemprop='name'>epp.content<\/span>\n\t\t\t\t\t\t<span itemprop='logo' itemscope itemtype='https:\/\/schema.org\/ImageObject'>\n\t\t\t\t\t\t\t<span itemprop='url'>https:\/\/rechtsanwalt.fr\/wp-content\/uploads\/2024\/05\/logo_header_fr_web.epp_.svg<\/span>\n\t\t\t\t\t\t<\/span>\n\t\t\t\t<\/span><span class='av-structured-data'  itemprop=\"author\" itemscope=\"itemscope\" itemtype=\"https:\/\/schema.org\/Person\" ><span itemprop='name'>epp.content<\/span><\/span><span class='av-structured-data'  itemprop=\"datePublished\" datetime=\"2016-05-17T14:27:00+02:00\" >2016-05-17 14:27:00<\/span><span class='av-structured-data'  itemprop=\"dateModified\" itemtype=\"https:\/\/schema.org\/dateModified\" >2021-04-06 16:55:36<\/span><span class='av-structured-data'  itemprop=\"mainEntityOfPage\" itemtype=\"https:\/\/schema.org\/mainEntityOfPage\" ><span itemprop='name'>Entreprise allemande : Les caisses d\u2019assurance accidents obligatoires - Berufsgenossenschaften<\/span><\/span><\/span><\/article><article class=\"post-entry post-entry-type-standard post-entry-14185 post-loop-43 post-parity-odd bloglist-simple  post-14185 post type-post status-publish format-standard hentry category-archive-2016-fr-droit-social\"  itemscope=\"itemscope\" itemtype=\"https:\/\/schema.org\/BlogPosting\" ><div class=\"blog-meta\"><\/div><div class='entry-content-wrapper clearfix standard-content'><header class=\"entry-content-header\" aria-label=\"Articles : Comit\u00e9 d\u2019entreprise en Allemagne : Connexion internet et ligne t\u00e9l\u00e9phonique dans l\u2019entreprise\"><div class=\"av-heading-wrapper\"><span class=\"blog-categories minor-meta\"><a href=\"https:\/\/rechtsanwalt.fr\/fr\/category\/news-archive\/news-archive-2016\/archive-2016-fr-droit-social\/\" rel=\"tag\">Droit social<\/a><\/span><h2 class='post-title entry-title '  itemprop=\"headline\" ><a href=\"https:\/\/rechtsanwalt.fr\/fr\/comite-dentreprise-en-allemagne-connexion-internet-et-ligne-telephonique-dans-lentreprise\/\" rel=\"bookmark\" title=\"Lien permanent : Comit\u00e9 d\u2019entreprise en Allemagne : Connexion internet et ligne t\u00e9l\u00e9phonique dans l\u2019entreprise\">Comit\u00e9 d\u2019entreprise en Allemagne : Connexion internet et ligne t\u00e9l\u00e9phonique dans l\u2019entreprise<span class=\"post-format-icon minor-meta\"><\/span><\/a><\/h2><\/div><\/header><span class=\"post-meta-infos\"><time class=\"date-container minor-meta updated\"  itemprop=\"datePublished\" datetime=\"2016-05-03T14:25:00+02:00\" >3 mai 2016<\/time><div class=\"read-more-link\"><a href=\"https:\/\/rechtsanwalt.fr\/fr\/comite-dentreprise-en-allemagne-connexion-internet-et-ligne-telephonique-dans-lentreprise\/\" class=\"more-link\">Lire la suite<span class='more-link-arrow avia-svg-icon avia-font-svg_entypo-fontello' data-av_svg_icon='right-open-big' data-av_iconset='svg_entypo-fontello'><svg version=\"1.1\" xmlns=\"http:\/\/www.w3.org\/2000\/svg\" width=\"15\" height=\"32\" viewBox=\"0 0 15 32\" preserveAspectRatio=\"xMidYMid meet\" role=\"graphics-symbol\" aria-hidden=\"true\">\n<path d=\"M0.416 27.84l11.456-11.84-11.456-11.904q-0.832-0.832 0-1.536 0.832-0.832 1.536 0l12.544 12.608q0.768 0.832 0 1.6l-12.544 12.608q-0.704 0.832-1.536 0-0.832-0.704 0-1.536z\"><\/path>\n<\/svg><\/span><\/a><\/div><\/span><footer class=\"entry-footer\"><\/footer><div class='post_delimiter'><\/div><\/div><div class=\"post_author_timeline\"><\/div><span class='hidden'>\n\t\t\t\t<span class='av-structured-data'  itemprop=\"image\" itemscope=\"itemscope\" itemtype=\"https:\/\/schema.org\/ImageObject\" >\n\t\t\t\t\t\t<span itemprop='url'>https:\/\/rechtsanwalt.fr\/wp-content\/uploads\/2024\/05\/logo_header_fr_web.epp_.svg<\/span>\n\t\t\t\t\t\t<span itemprop='height'>0<\/span>\n\t\t\t\t\t\t<span itemprop='width'>0<\/span>\n\t\t\t\t<\/span>\n\t\t\t\t<span class='av-structured-data'  itemprop=\"publisher\" itemtype=\"https:\/\/schema.org\/Organization\" itemscope=\"itemscope\" >\n\t\t\t\t\t\t<span itemprop='name'>epp.content<\/span>\n\t\t\t\t\t\t<span itemprop='logo' itemscope itemtype='https:\/\/schema.org\/ImageObject'>\n\t\t\t\t\t\t\t<span itemprop='url'>https:\/\/rechtsanwalt.fr\/wp-content\/uploads\/2024\/05\/logo_header_fr_web.epp_.svg<\/span>\n\t\t\t\t\t\t<\/span>\n\t\t\t\t<\/span><span class='av-structured-data'  itemprop=\"author\" itemscope=\"itemscope\" itemtype=\"https:\/\/schema.org\/Person\" ><span itemprop='name'>epp.content<\/span><\/span><span class='av-structured-data'  itemprop=\"datePublished\" datetime=\"2016-05-03T14:25:00+02:00\" >2016-05-03 14:25:00<\/span><span class='av-structured-data'  itemprop=\"dateModified\" itemtype=\"https:\/\/schema.org\/dateModified\" >2021-04-06 16:55:11<\/span><span class='av-structured-data'  itemprop=\"mainEntityOfPage\" itemtype=\"https:\/\/schema.org\/mainEntityOfPage\" ><span itemprop='name'>Comit\u00e9 d\u2019entreprise en Allemagne : Connexion internet et ligne t\u00e9l\u00e9phonique dans l\u2019entreprise<\/span><\/span><\/span><\/article><article class=\"post-entry post-entry-type-standard post-entry-14183 post-loop-44 post-parity-even bloglist-simple  post-14183 post type-post status-publish format-standard hentry category-archive-2016-fr-droit-fiscal\"  itemscope=\"itemscope\" itemtype=\"https:\/\/schema.org\/BlogPosting\" ><div class=\"blog-meta\"><\/div><div class='entry-content-wrapper clearfix standard-content'><header class=\"entry-content-header\" aria-label=\"Articles : Entreprendre en Allemagne : Remboursement de la TVA d\u00e9ductible en cas de transmission \u00e9lectronique d\u2019une copie de facture\"><div class=\"av-heading-wrapper\"><span class=\"blog-categories minor-meta\"><a href=\"https:\/\/rechtsanwalt.fr\/fr\/category\/news-archive\/news-archive-2016\/archive-2016-fr-droit-fiscal\/\" rel=\"tag\">Droit fiscal<\/a><\/span><h2 class='post-title entry-title '  itemprop=\"headline\" ><a href=\"https:\/\/rechtsanwalt.fr\/fr\/entreprendre-en-allemagne-remboursement-de-la-tva-deductible-en-cas-de-transmission-electronique-dune-copie-de-facture\/\" rel=\"bookmark\" title=\"Lien permanent : Entreprendre en Allemagne : Remboursement de la TVA d\u00e9ductible en cas de transmission \u00e9lectronique d\u2019une copie de facture\">Entreprendre en Allemagne : Remboursement de la TVA d\u00e9ductible en cas de transmission \u00e9lectronique d\u2019une copie de facture<span class=\"post-format-icon minor-meta\"><\/span><\/a><\/h2><\/div><\/header><span class=\"post-meta-infos\"><time class=\"date-container minor-meta updated\"  itemprop=\"datePublished\" datetime=\"2016-04-26T14:22:00+02:00\" >26 avril 2016<\/time><div class=\"read-more-link\"><a href=\"https:\/\/rechtsanwalt.fr\/fr\/entreprendre-en-allemagne-remboursement-de-la-tva-deductible-en-cas-de-transmission-electronique-dune-copie-de-facture\/\" class=\"more-link\">Lire la suite<span class='more-link-arrow avia-svg-icon avia-font-svg_entypo-fontello' data-av_svg_icon='right-open-big' data-av_iconset='svg_entypo-fontello'><svg version=\"1.1\" xmlns=\"http:\/\/www.w3.org\/2000\/svg\" width=\"15\" height=\"32\" viewBox=\"0 0 15 32\" preserveAspectRatio=\"xMidYMid meet\" role=\"graphics-symbol\" aria-hidden=\"true\">\n<path d=\"M0.416 27.84l11.456-11.84-11.456-11.904q-0.832-0.832 0-1.536 0.832-0.832 1.536 0l12.544 12.608q0.768 0.832 0 1.6l-12.544 12.608q-0.704 0.832-1.536 0-0.832-0.704 0-1.536z\"><\/path>\n<\/svg><\/span><\/a><\/div><\/span><footer class=\"entry-footer\"><\/footer><div class='post_delimiter'><\/div><\/div><div class=\"post_author_timeline\"><\/div><span class='hidden'>\n\t\t\t\t<span class='av-structured-data'  itemprop=\"image\" itemscope=\"itemscope\" itemtype=\"https:\/\/schema.org\/ImageObject\" >\n\t\t\t\t\t\t<span itemprop='url'>https:\/\/rechtsanwalt.fr\/wp-content\/uploads\/2024\/05\/logo_header_fr_web.epp_.svg<\/span>\n\t\t\t\t\t\t<span itemprop='height'>0<\/span>\n\t\t\t\t\t\t<span itemprop='width'>0<\/span>\n\t\t\t\t<\/span>\n\t\t\t\t<span class='av-structured-data'  itemprop=\"publisher\" itemtype=\"https:\/\/schema.org\/Organization\" itemscope=\"itemscope\" >\n\t\t\t\t\t\t<span itemprop='name'>epp.content<\/span>\n\t\t\t\t\t\t<span itemprop='logo' itemscope itemtype='https:\/\/schema.org\/ImageObject'>\n\t\t\t\t\t\t\t<span itemprop='url'>https:\/\/rechtsanwalt.fr\/wp-content\/uploads\/2024\/05\/logo_header_fr_web.epp_.svg<\/span>\n\t\t\t\t\t\t<\/span>\n\t\t\t\t<\/span><span class='av-structured-data'  itemprop=\"author\" itemscope=\"itemscope\" itemtype=\"https:\/\/schema.org\/Person\" ><span itemprop='name'>epp.content<\/span><\/span><span class='av-structured-data'  itemprop=\"datePublished\" datetime=\"2016-04-26T14:22:00+02:00\" >2016-04-26 14:22:00<\/span><span class='av-structured-data'  itemprop=\"dateModified\" itemtype=\"https:\/\/schema.org\/dateModified\" >2021-04-06 16:54:37<\/span><span class='av-structured-data'  itemprop=\"mainEntityOfPage\" itemtype=\"https:\/\/schema.org\/mainEntityOfPage\" ><span itemprop='name'>Entreprendre en Allemagne : Remboursement de la TVA d\u00e9ductible en cas de transmission \u00e9lectronique d\u2019une copie de facture<\/span><\/span><\/span><\/article><article class=\"post-entry post-entry-type-standard post-entry-14181 post-loop-45 post-parity-odd bloglist-simple  post-14181 post type-post status-publish format-standard hentry category-archive-2016-fr-droit-des-societes\"  itemscope=\"itemscope\" itemtype=\"https:\/\/schema.org\/BlogPosting\" ><div class=\"blog-meta\"><\/div><div class='entry-content-wrapper clearfix standard-content'><header class=\"entry-content-header\" aria-label=\"Articles : Allemagne : Imposition de l\u2019associ\u00e9 g\u00e9rant d\u2019une GmbH (Sarl de droit allemand) : Pas de compte \u00e9pargne-temps possible\"><div class=\"av-heading-wrapper\"><span class=\"blog-categories minor-meta\"><a href=\"https:\/\/rechtsanwalt.fr\/fr\/category\/news-archive\/news-archive-2016\/archive-2016-fr-droit-des-societes\/\" rel=\"tag\">Droit des soci\u00e9t\u00e9s<\/a><\/span><h2 class='post-title entry-title '  itemprop=\"headline\" ><a href=\"https:\/\/rechtsanwalt.fr\/fr\/allemagne-imposition-de-lassocie-gerant-dune-gmbh-sarl-de-droit-allemand-pas-de-compte-epargne-temps-possible\/\" rel=\"bookmark\" title=\"Lien permanent : Allemagne : Imposition de l\u2019associ\u00e9 g\u00e9rant d\u2019une GmbH (Sarl de droit allemand) : Pas de compte \u00e9pargne-temps possible\">Allemagne : Imposition de l\u2019associ\u00e9 g\u00e9rant d\u2019une GmbH (Sarl de droit allemand) : Pas de compte \u00e9pargne-temps possible<span class=\"post-format-icon minor-meta\"><\/span><\/a><\/h2><\/div><\/header><span class=\"post-meta-infos\"><time class=\"date-container minor-meta updated\"  itemprop=\"datePublished\" datetime=\"2016-04-26T14:13:00+02:00\" >26 avril 2016<\/time><div class=\"read-more-link\"><a href=\"https:\/\/rechtsanwalt.fr\/fr\/allemagne-imposition-de-lassocie-gerant-dune-gmbh-sarl-de-droit-allemand-pas-de-compte-epargne-temps-possible\/\" class=\"more-link\">Lire la suite<span class='more-link-arrow avia-svg-icon avia-font-svg_entypo-fontello' data-av_svg_icon='right-open-big' data-av_iconset='svg_entypo-fontello'><svg version=\"1.1\" xmlns=\"http:\/\/www.w3.org\/2000\/svg\" width=\"15\" height=\"32\" viewBox=\"0 0 15 32\" preserveAspectRatio=\"xMidYMid meet\" role=\"graphics-symbol\" aria-hidden=\"true\">\n<path d=\"M0.416 27.84l11.456-11.84-11.456-11.904q-0.832-0.832 0-1.536 0.832-0.832 1.536 0l12.544 12.608q0.768 0.832 0 1.6l-12.544 12.608q-0.704 0.832-1.536 0-0.832-0.704 0-1.536z\"><\/path>\n<\/svg><\/span><\/a><\/div><\/span><footer class=\"entry-footer\"><\/footer><div class='post_delimiter'><\/div><\/div><div class=\"post_author_timeline\"><\/div><span class='hidden'>\n\t\t\t\t<span class='av-structured-data'  itemprop=\"image\" itemscope=\"itemscope\" itemtype=\"https:\/\/schema.org\/ImageObject\" >\n\t\t\t\t\t\t<span itemprop='url'>https:\/\/rechtsanwalt.fr\/wp-content\/uploads\/2024\/05\/logo_header_fr_web.epp_.svg<\/span>\n\t\t\t\t\t\t<span itemprop='height'>0<\/span>\n\t\t\t\t\t\t<span itemprop='width'>0<\/span>\n\t\t\t\t<\/span>\n\t\t\t\t<span class='av-structured-data'  itemprop=\"publisher\" itemtype=\"https:\/\/schema.org\/Organization\" itemscope=\"itemscope\" >\n\t\t\t\t\t\t<span itemprop='name'>epp.content<\/span>\n\t\t\t\t\t\t<span itemprop='logo' itemscope itemtype='https:\/\/schema.org\/ImageObject'>\n\t\t\t\t\t\t\t<span itemprop='url'>https:\/\/rechtsanwalt.fr\/wp-content\/uploads\/2024\/05\/logo_header_fr_web.epp_.svg<\/span>\n\t\t\t\t\t\t<\/span>\n\t\t\t\t<\/span><span class='av-structured-data'  itemprop=\"author\" itemscope=\"itemscope\" itemtype=\"https:\/\/schema.org\/Person\" ><span itemprop='name'>epp.content<\/span><\/span><span class='av-structured-data'  itemprop=\"datePublished\" datetime=\"2016-04-26T14:13:00+02:00\" >2016-04-26 14:13:00<\/span><span class='av-structured-data'  itemprop=\"dateModified\" itemtype=\"https:\/\/schema.org\/dateModified\" >2021-04-06 16:53:54<\/span><span class='av-structured-data'  itemprop=\"mainEntityOfPage\" itemtype=\"https:\/\/schema.org\/mainEntityOfPage\" ><span itemprop='name'>Allemagne : Imposition de l\u2019associ\u00e9 g\u00e9rant d\u2019une GmbH (Sarl de droit allemand) : Pas de compte \u00e9pargne-temps possible<\/span><\/span><\/span><\/article><article class=\"post-entry post-entry-type-standard post-entry-14179 post-loop-46 post-parity-even bloglist-simple  post-14179 post type-post status-publish format-standard hentry category-archive-2016-fr-droit-social\"  itemscope=\"itemscope\" itemtype=\"https:\/\/schema.org\/BlogPosting\" ><div class=\"blog-meta\"><\/div><div class='entry-content-wrapper clearfix standard-content'><header class=\"entry-content-header\" aria-label=\"Articles : Pr\u00e9voyance d\u2019entreprise en Allemagne : R\u00e9forme visant \u00e0 all\u00e9ger le poids des provisions retraite \u00e0 constituer par les entreprises\"><div class=\"av-heading-wrapper\"><span class=\"blog-categories minor-meta\"><a href=\"https:\/\/rechtsanwalt.fr\/fr\/category\/news-archive\/news-archive-2016\/archive-2016-fr-droit-social\/\" rel=\"tag\">Droit social<\/a><\/span><h2 class='post-title entry-title '  itemprop=\"headline\" ><a href=\"https:\/\/rechtsanwalt.fr\/fr\/prevoyance-dentreprise-en-allemagne-reforme-visant-a-alleger-le-poids-des-provisions-retraite-a-constituer-par-les-entreprises\/\" rel=\"bookmark\" title=\"Lien permanent : Pr\u00e9voyance d\u2019entreprise en Allemagne : R\u00e9forme visant \u00e0 all\u00e9ger le poids des provisions retraite \u00e0 constituer par les entreprises\">Pr\u00e9voyance d\u2019entreprise en Allemagne : R\u00e9forme visant \u00e0 all\u00e9ger le poids des provisions retraite \u00e0 constituer par les entreprises<span class=\"post-format-icon minor-meta\"><\/span><\/a><\/h2><\/div><\/header><span class=\"post-meta-infos\"><time class=\"date-container minor-meta updated\"  itemprop=\"datePublished\" datetime=\"2016-04-12T14:09:00+02:00\" >12 avril 2016<\/time><div class=\"read-more-link\"><a href=\"https:\/\/rechtsanwalt.fr\/fr\/prevoyance-dentreprise-en-allemagne-reforme-visant-a-alleger-le-poids-des-provisions-retraite-a-constituer-par-les-entreprises\/\" class=\"more-link\">Lire la suite<span class='more-link-arrow avia-svg-icon avia-font-svg_entypo-fontello' data-av_svg_icon='right-open-big' data-av_iconset='svg_entypo-fontello'><svg version=\"1.1\" xmlns=\"http:\/\/www.w3.org\/2000\/svg\" width=\"15\" height=\"32\" viewBox=\"0 0 15 32\" preserveAspectRatio=\"xMidYMid meet\" role=\"graphics-symbol\" aria-hidden=\"true\">\n<path d=\"M0.416 27.84l11.456-11.84-11.456-11.904q-0.832-0.832 0-1.536 0.832-0.832 1.536 0l12.544 12.608q0.768 0.832 0 1.6l-12.544 12.608q-0.704 0.832-1.536 0-0.832-0.704 0-1.536z\"><\/path>\n<\/svg><\/span><\/a><\/div><\/span><footer class=\"entry-footer\"><\/footer><div class='post_delimiter'><\/div><\/div><div class=\"post_author_timeline\"><\/div><span class='hidden'>\n\t\t\t\t<span class='av-structured-data'  itemprop=\"image\" itemscope=\"itemscope\" itemtype=\"https:\/\/schema.org\/ImageObject\" >\n\t\t\t\t\t\t<span itemprop='url'>https:\/\/rechtsanwalt.fr\/wp-content\/uploads\/2024\/05\/logo_header_fr_web.epp_.svg<\/span>\n\t\t\t\t\t\t<span itemprop='height'>0<\/span>\n\t\t\t\t\t\t<span itemprop='width'>0<\/span>\n\t\t\t\t<\/span>\n\t\t\t\t<span class='av-structured-data'  itemprop=\"publisher\" itemtype=\"https:\/\/schema.org\/Organization\" itemscope=\"itemscope\" >\n\t\t\t\t\t\t<span itemprop='name'>epp.content<\/span>\n\t\t\t\t\t\t<span itemprop='logo' itemscope itemtype='https:\/\/schema.org\/ImageObject'>\n\t\t\t\t\t\t\t<span itemprop='url'>https:\/\/rechtsanwalt.fr\/wp-content\/uploads\/2024\/05\/logo_header_fr_web.epp_.svg<\/span>\n\t\t\t\t\t\t<\/span>\n\t\t\t\t<\/span><span class='av-structured-data'  itemprop=\"author\" itemscope=\"itemscope\" itemtype=\"https:\/\/schema.org\/Person\" ><span itemprop='name'>epp.content<\/span><\/span><span class='av-structured-data'  itemprop=\"datePublished\" datetime=\"2016-04-12T14:09:00+02:00\" >2016-04-12 14:09:00<\/span><span class='av-structured-data'  itemprop=\"dateModified\" itemtype=\"https:\/\/schema.org\/dateModified\" >2021-04-06 16:54:15<\/span><span class='av-structured-data'  itemprop=\"mainEntityOfPage\" itemtype=\"https:\/\/schema.org\/mainEntityOfPage\" ><span itemprop='name'>Pr\u00e9voyance d\u2019entreprise en Allemagne : R\u00e9forme visant \u00e0 all\u00e9ger le poids des provisions retraite \u00e0 constituer par les entreprises<\/span><\/span><\/span><\/article><article class=\"post-entry post-entry-type-standard post-entry-14177 post-loop-47 post-parity-odd bloglist-simple  post-14177 post type-post status-publish format-standard hentry category-archive-2016-fr-droit-des-societes\"  itemscope=\"itemscope\" itemtype=\"https:\/\/schema.org\/BlogPosting\" ><div class=\"blog-meta\"><\/div><div class='entry-content-wrapper clearfix standard-content'><header class=\"entry-content-header\" aria-label=\"Articles : Allemagne : Vote au sein de l\u2019assembl\u00e9e g\u00e9n\u00e9rale des associ\u00e9s d\u2019une GmbH (Sarl de droit allemand) \u2013 Droits du pr\u00e9sident de s\u00e9ance\"><div class=\"av-heading-wrapper\"><span class=\"blog-categories minor-meta\"><a href=\"https:\/\/rechtsanwalt.fr\/fr\/category\/news-archive\/news-archive-2016\/archive-2016-fr-droit-des-societes\/\" rel=\"tag\">Droit des soci\u00e9t\u00e9s<\/a><\/span><h2 class='post-title entry-title '  itemprop=\"headline\" ><a href=\"https:\/\/rechtsanwalt.fr\/fr\/allemagne-vote-au-sein-de-lassemblee-generale-des-associes-dune-gmbh-sarl-de-droit-allemand-droits-du-president-de-seance\/\" rel=\"bookmark\" title=\"Lien permanent : Allemagne : Vote au sein de l\u2019assembl\u00e9e g\u00e9n\u00e9rale des associ\u00e9s d\u2019une GmbH (Sarl de droit allemand) \u2013 Droits du pr\u00e9sident de s\u00e9ance\">Allemagne : Vote au sein de l\u2019assembl\u00e9e g\u00e9n\u00e9rale des associ\u00e9s d\u2019une GmbH (Sarl de droit allemand) \u2013 Droits du pr\u00e9sident de s\u00e9ance<span class=\"post-format-icon minor-meta\"><\/span><\/a><\/h2><\/div><\/header><span class=\"post-meta-infos\"><time class=\"date-container minor-meta updated\"  itemprop=\"datePublished\" datetime=\"2016-04-05T14:06:00+02:00\" >5 avril 2016<\/time><div class=\"read-more-link\"><a href=\"https:\/\/rechtsanwalt.fr\/fr\/allemagne-vote-au-sein-de-lassemblee-generale-des-associes-dune-gmbh-sarl-de-droit-allemand-droits-du-president-de-seance\/\" class=\"more-link\">Lire la suite<span class='more-link-arrow avia-svg-icon avia-font-svg_entypo-fontello' data-av_svg_icon='right-open-big' data-av_iconset='svg_entypo-fontello'><svg version=\"1.1\" xmlns=\"http:\/\/www.w3.org\/2000\/svg\" width=\"15\" height=\"32\" viewBox=\"0 0 15 32\" preserveAspectRatio=\"xMidYMid meet\" role=\"graphics-symbol\" aria-hidden=\"true\">\n<path d=\"M0.416 27.84l11.456-11.84-11.456-11.904q-0.832-0.832 0-1.536 0.832-0.832 1.536 0l12.544 12.608q0.768 0.832 0 1.6l-12.544 12.608q-0.704 0.832-1.536 0-0.832-0.704 0-1.536z\"><\/path>\n<\/svg><\/span><\/a><\/div><\/span><footer class=\"entry-footer\"><\/footer><div class='post_delimiter'><\/div><\/div><div class=\"post_author_timeline\"><\/div><span class='hidden'>\n\t\t\t\t<span class='av-structured-data'  itemprop=\"image\" itemscope=\"itemscope\" itemtype=\"https:\/\/schema.org\/ImageObject\" >\n\t\t\t\t\t\t<span itemprop='url'>https:\/\/rechtsanwalt.fr\/wp-content\/uploads\/2024\/05\/logo_header_fr_web.epp_.svg<\/span>\n\t\t\t\t\t\t<span itemprop='height'>0<\/span>\n\t\t\t\t\t\t<span itemprop='width'>0<\/span>\n\t\t\t\t<\/span>\n\t\t\t\t<span class='av-structured-data'  itemprop=\"publisher\" itemtype=\"https:\/\/schema.org\/Organization\" itemscope=\"itemscope\" >\n\t\t\t\t\t\t<span itemprop='name'>epp.content<\/span>\n\t\t\t\t\t\t<span itemprop='logo' itemscope itemtype='https:\/\/schema.org\/ImageObject'>\n\t\t\t\t\t\t\t<span itemprop='url'>https:\/\/rechtsanwalt.fr\/wp-content\/uploads\/2024\/05\/logo_header_fr_web.epp_.svg<\/span>\n\t\t\t\t\t\t<\/span>\n\t\t\t\t<\/span><span class='av-structured-data'  itemprop=\"author\" itemscope=\"itemscope\" itemtype=\"https:\/\/schema.org\/Person\" ><span itemprop='name'>epp.content<\/span><\/span><span class='av-structured-data'  itemprop=\"datePublished\" datetime=\"2016-04-05T14:06:00+02:00\" >2016-04-05 14:06:00<\/span><span class='av-structured-data'  itemprop=\"dateModified\" itemtype=\"https:\/\/schema.org\/dateModified\" >2021-04-06 16:52:47<\/span><span class='av-structured-data'  itemprop=\"mainEntityOfPage\" itemtype=\"https:\/\/schema.org\/mainEntityOfPage\" ><span itemprop='name'>Allemagne : Vote au sein de l\u2019assembl\u00e9e g\u00e9n\u00e9rale des associ\u00e9s d\u2019une GmbH (Sarl de droit allemand) \u2013 Droits du pr\u00e9sident de s\u00e9ance<\/span><\/span><\/span><\/article><article class=\"post-entry post-entry-type-standard post-entry-14174 post-loop-48 post-parity-even bloglist-simple  post-14174 post type-post status-publish format-standard hentry category-archive-2016-fr-droit-social\"  itemscope=\"itemscope\" itemtype=\"https:\/\/schema.org\/BlogPosting\" ><div class=\"blog-meta\"><\/div><div class='entry-content-wrapper clearfix standard-content'><header class=\"entry-content-header\" aria-label=\"Articles : Allemagne : Licenciement d\u2019un salari\u00e9 : Comment \u00e9viter la nullit\u00e9 pour vice de forme ?\"><div class=\"av-heading-wrapper\"><span class=\"blog-categories minor-meta\"><a href=\"https:\/\/rechtsanwalt.fr\/fr\/category\/news-archive\/news-archive-2016\/archive-2016-fr-droit-social\/\" rel=\"tag\">Droit social<\/a><\/span><h2 class='post-title entry-title '  itemprop=\"headline\" ><a href=\"https:\/\/rechtsanwalt.fr\/fr\/allemagne-licenciement-dun-salarie-comment-eviter-la-nullite-pour-vice-de-forme\/\" rel=\"bookmark\" title=\"Lien permanent : Allemagne : Licenciement d\u2019un salari\u00e9 : Comment \u00e9viter la nullit\u00e9 pour vice de forme ?\">Allemagne : Licenciement d\u2019un salari\u00e9 : Comment \u00e9viter la nullit\u00e9 pour vice de forme ?<span class=\"post-format-icon minor-meta\"><\/span><\/a><\/h2><\/div><\/header><span class=\"post-meta-infos\"><time class=\"date-container minor-meta updated\"  itemprop=\"datePublished\" datetime=\"2016-04-05T14:00:00+02:00\" >5 avril 2016<\/time><div class=\"read-more-link\"><a href=\"https:\/\/rechtsanwalt.fr\/fr\/allemagne-licenciement-dun-salarie-comment-eviter-la-nullite-pour-vice-de-forme\/\" class=\"more-link\">Lire la suite<span class='more-link-arrow avia-svg-icon avia-font-svg_entypo-fontello' data-av_svg_icon='right-open-big' data-av_iconset='svg_entypo-fontello'><svg version=\"1.1\" xmlns=\"http:\/\/www.w3.org\/2000\/svg\" width=\"15\" height=\"32\" viewBox=\"0 0 15 32\" preserveAspectRatio=\"xMidYMid meet\" role=\"graphics-symbol\" aria-hidden=\"true\">\n<path d=\"M0.416 27.84l11.456-11.84-11.456-11.904q-0.832-0.832 0-1.536 0.832-0.832 1.536 0l12.544 12.608q0.768 0.832 0 1.6l-12.544 12.608q-0.704 0.832-1.536 0-0.832-0.704 0-1.536z\"><\/path>\n<\/svg><\/span><\/a><\/div><\/span><footer class=\"entry-footer\"><\/footer><div class='post_delimiter'><\/div><\/div><div class=\"post_author_timeline\"><\/div><span class='hidden'>\n\t\t\t\t<span class='av-structured-data'  itemprop=\"image\" itemscope=\"itemscope\" itemtype=\"https:\/\/schema.org\/ImageObject\" >\n\t\t\t\t\t\t<span itemprop='url'>https:\/\/rechtsanwalt.fr\/wp-content\/uploads\/2024\/05\/logo_header_fr_web.epp_.svg<\/span>\n\t\t\t\t\t\t<span itemprop='height'>0<\/span>\n\t\t\t\t\t\t<span itemprop='width'>0<\/span>\n\t\t\t\t<\/span>\n\t\t\t\t<span class='av-structured-data'  itemprop=\"publisher\" itemtype=\"https:\/\/schema.org\/Organization\" itemscope=\"itemscope\" >\n\t\t\t\t\t\t<span itemprop='name'>epp.content<\/span>\n\t\t\t\t\t\t<span itemprop='logo' itemscope itemtype='https:\/\/schema.org\/ImageObject'>\n\t\t\t\t\t\t\t<span itemprop='url'>https:\/\/rechtsanwalt.fr\/wp-content\/uploads\/2024\/05\/logo_header_fr_web.epp_.svg<\/span>\n\t\t\t\t\t\t<\/span>\n\t\t\t\t<\/span><span class='av-structured-data'  itemprop=\"author\" itemscope=\"itemscope\" itemtype=\"https:\/\/schema.org\/Person\" ><span itemprop='name'>epp.content<\/span><\/span><span class='av-structured-data'  itemprop=\"datePublished\" datetime=\"2016-04-05T14:00:00+02:00\" >2016-04-05 14:00:00<\/span><span class='av-structured-data'  itemprop=\"dateModified\" itemtype=\"https:\/\/schema.org\/dateModified\" >2021-04-06 16:52:02<\/span><span class='av-structured-data'  itemprop=\"mainEntityOfPage\" itemtype=\"https:\/\/schema.org\/mainEntityOfPage\" ><span itemprop='name'>Allemagne : Licenciement d\u2019un salari\u00e9 : Comment \u00e9viter la nullit\u00e9 pour vice de forme ?<\/span><\/span><\/span><\/article><article class=\"post-entry post-entry-type-standard post-entry-14171 post-loop-49 post-parity-odd bloglist-simple  post-14171 post type-post status-publish format-standard hentry category-archive-2016-fr-entreprises-en-difficultes\"  itemscope=\"itemscope\" itemtype=\"https:\/\/schema.org\/BlogPosting\" ><div class=\"blog-meta\"><\/div><div class='entry-content-wrapper clearfix standard-content'><header class=\"entry-content-header\" aria-label=\"Articles : Insolvabilit\u00e9 : D\u00e9roulement d\u2019une proc\u00e9dure collective \u00e0 l\u2019encontre d\u2019une soci\u00e9t\u00e9 en Allemagne\"><div class=\"av-heading-wrapper\"><span class=\"blog-categories minor-meta\"><a href=\"https:\/\/rechtsanwalt.fr\/fr\/category\/news-archive\/news-archive-2016\/archive-2016-fr-entreprises-en-difficultes\/\" rel=\"tag\">Entreprises en difficult\u00e9s<\/a><\/span><h2 class='post-title entry-title '  itemprop=\"headline\" ><a href=\"https:\/\/rechtsanwalt.fr\/fr\/insolvabilite-deroulement-dune-procedure-collective-a-lencontre-dune-societe-en-allemagne\/\" rel=\"bookmark\" title=\"Lien permanent : Insolvabilit\u00e9 : D\u00e9roulement d\u2019une proc\u00e9dure collective \u00e0 l\u2019encontre d\u2019une soci\u00e9t\u00e9 en Allemagne\">Insolvabilit\u00e9 : D\u00e9roulement d\u2019une proc\u00e9dure collective \u00e0 l\u2019encontre d\u2019une soci\u00e9t\u00e9 en Allemagne<span class=\"post-format-icon minor-meta\"><\/span><\/a><\/h2><\/div><\/header><span class=\"post-meta-infos\"><time class=\"date-container minor-meta updated\"  itemprop=\"datePublished\" datetime=\"2016-04-05T13:04:00+02:00\" >5 avril 2016<\/time><div class=\"read-more-link\"><a href=\"https:\/\/rechtsanwalt.fr\/fr\/insolvabilite-deroulement-dune-procedure-collective-a-lencontre-dune-societe-en-allemagne\/\" class=\"more-link\">Lire la suite<span class='more-link-arrow avia-svg-icon avia-font-svg_entypo-fontello' data-av_svg_icon='right-open-big' data-av_iconset='svg_entypo-fontello'><svg version=\"1.1\" xmlns=\"http:\/\/www.w3.org\/2000\/svg\" width=\"15\" height=\"32\" viewBox=\"0 0 15 32\" preserveAspectRatio=\"xMidYMid meet\" role=\"graphics-symbol\" aria-hidden=\"true\">\n<path d=\"M0.416 27.84l11.456-11.84-11.456-11.904q-0.832-0.832 0-1.536 0.832-0.832 1.536 0l12.544 12.608q0.768 0.832 0 1.6l-12.544 12.608q-0.704 0.832-1.536 0-0.832-0.704 0-1.536z\"><\/path>\n<\/svg><\/span><\/a><\/div><\/span><footer class=\"entry-footer\"><\/footer><div class='post_delimiter'><\/div><\/div><div class=\"post_author_timeline\"><\/div><span class='hidden'>\n\t\t\t\t<span class='av-structured-data'  itemprop=\"image\" itemscope=\"itemscope\" itemtype=\"https:\/\/schema.org\/ImageObject\" >\n\t\t\t\t\t\t<span itemprop='url'>https:\/\/rechtsanwalt.fr\/wp-content\/uploads\/2024\/05\/logo_header_fr_web.epp_.svg<\/span>\n\t\t\t\t\t\t<span itemprop='height'>0<\/span>\n\t\t\t\t\t\t<span itemprop='width'>0<\/span>\n\t\t\t\t<\/span>\n\t\t\t\t<span class='av-structured-data'  itemprop=\"publisher\" itemtype=\"https:\/\/schema.org\/Organization\" itemscope=\"itemscope\" >\n\t\t\t\t\t\t<span itemprop='name'>epp.content<\/span>\n\t\t\t\t\t\t<span itemprop='logo' itemscope itemtype='https:\/\/schema.org\/ImageObject'>\n\t\t\t\t\t\t\t<span itemprop='url'>https:\/\/rechtsanwalt.fr\/wp-content\/uploads\/2024\/05\/logo_header_fr_web.epp_.svg<\/span>\n\t\t\t\t\t\t<\/span>\n\t\t\t\t<\/span><span class='av-structured-data'  itemprop=\"author\" itemscope=\"itemscope\" itemtype=\"https:\/\/schema.org\/Person\" ><span itemprop='name'>epp.content<\/span><\/span><span class='av-structured-data'  itemprop=\"datePublished\" datetime=\"2016-04-05T13:04:00+02:00\" >2016-04-05 13:04:00<\/span><span class='av-structured-data'  itemprop=\"dateModified\" itemtype=\"https:\/\/schema.org\/dateModified\" >2021-04-06 16:51:35<\/span><span class='av-structured-data'  itemprop=\"mainEntityOfPage\" itemtype=\"https:\/\/schema.org\/mainEntityOfPage\" ><span itemprop='name'>Insolvabilit\u00e9 : D\u00e9roulement d\u2019une proc\u00e9dure collective \u00e0 l\u2019encontre d\u2019une soci\u00e9t\u00e9 en Allemagne<\/span><\/span><\/span><\/article><article class=\"post-entry post-entry-type-standard post-entry-14160 post-loop-50 post-parity-even bloglist-simple  post-14160 post type-post status-publish format-standard hentry category-archive-2016-fr-droit-des-societes\"  itemscope=\"itemscope\" itemtype=\"https:\/\/schema.org\/BlogPosting\" ><div class=\"blog-meta\"><\/div><div class='entry-content-wrapper clearfix standard-content'><header class=\"entry-content-header\" aria-label=\"Articles : Les avantages d\u2019une implantation en Allemagne 2016\"><div class=\"av-heading-wrapper\"><span class=\"blog-categories minor-meta\"><a href=\"https:\/\/rechtsanwalt.fr\/fr\/category\/news-archive\/news-archive-2016\/archive-2016-fr-droit-des-societes\/\" rel=\"tag\">Droit des soci\u00e9t\u00e9s<\/a><\/span><h2 class='post-title entry-title '  itemprop=\"headline\" ><a href=\"https:\/\/rechtsanwalt.fr\/fr\/les-avantages-dune-implantation-en-allemagne-2016\/\" rel=\"bookmark\" title=\"Lien permanent : Les avantages d\u2019une implantation en Allemagne 2016\">Les avantages d\u2019une implantation en Allemagne 2016<span class=\"post-format-icon minor-meta\"><\/span><\/a><\/h2><\/div><\/header><span class=\"post-meta-infos\"><time class=\"date-container minor-meta updated\"  itemprop=\"datePublished\" datetime=\"2016-02-15T11:04:00+01:00\" >15 f\u00e9vrier 2016<\/time><div class=\"read-more-link\"><a href=\"https:\/\/rechtsanwalt.fr\/fr\/les-avantages-dune-implantation-en-allemagne-2016\/\" class=\"more-link\">Lire la suite<span class='more-link-arrow avia-svg-icon avia-font-svg_entypo-fontello' data-av_svg_icon='right-open-big' data-av_iconset='svg_entypo-fontello'><svg version=\"1.1\" xmlns=\"http:\/\/www.w3.org\/2000\/svg\" width=\"15\" height=\"32\" viewBox=\"0 0 15 32\" preserveAspectRatio=\"xMidYMid meet\" role=\"graphics-symbol\" aria-hidden=\"true\">\n<path d=\"M0.416 27.84l11.456-11.84-11.456-11.904q-0.832-0.832 0-1.536 0.832-0.832 1.536 0l12.544 12.608q0.768 0.832 0 1.6l-12.544 12.608q-0.704 0.832-1.536 0-0.832-0.704 0-1.536z\"><\/path>\n<\/svg><\/span><\/a><\/div><\/span><footer class=\"entry-footer\"><\/footer><div class='post_delimiter'><\/div><\/div><div class=\"post_author_timeline\"><\/div><span class='hidden'>\n\t\t\t\t<span class='av-structured-data'  itemprop=\"image\" itemscope=\"itemscope\" itemtype=\"https:\/\/schema.org\/ImageObject\" >\n\t\t\t\t\t\t<span itemprop='url'>https:\/\/rechtsanwalt.fr\/wp-content\/uploads\/2024\/05\/logo_header_fr_web.epp_.svg<\/span>\n\t\t\t\t\t\t<span itemprop='height'>0<\/span>\n\t\t\t\t\t\t<span itemprop='width'>0<\/span>\n\t\t\t\t<\/span>\n\t\t\t\t<span class='av-structured-data'  itemprop=\"publisher\" itemtype=\"https:\/\/schema.org\/Organization\" itemscope=\"itemscope\" >\n\t\t\t\t\t\t<span itemprop='name'>epp.content<\/span>\n\t\t\t\t\t\t<span itemprop='logo' itemscope itemtype='https:\/\/schema.org\/ImageObject'>\n\t\t\t\t\t\t\t<span itemprop='url'>https:\/\/rechtsanwalt.fr\/wp-content\/uploads\/2024\/05\/logo_header_fr_web.epp_.svg<\/span>\n\t\t\t\t\t\t<\/span>\n\t\t\t\t<\/span><span class='av-structured-data'  itemprop=\"author\" itemscope=\"itemscope\" itemtype=\"https:\/\/schema.org\/Person\" ><span itemprop='name'>epp.content<\/span><\/span><span class='av-structured-data'  itemprop=\"datePublished\" datetime=\"2016-02-15T11:04:00+01:00\" >2016-02-15 11:04:00<\/span><span class='av-structured-data'  itemprop=\"dateModified\" itemtype=\"https:\/\/schema.org\/dateModified\" >2021-04-20 11:50:40<\/span><span class='av-structured-data'  itemprop=\"mainEntityOfPage\" itemtype=\"https:\/\/schema.org\/mainEntityOfPage\" ><span itemprop='name'>Les avantages d\u2019une implantation en Allemagne 2016<\/span><\/span><\/span><\/article><article class=\"post-entry post-entry-type-standard post-entry-14158 post-loop-51 post-parity-odd bloglist-simple  post-14158 post type-post status-publish format-standard hentry category-archive-2016-fr-droit-des-contrats\"  itemscope=\"itemscope\" itemtype=\"https:\/\/schema.org\/BlogPosting\" ><div class=\"blog-meta\"><\/div><div class='entry-content-wrapper clearfix standard-content'><header class=\"entry-content-header\" aria-label=\"Articles : Le commerce \u00e9lectronique en Allemagne : L\u2019engagement d\u2019actions collectives en cas d\u2019atteinte \u00e0 la protection des donn\u00e9es personnelles\"><div class=\"av-heading-wrapper\"><span class=\"blog-categories minor-meta\"><a href=\"https:\/\/rechtsanwalt.fr\/fr\/category\/news-archive\/news-archive-2016\/archive-2016-fr-droit-des-contrats\/\" rel=\"tag\">Droit des contrats<\/a><\/span><h2 class='post-title entry-title '  itemprop=\"headline\" ><a href=\"https:\/\/rechtsanwalt.fr\/fr\/le-commerce-electronique-en-allemagne-lengagement-dactions-collectives-en-cas-datteinte-a-la-protection-des-donnees-personnelles\/\" rel=\"bookmark\" title=\"Lien permanent : Le commerce \u00e9lectronique en Allemagne : L\u2019engagement d\u2019actions collectives en cas d\u2019atteinte \u00e0 la protection des donn\u00e9es personnelles\">Le commerce \u00e9lectronique en Allemagne : L\u2019engagement d\u2019actions collectives en cas d\u2019atteinte \u00e0 la protection des donn\u00e9es personnelles<span class=\"post-format-icon minor-meta\"><\/span><\/a><\/h2><\/div><\/header><span class=\"post-meta-infos\"><time class=\"date-container minor-meta updated\"  itemprop=\"datePublished\" datetime=\"2016-02-08T10:56:00+01:00\" >8 f\u00e9vrier 2016<\/time><div class=\"read-more-link\"><a href=\"https:\/\/rechtsanwalt.fr\/fr\/le-commerce-electronique-en-allemagne-lengagement-dactions-collectives-en-cas-datteinte-a-la-protection-des-donnees-personnelles\/\" class=\"more-link\">Lire la suite<span class='more-link-arrow avia-svg-icon avia-font-svg_entypo-fontello' data-av_svg_icon='right-open-big' data-av_iconset='svg_entypo-fontello'><svg version=\"1.1\" xmlns=\"http:\/\/www.w3.org\/2000\/svg\" width=\"15\" height=\"32\" viewBox=\"0 0 15 32\" preserveAspectRatio=\"xMidYMid meet\" role=\"graphics-symbol\" aria-hidden=\"true\">\n<path d=\"M0.416 27.84l11.456-11.84-11.456-11.904q-0.832-0.832 0-1.536 0.832-0.832 1.536 0l12.544 12.608q0.768 0.832 0 1.6l-12.544 12.608q-0.704 0.832-1.536 0-0.832-0.704 0-1.536z\"><\/path>\n<\/svg><\/span><\/a><\/div><\/span><footer class=\"entry-footer\"><\/footer><div class='post_delimiter'><\/div><\/div><div class=\"post_author_timeline\"><\/div><span class='hidden'>\n\t\t\t\t<span class='av-structured-data'  itemprop=\"image\" itemscope=\"itemscope\" itemtype=\"https:\/\/schema.org\/ImageObject\" >\n\t\t\t\t\t\t<span itemprop='url'>https:\/\/rechtsanwalt.fr\/wp-content\/uploads\/2024\/05\/logo_header_fr_web.epp_.svg<\/span>\n\t\t\t\t\t\t<span itemprop='height'>0<\/span>\n\t\t\t\t\t\t<span itemprop='width'>0<\/span>\n\t\t\t\t<\/span>\n\t\t\t\t<span class='av-structured-data'  itemprop=\"publisher\" itemtype=\"https:\/\/schema.org\/Organization\" itemscope=\"itemscope\" >\n\t\t\t\t\t\t<span itemprop='name'>epp.content<\/span>\n\t\t\t\t\t\t<span itemprop='logo' itemscope itemtype='https:\/\/schema.org\/ImageObject'>\n\t\t\t\t\t\t\t<span itemprop='url'>https:\/\/rechtsanwalt.fr\/wp-content\/uploads\/2024\/05\/logo_header_fr_web.epp_.svg<\/span>\n\t\t\t\t\t\t<\/span>\n\t\t\t\t<\/span><span class='av-structured-data'  itemprop=\"author\" itemscope=\"itemscope\" itemtype=\"https:\/\/schema.org\/Person\" ><span itemprop='name'>epp.content<\/span><\/span><span class='av-structured-data'  itemprop=\"datePublished\" datetime=\"2016-02-08T10:56:00+01:00\" >2016-02-08 10:56:00<\/span><span class='av-structured-data'  itemprop=\"dateModified\" itemtype=\"https:\/\/schema.org\/dateModified\" >2021-04-06 16:21:40<\/span><span class='av-structured-data'  itemprop=\"mainEntityOfPage\" itemtype=\"https:\/\/schema.org\/mainEntityOfPage\" ><span itemprop='name'>Le commerce \u00e9lectronique en Allemagne : L\u2019engagement d\u2019actions collectives en cas d\u2019atteinte \u00e0 la protection des donn\u00e9es personnelles<\/span><\/span><\/span><\/article><article class=\"post-entry post-entry-type-standard post-entry-14156 post-loop-52 post-parity-even bloglist-simple  post-14156 post type-post status-publish format-standard hentry category-archive-2016-fr-droit-social\"  itemscope=\"itemscope\" itemtype=\"https:\/\/schema.org\/BlogPosting\" ><div class=\"blog-meta\"><\/div><div class='entry-content-wrapper clearfix standard-content'><header class=\"entry-content-header\" aria-label=\"Articles : Entreprises en Allemagne : R\u00e9ception dans les d\u00e9lais du courrier de licenciement\"><div class=\"av-heading-wrapper\"><span class=\"blog-categories minor-meta\"><a href=\"https:\/\/rechtsanwalt.fr\/fr\/category\/news-archive\/news-archive-2016\/archive-2016-fr-droit-social\/\" rel=\"tag\">Droit social<\/a><\/span><h2 class='post-title entry-title '  itemprop=\"headline\" ><a href=\"https:\/\/rechtsanwalt.fr\/fr\/entreprises-en-allemagne-reception-dans-les-delais-du-courrier-de-licenciement\/\" rel=\"bookmark\" title=\"Lien permanent : Entreprises en Allemagne : R\u00e9ception dans les d\u00e9lais du courrier de licenciement\">Entreprises en Allemagne : R\u00e9ception dans les d\u00e9lais du courrier de licenciement<span class=\"post-format-icon minor-meta\"><\/span><\/a><\/h2><\/div><\/header><span class=\"post-meta-infos\"><time class=\"date-container minor-meta updated\"  itemprop=\"datePublished\" datetime=\"2016-02-08T10:48:00+01:00\" >8 f\u00e9vrier 2016<\/time><div class=\"read-more-link\"><a href=\"https:\/\/rechtsanwalt.fr\/fr\/entreprises-en-allemagne-reception-dans-les-delais-du-courrier-de-licenciement\/\" class=\"more-link\">Lire la suite<span class='more-link-arrow avia-svg-icon avia-font-svg_entypo-fontello' data-av_svg_icon='right-open-big' data-av_iconset='svg_entypo-fontello'><svg version=\"1.1\" xmlns=\"http:\/\/www.w3.org\/2000\/svg\" width=\"15\" height=\"32\" viewBox=\"0 0 15 32\" preserveAspectRatio=\"xMidYMid meet\" role=\"graphics-symbol\" aria-hidden=\"true\">\n<path d=\"M0.416 27.84l11.456-11.84-11.456-11.904q-0.832-0.832 0-1.536 0.832-0.832 1.536 0l12.544 12.608q0.768 0.832 0 1.6l-12.544 12.608q-0.704 0.832-1.536 0-0.832-0.704 0-1.536z\"><\/path>\n<\/svg><\/span><\/a><\/div><\/span><footer class=\"entry-footer\"><\/footer><div class='post_delimiter'><\/div><\/div><div class=\"post_author_timeline\"><\/div><span class='hidden'>\n\t\t\t\t<span class='av-structured-data'  itemprop=\"image\" itemscope=\"itemscope\" itemtype=\"https:\/\/schema.org\/ImageObject\" >\n\t\t\t\t\t\t<span itemprop='url'>https:\/\/rechtsanwalt.fr\/wp-content\/uploads\/2024\/05\/logo_header_fr_web.epp_.svg<\/span>\n\t\t\t\t\t\t<span itemprop='height'>0<\/span>\n\t\t\t\t\t\t<span itemprop='width'>0<\/span>\n\t\t\t\t<\/span>\n\t\t\t\t<span class='av-structured-data'  itemprop=\"publisher\" itemtype=\"https:\/\/schema.org\/Organization\" itemscope=\"itemscope\" >\n\t\t\t\t\t\t<span itemprop='name'>epp.content<\/span>\n\t\t\t\t\t\t<span itemprop='logo' itemscope itemtype='https:\/\/schema.org\/ImageObject'>\n\t\t\t\t\t\t\t<span itemprop='url'>https:\/\/rechtsanwalt.fr\/wp-content\/uploads\/2024\/05\/logo_header_fr_web.epp_.svg<\/span>\n\t\t\t\t\t\t<\/span>\n\t\t\t\t<\/span><span class='av-structured-data'  itemprop=\"author\" itemscope=\"itemscope\" itemtype=\"https:\/\/schema.org\/Person\" ><span itemprop='name'>epp.content<\/span><\/span><span class='av-structured-data'  itemprop=\"datePublished\" datetime=\"2016-02-08T10:48:00+01:00\" >2016-02-08 10:48:00<\/span><span class='av-structured-data'  itemprop=\"dateModified\" itemtype=\"https:\/\/schema.org\/dateModified\" >2021-04-06 16:40:26<\/span><span class='av-structured-data'  itemprop=\"mainEntityOfPage\" itemtype=\"https:\/\/schema.org\/mainEntityOfPage\" ><span itemprop='name'>Entreprises en Allemagne : R\u00e9ception dans les d\u00e9lais du courrier de licenciement<\/span><\/span><\/span><\/article><article class=\"post-entry post-entry-type-standard post-entry-14153 post-loop-53 post-parity-odd bloglist-simple  post-14153 post type-post status-publish format-standard hentry category-archive-2016-fr-droit-fiscal\"  itemscope=\"itemscope\" itemtype=\"https:\/\/schema.org\/BlogPosting\" ><div class=\"blog-meta\"><\/div><div class='entry-content-wrapper clearfix standard-content'><header class=\"entry-content-header\" aria-label=\"Articles : Allemagne : L\u2019\u00e9change d\u2019informations fiscales sur les entreprises internationales de l\u2019\u00e9conomie num\u00e9rique\"><div class=\"av-heading-wrapper\"><span class=\"blog-categories minor-meta\"><a href=\"https:\/\/rechtsanwalt.fr\/fr\/category\/news-archive\/news-archive-2016\/archive-2016-fr-droit-fiscal\/\" rel=\"tag\">Droit fiscal<\/a><\/span><h2 class='post-title entry-title '  itemprop=\"headline\" ><a href=\"https:\/\/rechtsanwalt.fr\/fr\/allemagne-lechange-dinformations-fiscales-sur-les-entreprises-internationales-de-leconomie-numerique\/\" rel=\"bookmark\" title=\"Lien permanent : Allemagne : L\u2019\u00e9change d\u2019informations fiscales sur les entreprises internationales de l\u2019\u00e9conomie num\u00e9rique\">Allemagne : L\u2019\u00e9change d\u2019informations fiscales sur les entreprises internationales de l\u2019\u00e9conomie num\u00e9rique<span class=\"post-format-icon minor-meta\"><\/span><\/a><\/h2><\/div><\/header><span class=\"post-meta-infos\"><time class=\"date-container minor-meta updated\"  itemprop=\"datePublished\" datetime=\"2016-02-08T10:43:58+01:00\" >8 f\u00e9vrier 2016<\/time><div class=\"read-more-link\"><a href=\"https:\/\/rechtsanwalt.fr\/fr\/allemagne-lechange-dinformations-fiscales-sur-les-entreprises-internationales-de-leconomie-numerique\/\" class=\"more-link\">Lire la suite<span class='more-link-arrow avia-svg-icon avia-font-svg_entypo-fontello' data-av_svg_icon='right-open-big' data-av_iconset='svg_entypo-fontello'><svg version=\"1.1\" xmlns=\"http:\/\/www.w3.org\/2000\/svg\" width=\"15\" height=\"32\" viewBox=\"0 0 15 32\" preserveAspectRatio=\"xMidYMid meet\" role=\"graphics-symbol\" aria-hidden=\"true\">\n<path d=\"M0.416 27.84l11.456-11.84-11.456-11.904q-0.832-0.832 0-1.536 0.832-0.832 1.536 0l12.544 12.608q0.768 0.832 0 1.6l-12.544 12.608q-0.704 0.832-1.536 0-0.832-0.704 0-1.536z\"><\/path>\n<\/svg><\/span><\/a><\/div><\/span><footer class=\"entry-footer\"><\/footer><div class='post_delimiter'><\/div><\/div><div class=\"post_author_timeline\"><\/div><span class='hidden'>\n\t\t\t\t<span class='av-structured-data'  itemprop=\"image\" itemscope=\"itemscope\" itemtype=\"https:\/\/schema.org\/ImageObject\" >\n\t\t\t\t\t\t<span itemprop='url'>https:\/\/rechtsanwalt.fr\/wp-content\/uploads\/2024\/05\/logo_header_fr_web.epp_.svg<\/span>\n\t\t\t\t\t\t<span itemprop='height'>0<\/span>\n\t\t\t\t\t\t<span itemprop='width'>0<\/span>\n\t\t\t\t<\/span>\n\t\t\t\t<span class='av-structured-data'  itemprop=\"publisher\" itemtype=\"https:\/\/schema.org\/Organization\" itemscope=\"itemscope\" >\n\t\t\t\t\t\t<span itemprop='name'>epp.content<\/span>\n\t\t\t\t\t\t<span itemprop='logo' itemscope itemtype='https:\/\/schema.org\/ImageObject'>\n\t\t\t\t\t\t\t<span itemprop='url'>https:\/\/rechtsanwalt.fr\/wp-content\/uploads\/2024\/05\/logo_header_fr_web.epp_.svg<\/span>\n\t\t\t\t\t\t<\/span>\n\t\t\t\t<\/span><span class='av-structured-data'  itemprop=\"author\" itemscope=\"itemscope\" itemtype=\"https:\/\/schema.org\/Person\" ><span itemprop='name'>epp.content<\/span><\/span><span class='av-structured-data'  itemprop=\"datePublished\" datetime=\"2016-02-08T10:43:58+01:00\" >2016-02-08 10:43:58<\/span><span class='av-structured-data'  itemprop=\"dateModified\" itemtype=\"https:\/\/schema.org\/dateModified\" >2021-04-06 16:40:00<\/span><span class='av-structured-data'  itemprop=\"mainEntityOfPage\" itemtype=\"https:\/\/schema.org\/mainEntityOfPage\" ><span itemprop='name'>Allemagne : L\u2019\u00e9change d\u2019informations fiscales sur les entreprises internationales de l\u2019\u00e9conomie num\u00e9rique<\/span><\/span><\/span><\/article><article class=\"post-entry post-entry-type-standard post-entry-14147 post-loop-54 post-parity-even post-entry-last bloglist-simple  post-14147 post type-post status-publish format-standard hentry category-archive-2016-fr-droit-des-societes\"  itemscope=\"itemscope\" itemtype=\"https:\/\/schema.org\/BlogPosting\" ><div class=\"blog-meta\"><\/div><div class='entry-content-wrapper clearfix standard-content'><header class=\"entry-content-header\" aria-label=\"Articles : Allemagne : Adoption de nouvelles r\u00e8gles en droit des soci\u00e9t\u00e9s anonymes\"><div class=\"av-heading-wrapper\"><span class=\"blog-categories minor-meta\"><a href=\"https:\/\/rechtsanwalt.fr\/fr\/category\/news-archive\/news-archive-2016\/archive-2016-fr-droit-des-societes\/\" rel=\"tag\">Droit des soci\u00e9t\u00e9s<\/a><\/span><h2 class='post-title entry-title '  itemprop=\"headline\" ><a href=\"https:\/\/rechtsanwalt.fr\/fr\/allemagne-adoption-de-nouvelles-regles-en-droit-des-societes-anonymes\/\" rel=\"bookmark\" title=\"Lien permanent : Allemagne : Adoption de nouvelles r\u00e8gles en droit des soci\u00e9t\u00e9s anonymes\">Allemagne : Adoption de nouvelles r\u00e8gles en droit des soci\u00e9t\u00e9s anonymes<span class=\"post-format-icon minor-meta\"><\/span><\/a><\/h2><\/div><\/header><span class=\"post-meta-infos\"><time class=\"date-container minor-meta updated\"  itemprop=\"datePublished\" datetime=\"2016-02-08T10:26:00+01:00\" >8 f\u00e9vrier 2016<\/time><div class=\"read-more-link\"><a href=\"https:\/\/rechtsanwalt.fr\/fr\/allemagne-adoption-de-nouvelles-regles-en-droit-des-societes-anonymes\/\" class=\"more-link\">Lire la suite<span class='more-link-arrow avia-svg-icon avia-font-svg_entypo-fontello' data-av_svg_icon='right-open-big' data-av_iconset='svg_entypo-fontello'><svg version=\"1.1\" xmlns=\"http:\/\/www.w3.org\/2000\/svg\" width=\"15\" height=\"32\" viewBox=\"0 0 15 32\" preserveAspectRatio=\"xMidYMid meet\" role=\"graphics-symbol\" aria-hidden=\"true\">\n<path d=\"M0.416 27.84l11.456-11.84-11.456-11.904q-0.832-0.832 0-1.536 0.832-0.832 1.536 0l12.544 12.608q0.768 0.832 0 1.6l-12.544 12.608q-0.704 0.832-1.536 0-0.832-0.704 0-1.536z\"><\/path>\n<\/svg><\/span><\/a><\/div><\/span><footer class=\"entry-footer\"><\/footer><div class='post_delimiter'><\/div><\/div><div class=\"post_author_timeline\"><\/div><span class='hidden'>\n\t\t\t\t<span class='av-structured-data'  itemprop=\"image\" itemscope=\"itemscope\" itemtype=\"https:\/\/schema.org\/ImageObject\" >\n\t\t\t\t\t\t<span itemprop='url'>https:\/\/rechtsanwalt.fr\/wp-content\/uploads\/2024\/05\/logo_header_fr_web.epp_.svg<\/span>\n\t\t\t\t\t\t<span itemprop='height'>0<\/span>\n\t\t\t\t\t\t<span itemprop='width'>0<\/span>\n\t\t\t\t<\/span>\n\t\t\t\t<span class='av-structured-data'  itemprop=\"publisher\" itemtype=\"https:\/\/schema.org\/Organization\" itemscope=\"itemscope\" >\n\t\t\t\t\t\t<span itemprop='name'>epp.content<\/span>\n\t\t\t\t\t\t<span itemprop='logo' itemscope itemtype='https:\/\/schema.org\/ImageObject'>\n\t\t\t\t\t\t\t<span itemprop='url'>https:\/\/rechtsanwalt.fr\/wp-content\/uploads\/2024\/05\/logo_header_fr_web.epp_.svg<\/span>\n\t\t\t\t\t\t<\/span>\n\t\t\t\t<\/span><span class='av-structured-data'  itemprop=\"author\" itemscope=\"itemscope\" itemtype=\"https:\/\/schema.org\/Person\" ><span itemprop='name'>epp.content<\/span><\/span><span class='av-structured-data'  itemprop=\"datePublished\" datetime=\"2016-02-08T10:26:00+01:00\" >2016-02-08 10:26:00<\/span><span class='av-structured-data'  itemprop=\"dateModified\" itemtype=\"https:\/\/schema.org\/dateModified\" >2021-04-06 16:39:10<\/span><span class='av-structured-data'  itemprop=\"mainEntityOfPage\" itemtype=\"https:\/\/schema.org\/mainEntityOfPage\" ><span itemprop='name'>Allemagne : Adoption de nouvelles r\u00e8gles en droit des soci\u00e9t\u00e9s anonymes<\/span><\/span><\/span><\/article><\/div><br \/>\n\n<style type=\"text\/css\" data-created_by=\"avia_inline_auto\" id=\"style-css-av-k8ek3qi7-9f0bfd2e2c51ef9939d385880812a2bc\">\n#top .hr.hr-invisible.av-k8ek3qi7-9f0bfd2e2c51ef9939d385880812a2bc{\nheight:200px;\n}\n<\/style>\n<div  class='hr av-k8ek3qi7-9f0bfd2e2c51ef9939d385880812a2bc hr-invisible'><span class='hr-inner '><span class=\"hr-inner-style\"><\/span><\/span><\/div><\/p><\/div><\/div><\/div><\/div><!-- close content main div --><\/div><\/div><div id='after_section_2'  class='main_color av_default_container_wrap container_wrap sidebar_left'  ><div class='container av-section-cont-open' ><div class='template-page content  av-content-small units'><div class='post-entry post-entry-type-page post-entry-8957'><div class='entry-content-wrapper clearfix'>\n","protected":false},"excerpt":{"rendered":"","protected":false},"author":1,"featured_media":0,"parent":8906,"menu_order":0,"comment_status":"closed","ping_status":"closed","template":"","meta":{"inline_featured_image":false,"footnotes":""},"class_list":["post-8957","page","type-page","status-publish","hentry"],"_links":{"self":[{"href":"https:\/\/rechtsanwalt.fr\/fr\/wp-json\/wp\/v2\/pages\/8957","targetHints":{"allow":["GET"]}}],"collection":[{"href":"https:\/\/rechtsanwalt.fr\/fr\/wp-json\/wp\/v2\/pages"}],"about":[{"href":"https:\/\/rechtsanwalt.fr\/fr\/wp-json\/wp\/v2\/types\/page"}],"author":[{"embeddable":true,"href":"https:\/\/rechtsanwalt.fr\/fr\/wp-json\/wp\/v2\/users\/1"}],"replies":[{"embeddable":true,"href":"https:\/\/rechtsanwalt.fr\/fr\/wp-json\/wp\/v2\/comments?post=8957"}],"version-history":[{"count":0,"href":"https:\/\/rechtsanwalt.fr\/fr\/wp-json\/wp\/v2\/pages\/8957\/revisions"}],"up":[{"embeddable":true,"href":"https:\/\/rechtsanwalt.fr\/fr\/wp-json\/wp\/v2\/pages\/8906"}],"wp:attachment":[{"href":"https:\/\/rechtsanwalt.fr\/fr\/wp-json\/wp\/v2\/media?parent=8957"}],"curies":[{"name":"wp","href":"https:\/\/api.w.org\/{rel}","templated":true}]}}